{"id":11445,"date":"2024-11-23T06:00:14","date_gmt":"2024-11-23T09:00:14","guid":{"rendered":"https:\/\/deputadotaveirajr.com.br\/index.php\/mostra-de-cinema-de-gostoso-abre-11a-edicao-com-publico-diversificado-e-celebra-cultura-audiovisual\/"},"modified":"2024-11-23T06:00:14","modified_gmt":"2024-11-23T09:00:14","slug":"mostra-de-cinema-de-gostoso-abre-11a-edicao-com-publico-diversificado-e-celebra-cultura-audiovisual","status":"publish","type":"page","link":"https:\/\/deputadotaveirajr.com.br\/index.php\/mostra-de-cinema-de-gostoso-abre-11a-edicao-com-publico-diversificado-e-celebra-cultura-audiovisual\/","title":{"rendered":"Mostra de Cinema de Gostoso abre 11\u00aa edi\u00e7\u00e3o com p\u00fablico diversificado e celebra cultura audiovisual"},"content":{"rendered":"<p>     Com programa\u00e7\u00e3o gratuita e ao ar livre, evento vai at\u00e9 ter\u00e7a-feira (26) e atrai moradores locais e visitantes de diferentes estados, consolidando-se como um dos principais festivais do RN. Mostra de Cinema de Gostoso<br \/>\nIsabelly Noemi\/g1<br \/>\nA Mostra de Cinema de Gostoso abriu sua 11\u00aa edi\u00e7\u00e3o nesta sexta-feira (22), com um grande p\u00fablico local e externo. O evento acontece na Praia do Macei\u00f3, em S\u00e3o Miguel do Gostoso. A programa\u00e7\u00e3o \u00e9 gratuita e segue at\u00e9 a pr\u00f3xima ter\u00e7a-feira (26).<br \/>\nO evento j\u00e1 est\u00e1 consolidado no calend\u00e1rio de atividades de S\u00e3o Miguel de Gostoso, assim como j\u00e1 se tornou uma data esperada pelos f\u00e3s do audiovisual brasileiro.<br \/>\n\ud83d\udcf3Participe do canal do g1 RN no WhatsApp<br \/>\nNesta edi\u00e7\u00e3o, a Mostra reuniu um p\u00fablico diverso e emocionado. Dos moradores locais, aos que viajam quil\u00f4metros para estar no evento, todos tem o mesmo objetivo: contemplar a cultura em uma experi\u00eancia \u00fanica de sala de cinema a c\u00e9u aberto.<br \/>\nFestival de Cinema de Gostoso come\u00e7a nesta sexta-feira<br \/>\nA programa\u00e7\u00e3o \u00e9 conhecida por encantar a todos. Foi isso que aconteceu com a produtora Helena Perin, de S\u00e3o Paulo, que j\u00e1 frequenta a Mostra desde sua primeira edi\u00e7\u00e3o e nunca mais deixou de marcar presen\u00e7a.<br \/>\n&#8220;A Mostra \u00e9 muito democr\u00e1tica, porque \u00e9 na praia, \u00e9 completamente diferente de qualquer outro festival, voc\u00ea senta na cadeira de praia, assiste um filme ao ar livre, \u00e9 o festival mais diferente que tem, voc\u00ea n\u00e3o fica em uma sala fechada, voc\u00ea o filme na praia, \u00e9 tudo de bom&#8221;, comentou Helena.<br \/>\nA produtora conta que esse ano veio exclusivamente para assistir o document\u00e1rio sobre Maur\u00edcio Kubrusly, mas tamb\u00e9m para aproveitar a casa que comprou em S\u00e3o Miguel do Gostoso, ap\u00f3s se encantar pela cidade.<br \/>\nApesar dos espectadores fi\u00e9is, a Mostra tamb\u00e9m abre espa\u00e7o para aqueles que est\u00e3o chegando agora. Esse \u00e9 o caso de Kelly Cristine, que mora na capital potiguar, Natal.<br \/>\n&#8220;Minha expectativa \u00e9 que o que for apresentado aqui tamb\u00e9m venha enriquecer o nosso conhecimento, o document\u00e1rio de hoje tamb\u00e9m \u00e9 uma oportunidade de conhecer mais sobre a hist\u00f3ria e acredito que S\u00e2o Miguel, e Natal tamb\u00e9m, s\u00f3 tem a ganhar com esse evento&#8221;, contou Kelly.<br \/>\nNa primeira noite, a Mostra de Cinema de Gostoso exibiu o curta-metragem &#8220;Ministra do Lixo&#8221;, da Mostra Coletivo N\u00f3s do Audiovisual e a sess\u00e3o especial com a estreia do document\u00e1rio &#8220;Kubrusly: Mist\u00e9rio Sempre H\u00e1 de Pintar Por A\u00ed&#8221;.<br \/>\nVeja programa\u00e7\u00e3o completa da 11\u00aa Mostra de Cinema de Gostoso<br \/>\nDurante a abertura oficial do evento, o idealizador do projeto, Eug\u00eanio Puppo ressaltou a import\u00e2ncia que o mun\u00edcipio tem dentro da \u00e1rea do audiovisual.<br \/>\n&#8220;S\u00e3o Miguel do Gostoso hoje \u00e9, sem d\u00favidas, o maior polo de audiovisual do Rio Grande do Norte&#8221;, disse.<br \/>\nNa noite de abertura, tamb\u00e9m esteve presente a governadora do RN, F\u00e1tima Bezerra, acompanhada de diversos secret\u00e1rios do estado.<br \/>\nKubrusly: Mist\u00e9rio Sempre H\u00e1 de Pintar Por A\u00ed<br \/>\nUm dos momentos mais esperados da noite era a sess\u00e3o de estreia do document\u00e1rio &#8220;Kubrusly: Mist\u00e9rio Sempre H\u00e1 de Pintar Por A\u00ed&#8221;, de Caio Cavechini e Evelyn Kuriki, sobre a carreira de Maur\u00edcio Kubrusly e o diagn\u00f3stico da Dem\u00eancia Fronto Temporal (DFT) &#8211; condi\u00e7\u00e3o que tirou a mem\u00f3ria do jornalista.<br \/>\nO pr\u00f3prio Kubrusly esteve presente na estreia e foi aplaudido de p\u00e9 pelo p\u00fablico presente no local.<br \/>\nA diretora da obra Evelyn Kuriri trabalhou por 14 anos com Kubrusly e contou que o objetivo era contar a hist\u00f3ria e o cotidiano do jornalista e de sua esposa, Beatriz Goulart.<br \/>\n&#8220;A gente espera ter captado de uma forma sens\u00edvel e a altura dessa hist\u00f3ria t\u00e3o importante e bonita que esses dois vivem e decidiram compartilhar com todos n\u00f3s. Espero que todos apreciem o resultado&#8221;, disse Evelyn.<br \/>\nA exibi\u00e7\u00e3o do document\u00e1rio emocionou o p\u00fablico que ocupou as 700 espregui\u00e7adeiras e a areia da praia ao redor da tela de 12m x 6,5m.<br \/>\nVeja os v\u00eddeos mais assistidos do g1 RN<\/p>","protected":false},"excerpt":{"rendered":"<p>Com programa\u00e7\u00e3o gratuita e ao ar livre, evento vai at\u00e9 ter\u00e7a-feira (26) e atrai moradores locais e visitantes de diferentes estados, consolidando-se como um dos principais festivais do RN. Mostra &#8230;<\/p>\n","protected":false},"author":0,"featured_media":11446,"parent":0,"menu_order":0,"comment_status":"closed","ping_status":"closed","template":"","meta":{"footnotes":""},"class_list":["post-11445","page","type-page","status-publish","has-post-thumbnail","hentry"],"yoast_head":"<!-- This site is optimized with the Yoast SEO plugin v27.1.1 - https:\/\/yoast.com\/product\/yoast-seo-wordpress\/ -->\n<title>Mostra de Cinema de Gostoso abre 11\u00aa edi\u00e7\u00e3o com p\u00fablico diversificado e celebra cultura audiovisual - Taveira Jr<\/title>\n<meta name=\"robots\" content=\"index, follow, max-snippet:-1, max-image-preview:large, max-video-preview:-1\" \/>\n<link rel=\"canonical\" href=\"https:\/\/deputadotaveirajr.com.br\/index.php\/mostra-de-cinema-de-gostoso-abre-11a-edicao-com-publico-diversificado-e-celebra-cultura-audiovisual\/\" \/>\n<meta property=\"og:locale\" content=\"pt_BR\" \/>\n<meta property=\"og:type\" content=\"article\" \/>\n<meta property=\"og:title\" content=\"Mostra de Cinema de Gostoso abre 11\u00aa edi\u00e7\u00e3o com p\u00fablico diversificado e celebra cultura audiovisual - Taveira Jr\" \/>\n<meta property=\"og:description\" content=\"Com programa\u00e7\u00e3o gratuita e ao ar livre, evento vai at\u00e9 ter\u00e7a-feira (26) e atrai moradores locais e visitantes de diferentes estados, consolidando-se como um dos principais festivais do RN. Mostra ...\" \/>\n<meta property=\"og:url\" content=\"https:\/\/deputadotaveirajr.com.br\/index.php\/mostra-de-cinema-de-gostoso-abre-11a-edicao-com-publico-diversificado-e-celebra-cultura-audiovisual\/\" \/>\n<meta property=\"og:site_name\" content=\"Taveira Jr\" \/>\n<meta name=\"twitter:card\" content=\"summary_large_image\" \/>\n<meta name=\"twitter:label1\" content=\"Est. tempo de leitura\" \/>\n\t<meta name=\"twitter:data1\" content=\"3 minutos\" \/>\n<script type=\"application\/ld+json\" class=\"yoast-schema-graph\">{\"@context\":\"https:\/\/schema.org\",\"@graph\":[{\"@type\":\"WebPage\",\"@id\":\"https:\/\/deputadotaveirajr.com.br\/index.php\/mostra-de-cinema-de-gostoso-abre-11a-edicao-com-publico-diversificado-e-celebra-cultura-audiovisual\/\",\"url\":\"https:\/\/deputadotaveirajr.com.br\/index.php\/mostra-de-cinema-de-gostoso-abre-11a-edicao-com-publico-diversificado-e-celebra-cultura-audiovisual\/\",\"name\":\"Mostra de Cinema de Gostoso abre 11\u00aa edi\u00e7\u00e3o com p\u00fablico diversificado e celebra cultura audiovisual - Taveira Jr\",\"isPartOf\":{\"@id\":\"https:\/\/deputadotaveirajr.com.br\/#website\"},\"primaryImageOfPage\":{\"@id\":\"https:\/\/deputadotaveirajr.com.br\/index.php\/mostra-de-cinema-de-gostoso-abre-11a-edicao-com-publico-diversificado-e-celebra-cultura-audiovisual\/#primaryimage\"},\"image\":{\"@id\":\"https:\/\/deputadotaveirajr.com.br\/index.php\/mostra-de-cinema-de-gostoso-abre-11a-edicao-com-publico-diversificado-e-celebra-cultura-audiovisual\/#primaryimage\"},\"thumbnailUrl\":\"https:\/\/deputadotaveirajr.com.br\/wp-content\/uploads\/2024\/11\/whatsapp-image-2024-11-23-at-02.40.20-V4zamc-scaled.jpeg\",\"datePublished\":\"2024-11-23T09:00:14+00:00\",\"breadcrumb\":{\"@id\":\"https:\/\/deputadotaveirajr.com.br\/index.php\/mostra-de-cinema-de-gostoso-abre-11a-edicao-com-publico-diversificado-e-celebra-cultura-audiovisual\/#breadcrumb\"},\"inLanguage\":\"pt-BR\",\"potentialAction\":[{\"@type\":\"ReadAction\",\"target\":[\"https:\/\/deputadotaveirajr.com.br\/index.php\/mostra-de-cinema-de-gostoso-abre-11a-edicao-com-publico-diversificado-e-celebra-cultura-audiovisual\/\"]}]},{\"@type\":\"ImageObject\",\"inLanguage\":\"pt-BR\",\"@id\":\"https:\/\/deputadotaveirajr.com.br\/index.php\/mostra-de-cinema-de-gostoso-abre-11a-edicao-com-publico-diversificado-e-celebra-cultura-audiovisual\/#primaryimage\",\"url\":\"https:\/\/deputadotaveirajr.com.br\/wp-content\/uploads\/2024\/11\/whatsapp-image-2024-11-23-at-02.40.20-V4zamc-scaled.jpeg\",\"contentUrl\":\"https:\/\/deputadotaveirajr.com.br\/wp-content\/uploads\/2024\/11\/whatsapp-image-2024-11-23-at-02.40.20-V4zamc-scaled.jpeg\",\"width\":2560,\"height\":1440},{\"@type\":\"BreadcrumbList\",\"@id\":\"https:\/\/deputadotaveirajr.com.br\/index.php\/mostra-de-cinema-de-gostoso-abre-11a-edicao-com-publico-diversificado-e-celebra-cultura-audiovisual\/#breadcrumb\",\"itemListElement\":[{\"@type\":\"ListItem\",\"position\":1,\"name\":\"In\u00edcio\",\"item\":\"https:\/\/deputadotaveirajr.com.br\/\"},{\"@type\":\"ListItem\",\"position\":2,\"name\":\"Mostra de Cinema de Gostoso abre 11\u00aa edi\u00e7\u00e3o com p\u00fablico diversificado e celebra cultura audiovisual\"}]},{\"@type\":\"WebSite\",\"@id\":\"https:\/\/deputadotaveirajr.com.br\/#website\",\"url\":\"https:\/\/deputadotaveirajr.com.br\/\",\"name\":\"Taveira Jr\",\"description\":\"Deputado Estadual\",\"publisher\":{\"@id\":\"https:\/\/deputadotaveirajr.com.br\/#organization\"},\"potentialAction\":[{\"@type\":\"SearchAction\",\"target\":{\"@type\":\"EntryPoint\",\"urlTemplate\":\"https:\/\/deputadotaveirajr.com.br\/?s={search_term_string}\"},\"query-input\":{\"@type\":\"PropertyValueSpecification\",\"valueRequired\":true,\"valueName\":\"search_term_string\"}}],\"inLanguage\":\"pt-BR\"},{\"@type\":\"Organization\",\"@id\":\"https:\/\/deputadotaveirajr.com.br\/#organization\",\"name\":\"Taveira Jr\",\"url\":\"https:\/\/deputadotaveirajr.com.br\/\",\"logo\":{\"@type\":\"ImageObject\",\"inLanguage\":\"pt-BR\",\"@id\":\"https:\/\/deputadotaveirajr.com.br\/#\/schema\/logo\/image\/\",\"url\":\"https:\/\/deputadotaveirajr.com.br\/wp-content\/uploads\/2026\/01\/logolow2a.png\",\"contentUrl\":\"https:\/\/deputadotaveirajr.com.br\/wp-content\/uploads\/2026\/01\/logolow2a.png\",\"width\":290,\"height\":80,\"caption\":\"Taveira Jr\"},\"image\":{\"@id\":\"https:\/\/deputadotaveirajr.com.br\/#\/schema\/logo\/image\/\"}}]}<\/script>\n<!-- \/ Yoast SEO plugin. -->","yoast_head_json":{"title":"Mostra de Cinema de Gostoso abre 11\u00aa edi\u00e7\u00e3o com p\u00fablico diversificado e celebra cultura audiovisual - Taveira Jr","robots":{"index":"index","follow":"follow","max-snippet":"max-snippet:-1","max-image-preview":"max-image-preview:large","max-video-preview":"max-video-preview:-1"},"canonical":"https:\/\/deputadotaveirajr.com.br\/index.php\/mostra-de-cinema-de-gostoso-abre-11a-edicao-com-publico-diversificado-e-celebra-cultura-audiovisual\/","og_locale":"pt_BR","og_type":"article","og_title":"Mostra de Cinema de Gostoso abre 11\u00aa edi\u00e7\u00e3o com p\u00fablico diversificado e celebra cultura audiovisual - Taveira Jr","og_description":"Com programa\u00e7\u00e3o gratuita e ao ar livre, evento vai at\u00e9 ter\u00e7a-feira (26) e atrai moradores locais e visitantes de diferentes estados, consolidando-se como um dos principais festivais do RN. Mostra ...","og_url":"https:\/\/deputadotaveirajr.com.br\/index.php\/mostra-de-cinema-de-gostoso-abre-11a-edicao-com-publico-diversificado-e-celebra-cultura-audiovisual\/","og_site_name":"Taveira Jr","twitter_card":"summary_large_image","twitter_misc":{"Est. tempo de leitura":"3 minutos"},"schema":{"@context":"https:\/\/schema.org","@graph":[{"@type":"WebPage","@id":"https:\/\/deputadotaveirajr.com.br\/index.php\/mostra-de-cinema-de-gostoso-abre-11a-edicao-com-publico-diversificado-e-celebra-cultura-audiovisual\/","url":"https:\/\/deputadotaveirajr.com.br\/index.php\/mostra-de-cinema-de-gostoso-abre-11a-edicao-com-publico-diversificado-e-celebra-cultura-audiovisual\/","name":"Mostra de Cinema de Gostoso abre 11\u00aa edi\u00e7\u00e3o com p\u00fablico diversificado e celebra cultura audiovisual - Taveira Jr","isPartOf":{"@id":"https:\/\/deputadotaveirajr.com.br\/#website"},"primaryImageOfPage":{"@id":"https:\/\/deputadotaveirajr.com.br\/index.php\/mostra-de-cinema-de-gostoso-abre-11a-edicao-com-publico-diversificado-e-celebra-cultura-audiovisual\/#primaryimage"},"image":{"@id":"https:\/\/deputadotaveirajr.com.br\/index.php\/mostra-de-cinema-de-gostoso-abre-11a-edicao-com-publico-diversificado-e-celebra-cultura-audiovisual\/#primaryimage"},"thumbnailUrl":"https:\/\/deputadotaveirajr.com.br\/wp-content\/uploads\/2024\/11\/whatsapp-image-2024-11-23-at-02.40.20-V4zamc-scaled.jpeg","datePublished":"2024-11-23T09:00:14+00:00","breadcrumb":{"@id":"https:\/\/deputadotaveirajr.com.br\/index.php\/mostra-de-cinema-de-gostoso-abre-11a-edicao-com-publico-diversificado-e-celebra-cultura-audiovisual\/#breadcrumb"},"inLanguage":"pt-BR","potentialAction":[{"@type":"ReadAction","target":["https:\/\/deputadotaveirajr.com.br\/index.php\/mostra-de-cinema-de-gostoso-abre-11a-edicao-com-publico-diversificado-e-celebra-cultura-audiovisual\/"]}]},{"@type":"ImageObject","inLanguage":"pt-BR","@id":"https:\/\/deputadotaveirajr.com.br\/index.php\/mostra-de-cinema-de-gostoso-abre-11a-edicao-com-publico-diversificado-e-celebra-cultura-audiovisual\/#primaryimage","url":"https:\/\/deputadotaveirajr.com.br\/wp-content\/uploads\/2024\/11\/whatsapp-image-2024-11-23-at-02.40.20-V4zamc-scaled.jpeg","contentUrl":"https:\/\/deputadotaveirajr.com.br\/wp-content\/uploads\/2024\/11\/whatsapp-image-2024-11-23-at-02.40.20-V4zamc-scaled.jpeg","width":2560,"height":1440},{"@type":"BreadcrumbList","@id":"https:\/\/deputadotaveirajr.com.br\/index.php\/mostra-de-cinema-de-gostoso-abre-11a-edicao-com-publico-diversificado-e-celebra-cultura-audiovisual\/#breadcrumb","itemListElement":[{"@type":"ListItem","position":1,"name":"In\u00edcio","item":"https:\/\/deputadotaveirajr.com.br\/"},{"@type":"ListItem","position":2,"name":"Mostra de Cinema de Gostoso abre 11\u00aa edi\u00e7\u00e3o com p\u00fablico diversificado e celebra cultura audiovisual"}]},{"@type":"WebSite","@id":"https:\/\/deputadotaveirajr.com.br\/#website","url":"https:\/\/deputadotaveirajr.com.br\/","name":"Taveira Jr","description":"Deputado Estadual","publisher":{"@id":"https:\/\/deputadotaveirajr.com.br\/#organization"},"potentialAction":[{"@type":"SearchAction","target":{"@type":"EntryPoint","urlTemplate":"https:\/\/deputadotaveirajr.com.br\/?s={search_term_string}"},"query-input":{"@type":"PropertyValueSpecification","valueRequired":true,"valueName":"search_term_string"}}],"inLanguage":"pt-BR"},{"@type":"Organization","@id":"https:\/\/deputadotaveirajr.com.br\/#organization","name":"Taveira Jr","url":"https:\/\/deputadotaveirajr.com.br\/","logo":{"@type":"ImageObject","inLanguage":"pt-BR","@id":"https:\/\/deputadotaveirajr.com.br\/#\/schema\/logo\/image\/","url":"https:\/\/deputadotaveirajr.com.br\/wp-content\/uploads\/2026\/01\/logolow2a.png","contentUrl":"https:\/\/deputadotaveirajr.com.br\/wp-content\/uploads\/2026\/01\/logolow2a.png","width":290,"height":80,"caption":"Taveira Jr"},"image":{"@id":"https:\/\/deputadotaveirajr.com.br\/#\/schema\/logo\/image\/"}}]}},"_links":{"self":[{"href":"https:\/\/deputadotaveirajr.com.br\/index.php\/wp-json\/wp\/v2\/pages\/11445","targetHints":{"allow":["GET"]}}],"collection":[{"href":"https:\/\/deputadotaveirajr.com.br\/index.php\/wp-json\/wp\/v2\/pages"}],"about":[{"href":"https:\/\/deputadotaveirajr.com.br\/index.php\/wp-json\/wp\/v2\/types\/page"}],"replies":[{"embeddable":true,"href":"https:\/\/deputadotaveirajr.com.br\/index.php\/wp-json\/wp\/v2\/comments?post=11445"}],"version-history":[{"count":0,"href":"https:\/\/deputadotaveirajr.com.br\/index.php\/wp-json\/wp\/v2\/pages\/11445\/revisions"}],"wp:featuredmedia":[{"embeddable":true,"href":"https:\/\/deputadotaveirajr.com.br\/index.php\/wp-json\/wp\/v2\/media\/11446"}],"wp:attachment":[{"href":"https:\/\/deputadotaveirajr.com.br\/index.php\/wp-json\/wp\/v2\/media?parent=11445"}],"curies":[{"name":"wp","href":"https:\/\/api.w.org\/{rel}","templated":true}]}}