{"id":3297,"date":"2024-03-04T16:17:54","date_gmt":"2024-03-04T19:17:54","guid":{"rendered":"https:\/\/deputadotaveirajr.com.br\/?page_id=3297"},"modified":"2024-03-04T16:17:54","modified_gmt":"2024-03-04T19:17:54","slug":"video-imagens-mostram-chegada-de-fernandinho-beira-mar-e-outros-dois-presos-ao-parana","status":"publish","type":"page","link":"https:\/\/deputadotaveirajr.com.br\/index.php\/video-imagens-mostram-chegada-de-fernandinho-beira-mar-e-outros-dois-presos-ao-parana\/","title":{"rendered":"V\u00cdDEO: Imagens mostram chegada de Fernandinho Beira-Mar e outros dois presos ao Paran\u00e1"},"content":{"rendered":"<p>     Transfer\u00eancia ocorreu no \u00faltimo s\u00e1bado em opera\u00e7\u00e3o sigilosa, ap\u00f3s fuga de detentos de pres\u00eddio no RN. Beira-Mar j\u00e1 esteve preso na penitenci\u00e1ria do PR em outros anos.  Imagens mostram chegada de Fernandinho Beira-Mar e outros dois presos ao Paran\u00e1<br \/>\nImagens feitas no aeroporto de Cascavel, no oeste do Paran\u00e1,  mostram a chegada do avi\u00e3o da Pol\u00edcia Federal que trouxe Fernandinho Beira-Mar e outros dois presos ao estado no \u00faltimo s\u00e1bado (2). Assista ao v\u00eddeo acima.<br \/>\n\u2705 Siga o canal do g1 PR no WhatsApp<br \/>\n\u2705 Siga o canal do g1 PR no Telegram<br \/>\nNas imagens, o avi\u00e3o da Pol\u00edcia Federal (PF) aparece no aer\u00f3dromo do aeroporto e \u00e9 poss\u00edvel ver um forte esquema de seguran\u00e7a no entrono da aeronave, com v\u00e1rios policiais no entorno. Em uma das imagens \u00e9 poss\u00edvel ver um autom\u00f3vel com inscri\u00e7\u00f5es da PF estacionado na sa\u00edda da aeronave.<br \/>\nImagens mostram chegada de Fernandinho Beira-Mar e outros dois presos ao Paran\u00e1<br \/>\nPortal 24h<br \/>\nAp\u00f3s a chegada ao aeroporto, Fernandinho Beira-Mar e os outros dois detentos &#8211; Railan Silva dos Santos e Selmir da Silva Almeida &#8211; foram levados, sob escolta, at\u00e9 o pres\u00eddio de seguran\u00e7a m\u00e1xima de Catanduvas, localizado na cidade de mesmo nome, no oeste do Paran\u00e1.<br \/>\nAnterior \u00e0 transfer\u00eancia, Fernandinho estava no pres\u00eddio federal de Mossor\u00f3, no Rio Grande do Norte, de onde dois presos da mesma fac\u00e7\u00e3o dele fugiram no dia 14 de fevereiro deste ano. A transfer\u00eancia dele, e dos outros dois detentos ao Paran\u00e1, ocorreu em uma opera\u00e7\u00e3o sigilosa.<br \/>\nBeira-Mar, preso desde 2001, acumula penas que somam quase 320 anos de pris\u00e3o por crimes como tr\u00e1fico de drogas, forma\u00e7\u00e3o de quadrilha, lavagem de dinheiro e homic\u00eddios.<br \/>\nLeia tamb\u00e9m:<br \/>\nV\u00eddeo: Vereador \u00e9 mordido por cavalo em cal\u00e7ada de S\u00e3o Manoel do Paran\u00e1: &#8216;dor muito grande&#8217;<br \/>\nCaso raro: Jovem do Paran\u00e1 vive com &#8216;olho de gato&#8217;, condi\u00e7\u00e3o ocular rara que mudou formato e posi\u00e7\u00e3o das pupilas<br \/>\nDengue: 17 cidades do Paran\u00e1 est\u00e3o em situa\u00e7\u00e3o de emerg\u00eancia por conta da doen\u00e7a; veja quais<br \/>\nFernandinho Beira-Mar em imagem de junho de 2015<br \/>\nBrunno Dantas\/TJRJ<br \/>\nBeira-Mar foi o primeiro preso a ocupar a penitenci\u00e1ria paranaense, inaugurada em julho de 2006, mesmo m\u00eas em que ele foi levado ao local.<br \/>\nAs passagens dele pela penitenci\u00e1ria datam desde 2006, e em per\u00edodos, como por exemplo, dezembro de 2010, setembro de 2012. Al\u00e9m de 2019, quando teve seu pedido de transfer\u00eancia para a unidade do Rio de Janeiro negada.<br \/>\nEm nota a Secretaria Nacional de Pol\u00edticas Penais (Senappen), por interm\u00e9dio da Diretoria do Sistema Penitenci\u00e1rio Federal (DISPF), informou que as constantes transfer\u00eancias de presos em pres\u00eddios de seguran\u00e7a m\u00e1xima ter por finalidade &#8220;garantir o enfraquecimento das lideran\u00e7as do crime organizado&#8221;.<br \/>\n&#8220;Ressalta-se que o remanejamento de presos no \u00e2mbito do Sistema Penitenci\u00e1rio Federal \u00e9 medida importante para seu perfeito funcionamento, pois visa impedir articula\u00e7\u00f5es das organiza\u00e7\u00f5es criminosas dentro dos estabelecimentos de seguran\u00e7a m\u00e1xima, al\u00e9m de enfraquecer e dificultar v\u00ednculos nas regi\u00f5es onde se encontram as Penitenci\u00e1rias Federais&#8221;, diz a nota.<br \/>\n1\u00aa unidade de seguran\u00e7a m\u00e1xima do Brasil<br \/>\nPenitenci\u00e1ria de Catanduvas no Paran\u00e1<br \/>\nSenappen<br \/>\nO pres\u00eddio de Catanduvas foi a 1\u00aaaunidade de seguran\u00e7a m\u00e1xima constru\u00edda no Brasil. Inaugurada em julho de 2006, seu primeiro preso foi justamente Beira-Mar, dias ap\u00f3s a inaugura\u00e7\u00e3o.<br \/>\nO pres\u00eddio possui 208 celas para regime ordin\u00e1rio. Todas unidades s\u00e3o individuais, mas h\u00e1 atividades coletivas que s\u00e3o realizadas entre os presos.<br \/>\nO que s\u00e3o penitenci\u00e1rias federais?<br \/>\nDiferentemente dos sistemas penitenci\u00e1rios estaduais e do Distrito Federal, nas penitenci\u00e1rias federais a administra\u00e7\u00e3o fica a cargo do Minist\u00e9rio da Justi\u00e7a e Seguran\u00e7a P\u00fablica. Elas contam com o mais alto n\u00edvel de monitoramento do sistema prisional brasileiro.<br \/>\nDe acordo com a Secretaria Nacional de Pol\u00edticas Penais, o detento precisa se enquadrar em alguns pr\u00e9-requisitos para ser transferido ao sistema federal, como:<br \/>\nser uma lideran\u00e7a ou atuar de forma relevante em uma organiza\u00e7\u00e3o criminosa;<br \/>\ne participar de uma quadrilha ou bando, com pr\u00e1tica reiterada de crimes com viol\u00eancia ou grave amea\u00e7a.<br \/>\nSobre a pena<br \/>\nEm 2015, Fernandinho Beira-Mar foi condenado a 120 anos de pris\u00e3o por liderar uma guerra de fac\u00e7\u00f5es, em 2002, dentro do pres\u00eddio de seguran\u00e7a m\u00e1xima Bangu I, no Complexo Penitenci\u00e1rio de Gericin\u00f3, na zona oeste do Rio. Na ocasi\u00e3o, quatro rivais foram assassinados. Acumuladas, as penas de Beira-Mar chegam a 317 anos de pris\u00e3o.<br \/>\nV\u00cdDEOS: Mais assistidos g1 PR<br \/>\nLeia mais not\u00edcias da regi\u00e3o em g1 Oeste e Sudoeste.<\/p>","protected":false},"excerpt":{"rendered":"<p>Transfer\u00eancia ocorreu no \u00faltimo s\u00e1bado em opera\u00e7\u00e3o sigilosa, ap\u00f3s fuga de detentos de pres\u00eddio no RN. Beira-Mar j\u00e1 esteve preso na penitenci\u00e1ria do PR em outros anos. Imagens mostram chegada &#8230;<\/p>\n","protected":false},"author":0,"featured_media":0,"parent":0,"menu_order":0,"comment_status":"closed","ping_status":"closed","template":"","meta":{"footnotes":""},"class_list":["post-3297","page","type-page","status-publish","hentry"],"yoast_head":"<!-- This site is optimized with the Yoast SEO plugin v27.1.1 - https:\/\/yoast.com\/product\/yoast-seo-wordpress\/ -->\n<title>V\u00cdDEO: Imagens mostram chegada de Fernandinho Beira-Mar e outros dois presos ao Paran\u00e1 - Taveira Jr<\/title>\n<meta name=\"robots\" content=\"index, follow, max-snippet:-1, max-image-preview:large, max-video-preview:-1\" \/>\n<link rel=\"canonical\" href=\"https:\/\/deputadotaveirajr.com.br\/index.php\/video-imagens-mostram-chegada-de-fernandinho-beira-mar-e-outros-dois-presos-ao-parana\/\" \/>\n<meta property=\"og:locale\" content=\"pt_BR\" \/>\n<meta property=\"og:type\" content=\"article\" \/>\n<meta property=\"og:title\" content=\"V\u00cdDEO: Imagens mostram chegada de Fernandinho Beira-Mar e outros dois presos ao Paran\u00e1 - Taveira Jr\" \/>\n<meta property=\"og:description\" content=\"Transfer\u00eancia ocorreu no \u00faltimo s\u00e1bado em opera\u00e7\u00e3o sigilosa, ap\u00f3s fuga de detentos de pres\u00eddio no RN. Beira-Mar j\u00e1 esteve preso na penitenci\u00e1ria do PR em outros anos. Imagens mostram chegada ...\" \/>\n<meta property=\"og:url\" content=\"https:\/\/deputadotaveirajr.com.br\/index.php\/video-imagens-mostram-chegada-de-fernandinho-beira-mar-e-outros-dois-presos-ao-parana\/\" \/>\n<meta property=\"og:site_name\" content=\"Taveira Jr\" \/>\n<meta name=\"twitter:card\" content=\"summary_large_image\" \/>\n<meta name=\"twitter:label1\" content=\"Est. tempo de leitura\" \/>\n\t<meta name=\"twitter:data1\" content=\"4 minutos\" \/>\n<script type=\"application\/ld+json\" class=\"yoast-schema-graph\">{\"@context\":\"https:\/\/schema.org\",\"@graph\":[{\"@type\":\"WebPage\",\"@id\":\"https:\/\/deputadotaveirajr.com.br\/index.php\/video-imagens-mostram-chegada-de-fernandinho-beira-mar-e-outros-dois-presos-ao-parana\/\",\"url\":\"https:\/\/deputadotaveirajr.com.br\/index.php\/video-imagens-mostram-chegada-de-fernandinho-beira-mar-e-outros-dois-presos-ao-parana\/\",\"name\":\"V\u00cdDEO: Imagens mostram chegada de Fernandinho Beira-Mar e outros dois presos ao Paran\u00e1 - Taveira Jr\",\"isPartOf\":{\"@id\":\"https:\/\/deputadotaveirajr.com.br\/#website\"},\"datePublished\":\"2024-03-04T19:17:54+00:00\",\"breadcrumb\":{\"@id\":\"https:\/\/deputadotaveirajr.com.br\/index.php\/video-imagens-mostram-chegada-de-fernandinho-beira-mar-e-outros-dois-presos-ao-parana\/#breadcrumb\"},\"inLanguage\":\"pt-BR\",\"potentialAction\":[{\"@type\":\"ReadAction\",\"target\":[\"https:\/\/deputadotaveirajr.com.br\/index.php\/video-imagens-mostram-chegada-de-fernandinho-beira-mar-e-outros-dois-presos-ao-parana\/\"]}]},{\"@type\":\"BreadcrumbList\",\"@id\":\"https:\/\/deputadotaveirajr.com.br\/index.php\/video-imagens-mostram-chegada-de-fernandinho-beira-mar-e-outros-dois-presos-ao-parana\/#breadcrumb\",\"itemListElement\":[{\"@type\":\"ListItem\",\"position\":1,\"name\":\"In\u00edcio\",\"item\":\"https:\/\/deputadotaveirajr.com.br\/\"},{\"@type\":\"ListItem\",\"position\":2,\"name\":\"V\u00cdDEO: Imagens mostram chegada de Fernandinho Beira-Mar e outros dois presos ao Paran\u00e1\"}]},{\"@type\":\"WebSite\",\"@id\":\"https:\/\/deputadotaveirajr.com.br\/#website\",\"url\":\"https:\/\/deputadotaveirajr.com.br\/\",\"name\":\"Taveira Jr\",\"description\":\"Deputado Estadual\",\"publisher\":{\"@id\":\"https:\/\/deputadotaveirajr.com.br\/#organization\"},\"potentialAction\":[{\"@type\":\"SearchAction\",\"target\":{\"@type\":\"EntryPoint\",\"urlTemplate\":\"https:\/\/deputadotaveirajr.com.br\/?s={search_term_string}\"},\"query-input\":{\"@type\":\"PropertyValueSpecification\",\"valueRequired\":true,\"valueName\":\"search_term_string\"}}],\"inLanguage\":\"pt-BR\"},{\"@type\":\"Organization\",\"@id\":\"https:\/\/deputadotaveirajr.com.br\/#organization\",\"name\":\"Taveira Jr\",\"url\":\"https:\/\/deputadotaveirajr.com.br\/\",\"logo\":{\"@type\":\"ImageObject\",\"inLanguage\":\"pt-BR\",\"@id\":\"https:\/\/deputadotaveirajr.com.br\/#\/schema\/logo\/image\/\",\"url\":\"https:\/\/deputadotaveirajr.com.br\/wp-content\/uploads\/2026\/01\/logolow2a.png\",\"contentUrl\":\"https:\/\/deputadotaveirajr.com.br\/wp-content\/uploads\/2026\/01\/logolow2a.png\",\"width\":290,\"height\":80,\"caption\":\"Taveira Jr\"},\"image\":{\"@id\":\"https:\/\/deputadotaveirajr.com.br\/#\/schema\/logo\/image\/\"}}]}<\/script>\n<!-- \/ Yoast SEO plugin. -->","yoast_head_json":{"title":"V\u00cdDEO: Imagens mostram chegada de Fernandinho Beira-Mar e outros dois presos ao Paran\u00e1 - Taveira Jr","robots":{"index":"index","follow":"follow","max-snippet":"max-snippet:-1","max-image-preview":"max-image-preview:large","max-video-preview":"max-video-preview:-1"},"canonical":"https:\/\/deputadotaveirajr.com.br\/index.php\/video-imagens-mostram-chegada-de-fernandinho-beira-mar-e-outros-dois-presos-ao-parana\/","og_locale":"pt_BR","og_type":"article","og_title":"V\u00cdDEO: Imagens mostram chegada de Fernandinho Beira-Mar e outros dois presos ao Paran\u00e1 - Taveira Jr","og_description":"Transfer\u00eancia ocorreu no \u00faltimo s\u00e1bado em opera\u00e7\u00e3o sigilosa, ap\u00f3s fuga de detentos de pres\u00eddio no RN. Beira-Mar j\u00e1 esteve preso na penitenci\u00e1ria do PR em outros anos. Imagens mostram chegada ...","og_url":"https:\/\/deputadotaveirajr.com.br\/index.php\/video-imagens-mostram-chegada-de-fernandinho-beira-mar-e-outros-dois-presos-ao-parana\/","og_site_name":"Taveira Jr","twitter_card":"summary_large_image","twitter_misc":{"Est. tempo de leitura":"4 minutos"},"schema":{"@context":"https:\/\/schema.org","@graph":[{"@type":"WebPage","@id":"https:\/\/deputadotaveirajr.com.br\/index.php\/video-imagens-mostram-chegada-de-fernandinho-beira-mar-e-outros-dois-presos-ao-parana\/","url":"https:\/\/deputadotaveirajr.com.br\/index.php\/video-imagens-mostram-chegada-de-fernandinho-beira-mar-e-outros-dois-presos-ao-parana\/","name":"V\u00cdDEO: Imagens mostram chegada de Fernandinho Beira-Mar e outros dois presos ao Paran\u00e1 - Taveira Jr","isPartOf":{"@id":"https:\/\/deputadotaveirajr.com.br\/#website"},"datePublished":"2024-03-04T19:17:54+00:00","breadcrumb":{"@id":"https:\/\/deputadotaveirajr.com.br\/index.php\/video-imagens-mostram-chegada-de-fernandinho-beira-mar-e-outros-dois-presos-ao-parana\/#breadcrumb"},"inLanguage":"pt-BR","potentialAction":[{"@type":"ReadAction","target":["https:\/\/deputadotaveirajr.com.br\/index.php\/video-imagens-mostram-chegada-de-fernandinho-beira-mar-e-outros-dois-presos-ao-parana\/"]}]},{"@type":"BreadcrumbList","@id":"https:\/\/deputadotaveirajr.com.br\/index.php\/video-imagens-mostram-chegada-de-fernandinho-beira-mar-e-outros-dois-presos-ao-parana\/#breadcrumb","itemListElement":[{"@type":"ListItem","position":1,"name":"In\u00edcio","item":"https:\/\/deputadotaveirajr.com.br\/"},{"@type":"ListItem","position":2,"name":"V\u00cdDEO: Imagens mostram chegada de Fernandinho Beira-Mar e outros dois presos ao Paran\u00e1"}]},{"@type":"WebSite","@id":"https:\/\/deputadotaveirajr.com.br\/#website","url":"https:\/\/deputadotaveirajr.com.br\/","name":"Taveira Jr","description":"Deputado Estadual","publisher":{"@id":"https:\/\/deputadotaveirajr.com.br\/#organization"},"potentialAction":[{"@type":"SearchAction","target":{"@type":"EntryPoint","urlTemplate":"https:\/\/deputadotaveirajr.com.br\/?s={search_term_string}"},"query-input":{"@type":"PropertyValueSpecification","valueRequired":true,"valueName":"search_term_string"}}],"inLanguage":"pt-BR"},{"@type":"Organization","@id":"https:\/\/deputadotaveirajr.com.br\/#organization","name":"Taveira Jr","url":"https:\/\/deputadotaveirajr.com.br\/","logo":{"@type":"ImageObject","inLanguage":"pt-BR","@id":"https:\/\/deputadotaveirajr.com.br\/#\/schema\/logo\/image\/","url":"https:\/\/deputadotaveirajr.com.br\/wp-content\/uploads\/2026\/01\/logolow2a.png","contentUrl":"https:\/\/deputadotaveirajr.com.br\/wp-content\/uploads\/2026\/01\/logolow2a.png","width":290,"height":80,"caption":"Taveira Jr"},"image":{"@id":"https:\/\/deputadotaveirajr.com.br\/#\/schema\/logo\/image\/"}}]}},"_links":{"self":[{"href":"https:\/\/deputadotaveirajr.com.br\/index.php\/wp-json\/wp\/v2\/pages\/3297","targetHints":{"allow":["GET"]}}],"collection":[{"href":"https:\/\/deputadotaveirajr.com.br\/index.php\/wp-json\/wp\/v2\/pages"}],"about":[{"href":"https:\/\/deputadotaveirajr.com.br\/index.php\/wp-json\/wp\/v2\/types\/page"}],"replies":[{"embeddable":true,"href":"https:\/\/deputadotaveirajr.com.br\/index.php\/wp-json\/wp\/v2\/comments?post=3297"}],"version-history":[{"count":1,"href":"https:\/\/deputadotaveirajr.com.br\/index.php\/wp-json\/wp\/v2\/pages\/3297\/revisions"}],"predecessor-version":[{"id":3302,"href":"https:\/\/deputadotaveirajr.com.br\/index.php\/wp-json\/wp\/v2\/pages\/3297\/revisions\/3302"}],"wp:attachment":[{"href":"https:\/\/deputadotaveirajr.com.br\/index.php\/wp-json\/wp\/v2\/media?parent=3297"}],"curies":[{"name":"wp","href":"https:\/\/api.w.org\/{rel}","templated":true}]}}