{"id":3321,"date":"2024-03-05T13:12:35","date_gmt":"2024-03-05T16:12:35","guid":{"rendered":"https:\/\/deputadotaveirajr.com.br\/?page_id=3321"},"modified":"2024-03-05T13:12:35","modified_gmt":"2024-03-05T16:12:35","slug":"corpo-encontrado-em-acude-e-de-homem-desaparecido-apos-ter-carro-arrastado-pela-forca-da-agua-no-interior-do-rn-diz-corpo-de-bombeiros","status":"publish","type":"page","link":"https:\/\/deputadotaveirajr.com.br\/index.php\/corpo-encontrado-em-acude-e-de-homem-desaparecido-apos-ter-carro-arrastado-pela-forca-da-agua-no-interior-do-rn-diz-corpo-de-bombeiros\/","title":{"rendered":"Corpo encontrado em a\u00e7ude \u00e9 de homem desaparecido ap\u00f3s ter carro arrastado pela for\u00e7a da \u00e1gua no interior do RN, diz Corpo de Bombeiros"},"content":{"rendered":"<p>     Bombeiros seguem em busca da esposa do homem, que tamb\u00e9m desapareceu na noite de domingo (3).  Casal desapareceu ap\u00f3s ter carro arrastado pela correnteza em cidade no interior do RN<br \/>\nCedida<br \/>\nO Corpo de Bombeiros do Rio Grande do Norte encontrou na manh\u00e3 desta ter\u00e7a-feira (5) o corpo de um homem que estava desaparecido desde a noite do domingo (3), ap\u00f3s ter o carro arrastado por uma tromba d&#8217;\u00e1gua em Carna\u00faba dos Dantas, na regi\u00e3o Serid\u00f3 potiguar.<br \/>\nA esposa da v\u00edtima, que tamb\u00e9m estava no ve\u00edculo, segue desaparecida, segundo o tenente coronel Alcione Ara\u00fajo, comandante da corpora\u00e7\u00e3o na regi\u00e3o.<br \/>\nDe acordo com o tenente Tertuliano, que participa das buscas, o corpo de Jos\u00e9 Everaldo Dantas, de 48 anos, emergiu no in\u00edcio da manh\u00e3, no a\u00e7ude p\u00fablico, foi resgatado pelos bombeiros e levado para a margem do reservat\u00f3rio.<br \/>\nA equipe do Instituto T\u00e9cnico-Cient\u00edfico de Per\u00edcia (Itep) foi acionada para recolher o corpo e realizar os exames necrosc\u00f3picos. Familiares da v\u00edtima tamb\u00e9m foram ao local.<br \/>\nAinda segundo o tenente, as buscas pela esposa do homem seguem em andamento na regi\u00e3o.<br \/>\nCarro arrastado<br \/>\nO carro foi arrastado pela for\u00e7a da \u00e1gua de um riacho e o casal que estava dentro dele desapareceu, na noite do \u00faltimo domingo (3), ap\u00f3s o rompimento de uma barragem.<br \/>\nO Corpo de Bombeiros informou que a popula\u00e7\u00e3o acionou a corpora\u00e7\u00e3o por volta das 21h30. Segundo as testemunhas, o casal tentava atravessar uma passagem molhada, quando foi surpreendido por uma tromba d&#8217;\u00e1gua que teria sido causada por pelo rompimento de uma barragem da regi\u00e3o.<br \/>\nO carro foi encontrado cerca de 40 minutos ap\u00f3s o in\u00edcio das buscas a uma dist\u00e2ncia de 1,5 km do local de onde foi arrastado. Os ocupantes, no entanto, n\u00e3o estavam dentro dele.<br \/>\nAs cheias dos rios e reservat\u00f3rios no interior do estado s\u00e3o consequ\u00eancias de fortes chuvas que t\u00eam sido registradas ao longo das \u00faltimas semanas.<br \/>\nSegundo o setor de meteorologia da Empresa de Pesquisa Agropecu\u00e1ria do Rio Grande do Norte (Emparn), o estado registrou volume 48,1% acima da m\u00e9dia esperada ao longo de fevereiro. Foram 135,8 mil\u00edmetros (mm), enquanto o esperado para o per\u00edodo era de 91,7mm.<br \/>\nVeja os v\u00eddeos mais assistidos no g1 RN<\/p>","protected":false},"excerpt":{"rendered":"<p>Bombeiros seguem em busca da esposa do homem, que tamb\u00e9m desapareceu na noite de domingo (3). Casal desapareceu ap\u00f3s ter carro arrastado pela correnteza em cidade no interior do RN &#8230;<\/p>\n","protected":false},"author":0,"featured_media":0,"parent":0,"menu_order":0,"comment_status":"closed","ping_status":"closed","template":"","meta":{"footnotes":""},"class_list":["post-3321","page","type-page","status-publish","hentry"],"yoast_head":"<!-- This site is optimized with the Yoast SEO plugin v27.1.1 - https:\/\/yoast.com\/product\/yoast-seo-wordpress\/ -->\n<title>Corpo encontrado em a\u00e7ude \u00e9 de homem desaparecido ap\u00f3s ter carro arrastado pela for\u00e7a da \u00e1gua no interior do RN, diz Corpo de Bombeiros - Taveira Jr<\/title>\n<meta name=\"robots\" content=\"index, follow, max-snippet:-1, max-image-preview:large, max-video-preview:-1\" \/>\n<link rel=\"canonical\" href=\"https:\/\/deputadotaveirajr.com.br\/index.php\/corpo-encontrado-em-acude-e-de-homem-desaparecido-apos-ter-carro-arrastado-pela-forca-da-agua-no-interior-do-rn-diz-corpo-de-bombeiros\/\" \/>\n<meta property=\"og:locale\" content=\"pt_BR\" \/>\n<meta property=\"og:type\" content=\"article\" \/>\n<meta property=\"og:title\" content=\"Corpo encontrado em a\u00e7ude \u00e9 de homem desaparecido ap\u00f3s ter carro arrastado pela for\u00e7a da \u00e1gua no interior do RN, diz Corpo de Bombeiros - Taveira Jr\" \/>\n<meta property=\"og:description\" content=\"Bombeiros seguem em busca da esposa do homem, que tamb\u00e9m desapareceu na noite de domingo (3). Casal desapareceu ap\u00f3s ter carro arrastado pela correnteza em cidade no interior do RN ...\" \/>\n<meta property=\"og:url\" content=\"https:\/\/deputadotaveirajr.com.br\/index.php\/corpo-encontrado-em-acude-e-de-homem-desaparecido-apos-ter-carro-arrastado-pela-forca-da-agua-no-interior-do-rn-diz-corpo-de-bombeiros\/\" \/>\n<meta property=\"og:site_name\" content=\"Taveira Jr\" \/>\n<meta name=\"twitter:card\" content=\"summary_large_image\" \/>\n<meta name=\"twitter:label1\" content=\"Est. tempo de leitura\" \/>\n\t<meta name=\"twitter:data1\" content=\"2 minutos\" \/>\n<script type=\"application\/ld+json\" class=\"yoast-schema-graph\">{\"@context\":\"https:\/\/schema.org\",\"@graph\":[{\"@type\":\"WebPage\",\"@id\":\"https:\/\/deputadotaveirajr.com.br\/index.php\/corpo-encontrado-em-acude-e-de-homem-desaparecido-apos-ter-carro-arrastado-pela-forca-da-agua-no-interior-do-rn-diz-corpo-de-bombeiros\/\",\"url\":\"https:\/\/deputadotaveirajr.com.br\/index.php\/corpo-encontrado-em-acude-e-de-homem-desaparecido-apos-ter-carro-arrastado-pela-forca-da-agua-no-interior-do-rn-diz-corpo-de-bombeiros\/\",\"name\":\"Corpo encontrado em a\u00e7ude \u00e9 de homem desaparecido ap\u00f3s ter carro arrastado pela for\u00e7a da \u00e1gua no interior do RN, diz Corpo de Bombeiros - Taveira Jr\",\"isPartOf\":{\"@id\":\"https:\/\/deputadotaveirajr.com.br\/#website\"},\"datePublished\":\"2024-03-05T16:12:35+00:00\",\"breadcrumb\":{\"@id\":\"https:\/\/deputadotaveirajr.com.br\/index.php\/corpo-encontrado-em-acude-e-de-homem-desaparecido-apos-ter-carro-arrastado-pela-forca-da-agua-no-interior-do-rn-diz-corpo-de-bombeiros\/#breadcrumb\"},\"inLanguage\":\"pt-BR\",\"potentialAction\":[{\"@type\":\"ReadAction\",\"target\":[\"https:\/\/deputadotaveirajr.com.br\/index.php\/corpo-encontrado-em-acude-e-de-homem-desaparecido-apos-ter-carro-arrastado-pela-forca-da-agua-no-interior-do-rn-diz-corpo-de-bombeiros\/\"]}]},{\"@type\":\"BreadcrumbList\",\"@id\":\"https:\/\/deputadotaveirajr.com.br\/index.php\/corpo-encontrado-em-acude-e-de-homem-desaparecido-apos-ter-carro-arrastado-pela-forca-da-agua-no-interior-do-rn-diz-corpo-de-bombeiros\/#breadcrumb\",\"itemListElement\":[{\"@type\":\"ListItem\",\"position\":1,\"name\":\"In\u00edcio\",\"item\":\"https:\/\/deputadotaveirajr.com.br\/\"},{\"@type\":\"ListItem\",\"position\":2,\"name\":\"Corpo encontrado em a\u00e7ude \u00e9 de homem desaparecido ap\u00f3s ter carro arrastado pela for\u00e7a da \u00e1gua no interior do RN, diz Corpo de Bombeiros\"}]},{\"@type\":\"WebSite\",\"@id\":\"https:\/\/deputadotaveirajr.com.br\/#website\",\"url\":\"https:\/\/deputadotaveirajr.com.br\/\",\"name\":\"Taveira Jr\",\"description\":\"Deputado Estadual\",\"publisher\":{\"@id\":\"https:\/\/deputadotaveirajr.com.br\/#organization\"},\"potentialAction\":[{\"@type\":\"SearchAction\",\"target\":{\"@type\":\"EntryPoint\",\"urlTemplate\":\"https:\/\/deputadotaveirajr.com.br\/?s={search_term_string}\"},\"query-input\":{\"@type\":\"PropertyValueSpecification\",\"valueRequired\":true,\"valueName\":\"search_term_string\"}}],\"inLanguage\":\"pt-BR\"},{\"@type\":\"Organization\",\"@id\":\"https:\/\/deputadotaveirajr.com.br\/#organization\",\"name\":\"Taveira Jr\",\"url\":\"https:\/\/deputadotaveirajr.com.br\/\",\"logo\":{\"@type\":\"ImageObject\",\"inLanguage\":\"pt-BR\",\"@id\":\"https:\/\/deputadotaveirajr.com.br\/#\/schema\/logo\/image\/\",\"url\":\"https:\/\/deputadotaveirajr.com.br\/wp-content\/uploads\/2026\/01\/logolow2a.png\",\"contentUrl\":\"https:\/\/deputadotaveirajr.com.br\/wp-content\/uploads\/2026\/01\/logolow2a.png\",\"width\":290,\"height\":80,\"caption\":\"Taveira Jr\"},\"image\":{\"@id\":\"https:\/\/deputadotaveirajr.com.br\/#\/schema\/logo\/image\/\"}}]}<\/script>\n<!-- \/ Yoast SEO plugin. -->","yoast_head_json":{"title":"Corpo encontrado em a\u00e7ude \u00e9 de homem desaparecido ap\u00f3s ter carro arrastado pela for\u00e7a da \u00e1gua no interior do RN, diz Corpo de Bombeiros - Taveira Jr","robots":{"index":"index","follow":"follow","max-snippet":"max-snippet:-1","max-image-preview":"max-image-preview:large","max-video-preview":"max-video-preview:-1"},"canonical":"https:\/\/deputadotaveirajr.com.br\/index.php\/corpo-encontrado-em-acude-e-de-homem-desaparecido-apos-ter-carro-arrastado-pela-forca-da-agua-no-interior-do-rn-diz-corpo-de-bombeiros\/","og_locale":"pt_BR","og_type":"article","og_title":"Corpo encontrado em a\u00e7ude \u00e9 de homem desaparecido ap\u00f3s ter carro arrastado pela for\u00e7a da \u00e1gua no interior do RN, diz Corpo de Bombeiros - Taveira Jr","og_description":"Bombeiros seguem em busca da esposa do homem, que tamb\u00e9m desapareceu na noite de domingo (3). Casal desapareceu ap\u00f3s ter carro arrastado pela correnteza em cidade no interior do RN ...","og_url":"https:\/\/deputadotaveirajr.com.br\/index.php\/corpo-encontrado-em-acude-e-de-homem-desaparecido-apos-ter-carro-arrastado-pela-forca-da-agua-no-interior-do-rn-diz-corpo-de-bombeiros\/","og_site_name":"Taveira Jr","twitter_card":"summary_large_image","twitter_misc":{"Est. tempo de leitura":"2 minutos"},"schema":{"@context":"https:\/\/schema.org","@graph":[{"@type":"WebPage","@id":"https:\/\/deputadotaveirajr.com.br\/index.php\/corpo-encontrado-em-acude-e-de-homem-desaparecido-apos-ter-carro-arrastado-pela-forca-da-agua-no-interior-do-rn-diz-corpo-de-bombeiros\/","url":"https:\/\/deputadotaveirajr.com.br\/index.php\/corpo-encontrado-em-acude-e-de-homem-desaparecido-apos-ter-carro-arrastado-pela-forca-da-agua-no-interior-do-rn-diz-corpo-de-bombeiros\/","name":"Corpo encontrado em a\u00e7ude \u00e9 de homem desaparecido ap\u00f3s ter carro arrastado pela for\u00e7a da \u00e1gua no interior do RN, diz Corpo de Bombeiros - Taveira Jr","isPartOf":{"@id":"https:\/\/deputadotaveirajr.com.br\/#website"},"datePublished":"2024-03-05T16:12:35+00:00","breadcrumb":{"@id":"https:\/\/deputadotaveirajr.com.br\/index.php\/corpo-encontrado-em-acude-e-de-homem-desaparecido-apos-ter-carro-arrastado-pela-forca-da-agua-no-interior-do-rn-diz-corpo-de-bombeiros\/#breadcrumb"},"inLanguage":"pt-BR","potentialAction":[{"@type":"ReadAction","target":["https:\/\/deputadotaveirajr.com.br\/index.php\/corpo-encontrado-em-acude-e-de-homem-desaparecido-apos-ter-carro-arrastado-pela-forca-da-agua-no-interior-do-rn-diz-corpo-de-bombeiros\/"]}]},{"@type":"BreadcrumbList","@id":"https:\/\/deputadotaveirajr.com.br\/index.php\/corpo-encontrado-em-acude-e-de-homem-desaparecido-apos-ter-carro-arrastado-pela-forca-da-agua-no-interior-do-rn-diz-corpo-de-bombeiros\/#breadcrumb","itemListElement":[{"@type":"ListItem","position":1,"name":"In\u00edcio","item":"https:\/\/deputadotaveirajr.com.br\/"},{"@type":"ListItem","position":2,"name":"Corpo encontrado em a\u00e7ude \u00e9 de homem desaparecido ap\u00f3s ter carro arrastado pela for\u00e7a da \u00e1gua no interior do RN, diz Corpo de Bombeiros"}]},{"@type":"WebSite","@id":"https:\/\/deputadotaveirajr.com.br\/#website","url":"https:\/\/deputadotaveirajr.com.br\/","name":"Taveira Jr","description":"Deputado Estadual","publisher":{"@id":"https:\/\/deputadotaveirajr.com.br\/#organization"},"potentialAction":[{"@type":"SearchAction","target":{"@type":"EntryPoint","urlTemplate":"https:\/\/deputadotaveirajr.com.br\/?s={search_term_string}"},"query-input":{"@type":"PropertyValueSpecification","valueRequired":true,"valueName":"search_term_string"}}],"inLanguage":"pt-BR"},{"@type":"Organization","@id":"https:\/\/deputadotaveirajr.com.br\/#organization","name":"Taveira Jr","url":"https:\/\/deputadotaveirajr.com.br\/","logo":{"@type":"ImageObject","inLanguage":"pt-BR","@id":"https:\/\/deputadotaveirajr.com.br\/#\/schema\/logo\/image\/","url":"https:\/\/deputadotaveirajr.com.br\/wp-content\/uploads\/2026\/01\/logolow2a.png","contentUrl":"https:\/\/deputadotaveirajr.com.br\/wp-content\/uploads\/2026\/01\/logolow2a.png","width":290,"height":80,"caption":"Taveira Jr"},"image":{"@id":"https:\/\/deputadotaveirajr.com.br\/#\/schema\/logo\/image\/"}}]}},"_links":{"self":[{"href":"https:\/\/deputadotaveirajr.com.br\/index.php\/wp-json\/wp\/v2\/pages\/3321","targetHints":{"allow":["GET"]}}],"collection":[{"href":"https:\/\/deputadotaveirajr.com.br\/index.php\/wp-json\/wp\/v2\/pages"}],"about":[{"href":"https:\/\/deputadotaveirajr.com.br\/index.php\/wp-json\/wp\/v2\/types\/page"}],"replies":[{"embeddable":true,"href":"https:\/\/deputadotaveirajr.com.br\/index.php\/wp-json\/wp\/v2\/comments?post=3321"}],"version-history":[{"count":1,"href":"https:\/\/deputadotaveirajr.com.br\/index.php\/wp-json\/wp\/v2\/pages\/3321\/revisions"}],"predecessor-version":[{"id":3329,"href":"https:\/\/deputadotaveirajr.com.br\/index.php\/wp-json\/wp\/v2\/pages\/3321\/revisions\/3329"}],"wp:attachment":[{"href":"https:\/\/deputadotaveirajr.com.br\/index.php\/wp-json\/wp\/v2\/media?parent=3321"}],"curies":[{"name":"wp","href":"https:\/\/api.w.org\/{rel}","templated":true}]}}