{"id":3359,"date":"2024-03-06T22:03:29","date_gmt":"2024-03-07T01:03:29","guid":{"rendered":"https:\/\/deputadotaveirajr.com.br\/?page_id=3359"},"modified":"2024-03-06T22:03:29","modified_gmt":"2024-03-07T01:03:29","slug":"confira-a-agenda-cultural-do-fim-de-semana-em-natal","status":"publish","type":"page","link":"https:\/\/deputadotaveirajr.com.br\/index.php\/confira-a-agenda-cultural-do-fim-de-semana-em-natal\/","title":{"rendered":"Confira a agenda cultural do fim de semana em Natal"},"content":{"rendered":"<p>     Veja alguns dos eventos que acontecem desta quarta (6) at\u00e9 o domingo (10) na capital potiguar. H\u00e1 shows musicais, apresenta\u00e7\u00f5es de com\u00e9dia e at\u00e9 festival. Ed Gama e Fl\u00e1vio Andrade apresentam o stand up &#8220;No Olho da Goiaba&#8221;.<br \/>\nDivulga\u00e7\u00e3o<br \/>\nA programa\u00e7\u00e3o cultural do fim de semana em Natal conta com shows musicais, discotecagem, apresenta\u00e7\u00f5es de com\u00e9dia, e at\u00e9 festival.<br \/>\nO g1 preprarou uma agenda com eventos desta quarta (6) at\u00e9 o domingo (10). Veja abaixo:<br \/>\nQuarta-feira (6)<br \/>\nAnivers\u00e1rio da Casa da Ribeira com show Canto para Xang\u00f4, de Khrystal<br \/>\nLocal: Casa da Ribeira<br \/>\nHor\u00e1rio: 19h30<br \/>\nIngressos: contribui\u00e7\u00e3o solid\u00e1ria (casa sujeita \u00e0 lota\u00e7\u00e3o)<br \/>\nQuinta-feira (7)<br \/>\nF\u00e1brica de piadas potiguar apresenta: Batendo Ponto<br \/>\nLocal: Natal Comedy Club<br \/>\nHor\u00e1rio: 20h<br \/>\nIngressos: A partir de R$ 15 (clique AQUI)<br \/>\nBelina Mam\u00e3o<br \/>\nLocal: Backstage Bar<br \/>\nHor\u00e1rio: 21h<br \/>\nIngressos: Entrada gratuita<br \/>\nSexta-feira (8)<br \/>\nFl\u00e1vio Andradde e Ed Gama &#8211; De Olho na Goiaba<br \/>\nLocal: Teatro Riachuelo<br \/>\nHor\u00e1rio: 20h<br \/>\nIngressos: a partir de R$ 50 (clique AQUI)<br \/>\nMajimba E Daniel Martins em 52 Pirangi\/Rocas, Volta Alecrim<br \/>\nLocal: Natal Comedy Club<br \/>\nHor\u00e1rio: 20h<br \/>\nIngressos: a partir de R$ 10 (clique AQUI)<br \/>\n Bixarte &amp; Vieira<br \/>\nLocal: Sede Cultural Dosol<br \/>\nHor\u00e1rio: 20h<br \/>\nIngressos: R$ 30 (clique AQUI)<br \/>\nMulher, solta a tua voz &#8211; Cida Lobo e Rosas na Cartola<br \/>\nLocal: Teatro Alberto Maranh\u00e3o<br \/>\nHor\u00e1rio: 19h30 e 21h30<br \/>\nIngressos: ser\u00e3o distribu\u00eddos gratuitamente a partir das 19h no teatro<br \/>\nS\u00e1bado (9)<br \/>\nLC Almeida em N\u00e3o sou influencer!<br \/>\nLocal: Natal Comedy Club<br \/>\nHor\u00e1rio: 20h<br \/>\nIngressos: a partir de R$ 15 (clique AQUI)<br \/>\nPapangu e Antiklan<br \/>\nLocal: Sede Cultural Dosol<br \/>\nHor\u00e1rio: 20h<br \/>\nIngressos: R$ 25 (clique AQUI)<br \/>\nTributo Rock Brasil &#8211; com Andr\u00e9 Rangell e Banda Authentic<br \/>\nLocal: Whiskrit\u00f3rio Pub<br \/>\nHor\u00e1rio: 22h<br \/>\nIngressos: a partir de R$ 15 (clique AQUI)<br \/>\nDiscotecagem &#8216;Grung is Dad&#8217;<br \/>\nLocal: Raffe Covil BR<br \/>\nHor\u00e1rio: 17h<br \/>\nIngressos: entrada gratuita<br \/>\nFestival Ver\u00e3o Brutal (s\u00e1bado e domingo)<br \/>\nLocal: Backstage bar<br \/>\nHor\u00e1rio: a partir das 15h<br \/>\nIngressos: a partir de R$ 35 (clique AQUI)<br \/>\nAtra\u00e7\u00f5es: Diagnose (CE); Jacau (BA); Terrible Force (PB); Caverna (PB); Desacordo (PE); Blast Agony (PE); Daimonos; My Fallen Garden; Orbis Daemonium; Golpe Fatal; Morto; N.T.E; Milkshake na Vala<br \/>\nDomingo (10)<br \/>\nAmaro Neto e convidados em O Criador<br \/>\nLocal: Natal Comedy Club<br \/>\nHor\u00e1rio: 20h<br \/>\nIngressos: Entrada gratuita (clique AQUI)<br \/>\nV\u00eddeos mais assistidos do g1 RN<\/p>","protected":false},"excerpt":{"rendered":"<p>Veja alguns dos eventos que acontecem desta quarta (6) at\u00e9 o domingo (10) na capital potiguar. H\u00e1 shows musicais, apresenta\u00e7\u00f5es de com\u00e9dia e at\u00e9 festival. Ed Gama e Fl\u00e1vio Andrade &#8230;<\/p>\n","protected":false},"author":0,"featured_media":0,"parent":0,"menu_order":0,"comment_status":"closed","ping_status":"closed","template":"","meta":{"footnotes":""},"class_list":["post-3359","page","type-page","status-publish","hentry"],"yoast_head":"<!-- This site is optimized with the Yoast SEO plugin v27.1.1 - https:\/\/yoast.com\/product\/yoast-seo-wordpress\/ -->\n<title>Confira a agenda cultural do fim de semana em Natal - Taveira Jr<\/title>\n<meta name=\"robots\" content=\"index, follow, max-snippet:-1, max-image-preview:large, max-video-preview:-1\" \/>\n<link rel=\"canonical\" href=\"https:\/\/deputadotaveirajr.com.br\/index.php\/confira-a-agenda-cultural-do-fim-de-semana-em-natal\/\" \/>\n<meta property=\"og:locale\" content=\"pt_BR\" \/>\n<meta property=\"og:type\" content=\"article\" \/>\n<meta property=\"og:title\" content=\"Confira a agenda cultural do fim de semana em Natal - Taveira Jr\" \/>\n<meta property=\"og:description\" content=\"Veja alguns dos eventos que acontecem desta quarta (6) at\u00e9 o domingo (10) na capital potiguar. H\u00e1 shows musicais, apresenta\u00e7\u00f5es de com\u00e9dia e at\u00e9 festival. Ed Gama e Fl\u00e1vio Andrade ...\" \/>\n<meta property=\"og:url\" content=\"https:\/\/deputadotaveirajr.com.br\/index.php\/confira-a-agenda-cultural-do-fim-de-semana-em-natal\/\" \/>\n<meta property=\"og:site_name\" content=\"Taveira Jr\" \/>\n<meta name=\"twitter:card\" content=\"summary_large_image\" \/>\n<meta name=\"twitter:label1\" content=\"Est. tempo de leitura\" \/>\n\t<meta name=\"twitter:data1\" content=\"2 minutos\" \/>\n<script type=\"application\/ld+json\" class=\"yoast-schema-graph\">{\"@context\":\"https:\/\/schema.org\",\"@graph\":[{\"@type\":\"WebPage\",\"@id\":\"https:\/\/deputadotaveirajr.com.br\/index.php\/confira-a-agenda-cultural-do-fim-de-semana-em-natal\/\",\"url\":\"https:\/\/deputadotaveirajr.com.br\/index.php\/confira-a-agenda-cultural-do-fim-de-semana-em-natal\/\",\"name\":\"Confira a agenda cultural do fim de semana em Natal - Taveira Jr\",\"isPartOf\":{\"@id\":\"https:\/\/deputadotaveirajr.com.br\/#website\"},\"datePublished\":\"2024-03-07T01:03:29+00:00\",\"breadcrumb\":{\"@id\":\"https:\/\/deputadotaveirajr.com.br\/index.php\/confira-a-agenda-cultural-do-fim-de-semana-em-natal\/#breadcrumb\"},\"inLanguage\":\"pt-BR\",\"potentialAction\":[{\"@type\":\"ReadAction\",\"target\":[\"https:\/\/deputadotaveirajr.com.br\/index.php\/confira-a-agenda-cultural-do-fim-de-semana-em-natal\/\"]}]},{\"@type\":\"BreadcrumbList\",\"@id\":\"https:\/\/deputadotaveirajr.com.br\/index.php\/confira-a-agenda-cultural-do-fim-de-semana-em-natal\/#breadcrumb\",\"itemListElement\":[{\"@type\":\"ListItem\",\"position\":1,\"name\":\"In\u00edcio\",\"item\":\"https:\/\/deputadotaveirajr.com.br\/\"},{\"@type\":\"ListItem\",\"position\":2,\"name\":\"Confira a agenda cultural do fim de semana em Natal\"}]},{\"@type\":\"WebSite\",\"@id\":\"https:\/\/deputadotaveirajr.com.br\/#website\",\"url\":\"https:\/\/deputadotaveirajr.com.br\/\",\"name\":\"Taveira Jr\",\"description\":\"Deputado Estadual\",\"publisher\":{\"@id\":\"https:\/\/deputadotaveirajr.com.br\/#organization\"},\"potentialAction\":[{\"@type\":\"SearchAction\",\"target\":{\"@type\":\"EntryPoint\",\"urlTemplate\":\"https:\/\/deputadotaveirajr.com.br\/?s={search_term_string}\"},\"query-input\":{\"@type\":\"PropertyValueSpecification\",\"valueRequired\":true,\"valueName\":\"search_term_string\"}}],\"inLanguage\":\"pt-BR\"},{\"@type\":\"Organization\",\"@id\":\"https:\/\/deputadotaveirajr.com.br\/#organization\",\"name\":\"Taveira Jr\",\"url\":\"https:\/\/deputadotaveirajr.com.br\/\",\"logo\":{\"@type\":\"ImageObject\",\"inLanguage\":\"pt-BR\",\"@id\":\"https:\/\/deputadotaveirajr.com.br\/#\/schema\/logo\/image\/\",\"url\":\"https:\/\/deputadotaveirajr.com.br\/wp-content\/uploads\/2026\/01\/logolow2a.png\",\"contentUrl\":\"https:\/\/deputadotaveirajr.com.br\/wp-content\/uploads\/2026\/01\/logolow2a.png\",\"width\":290,\"height\":80,\"caption\":\"Taveira Jr\"},\"image\":{\"@id\":\"https:\/\/deputadotaveirajr.com.br\/#\/schema\/logo\/image\/\"}}]}<\/script>\n<!-- \/ Yoast SEO plugin. -->","yoast_head_json":{"title":"Confira a agenda cultural do fim de semana em Natal - Taveira Jr","robots":{"index":"index","follow":"follow","max-snippet":"max-snippet:-1","max-image-preview":"max-image-preview:large","max-video-preview":"max-video-preview:-1"},"canonical":"https:\/\/deputadotaveirajr.com.br\/index.php\/confira-a-agenda-cultural-do-fim-de-semana-em-natal\/","og_locale":"pt_BR","og_type":"article","og_title":"Confira a agenda cultural do fim de semana em Natal - Taveira Jr","og_description":"Veja alguns dos eventos que acontecem desta quarta (6) at\u00e9 o domingo (10) na capital potiguar. H\u00e1 shows musicais, apresenta\u00e7\u00f5es de com\u00e9dia e at\u00e9 festival. Ed Gama e Fl\u00e1vio Andrade ...","og_url":"https:\/\/deputadotaveirajr.com.br\/index.php\/confira-a-agenda-cultural-do-fim-de-semana-em-natal\/","og_site_name":"Taveira Jr","twitter_card":"summary_large_image","twitter_misc":{"Est. tempo de leitura":"2 minutos"},"schema":{"@context":"https:\/\/schema.org","@graph":[{"@type":"WebPage","@id":"https:\/\/deputadotaveirajr.com.br\/index.php\/confira-a-agenda-cultural-do-fim-de-semana-em-natal\/","url":"https:\/\/deputadotaveirajr.com.br\/index.php\/confira-a-agenda-cultural-do-fim-de-semana-em-natal\/","name":"Confira a agenda cultural do fim de semana em Natal - Taveira Jr","isPartOf":{"@id":"https:\/\/deputadotaveirajr.com.br\/#website"},"datePublished":"2024-03-07T01:03:29+00:00","breadcrumb":{"@id":"https:\/\/deputadotaveirajr.com.br\/index.php\/confira-a-agenda-cultural-do-fim-de-semana-em-natal\/#breadcrumb"},"inLanguage":"pt-BR","potentialAction":[{"@type":"ReadAction","target":["https:\/\/deputadotaveirajr.com.br\/index.php\/confira-a-agenda-cultural-do-fim-de-semana-em-natal\/"]}]},{"@type":"BreadcrumbList","@id":"https:\/\/deputadotaveirajr.com.br\/index.php\/confira-a-agenda-cultural-do-fim-de-semana-em-natal\/#breadcrumb","itemListElement":[{"@type":"ListItem","position":1,"name":"In\u00edcio","item":"https:\/\/deputadotaveirajr.com.br\/"},{"@type":"ListItem","position":2,"name":"Confira a agenda cultural do fim de semana em Natal"}]},{"@type":"WebSite","@id":"https:\/\/deputadotaveirajr.com.br\/#website","url":"https:\/\/deputadotaveirajr.com.br\/","name":"Taveira Jr","description":"Deputado Estadual","publisher":{"@id":"https:\/\/deputadotaveirajr.com.br\/#organization"},"potentialAction":[{"@type":"SearchAction","target":{"@type":"EntryPoint","urlTemplate":"https:\/\/deputadotaveirajr.com.br\/?s={search_term_string}"},"query-input":{"@type":"PropertyValueSpecification","valueRequired":true,"valueName":"search_term_string"}}],"inLanguage":"pt-BR"},{"@type":"Organization","@id":"https:\/\/deputadotaveirajr.com.br\/#organization","name":"Taveira Jr","url":"https:\/\/deputadotaveirajr.com.br\/","logo":{"@type":"ImageObject","inLanguage":"pt-BR","@id":"https:\/\/deputadotaveirajr.com.br\/#\/schema\/logo\/image\/","url":"https:\/\/deputadotaveirajr.com.br\/wp-content\/uploads\/2026\/01\/logolow2a.png","contentUrl":"https:\/\/deputadotaveirajr.com.br\/wp-content\/uploads\/2026\/01\/logolow2a.png","width":290,"height":80,"caption":"Taveira Jr"},"image":{"@id":"https:\/\/deputadotaveirajr.com.br\/#\/schema\/logo\/image\/"}}]}},"_links":{"self":[{"href":"https:\/\/deputadotaveirajr.com.br\/index.php\/wp-json\/wp\/v2\/pages\/3359","targetHints":{"allow":["GET"]}}],"collection":[{"href":"https:\/\/deputadotaveirajr.com.br\/index.php\/wp-json\/wp\/v2\/pages"}],"about":[{"href":"https:\/\/deputadotaveirajr.com.br\/index.php\/wp-json\/wp\/v2\/types\/page"}],"replies":[{"embeddable":true,"href":"https:\/\/deputadotaveirajr.com.br\/index.php\/wp-json\/wp\/v2\/comments?post=3359"}],"version-history":[{"count":1,"href":"https:\/\/deputadotaveirajr.com.br\/index.php\/wp-json\/wp\/v2\/pages\/3359\/revisions"}],"predecessor-version":[{"id":3363,"href":"https:\/\/deputadotaveirajr.com.br\/index.php\/wp-json\/wp\/v2\/pages\/3359\/revisions\/3363"}],"wp:attachment":[{"href":"https:\/\/deputadotaveirajr.com.br\/index.php\/wp-json\/wp\/v2\/media?parent=3359"}],"curies":[{"name":"wp","href":"https:\/\/api.w.org\/{rel}","templated":true}]}}