{"id":3471,"date":"2024-03-13T12:41:40","date_gmt":"2024-03-13T15:41:40","guid":{"rendered":"https:\/\/deputadotaveirajr.com.br\/?page_id=3471"},"modified":"2024-03-13T12:41:40","modified_gmt":"2024-03-13T15:41:40","slug":"ricardo-lewandowski-chega-a-mossoro-para-reuniao-com-forca-tarefa-responsavel-por-buscas-aos-fugitivos","status":"publish","type":"page","link":"https:\/\/deputadotaveirajr.com.br\/index.php\/ricardo-lewandowski-chega-a-mossoro-para-reuniao-com-forca-tarefa-responsavel-por-buscas-aos-fugitivos\/","title":{"rendered":"Ricardo Lewandowski chega a Mossor\u00f3 para reuni\u00e3o com For\u00e7a-tarefa respons\u00e1vel por buscas aos fugitivos"},"content":{"rendered":"<p>     Ministro volta a Mossor\u00f3 no 29\u00ba dia de buscas pelos fugitivos da penitenci\u00e1ria federal para reuni\u00e3o com For\u00e7a Tarefa, diz minist\u00e9rio.  Ministro chega a Mossor\u00f3 no 29\u00ba dia de buscas por fugitivos da Penitenci\u00e1ria Federal de Mossor\u00f3<br \/>\nReprodu\u00e7\u00e3o<br \/>\nO ministro da Justi\u00e7a e Seguran\u00e7a P\u00fablica, Ricardo Lewandowski, desembarcou no Rio Grande do Norte na manh\u00e3 desta quarta-feira (13), para uma reuni\u00e3o com policiais da For\u00e7a Tarefa respons\u00e1vel pelas buscas aos fugitivos da Penitenci\u00e1ria Federal de Mossor\u00f3, Deibson Nascimento e Rog\u00e9rio Mendon\u00e7a.<br \/>\nA primeira fuga da hist\u00f3ria do sistema penitenci\u00e1rio federal completa um m\u00eas nesta quinta-feira (14).<br \/>\nO ministro desembarcou no Aeroporto de Mossor\u00f3 por volta das 9h30 e deve seguir para a delegacia da Pol\u00edcia Federal no munic\u00edpio.<br \/>\nAvi\u00e3o do governo federal pousa em Mossor\u00f3<br \/>\nReprodu\u00e7\u00e3o<br \/>\nEsta \u00e9 a segunda visita de Lewandowski ao Rio Grande do Norte desde a confirma\u00e7\u00e3o da fuga. No dia 18 de fevereiro, quinto dia de buscas, o ministro afirmou que n\u00e3o havia prazo para recaptura dos foragidos.<br \/>\nNa manh\u00e3 desta quarta-feira (13), moradores de Bara\u00fana, vizinho a Mossor\u00f3, relataram uma intensa movimenta\u00e7\u00e3o policial, inclusive com helic\u00f3pteros, em bairros da zona urbana da cidade.<br \/>\nVeja o que se sabe e o que falta esclarecer sobre a fuga<br \/>\nPoliciais da For\u00e7a Tarefa pela recaptura dos foragidos de Mossor\u00f3 fazem buscas nos bairros Planalto e Cinderela, em Bara\u00fana, nesta quarta-feira (13)<br \/>\nAyrton Freire\/Inter TV Cabugi<br \/>\nBuscas<br \/>\nOs fugitivos foram vistos pela \u00faltima vez no dia 3 de mar\u00e7o, em uma fazenda na zona rural de Bara\u00fana. As buscas est\u00e3o concentradas no munic\u00edpio.<br \/>\nC\u00e3es farejadores que atuam nas buscas pelos fugitivos de Mossor\u00f3 detectaram presen\u00e7a humana em uma \u00e1rea de mata no in\u00edcio da manh\u00e3 da ter\u00e7a-feira (12). O local fica a cerca de 10 km de Bara\u00fana e foi vasculhado.<br \/>\nAs equipes de busca das opera\u00e7\u00f5es especiais do Bope, da Pol\u00edcia Militar do Rio Grande do Norte, chegaram nesta \u00e1rea na noite de segunda-feira (11), e os animais ficaram agitados.<br \/>\nNo domingo (10), a For\u00e7a Tarefa que atua nas buscas pelos foragidos ampliou o raio de buscas e realizou uma opera\u00e7\u00e3o no assentamento Vila Nova 1, na zona rural de Bara\u00fana.<br \/>\nO assentamento fica localizado a aproximadamente 9 km do local onde os fugitivos foram vistos, no assentamento Vila Nova 2, tamb\u00e9m em Bara\u00fana, ao sa\u00edrem de uma planta\u00e7\u00e3o de banana.<br \/>\nNas novas buscas deste domingo, os policias entraram e revistaram algumas casas do Vila Nova I. Os moradores relataram que os investigadores acreditam que algu\u00e9m est\u00e1 dando abrigo \u00e0 dupla.<br \/>\nBuscas por fugitivos no assentamento Vila Nova I, em Bara\u00fana, no Rio Grande do Norte<br \/>\nCedida<br \/>\nFor\u00e7a Tarefa<br \/>\nA opera\u00e7\u00e3o para recaptura dos fugitivos envolve mais de 600 agentes de seguran\u00e7a, que atuam de forma integrada. S\u00e3o policiais federais, rodovi\u00e1rios federais, militares e civis, al\u00e9m da For\u00e7a Nacional.<br \/>\nDeibson Nascimento e Rog\u00e9rio Mendon\u00e7a fugiram da penitenci\u00e1ria de seguran\u00e7a m\u00e1xima no dia 14 de fevereiro, na primeira fuga da hist\u00f3ria do sistema prisional federal, criado em 2006.<br \/>\nSimula\u00e7\u00f5es divulgadas pela Pol\u00edcia Federal mostram poss\u00edveis apar\u00eancias e disfarces dos fugitivos da Penitenci\u00e1ria Federal de Mossor\u00f3 , no Rio Grande do Norte.<br \/>\nSegundo a Pol\u00edcia Federal as proje\u00e7\u00f5es de crescimento de cabelo, barba e uso de disfarces foram elaboradas por papiloscopistas do setor de Representa\u00e7\u00e3o Facial Humana do Instituto Nacional de Identifica\u00e7\u00e3o (INI) da PF, em Bras\u00edlia.<br \/>\nSimula\u00e7\u00f5es mostram poss\u00edveis apar\u00eancias e disfarces de Rogerio Mendon\u00e7a e Deibson Nascimento &#8211; foragidos da penitenci\u00e1ria federal de Mossor\u00f3<br \/>\nReprodu\u00e7\u00e3o<br \/>\nAinda de acordo com a corpora\u00e7\u00e3o, a divulga\u00e7\u00e3o das imagens visa facilitar o trabalho de buscas e o apoio da popula\u00e7\u00e3o com informa\u00e7\u00f5es sobre os fugitivos. A corpora\u00e7\u00e3o j\u00e1 anunciou recompensa de at\u00e9 R$ 30 mil para quem repassar informa\u00e7\u00f5es que levem \u00e0 recaptura dos foragidos.<br \/>\nImagem mostra simula\u00e7\u00e3o de poss\u00edvel apar\u00eancia de Deibson Nascimento &#8211; fugitivo da Penitenci\u00e1ria Federal de Mossor\u00f3<br \/>\nDivulga\u00e7\u00e3o<br \/>\nNa \u00faltima quinta (7), as buscas receberam o refor\u00e7o de dois policiais penais especializados em opera\u00e7\u00f5es especiais e um c\u00e3o farejador da ra\u00e7a pastor-belga-malinois do Mato Grosso.<br \/>\nJ\u00e1 na sexta-feira (8), foi presa em Fortaleza, no Cear\u00e1, mais uma pessoa suspeita de integrar uma rede de apoio aos fugitivos montada pela fac\u00e7\u00e3o Comando Vermelho. Desde o in\u00edcio das investiga\u00e7\u00f5es, j\u00e1 foram realizadas seis pris\u00f5es &#8211; cinco em cumprimento a mandados de pris\u00e3o, al\u00e9m de uma pris\u00e3o em flagrante.<br \/>\nSimula\u00e7\u00e3o mostra poss\u00edvel apar\u00eancia de Rog\u00e9rio Mendon\u00e7a &#8211; fugitivo de Mossor\u00f3<br \/>\nDivulga\u00e7\u00e3o<br \/>\nFuga da Penitenci\u00e1ria Federal de Mossor\u00f3, no Rio Grande do Norte<br \/>\nArte\/g1<br \/>\nFant\u00e1stico entra nas celas de pres\u00eddio de seguran\u00e7a m\u00e1xima em Mossor\u00f3 e mostra falhas de seguran\u00e7a que levaram \u00e0 fuga de presos<br \/>\nVeja os v\u00eddeos mais assistidos no g1 RN<\/p>","protected":false},"excerpt":{"rendered":"<p>Ministro volta a Mossor\u00f3 no 29\u00ba dia de buscas pelos fugitivos da penitenci\u00e1ria federal para reuni\u00e3o com For\u00e7a Tarefa, diz minist\u00e9rio. Ministro chega a Mossor\u00f3 no 29\u00ba dia de buscas &#8230;<\/p>\n","protected":false},"author":0,"featured_media":0,"parent":0,"menu_order":0,"comment_status":"closed","ping_status":"closed","template":"","meta":{"footnotes":""},"class_list":["post-3471","page","type-page","status-publish","hentry"],"yoast_head":"<!-- This site is optimized with the Yoast SEO plugin v27.1.1 - https:\/\/yoast.com\/product\/yoast-seo-wordpress\/ -->\n<title>Ricardo Lewandowski chega a Mossor\u00f3 para reuni\u00e3o com For\u00e7a-tarefa respons\u00e1vel por buscas aos fugitivos - Taveira Jr<\/title>\n<meta name=\"robots\" content=\"index, follow, max-snippet:-1, max-image-preview:large, max-video-preview:-1\" \/>\n<link rel=\"canonical\" href=\"https:\/\/deputadotaveirajr.com.br\/index.php\/ricardo-lewandowski-chega-a-mossoro-para-reuniao-com-forca-tarefa-responsavel-por-buscas-aos-fugitivos\/\" \/>\n<meta property=\"og:locale\" content=\"pt_BR\" \/>\n<meta property=\"og:type\" content=\"article\" \/>\n<meta property=\"og:title\" content=\"Ricardo Lewandowski chega a Mossor\u00f3 para reuni\u00e3o com For\u00e7a-tarefa respons\u00e1vel por buscas aos fugitivos - Taveira Jr\" \/>\n<meta property=\"og:description\" content=\"Ministro volta a Mossor\u00f3 no 29\u00ba dia de buscas pelos fugitivos da penitenci\u00e1ria federal para reuni\u00e3o com For\u00e7a Tarefa, diz minist\u00e9rio. Ministro chega a Mossor\u00f3 no 29\u00ba dia de buscas ...\" \/>\n<meta property=\"og:url\" content=\"https:\/\/deputadotaveirajr.com.br\/index.php\/ricardo-lewandowski-chega-a-mossoro-para-reuniao-com-forca-tarefa-responsavel-por-buscas-aos-fugitivos\/\" \/>\n<meta property=\"og:site_name\" content=\"Taveira Jr\" \/>\n<meta name=\"twitter:card\" content=\"summary_large_image\" \/>\n<meta name=\"twitter:label1\" content=\"Est. tempo de leitura\" \/>\n\t<meta name=\"twitter:data1\" content=\"4 minutos\" \/>\n<script type=\"application\/ld+json\" class=\"yoast-schema-graph\">{\"@context\":\"https:\/\/schema.org\",\"@graph\":[{\"@type\":\"WebPage\",\"@id\":\"https:\/\/deputadotaveirajr.com.br\/index.php\/ricardo-lewandowski-chega-a-mossoro-para-reuniao-com-forca-tarefa-responsavel-por-buscas-aos-fugitivos\/\",\"url\":\"https:\/\/deputadotaveirajr.com.br\/index.php\/ricardo-lewandowski-chega-a-mossoro-para-reuniao-com-forca-tarefa-responsavel-por-buscas-aos-fugitivos\/\",\"name\":\"Ricardo Lewandowski chega a Mossor\u00f3 para reuni\u00e3o com For\u00e7a-tarefa respons\u00e1vel por buscas aos fugitivos - Taveira Jr\",\"isPartOf\":{\"@id\":\"https:\/\/deputadotaveirajr.com.br\/#website\"},\"datePublished\":\"2024-03-13T15:41:40+00:00\",\"breadcrumb\":{\"@id\":\"https:\/\/deputadotaveirajr.com.br\/index.php\/ricardo-lewandowski-chega-a-mossoro-para-reuniao-com-forca-tarefa-responsavel-por-buscas-aos-fugitivos\/#breadcrumb\"},\"inLanguage\":\"pt-BR\",\"potentialAction\":[{\"@type\":\"ReadAction\",\"target\":[\"https:\/\/deputadotaveirajr.com.br\/index.php\/ricardo-lewandowski-chega-a-mossoro-para-reuniao-com-forca-tarefa-responsavel-por-buscas-aos-fugitivos\/\"]}]},{\"@type\":\"BreadcrumbList\",\"@id\":\"https:\/\/deputadotaveirajr.com.br\/index.php\/ricardo-lewandowski-chega-a-mossoro-para-reuniao-com-forca-tarefa-responsavel-por-buscas-aos-fugitivos\/#breadcrumb\",\"itemListElement\":[{\"@type\":\"ListItem\",\"position\":1,\"name\":\"In\u00edcio\",\"item\":\"https:\/\/deputadotaveirajr.com.br\/\"},{\"@type\":\"ListItem\",\"position\":2,\"name\":\"Ricardo Lewandowski chega a Mossor\u00f3 para reuni\u00e3o com For\u00e7a-tarefa respons\u00e1vel por buscas aos fugitivos\"}]},{\"@type\":\"WebSite\",\"@id\":\"https:\/\/deputadotaveirajr.com.br\/#website\",\"url\":\"https:\/\/deputadotaveirajr.com.br\/\",\"name\":\"Taveira Jr\",\"description\":\"Deputado Estadual\",\"publisher\":{\"@id\":\"https:\/\/deputadotaveirajr.com.br\/#organization\"},\"potentialAction\":[{\"@type\":\"SearchAction\",\"target\":{\"@type\":\"EntryPoint\",\"urlTemplate\":\"https:\/\/deputadotaveirajr.com.br\/?s={search_term_string}\"},\"query-input\":{\"@type\":\"PropertyValueSpecification\",\"valueRequired\":true,\"valueName\":\"search_term_string\"}}],\"inLanguage\":\"pt-BR\"},{\"@type\":\"Organization\",\"@id\":\"https:\/\/deputadotaveirajr.com.br\/#organization\",\"name\":\"Taveira Jr\",\"url\":\"https:\/\/deputadotaveirajr.com.br\/\",\"logo\":{\"@type\":\"ImageObject\",\"inLanguage\":\"pt-BR\",\"@id\":\"https:\/\/deputadotaveirajr.com.br\/#\/schema\/logo\/image\/\",\"url\":\"https:\/\/deputadotaveirajr.com.br\/wp-content\/uploads\/2026\/01\/logolow2a.png\",\"contentUrl\":\"https:\/\/deputadotaveirajr.com.br\/wp-content\/uploads\/2026\/01\/logolow2a.png\",\"width\":290,\"height\":80,\"caption\":\"Taveira Jr\"},\"image\":{\"@id\":\"https:\/\/deputadotaveirajr.com.br\/#\/schema\/logo\/image\/\"}}]}<\/script>\n<!-- \/ Yoast SEO plugin. -->","yoast_head_json":{"title":"Ricardo Lewandowski chega a Mossor\u00f3 para reuni\u00e3o com For\u00e7a-tarefa respons\u00e1vel por buscas aos fugitivos - Taveira Jr","robots":{"index":"index","follow":"follow","max-snippet":"max-snippet:-1","max-image-preview":"max-image-preview:large","max-video-preview":"max-video-preview:-1"},"canonical":"https:\/\/deputadotaveirajr.com.br\/index.php\/ricardo-lewandowski-chega-a-mossoro-para-reuniao-com-forca-tarefa-responsavel-por-buscas-aos-fugitivos\/","og_locale":"pt_BR","og_type":"article","og_title":"Ricardo Lewandowski chega a Mossor\u00f3 para reuni\u00e3o com For\u00e7a-tarefa respons\u00e1vel por buscas aos fugitivos - Taveira Jr","og_description":"Ministro volta a Mossor\u00f3 no 29\u00ba dia de buscas pelos fugitivos da penitenci\u00e1ria federal para reuni\u00e3o com For\u00e7a Tarefa, diz minist\u00e9rio. Ministro chega a Mossor\u00f3 no 29\u00ba dia de buscas ...","og_url":"https:\/\/deputadotaveirajr.com.br\/index.php\/ricardo-lewandowski-chega-a-mossoro-para-reuniao-com-forca-tarefa-responsavel-por-buscas-aos-fugitivos\/","og_site_name":"Taveira Jr","twitter_card":"summary_large_image","twitter_misc":{"Est. tempo de leitura":"4 minutos"},"schema":{"@context":"https:\/\/schema.org","@graph":[{"@type":"WebPage","@id":"https:\/\/deputadotaveirajr.com.br\/index.php\/ricardo-lewandowski-chega-a-mossoro-para-reuniao-com-forca-tarefa-responsavel-por-buscas-aos-fugitivos\/","url":"https:\/\/deputadotaveirajr.com.br\/index.php\/ricardo-lewandowski-chega-a-mossoro-para-reuniao-com-forca-tarefa-responsavel-por-buscas-aos-fugitivos\/","name":"Ricardo Lewandowski chega a Mossor\u00f3 para reuni\u00e3o com For\u00e7a-tarefa respons\u00e1vel por buscas aos fugitivos - Taveira Jr","isPartOf":{"@id":"https:\/\/deputadotaveirajr.com.br\/#website"},"datePublished":"2024-03-13T15:41:40+00:00","breadcrumb":{"@id":"https:\/\/deputadotaveirajr.com.br\/index.php\/ricardo-lewandowski-chega-a-mossoro-para-reuniao-com-forca-tarefa-responsavel-por-buscas-aos-fugitivos\/#breadcrumb"},"inLanguage":"pt-BR","potentialAction":[{"@type":"ReadAction","target":["https:\/\/deputadotaveirajr.com.br\/index.php\/ricardo-lewandowski-chega-a-mossoro-para-reuniao-com-forca-tarefa-responsavel-por-buscas-aos-fugitivos\/"]}]},{"@type":"BreadcrumbList","@id":"https:\/\/deputadotaveirajr.com.br\/index.php\/ricardo-lewandowski-chega-a-mossoro-para-reuniao-com-forca-tarefa-responsavel-por-buscas-aos-fugitivos\/#breadcrumb","itemListElement":[{"@type":"ListItem","position":1,"name":"In\u00edcio","item":"https:\/\/deputadotaveirajr.com.br\/"},{"@type":"ListItem","position":2,"name":"Ricardo Lewandowski chega a Mossor\u00f3 para reuni\u00e3o com For\u00e7a-tarefa respons\u00e1vel por buscas aos fugitivos"}]},{"@type":"WebSite","@id":"https:\/\/deputadotaveirajr.com.br\/#website","url":"https:\/\/deputadotaveirajr.com.br\/","name":"Taveira Jr","description":"Deputado Estadual","publisher":{"@id":"https:\/\/deputadotaveirajr.com.br\/#organization"},"potentialAction":[{"@type":"SearchAction","target":{"@type":"EntryPoint","urlTemplate":"https:\/\/deputadotaveirajr.com.br\/?s={search_term_string}"},"query-input":{"@type":"PropertyValueSpecification","valueRequired":true,"valueName":"search_term_string"}}],"inLanguage":"pt-BR"},{"@type":"Organization","@id":"https:\/\/deputadotaveirajr.com.br\/#organization","name":"Taveira Jr","url":"https:\/\/deputadotaveirajr.com.br\/","logo":{"@type":"ImageObject","inLanguage":"pt-BR","@id":"https:\/\/deputadotaveirajr.com.br\/#\/schema\/logo\/image\/","url":"https:\/\/deputadotaveirajr.com.br\/wp-content\/uploads\/2026\/01\/logolow2a.png","contentUrl":"https:\/\/deputadotaveirajr.com.br\/wp-content\/uploads\/2026\/01\/logolow2a.png","width":290,"height":80,"caption":"Taveira Jr"},"image":{"@id":"https:\/\/deputadotaveirajr.com.br\/#\/schema\/logo\/image\/"}}]}},"_links":{"self":[{"href":"https:\/\/deputadotaveirajr.com.br\/index.php\/wp-json\/wp\/v2\/pages\/3471","targetHints":{"allow":["GET"]}}],"collection":[{"href":"https:\/\/deputadotaveirajr.com.br\/index.php\/wp-json\/wp\/v2\/pages"}],"about":[{"href":"https:\/\/deputadotaveirajr.com.br\/index.php\/wp-json\/wp\/v2\/types\/page"}],"replies":[{"embeddable":true,"href":"https:\/\/deputadotaveirajr.com.br\/index.php\/wp-json\/wp\/v2\/comments?post=3471"}],"version-history":[{"count":1,"href":"https:\/\/deputadotaveirajr.com.br\/index.php\/wp-json\/wp\/v2\/pages\/3471\/revisions"}],"predecessor-version":[{"id":3481,"href":"https:\/\/deputadotaveirajr.com.br\/index.php\/wp-json\/wp\/v2\/pages\/3471\/revisions\/3481"}],"wp:attachment":[{"href":"https:\/\/deputadotaveirajr.com.br\/index.php\/wp-json\/wp\/v2\/media?parent=3471"}],"curies":[{"name":"wp","href":"https:\/\/api.w.org\/{rel}","templated":true}]}}