{"id":3558,"date":"2024-03-16T16:23:19","date_gmt":"2024-03-16T19:23:19","guid":{"rendered":"https:\/\/deputadotaveirajr.com.br\/?page_id=3558"},"modified":"2024-03-16T16:23:19","modified_gmt":"2024-03-16T19:23:19","slug":"preso-em-sp-suspeito-de-matar-prefeito-de-sao-jose-do-campestre-e-transferido-para-o-rn","status":"publish","type":"page","link":"https:\/\/deputadotaveirajr.com.br\/index.php\/preso-em-sp-suspeito-de-matar-prefeito-de-sao-jose-do-campestre-e-transferido-para-o-rn\/","title":{"rendered":"Preso em SP, suspeito de matar prefeito de S\u00e3o Jos\u00e9 do Campestre \u00e9 transferido para o RN"},"content":{"rendered":"<p>     Nen\u00e9m Borges foi assassinado dentro de casa no dia 18 de abril de 2023. Suspeito foi preso em Guarulhos em janeiro deste ano, onde estava preso antes de ser recambiado para o RN. Suspeito de matar prefeito de S\u00e3o Jos\u00e9 do Campestre foi transferido para o RN<br \/>\nDivulga\u00e7\u00e3o<br \/>\nPreso em Guarulhos (SP) em janeiro deste ano, o principal suspeito de matar Nen\u00e9m Borges, prefeito de S\u00e3o Jos\u00e9 do Campestre, cidade distante cerca de 100 km de Natal, foi transferido nesta sexta-feira (15) para o Rio Grande do Norte.  O crime aconteceu no dia 18 de abril de 2023.<br \/>\nO recambiamento &#8211; como \u00e9 chamada a transfer\u00eancia de presos entre estados &#8211; do suspeito foi feito por policiais da Delegacia Especializada de Capturas e Pol\u00edcia Interestadual (DECAP\/Polinter).<br \/>\nO suspeito de 22 anos foi trazido em um voo que desembarcou na noite de sexta no Aeroporto de Natal. Ele vai seguir detido no sistema carcer\u00e1rio de Natal e est\u00e1 \u00e0 disposi\u00e7\u00e3o da Justi\u00e7a.<br \/>\nO homem foi preso ap\u00f3s investiga\u00e7\u00e3o da 6\u00aa Delegacia Regional de Nova Cruz, cidade pr\u00f3xima a S\u00e3o Jos\u00e9 do Campestre, que elucidou o crime no dia 26 de dezembro de 2023.<br \/>\nDe acordo com a Pol\u00edcia Civil, o suspeito \u00e9 chefe local de uma fac\u00e7\u00e3o criminosa interestadual e teria decidido matar o prefeito por causa do apoio institucional de Nen\u00e9m Borges \u00e0s a\u00e7\u00f5es policiais no munic\u00edpio de S\u00e3o Jos\u00e9 do Campestre.<br \/>\n O suspeito foi preso em Guarulhos durante uma abordagem feita pela Pol\u00edcia Militar de SP. Ao conferir os documentos do suspeito, os policiais constataram que ele possu\u00eda um mandado de pris\u00e3o preventiva pelo crime de homic\u00eddio.<br \/>\nJoseilson Borges da Costa, Nen\u00e9m Borges, prefeito de S\u00e3o Jos\u00e9 do Campestre, foi assassinado a tiros, em casa,<br \/>\nRedes sociais<br \/>\nO crime<br \/>\nO crime aconteceu no dia 18 de abril de 2023. O autor teria pulado o muro de uma escola abandonada, passou por um beco e entrou na casa do prefeito pelo port\u00e3o, que estava aberto. Joseilson Borges da Costa, de 43 anos, mais conhecido como Nen\u00e9m Borges, estava deitado no sof\u00e1 de casa. Ele levou tr\u00eas tiros no rosto e morreu.<br \/>\nDe acordo com a Pol\u00edcia Civil, o investigado \u00e9 chefe local de uma fac\u00e7\u00e3o criminosa interestadual e teria decidido matar Nen\u00e9m Borges por causa do apoio institucional do prefeito \u00e0s a\u00e7\u00f5es policiais no munic\u00edpio.<br \/>\nPrefeito de S\u00e3o Jos\u00e9 do Campestre foi morto a tiros dentro de casa<br \/>\nVin\u00edcius Marinho\/Inter TV Cabugi<br \/>\nSobre o prefeito<br \/>\nO prefeito estava no seu segundo mandado no Poder Executivo, ap\u00f3s ser reeleito pelo MDB, em 2020.<br \/>\nEle havia assumido a prefeitura pela primeira vez em 2018, quando era presidente da C\u00e2mara Municipal, por causa da cassa\u00e7\u00e3o dos mandatos da prefeita e da vice-prefeita da cidade, Maria Alda Rom\u00e3o Soares e Eliza Assis de Oliveira Borges.<br \/>\nNo mesmo ano, ele foi eleito para o cargo no Executivo, por meio das elei\u00e7\u00f5es suplementares.<br \/>\nA cidade de S\u00e3o Jos\u00e9 do Campestre fica na regi\u00e3o Agreste potiguar e tem uma popula\u00e7\u00e3o estimada em 12,9 mil habitantes, segundo o IBGE.<br \/>\nV\u00eddeos mais vistos do RN nos \u00faltimos 7 dias<\/p>","protected":false},"excerpt":{"rendered":"<p>Nen\u00e9m Borges foi assassinado dentro de casa no dia 18 de abril de 2023. Suspeito foi preso em Guarulhos em janeiro deste ano, onde estava preso antes de ser recambiado &#8230;<\/p>\n","protected":false},"author":0,"featured_media":0,"parent":0,"menu_order":0,"comment_status":"closed","ping_status":"closed","template":"","meta":{"footnotes":""},"class_list":["post-3558","page","type-page","status-publish","hentry"],"yoast_head":"<!-- This site is optimized with the Yoast SEO plugin v27.1.1 - https:\/\/yoast.com\/product\/yoast-seo-wordpress\/ -->\n<title>Preso em SP, suspeito de matar prefeito de S\u00e3o Jos\u00e9 do Campestre \u00e9 transferido para o RN - Taveira Jr<\/title>\n<meta name=\"robots\" content=\"index, follow, max-snippet:-1, max-image-preview:large, max-video-preview:-1\" \/>\n<link rel=\"canonical\" href=\"https:\/\/deputadotaveirajr.com.br\/index.php\/preso-em-sp-suspeito-de-matar-prefeito-de-sao-jose-do-campestre-e-transferido-para-o-rn\/\" \/>\n<meta property=\"og:locale\" content=\"pt_BR\" \/>\n<meta property=\"og:type\" content=\"article\" \/>\n<meta property=\"og:title\" content=\"Preso em SP, suspeito de matar prefeito de S\u00e3o Jos\u00e9 do Campestre \u00e9 transferido para o RN - Taveira Jr\" \/>\n<meta property=\"og:description\" content=\"Nen\u00e9m Borges foi assassinado dentro de casa no dia 18 de abril de 2023. Suspeito foi preso em Guarulhos em janeiro deste ano, onde estava preso antes de ser recambiado ...\" \/>\n<meta property=\"og:url\" content=\"https:\/\/deputadotaveirajr.com.br\/index.php\/preso-em-sp-suspeito-de-matar-prefeito-de-sao-jose-do-campestre-e-transferido-para-o-rn\/\" \/>\n<meta property=\"og:site_name\" content=\"Taveira Jr\" \/>\n<meta name=\"twitter:card\" content=\"summary_large_image\" \/>\n<meta name=\"twitter:label1\" content=\"Est. tempo de leitura\" \/>\n\t<meta name=\"twitter:data1\" content=\"3 minutos\" \/>\n<script type=\"application\/ld+json\" class=\"yoast-schema-graph\">{\"@context\":\"https:\/\/schema.org\",\"@graph\":[{\"@type\":\"WebPage\",\"@id\":\"https:\/\/deputadotaveirajr.com.br\/index.php\/preso-em-sp-suspeito-de-matar-prefeito-de-sao-jose-do-campestre-e-transferido-para-o-rn\/\",\"url\":\"https:\/\/deputadotaveirajr.com.br\/index.php\/preso-em-sp-suspeito-de-matar-prefeito-de-sao-jose-do-campestre-e-transferido-para-o-rn\/\",\"name\":\"Preso em SP, suspeito de matar prefeito de S\u00e3o Jos\u00e9 do Campestre \u00e9 transferido para o RN - Taveira Jr\",\"isPartOf\":{\"@id\":\"https:\/\/deputadotaveirajr.com.br\/#website\"},\"datePublished\":\"2024-03-16T19:23:19+00:00\",\"breadcrumb\":{\"@id\":\"https:\/\/deputadotaveirajr.com.br\/index.php\/preso-em-sp-suspeito-de-matar-prefeito-de-sao-jose-do-campestre-e-transferido-para-o-rn\/#breadcrumb\"},\"inLanguage\":\"pt-BR\",\"potentialAction\":[{\"@type\":\"ReadAction\",\"target\":[\"https:\/\/deputadotaveirajr.com.br\/index.php\/preso-em-sp-suspeito-de-matar-prefeito-de-sao-jose-do-campestre-e-transferido-para-o-rn\/\"]}]},{\"@type\":\"BreadcrumbList\",\"@id\":\"https:\/\/deputadotaveirajr.com.br\/index.php\/preso-em-sp-suspeito-de-matar-prefeito-de-sao-jose-do-campestre-e-transferido-para-o-rn\/#breadcrumb\",\"itemListElement\":[{\"@type\":\"ListItem\",\"position\":1,\"name\":\"In\u00edcio\",\"item\":\"https:\/\/deputadotaveirajr.com.br\/\"},{\"@type\":\"ListItem\",\"position\":2,\"name\":\"Preso em SP, suspeito de matar prefeito de S\u00e3o Jos\u00e9 do Campestre \u00e9 transferido para o RN\"}]},{\"@type\":\"WebSite\",\"@id\":\"https:\/\/deputadotaveirajr.com.br\/#website\",\"url\":\"https:\/\/deputadotaveirajr.com.br\/\",\"name\":\"Taveira Jr\",\"description\":\"Deputado Estadual\",\"publisher\":{\"@id\":\"https:\/\/deputadotaveirajr.com.br\/#organization\"},\"potentialAction\":[{\"@type\":\"SearchAction\",\"target\":{\"@type\":\"EntryPoint\",\"urlTemplate\":\"https:\/\/deputadotaveirajr.com.br\/?s={search_term_string}\"},\"query-input\":{\"@type\":\"PropertyValueSpecification\",\"valueRequired\":true,\"valueName\":\"search_term_string\"}}],\"inLanguage\":\"pt-BR\"},{\"@type\":\"Organization\",\"@id\":\"https:\/\/deputadotaveirajr.com.br\/#organization\",\"name\":\"Taveira Jr\",\"url\":\"https:\/\/deputadotaveirajr.com.br\/\",\"logo\":{\"@type\":\"ImageObject\",\"inLanguage\":\"pt-BR\",\"@id\":\"https:\/\/deputadotaveirajr.com.br\/#\/schema\/logo\/image\/\",\"url\":\"https:\/\/deputadotaveirajr.com.br\/wp-content\/uploads\/2026\/01\/logolow2a.png\",\"contentUrl\":\"https:\/\/deputadotaveirajr.com.br\/wp-content\/uploads\/2026\/01\/logolow2a.png\",\"width\":290,\"height\":80,\"caption\":\"Taveira Jr\"},\"image\":{\"@id\":\"https:\/\/deputadotaveirajr.com.br\/#\/schema\/logo\/image\/\"}}]}<\/script>\n<!-- \/ Yoast SEO plugin. -->","yoast_head_json":{"title":"Preso em SP, suspeito de matar prefeito de S\u00e3o Jos\u00e9 do Campestre \u00e9 transferido para o RN - Taveira Jr","robots":{"index":"index","follow":"follow","max-snippet":"max-snippet:-1","max-image-preview":"max-image-preview:large","max-video-preview":"max-video-preview:-1"},"canonical":"https:\/\/deputadotaveirajr.com.br\/index.php\/preso-em-sp-suspeito-de-matar-prefeito-de-sao-jose-do-campestre-e-transferido-para-o-rn\/","og_locale":"pt_BR","og_type":"article","og_title":"Preso em SP, suspeito de matar prefeito de S\u00e3o Jos\u00e9 do Campestre \u00e9 transferido para o RN - Taveira Jr","og_description":"Nen\u00e9m Borges foi assassinado dentro de casa no dia 18 de abril de 2023. Suspeito foi preso em Guarulhos em janeiro deste ano, onde estava preso antes de ser recambiado ...","og_url":"https:\/\/deputadotaveirajr.com.br\/index.php\/preso-em-sp-suspeito-de-matar-prefeito-de-sao-jose-do-campestre-e-transferido-para-o-rn\/","og_site_name":"Taveira Jr","twitter_card":"summary_large_image","twitter_misc":{"Est. tempo de leitura":"3 minutos"},"schema":{"@context":"https:\/\/schema.org","@graph":[{"@type":"WebPage","@id":"https:\/\/deputadotaveirajr.com.br\/index.php\/preso-em-sp-suspeito-de-matar-prefeito-de-sao-jose-do-campestre-e-transferido-para-o-rn\/","url":"https:\/\/deputadotaveirajr.com.br\/index.php\/preso-em-sp-suspeito-de-matar-prefeito-de-sao-jose-do-campestre-e-transferido-para-o-rn\/","name":"Preso em SP, suspeito de matar prefeito de S\u00e3o Jos\u00e9 do Campestre \u00e9 transferido para o RN - Taveira Jr","isPartOf":{"@id":"https:\/\/deputadotaveirajr.com.br\/#website"},"datePublished":"2024-03-16T19:23:19+00:00","breadcrumb":{"@id":"https:\/\/deputadotaveirajr.com.br\/index.php\/preso-em-sp-suspeito-de-matar-prefeito-de-sao-jose-do-campestre-e-transferido-para-o-rn\/#breadcrumb"},"inLanguage":"pt-BR","potentialAction":[{"@type":"ReadAction","target":["https:\/\/deputadotaveirajr.com.br\/index.php\/preso-em-sp-suspeito-de-matar-prefeito-de-sao-jose-do-campestre-e-transferido-para-o-rn\/"]}]},{"@type":"BreadcrumbList","@id":"https:\/\/deputadotaveirajr.com.br\/index.php\/preso-em-sp-suspeito-de-matar-prefeito-de-sao-jose-do-campestre-e-transferido-para-o-rn\/#breadcrumb","itemListElement":[{"@type":"ListItem","position":1,"name":"In\u00edcio","item":"https:\/\/deputadotaveirajr.com.br\/"},{"@type":"ListItem","position":2,"name":"Preso em SP, suspeito de matar prefeito de S\u00e3o Jos\u00e9 do Campestre \u00e9 transferido para o RN"}]},{"@type":"WebSite","@id":"https:\/\/deputadotaveirajr.com.br\/#website","url":"https:\/\/deputadotaveirajr.com.br\/","name":"Taveira Jr","description":"Deputado Estadual","publisher":{"@id":"https:\/\/deputadotaveirajr.com.br\/#organization"},"potentialAction":[{"@type":"SearchAction","target":{"@type":"EntryPoint","urlTemplate":"https:\/\/deputadotaveirajr.com.br\/?s={search_term_string}"},"query-input":{"@type":"PropertyValueSpecification","valueRequired":true,"valueName":"search_term_string"}}],"inLanguage":"pt-BR"},{"@type":"Organization","@id":"https:\/\/deputadotaveirajr.com.br\/#organization","name":"Taveira Jr","url":"https:\/\/deputadotaveirajr.com.br\/","logo":{"@type":"ImageObject","inLanguage":"pt-BR","@id":"https:\/\/deputadotaveirajr.com.br\/#\/schema\/logo\/image\/","url":"https:\/\/deputadotaveirajr.com.br\/wp-content\/uploads\/2026\/01\/logolow2a.png","contentUrl":"https:\/\/deputadotaveirajr.com.br\/wp-content\/uploads\/2026\/01\/logolow2a.png","width":290,"height":80,"caption":"Taveira Jr"},"image":{"@id":"https:\/\/deputadotaveirajr.com.br\/#\/schema\/logo\/image\/"}}]}},"_links":{"self":[{"href":"https:\/\/deputadotaveirajr.com.br\/index.php\/wp-json\/wp\/v2\/pages\/3558","targetHints":{"allow":["GET"]}}],"collection":[{"href":"https:\/\/deputadotaveirajr.com.br\/index.php\/wp-json\/wp\/v2\/pages"}],"about":[{"href":"https:\/\/deputadotaveirajr.com.br\/index.php\/wp-json\/wp\/v2\/types\/page"}],"replies":[{"embeddable":true,"href":"https:\/\/deputadotaveirajr.com.br\/index.php\/wp-json\/wp\/v2\/comments?post=3558"}],"version-history":[{"count":1,"href":"https:\/\/deputadotaveirajr.com.br\/index.php\/wp-json\/wp\/v2\/pages\/3558\/revisions"}],"predecessor-version":[{"id":3561,"href":"https:\/\/deputadotaveirajr.com.br\/index.php\/wp-json\/wp\/v2\/pages\/3558\/revisions\/3561"}],"wp:attachment":[{"href":"https:\/\/deputadotaveirajr.com.br\/index.php\/wp-json\/wp\/v2\/media?parent=3558"}],"curies":[{"name":"wp","href":"https:\/\/api.w.org\/{rel}","templated":true}]}}