{"id":3592,"date":"2024-03-18T22:15:31","date_gmt":"2024-03-19T01:15:31","guid":{"rendered":"https:\/\/deputadotaveirajr.com.br\/?page_id=3592"},"modified":"2024-03-18T22:15:31","modified_gmt":"2024-03-19T01:15:31","slug":"obra-de-revitalizacao-da-orla-na-zona-leste-de-natal-tem-ordem-de-servico-assinada-veja-video-do-projeto","status":"publish","type":"page","link":"https:\/\/deputadotaveirajr.com.br\/index.php\/obra-de-revitalizacao-da-orla-na-zona-leste-de-natal-tem-ordem-de-servico-assinada-veja-video-do-projeto\/","title":{"rendered":"Obra de revitaliza\u00e7\u00e3o da orla na Zona Leste de Natal tem ordem de servi\u00e7o assinada; veja v\u00eddeo do projeto"},"content":{"rendered":"<p>     Investimento \u00e9 de R$ 38,9 milh\u00f5es, verba oriunda de empr\u00e9stimos da prefeitura e do Minist\u00e9rio das Cidades. Previs\u00e3o \u00e9 que projeto seja conclu\u00eddo em dezembro.  Veja projeto de revitaliza\u00e7\u00e3o de parte da orla de Natal<br \/>\nA ordem de servi\u00e7o para revitaliza\u00e7\u00e3o de parte da orla de Natal foi assinada no s\u00e1bado (16) pelo prefeito \u00c1lvaro Dias (Republicanos). O trecho que passar\u00e1 por obras ser\u00e1 entre Areia Preta, Praia do Meio e a Praia do Forte.<br \/>\nA prefeitura divulgou tamb\u00e9m um v\u00eddeo de como pretende que o projeto fique ao final do servi\u00e7o, que ocorrer\u00e1 exclusivamente no trecho da Zona Leste da cidade (veja acima).<br \/>\nDe acordo com o Munic\u00edpio, a proje\u00e7\u00e3o \u00e9 que o projeto seja conclu\u00eddo at\u00e9 dezembro deste ano. O investimento total \u00e9 de R$ 38,9 milh\u00f5es &#8211; sendo R$ 25 milh\u00f5es de opera\u00e7\u00f5es de cr\u00e9dito da prefeitura de Natal e o restante oriundo do Minist\u00e9rio das Cidades.<br \/>\n\ud83d\udcf3Participe do canal do g1 RN no WhatsApp e receba no seu celular as not\u00edcias do estado<br \/>\nA empresa que vai realizar o servi\u00e7o j\u00e1 recebeu autoriza\u00e7\u00e3o para instalar o canteiro de obras, com o maquin\u00e1rio, e para contratar a equipe respons\u00e1vel.<br \/>\nDe acordo com o secret\u00e1rio de Obras de Natal, Carlson Gomes, a obra vai acontecer em tr\u00eas turnos e ser\u00e1 dividida em sete etapas.<br \/>\nRevitaliza\u00e7\u00e3o projetada pela prefeitura em praias da Zona Leste de Natal<br \/>\nDivulga\u00e7\u00e3o<br \/>\n&#8220;Vamos trabalhar por etapas para minimizar os transtornos. Ter\u00e3o sete frentes de servi\u00e7o. J\u00e1 foi conversado. Os quiosqueiros v\u00e3o sair provisoriamente para um local na areia da praia. Vamos por etapa, n\u00e3o podemos tirar todos de uma s\u00f3 vez&#8221;, explicou.<br \/>\nAs obras v\u00e3o passar por ruas e avenidas como a  Nilo Pe\u00e7anha, Caf\u00e9 filho e Get\u00falio Vargas, todas na Zona Leste da cidade.<br \/>\nQuiosques, pra\u00e7as e mirantes<br \/>\nA obra de revitaliza\u00e7\u00e3o e urbaniza\u00e7\u00e3o prev\u00ea mirantes para ver o p\u00f4r do sol, renova\u00e7\u00e3o do cal\u00e7ad\u00e3o e a instala\u00e7\u00e3o de novos quiosques. Tamb\u00e9m haver\u00e1 constru\u00e7\u00e3o de pra\u00e7as, quadras, pistas de skate e pontos de acessibilidade.<br \/>\n&#8220;Ser\u00e1 uma \u00e1rea totalmente revatilzada, porque ficava um vazio muito nessa praia urbana de Natal&#8221;, explicou o secret\u00e1rio de Obras, Carlson Gomes.<br \/>\nOutra previs\u00e3o \u00e9 a instala\u00e7\u00e3o de novos banheiros, um problema recorrente nas praias de Natal, e que, segundo o secret\u00e1rio, ficar\u00e1 a cargo de cada quiosque a partir de dezembro.<br \/>\n&#8220;Cada quiosque cuidar\u00e1 do seu pr\u00f3prio banheiro. Assim, haver\u00e1 uma descentraliza\u00e7\u00e3o at\u00e9 do Poder Municipal em fazer essa manuten\u00e7\u00e3o. Temos problemas, e muito, com a manuten\u00e7\u00e3o&#8221;, disse.<br \/>\n&#8220;Os banheiros da orla agora cada quiosque ter\u00e1 o seu e, com certeza, j\u00e1 que toda essa \u00e1rea ser\u00e1 padronizada, far\u00e1 esse local mais tranquilo, mais agrad\u00e1vel&#8221;.<br \/>\nDe acordo com o secret\u00e1rio, Ponta Negra n\u00e3o entrou no projeto porque j\u00e1 tem um projeto pr\u00f3prio inclu\u00eddo nas obras de engorda e enrocamento, e a praia da Redinha tamb\u00e9m ficou de fora porque j\u00e1 conta com o projeto do Complexo Tur\u00edstico, que, segundo o secret\u00e1rio, ser\u00e1 entregue em cerca de 60 dias.<br \/>\nV\u00eddeos mais assistidos do g1 RN<\/p>","protected":false},"excerpt":{"rendered":"<p>Investimento \u00e9 de R$ 38,9 milh\u00f5es, verba oriunda de empr\u00e9stimos da prefeitura e do Minist\u00e9rio das Cidades. Previs\u00e3o \u00e9 que projeto seja conclu\u00eddo em dezembro. Veja projeto de revitaliza\u00e7\u00e3o de &#8230;<\/p>\n","protected":false},"author":0,"featured_media":0,"parent":0,"menu_order":0,"comment_status":"closed","ping_status":"closed","template":"","meta":{"footnotes":""},"class_list":["post-3592","page","type-page","status-publish","hentry"],"yoast_head":"<!-- This site is optimized with the Yoast SEO plugin v27.1.1 - https:\/\/yoast.com\/product\/yoast-seo-wordpress\/ -->\n<title>Obra de revitaliza\u00e7\u00e3o da orla na Zona Leste de Natal tem ordem de servi\u00e7o assinada; veja v\u00eddeo do projeto - Taveira Jr<\/title>\n<meta name=\"robots\" content=\"index, follow, max-snippet:-1, max-image-preview:large, max-video-preview:-1\" \/>\n<link rel=\"canonical\" href=\"https:\/\/deputadotaveirajr.com.br\/index.php\/obra-de-revitalizacao-da-orla-na-zona-leste-de-natal-tem-ordem-de-servico-assinada-veja-video-do-projeto\/\" \/>\n<meta property=\"og:locale\" content=\"pt_BR\" \/>\n<meta property=\"og:type\" content=\"article\" \/>\n<meta property=\"og:title\" content=\"Obra de revitaliza\u00e7\u00e3o da orla na Zona Leste de Natal tem ordem de servi\u00e7o assinada; veja v\u00eddeo do projeto - Taveira Jr\" \/>\n<meta property=\"og:description\" content=\"Investimento \u00e9 de R$ 38,9 milh\u00f5es, verba oriunda de empr\u00e9stimos da prefeitura e do Minist\u00e9rio das Cidades. Previs\u00e3o \u00e9 que projeto seja conclu\u00eddo em dezembro. Veja projeto de revitaliza\u00e7\u00e3o de ...\" \/>\n<meta property=\"og:url\" content=\"https:\/\/deputadotaveirajr.com.br\/index.php\/obra-de-revitalizacao-da-orla-na-zona-leste-de-natal-tem-ordem-de-servico-assinada-veja-video-do-projeto\/\" \/>\n<meta property=\"og:site_name\" content=\"Taveira Jr\" \/>\n<meta name=\"twitter:card\" content=\"summary_large_image\" \/>\n<meta name=\"twitter:label1\" content=\"Est. tempo de leitura\" \/>\n\t<meta name=\"twitter:data1\" content=\"3 minutos\" \/>\n<script type=\"application\/ld+json\" class=\"yoast-schema-graph\">{\"@context\":\"https:\/\/schema.org\",\"@graph\":[{\"@type\":\"WebPage\",\"@id\":\"https:\/\/deputadotaveirajr.com.br\/index.php\/obra-de-revitalizacao-da-orla-na-zona-leste-de-natal-tem-ordem-de-servico-assinada-veja-video-do-projeto\/\",\"url\":\"https:\/\/deputadotaveirajr.com.br\/index.php\/obra-de-revitalizacao-da-orla-na-zona-leste-de-natal-tem-ordem-de-servico-assinada-veja-video-do-projeto\/\",\"name\":\"Obra de revitaliza\u00e7\u00e3o da orla na Zona Leste de Natal tem ordem de servi\u00e7o assinada; veja v\u00eddeo do projeto - Taveira Jr\",\"isPartOf\":{\"@id\":\"https:\/\/deputadotaveirajr.com.br\/#website\"},\"datePublished\":\"2024-03-19T01:15:31+00:00\",\"breadcrumb\":{\"@id\":\"https:\/\/deputadotaveirajr.com.br\/index.php\/obra-de-revitalizacao-da-orla-na-zona-leste-de-natal-tem-ordem-de-servico-assinada-veja-video-do-projeto\/#breadcrumb\"},\"inLanguage\":\"pt-BR\",\"potentialAction\":[{\"@type\":\"ReadAction\",\"target\":[\"https:\/\/deputadotaveirajr.com.br\/index.php\/obra-de-revitalizacao-da-orla-na-zona-leste-de-natal-tem-ordem-de-servico-assinada-veja-video-do-projeto\/\"]}]},{\"@type\":\"BreadcrumbList\",\"@id\":\"https:\/\/deputadotaveirajr.com.br\/index.php\/obra-de-revitalizacao-da-orla-na-zona-leste-de-natal-tem-ordem-de-servico-assinada-veja-video-do-projeto\/#breadcrumb\",\"itemListElement\":[{\"@type\":\"ListItem\",\"position\":1,\"name\":\"In\u00edcio\",\"item\":\"https:\/\/deputadotaveirajr.com.br\/\"},{\"@type\":\"ListItem\",\"position\":2,\"name\":\"Obra de revitaliza\u00e7\u00e3o da orla na Zona Leste de Natal tem ordem de servi\u00e7o assinada; veja v\u00eddeo do projeto\"}]},{\"@type\":\"WebSite\",\"@id\":\"https:\/\/deputadotaveirajr.com.br\/#website\",\"url\":\"https:\/\/deputadotaveirajr.com.br\/\",\"name\":\"Taveira Jr\",\"description\":\"Deputado Estadual\",\"publisher\":{\"@id\":\"https:\/\/deputadotaveirajr.com.br\/#organization\"},\"potentialAction\":[{\"@type\":\"SearchAction\",\"target\":{\"@type\":\"EntryPoint\",\"urlTemplate\":\"https:\/\/deputadotaveirajr.com.br\/?s={search_term_string}\"},\"query-input\":{\"@type\":\"PropertyValueSpecification\",\"valueRequired\":true,\"valueName\":\"search_term_string\"}}],\"inLanguage\":\"pt-BR\"},{\"@type\":\"Organization\",\"@id\":\"https:\/\/deputadotaveirajr.com.br\/#organization\",\"name\":\"Taveira Jr\",\"url\":\"https:\/\/deputadotaveirajr.com.br\/\",\"logo\":{\"@type\":\"ImageObject\",\"inLanguage\":\"pt-BR\",\"@id\":\"https:\/\/deputadotaveirajr.com.br\/#\/schema\/logo\/image\/\",\"url\":\"https:\/\/deputadotaveirajr.com.br\/wp-content\/uploads\/2026\/01\/logolow2a.png\",\"contentUrl\":\"https:\/\/deputadotaveirajr.com.br\/wp-content\/uploads\/2026\/01\/logolow2a.png\",\"width\":290,\"height\":80,\"caption\":\"Taveira Jr\"},\"image\":{\"@id\":\"https:\/\/deputadotaveirajr.com.br\/#\/schema\/logo\/image\/\"}}]}<\/script>\n<!-- \/ Yoast SEO plugin. -->","yoast_head_json":{"title":"Obra de revitaliza\u00e7\u00e3o da orla na Zona Leste de Natal tem ordem de servi\u00e7o assinada; veja v\u00eddeo do projeto - Taveira Jr","robots":{"index":"index","follow":"follow","max-snippet":"max-snippet:-1","max-image-preview":"max-image-preview:large","max-video-preview":"max-video-preview:-1"},"canonical":"https:\/\/deputadotaveirajr.com.br\/index.php\/obra-de-revitalizacao-da-orla-na-zona-leste-de-natal-tem-ordem-de-servico-assinada-veja-video-do-projeto\/","og_locale":"pt_BR","og_type":"article","og_title":"Obra de revitaliza\u00e7\u00e3o da orla na Zona Leste de Natal tem ordem de servi\u00e7o assinada; veja v\u00eddeo do projeto - Taveira Jr","og_description":"Investimento \u00e9 de R$ 38,9 milh\u00f5es, verba oriunda de empr\u00e9stimos da prefeitura e do Minist\u00e9rio das Cidades. Previs\u00e3o \u00e9 que projeto seja conclu\u00eddo em dezembro. Veja projeto de revitaliza\u00e7\u00e3o de ...","og_url":"https:\/\/deputadotaveirajr.com.br\/index.php\/obra-de-revitalizacao-da-orla-na-zona-leste-de-natal-tem-ordem-de-servico-assinada-veja-video-do-projeto\/","og_site_name":"Taveira Jr","twitter_card":"summary_large_image","twitter_misc":{"Est. tempo de leitura":"3 minutos"},"schema":{"@context":"https:\/\/schema.org","@graph":[{"@type":"WebPage","@id":"https:\/\/deputadotaveirajr.com.br\/index.php\/obra-de-revitalizacao-da-orla-na-zona-leste-de-natal-tem-ordem-de-servico-assinada-veja-video-do-projeto\/","url":"https:\/\/deputadotaveirajr.com.br\/index.php\/obra-de-revitalizacao-da-orla-na-zona-leste-de-natal-tem-ordem-de-servico-assinada-veja-video-do-projeto\/","name":"Obra de revitaliza\u00e7\u00e3o da orla na Zona Leste de Natal tem ordem de servi\u00e7o assinada; veja v\u00eddeo do projeto - Taveira Jr","isPartOf":{"@id":"https:\/\/deputadotaveirajr.com.br\/#website"},"datePublished":"2024-03-19T01:15:31+00:00","breadcrumb":{"@id":"https:\/\/deputadotaveirajr.com.br\/index.php\/obra-de-revitalizacao-da-orla-na-zona-leste-de-natal-tem-ordem-de-servico-assinada-veja-video-do-projeto\/#breadcrumb"},"inLanguage":"pt-BR","potentialAction":[{"@type":"ReadAction","target":["https:\/\/deputadotaveirajr.com.br\/index.php\/obra-de-revitalizacao-da-orla-na-zona-leste-de-natal-tem-ordem-de-servico-assinada-veja-video-do-projeto\/"]}]},{"@type":"BreadcrumbList","@id":"https:\/\/deputadotaveirajr.com.br\/index.php\/obra-de-revitalizacao-da-orla-na-zona-leste-de-natal-tem-ordem-de-servico-assinada-veja-video-do-projeto\/#breadcrumb","itemListElement":[{"@type":"ListItem","position":1,"name":"In\u00edcio","item":"https:\/\/deputadotaveirajr.com.br\/"},{"@type":"ListItem","position":2,"name":"Obra de revitaliza\u00e7\u00e3o da orla na Zona Leste de Natal tem ordem de servi\u00e7o assinada; veja v\u00eddeo do projeto"}]},{"@type":"WebSite","@id":"https:\/\/deputadotaveirajr.com.br\/#website","url":"https:\/\/deputadotaveirajr.com.br\/","name":"Taveira Jr","description":"Deputado Estadual","publisher":{"@id":"https:\/\/deputadotaveirajr.com.br\/#organization"},"potentialAction":[{"@type":"SearchAction","target":{"@type":"EntryPoint","urlTemplate":"https:\/\/deputadotaveirajr.com.br\/?s={search_term_string}"},"query-input":{"@type":"PropertyValueSpecification","valueRequired":true,"valueName":"search_term_string"}}],"inLanguage":"pt-BR"},{"@type":"Organization","@id":"https:\/\/deputadotaveirajr.com.br\/#organization","name":"Taveira Jr","url":"https:\/\/deputadotaveirajr.com.br\/","logo":{"@type":"ImageObject","inLanguage":"pt-BR","@id":"https:\/\/deputadotaveirajr.com.br\/#\/schema\/logo\/image\/","url":"https:\/\/deputadotaveirajr.com.br\/wp-content\/uploads\/2026\/01\/logolow2a.png","contentUrl":"https:\/\/deputadotaveirajr.com.br\/wp-content\/uploads\/2026\/01\/logolow2a.png","width":290,"height":80,"caption":"Taveira Jr"},"image":{"@id":"https:\/\/deputadotaveirajr.com.br\/#\/schema\/logo\/image\/"}}]}},"_links":{"self":[{"href":"https:\/\/deputadotaveirajr.com.br\/index.php\/wp-json\/wp\/v2\/pages\/3592","targetHints":{"allow":["GET"]}}],"collection":[{"href":"https:\/\/deputadotaveirajr.com.br\/index.php\/wp-json\/wp\/v2\/pages"}],"about":[{"href":"https:\/\/deputadotaveirajr.com.br\/index.php\/wp-json\/wp\/v2\/types\/page"}],"replies":[{"embeddable":true,"href":"https:\/\/deputadotaveirajr.com.br\/index.php\/wp-json\/wp\/v2\/comments?post=3592"}],"version-history":[{"count":1,"href":"https:\/\/deputadotaveirajr.com.br\/index.php\/wp-json\/wp\/v2\/pages\/3592\/revisions"}],"predecessor-version":[{"id":3594,"href":"https:\/\/deputadotaveirajr.com.br\/index.php\/wp-json\/wp\/v2\/pages\/3592\/revisions\/3594"}],"wp:attachment":[{"href":"https:\/\/deputadotaveirajr.com.br\/index.php\/wp-json\/wp\/v2\/media?parent=3592"}],"curies":[{"name":"wp","href":"https:\/\/api.w.org\/{rel}","templated":true}]}}