{"id":3613,"date":"2024-03-19T21:15:24","date_gmt":"2024-03-20T00:15:24","guid":{"rendered":"https:\/\/deputadotaveirajr.com.br\/?page_id=3613"},"modified":"2024-03-19T21:15:24","modified_gmt":"2024-03-20T00:15:24","slug":"nattan-xand-aviao-bell-marques-leo-santana-e-padre-fabio-de-melo-assu-divulga-programacao-oficial-do-sao-joao-2024","status":"publish","type":"page","link":"https:\/\/deputadotaveirajr.com.br\/index.php\/nattan-xand-aviao-bell-marques-leo-santana-e-padre-fabio-de-melo-assu-divulga-programacao-oficial-do-sao-joao-2024\/","title":{"rendered":"Nattan, Xand Avi\u00e3o, Bell Marques, L\u00e9o Santana e Padre F\u00e1bio de Melo: Ass\u00fa divulga programa\u00e7\u00e3o oficial do S\u00e3o Jo\u00e3o 2024"},"content":{"rendered":"<p>     Wesley Safad\u00e3o, Luan Santana, Leonardo, Z\u00e9 Vaqueiro, Matheus e Kauan e Calcinha Preta tamb\u00e9m est\u00e3o entre atra\u00e7\u00f5es da festa que ser\u00e1 realizada de 14 a 24 de junho. A prefeitura de Ass\u00fa apresentou na segunda-feira (18) a programa\u00e7\u00e3o oficial do S\u00e3o Jo\u00e3o 2024. Xand Avi\u00e3o, Wesley Safad\u00e3o, Nattan, Luan Santana, Leonardo, Bell Marques, L\u00e9o Santana e Padre F\u00e1bio de Melo est\u00e3o entre as principais atra\u00e7\u00f5es anunciadas.<br \/>\nNattan se apresentar\u00e1 no S\u00e3o Jo\u00e3o de Ass\u00fa<br \/>\nJoilson C\u00e9sar\/ Ag. Picnews<br \/>\nO &#8220;S\u00e3o Jo\u00e3o Mais Antigo do Mundo&#8221;, que completa 298 anos de hist\u00f3ria, ser\u00e1 realizado entre os dias 14 e 24 de junho, na pra\u00e7a S\u00e3o Jo\u00e3o Batista.<br \/>\nAl\u00e9m das atra\u00e7\u00f5es nacionais, 25 bandas locais tamb\u00e9m v\u00e3o se apresentar no palco principal. O show do Padre F\u00e1bio de Melo est\u00e1 confirmado para o dia 24 de junho, dia de S\u00e3o Jo\u00e3o. A novidade da programa\u00e7\u00e3o deste \u00e9 o show de humor de Mu\u00e7\u00e3o, marcado para 17 de junho.<br \/>\nAss\u00fa, que fica a 213 km de Natal, tamb\u00e9m receber\u00e1 a apresenta\u00e7\u00e3o do Auto de S\u00e3o Jo\u00e3o Batista, espet\u00e1culo teatral que narra a hist\u00f3ria do padroeiro da cidade com apresenta\u00e7\u00f5es gratuitas nos dias 6, 7 e 8 de junho.<br \/>\nVeja a programa\u00e7\u00e3o:<br \/>\n14 de junho &#8211; Xand Avi\u00e3o e Taty Girl<br \/>\n15 de junho &#8211; Z\u00e9 Vaqueiro, Jorge de Altinho e Circuito Musical<br \/>\n16 de junho &#8211; L\u00e9o Santana (Rebuli\u00e7o), Nuzio Medeiros, Thullio Milion\u00e1rio e Toca do Vale<br \/>\n17 de junho &#8211; Mu\u00e7\u00e3o (Show Humor\u00edstico)<br \/>\n18 de junho &#8211; Calcinha Preta, Wesley Safad\u00e3o e Nattan<br \/>\n19 de junho &#8211; Bell Marques, Matheus e Kauan e Luan Estilizado<br \/>\n20 de junho &#8211; Luan Santana, Felipe Amorim e Ra\u00ed Saia Rodada<br \/>\n21 de junho &#8211; Samyra Show e Bonde do Brasil<br \/>\n22 de junho &#8211; Z\u00e9 Cantor e Arnaldinho<br \/>\n23 de junho &#8211; Amanda e Ruama e Raynel Guedes<br \/>\n24 de junho &#8211; Padre F\u00e1bio de Melo, Leonardo e M\u00e1rcia Felipe<\/p>","protected":false},"excerpt":{"rendered":"<p>Wesley Safad\u00e3o, Luan Santana, Leonardo, Z\u00e9 Vaqueiro, Matheus e Kauan e Calcinha Preta tamb\u00e9m est\u00e3o entre atra\u00e7\u00f5es da festa que ser\u00e1 realizada de 14 a 24 de junho. A prefeitura &#8230;<\/p>\n","protected":false},"author":0,"featured_media":0,"parent":0,"menu_order":0,"comment_status":"closed","ping_status":"closed","template":"","meta":{"footnotes":""},"class_list":["post-3613","page","type-page","status-publish","hentry"],"yoast_head":"<!-- This site is optimized with the Yoast SEO plugin v27.1.1 - https:\/\/yoast.com\/product\/yoast-seo-wordpress\/ -->\n<title>Nattan, Xand Avi\u00e3o, Bell Marques, L\u00e9o Santana e Padre F\u00e1bio de Melo: Ass\u00fa divulga programa\u00e7\u00e3o oficial do S\u00e3o Jo\u00e3o 2024 - Taveira Jr<\/title>\n<meta name=\"robots\" content=\"index, follow, max-snippet:-1, max-image-preview:large, max-video-preview:-1\" \/>\n<link rel=\"canonical\" href=\"https:\/\/deputadotaveirajr.com.br\/index.php\/nattan-xand-aviao-bell-marques-leo-santana-e-padre-fabio-de-melo-assu-divulga-programacao-oficial-do-sao-joao-2024\/\" \/>\n<meta property=\"og:locale\" content=\"pt_BR\" \/>\n<meta property=\"og:type\" content=\"article\" \/>\n<meta property=\"og:title\" content=\"Nattan, Xand Avi\u00e3o, Bell Marques, L\u00e9o Santana e Padre F\u00e1bio de Melo: Ass\u00fa divulga programa\u00e7\u00e3o oficial do S\u00e3o Jo\u00e3o 2024 - Taveira Jr\" \/>\n<meta property=\"og:description\" content=\"Wesley Safad\u00e3o, Luan Santana, Leonardo, Z\u00e9 Vaqueiro, Matheus e Kauan e Calcinha Preta tamb\u00e9m est\u00e3o entre atra\u00e7\u00f5es da festa que ser\u00e1 realizada de 14 a 24 de junho. A prefeitura ...\" \/>\n<meta property=\"og:url\" content=\"https:\/\/deputadotaveirajr.com.br\/index.php\/nattan-xand-aviao-bell-marques-leo-santana-e-padre-fabio-de-melo-assu-divulga-programacao-oficial-do-sao-joao-2024\/\" \/>\n<meta property=\"og:site_name\" content=\"Taveira Jr\" \/>\n<meta name=\"twitter:card\" content=\"summary_large_image\" \/>\n<meta name=\"twitter:label1\" content=\"Est. tempo de leitura\" \/>\n\t<meta name=\"twitter:data1\" content=\"2 minutos\" \/>\n<script type=\"application\/ld+json\" class=\"yoast-schema-graph\">{\"@context\":\"https:\/\/schema.org\",\"@graph\":[{\"@type\":\"WebPage\",\"@id\":\"https:\/\/deputadotaveirajr.com.br\/index.php\/nattan-xand-aviao-bell-marques-leo-santana-e-padre-fabio-de-melo-assu-divulga-programacao-oficial-do-sao-joao-2024\/\",\"url\":\"https:\/\/deputadotaveirajr.com.br\/index.php\/nattan-xand-aviao-bell-marques-leo-santana-e-padre-fabio-de-melo-assu-divulga-programacao-oficial-do-sao-joao-2024\/\",\"name\":\"Nattan, Xand Avi\u00e3o, Bell Marques, L\u00e9o Santana e Padre F\u00e1bio de Melo: Ass\u00fa divulga programa\u00e7\u00e3o oficial do S\u00e3o Jo\u00e3o 2024 - Taveira Jr\",\"isPartOf\":{\"@id\":\"https:\/\/deputadotaveirajr.com.br\/#website\"},\"datePublished\":\"2024-03-20T00:15:24+00:00\",\"breadcrumb\":{\"@id\":\"https:\/\/deputadotaveirajr.com.br\/index.php\/nattan-xand-aviao-bell-marques-leo-santana-e-padre-fabio-de-melo-assu-divulga-programacao-oficial-do-sao-joao-2024\/#breadcrumb\"},\"inLanguage\":\"pt-BR\",\"potentialAction\":[{\"@type\":\"ReadAction\",\"target\":[\"https:\/\/deputadotaveirajr.com.br\/index.php\/nattan-xand-aviao-bell-marques-leo-santana-e-padre-fabio-de-melo-assu-divulga-programacao-oficial-do-sao-joao-2024\/\"]}]},{\"@type\":\"BreadcrumbList\",\"@id\":\"https:\/\/deputadotaveirajr.com.br\/index.php\/nattan-xand-aviao-bell-marques-leo-santana-e-padre-fabio-de-melo-assu-divulga-programacao-oficial-do-sao-joao-2024\/#breadcrumb\",\"itemListElement\":[{\"@type\":\"ListItem\",\"position\":1,\"name\":\"In\u00edcio\",\"item\":\"https:\/\/deputadotaveirajr.com.br\/\"},{\"@type\":\"ListItem\",\"position\":2,\"name\":\"Nattan, Xand Avi\u00e3o, Bell Marques, L\u00e9o Santana e Padre F\u00e1bio de Melo: Ass\u00fa divulga programa\u00e7\u00e3o oficial do S\u00e3o Jo\u00e3o 2024\"}]},{\"@type\":\"WebSite\",\"@id\":\"https:\/\/deputadotaveirajr.com.br\/#website\",\"url\":\"https:\/\/deputadotaveirajr.com.br\/\",\"name\":\"Taveira Jr\",\"description\":\"Deputado Estadual\",\"publisher\":{\"@id\":\"https:\/\/deputadotaveirajr.com.br\/#organization\"},\"potentialAction\":[{\"@type\":\"SearchAction\",\"target\":{\"@type\":\"EntryPoint\",\"urlTemplate\":\"https:\/\/deputadotaveirajr.com.br\/?s={search_term_string}\"},\"query-input\":{\"@type\":\"PropertyValueSpecification\",\"valueRequired\":true,\"valueName\":\"search_term_string\"}}],\"inLanguage\":\"pt-BR\"},{\"@type\":\"Organization\",\"@id\":\"https:\/\/deputadotaveirajr.com.br\/#organization\",\"name\":\"Taveira Jr\",\"url\":\"https:\/\/deputadotaveirajr.com.br\/\",\"logo\":{\"@type\":\"ImageObject\",\"inLanguage\":\"pt-BR\",\"@id\":\"https:\/\/deputadotaveirajr.com.br\/#\/schema\/logo\/image\/\",\"url\":\"https:\/\/deputadotaveirajr.com.br\/wp-content\/uploads\/2026\/01\/logolow2a.png\",\"contentUrl\":\"https:\/\/deputadotaveirajr.com.br\/wp-content\/uploads\/2026\/01\/logolow2a.png\",\"width\":290,\"height\":80,\"caption\":\"Taveira Jr\"},\"image\":{\"@id\":\"https:\/\/deputadotaveirajr.com.br\/#\/schema\/logo\/image\/\"}}]}<\/script>\n<!-- \/ Yoast SEO plugin. -->","yoast_head_json":{"title":"Nattan, Xand Avi\u00e3o, Bell Marques, L\u00e9o Santana e Padre F\u00e1bio de Melo: Ass\u00fa divulga programa\u00e7\u00e3o oficial do S\u00e3o Jo\u00e3o 2024 - Taveira Jr","robots":{"index":"index","follow":"follow","max-snippet":"max-snippet:-1","max-image-preview":"max-image-preview:large","max-video-preview":"max-video-preview:-1"},"canonical":"https:\/\/deputadotaveirajr.com.br\/index.php\/nattan-xand-aviao-bell-marques-leo-santana-e-padre-fabio-de-melo-assu-divulga-programacao-oficial-do-sao-joao-2024\/","og_locale":"pt_BR","og_type":"article","og_title":"Nattan, Xand Avi\u00e3o, Bell Marques, L\u00e9o Santana e Padre F\u00e1bio de Melo: Ass\u00fa divulga programa\u00e7\u00e3o oficial do S\u00e3o Jo\u00e3o 2024 - Taveira Jr","og_description":"Wesley Safad\u00e3o, Luan Santana, Leonardo, Z\u00e9 Vaqueiro, Matheus e Kauan e Calcinha Preta tamb\u00e9m est\u00e3o entre atra\u00e7\u00f5es da festa que ser\u00e1 realizada de 14 a 24 de junho. A prefeitura ...","og_url":"https:\/\/deputadotaveirajr.com.br\/index.php\/nattan-xand-aviao-bell-marques-leo-santana-e-padre-fabio-de-melo-assu-divulga-programacao-oficial-do-sao-joao-2024\/","og_site_name":"Taveira Jr","twitter_card":"summary_large_image","twitter_misc":{"Est. tempo de leitura":"2 minutos"},"schema":{"@context":"https:\/\/schema.org","@graph":[{"@type":"WebPage","@id":"https:\/\/deputadotaveirajr.com.br\/index.php\/nattan-xand-aviao-bell-marques-leo-santana-e-padre-fabio-de-melo-assu-divulga-programacao-oficial-do-sao-joao-2024\/","url":"https:\/\/deputadotaveirajr.com.br\/index.php\/nattan-xand-aviao-bell-marques-leo-santana-e-padre-fabio-de-melo-assu-divulga-programacao-oficial-do-sao-joao-2024\/","name":"Nattan, Xand Avi\u00e3o, Bell Marques, L\u00e9o Santana e Padre F\u00e1bio de Melo: Ass\u00fa divulga programa\u00e7\u00e3o oficial do S\u00e3o Jo\u00e3o 2024 - Taveira Jr","isPartOf":{"@id":"https:\/\/deputadotaveirajr.com.br\/#website"},"datePublished":"2024-03-20T00:15:24+00:00","breadcrumb":{"@id":"https:\/\/deputadotaveirajr.com.br\/index.php\/nattan-xand-aviao-bell-marques-leo-santana-e-padre-fabio-de-melo-assu-divulga-programacao-oficial-do-sao-joao-2024\/#breadcrumb"},"inLanguage":"pt-BR","potentialAction":[{"@type":"ReadAction","target":["https:\/\/deputadotaveirajr.com.br\/index.php\/nattan-xand-aviao-bell-marques-leo-santana-e-padre-fabio-de-melo-assu-divulga-programacao-oficial-do-sao-joao-2024\/"]}]},{"@type":"BreadcrumbList","@id":"https:\/\/deputadotaveirajr.com.br\/index.php\/nattan-xand-aviao-bell-marques-leo-santana-e-padre-fabio-de-melo-assu-divulga-programacao-oficial-do-sao-joao-2024\/#breadcrumb","itemListElement":[{"@type":"ListItem","position":1,"name":"In\u00edcio","item":"https:\/\/deputadotaveirajr.com.br\/"},{"@type":"ListItem","position":2,"name":"Nattan, Xand Avi\u00e3o, Bell Marques, L\u00e9o Santana e Padre F\u00e1bio de Melo: Ass\u00fa divulga programa\u00e7\u00e3o oficial do S\u00e3o Jo\u00e3o 2024"}]},{"@type":"WebSite","@id":"https:\/\/deputadotaveirajr.com.br\/#website","url":"https:\/\/deputadotaveirajr.com.br\/","name":"Taveira Jr","description":"Deputado Estadual","publisher":{"@id":"https:\/\/deputadotaveirajr.com.br\/#organization"},"potentialAction":[{"@type":"SearchAction","target":{"@type":"EntryPoint","urlTemplate":"https:\/\/deputadotaveirajr.com.br\/?s={search_term_string}"},"query-input":{"@type":"PropertyValueSpecification","valueRequired":true,"valueName":"search_term_string"}}],"inLanguage":"pt-BR"},{"@type":"Organization","@id":"https:\/\/deputadotaveirajr.com.br\/#organization","name":"Taveira Jr","url":"https:\/\/deputadotaveirajr.com.br\/","logo":{"@type":"ImageObject","inLanguage":"pt-BR","@id":"https:\/\/deputadotaveirajr.com.br\/#\/schema\/logo\/image\/","url":"https:\/\/deputadotaveirajr.com.br\/wp-content\/uploads\/2026\/01\/logolow2a.png","contentUrl":"https:\/\/deputadotaveirajr.com.br\/wp-content\/uploads\/2026\/01\/logolow2a.png","width":290,"height":80,"caption":"Taveira Jr"},"image":{"@id":"https:\/\/deputadotaveirajr.com.br\/#\/schema\/logo\/image\/"}}]}},"_links":{"self":[{"href":"https:\/\/deputadotaveirajr.com.br\/index.php\/wp-json\/wp\/v2\/pages\/3613","targetHints":{"allow":["GET"]}}],"collection":[{"href":"https:\/\/deputadotaveirajr.com.br\/index.php\/wp-json\/wp\/v2\/pages"}],"about":[{"href":"https:\/\/deputadotaveirajr.com.br\/index.php\/wp-json\/wp\/v2\/types\/page"}],"replies":[{"embeddable":true,"href":"https:\/\/deputadotaveirajr.com.br\/index.php\/wp-json\/wp\/v2\/comments?post=3613"}],"version-history":[{"count":1,"href":"https:\/\/deputadotaveirajr.com.br\/index.php\/wp-json\/wp\/v2\/pages\/3613\/revisions"}],"predecessor-version":[{"id":3616,"href":"https:\/\/deputadotaveirajr.com.br\/index.php\/wp-json\/wp\/v2\/pages\/3613\/revisions\/3616"}],"wp:attachment":[{"href":"https:\/\/deputadotaveirajr.com.br\/index.php\/wp-json\/wp\/v2\/media?parent=3613"}],"curies":[{"name":"wp","href":"https:\/\/api.w.org\/{rel}","templated":true}]}}