{"id":3665,"date":"2024-03-21T20:05:46","date_gmt":"2024-03-21T23:05:46","guid":{"rendered":"https:\/\/deputadotaveirajr.com.br\/?page_id=3665"},"modified":"2024-03-21T20:05:46","modified_gmt":"2024-03-21T23:05:46","slug":"homem-morre-apos-sofrer-choque-eletrico-com-cortador-de-grama-em-mossoro","status":"publish","type":"page","link":"https:\/\/deputadotaveirajr.com.br\/index.php\/homem-morre-apos-sofrer-choque-eletrico-com-cortador-de-grama-em-mossoro\/","title":{"rendered":"Homem morre ap\u00f3s sofrer choque el\u00e9trico com cortador de grama em Mossor\u00f3"},"content":{"rendered":"<p>     Itep disse que vest\u00edgios apontam que choque ocorreu ap\u00f3s ele mexer na tomada. Caso aconteceu na casa da v\u00edtima, Francisco Francimar de Morais, que tinha 58 anos de idade.  Homem morreu ap\u00f3s choque el\u00e9trico em Mossor\u00f3<br \/>\nDivulga\u00e7\u00e3o<br \/>\nUm homem morreu na manh\u00e3 desta quinta-feira (21), em Mossor\u00f3 (RN), ap\u00f3s sofrer um choque el\u00e9trico em casa enquanto utilizava um cortador de grama.<br \/>\nFrancisco Francimar de Morais, de 58 anos, estava descal\u00e7o no momento em que foi eletrocutado. O acidente aconteceu no bairro Aboli\u00e7\u00e3o 3, por volta das 9h.<br \/>\nLogo ap\u00f3s tomar o choque, a esposa de Francisco gritou por ajuda. Os vizinhos tentaram auxiliar e o Servi\u00e7o de Atendimento M\u00f3vel de Urg\u00eancia (Samu) foi acionado, mas o homem j\u00e1 havia morrido.<br \/>\n\ud83d\udcf3Participe do canal do g1 RN no WhatsApp e receba no seu celular as not\u00edcias do estado<br \/>\nDe acordo com os peritos do Instituto T\u00e9cnico-Cient\u00edfico de Per\u00edcia (Itep), os vest\u00edgios apontam que o homem morreu ap\u00f3s sofrer um choque el\u00e9trico no manuseio entre a tomada do cortador de grama e uma extens\u00e3o.<br \/>\nHomem morre eletrocutado em Mossoro\u0301<br \/>\n&#8220;Ele estava manuseando um equipamento de cortar grama e, ao tentar fazer uma troca de tomada, ou alguma coisa assim [aconteceu o acidente], contou o perito do Itep Cl\u00e9cio Soares.<br \/>\n&#8220;Essa tomada, aparentemente, pelo estado que encontrei, ela j\u00e1 estava quebrada ou talvez quebrou na m\u00e3o dele. E a\u00ed ele estava descal\u00e7o, fez um terra e a\u00ed infelizmente sofreu essa eletrocuss\u00e3o&#8221;, completou.<br \/>\nO caso ser\u00e1 investigado pela Pol\u00edcia Civil de Mossor\u00f3.<br \/>\nFrancisco Francimar tinha 58 anos de idade<br \/>\nArquivo pessoal<br \/>\nVizinhos lamentam: &#8216;N\u00e3o conseguimos ajud\u00e1-lo&#8217;<br \/>\nOs vizinhos lamentaram n\u00e3o ter conseguido ajudar o Francisco no momento em que ouviram os gritos da esposa.<br \/>\n&#8220;Infelizmente j\u00e1 estava em \u00f3bito. No momento que a gente precisava, ele estava sempre presente. No momento que ele precisou, infelizmente a gente n\u00e3o pode ajud\u00e1-lo&#8221;, lamentou a engenheira Georgiana Cruz.<br \/>\nItep analisou local do acidente<br \/>\nDivulga\u00e7\u00e3o<br \/>\nA aposentada Francisca Cruz lembrou que o vizinho havia parado de trabalhar recentemente para cuidar da sa\u00fade da esposa.<br \/>\n&#8220;Era um homem trabalho, que no momento ele tava desempregado, porque a esposa se encontra com problemas de sa\u00fade e ele estava exclusivamente para cuidar dela&#8221;, lembrou.<br \/>\n&#8220;Um grande homem, um grande filho, esposo e pai, e vizinho tamb\u00e9m. \u00c9 lament\u00e1vel a gente ver Francimar morrer dessa forma. Mas s\u00e3o as fatalidades da vida&#8221;, completou.<br \/>\nV\u00eddeos mais assistidos do g1 RN<\/p>","protected":false},"excerpt":{"rendered":"<p>Itep disse que vest\u00edgios apontam que choque ocorreu ap\u00f3s ele mexer na tomada. Caso aconteceu na casa da v\u00edtima, Francisco Francimar de Morais, que tinha 58 anos de idade. Homem &#8230;<\/p>\n","protected":false},"author":0,"featured_media":0,"parent":0,"menu_order":0,"comment_status":"closed","ping_status":"closed","template":"","meta":{"footnotes":""},"class_list":["post-3665","page","type-page","status-publish","hentry"],"yoast_head":"<!-- This site is optimized with the Yoast SEO plugin v27.1.1 - https:\/\/yoast.com\/product\/yoast-seo-wordpress\/ -->\n<title>Homem morre ap\u00f3s sofrer choque el\u00e9trico com cortador de grama em Mossor\u00f3 - Taveira Jr<\/title>\n<meta name=\"robots\" content=\"index, follow, max-snippet:-1, max-image-preview:large, max-video-preview:-1\" \/>\n<link rel=\"canonical\" href=\"https:\/\/deputadotaveirajr.com.br\/index.php\/homem-morre-apos-sofrer-choque-eletrico-com-cortador-de-grama-em-mossoro\/\" \/>\n<meta property=\"og:locale\" content=\"pt_BR\" \/>\n<meta property=\"og:type\" content=\"article\" \/>\n<meta property=\"og:title\" content=\"Homem morre ap\u00f3s sofrer choque el\u00e9trico com cortador de grama em Mossor\u00f3 - Taveira Jr\" \/>\n<meta property=\"og:description\" content=\"Itep disse que vest\u00edgios apontam que choque ocorreu ap\u00f3s ele mexer na tomada. Caso aconteceu na casa da v\u00edtima, Francisco Francimar de Morais, que tinha 58 anos de idade. Homem ...\" \/>\n<meta property=\"og:url\" content=\"https:\/\/deputadotaveirajr.com.br\/index.php\/homem-morre-apos-sofrer-choque-eletrico-com-cortador-de-grama-em-mossoro\/\" \/>\n<meta property=\"og:site_name\" content=\"Taveira Jr\" \/>\n<meta name=\"twitter:card\" content=\"summary_large_image\" \/>\n<meta name=\"twitter:label1\" content=\"Est. tempo de leitura\" \/>\n\t<meta name=\"twitter:data1\" content=\"2 minutos\" \/>\n<script type=\"application\/ld+json\" class=\"yoast-schema-graph\">{\"@context\":\"https:\/\/schema.org\",\"@graph\":[{\"@type\":\"WebPage\",\"@id\":\"https:\/\/deputadotaveirajr.com.br\/index.php\/homem-morre-apos-sofrer-choque-eletrico-com-cortador-de-grama-em-mossoro\/\",\"url\":\"https:\/\/deputadotaveirajr.com.br\/index.php\/homem-morre-apos-sofrer-choque-eletrico-com-cortador-de-grama-em-mossoro\/\",\"name\":\"Homem morre ap\u00f3s sofrer choque el\u00e9trico com cortador de grama em Mossor\u00f3 - Taveira Jr\",\"isPartOf\":{\"@id\":\"https:\/\/deputadotaveirajr.com.br\/#website\"},\"datePublished\":\"2024-03-21T23:05:46+00:00\",\"breadcrumb\":{\"@id\":\"https:\/\/deputadotaveirajr.com.br\/index.php\/homem-morre-apos-sofrer-choque-eletrico-com-cortador-de-grama-em-mossoro\/#breadcrumb\"},\"inLanguage\":\"pt-BR\",\"potentialAction\":[{\"@type\":\"ReadAction\",\"target\":[\"https:\/\/deputadotaveirajr.com.br\/index.php\/homem-morre-apos-sofrer-choque-eletrico-com-cortador-de-grama-em-mossoro\/\"]}]},{\"@type\":\"BreadcrumbList\",\"@id\":\"https:\/\/deputadotaveirajr.com.br\/index.php\/homem-morre-apos-sofrer-choque-eletrico-com-cortador-de-grama-em-mossoro\/#breadcrumb\",\"itemListElement\":[{\"@type\":\"ListItem\",\"position\":1,\"name\":\"In\u00edcio\",\"item\":\"https:\/\/deputadotaveirajr.com.br\/\"},{\"@type\":\"ListItem\",\"position\":2,\"name\":\"Homem morre ap\u00f3s sofrer choque el\u00e9trico com cortador de grama em Mossor\u00f3\"}]},{\"@type\":\"WebSite\",\"@id\":\"https:\/\/deputadotaveirajr.com.br\/#website\",\"url\":\"https:\/\/deputadotaveirajr.com.br\/\",\"name\":\"Taveira Jr\",\"description\":\"Deputado Estadual\",\"publisher\":{\"@id\":\"https:\/\/deputadotaveirajr.com.br\/#organization\"},\"potentialAction\":[{\"@type\":\"SearchAction\",\"target\":{\"@type\":\"EntryPoint\",\"urlTemplate\":\"https:\/\/deputadotaveirajr.com.br\/?s={search_term_string}\"},\"query-input\":{\"@type\":\"PropertyValueSpecification\",\"valueRequired\":true,\"valueName\":\"search_term_string\"}}],\"inLanguage\":\"pt-BR\"},{\"@type\":\"Organization\",\"@id\":\"https:\/\/deputadotaveirajr.com.br\/#organization\",\"name\":\"Taveira Jr\",\"url\":\"https:\/\/deputadotaveirajr.com.br\/\",\"logo\":{\"@type\":\"ImageObject\",\"inLanguage\":\"pt-BR\",\"@id\":\"https:\/\/deputadotaveirajr.com.br\/#\/schema\/logo\/image\/\",\"url\":\"https:\/\/deputadotaveirajr.com.br\/wp-content\/uploads\/2026\/01\/logolow2a.png\",\"contentUrl\":\"https:\/\/deputadotaveirajr.com.br\/wp-content\/uploads\/2026\/01\/logolow2a.png\",\"width\":290,\"height\":80,\"caption\":\"Taveira Jr\"},\"image\":{\"@id\":\"https:\/\/deputadotaveirajr.com.br\/#\/schema\/logo\/image\/\"}}]}<\/script>\n<!-- \/ Yoast SEO plugin. -->","yoast_head_json":{"title":"Homem morre ap\u00f3s sofrer choque el\u00e9trico com cortador de grama em Mossor\u00f3 - Taveira Jr","robots":{"index":"index","follow":"follow","max-snippet":"max-snippet:-1","max-image-preview":"max-image-preview:large","max-video-preview":"max-video-preview:-1"},"canonical":"https:\/\/deputadotaveirajr.com.br\/index.php\/homem-morre-apos-sofrer-choque-eletrico-com-cortador-de-grama-em-mossoro\/","og_locale":"pt_BR","og_type":"article","og_title":"Homem morre ap\u00f3s sofrer choque el\u00e9trico com cortador de grama em Mossor\u00f3 - Taveira Jr","og_description":"Itep disse que vest\u00edgios apontam que choque ocorreu ap\u00f3s ele mexer na tomada. Caso aconteceu na casa da v\u00edtima, Francisco Francimar de Morais, que tinha 58 anos de idade. Homem ...","og_url":"https:\/\/deputadotaveirajr.com.br\/index.php\/homem-morre-apos-sofrer-choque-eletrico-com-cortador-de-grama-em-mossoro\/","og_site_name":"Taveira Jr","twitter_card":"summary_large_image","twitter_misc":{"Est. tempo de leitura":"2 minutos"},"schema":{"@context":"https:\/\/schema.org","@graph":[{"@type":"WebPage","@id":"https:\/\/deputadotaveirajr.com.br\/index.php\/homem-morre-apos-sofrer-choque-eletrico-com-cortador-de-grama-em-mossoro\/","url":"https:\/\/deputadotaveirajr.com.br\/index.php\/homem-morre-apos-sofrer-choque-eletrico-com-cortador-de-grama-em-mossoro\/","name":"Homem morre ap\u00f3s sofrer choque el\u00e9trico com cortador de grama em Mossor\u00f3 - Taveira Jr","isPartOf":{"@id":"https:\/\/deputadotaveirajr.com.br\/#website"},"datePublished":"2024-03-21T23:05:46+00:00","breadcrumb":{"@id":"https:\/\/deputadotaveirajr.com.br\/index.php\/homem-morre-apos-sofrer-choque-eletrico-com-cortador-de-grama-em-mossoro\/#breadcrumb"},"inLanguage":"pt-BR","potentialAction":[{"@type":"ReadAction","target":["https:\/\/deputadotaveirajr.com.br\/index.php\/homem-morre-apos-sofrer-choque-eletrico-com-cortador-de-grama-em-mossoro\/"]}]},{"@type":"BreadcrumbList","@id":"https:\/\/deputadotaveirajr.com.br\/index.php\/homem-morre-apos-sofrer-choque-eletrico-com-cortador-de-grama-em-mossoro\/#breadcrumb","itemListElement":[{"@type":"ListItem","position":1,"name":"In\u00edcio","item":"https:\/\/deputadotaveirajr.com.br\/"},{"@type":"ListItem","position":2,"name":"Homem morre ap\u00f3s sofrer choque el\u00e9trico com cortador de grama em Mossor\u00f3"}]},{"@type":"WebSite","@id":"https:\/\/deputadotaveirajr.com.br\/#website","url":"https:\/\/deputadotaveirajr.com.br\/","name":"Taveira Jr","description":"Deputado Estadual","publisher":{"@id":"https:\/\/deputadotaveirajr.com.br\/#organization"},"potentialAction":[{"@type":"SearchAction","target":{"@type":"EntryPoint","urlTemplate":"https:\/\/deputadotaveirajr.com.br\/?s={search_term_string}"},"query-input":{"@type":"PropertyValueSpecification","valueRequired":true,"valueName":"search_term_string"}}],"inLanguage":"pt-BR"},{"@type":"Organization","@id":"https:\/\/deputadotaveirajr.com.br\/#organization","name":"Taveira Jr","url":"https:\/\/deputadotaveirajr.com.br\/","logo":{"@type":"ImageObject","inLanguage":"pt-BR","@id":"https:\/\/deputadotaveirajr.com.br\/#\/schema\/logo\/image\/","url":"https:\/\/deputadotaveirajr.com.br\/wp-content\/uploads\/2026\/01\/logolow2a.png","contentUrl":"https:\/\/deputadotaveirajr.com.br\/wp-content\/uploads\/2026\/01\/logolow2a.png","width":290,"height":80,"caption":"Taveira Jr"},"image":{"@id":"https:\/\/deputadotaveirajr.com.br\/#\/schema\/logo\/image\/"}}]}},"_links":{"self":[{"href":"https:\/\/deputadotaveirajr.com.br\/index.php\/wp-json\/wp\/v2\/pages\/3665","targetHints":{"allow":["GET"]}}],"collection":[{"href":"https:\/\/deputadotaveirajr.com.br\/index.php\/wp-json\/wp\/v2\/pages"}],"about":[{"href":"https:\/\/deputadotaveirajr.com.br\/index.php\/wp-json\/wp\/v2\/types\/page"}],"replies":[{"embeddable":true,"href":"https:\/\/deputadotaveirajr.com.br\/index.php\/wp-json\/wp\/v2\/comments?post=3665"}],"version-history":[{"count":1,"href":"https:\/\/deputadotaveirajr.com.br\/index.php\/wp-json\/wp\/v2\/pages\/3665\/revisions"}],"predecessor-version":[{"id":3671,"href":"https:\/\/deputadotaveirajr.com.br\/index.php\/wp-json\/wp\/v2\/pages\/3665\/revisions\/3671"}],"wp:attachment":[{"href":"https:\/\/deputadotaveirajr.com.br\/index.php\/wp-json\/wp\/v2\/media?parent=3665"}],"curies":[{"name":"wp","href":"https:\/\/api.w.org\/{rel}","templated":true}]}}