{"id":3749,"date":"2024-03-23T13:19:39","date_gmt":"2024-03-23T16:19:39","guid":{"rendered":"https:\/\/deputadotaveirajr.com.br\/?page_id=3749"},"modified":"2024-03-23T13:19:39","modified_gmt":"2024-03-23T16:19:39","slug":"feriado-de-pascoa-muda-funcionamento-do-comercio-em-natal-veja-o-que-abre-e-fecha","status":"publish","type":"page","link":"https:\/\/deputadotaveirajr.com.br\/index.php\/feriado-de-pascoa-muda-funcionamento-do-comercio-em-natal-veja-o-que-abre-e-fecha\/","title":{"rendered":"Feriado de P\u00e1scoa muda funcionamento do com\u00e9rcio em Natal; veja o que abre e fecha"},"content":{"rendered":"<p>     Com\u00e9rcio de rua fecha e shoppings abrem em hor\u00e1rio especial na pr\u00f3xima sexta-feira (29), na capital potiguar.  Com\u00e9rcio do Alecrim, Natal, RN<br \/>\nPedro Vitorino\/Cedida<br \/>\nO feriado de P\u00e1scoa, celebrado na pr\u00f3xima sexta-feira (29) em todo o Brasil, vai causar mudan\u00e7as no funcionamento do com\u00e9rcio de Natal, segundo anunciou a C\u00e2mara de Dirigentes Lojistas da capital potiguar.<br \/>\nO com\u00e9rcio de rua e os bancos da capital estar\u00e3o fechados no feriado. J\u00e1 os shoppings da cidade funcionam em hor\u00e1rio especial. No s\u00e1bado (30), o com\u00e9rcio volta a funcionar normalmente, de acordo com a entidade.<br \/>\nSemana Santa: Veja programa\u00e7\u00e3o das missas em Natal e no interior do RN<br \/>\nOs servi\u00e7os p\u00fablicos do estado do Rio Grande do Norte ser\u00e3o afetados ainda na quinta-feira (28), em raz\u00e3o do ponto facultativo decretado pelo governo do estado. Apenar atividades consideradas essenciais ser\u00e3o mantidas na data.<br \/>\nNa Justi\u00e7a do estado, o feriado forense come\u00e7ar\u00e1 ainda na quarta-feira (27) e seguir\u00e1 at\u00e9 a sexta-feira (29).<br \/>\nCom\u00e9rcio de Rua<br \/>\nAlecrim: Lojas fechadas.<br \/>\nCentro da Cidade: Lojas fechadas<br \/>\nZona Norte: Lojas fechadas.<br \/>\nShoppings<br \/>\nShopping Midway Mall<br \/>\nHor\u00e1rio de domingo (11h \u00e0s 21h)<br \/>\nNatal Shopping<br \/>\nAlimenta\u00e7\u00e3o e Lazer: 11h \u00e0s 22h | Quiosques Alimenta\u00e7\u00e3o: 13h \u00e0s 21h<br \/>\nLojas e Quiosques: 15h \u00e0s 21h | Lojas Mega e \u00c2ncoras: 12h \u00e0s 21h<br \/>\nAlpendre: 14h \u00e0s 23h<br \/>\nAcademia Bodytech: 8h \u00e0s 18h<br \/>\nPraia Shopping<br \/>\nPra\u00e7a de Alimenta\u00e7\u00e3o das 11h \u00e0s 21h<br \/>\nDemais lojas, das 14h \u00e0s 20h<br \/>\nShopping Cidade Jardim<br \/>\nLojas e Quiosques &#8211; 14h \u00e0s 20h<br \/>\nPra\u00e7a de Alimenta\u00e7\u00e3o funcionar\u00e1 a partir das 11h<br \/>\nShopping Via Direta<br \/>\nLojas e Quiosques &#8211; 14h \u00e0s 20h<br \/>\nPra\u00e7a de Alimenta\u00e7\u00e3o &#8211; 12h \u00e0s 20h<br \/>\nPartage Norte<br \/>\nCarrefour: 7h \u00e0s 21h<br \/>\nPra\u00e7a de Alimenta\u00e7\u00e3o\/Lazer: 11h \u00e0s 22h<br \/>\nLojas\/Quiosques: 15h \u00e0s 21h, sendo facultativo, a partir das 12h<br \/>\nSmart Fit: 8h \u00e0s 14h<br \/>\nCinema: Conforme sess\u00f5es<br \/>\nLot\u00e9rica: Fechado<br \/>\nCidade Verde<br \/>\nLojas e Quiosques &#8211; 15h \u00e0s 20h<br \/>\nPra\u00e7a de Alimenta\u00e7\u00e3o &#8211; 12h \u00e0s 21h<br \/>\nCl\u00ednicas fechadas<br \/>\nShopping 10 &#8211; Totalmente fechado<br \/>\nBancos &#8211; Fechados<br \/>\nVeja os v\u00eddeos mais assistidos no g1 RN<\/p>","protected":false},"excerpt":{"rendered":"<p>Com\u00e9rcio de rua fecha e shoppings abrem em hor\u00e1rio especial na pr\u00f3xima sexta-feira (29), na capital potiguar. Com\u00e9rcio do Alecrim, Natal, RN Pedro Vitorino\/Cedida O feriado de P\u00e1scoa, celebrado na &#8230;<\/p>\n","protected":false},"author":0,"featured_media":0,"parent":0,"menu_order":0,"comment_status":"closed","ping_status":"closed","template":"","meta":{"footnotes":""},"class_list":["post-3749","page","type-page","status-publish","hentry"],"yoast_head":"<!-- This site is optimized with the Yoast SEO plugin v27.1.1 - https:\/\/yoast.com\/product\/yoast-seo-wordpress\/ -->\n<title>Feriado de P\u00e1scoa muda funcionamento do com\u00e9rcio em Natal; veja o que abre e fecha - Taveira Jr<\/title>\n<meta name=\"robots\" content=\"index, follow, max-snippet:-1, max-image-preview:large, max-video-preview:-1\" \/>\n<link rel=\"canonical\" href=\"https:\/\/deputadotaveirajr.com.br\/index.php\/feriado-de-pascoa-muda-funcionamento-do-comercio-em-natal-veja-o-que-abre-e-fecha\/\" \/>\n<meta property=\"og:locale\" content=\"pt_BR\" \/>\n<meta property=\"og:type\" content=\"article\" \/>\n<meta property=\"og:title\" content=\"Feriado de P\u00e1scoa muda funcionamento do com\u00e9rcio em Natal; veja o que abre e fecha - Taveira Jr\" \/>\n<meta property=\"og:description\" content=\"Com\u00e9rcio de rua fecha e shoppings abrem em hor\u00e1rio especial na pr\u00f3xima sexta-feira (29), na capital potiguar. Com\u00e9rcio do Alecrim, Natal, RN Pedro Vitorino\/Cedida O feriado de P\u00e1scoa, celebrado na ...\" \/>\n<meta property=\"og:url\" content=\"https:\/\/deputadotaveirajr.com.br\/index.php\/feriado-de-pascoa-muda-funcionamento-do-comercio-em-natal-veja-o-que-abre-e-fecha\/\" \/>\n<meta property=\"og:site_name\" content=\"Taveira Jr\" \/>\n<meta property=\"og:image\" content=\"https:\/\/deputadotaveirajr.com.br\/wp-content\/uploads\/2024\/03\/whatsapp-image-2020-06-08-at-09.54.01-fwTLn2.jpeg\" \/>\n\t<meta property=\"og:image:width\" content=\"1280\" \/>\n\t<meta property=\"og:image:height\" content=\"853\" \/>\n\t<meta property=\"og:image:type\" content=\"image\/jpeg\" \/>\n<meta name=\"twitter:card\" content=\"summary_large_image\" \/>\n<meta name=\"twitter:label1\" content=\"Est. tempo de leitura\" \/>\n\t<meta name=\"twitter:data1\" content=\"2 minutos\" \/>\n<script type=\"application\/ld+json\" class=\"yoast-schema-graph\">{\"@context\":\"https:\/\/schema.org\",\"@graph\":[{\"@type\":\"WebPage\",\"@id\":\"https:\/\/deputadotaveirajr.com.br\/index.php\/feriado-de-pascoa-muda-funcionamento-do-comercio-em-natal-veja-o-que-abre-e-fecha\/\",\"url\":\"https:\/\/deputadotaveirajr.com.br\/index.php\/feriado-de-pascoa-muda-funcionamento-do-comercio-em-natal-veja-o-que-abre-e-fecha\/\",\"name\":\"Feriado de P\u00e1scoa muda funcionamento do com\u00e9rcio em Natal; veja o que abre e fecha - Taveira Jr\",\"isPartOf\":{\"@id\":\"https:\/\/deputadotaveirajr.com.br\/#website\"},\"datePublished\":\"2024-03-23T16:19:39+00:00\",\"breadcrumb\":{\"@id\":\"https:\/\/deputadotaveirajr.com.br\/index.php\/feriado-de-pascoa-muda-funcionamento-do-comercio-em-natal-veja-o-que-abre-e-fecha\/#breadcrumb\"},\"inLanguage\":\"pt-BR\",\"potentialAction\":[{\"@type\":\"ReadAction\",\"target\":[\"https:\/\/deputadotaveirajr.com.br\/index.php\/feriado-de-pascoa-muda-funcionamento-do-comercio-em-natal-veja-o-que-abre-e-fecha\/\"]}]},{\"@type\":\"BreadcrumbList\",\"@id\":\"https:\/\/deputadotaveirajr.com.br\/index.php\/feriado-de-pascoa-muda-funcionamento-do-comercio-em-natal-veja-o-que-abre-e-fecha\/#breadcrumb\",\"itemListElement\":[{\"@type\":\"ListItem\",\"position\":1,\"name\":\"In\u00edcio\",\"item\":\"https:\/\/deputadotaveirajr.com.br\/\"},{\"@type\":\"ListItem\",\"position\":2,\"name\":\"Feriado de P\u00e1scoa muda funcionamento do com\u00e9rcio em Natal; veja o que abre e fecha\"}]},{\"@type\":\"WebSite\",\"@id\":\"https:\/\/deputadotaveirajr.com.br\/#website\",\"url\":\"https:\/\/deputadotaveirajr.com.br\/\",\"name\":\"Taveira Jr\",\"description\":\"Deputado Estadual\",\"publisher\":{\"@id\":\"https:\/\/deputadotaveirajr.com.br\/#organization\"},\"potentialAction\":[{\"@type\":\"SearchAction\",\"target\":{\"@type\":\"EntryPoint\",\"urlTemplate\":\"https:\/\/deputadotaveirajr.com.br\/?s={search_term_string}\"},\"query-input\":{\"@type\":\"PropertyValueSpecification\",\"valueRequired\":true,\"valueName\":\"search_term_string\"}}],\"inLanguage\":\"pt-BR\"},{\"@type\":\"Organization\",\"@id\":\"https:\/\/deputadotaveirajr.com.br\/#organization\",\"name\":\"Taveira Jr\",\"url\":\"https:\/\/deputadotaveirajr.com.br\/\",\"logo\":{\"@type\":\"ImageObject\",\"inLanguage\":\"pt-BR\",\"@id\":\"https:\/\/deputadotaveirajr.com.br\/#\/schema\/logo\/image\/\",\"url\":\"https:\/\/deputadotaveirajr.com.br\/wp-content\/uploads\/2026\/01\/logolow2a.png\",\"contentUrl\":\"https:\/\/deputadotaveirajr.com.br\/wp-content\/uploads\/2026\/01\/logolow2a.png\",\"width\":290,\"height\":80,\"caption\":\"Taveira Jr\"},\"image\":{\"@id\":\"https:\/\/deputadotaveirajr.com.br\/#\/schema\/logo\/image\/\"}}]}<\/script>\n<!-- \/ Yoast SEO plugin. -->","yoast_head_json":{"title":"Feriado de P\u00e1scoa muda funcionamento do com\u00e9rcio em Natal; veja o que abre e fecha - Taveira Jr","robots":{"index":"index","follow":"follow","max-snippet":"max-snippet:-1","max-image-preview":"max-image-preview:large","max-video-preview":"max-video-preview:-1"},"canonical":"https:\/\/deputadotaveirajr.com.br\/index.php\/feriado-de-pascoa-muda-funcionamento-do-comercio-em-natal-veja-o-que-abre-e-fecha\/","og_locale":"pt_BR","og_type":"article","og_title":"Feriado de P\u00e1scoa muda funcionamento do com\u00e9rcio em Natal; veja o que abre e fecha - Taveira Jr","og_description":"Com\u00e9rcio de rua fecha e shoppings abrem em hor\u00e1rio especial na pr\u00f3xima sexta-feira (29), na capital potiguar. Com\u00e9rcio do Alecrim, Natal, RN Pedro Vitorino\/Cedida O feriado de P\u00e1scoa, celebrado na ...","og_url":"https:\/\/deputadotaveirajr.com.br\/index.php\/feriado-de-pascoa-muda-funcionamento-do-comercio-em-natal-veja-o-que-abre-e-fecha\/","og_site_name":"Taveira Jr","og_image":[{"width":1280,"height":853,"url":"https:\/\/deputadotaveirajr.com.br\/wp-content\/uploads\/2024\/03\/whatsapp-image-2020-06-08-at-09.54.01-fwTLn2.jpeg","type":"image\/jpeg"}],"twitter_card":"summary_large_image","twitter_misc":{"Est. tempo de leitura":"2 minutos"},"schema":{"@context":"https:\/\/schema.org","@graph":[{"@type":"WebPage","@id":"https:\/\/deputadotaveirajr.com.br\/index.php\/feriado-de-pascoa-muda-funcionamento-do-comercio-em-natal-veja-o-que-abre-e-fecha\/","url":"https:\/\/deputadotaveirajr.com.br\/index.php\/feriado-de-pascoa-muda-funcionamento-do-comercio-em-natal-veja-o-que-abre-e-fecha\/","name":"Feriado de P\u00e1scoa muda funcionamento do com\u00e9rcio em Natal; veja o que abre e fecha - Taveira Jr","isPartOf":{"@id":"https:\/\/deputadotaveirajr.com.br\/#website"},"datePublished":"2024-03-23T16:19:39+00:00","breadcrumb":{"@id":"https:\/\/deputadotaveirajr.com.br\/index.php\/feriado-de-pascoa-muda-funcionamento-do-comercio-em-natal-veja-o-que-abre-e-fecha\/#breadcrumb"},"inLanguage":"pt-BR","potentialAction":[{"@type":"ReadAction","target":["https:\/\/deputadotaveirajr.com.br\/index.php\/feriado-de-pascoa-muda-funcionamento-do-comercio-em-natal-veja-o-que-abre-e-fecha\/"]}]},{"@type":"BreadcrumbList","@id":"https:\/\/deputadotaveirajr.com.br\/index.php\/feriado-de-pascoa-muda-funcionamento-do-comercio-em-natal-veja-o-que-abre-e-fecha\/#breadcrumb","itemListElement":[{"@type":"ListItem","position":1,"name":"In\u00edcio","item":"https:\/\/deputadotaveirajr.com.br\/"},{"@type":"ListItem","position":2,"name":"Feriado de P\u00e1scoa muda funcionamento do com\u00e9rcio em Natal; veja o que abre e fecha"}]},{"@type":"WebSite","@id":"https:\/\/deputadotaveirajr.com.br\/#website","url":"https:\/\/deputadotaveirajr.com.br\/","name":"Taveira Jr","description":"Deputado Estadual","publisher":{"@id":"https:\/\/deputadotaveirajr.com.br\/#organization"},"potentialAction":[{"@type":"SearchAction","target":{"@type":"EntryPoint","urlTemplate":"https:\/\/deputadotaveirajr.com.br\/?s={search_term_string}"},"query-input":{"@type":"PropertyValueSpecification","valueRequired":true,"valueName":"search_term_string"}}],"inLanguage":"pt-BR"},{"@type":"Organization","@id":"https:\/\/deputadotaveirajr.com.br\/#organization","name":"Taveira Jr","url":"https:\/\/deputadotaveirajr.com.br\/","logo":{"@type":"ImageObject","inLanguage":"pt-BR","@id":"https:\/\/deputadotaveirajr.com.br\/#\/schema\/logo\/image\/","url":"https:\/\/deputadotaveirajr.com.br\/wp-content\/uploads\/2026\/01\/logolow2a.png","contentUrl":"https:\/\/deputadotaveirajr.com.br\/wp-content\/uploads\/2026\/01\/logolow2a.png","width":290,"height":80,"caption":"Taveira Jr"},"image":{"@id":"https:\/\/deputadotaveirajr.com.br\/#\/schema\/logo\/image\/"}}]}},"_links":{"self":[{"href":"https:\/\/deputadotaveirajr.com.br\/index.php\/wp-json\/wp\/v2\/pages\/3749","targetHints":{"allow":["GET"]}}],"collection":[{"href":"https:\/\/deputadotaveirajr.com.br\/index.php\/wp-json\/wp\/v2\/pages"}],"about":[{"href":"https:\/\/deputadotaveirajr.com.br\/index.php\/wp-json\/wp\/v2\/types\/page"}],"replies":[{"embeddable":true,"href":"https:\/\/deputadotaveirajr.com.br\/index.php\/wp-json\/wp\/v2\/comments?post=3749"}],"version-history":[{"count":1,"href":"https:\/\/deputadotaveirajr.com.br\/index.php\/wp-json\/wp\/v2\/pages\/3749\/revisions"}],"predecessor-version":[{"id":3754,"href":"https:\/\/deputadotaveirajr.com.br\/index.php\/wp-json\/wp\/v2\/pages\/3749\/revisions\/3754"}],"wp:attachment":[{"href":"https:\/\/deputadotaveirajr.com.br\/index.php\/wp-json\/wp\/v2\/media?parent=3749"}],"curies":[{"name":"wp","href":"https:\/\/api.w.org\/{rel}","templated":true}]}}