{"id":3761,"date":"2024-03-24T12:33:42","date_gmt":"2024-03-24T15:33:42","guid":{"rendered":"https:\/\/deputadotaveirajr.com.br\/?page_id=3761"},"modified":"2024-03-24T12:33:42","modified_gmt":"2024-03-24T15:33:42","slug":"torre-panoramica-do-parque-da-cidade-volta-a-ser-aberta-para-visitacao-do-publico","status":"publish","type":"page","link":"https:\/\/deputadotaveirajr.com.br\/index.php\/torre-panoramica-do-parque-da-cidade-volta-a-ser-aberta-para-visitacao-do-publico\/","title":{"rendered":"Torre panor\u00e2mica do Parque da Cidade volta a ser aberta para visita\u00e7\u00e3o do p\u00fablico"},"content":{"rendered":"<p>     Ap\u00f3s mais de tr\u00eas anos fechado, segundo administra\u00e7\u00e3o, topo da estrutura reabriu neste ano de 2024 e permite uma vis\u00e3o privilegiada de parte da cidade. Visita ao Parque da Cidade em Natal<br \/>\nA torre panor\u00e2mica do Parque da Cidade, entre a Zona Sul e a Zona Oeste de Natal, voltou a ser aberta para visita\u00e7\u00e3o do p\u00fablico neste ano de 2024. De acordo com a administra\u00e7\u00e3o do Parque, a torre ficou mais de tr\u00eas anos fechada por problemas estruturais (veja v\u00eddeo da reportagem).<br \/>\nA estrutura da torre est\u00e1 aberta de quarta a domingo, das 13h \u00e0s 17h. J\u00e1 o Parque da Cidade funciona das 5h \u00e0s 17h30 todos os dias.<br \/>\n\ud83d\udcf3Participe do canal do g1 RN no WhatsApp e receba no seu celular as not\u00edcias do estado<br \/>\nProjetada pelo arquiteto Oscar Niemeyer, a torre tem 45 metros de altura e desperta a curiosidade de moradores e turistas. Desde a inaugura\u00e7\u00e3o, em 2008, o trecho passou por aberturas e fechamentos constantes.<br \/>\nPor conta da altura e do formato, feita em formato de olho, o topo da torre panor\u00e2mica possibilita uma vista privilegiada de parte da capital potiguar. Os acessos ao Parque e \u00e0 torre s\u00e3o grautitos.<br \/>\n&#8220;Eu tava esperando h\u00e1 muito tempo, h\u00e1 mais de anos, desde antes da pandemia, por isso aqui retornar, receber o p\u00fablico, que estava precisando bastante j\u00e1 vir aqui, conhecer as belezas de Natal de cima&#8221;, contou o cabeleireiro Anderson Wallace, que visitou o local neste s\u00e1bado (23).<br \/>\nNo topo da torre, al\u00e9m da vista, funciona o Memorial de Natal, que guarda e conta parte da hist\u00f3ria da capital potiguar.<br \/>\nPara chegar l\u00e1 em cima, \u00e9 necess\u00e1rio subir uma rampa e depois pegar um elevador. A administra\u00e7\u00e3o explicou que os cones colocados na frente da rampa s\u00e3o apenas para evitar a passagem de ve\u00edculos.<br \/>\nParque da Cidade Dom Nivaldo Monte<br \/>\nAlex Regis\/Prefeitura de Natal<br \/>\n\ud83d\udccd Dois acessos: saiba como chegar<br \/>\nAbrangendo uma \u00e1rea de aproximadamente 154 hectares, localizado entre os bairros de Pitimbu, Candel\u00e1ria e Cidade Nova, o Parque possui dois acessos p\u00fablicos:<br \/>\nAvenida Prefeito Omar O&#8217;Grady, n\u00ba 8080, Candel\u00e1ria (Zona Sul de Natal);<br \/>\nRua Santo Amaro, s\/n, Cidade Nova (Zona Oeste de Natal).<br \/>\nParque da Cidade: vista a\u00e9rea<br \/>\nCarla Belke\/Divulga\u00e7\u00e3o\/Site do Parque da Cidade<br \/>\n\ud83c\udf35 Parque da Cidade: unidade de preserva\u00e7\u00e3o ambiental<br \/>\nInaugurado em 2008, o Parque da Cidade Dom Nivaldo Monte tem 154 hectares de natureza nativa de Mata Atl\u00e2ntica e Caatinga.<br \/>\nO espa\u00e7o \u00e9 uma unidade de conserva\u00e7\u00e3o ambiental e foi projetada pelo arquiteto Oscar Niemeyer, conhecido por diversos pr\u00e9dios hist\u00f3ricos do pa\u00eds, como o Congresso Nacional (Bras\u00edlia), o Copan (S\u00e3o Paulo) e a Igreja da Pampulha (Belo Horizonte).<br \/>\nParque da Cidade, em Natal (RN)<br \/>\nLeonardo Erys\/g1<br \/>\nO Parque da Cidade conta com trilhas pavimentadas e pontos de descanso ao longo do percurso, com espa\u00e7o destinado \u00e0 caminhada e ciclovia.<br \/>\nO Parque tamb\u00e9m \u00e9 um importante ponto para realiza\u00e7\u00e3o de estudos e pesquisas cient\u00edficas, devido \u00e0 biodiversidade e a preserva\u00e7\u00e3o ambiental.<br \/>\nO Parque da Cidade abriga em m\u00e9dia mais de 370 esp\u00e9cies entre plantas e animais, incluindo esp\u00e9cies end\u00eamicas raras e algumas regionalmente amea\u00e7adas de extin\u00e7\u00e3o, como o Lagartinho-de-folhi\u00e7o (Coleodactylus natalensis) e a Orqu\u00eddea Catleia (Cattlleya granulosa).<br \/>\nLagartinho-de-folhi\u00e7o<br \/>\nDivulga\u00e7\u00e3o\/Prefeitura de Natal<br \/>\nAl\u00e9m disso, o Parque da Cidade conta com biblioteca, salas de aula, audit\u00f3rio que servem de apoio a diversas a\u00e7\u00f5es de educa\u00e7\u00e3o ambiental e contribuem para o desenvolvimento sustent\u00e1vel, al\u00e9m de incentivar o interesse da popula\u00e7\u00e3o em proteger o meio ambiente.<br \/>\nOs espa\u00e7os tamb\u00e9m s\u00e3o palcos de apresenta\u00e7\u00f5es musicais.<br \/>\nV\u00eddeos mais assistidos do g1 RN<br \/>\nV\u00cdDEOS: Mais assistidos do Rio Grande do Norte nos \u00faltimos 7 dias| em G1 \/ RN \/ Rio Grande do Norte<\/p>","protected":false},"excerpt":{"rendered":"<p>Ap\u00f3s mais de tr\u00eas anos fechado, segundo administra\u00e7\u00e3o, topo da estrutura reabriu neste ano de 2024 e permite uma vis\u00e3o privilegiada de parte da cidade. Visita ao Parque da Cidade &#8230;<\/p>\n","protected":false},"author":0,"featured_media":0,"parent":0,"menu_order":0,"comment_status":"closed","ping_status":"closed","template":"","meta":{"footnotes":""},"class_list":["post-3761","page","type-page","status-publish","hentry"],"yoast_head":"<!-- This site is optimized with the Yoast SEO plugin v27.1.1 - https:\/\/yoast.com\/product\/yoast-seo-wordpress\/ -->\n<title>Torre panor\u00e2mica do Parque da Cidade volta a ser aberta para visita\u00e7\u00e3o do p\u00fablico - Taveira Jr<\/title>\n<meta name=\"robots\" content=\"index, follow, max-snippet:-1, max-image-preview:large, max-video-preview:-1\" \/>\n<link rel=\"canonical\" href=\"https:\/\/deputadotaveirajr.com.br\/index.php\/torre-panoramica-do-parque-da-cidade-volta-a-ser-aberta-para-visitacao-do-publico\/\" \/>\n<meta property=\"og:locale\" content=\"pt_BR\" \/>\n<meta property=\"og:type\" content=\"article\" \/>\n<meta property=\"og:title\" content=\"Torre panor\u00e2mica do Parque da Cidade volta a ser aberta para visita\u00e7\u00e3o do p\u00fablico - Taveira Jr\" \/>\n<meta property=\"og:description\" content=\"Ap\u00f3s mais de tr\u00eas anos fechado, segundo administra\u00e7\u00e3o, topo da estrutura reabriu neste ano de 2024 e permite uma vis\u00e3o privilegiada de parte da cidade. Visita ao Parque da Cidade ...\" \/>\n<meta property=\"og:url\" content=\"https:\/\/deputadotaveirajr.com.br\/index.php\/torre-panoramica-do-parque-da-cidade-volta-a-ser-aberta-para-visitacao-do-publico\/\" \/>\n<meta property=\"og:site_name\" content=\"Taveira Jr\" \/>\n<meta property=\"og:image\" content=\"https:\/\/deputadotaveirajr.com.br\/wp-content\/uploads\/2024\/03\/parque-da-cidade-XWyzQO.jpeg\" \/>\n\t<meta property=\"og:image:width\" content=\"570\" \/>\n\t<meta property=\"og:image:height\" content=\"380\" \/>\n\t<meta property=\"og:image:type\" content=\"image\/jpeg\" \/>\n<meta name=\"twitter:card\" content=\"summary_large_image\" \/>\n<meta name=\"twitter:label1\" content=\"Est. tempo de leitura\" \/>\n\t<meta name=\"twitter:data1\" content=\"3 minutos\" \/>\n<script type=\"application\/ld+json\" class=\"yoast-schema-graph\">{\"@context\":\"https:\/\/schema.org\",\"@graph\":[{\"@type\":\"WebPage\",\"@id\":\"https:\/\/deputadotaveirajr.com.br\/index.php\/torre-panoramica-do-parque-da-cidade-volta-a-ser-aberta-para-visitacao-do-publico\/\",\"url\":\"https:\/\/deputadotaveirajr.com.br\/index.php\/torre-panoramica-do-parque-da-cidade-volta-a-ser-aberta-para-visitacao-do-publico\/\",\"name\":\"Torre panor\u00e2mica do Parque da Cidade volta a ser aberta para visita\u00e7\u00e3o do p\u00fablico - Taveira Jr\",\"isPartOf\":{\"@id\":\"https:\/\/deputadotaveirajr.com.br\/#website\"},\"datePublished\":\"2024-03-24T15:33:42+00:00\",\"breadcrumb\":{\"@id\":\"https:\/\/deputadotaveirajr.com.br\/index.php\/torre-panoramica-do-parque-da-cidade-volta-a-ser-aberta-para-visitacao-do-publico\/#breadcrumb\"},\"inLanguage\":\"pt-BR\",\"potentialAction\":[{\"@type\":\"ReadAction\",\"target\":[\"https:\/\/deputadotaveirajr.com.br\/index.php\/torre-panoramica-do-parque-da-cidade-volta-a-ser-aberta-para-visitacao-do-publico\/\"]}]},{\"@type\":\"BreadcrumbList\",\"@id\":\"https:\/\/deputadotaveirajr.com.br\/index.php\/torre-panoramica-do-parque-da-cidade-volta-a-ser-aberta-para-visitacao-do-publico\/#breadcrumb\",\"itemListElement\":[{\"@type\":\"ListItem\",\"position\":1,\"name\":\"In\u00edcio\",\"item\":\"https:\/\/deputadotaveirajr.com.br\/\"},{\"@type\":\"ListItem\",\"position\":2,\"name\":\"Torre panor\u00e2mica do Parque da Cidade volta a ser aberta para visita\u00e7\u00e3o do p\u00fablico\"}]},{\"@type\":\"WebSite\",\"@id\":\"https:\/\/deputadotaveirajr.com.br\/#website\",\"url\":\"https:\/\/deputadotaveirajr.com.br\/\",\"name\":\"Taveira Jr\",\"description\":\"Deputado Estadual\",\"publisher\":{\"@id\":\"https:\/\/deputadotaveirajr.com.br\/#organization\"},\"potentialAction\":[{\"@type\":\"SearchAction\",\"target\":{\"@type\":\"EntryPoint\",\"urlTemplate\":\"https:\/\/deputadotaveirajr.com.br\/?s={search_term_string}\"},\"query-input\":{\"@type\":\"PropertyValueSpecification\",\"valueRequired\":true,\"valueName\":\"search_term_string\"}}],\"inLanguage\":\"pt-BR\"},{\"@type\":\"Organization\",\"@id\":\"https:\/\/deputadotaveirajr.com.br\/#organization\",\"name\":\"Taveira Jr\",\"url\":\"https:\/\/deputadotaveirajr.com.br\/\",\"logo\":{\"@type\":\"ImageObject\",\"inLanguage\":\"pt-BR\",\"@id\":\"https:\/\/deputadotaveirajr.com.br\/#\/schema\/logo\/image\/\",\"url\":\"https:\/\/deputadotaveirajr.com.br\/wp-content\/uploads\/2026\/01\/logolow2a.png\",\"contentUrl\":\"https:\/\/deputadotaveirajr.com.br\/wp-content\/uploads\/2026\/01\/logolow2a.png\",\"width\":290,\"height\":80,\"caption\":\"Taveira Jr\"},\"image\":{\"@id\":\"https:\/\/deputadotaveirajr.com.br\/#\/schema\/logo\/image\/\"}}]}<\/script>\n<!-- \/ Yoast SEO plugin. -->","yoast_head_json":{"title":"Torre panor\u00e2mica do Parque da Cidade volta a ser aberta para visita\u00e7\u00e3o do p\u00fablico - Taveira Jr","robots":{"index":"index","follow":"follow","max-snippet":"max-snippet:-1","max-image-preview":"max-image-preview:large","max-video-preview":"max-video-preview:-1"},"canonical":"https:\/\/deputadotaveirajr.com.br\/index.php\/torre-panoramica-do-parque-da-cidade-volta-a-ser-aberta-para-visitacao-do-publico\/","og_locale":"pt_BR","og_type":"article","og_title":"Torre panor\u00e2mica do Parque da Cidade volta a ser aberta para visita\u00e7\u00e3o do p\u00fablico - Taveira Jr","og_description":"Ap\u00f3s mais de tr\u00eas anos fechado, segundo administra\u00e7\u00e3o, topo da estrutura reabriu neste ano de 2024 e permite uma vis\u00e3o privilegiada de parte da cidade. Visita ao Parque da Cidade ...","og_url":"https:\/\/deputadotaveirajr.com.br\/index.php\/torre-panoramica-do-parque-da-cidade-volta-a-ser-aberta-para-visitacao-do-publico\/","og_site_name":"Taveira Jr","og_image":[{"width":570,"height":380,"url":"https:\/\/deputadotaveirajr.com.br\/wp-content\/uploads\/2024\/03\/parque-da-cidade-XWyzQO.jpeg","type":"image\/jpeg"}],"twitter_card":"summary_large_image","twitter_misc":{"Est. tempo de leitura":"3 minutos"},"schema":{"@context":"https:\/\/schema.org","@graph":[{"@type":"WebPage","@id":"https:\/\/deputadotaveirajr.com.br\/index.php\/torre-panoramica-do-parque-da-cidade-volta-a-ser-aberta-para-visitacao-do-publico\/","url":"https:\/\/deputadotaveirajr.com.br\/index.php\/torre-panoramica-do-parque-da-cidade-volta-a-ser-aberta-para-visitacao-do-publico\/","name":"Torre panor\u00e2mica do Parque da Cidade volta a ser aberta para visita\u00e7\u00e3o do p\u00fablico - Taveira Jr","isPartOf":{"@id":"https:\/\/deputadotaveirajr.com.br\/#website"},"datePublished":"2024-03-24T15:33:42+00:00","breadcrumb":{"@id":"https:\/\/deputadotaveirajr.com.br\/index.php\/torre-panoramica-do-parque-da-cidade-volta-a-ser-aberta-para-visitacao-do-publico\/#breadcrumb"},"inLanguage":"pt-BR","potentialAction":[{"@type":"ReadAction","target":["https:\/\/deputadotaveirajr.com.br\/index.php\/torre-panoramica-do-parque-da-cidade-volta-a-ser-aberta-para-visitacao-do-publico\/"]}]},{"@type":"BreadcrumbList","@id":"https:\/\/deputadotaveirajr.com.br\/index.php\/torre-panoramica-do-parque-da-cidade-volta-a-ser-aberta-para-visitacao-do-publico\/#breadcrumb","itemListElement":[{"@type":"ListItem","position":1,"name":"In\u00edcio","item":"https:\/\/deputadotaveirajr.com.br\/"},{"@type":"ListItem","position":2,"name":"Torre panor\u00e2mica do Parque da Cidade volta a ser aberta para visita\u00e7\u00e3o do p\u00fablico"}]},{"@type":"WebSite","@id":"https:\/\/deputadotaveirajr.com.br\/#website","url":"https:\/\/deputadotaveirajr.com.br\/","name":"Taveira Jr","description":"Deputado Estadual","publisher":{"@id":"https:\/\/deputadotaveirajr.com.br\/#organization"},"potentialAction":[{"@type":"SearchAction","target":{"@type":"EntryPoint","urlTemplate":"https:\/\/deputadotaveirajr.com.br\/?s={search_term_string}"},"query-input":{"@type":"PropertyValueSpecification","valueRequired":true,"valueName":"search_term_string"}}],"inLanguage":"pt-BR"},{"@type":"Organization","@id":"https:\/\/deputadotaveirajr.com.br\/#organization","name":"Taveira Jr","url":"https:\/\/deputadotaveirajr.com.br\/","logo":{"@type":"ImageObject","inLanguage":"pt-BR","@id":"https:\/\/deputadotaveirajr.com.br\/#\/schema\/logo\/image\/","url":"https:\/\/deputadotaveirajr.com.br\/wp-content\/uploads\/2026\/01\/logolow2a.png","contentUrl":"https:\/\/deputadotaveirajr.com.br\/wp-content\/uploads\/2026\/01\/logolow2a.png","width":290,"height":80,"caption":"Taveira Jr"},"image":{"@id":"https:\/\/deputadotaveirajr.com.br\/#\/schema\/logo\/image\/"}}]}},"_links":{"self":[{"href":"https:\/\/deputadotaveirajr.com.br\/index.php\/wp-json\/wp\/v2\/pages\/3761","targetHints":{"allow":["GET"]}}],"collection":[{"href":"https:\/\/deputadotaveirajr.com.br\/index.php\/wp-json\/wp\/v2\/pages"}],"about":[{"href":"https:\/\/deputadotaveirajr.com.br\/index.php\/wp-json\/wp\/v2\/types\/page"}],"replies":[{"embeddable":true,"href":"https:\/\/deputadotaveirajr.com.br\/index.php\/wp-json\/wp\/v2\/comments?post=3761"}],"version-history":[{"count":1,"href":"https:\/\/deputadotaveirajr.com.br\/index.php\/wp-json\/wp\/v2\/pages\/3761\/revisions"}],"predecessor-version":[{"id":3765,"href":"https:\/\/deputadotaveirajr.com.br\/index.php\/wp-json\/wp\/v2\/pages\/3761\/revisions\/3765"}],"wp:attachment":[{"href":"https:\/\/deputadotaveirajr.com.br\/index.php\/wp-json\/wp\/v2\/media?parent=3761"}],"curies":[{"name":"wp","href":"https:\/\/api.w.org\/{rel}","templated":true}]}}