{"id":4360,"date":"2024-03-26T13:13:17","date_gmt":"2024-03-26T16:13:17","guid":{"rendered":"https:\/\/deputadotaveirajr.com.br\/?page_id=4360"},"modified":"2024-03-26T13:13:17","modified_gmt":"2024-03-26T16:13:17","slug":"orquestra-sinfonica-do-rn-abre-temporada-2024-com-apresentacao-gratuita","status":"publish","type":"page","link":"https:\/\/deputadotaveirajr.com.br\/index.php\/orquestra-sinfonica-do-rn-abre-temporada-2024-com-apresentacao-gratuita\/","title":{"rendered":"Orquestra Sinf\u00f4nica do RN abre temporada 2024 com apresenta\u00e7\u00e3o gratuita"},"content":{"rendered":"<p>     Espet\u00e1culo acontece nesta quarta (27), celebra as festividades da P\u00e1scoa e faz parte da programa\u00e7\u00e3o em comemora\u00e7\u00e3o aos 120 anos do Teatro Alberto Maranh\u00e3o. Orquestra Sinf\u00f4nica do RN abre temporada 2024 nesta quarta com apresenta\u00e7\u00e3o gratuita<br \/>\nDivulga\u00e7\u00e3o<br \/>\nA Orquestra Sinf\u00f4nica do Rio Grande do Norte (OSRN) apresenta o concerto oficial de abertura da temporada de 2024 nesta quarta-feira (27), \u00e0s 19h30, no Teatro Alberto Maranh\u00e3o, em Natal. A apresenta\u00e7\u00e3o \u00e9 gratuita e faz parte da comemora\u00e7\u00e3o dos 120 anos do Teatro Alberto Maranh\u00e3o.<br \/>\nO espet\u00e1culo tamb\u00e9m celebra as festividades de P\u00e1scoa e tamb\u00e9m os 180 anos de nascimento do compositor cl\u00e1ssico Nikolai Rimsky-Korsakov. Os ingressos gratuitos ser\u00e3o distribu\u00eddos por ordem de chegada, no dia do concerto, na bilheteria do Teatro, uma hora antes do concerto.<br \/>\nSob a dire\u00e7\u00e3o art\u00edstica e reg\u00eancia de Linus Lerner, o concerto abre com a famosa abertura da \u00f3pera Guilherme Tell, obra-prima de Gioachino Rossini, pe\u00e7a que marca as trilhas sonoras de filmes e anima\u00e7\u00f5es. A segunda obra apresentada ser\u00e1 o concerto para trompa de Reinhold Gli\u00e8re, com o solista Radegundis Feitosa, professor da Escola de M\u00fasica da UFRN e fundador da Associa\u00e7\u00e3o de Trompistas do Brasil (ATB).<br \/>\nEste concerto \u00e9 a mais aclamada obra de Gli\u00e8re, escrita no estilo neocl\u00e1ssico e com fortes influ\u00eancias do romantismo. O espet\u00e1culo segue com a \u201cGrande Abertura da P\u00e1scoa Russa\u201d de Nikolai Rimsky-Korsakov, que segundo o compositor, representa uma \u201ctransi\u00e7\u00e3o entre o sombrio e misterioso ambiente do S\u00e1bado da Paix\u00e3o, ao j\u00fabilo sem limites do Domingo da Ressurrei\u00e7\u00e3o.\u201d<br \/>\nServi\u00e7o<br \/>\nOSRN &#8211; Concerto Oficial de Abertura da Temporada 2024<br \/>\nData: 27 de mar\u00e7o, \u00e0s 19h30<br \/>\nLocal: Teatro Alberto Maranh\u00e3o<br \/>\nLote Bilheteria: Distribui\u00e7\u00e3o no dia 1 hora antes do espet\u00e1culo na Bilheteria do TAM.<\/p>","protected":false},"excerpt":{"rendered":"<p>Espet\u00e1culo acontece nesta quarta (27), celebra as festividades da P\u00e1scoa e faz parte da programa\u00e7\u00e3o em comemora\u00e7\u00e3o aos 120 anos do Teatro Alberto Maranh\u00e3o. Orquestra Sinf\u00f4nica do RN abre temporada &#8230;<\/p>\n","protected":false},"author":0,"featured_media":4361,"parent":0,"menu_order":0,"comment_status":"closed","ping_status":"closed","template":"","meta":{"footnotes":""},"class_list":["post-4360","page","type-page","status-publish","has-post-thumbnail","hentry"],"yoast_head":"<!-- This site is optimized with the Yoast SEO plugin v27.1.1 - https:\/\/yoast.com\/product\/yoast-seo-wordpress\/ -->\n<title>Orquestra Sinf\u00f4nica do RN abre temporada 2024 com apresenta\u00e7\u00e3o gratuita - Taveira Jr<\/title>\n<meta name=\"robots\" content=\"index, follow, max-snippet:-1, max-image-preview:large, max-video-preview:-1\" \/>\n<link rel=\"canonical\" href=\"https:\/\/deputadotaveirajr.com.br\/index.php\/orquestra-sinfonica-do-rn-abre-temporada-2024-com-apresentacao-gratuita\/\" \/>\n<meta property=\"og:locale\" content=\"pt_BR\" \/>\n<meta property=\"og:type\" content=\"article\" \/>\n<meta property=\"og:title\" content=\"Orquestra Sinf\u00f4nica do RN abre temporada 2024 com apresenta\u00e7\u00e3o gratuita - Taveira Jr\" \/>\n<meta property=\"og:description\" content=\"Espet\u00e1culo acontece nesta quarta (27), celebra as festividades da P\u00e1scoa e faz parte da programa\u00e7\u00e3o em comemora\u00e7\u00e3o aos 120 anos do Teatro Alberto Maranh\u00e3o. Orquestra Sinf\u00f4nica do RN abre temporada ...\" \/>\n<meta property=\"og:url\" content=\"https:\/\/deputadotaveirajr.com.br\/index.php\/orquestra-sinfonica-do-rn-abre-temporada-2024-com-apresentacao-gratuita\/\" \/>\n<meta property=\"og:site_name\" content=\"Taveira Jr\" \/>\n<meta property=\"og:image\" content=\"https:\/\/deputadotaveirajr.com.br\/wp-content\/uploads\/2024\/03\/whatsapp-image-2024-03-25-at-17.21.52-aH5xZn.jpeg\" \/>\n\t<meta property=\"og:image:width\" content=\"678\" \/>\n\t<meta property=\"og:image:height\" content=\"452\" \/>\n\t<meta property=\"og:image:type\" content=\"image\/jpeg\" \/>\n<meta name=\"twitter:card\" content=\"summary_large_image\" \/>\n<meta name=\"twitter:label1\" content=\"Est. tempo de leitura\" \/>\n\t<meta name=\"twitter:data1\" content=\"2 minutos\" \/>\n<script type=\"application\/ld+json\" class=\"yoast-schema-graph\">{\"@context\":\"https:\/\/schema.org\",\"@graph\":[{\"@type\":\"WebPage\",\"@id\":\"https:\/\/deputadotaveirajr.com.br\/index.php\/orquestra-sinfonica-do-rn-abre-temporada-2024-com-apresentacao-gratuita\/\",\"url\":\"https:\/\/deputadotaveirajr.com.br\/index.php\/orquestra-sinfonica-do-rn-abre-temporada-2024-com-apresentacao-gratuita\/\",\"name\":\"Orquestra Sinf\u00f4nica do RN abre temporada 2024 com apresenta\u00e7\u00e3o gratuita - Taveira Jr\",\"isPartOf\":{\"@id\":\"https:\/\/deputadotaveirajr.com.br\/#website\"},\"primaryImageOfPage\":{\"@id\":\"https:\/\/deputadotaveirajr.com.br\/index.php\/orquestra-sinfonica-do-rn-abre-temporada-2024-com-apresentacao-gratuita\/#primaryimage\"},\"image\":{\"@id\":\"https:\/\/deputadotaveirajr.com.br\/index.php\/orquestra-sinfonica-do-rn-abre-temporada-2024-com-apresentacao-gratuita\/#primaryimage\"},\"thumbnailUrl\":\"https:\/\/deputadotaveirajr.com.br\/wp-content\/uploads\/2024\/03\/whatsapp-image-2024-03-25-at-17.21.52-aH5xZn.jpeg\",\"datePublished\":\"2024-03-26T16:13:17+00:00\",\"breadcrumb\":{\"@id\":\"https:\/\/deputadotaveirajr.com.br\/index.php\/orquestra-sinfonica-do-rn-abre-temporada-2024-com-apresentacao-gratuita\/#breadcrumb\"},\"inLanguage\":\"pt-BR\",\"potentialAction\":[{\"@type\":\"ReadAction\",\"target\":[\"https:\/\/deputadotaveirajr.com.br\/index.php\/orquestra-sinfonica-do-rn-abre-temporada-2024-com-apresentacao-gratuita\/\"]}]},{\"@type\":\"ImageObject\",\"inLanguage\":\"pt-BR\",\"@id\":\"https:\/\/deputadotaveirajr.com.br\/index.php\/orquestra-sinfonica-do-rn-abre-temporada-2024-com-apresentacao-gratuita\/#primaryimage\",\"url\":\"https:\/\/deputadotaveirajr.com.br\/wp-content\/uploads\/2024\/03\/whatsapp-image-2024-03-25-at-17.21.52-aH5xZn.jpeg\",\"contentUrl\":\"https:\/\/deputadotaveirajr.com.br\/wp-content\/uploads\/2024\/03\/whatsapp-image-2024-03-25-at-17.21.52-aH5xZn.jpeg\",\"width\":678,\"height\":452},{\"@type\":\"BreadcrumbList\",\"@id\":\"https:\/\/deputadotaveirajr.com.br\/index.php\/orquestra-sinfonica-do-rn-abre-temporada-2024-com-apresentacao-gratuita\/#breadcrumb\",\"itemListElement\":[{\"@type\":\"ListItem\",\"position\":1,\"name\":\"In\u00edcio\",\"item\":\"https:\/\/deputadotaveirajr.com.br\/\"},{\"@type\":\"ListItem\",\"position\":2,\"name\":\"Orquestra Sinf\u00f4nica do RN abre temporada 2024 com apresenta\u00e7\u00e3o gratuita\"}]},{\"@type\":\"WebSite\",\"@id\":\"https:\/\/deputadotaveirajr.com.br\/#website\",\"url\":\"https:\/\/deputadotaveirajr.com.br\/\",\"name\":\"Taveira Jr\",\"description\":\"Deputado Estadual\",\"publisher\":{\"@id\":\"https:\/\/deputadotaveirajr.com.br\/#organization\"},\"potentialAction\":[{\"@type\":\"SearchAction\",\"target\":{\"@type\":\"EntryPoint\",\"urlTemplate\":\"https:\/\/deputadotaveirajr.com.br\/?s={search_term_string}\"},\"query-input\":{\"@type\":\"PropertyValueSpecification\",\"valueRequired\":true,\"valueName\":\"search_term_string\"}}],\"inLanguage\":\"pt-BR\"},{\"@type\":\"Organization\",\"@id\":\"https:\/\/deputadotaveirajr.com.br\/#organization\",\"name\":\"Taveira Jr\",\"url\":\"https:\/\/deputadotaveirajr.com.br\/\",\"logo\":{\"@type\":\"ImageObject\",\"inLanguage\":\"pt-BR\",\"@id\":\"https:\/\/deputadotaveirajr.com.br\/#\/schema\/logo\/image\/\",\"url\":\"https:\/\/deputadotaveirajr.com.br\/wp-content\/uploads\/2026\/01\/logolow2a.png\",\"contentUrl\":\"https:\/\/deputadotaveirajr.com.br\/wp-content\/uploads\/2026\/01\/logolow2a.png\",\"width\":290,\"height\":80,\"caption\":\"Taveira Jr\"},\"image\":{\"@id\":\"https:\/\/deputadotaveirajr.com.br\/#\/schema\/logo\/image\/\"}}]}<\/script>\n<!-- \/ Yoast SEO plugin. -->","yoast_head_json":{"title":"Orquestra Sinf\u00f4nica do RN abre temporada 2024 com apresenta\u00e7\u00e3o gratuita - Taveira Jr","robots":{"index":"index","follow":"follow","max-snippet":"max-snippet:-1","max-image-preview":"max-image-preview:large","max-video-preview":"max-video-preview:-1"},"canonical":"https:\/\/deputadotaveirajr.com.br\/index.php\/orquestra-sinfonica-do-rn-abre-temporada-2024-com-apresentacao-gratuita\/","og_locale":"pt_BR","og_type":"article","og_title":"Orquestra Sinf\u00f4nica do RN abre temporada 2024 com apresenta\u00e7\u00e3o gratuita - Taveira Jr","og_description":"Espet\u00e1culo acontece nesta quarta (27), celebra as festividades da P\u00e1scoa e faz parte da programa\u00e7\u00e3o em comemora\u00e7\u00e3o aos 120 anos do Teatro Alberto Maranh\u00e3o. Orquestra Sinf\u00f4nica do RN abre temporada ...","og_url":"https:\/\/deputadotaveirajr.com.br\/index.php\/orquestra-sinfonica-do-rn-abre-temporada-2024-com-apresentacao-gratuita\/","og_site_name":"Taveira Jr","og_image":[{"width":678,"height":452,"url":"https:\/\/deputadotaveirajr.com.br\/wp-content\/uploads\/2024\/03\/whatsapp-image-2024-03-25-at-17.21.52-aH5xZn.jpeg","type":"image\/jpeg"}],"twitter_card":"summary_large_image","twitter_misc":{"Est. tempo de leitura":"2 minutos"},"schema":{"@context":"https:\/\/schema.org","@graph":[{"@type":"WebPage","@id":"https:\/\/deputadotaveirajr.com.br\/index.php\/orquestra-sinfonica-do-rn-abre-temporada-2024-com-apresentacao-gratuita\/","url":"https:\/\/deputadotaveirajr.com.br\/index.php\/orquestra-sinfonica-do-rn-abre-temporada-2024-com-apresentacao-gratuita\/","name":"Orquestra Sinf\u00f4nica do RN abre temporada 2024 com apresenta\u00e7\u00e3o gratuita - Taveira Jr","isPartOf":{"@id":"https:\/\/deputadotaveirajr.com.br\/#website"},"primaryImageOfPage":{"@id":"https:\/\/deputadotaveirajr.com.br\/index.php\/orquestra-sinfonica-do-rn-abre-temporada-2024-com-apresentacao-gratuita\/#primaryimage"},"image":{"@id":"https:\/\/deputadotaveirajr.com.br\/index.php\/orquestra-sinfonica-do-rn-abre-temporada-2024-com-apresentacao-gratuita\/#primaryimage"},"thumbnailUrl":"https:\/\/deputadotaveirajr.com.br\/wp-content\/uploads\/2024\/03\/whatsapp-image-2024-03-25-at-17.21.52-aH5xZn.jpeg","datePublished":"2024-03-26T16:13:17+00:00","breadcrumb":{"@id":"https:\/\/deputadotaveirajr.com.br\/index.php\/orquestra-sinfonica-do-rn-abre-temporada-2024-com-apresentacao-gratuita\/#breadcrumb"},"inLanguage":"pt-BR","potentialAction":[{"@type":"ReadAction","target":["https:\/\/deputadotaveirajr.com.br\/index.php\/orquestra-sinfonica-do-rn-abre-temporada-2024-com-apresentacao-gratuita\/"]}]},{"@type":"ImageObject","inLanguage":"pt-BR","@id":"https:\/\/deputadotaveirajr.com.br\/index.php\/orquestra-sinfonica-do-rn-abre-temporada-2024-com-apresentacao-gratuita\/#primaryimage","url":"https:\/\/deputadotaveirajr.com.br\/wp-content\/uploads\/2024\/03\/whatsapp-image-2024-03-25-at-17.21.52-aH5xZn.jpeg","contentUrl":"https:\/\/deputadotaveirajr.com.br\/wp-content\/uploads\/2024\/03\/whatsapp-image-2024-03-25-at-17.21.52-aH5xZn.jpeg","width":678,"height":452},{"@type":"BreadcrumbList","@id":"https:\/\/deputadotaveirajr.com.br\/index.php\/orquestra-sinfonica-do-rn-abre-temporada-2024-com-apresentacao-gratuita\/#breadcrumb","itemListElement":[{"@type":"ListItem","position":1,"name":"In\u00edcio","item":"https:\/\/deputadotaveirajr.com.br\/"},{"@type":"ListItem","position":2,"name":"Orquestra Sinf\u00f4nica do RN abre temporada 2024 com apresenta\u00e7\u00e3o gratuita"}]},{"@type":"WebSite","@id":"https:\/\/deputadotaveirajr.com.br\/#website","url":"https:\/\/deputadotaveirajr.com.br\/","name":"Taveira Jr","description":"Deputado Estadual","publisher":{"@id":"https:\/\/deputadotaveirajr.com.br\/#organization"},"potentialAction":[{"@type":"SearchAction","target":{"@type":"EntryPoint","urlTemplate":"https:\/\/deputadotaveirajr.com.br\/?s={search_term_string}"},"query-input":{"@type":"PropertyValueSpecification","valueRequired":true,"valueName":"search_term_string"}}],"inLanguage":"pt-BR"},{"@type":"Organization","@id":"https:\/\/deputadotaveirajr.com.br\/#organization","name":"Taveira Jr","url":"https:\/\/deputadotaveirajr.com.br\/","logo":{"@type":"ImageObject","inLanguage":"pt-BR","@id":"https:\/\/deputadotaveirajr.com.br\/#\/schema\/logo\/image\/","url":"https:\/\/deputadotaveirajr.com.br\/wp-content\/uploads\/2026\/01\/logolow2a.png","contentUrl":"https:\/\/deputadotaveirajr.com.br\/wp-content\/uploads\/2026\/01\/logolow2a.png","width":290,"height":80,"caption":"Taveira Jr"},"image":{"@id":"https:\/\/deputadotaveirajr.com.br\/#\/schema\/logo\/image\/"}}]}},"_links":{"self":[{"href":"https:\/\/deputadotaveirajr.com.br\/index.php\/wp-json\/wp\/v2\/pages\/4360","targetHints":{"allow":["GET"]}}],"collection":[{"href":"https:\/\/deputadotaveirajr.com.br\/index.php\/wp-json\/wp\/v2\/pages"}],"about":[{"href":"https:\/\/deputadotaveirajr.com.br\/index.php\/wp-json\/wp\/v2\/types\/page"}],"replies":[{"embeddable":true,"href":"https:\/\/deputadotaveirajr.com.br\/index.php\/wp-json\/wp\/v2\/comments?post=4360"}],"version-history":[{"count":1,"href":"https:\/\/deputadotaveirajr.com.br\/index.php\/wp-json\/wp\/v2\/pages\/4360\/revisions"}],"predecessor-version":[{"id":4424,"href":"https:\/\/deputadotaveirajr.com.br\/index.php\/wp-json\/wp\/v2\/pages\/4360\/revisions\/4424"}],"wp:featuredmedia":[{"embeddable":true,"href":"https:\/\/deputadotaveirajr.com.br\/index.php\/wp-json\/wp\/v2\/media\/4361"}],"wp:attachment":[{"href":"https:\/\/deputadotaveirajr.com.br\/index.php\/wp-json\/wp\/v2\/media?parent=4360"}],"curies":[{"name":"wp","href":"https:\/\/api.w.org\/{rel}","templated":true}]}}