{"id":4792,"date":"2024-03-27T22:50:06","date_gmt":"2024-03-28T01:50:06","guid":{"rendered":"https:\/\/deputadotaveirajr.com.br\/?page_id=4792"},"modified":"2024-03-27T22:50:06","modified_gmt":"2024-03-28T01:50:06","slug":"ministerio-da-justica-nao-vai-renovar-uso-da-forca-nacional-em-buscas-por-fugitivos-de-mossoro","status":"publish","type":"page","link":"https:\/\/deputadotaveirajr.com.br\/index.php\/ministerio-da-justica-nao-vai-renovar-uso-da-forca-nacional-em-buscas-por-fugitivos-de-mossoro\/","title":{"rendered":"Minist\u00e9rio da Justi\u00e7a n\u00e3o vai renovar uso da For\u00e7a Nacional em buscas por fugitivos de Mossor\u00f3"},"content":{"rendered":"<p>     Equipes permanecem at\u00e9 a sexta-feira (29) e em seguida deixam a opera\u00e7\u00e3o em busca de Deibson Nascimento e Rog\u00e9rio Mendon\u00e7a, que fugiram no dia 14 de fevereiro.  8\/3\/24 &#8211; Opera\u00e7\u00e3o por buscas e recaptura dos fugitivos da Penitenci\u00e1ria de Mossor\u00f3 na \u00e1rea rural de Bara\u00fana. For\u00e7a Nacional sendo utilizada<br \/>\nJ\u00fanior Alves<br \/>\nO Minist\u00e9rio da Justi\u00e7a e Seguran\u00e7a P\u00fablica n\u00e3o vai renovar o uso da For\u00e7a Nacional nas buscas pelos fugitivos da Penitenci\u00e1ria Federal de Mossor\u00f3. A informa\u00e7\u00e3o foi confirmada pela Secretaria Nacional de Pol\u00edticas Penais (Senappen).<br \/>\nO uso da For\u00e7a Nacional havia sido renovado, em 20 de mar\u00e7o, por 10 dias &#8211; prazo que termina na pr\u00f3xima sexta-feira (29).<br \/>\nDeibson Nascimento e Rog\u00e9rio Mendon\u00e7a fugiram da Penitenci\u00e1ria Federal de Mossor\u00f3 no dia 14 de fevereiro. Desde ent\u00e3o, a opera\u00e7\u00e3o em busca da dupla se concentra entre as cidades vizinhas Mossor\u00f3 e Bara\u00fana.<br \/>\nLEIA TAMB\u00c9M:<br \/>\nFUGA EM MOSSOR\u00d3: Veja o que se sabe e o que falta esclarecer<br \/>\nDe acordo com a Senappen, as pr\u00f3ximas a\u00e7\u00f5es na opera\u00e7\u00e3o em busca dos fugitivos ter\u00e3o um mudan\u00e7a de estrat\u00e9gia, com o uso das for\u00e7as locais, como as pol\u00edcias Militar, Civil e Judici\u00e1ria. Segundo o titular da Senappen, a Pol\u00edcia Federal tamb\u00e9m manter\u00e1 a investiga\u00e7\u00e3o.<br \/>\nO uso da For\u00e7a Nacional nas buscas foi autorizado no dia 19 de fevereiro pelo Ministro da Justi\u00e7a e Seguran\u00e7a P\u00fablica, Ricardo Lewandowski. Ao todo, 100 homens e 20 viaturas desembarcaram em Mossor\u00f3 para auxiliar na procura pelos dois foragidos.<br \/>\nA For\u00e7a Nacional \u00e9 composta por policiais e bombeiros militares, al\u00e9m de policiais civis e peritos.<br \/>\nA fuga<br \/>\nRog\u00e9rio e Deibson fugiram da Penitenci\u00e1ria Federal de Mossor\u00f3 no dia 14 de fevereiro, Quarta-Feira de Cinzas. Os dois presos, originalmente do Acre, estavam na unidade desde setembro de 2023 e s\u00e3o do Comando Vermelho.<br \/>\nEsta foi a primeira fuga registrada na hist\u00f3ria do sistema penitenci\u00e1rio federal, que inclui ainda penitenci\u00e1rias em Bras\u00edlia (DF), Catanduvas (PR), Campo Grande (MS) e Porto Velho (RO).<br \/>\nPasso a passo dos criminosos em fuga<br \/>\nArte: g1<\/p>","protected":false},"excerpt":{"rendered":"<p>Equipes permanecem at\u00e9 a sexta-feira (29) e em seguida deixam a opera\u00e7\u00e3o em busca de Deibson Nascimento e Rog\u00e9rio Mendon\u00e7a, que fugiram no dia 14 de fevereiro. 8\/3\/24 &#8211; Opera\u00e7\u00e3o &#8230;<\/p>\n","protected":false},"author":0,"featured_media":4793,"parent":0,"menu_order":0,"comment_status":"closed","ping_status":"closed","template":"","meta":{"footnotes":""},"class_list":["post-4792","page","type-page","status-publish","has-post-thumbnail","hentry"],"yoast_head":"<!-- This site is optimized with the Yoast SEO plugin v27.1.1 - https:\/\/yoast.com\/product\/yoast-seo-wordpress\/ -->\n<title>Minist\u00e9rio da Justi\u00e7a n\u00e3o vai renovar uso da For\u00e7a Nacional em buscas por fugitivos de Mossor\u00f3 - Taveira Jr<\/title>\n<meta name=\"robots\" content=\"index, follow, max-snippet:-1, max-image-preview:large, max-video-preview:-1\" \/>\n<link rel=\"canonical\" href=\"https:\/\/deputadotaveirajr.com.br\/index.php\/ministerio-da-justica-nao-vai-renovar-uso-da-forca-nacional-em-buscas-por-fugitivos-de-mossoro\/\" \/>\n<meta property=\"og:locale\" content=\"pt_BR\" \/>\n<meta property=\"og:type\" content=\"article\" \/>\n<meta property=\"og:title\" content=\"Minist\u00e9rio da Justi\u00e7a n\u00e3o vai renovar uso da For\u00e7a Nacional em buscas por fugitivos de Mossor\u00f3 - Taveira Jr\" \/>\n<meta property=\"og:description\" content=\"Equipes permanecem at\u00e9 a sexta-feira (29) e em seguida deixam a opera\u00e7\u00e3o em busca de Deibson Nascimento e Rog\u00e9rio Mendon\u00e7a, que fugiram no dia 14 de fevereiro. 8\/3\/24 &#8211; Opera\u00e7\u00e3o ...\" \/>\n<meta property=\"og:url\" content=\"https:\/\/deputadotaveirajr.com.br\/index.php\/ministerio-da-justica-nao-vai-renovar-uso-da-forca-nacional-em-buscas-por-fugitivos-de-mossoro\/\" \/>\n<meta property=\"og:site_name\" content=\"Taveira Jr\" \/>\n<meta property=\"og:image\" content=\"https:\/\/deputadotaveirajr.com.br\/wp-content\/uploads\/2024\/03\/whatsapp-image-2024-03-08-at-17.02.20-2-gVD3uc.jpeg\" \/>\n\t<meta property=\"og:image:width\" content=\"1600\" \/>\n\t<meta property=\"og:image:height\" content=\"1200\" \/>\n\t<meta property=\"og:image:type\" content=\"image\/jpeg\" \/>\n<meta name=\"twitter:card\" content=\"summary_large_image\" \/>\n<meta name=\"twitter:label1\" content=\"Est. tempo de leitura\" \/>\n\t<meta name=\"twitter:data1\" content=\"2 minutos\" \/>\n<script type=\"application\/ld+json\" class=\"yoast-schema-graph\">{\"@context\":\"https:\/\/schema.org\",\"@graph\":[{\"@type\":\"WebPage\",\"@id\":\"https:\/\/deputadotaveirajr.com.br\/index.php\/ministerio-da-justica-nao-vai-renovar-uso-da-forca-nacional-em-buscas-por-fugitivos-de-mossoro\/\",\"url\":\"https:\/\/deputadotaveirajr.com.br\/index.php\/ministerio-da-justica-nao-vai-renovar-uso-da-forca-nacional-em-buscas-por-fugitivos-de-mossoro\/\",\"name\":\"Minist\u00e9rio da Justi\u00e7a n\u00e3o vai renovar uso da For\u00e7a Nacional em buscas por fugitivos de Mossor\u00f3 - Taveira Jr\",\"isPartOf\":{\"@id\":\"https:\/\/deputadotaveirajr.com.br\/#website\"},\"primaryImageOfPage\":{\"@id\":\"https:\/\/deputadotaveirajr.com.br\/index.php\/ministerio-da-justica-nao-vai-renovar-uso-da-forca-nacional-em-buscas-por-fugitivos-de-mossoro\/#primaryimage\"},\"image\":{\"@id\":\"https:\/\/deputadotaveirajr.com.br\/index.php\/ministerio-da-justica-nao-vai-renovar-uso-da-forca-nacional-em-buscas-por-fugitivos-de-mossoro\/#primaryimage\"},\"thumbnailUrl\":\"https:\/\/deputadotaveirajr.com.br\/wp-content\/uploads\/2024\/03\/whatsapp-image-2024-03-08-at-17.02.20-2-gVD3uc.jpeg\",\"datePublished\":\"2024-03-28T01:50:06+00:00\",\"breadcrumb\":{\"@id\":\"https:\/\/deputadotaveirajr.com.br\/index.php\/ministerio-da-justica-nao-vai-renovar-uso-da-forca-nacional-em-buscas-por-fugitivos-de-mossoro\/#breadcrumb\"},\"inLanguage\":\"pt-BR\",\"potentialAction\":[{\"@type\":\"ReadAction\",\"target\":[\"https:\/\/deputadotaveirajr.com.br\/index.php\/ministerio-da-justica-nao-vai-renovar-uso-da-forca-nacional-em-buscas-por-fugitivos-de-mossoro\/\"]}]},{\"@type\":\"ImageObject\",\"inLanguage\":\"pt-BR\",\"@id\":\"https:\/\/deputadotaveirajr.com.br\/index.php\/ministerio-da-justica-nao-vai-renovar-uso-da-forca-nacional-em-buscas-por-fugitivos-de-mossoro\/#primaryimage\",\"url\":\"https:\/\/deputadotaveirajr.com.br\/wp-content\/uploads\/2024\/03\/whatsapp-image-2024-03-08-at-17.02.20-2-gVD3uc.jpeg\",\"contentUrl\":\"https:\/\/deputadotaveirajr.com.br\/wp-content\/uploads\/2024\/03\/whatsapp-image-2024-03-08-at-17.02.20-2-gVD3uc.jpeg\",\"width\":1600,\"height\":1200},{\"@type\":\"BreadcrumbList\",\"@id\":\"https:\/\/deputadotaveirajr.com.br\/index.php\/ministerio-da-justica-nao-vai-renovar-uso-da-forca-nacional-em-buscas-por-fugitivos-de-mossoro\/#breadcrumb\",\"itemListElement\":[{\"@type\":\"ListItem\",\"position\":1,\"name\":\"In\u00edcio\",\"item\":\"https:\/\/deputadotaveirajr.com.br\/\"},{\"@type\":\"ListItem\",\"position\":2,\"name\":\"Minist\u00e9rio da Justi\u00e7a n\u00e3o vai renovar uso da For\u00e7a Nacional em buscas por fugitivos de Mossor\u00f3\"}]},{\"@type\":\"WebSite\",\"@id\":\"https:\/\/deputadotaveirajr.com.br\/#website\",\"url\":\"https:\/\/deputadotaveirajr.com.br\/\",\"name\":\"Taveira Jr\",\"description\":\"Deputado Estadual\",\"publisher\":{\"@id\":\"https:\/\/deputadotaveirajr.com.br\/#organization\"},\"potentialAction\":[{\"@type\":\"SearchAction\",\"target\":{\"@type\":\"EntryPoint\",\"urlTemplate\":\"https:\/\/deputadotaveirajr.com.br\/?s={search_term_string}\"},\"query-input\":{\"@type\":\"PropertyValueSpecification\",\"valueRequired\":true,\"valueName\":\"search_term_string\"}}],\"inLanguage\":\"pt-BR\"},{\"@type\":\"Organization\",\"@id\":\"https:\/\/deputadotaveirajr.com.br\/#organization\",\"name\":\"Taveira Jr\",\"url\":\"https:\/\/deputadotaveirajr.com.br\/\",\"logo\":{\"@type\":\"ImageObject\",\"inLanguage\":\"pt-BR\",\"@id\":\"https:\/\/deputadotaveirajr.com.br\/#\/schema\/logo\/image\/\",\"url\":\"https:\/\/deputadotaveirajr.com.br\/wp-content\/uploads\/2026\/01\/logolow2a.png\",\"contentUrl\":\"https:\/\/deputadotaveirajr.com.br\/wp-content\/uploads\/2026\/01\/logolow2a.png\",\"width\":290,\"height\":80,\"caption\":\"Taveira Jr\"},\"image\":{\"@id\":\"https:\/\/deputadotaveirajr.com.br\/#\/schema\/logo\/image\/\"}}]}<\/script>\n<!-- \/ Yoast SEO plugin. -->","yoast_head_json":{"title":"Minist\u00e9rio da Justi\u00e7a n\u00e3o vai renovar uso da For\u00e7a Nacional em buscas por fugitivos de Mossor\u00f3 - Taveira Jr","robots":{"index":"index","follow":"follow","max-snippet":"max-snippet:-1","max-image-preview":"max-image-preview:large","max-video-preview":"max-video-preview:-1"},"canonical":"https:\/\/deputadotaveirajr.com.br\/index.php\/ministerio-da-justica-nao-vai-renovar-uso-da-forca-nacional-em-buscas-por-fugitivos-de-mossoro\/","og_locale":"pt_BR","og_type":"article","og_title":"Minist\u00e9rio da Justi\u00e7a n\u00e3o vai renovar uso da For\u00e7a Nacional em buscas por fugitivos de Mossor\u00f3 - Taveira Jr","og_description":"Equipes permanecem at\u00e9 a sexta-feira (29) e em seguida deixam a opera\u00e7\u00e3o em busca de Deibson Nascimento e Rog\u00e9rio Mendon\u00e7a, que fugiram no dia 14 de fevereiro. 8\/3\/24 &#8211; Opera\u00e7\u00e3o ...","og_url":"https:\/\/deputadotaveirajr.com.br\/index.php\/ministerio-da-justica-nao-vai-renovar-uso-da-forca-nacional-em-buscas-por-fugitivos-de-mossoro\/","og_site_name":"Taveira Jr","og_image":[{"width":1600,"height":1200,"url":"https:\/\/deputadotaveirajr.com.br\/wp-content\/uploads\/2024\/03\/whatsapp-image-2024-03-08-at-17.02.20-2-gVD3uc.jpeg","type":"image\/jpeg"}],"twitter_card":"summary_large_image","twitter_misc":{"Est. tempo de leitura":"2 minutos"},"schema":{"@context":"https:\/\/schema.org","@graph":[{"@type":"WebPage","@id":"https:\/\/deputadotaveirajr.com.br\/index.php\/ministerio-da-justica-nao-vai-renovar-uso-da-forca-nacional-em-buscas-por-fugitivos-de-mossoro\/","url":"https:\/\/deputadotaveirajr.com.br\/index.php\/ministerio-da-justica-nao-vai-renovar-uso-da-forca-nacional-em-buscas-por-fugitivos-de-mossoro\/","name":"Minist\u00e9rio da Justi\u00e7a n\u00e3o vai renovar uso da For\u00e7a Nacional em buscas por fugitivos de Mossor\u00f3 - Taveira Jr","isPartOf":{"@id":"https:\/\/deputadotaveirajr.com.br\/#website"},"primaryImageOfPage":{"@id":"https:\/\/deputadotaveirajr.com.br\/index.php\/ministerio-da-justica-nao-vai-renovar-uso-da-forca-nacional-em-buscas-por-fugitivos-de-mossoro\/#primaryimage"},"image":{"@id":"https:\/\/deputadotaveirajr.com.br\/index.php\/ministerio-da-justica-nao-vai-renovar-uso-da-forca-nacional-em-buscas-por-fugitivos-de-mossoro\/#primaryimage"},"thumbnailUrl":"https:\/\/deputadotaveirajr.com.br\/wp-content\/uploads\/2024\/03\/whatsapp-image-2024-03-08-at-17.02.20-2-gVD3uc.jpeg","datePublished":"2024-03-28T01:50:06+00:00","breadcrumb":{"@id":"https:\/\/deputadotaveirajr.com.br\/index.php\/ministerio-da-justica-nao-vai-renovar-uso-da-forca-nacional-em-buscas-por-fugitivos-de-mossoro\/#breadcrumb"},"inLanguage":"pt-BR","potentialAction":[{"@type":"ReadAction","target":["https:\/\/deputadotaveirajr.com.br\/index.php\/ministerio-da-justica-nao-vai-renovar-uso-da-forca-nacional-em-buscas-por-fugitivos-de-mossoro\/"]}]},{"@type":"ImageObject","inLanguage":"pt-BR","@id":"https:\/\/deputadotaveirajr.com.br\/index.php\/ministerio-da-justica-nao-vai-renovar-uso-da-forca-nacional-em-buscas-por-fugitivos-de-mossoro\/#primaryimage","url":"https:\/\/deputadotaveirajr.com.br\/wp-content\/uploads\/2024\/03\/whatsapp-image-2024-03-08-at-17.02.20-2-gVD3uc.jpeg","contentUrl":"https:\/\/deputadotaveirajr.com.br\/wp-content\/uploads\/2024\/03\/whatsapp-image-2024-03-08-at-17.02.20-2-gVD3uc.jpeg","width":1600,"height":1200},{"@type":"BreadcrumbList","@id":"https:\/\/deputadotaveirajr.com.br\/index.php\/ministerio-da-justica-nao-vai-renovar-uso-da-forca-nacional-em-buscas-por-fugitivos-de-mossoro\/#breadcrumb","itemListElement":[{"@type":"ListItem","position":1,"name":"In\u00edcio","item":"https:\/\/deputadotaveirajr.com.br\/"},{"@type":"ListItem","position":2,"name":"Minist\u00e9rio da Justi\u00e7a n\u00e3o vai renovar uso da For\u00e7a Nacional em buscas por fugitivos de Mossor\u00f3"}]},{"@type":"WebSite","@id":"https:\/\/deputadotaveirajr.com.br\/#website","url":"https:\/\/deputadotaveirajr.com.br\/","name":"Taveira Jr","description":"Deputado Estadual","publisher":{"@id":"https:\/\/deputadotaveirajr.com.br\/#organization"},"potentialAction":[{"@type":"SearchAction","target":{"@type":"EntryPoint","urlTemplate":"https:\/\/deputadotaveirajr.com.br\/?s={search_term_string}"},"query-input":{"@type":"PropertyValueSpecification","valueRequired":true,"valueName":"search_term_string"}}],"inLanguage":"pt-BR"},{"@type":"Organization","@id":"https:\/\/deputadotaveirajr.com.br\/#organization","name":"Taveira Jr","url":"https:\/\/deputadotaveirajr.com.br\/","logo":{"@type":"ImageObject","inLanguage":"pt-BR","@id":"https:\/\/deputadotaveirajr.com.br\/#\/schema\/logo\/image\/","url":"https:\/\/deputadotaveirajr.com.br\/wp-content\/uploads\/2026\/01\/logolow2a.png","contentUrl":"https:\/\/deputadotaveirajr.com.br\/wp-content\/uploads\/2026\/01\/logolow2a.png","width":290,"height":80,"caption":"Taveira Jr"},"image":{"@id":"https:\/\/deputadotaveirajr.com.br\/#\/schema\/logo\/image\/"}}]}},"_links":{"self":[{"href":"https:\/\/deputadotaveirajr.com.br\/index.php\/wp-json\/wp\/v2\/pages\/4792","targetHints":{"allow":["GET"]}}],"collection":[{"href":"https:\/\/deputadotaveirajr.com.br\/index.php\/wp-json\/wp\/v2\/pages"}],"about":[{"href":"https:\/\/deputadotaveirajr.com.br\/index.php\/wp-json\/wp\/v2\/types\/page"}],"replies":[{"embeddable":true,"href":"https:\/\/deputadotaveirajr.com.br\/index.php\/wp-json\/wp\/v2\/comments?post=4792"}],"version-history":[{"count":1,"href":"https:\/\/deputadotaveirajr.com.br\/index.php\/wp-json\/wp\/v2\/pages\/4792\/revisions"}],"predecessor-version":[{"id":4798,"href":"https:\/\/deputadotaveirajr.com.br\/index.php\/wp-json\/wp\/v2\/pages\/4792\/revisions\/4798"}],"wp:featuredmedia":[{"embeddable":true,"href":"https:\/\/deputadotaveirajr.com.br\/index.php\/wp-json\/wp\/v2\/media\/4793"}],"wp:attachment":[{"href":"https:\/\/deputadotaveirajr.com.br\/index.php\/wp-json\/wp\/v2\/media?parent=4792"}],"curies":[{"name":"wp","href":"https:\/\/api.w.org\/{rel}","templated":true}]}}