{"id":4816,"date":"2024-03-28T23:50:21","date_gmt":"2024-03-29T02:50:21","guid":{"rendered":"https:\/\/deputadotaveirajr.com.br\/?page_id=4816"},"modified":"2024-03-28T23:50:21","modified_gmt":"2024-03-29T02:50:21","slug":"moradores-queimam-pneus-e-fecham-avenida-em-protesto-apos-adolescente-ser-atropelada-na-grande-natal","status":"publish","type":"page","link":"https:\/\/deputadotaveirajr.com.br\/index.php\/moradores-queimam-pneus-e-fecham-avenida-em-protesto-apos-adolescente-ser-atropelada-na-grande-natal\/","title":{"rendered":"Moradores queimam pneus e fecham avenida em protesto ap\u00f3s adolescente ser atropelada na Grande Natal"},"content":{"rendered":"<p>     Adolescente de 12 anos foi atropelada na quarta-feira (27) na Avenida Olavo Montenegro, em Parnamirim. Moradores cobram implanta\u00e7\u00e3o de redutores de velocidade. Moradores colocaram fogo em pneus e interditaram a Avenida Olavo Montenegro<br \/>\nDivulga\u00e7\u00e3o<br \/>\nMoradores do bairro Parque das \u00c1rvores, em Parnamirim, na Grande Natal, queimaram pneus e fecharam a Avenida Olavo Lacerda Montenegro na tarde desta quinta-feira (28) em um protesto ap\u00f3s uma adolescente de 12 anos de idade ter sido atropelada na quarta-feira (27).<br \/>\nMaria Ester foi internada na Unidade de Terapia Intensiva (UTI) do Hospital Monsenhor Walfredo Gurgel ap\u00f3s o acidente. De acordo com o pai dela, a adolescente seguia na unidade at\u00e9 a noite desta quinta.<br \/>\n\ud83d\udcf3Participe do canal do g1 RN no WhatsApp e receba no seu celular as not\u00edcias do estado<br \/>\nA adolescente foi atropelada quando ia para a Escola Municipal Brigadeiro Eduardo Gomes, onde estuda, que fica a cerca de 3 km de dist\u00e2ncia de casa.<br \/>\nSem transporte escolar h\u00e1 algumas semanas, ela foi para uma parada de \u00f4nibus, mas desistiu por conta da demora e estava retornando para casa. Quando atravessava a rua para retornar, ela foi atropelada.<br \/>\nOs moradores reclamaram que acidentes s\u00e3o comuns na avenida e disseram que os ve\u00edculos costumam passar em alta velocidade no trecho.<br \/>\n&#8220;N\u00e3o tem faixa de pedreste, n\u00e3o tem redutores de velocidade. Os carros aqui s\u00f3 trafegam em alta velocidade&#8221;, disse o aposentado F\u00e1bio Sena.<br \/>\nEm nota, o Departamento Estadual de Tr\u00e2nsito do RN (Detran) disse que implantou no \u00faltimo m\u00eas de fevereiro nova sinaliza\u00e7\u00e3o de tr\u00e1fego no trecho mais movimentado na avenida Olavo Lacerda Montenegro.  Segundo o \u00f3rg\u00e3o, foram instalados 17 novas placas.<br \/>\nO \u00f3rg\u00e3o disse tamb\u00e9m que &#8220;est\u00e1 com processo aberto com estudo de viabilidade para implanta\u00e7\u00e3o de radares de monitoramento eletr\u00f4nico de velocidade em trechos da Av. Olavo Lacerda Montenegro&#8221;.<br \/>\nEm outubro de 2022, um homem morreu atropelado na avenida enquanto abastecia o pr\u00f3prio ve\u00edculo, que tinha tido uma pane seca por conta da falta de combust\u00edvel.<br \/>\nV\u00eddeos mais assistidos do g1 RN<\/p>","protected":false},"excerpt":{"rendered":"<p>Adolescente de 12 anos foi atropelada na quarta-feira (27) na Avenida Olavo Montenegro, em Parnamirim. Moradores cobram implanta\u00e7\u00e3o de redutores de velocidade. Moradores colocaram fogo em pneus e interditaram a &#8230;<\/p>\n","protected":false},"author":0,"featured_media":4817,"parent":0,"menu_order":0,"comment_status":"closed","ping_status":"closed","template":"","meta":{"footnotes":""},"class_list":["post-4816","page","type-page","status-publish","has-post-thumbnail","hentry"],"yoast_head":"<!-- This site is optimized with the Yoast SEO plugin v27.1.1 - https:\/\/yoast.com\/product\/yoast-seo-wordpress\/ -->\n<title>Moradores queimam pneus e fecham avenida em protesto ap\u00f3s adolescente ser atropelada na Grande Natal - Taveira Jr<\/title>\n<meta name=\"robots\" content=\"index, follow, max-snippet:-1, max-image-preview:large, max-video-preview:-1\" \/>\n<link rel=\"canonical\" href=\"https:\/\/deputadotaveirajr.com.br\/index.php\/moradores-queimam-pneus-e-fecham-avenida-em-protesto-apos-adolescente-ser-atropelada-na-grande-natal\/\" \/>\n<meta property=\"og:locale\" content=\"pt_BR\" \/>\n<meta property=\"og:type\" content=\"article\" \/>\n<meta property=\"og:title\" content=\"Moradores queimam pneus e fecham avenida em protesto ap\u00f3s adolescente ser atropelada na Grande Natal - Taveira Jr\" \/>\n<meta property=\"og:description\" content=\"Adolescente de 12 anos foi atropelada na quarta-feira (27) na Avenida Olavo Montenegro, em Parnamirim. Moradores cobram implanta\u00e7\u00e3o de redutores de velocidade. Moradores colocaram fogo em pneus e interditaram a ...\" \/>\n<meta property=\"og:url\" content=\"https:\/\/deputadotaveirajr.com.br\/index.php\/moradores-queimam-pneus-e-fecham-avenida-em-protesto-apos-adolescente-ser-atropelada-na-grande-natal\/\" \/>\n<meta property=\"og:site_name\" content=\"Taveira Jr\" \/>\n<meta property=\"og:image\" content=\"https:\/\/deputadotaveirajr.com.br\/wp-content\/uploads\/2024\/03\/captura-de-tela-2024-03-28-203329-vkcQsc.jpeg\" \/>\n\t<meta property=\"og:image:width\" content=\"686\" \/>\n\t<meta property=\"og:image:height\" content=\"566\" \/>\n\t<meta property=\"og:image:type\" content=\"image\/jpeg\" \/>\n<meta name=\"twitter:card\" content=\"summary_large_image\" \/>\n<meta name=\"twitter:label1\" content=\"Est. tempo de leitura\" \/>\n\t<meta name=\"twitter:data1\" content=\"2 minutos\" \/>\n<script type=\"application\/ld+json\" class=\"yoast-schema-graph\">{\"@context\":\"https:\/\/schema.org\",\"@graph\":[{\"@type\":\"WebPage\",\"@id\":\"https:\/\/deputadotaveirajr.com.br\/index.php\/moradores-queimam-pneus-e-fecham-avenida-em-protesto-apos-adolescente-ser-atropelada-na-grande-natal\/\",\"url\":\"https:\/\/deputadotaveirajr.com.br\/index.php\/moradores-queimam-pneus-e-fecham-avenida-em-protesto-apos-adolescente-ser-atropelada-na-grande-natal\/\",\"name\":\"Moradores queimam pneus e fecham avenida em protesto ap\u00f3s adolescente ser atropelada na Grande Natal - Taveira Jr\",\"isPartOf\":{\"@id\":\"https:\/\/deputadotaveirajr.com.br\/#website\"},\"primaryImageOfPage\":{\"@id\":\"https:\/\/deputadotaveirajr.com.br\/index.php\/moradores-queimam-pneus-e-fecham-avenida-em-protesto-apos-adolescente-ser-atropelada-na-grande-natal\/#primaryimage\"},\"image\":{\"@id\":\"https:\/\/deputadotaveirajr.com.br\/index.php\/moradores-queimam-pneus-e-fecham-avenida-em-protesto-apos-adolescente-ser-atropelada-na-grande-natal\/#primaryimage\"},\"thumbnailUrl\":\"https:\/\/deputadotaveirajr.com.br\/wp-content\/uploads\/2024\/03\/captura-de-tela-2024-03-28-203329-vkcQsc.jpeg\",\"datePublished\":\"2024-03-29T02:50:21+00:00\",\"breadcrumb\":{\"@id\":\"https:\/\/deputadotaveirajr.com.br\/index.php\/moradores-queimam-pneus-e-fecham-avenida-em-protesto-apos-adolescente-ser-atropelada-na-grande-natal\/#breadcrumb\"},\"inLanguage\":\"pt-BR\",\"potentialAction\":[{\"@type\":\"ReadAction\",\"target\":[\"https:\/\/deputadotaveirajr.com.br\/index.php\/moradores-queimam-pneus-e-fecham-avenida-em-protesto-apos-adolescente-ser-atropelada-na-grande-natal\/\"]}]},{\"@type\":\"ImageObject\",\"inLanguage\":\"pt-BR\",\"@id\":\"https:\/\/deputadotaveirajr.com.br\/index.php\/moradores-queimam-pneus-e-fecham-avenida-em-protesto-apos-adolescente-ser-atropelada-na-grande-natal\/#primaryimage\",\"url\":\"https:\/\/deputadotaveirajr.com.br\/wp-content\/uploads\/2024\/03\/captura-de-tela-2024-03-28-203329-vkcQsc.jpeg\",\"contentUrl\":\"https:\/\/deputadotaveirajr.com.br\/wp-content\/uploads\/2024\/03\/captura-de-tela-2024-03-28-203329-vkcQsc.jpeg\",\"width\":686,\"height\":566},{\"@type\":\"BreadcrumbList\",\"@id\":\"https:\/\/deputadotaveirajr.com.br\/index.php\/moradores-queimam-pneus-e-fecham-avenida-em-protesto-apos-adolescente-ser-atropelada-na-grande-natal\/#breadcrumb\",\"itemListElement\":[{\"@type\":\"ListItem\",\"position\":1,\"name\":\"In\u00edcio\",\"item\":\"https:\/\/deputadotaveirajr.com.br\/\"},{\"@type\":\"ListItem\",\"position\":2,\"name\":\"Moradores queimam pneus e fecham avenida em protesto ap\u00f3s adolescente ser atropelada na Grande Natal\"}]},{\"@type\":\"WebSite\",\"@id\":\"https:\/\/deputadotaveirajr.com.br\/#website\",\"url\":\"https:\/\/deputadotaveirajr.com.br\/\",\"name\":\"Taveira Jr\",\"description\":\"Deputado Estadual\",\"publisher\":{\"@id\":\"https:\/\/deputadotaveirajr.com.br\/#organization\"},\"potentialAction\":[{\"@type\":\"SearchAction\",\"target\":{\"@type\":\"EntryPoint\",\"urlTemplate\":\"https:\/\/deputadotaveirajr.com.br\/?s={search_term_string}\"},\"query-input\":{\"@type\":\"PropertyValueSpecification\",\"valueRequired\":true,\"valueName\":\"search_term_string\"}}],\"inLanguage\":\"pt-BR\"},{\"@type\":\"Organization\",\"@id\":\"https:\/\/deputadotaveirajr.com.br\/#organization\",\"name\":\"Taveira Jr\",\"url\":\"https:\/\/deputadotaveirajr.com.br\/\",\"logo\":{\"@type\":\"ImageObject\",\"inLanguage\":\"pt-BR\",\"@id\":\"https:\/\/deputadotaveirajr.com.br\/#\/schema\/logo\/image\/\",\"url\":\"https:\/\/deputadotaveirajr.com.br\/wp-content\/uploads\/2026\/01\/logolow2a.png\",\"contentUrl\":\"https:\/\/deputadotaveirajr.com.br\/wp-content\/uploads\/2026\/01\/logolow2a.png\",\"width\":290,\"height\":80,\"caption\":\"Taveira Jr\"},\"image\":{\"@id\":\"https:\/\/deputadotaveirajr.com.br\/#\/schema\/logo\/image\/\"}}]}<\/script>\n<!-- \/ Yoast SEO plugin. -->","yoast_head_json":{"title":"Moradores queimam pneus e fecham avenida em protesto ap\u00f3s adolescente ser atropelada na Grande Natal - Taveira Jr","robots":{"index":"index","follow":"follow","max-snippet":"max-snippet:-1","max-image-preview":"max-image-preview:large","max-video-preview":"max-video-preview:-1"},"canonical":"https:\/\/deputadotaveirajr.com.br\/index.php\/moradores-queimam-pneus-e-fecham-avenida-em-protesto-apos-adolescente-ser-atropelada-na-grande-natal\/","og_locale":"pt_BR","og_type":"article","og_title":"Moradores queimam pneus e fecham avenida em protesto ap\u00f3s adolescente ser atropelada na Grande Natal - Taveira Jr","og_description":"Adolescente de 12 anos foi atropelada na quarta-feira (27) na Avenida Olavo Montenegro, em Parnamirim. Moradores cobram implanta\u00e7\u00e3o de redutores de velocidade. Moradores colocaram fogo em pneus e interditaram a ...","og_url":"https:\/\/deputadotaveirajr.com.br\/index.php\/moradores-queimam-pneus-e-fecham-avenida-em-protesto-apos-adolescente-ser-atropelada-na-grande-natal\/","og_site_name":"Taveira Jr","og_image":[{"width":686,"height":566,"url":"https:\/\/deputadotaveirajr.com.br\/wp-content\/uploads\/2024\/03\/captura-de-tela-2024-03-28-203329-vkcQsc.jpeg","type":"image\/jpeg"}],"twitter_card":"summary_large_image","twitter_misc":{"Est. tempo de leitura":"2 minutos"},"schema":{"@context":"https:\/\/schema.org","@graph":[{"@type":"WebPage","@id":"https:\/\/deputadotaveirajr.com.br\/index.php\/moradores-queimam-pneus-e-fecham-avenida-em-protesto-apos-adolescente-ser-atropelada-na-grande-natal\/","url":"https:\/\/deputadotaveirajr.com.br\/index.php\/moradores-queimam-pneus-e-fecham-avenida-em-protesto-apos-adolescente-ser-atropelada-na-grande-natal\/","name":"Moradores queimam pneus e fecham avenida em protesto ap\u00f3s adolescente ser atropelada na Grande Natal - Taveira Jr","isPartOf":{"@id":"https:\/\/deputadotaveirajr.com.br\/#website"},"primaryImageOfPage":{"@id":"https:\/\/deputadotaveirajr.com.br\/index.php\/moradores-queimam-pneus-e-fecham-avenida-em-protesto-apos-adolescente-ser-atropelada-na-grande-natal\/#primaryimage"},"image":{"@id":"https:\/\/deputadotaveirajr.com.br\/index.php\/moradores-queimam-pneus-e-fecham-avenida-em-protesto-apos-adolescente-ser-atropelada-na-grande-natal\/#primaryimage"},"thumbnailUrl":"https:\/\/deputadotaveirajr.com.br\/wp-content\/uploads\/2024\/03\/captura-de-tela-2024-03-28-203329-vkcQsc.jpeg","datePublished":"2024-03-29T02:50:21+00:00","breadcrumb":{"@id":"https:\/\/deputadotaveirajr.com.br\/index.php\/moradores-queimam-pneus-e-fecham-avenida-em-protesto-apos-adolescente-ser-atropelada-na-grande-natal\/#breadcrumb"},"inLanguage":"pt-BR","potentialAction":[{"@type":"ReadAction","target":["https:\/\/deputadotaveirajr.com.br\/index.php\/moradores-queimam-pneus-e-fecham-avenida-em-protesto-apos-adolescente-ser-atropelada-na-grande-natal\/"]}]},{"@type":"ImageObject","inLanguage":"pt-BR","@id":"https:\/\/deputadotaveirajr.com.br\/index.php\/moradores-queimam-pneus-e-fecham-avenida-em-protesto-apos-adolescente-ser-atropelada-na-grande-natal\/#primaryimage","url":"https:\/\/deputadotaveirajr.com.br\/wp-content\/uploads\/2024\/03\/captura-de-tela-2024-03-28-203329-vkcQsc.jpeg","contentUrl":"https:\/\/deputadotaveirajr.com.br\/wp-content\/uploads\/2024\/03\/captura-de-tela-2024-03-28-203329-vkcQsc.jpeg","width":686,"height":566},{"@type":"BreadcrumbList","@id":"https:\/\/deputadotaveirajr.com.br\/index.php\/moradores-queimam-pneus-e-fecham-avenida-em-protesto-apos-adolescente-ser-atropelada-na-grande-natal\/#breadcrumb","itemListElement":[{"@type":"ListItem","position":1,"name":"In\u00edcio","item":"https:\/\/deputadotaveirajr.com.br\/"},{"@type":"ListItem","position":2,"name":"Moradores queimam pneus e fecham avenida em protesto ap\u00f3s adolescente ser atropelada na Grande Natal"}]},{"@type":"WebSite","@id":"https:\/\/deputadotaveirajr.com.br\/#website","url":"https:\/\/deputadotaveirajr.com.br\/","name":"Taveira Jr","description":"Deputado Estadual","publisher":{"@id":"https:\/\/deputadotaveirajr.com.br\/#organization"},"potentialAction":[{"@type":"SearchAction","target":{"@type":"EntryPoint","urlTemplate":"https:\/\/deputadotaveirajr.com.br\/?s={search_term_string}"},"query-input":{"@type":"PropertyValueSpecification","valueRequired":true,"valueName":"search_term_string"}}],"inLanguage":"pt-BR"},{"@type":"Organization","@id":"https:\/\/deputadotaveirajr.com.br\/#organization","name":"Taveira Jr","url":"https:\/\/deputadotaveirajr.com.br\/","logo":{"@type":"ImageObject","inLanguage":"pt-BR","@id":"https:\/\/deputadotaveirajr.com.br\/#\/schema\/logo\/image\/","url":"https:\/\/deputadotaveirajr.com.br\/wp-content\/uploads\/2026\/01\/logolow2a.png","contentUrl":"https:\/\/deputadotaveirajr.com.br\/wp-content\/uploads\/2026\/01\/logolow2a.png","width":290,"height":80,"caption":"Taveira Jr"},"image":{"@id":"https:\/\/deputadotaveirajr.com.br\/#\/schema\/logo\/image\/"}}]}},"_links":{"self":[{"href":"https:\/\/deputadotaveirajr.com.br\/index.php\/wp-json\/wp\/v2\/pages\/4816","targetHints":{"allow":["GET"]}}],"collection":[{"href":"https:\/\/deputadotaveirajr.com.br\/index.php\/wp-json\/wp\/v2\/pages"}],"about":[{"href":"https:\/\/deputadotaveirajr.com.br\/index.php\/wp-json\/wp\/v2\/types\/page"}],"replies":[{"embeddable":true,"href":"https:\/\/deputadotaveirajr.com.br\/index.php\/wp-json\/wp\/v2\/comments?post=4816"}],"version-history":[{"count":1,"href":"https:\/\/deputadotaveirajr.com.br\/index.php\/wp-json\/wp\/v2\/pages\/4816\/revisions"}],"predecessor-version":[{"id":4819,"href":"https:\/\/deputadotaveirajr.com.br\/index.php\/wp-json\/wp\/v2\/pages\/4816\/revisions\/4819"}],"wp:featuredmedia":[{"embeddable":true,"href":"https:\/\/deputadotaveirajr.com.br\/index.php\/wp-json\/wp\/v2\/media\/4817"}],"wp:attachment":[{"href":"https:\/\/deputadotaveirajr.com.br\/index.php\/wp-json\/wp\/v2\/media?parent=4816"}],"curies":[{"name":"wp","href":"https:\/\/api.w.org\/{rel}","templated":true}]}}