{"id":4825,"date":"2024-03-29T13:56:31","date_gmt":"2024-03-29T16:56:31","guid":{"rendered":"https:\/\/deputadotaveirajr.com.br\/?page_id=4825"},"modified":"2024-03-29T13:56:31","modified_gmt":"2024-03-29T16:56:31","slug":"video-homem-esfaqueia-cachorro-e-e-indiciado-por-maus-tratos-no-interior-do-rn","status":"publish","type":"page","link":"https:\/\/deputadotaveirajr.com.br\/index.php\/video-homem-esfaqueia-cachorro-e-e-indiciado-por-maus-tratos-no-interior-do-rn\/","title":{"rendered":"V\u00cdDEO: Homem esfaqueia cachorro e \u00e9 indiciado por maus-tratos no interior do RN"},"content":{"rendered":"<p>     Crime aconteceu em Currais Novos e \u00e9 investigado pela Pol\u00edcia Civil. Animal foi socorrido e passa bem.  Homem esfaqueia cachorro em Currais Novos (V\u00eddeo: cedido Blog Anthony Medeiros)<br \/>\nUm video gravado por uma c\u00e2mera de seguran\u00e7a mostra o momento em que um homem tentou matar dois cachorros a facadas no \u00faltimo fim de semana, em Currais Novos, na regi\u00e3o Serid\u00f3 potiguar. Um dos animais ficou ferido.<br \/>\nSegundo a Pol\u00edcia Civil, o suspeito foi identificado e indiciado pelo crime de maus-tratos, com pena de at\u00e9 5 anos de pris\u00e3o. O animal passa bem.<br \/>\nO delegado Paulo Ferreira, respons\u00e1vel pela investiga\u00e7\u00e3o, afirmou que o caso aconteceu em uma empresa de gesso, localizada na cidade, no \u00faltimo s\u00e1bado (23).<br \/>\nCom o in\u00edcio das investiga\u00e7\u00f5es, o homem foi identificado e chamado \u00e0 delegacia, onde prestou depoimento e confessou o crime. Apesar de liberado, ap\u00f3s o depoimento, o homem foi indiciado por maus-tratos.<br \/>\n&#8220;Como justificativa para o ato, ele alegou que momentos antes os animais teriam avan\u00e7ado contra uma familiar dele. Essa situa\u00e7\u00e3o n\u00e3o foi averiguada ainda, mas foi a tese de justificativa dele&#8221;, disse o delegado.<br \/>\nV\u00eddeo mostra momento em que homem tenta ferir cachorros no RN<br \/>\nReprodu\u00e7\u00e3o<br \/>\nNas imagens, \u00e9 poss\u00edvel ver o momento em que o homem se aproxima do port\u00e3o do estabelecimento, saca uma faca e tenta atingir os animais. Embora os animais n\u00e3o sejam mostrados no v\u00eddeo, \u00e9 poss\u00edvel ver as sobras deles.<br \/>\nSegundo os propriet\u00e1rios do estabelecimento, um dos animais foi atingido no c\u00e9u da boca, mas teve o sangue estancado, foi socorrido e passa bem. O animal, que n\u00e3o tem nome, tem cerca de 4 anos.<br \/>\nCachorro esfaqueado foi socorrido e passa bem<br \/>\nCedida<br \/>\nVeja os v\u00eddeos mais assistidos no g1 RN<\/p>","protected":false},"excerpt":{"rendered":"<p>Crime aconteceu em Currais Novos e \u00e9 investigado pela Pol\u00edcia Civil. Animal foi socorrido e passa bem. Homem esfaqueia cachorro em Currais Novos (V\u00eddeo: cedido Blog Anthony Medeiros) Um video &#8230;<\/p>\n","protected":false},"author":0,"featured_media":4826,"parent":0,"menu_order":0,"comment_status":"closed","ping_status":"closed","template":"","meta":{"footnotes":""},"class_list":["post-4825","page","type-page","status-publish","has-post-thumbnail","hentry"],"yoast_head":"<!-- This site is optimized with the Yoast SEO plugin v27.1.1 - https:\/\/yoast.com\/product\/yoast-seo-wordpress\/ -->\n<title>V\u00cdDEO: Homem esfaqueia cachorro e \u00e9 indiciado por maus-tratos no interior do RN - Taveira Jr<\/title>\n<meta name=\"robots\" content=\"index, follow, max-snippet:-1, max-image-preview:large, max-video-preview:-1\" \/>\n<link rel=\"canonical\" href=\"https:\/\/deputadotaveirajr.com.br\/index.php\/video-homem-esfaqueia-cachorro-e-e-indiciado-por-maus-tratos-no-interior-do-rn\/\" \/>\n<meta property=\"og:locale\" content=\"pt_BR\" \/>\n<meta property=\"og:type\" content=\"article\" \/>\n<meta property=\"og:title\" content=\"V\u00cdDEO: Homem esfaqueia cachorro e \u00e9 indiciado por maus-tratos no interior do RN - Taveira Jr\" \/>\n<meta property=\"og:description\" content=\"Crime aconteceu em Currais Novos e \u00e9 investigado pela Pol\u00edcia Civil. Animal foi socorrido e passa bem. Homem esfaqueia cachorro em Currais Novos (V\u00eddeo: cedido Blog Anthony Medeiros) Um video ...\" \/>\n<meta property=\"og:url\" content=\"https:\/\/deputadotaveirajr.com.br\/index.php\/video-homem-esfaqueia-cachorro-e-e-indiciado-por-maus-tratos-no-interior-do-rn\/\" \/>\n<meta property=\"og:site_name\" content=\"Taveira Jr\" \/>\n<meta property=\"og:image\" content=\"https:\/\/deputadotaveirajr.com.br\/wp-content\/uploads\/2024\/03\/cachorros-hmjw59.jpeg\" \/>\n\t<meta property=\"og:image:width\" content=\"1102\" \/>\n\t<meta property=\"og:image:height\" content=\"642\" \/>\n\t<meta property=\"og:image:type\" content=\"image\/jpeg\" \/>\n<meta name=\"twitter:card\" content=\"summary_large_image\" \/>\n<meta name=\"twitter:label1\" content=\"Est. tempo de leitura\" \/>\n\t<meta name=\"twitter:data1\" content=\"2 minutos\" \/>\n<script type=\"application\/ld+json\" class=\"yoast-schema-graph\">{\"@context\":\"https:\/\/schema.org\",\"@graph\":[{\"@type\":\"WebPage\",\"@id\":\"https:\/\/deputadotaveirajr.com.br\/index.php\/video-homem-esfaqueia-cachorro-e-e-indiciado-por-maus-tratos-no-interior-do-rn\/\",\"url\":\"https:\/\/deputadotaveirajr.com.br\/index.php\/video-homem-esfaqueia-cachorro-e-e-indiciado-por-maus-tratos-no-interior-do-rn\/\",\"name\":\"V\u00cdDEO: Homem esfaqueia cachorro e \u00e9 indiciado por maus-tratos no interior do RN - Taveira Jr\",\"isPartOf\":{\"@id\":\"https:\/\/deputadotaveirajr.com.br\/#website\"},\"primaryImageOfPage\":{\"@id\":\"https:\/\/deputadotaveirajr.com.br\/index.php\/video-homem-esfaqueia-cachorro-e-e-indiciado-por-maus-tratos-no-interior-do-rn\/#primaryimage\"},\"image\":{\"@id\":\"https:\/\/deputadotaveirajr.com.br\/index.php\/video-homem-esfaqueia-cachorro-e-e-indiciado-por-maus-tratos-no-interior-do-rn\/#primaryimage\"},\"thumbnailUrl\":\"https:\/\/deputadotaveirajr.com.br\/wp-content\/uploads\/2024\/03\/cachorros-hmjw59.jpeg\",\"datePublished\":\"2024-03-29T16:56:31+00:00\",\"breadcrumb\":{\"@id\":\"https:\/\/deputadotaveirajr.com.br\/index.php\/video-homem-esfaqueia-cachorro-e-e-indiciado-por-maus-tratos-no-interior-do-rn\/#breadcrumb\"},\"inLanguage\":\"pt-BR\",\"potentialAction\":[{\"@type\":\"ReadAction\",\"target\":[\"https:\/\/deputadotaveirajr.com.br\/index.php\/video-homem-esfaqueia-cachorro-e-e-indiciado-por-maus-tratos-no-interior-do-rn\/\"]}]},{\"@type\":\"ImageObject\",\"inLanguage\":\"pt-BR\",\"@id\":\"https:\/\/deputadotaveirajr.com.br\/index.php\/video-homem-esfaqueia-cachorro-e-e-indiciado-por-maus-tratos-no-interior-do-rn\/#primaryimage\",\"url\":\"https:\/\/deputadotaveirajr.com.br\/wp-content\/uploads\/2024\/03\/cachorros-hmjw59.jpeg\",\"contentUrl\":\"https:\/\/deputadotaveirajr.com.br\/wp-content\/uploads\/2024\/03\/cachorros-hmjw59.jpeg\",\"width\":1102,\"height\":642},{\"@type\":\"BreadcrumbList\",\"@id\":\"https:\/\/deputadotaveirajr.com.br\/index.php\/video-homem-esfaqueia-cachorro-e-e-indiciado-por-maus-tratos-no-interior-do-rn\/#breadcrumb\",\"itemListElement\":[{\"@type\":\"ListItem\",\"position\":1,\"name\":\"In\u00edcio\",\"item\":\"https:\/\/deputadotaveirajr.com.br\/\"},{\"@type\":\"ListItem\",\"position\":2,\"name\":\"V\u00cdDEO: Homem esfaqueia cachorro e \u00e9 indiciado por maus-tratos no interior do RN\"}]},{\"@type\":\"WebSite\",\"@id\":\"https:\/\/deputadotaveirajr.com.br\/#website\",\"url\":\"https:\/\/deputadotaveirajr.com.br\/\",\"name\":\"Taveira Jr\",\"description\":\"Deputado Estadual\",\"publisher\":{\"@id\":\"https:\/\/deputadotaveirajr.com.br\/#organization\"},\"potentialAction\":[{\"@type\":\"SearchAction\",\"target\":{\"@type\":\"EntryPoint\",\"urlTemplate\":\"https:\/\/deputadotaveirajr.com.br\/?s={search_term_string}\"},\"query-input\":{\"@type\":\"PropertyValueSpecification\",\"valueRequired\":true,\"valueName\":\"search_term_string\"}}],\"inLanguage\":\"pt-BR\"},{\"@type\":\"Organization\",\"@id\":\"https:\/\/deputadotaveirajr.com.br\/#organization\",\"name\":\"Taveira Jr\",\"url\":\"https:\/\/deputadotaveirajr.com.br\/\",\"logo\":{\"@type\":\"ImageObject\",\"inLanguage\":\"pt-BR\",\"@id\":\"https:\/\/deputadotaveirajr.com.br\/#\/schema\/logo\/image\/\",\"url\":\"https:\/\/deputadotaveirajr.com.br\/wp-content\/uploads\/2026\/01\/logolow2a.png\",\"contentUrl\":\"https:\/\/deputadotaveirajr.com.br\/wp-content\/uploads\/2026\/01\/logolow2a.png\",\"width\":290,\"height\":80,\"caption\":\"Taveira Jr\"},\"image\":{\"@id\":\"https:\/\/deputadotaveirajr.com.br\/#\/schema\/logo\/image\/\"}}]}<\/script>\n<!-- \/ Yoast SEO plugin. -->","yoast_head_json":{"title":"V\u00cdDEO: Homem esfaqueia cachorro e \u00e9 indiciado por maus-tratos no interior do RN - Taveira Jr","robots":{"index":"index","follow":"follow","max-snippet":"max-snippet:-1","max-image-preview":"max-image-preview:large","max-video-preview":"max-video-preview:-1"},"canonical":"https:\/\/deputadotaveirajr.com.br\/index.php\/video-homem-esfaqueia-cachorro-e-e-indiciado-por-maus-tratos-no-interior-do-rn\/","og_locale":"pt_BR","og_type":"article","og_title":"V\u00cdDEO: Homem esfaqueia cachorro e \u00e9 indiciado por maus-tratos no interior do RN - Taveira Jr","og_description":"Crime aconteceu em Currais Novos e \u00e9 investigado pela Pol\u00edcia Civil. Animal foi socorrido e passa bem. Homem esfaqueia cachorro em Currais Novos (V\u00eddeo: cedido Blog Anthony Medeiros) Um video ...","og_url":"https:\/\/deputadotaveirajr.com.br\/index.php\/video-homem-esfaqueia-cachorro-e-e-indiciado-por-maus-tratos-no-interior-do-rn\/","og_site_name":"Taveira Jr","og_image":[{"width":1102,"height":642,"url":"https:\/\/deputadotaveirajr.com.br\/wp-content\/uploads\/2024\/03\/cachorros-hmjw59.jpeg","type":"image\/jpeg"}],"twitter_card":"summary_large_image","twitter_misc":{"Est. tempo de leitura":"2 minutos"},"schema":{"@context":"https:\/\/schema.org","@graph":[{"@type":"WebPage","@id":"https:\/\/deputadotaveirajr.com.br\/index.php\/video-homem-esfaqueia-cachorro-e-e-indiciado-por-maus-tratos-no-interior-do-rn\/","url":"https:\/\/deputadotaveirajr.com.br\/index.php\/video-homem-esfaqueia-cachorro-e-e-indiciado-por-maus-tratos-no-interior-do-rn\/","name":"V\u00cdDEO: Homem esfaqueia cachorro e \u00e9 indiciado por maus-tratos no interior do RN - Taveira Jr","isPartOf":{"@id":"https:\/\/deputadotaveirajr.com.br\/#website"},"primaryImageOfPage":{"@id":"https:\/\/deputadotaveirajr.com.br\/index.php\/video-homem-esfaqueia-cachorro-e-e-indiciado-por-maus-tratos-no-interior-do-rn\/#primaryimage"},"image":{"@id":"https:\/\/deputadotaveirajr.com.br\/index.php\/video-homem-esfaqueia-cachorro-e-e-indiciado-por-maus-tratos-no-interior-do-rn\/#primaryimage"},"thumbnailUrl":"https:\/\/deputadotaveirajr.com.br\/wp-content\/uploads\/2024\/03\/cachorros-hmjw59.jpeg","datePublished":"2024-03-29T16:56:31+00:00","breadcrumb":{"@id":"https:\/\/deputadotaveirajr.com.br\/index.php\/video-homem-esfaqueia-cachorro-e-e-indiciado-por-maus-tratos-no-interior-do-rn\/#breadcrumb"},"inLanguage":"pt-BR","potentialAction":[{"@type":"ReadAction","target":["https:\/\/deputadotaveirajr.com.br\/index.php\/video-homem-esfaqueia-cachorro-e-e-indiciado-por-maus-tratos-no-interior-do-rn\/"]}]},{"@type":"ImageObject","inLanguage":"pt-BR","@id":"https:\/\/deputadotaveirajr.com.br\/index.php\/video-homem-esfaqueia-cachorro-e-e-indiciado-por-maus-tratos-no-interior-do-rn\/#primaryimage","url":"https:\/\/deputadotaveirajr.com.br\/wp-content\/uploads\/2024\/03\/cachorros-hmjw59.jpeg","contentUrl":"https:\/\/deputadotaveirajr.com.br\/wp-content\/uploads\/2024\/03\/cachorros-hmjw59.jpeg","width":1102,"height":642},{"@type":"BreadcrumbList","@id":"https:\/\/deputadotaveirajr.com.br\/index.php\/video-homem-esfaqueia-cachorro-e-e-indiciado-por-maus-tratos-no-interior-do-rn\/#breadcrumb","itemListElement":[{"@type":"ListItem","position":1,"name":"In\u00edcio","item":"https:\/\/deputadotaveirajr.com.br\/"},{"@type":"ListItem","position":2,"name":"V\u00cdDEO: Homem esfaqueia cachorro e \u00e9 indiciado por maus-tratos no interior do RN"}]},{"@type":"WebSite","@id":"https:\/\/deputadotaveirajr.com.br\/#website","url":"https:\/\/deputadotaveirajr.com.br\/","name":"Taveira Jr","description":"Deputado Estadual","publisher":{"@id":"https:\/\/deputadotaveirajr.com.br\/#organization"},"potentialAction":[{"@type":"SearchAction","target":{"@type":"EntryPoint","urlTemplate":"https:\/\/deputadotaveirajr.com.br\/?s={search_term_string}"},"query-input":{"@type":"PropertyValueSpecification","valueRequired":true,"valueName":"search_term_string"}}],"inLanguage":"pt-BR"},{"@type":"Organization","@id":"https:\/\/deputadotaveirajr.com.br\/#organization","name":"Taveira Jr","url":"https:\/\/deputadotaveirajr.com.br\/","logo":{"@type":"ImageObject","inLanguage":"pt-BR","@id":"https:\/\/deputadotaveirajr.com.br\/#\/schema\/logo\/image\/","url":"https:\/\/deputadotaveirajr.com.br\/wp-content\/uploads\/2026\/01\/logolow2a.png","contentUrl":"https:\/\/deputadotaveirajr.com.br\/wp-content\/uploads\/2026\/01\/logolow2a.png","width":290,"height":80,"caption":"Taveira Jr"},"image":{"@id":"https:\/\/deputadotaveirajr.com.br\/#\/schema\/logo\/image\/"}}]}},"_links":{"self":[{"href":"https:\/\/deputadotaveirajr.com.br\/index.php\/wp-json\/wp\/v2\/pages\/4825","targetHints":{"allow":["GET"]}}],"collection":[{"href":"https:\/\/deputadotaveirajr.com.br\/index.php\/wp-json\/wp\/v2\/pages"}],"about":[{"href":"https:\/\/deputadotaveirajr.com.br\/index.php\/wp-json\/wp\/v2\/types\/page"}],"replies":[{"embeddable":true,"href":"https:\/\/deputadotaveirajr.com.br\/index.php\/wp-json\/wp\/v2\/comments?post=4825"}],"version-history":[{"count":1,"href":"https:\/\/deputadotaveirajr.com.br\/index.php\/wp-json\/wp\/v2\/pages\/4825\/revisions"}],"predecessor-version":[{"id":4830,"href":"https:\/\/deputadotaveirajr.com.br\/index.php\/wp-json\/wp\/v2\/pages\/4825\/revisions\/4830"}],"wp:featuredmedia":[{"embeddable":true,"href":"https:\/\/deputadotaveirajr.com.br\/index.php\/wp-json\/wp\/v2\/media\/4826"}],"wp:attachment":[{"href":"https:\/\/deputadotaveirajr.com.br\/index.php\/wp-json\/wp\/v2\/media?parent=4825"}],"curies":[{"name":"wp","href":"https:\/\/api.w.org\/{rel}","templated":true}]}}