{"id":4844,"date":"2024-03-30T12:40:02","date_gmt":"2024-03-30T15:40:02","guid":{"rendered":"https:\/\/deputadotaveirajr.com.br\/?page_id=4844"},"modified":"2024-03-30T12:40:02","modified_gmt":"2024-03-30T15:40:02","slug":"forca-nacional-deixa-operacao-de-busca-por-fugitivos-da-penitenciaria-federal-de-mossoro","status":"publish","type":"page","link":"https:\/\/deputadotaveirajr.com.br\/index.php\/forca-nacional-deixa-operacao-de-busca-por-fugitivos-da-penitenciaria-federal-de-mossoro\/","title":{"rendered":"For\u00e7a Nacional deixa opera\u00e7\u00e3o de busca por fugitivos da Penitenci\u00e1ria Federal de Mossor\u00f3"},"content":{"rendered":"<p>     Equipes permaneceram em atividade at\u00e9 a sexta-feira (29) e deixam a opera\u00e7\u00e3o em busca de Deibson Nascimento e Rog\u00e9rio Mendon\u00e7a, que chegou ao 46\u00ba dia. Equipes da For\u00e7a Nacional come\u00e7am a deixar a cidade de Mossor\u00f3<br \/>\nAmanda Melo\/Inter TV Costa Branca<br \/>\nA For\u00e7a Nacional encerrou nesta sexta-feira (29) a participa\u00e7\u00e3o nas buscas pelos fugitivos da Penitenci\u00e1ria Federal de Mossor\u00f3. Nesta semana, o Minist\u00e9rio da Justi\u00e7a e Seguran\u00e7a P\u00fablica decidiu n\u00e3o renovar o uso das equipes na opera\u00e7\u00e3o, e o \u00faltimo prazo estipulado se encerrou.<br \/>\nNeste s\u00e1bado (30), as equipes da For\u00e7a Nacional come\u00e7aram a deixar a cidade de Mossor\u00f3, onde a opera\u00e7\u00e3o estava concentrada. Os agentes come\u00e7aram a preparar as viaturas antes das 6h.<br \/>\nAntes de sair, eles se reuniram, fizeram uma esp\u00e9cie de ora\u00e7\u00e3o e depois foram entrando nas viaturas. As primeiras sa\u00edram de Mossor\u00f3 por volta das 6h45. As \u00faltimas deixaram o local \u00e0s 7h15.<br \/>\nAo todo, mais de 100 agentes e 20 viaturas estavam envolvidos nas buscas.<br \/>\nFor\u00e7a Nacional deixa Mossor\u00f3<br \/>\nInter TV Costa Branca<br \/>\nA For\u00e7a Nacional chegou a Mossor\u00f3 na madrugada do dia 23 de fevereiro, ap\u00f3s o uso ter sido autorizado no dia 19 pelo ministro da Justi\u00e7a, Ricardo Lewandowski.<br \/>\nDeibson Nascimento e Rog\u00e9rio Mendon\u00e7a fugiram da Penitenci\u00e1ria Federal de Mossor\u00f3 no dia 14 de fevereiro. Desde ent\u00e3o, a opera\u00e7\u00e3o em busca da dupla, que chegou aos 46\u00ba dia neste s\u00e1bado, se concentra entre as cidades vizinhas Mossor\u00f3 e Bara\u00fana.<br \/>\n8\/3\/24 &#8211; Opera\u00e7\u00e3o por buscas e recaptura dos fugitivos da Penitenci\u00e1ria de Mossor\u00f3 na \u00e1rea rural de Bara\u00fana. For\u00e7a Nacional sendo utilizada<br \/>\nJ\u00fanior Alves<br \/>\nLEIA TAMB\u00c9M:<br \/>\nFUGA EM MOSSOR\u00d3: Veja o que se sabe e o que falta esclarecer<br \/>\nDe acordo com o secret\u00e1rio Nacional de Pol\u00edticas Penais (Senappen), Andr\u00e9 Garcia, a retirada da For\u00e7a Nacional da regi\u00e3o onde as buscas estavam concentradas n\u00e3o significa que as buscas est\u00e3o encerradas e \u00e9 parte de uma mudan\u00e7a de estrat\u00e9gia na opera\u00e7\u00e3o para a recaptura da dupla.<br \/>\n&#8220;Faz parte de uma nova estrat\u00e9gia que estamos adotando no local, de intensifica\u00e7\u00e3o e concentra\u00e7\u00e3o de esfor\u00e7os na investiga\u00e7\u00e3o e na atividade de intelig\u00eancia. Por isso que n\u00e3o necessariamente precisamos de uma quantidade muito grande de policiais para fazer esse tipo de trabalho&#8221;, explicou em entrevista \u00e0 TV Globo, em Bras\u00edlia.<br \/>\nApesar disso, o secret\u00e1rio informou que, caso seja necess\u00e1rio uma intensifica\u00e7\u00e3o das buscas na regi\u00e3o de Mossor\u00f3 e Bara\u00fana, isso ficar\u00e1 a cargo das pol\u00edcias Militar, Civil e Penal.<br \/>\n&#8220;Ainda vai permanecer em Mossor\u00f3 a nossa For\u00e7a Nacional Penal. S\u00e3o policiais penais que est\u00e3o atuando tamb\u00e9m em apoio a essas atividades, mas especialmente em refor\u00e7o \u00e0 Penintenci\u00e1ria Federal de Mossor\u00f3&#8221;, disse.<br \/>\n&#8220;Precisamos apenas mudar o foco e concentrar os esfor\u00e7os no que interessa agora, que \u00e9 atividade de intelig\u00eancia, que vai dar suporte a essas investiga\u00e7\u00f5es e \u00e0s a\u00e7\u00f5es de recaptura&#8221;, disse.<br \/>\nA For\u00e7a Nacional \u00e9 composta por policiais e bombeiros militares, al\u00e9m de policiais civis e peritos.<br \/>\nSecret\u00e1rio nacional de pol\u00edticas penais diz que buscas por fugitivos continuam<br \/>\nA fuga<br \/>\nRog\u00e9rio e Deibson fugiram da Penitenci\u00e1ria Federal de Mossor\u00f3 no dia 14 de fevereiro, Quarta-Feira de Cinzas. Os dois presos, originalmente do Acre, estavam na unidade desde setembro de 2023 e s\u00e3o do Comando Vermelho.<br \/>\nEsta foi a primeira fuga registrada na hist\u00f3ria do sistema penitenci\u00e1rio federal, que inclui ainda penitenci\u00e1rias em Bras\u00edlia (DF), Catanduvas (PR), Campo Grande (MS) e Porto Velho (RO).<br \/>\nPasso a passo dos criminosos em fuga<br \/>\nArte: g1<\/p>","protected":false},"excerpt":{"rendered":"<p>Equipes permaneceram em atividade at\u00e9 a sexta-feira (29) e deixam a opera\u00e7\u00e3o em busca de Deibson Nascimento e Rog\u00e9rio Mendon\u00e7a, que chegou ao 46\u00ba dia. Equipes da For\u00e7a Nacional come\u00e7am &#8230;<\/p>\n","protected":false},"author":0,"featured_media":4845,"parent":0,"menu_order":0,"comment_status":"closed","ping_status":"closed","template":"","meta":{"footnotes":""},"class_list":["post-4844","page","type-page","status-publish","has-post-thumbnail","hentry"],"yoast_head":"<!-- This site is optimized with the Yoast SEO plugin v27.1.1 - https:\/\/yoast.com\/product\/yoast-seo-wordpress\/ -->\n<title>For\u00e7a Nacional deixa opera\u00e7\u00e3o de busca por fugitivos da Penitenci\u00e1ria Federal de Mossor\u00f3 - Taveira Jr<\/title>\n<meta name=\"robots\" content=\"index, follow, max-snippet:-1, max-image-preview:large, max-video-preview:-1\" \/>\n<link rel=\"canonical\" href=\"https:\/\/deputadotaveirajr.com.br\/index.php\/forca-nacional-deixa-operacao-de-busca-por-fugitivos-da-penitenciaria-federal-de-mossoro\/\" \/>\n<meta property=\"og:locale\" content=\"pt_BR\" \/>\n<meta property=\"og:type\" content=\"article\" \/>\n<meta property=\"og:title\" content=\"For\u00e7a Nacional deixa opera\u00e7\u00e3o de busca por fugitivos da Penitenci\u00e1ria Federal de Mossor\u00f3 - Taveira Jr\" \/>\n<meta property=\"og:description\" content=\"Equipes permaneceram em atividade at\u00e9 a sexta-feira (29) e deixam a opera\u00e7\u00e3o em busca de Deibson Nascimento e Rog\u00e9rio Mendon\u00e7a, que chegou ao 46\u00ba dia. Equipes da For\u00e7a Nacional come\u00e7am ...\" \/>\n<meta property=\"og:url\" content=\"https:\/\/deputadotaveirajr.com.br\/index.php\/forca-nacional-deixa-operacao-de-busca-por-fugitivos-da-penitenciaria-federal-de-mossoro\/\" \/>\n<meta property=\"og:site_name\" content=\"Taveira Jr\" \/>\n<meta property=\"og:image\" content=\"https:\/\/deputadotaveirajr.com.br\/wp-content\/uploads\/2024\/03\/forca-nacional-kD8hPP.jpeg\" \/>\n\t<meta property=\"og:image:width\" content=\"1156\" \/>\n\t<meta property=\"og:image:height\" content=\"651\" \/>\n\t<meta property=\"og:image:type\" content=\"image\/jpeg\" \/>\n<meta name=\"twitter:card\" content=\"summary_large_image\" \/>\n<meta name=\"twitter:label1\" content=\"Est. tempo de leitura\" \/>\n\t<meta name=\"twitter:data1\" content=\"3 minutos\" \/>\n<script type=\"application\/ld+json\" class=\"yoast-schema-graph\">{\"@context\":\"https:\/\/schema.org\",\"@graph\":[{\"@type\":\"WebPage\",\"@id\":\"https:\/\/deputadotaveirajr.com.br\/index.php\/forca-nacional-deixa-operacao-de-busca-por-fugitivos-da-penitenciaria-federal-de-mossoro\/\",\"url\":\"https:\/\/deputadotaveirajr.com.br\/index.php\/forca-nacional-deixa-operacao-de-busca-por-fugitivos-da-penitenciaria-federal-de-mossoro\/\",\"name\":\"For\u00e7a Nacional deixa opera\u00e7\u00e3o de busca por fugitivos da Penitenci\u00e1ria Federal de Mossor\u00f3 - Taveira Jr\",\"isPartOf\":{\"@id\":\"https:\/\/deputadotaveirajr.com.br\/#website\"},\"primaryImageOfPage\":{\"@id\":\"https:\/\/deputadotaveirajr.com.br\/index.php\/forca-nacional-deixa-operacao-de-busca-por-fugitivos-da-penitenciaria-federal-de-mossoro\/#primaryimage\"},\"image\":{\"@id\":\"https:\/\/deputadotaveirajr.com.br\/index.php\/forca-nacional-deixa-operacao-de-busca-por-fugitivos-da-penitenciaria-federal-de-mossoro\/#primaryimage\"},\"thumbnailUrl\":\"https:\/\/deputadotaveirajr.com.br\/wp-content\/uploads\/2024\/03\/forca-nacional-kD8hPP.jpeg\",\"datePublished\":\"2024-03-30T15:40:02+00:00\",\"breadcrumb\":{\"@id\":\"https:\/\/deputadotaveirajr.com.br\/index.php\/forca-nacional-deixa-operacao-de-busca-por-fugitivos-da-penitenciaria-federal-de-mossoro\/#breadcrumb\"},\"inLanguage\":\"pt-BR\",\"potentialAction\":[{\"@type\":\"ReadAction\",\"target\":[\"https:\/\/deputadotaveirajr.com.br\/index.php\/forca-nacional-deixa-operacao-de-busca-por-fugitivos-da-penitenciaria-federal-de-mossoro\/\"]}]},{\"@type\":\"ImageObject\",\"inLanguage\":\"pt-BR\",\"@id\":\"https:\/\/deputadotaveirajr.com.br\/index.php\/forca-nacional-deixa-operacao-de-busca-por-fugitivos-da-penitenciaria-federal-de-mossoro\/#primaryimage\",\"url\":\"https:\/\/deputadotaveirajr.com.br\/wp-content\/uploads\/2024\/03\/forca-nacional-kD8hPP.jpeg\",\"contentUrl\":\"https:\/\/deputadotaveirajr.com.br\/wp-content\/uploads\/2024\/03\/forca-nacional-kD8hPP.jpeg\",\"width\":1156,\"height\":651},{\"@type\":\"BreadcrumbList\",\"@id\":\"https:\/\/deputadotaveirajr.com.br\/index.php\/forca-nacional-deixa-operacao-de-busca-por-fugitivos-da-penitenciaria-federal-de-mossoro\/#breadcrumb\",\"itemListElement\":[{\"@type\":\"ListItem\",\"position\":1,\"name\":\"In\u00edcio\",\"item\":\"https:\/\/deputadotaveirajr.com.br\/\"},{\"@type\":\"ListItem\",\"position\":2,\"name\":\"For\u00e7a Nacional deixa opera\u00e7\u00e3o de busca por fugitivos da Penitenci\u00e1ria Federal de Mossor\u00f3\"}]},{\"@type\":\"WebSite\",\"@id\":\"https:\/\/deputadotaveirajr.com.br\/#website\",\"url\":\"https:\/\/deputadotaveirajr.com.br\/\",\"name\":\"Taveira Jr\",\"description\":\"Deputado Estadual\",\"publisher\":{\"@id\":\"https:\/\/deputadotaveirajr.com.br\/#organization\"},\"potentialAction\":[{\"@type\":\"SearchAction\",\"target\":{\"@type\":\"EntryPoint\",\"urlTemplate\":\"https:\/\/deputadotaveirajr.com.br\/?s={search_term_string}\"},\"query-input\":{\"@type\":\"PropertyValueSpecification\",\"valueRequired\":true,\"valueName\":\"search_term_string\"}}],\"inLanguage\":\"pt-BR\"},{\"@type\":\"Organization\",\"@id\":\"https:\/\/deputadotaveirajr.com.br\/#organization\",\"name\":\"Taveira Jr\",\"url\":\"https:\/\/deputadotaveirajr.com.br\/\",\"logo\":{\"@type\":\"ImageObject\",\"inLanguage\":\"pt-BR\",\"@id\":\"https:\/\/deputadotaveirajr.com.br\/#\/schema\/logo\/image\/\",\"url\":\"https:\/\/deputadotaveirajr.com.br\/wp-content\/uploads\/2026\/01\/logolow2a.png\",\"contentUrl\":\"https:\/\/deputadotaveirajr.com.br\/wp-content\/uploads\/2026\/01\/logolow2a.png\",\"width\":290,\"height\":80,\"caption\":\"Taveira Jr\"},\"image\":{\"@id\":\"https:\/\/deputadotaveirajr.com.br\/#\/schema\/logo\/image\/\"}}]}<\/script>\n<!-- \/ Yoast SEO plugin. -->","yoast_head_json":{"title":"For\u00e7a Nacional deixa opera\u00e7\u00e3o de busca por fugitivos da Penitenci\u00e1ria Federal de Mossor\u00f3 - Taveira Jr","robots":{"index":"index","follow":"follow","max-snippet":"max-snippet:-1","max-image-preview":"max-image-preview:large","max-video-preview":"max-video-preview:-1"},"canonical":"https:\/\/deputadotaveirajr.com.br\/index.php\/forca-nacional-deixa-operacao-de-busca-por-fugitivos-da-penitenciaria-federal-de-mossoro\/","og_locale":"pt_BR","og_type":"article","og_title":"For\u00e7a Nacional deixa opera\u00e7\u00e3o de busca por fugitivos da Penitenci\u00e1ria Federal de Mossor\u00f3 - Taveira Jr","og_description":"Equipes permaneceram em atividade at\u00e9 a sexta-feira (29) e deixam a opera\u00e7\u00e3o em busca de Deibson Nascimento e Rog\u00e9rio Mendon\u00e7a, que chegou ao 46\u00ba dia. Equipes da For\u00e7a Nacional come\u00e7am ...","og_url":"https:\/\/deputadotaveirajr.com.br\/index.php\/forca-nacional-deixa-operacao-de-busca-por-fugitivos-da-penitenciaria-federal-de-mossoro\/","og_site_name":"Taveira Jr","og_image":[{"width":1156,"height":651,"url":"https:\/\/deputadotaveirajr.com.br\/wp-content\/uploads\/2024\/03\/forca-nacional-kD8hPP.jpeg","type":"image\/jpeg"}],"twitter_card":"summary_large_image","twitter_misc":{"Est. tempo de leitura":"3 minutos"},"schema":{"@context":"https:\/\/schema.org","@graph":[{"@type":"WebPage","@id":"https:\/\/deputadotaveirajr.com.br\/index.php\/forca-nacional-deixa-operacao-de-busca-por-fugitivos-da-penitenciaria-federal-de-mossoro\/","url":"https:\/\/deputadotaveirajr.com.br\/index.php\/forca-nacional-deixa-operacao-de-busca-por-fugitivos-da-penitenciaria-federal-de-mossoro\/","name":"For\u00e7a Nacional deixa opera\u00e7\u00e3o de busca por fugitivos da Penitenci\u00e1ria Federal de Mossor\u00f3 - Taveira Jr","isPartOf":{"@id":"https:\/\/deputadotaveirajr.com.br\/#website"},"primaryImageOfPage":{"@id":"https:\/\/deputadotaveirajr.com.br\/index.php\/forca-nacional-deixa-operacao-de-busca-por-fugitivos-da-penitenciaria-federal-de-mossoro\/#primaryimage"},"image":{"@id":"https:\/\/deputadotaveirajr.com.br\/index.php\/forca-nacional-deixa-operacao-de-busca-por-fugitivos-da-penitenciaria-federal-de-mossoro\/#primaryimage"},"thumbnailUrl":"https:\/\/deputadotaveirajr.com.br\/wp-content\/uploads\/2024\/03\/forca-nacional-kD8hPP.jpeg","datePublished":"2024-03-30T15:40:02+00:00","breadcrumb":{"@id":"https:\/\/deputadotaveirajr.com.br\/index.php\/forca-nacional-deixa-operacao-de-busca-por-fugitivos-da-penitenciaria-federal-de-mossoro\/#breadcrumb"},"inLanguage":"pt-BR","potentialAction":[{"@type":"ReadAction","target":["https:\/\/deputadotaveirajr.com.br\/index.php\/forca-nacional-deixa-operacao-de-busca-por-fugitivos-da-penitenciaria-federal-de-mossoro\/"]}]},{"@type":"ImageObject","inLanguage":"pt-BR","@id":"https:\/\/deputadotaveirajr.com.br\/index.php\/forca-nacional-deixa-operacao-de-busca-por-fugitivos-da-penitenciaria-federal-de-mossoro\/#primaryimage","url":"https:\/\/deputadotaveirajr.com.br\/wp-content\/uploads\/2024\/03\/forca-nacional-kD8hPP.jpeg","contentUrl":"https:\/\/deputadotaveirajr.com.br\/wp-content\/uploads\/2024\/03\/forca-nacional-kD8hPP.jpeg","width":1156,"height":651},{"@type":"BreadcrumbList","@id":"https:\/\/deputadotaveirajr.com.br\/index.php\/forca-nacional-deixa-operacao-de-busca-por-fugitivos-da-penitenciaria-federal-de-mossoro\/#breadcrumb","itemListElement":[{"@type":"ListItem","position":1,"name":"In\u00edcio","item":"https:\/\/deputadotaveirajr.com.br\/"},{"@type":"ListItem","position":2,"name":"For\u00e7a Nacional deixa opera\u00e7\u00e3o de busca por fugitivos da Penitenci\u00e1ria Federal de Mossor\u00f3"}]},{"@type":"WebSite","@id":"https:\/\/deputadotaveirajr.com.br\/#website","url":"https:\/\/deputadotaveirajr.com.br\/","name":"Taveira Jr","description":"Deputado Estadual","publisher":{"@id":"https:\/\/deputadotaveirajr.com.br\/#organization"},"potentialAction":[{"@type":"SearchAction","target":{"@type":"EntryPoint","urlTemplate":"https:\/\/deputadotaveirajr.com.br\/?s={search_term_string}"},"query-input":{"@type":"PropertyValueSpecification","valueRequired":true,"valueName":"search_term_string"}}],"inLanguage":"pt-BR"},{"@type":"Organization","@id":"https:\/\/deputadotaveirajr.com.br\/#organization","name":"Taveira Jr","url":"https:\/\/deputadotaveirajr.com.br\/","logo":{"@type":"ImageObject","inLanguage":"pt-BR","@id":"https:\/\/deputadotaveirajr.com.br\/#\/schema\/logo\/image\/","url":"https:\/\/deputadotaveirajr.com.br\/wp-content\/uploads\/2026\/01\/logolow2a.png","contentUrl":"https:\/\/deputadotaveirajr.com.br\/wp-content\/uploads\/2026\/01\/logolow2a.png","width":290,"height":80,"caption":"Taveira Jr"},"image":{"@id":"https:\/\/deputadotaveirajr.com.br\/#\/schema\/logo\/image\/"}}]}},"_links":{"self":[{"href":"https:\/\/deputadotaveirajr.com.br\/index.php\/wp-json\/wp\/v2\/pages\/4844","targetHints":{"allow":["GET"]}}],"collection":[{"href":"https:\/\/deputadotaveirajr.com.br\/index.php\/wp-json\/wp\/v2\/pages"}],"about":[{"href":"https:\/\/deputadotaveirajr.com.br\/index.php\/wp-json\/wp\/v2\/types\/page"}],"replies":[{"embeddable":true,"href":"https:\/\/deputadotaveirajr.com.br\/index.php\/wp-json\/wp\/v2\/comments?post=4844"}],"version-history":[{"count":1,"href":"https:\/\/deputadotaveirajr.com.br\/index.php\/wp-json\/wp\/v2\/pages\/4844\/revisions"}],"predecessor-version":[{"id":4850,"href":"https:\/\/deputadotaveirajr.com.br\/index.php\/wp-json\/wp\/v2\/pages\/4844\/revisions\/4850"}],"wp:featuredmedia":[{"embeddable":true,"href":"https:\/\/deputadotaveirajr.com.br\/index.php\/wp-json\/wp\/v2\/media\/4845"}],"wp:attachment":[{"href":"https:\/\/deputadotaveirajr.com.br\/index.php\/wp-json\/wp\/v2\/media?parent=4844"}],"curies":[{"name":"wp","href":"https:\/\/api.w.org\/{rel}","templated":true}]}}