{"id":4901,"date":"2024-04-01T23:04:03","date_gmt":"2024-04-02T02:04:03","guid":{"rendered":"https:\/\/deputadotaveirajr.com.br\/?page_id=4901"},"modified":"2024-04-01T23:04:03","modified_gmt":"2024-04-02T02:04:03","slug":"ministro-dos-transportes-decreta-emergencia-para-construcao-de-nova-ponte-na-br-304-no-rn","status":"publish","type":"page","link":"https:\/\/deputadotaveirajr.com.br\/index.php\/ministro-dos-transportes-decreta-emergencia-para-construcao-de-nova-ponte-na-br-304-no-rn\/","title":{"rendered":"Ministro dos Transportes decreta emerg\u00eancia para constru\u00e7\u00e3o de nova ponte na BR-304 no RN"},"content":{"rendered":"<p>     Renan Filho disse que ser\u00e1 constru\u00eddo ainda um desvio pela pr\u00f3pria BR-304 no trecho at\u00e9 que a obra seja conclu\u00edda. Ponte desmoronou neste fim de semana ap\u00f3s fortes chuvas. BR-304 \u00e9 totalmente interditada em Lajes ap\u00f3s rio transbordar<br \/>\nO ministro dos Transportes, Renan Filho, decretou nesta segunda-feira (1\u00ba) estado de emerg\u00eancia para a reconstru\u00e7\u00e3o da ponte que desmoronou neste domingo (1\u00ba) na BR-304, em Lajes, no interior do Rio Grande do Norte.<br \/>\nDe acordo com o ministro, enquanto a obra ocorre, ser\u00e1 projetado tamb\u00e9m um desvio pela pr\u00f3pria BR-304.<br \/>\n&#8220;N\u00f3s estamos viabilizando as condi\u00e7\u00f5es para fazer um desvio pela pr\u00f3pria BR-304 a fim de permitir que que as pessoas possam trafegar pela regi\u00e3o mesmo com o acidente, com o colapso que existiu&#8221;, disse o ministro em um v\u00eddeo publicado nas redes sociais nesta segunda.<br \/>\n\ud83d\udcf3Participe do canal do g1 RN no WhatsApp e receba no seu celular as not\u00edcias do estado<br \/>\nO ministro,se reuniu com a governadora do RN, F\u00e1tima Bezerra (PT), nesta segunda-feira e garantiu que j\u00e1 h\u00e1 viabilidade financeira para a reconstru\u00e7\u00e3o da ponte.<br \/>\nDe acordo com Renan Filho, a contrata\u00e7\u00e3o emergencial permite que os prazos para a obra sejam abreviados. Os prazos, no entanto, n\u00e3o foram informados.<br \/>\n&#8220;A primeira iniciativa foi fazer o primeiro contato local com o Dnit [Departamento Nacional de Infraestrutura de Transportes], unir todos os entes e agora temos a not\u00edcia da pronta reconstru\u00e7\u00e3o da ponte\u201d, disse a governadora F\u00e1tima Bezerra.<br \/>\nO diretor-geral do Dnit, Fabr\u00edcio Galv\u00e3o, disse que uma equipe de Bras\u00edlia foi enviada para o Rio Grande do Norte para auxiliar \u00e0 equipe local do \u00f3rg\u00e3o na idealiza\u00e7\u00e3o e execu\u00e7\u00e3o da obra.<br \/>\n&#8220;Eles v\u00e3o construir qual a melhor solu\u00e7\u00e3o de campo para esse desvio, com os recursos dispon\u00edveis, para garantir essa obra&#8221;, disse.<br \/>\nCratera aberta na BR-304, ap\u00f3s destrui\u00e7\u00e3o de ponte na altura do munic\u00edpio de Lajes, no RN<br \/>\nGustavo Brendo\/Inter TV Cabugi<br \/>\nLEIA TAMB\u00c9M<br \/>\nCHUVAS:  Fim de semana tem pontes destru\u00eddas, cheia de rios e resgate de ilhados<br \/>\nSEM \u00d4NIBUS: Viagens s\u00e3o suspensas ap\u00f3s nterdi\u00e7\u00e3o da BR-304<br \/>\nMAIS CHUVAS? Inmet emite novos alertas de chuvas intensas<br \/>\nPISTA INTERDITADA: Veja rotas para desviar da BR-304<br \/>\nTRAG\u00c9DIA: Homem e cachorro morrem em correnteza<br \/>\n SANGRIA: 3 a\u00e7udes transbordam durante o feriad\u00e3o no RN<br \/>\nTr\u00eas estradas danificadas<br \/>\nPelo menos tr\u00eas estradas ficaram danificadas e foram interditadas ap\u00f3s as chuvas que ca\u00edram no fim de semana no estado:<br \/>\na BR-304 foi interditada nos dois sentidos na altura da cidade de Lajes ap\u00f3s o rio Ponta da Serra transbordar e destruir a ponte na estrada (veja rotas alternativas);<br \/>\na RN-041 foi interditada nos dois sentidos ap\u00f3s a cheia do Rio S\u00e3o Miguel, que destruiu parte da ponte na cidade de Santana do Matos;<br \/>\na PRF tamb\u00e9m interditou um dos lados da pista da BR-405 em Apodi, ap\u00f3s uma eros\u00e3o na base da pista. Nesse trecho, o tr\u00e1fego flui por uma das faixas.<br \/>\nMorte de homem e cachorro, e resgate de ilhados<br \/>\nAl\u00e9m da pontes destru\u00eddas, mais de 200 pessoas ilhadas precisaram ser resgatadas, de acordo com o Corpo de Bombeiros, por causa das chuvas no interior do RN. Al\u00e9m disso, um homem e um cachorro morreram no s\u00e1bado (30), ap\u00f3s serem arrastados por uma correnteza em Flor\u00e2nia.<br \/>\nO governo do RN mobilizou o Gabinete de Gest\u00e3o Integrada e o Comit\u00ea Permanente de Acompanhamento das Chuvas para atendimento e suporte aos munic\u00edpios afetados pelas precipita\u00e7\u00f5es no RN.<br \/>\nSegundo a Defesa Civil Estadual, pelo menos 20 ocorr\u00eancias foram registradas no estado ao longo do fim de semana, e pelo menos 30 cidades relataram danos nas estradas viscinais acarretando a suspens\u00e3o tempor\u00e1ria da opera\u00e7\u00e3o carro pipa realizada pelo Ex\u00e9rcito.<br \/>\n A Secretaria de Recursos H\u00eddricos realiza um monitoramento dos reservat\u00f3rios de \u00e1gua do estado.<br \/>\nVeja ocorr\u00eancias registradas:<br \/>\nIpangua\u00e7u: A\u00e7ude Patax\u00f3 vertendo \u00e1gua com l\u00e2mina de 35 cm. Defesa Civil Estadual, Semarh e Igarn monitoram a regi\u00e3o. A sangria do a\u00e7ude deixou algumas fam\u00edlias isoladas, com necessidade de acesso a mantimentos.<br \/>\nS\u00e3o Rafael: Parte de uma resid\u00eancia desabou, mas n\u00e3o houve v\u00edtmas;<br \/>\nFlor\u00e2nia: Duas pessoas foram atravessar de moto a sangria do A\u00e7ude Novo e foram levadas pela correnteza, uma v\u00edtima faleceu, e uma outra ficou ferida;<br \/>\nBara\u00fana: pontos de alagamentos mapeados pela Defesa Civil;<br \/>\nBento Fernandes: Sangria do rio Espinheiro ocasionou inunda\u00e7\u00f5es em algumas planta\u00e7\u00f5es com pequeno preju\u00edzo na agricultura de subsist\u00eancia;<br \/>\nSanta Cruz: Registro de sete adultos e quatro crian\u00e7as isoladas; resgate j\u00e1 realizado pelo Corpo de Bombeiros Militar;<br \/>\nCurrais Novos: Sangria do a\u00e7ude Dourado e aumento do rio S\u00e3o Bento. Popula\u00e7\u00e3o com risco de inunda\u00e7\u00f5es, sob monitoramento da Defesa Civil e Corpo de Bombeiros do RN;<br \/>\nTibau do Sul: Movimento de Massa nas fal\u00e9sias e pontos de alagamentos em vias, na praia de Pipa;<br \/>\nMaca\u00edba: Pontos de alagamentos j\u00e1 mapeados pela Defesa Civil Municipal, sem danos e preju\u00edzos;<br \/>\nExtremoz: Pontos de alagamentos pontuais j\u00e1 mapeados pela Defesa Civil Municipal; problemas em duas lagoas de capta\u00e7\u00f5es com equipes j\u00e1 realizando manuten\u00e7\u00e3o; sem danos e preju\u00edzos;<br \/>\nApodi: Casas foram alagadas e, por seguran\u00e7a, pessoas precisaram ser retiradas e levadas para resid\u00eancias de amigos e parentes;<br \/>\nCaic\u00f3: Colapso de uma galeria pluvial que passa abaixo de uma resid\u00eancia; im\u00f3vel sem moradores foi interditado at\u00e9 a realiza\u00e7\u00e3o dos servi\u00e7os;<br \/>\nMossor\u00f3: Pontos de alagamentos em \u00e1reas j\u00e1 mapeadas pela Defesa Civil Municipal, e alagamento de resid\u00eancia no assentamento Quixaba;<br \/>\nNatal: Abertura de cratera no bairro Potengi, alagamento pontual na avenida 4, no Alecrim, e monitoramento de pontos mapeados pela Defesa Civil Municipal;<br \/>\nJo\u00e3o C\u00e2mara: Ponto de alagamento em frente \u00e0 Caixa Econ\u00f4mica Federal sem danos ou preju\u00edzos.<br \/>\nS\u00e3o Rafael: Colapso estrutural de uma resid\u00eancia.<br \/>\nBR-304: Trecho em Lajes e Mossor\u00f3 com grande alagamento; trecho de Lajes consequ\u00eancia de rompimento de a\u00e7ude e cheia de rio que passa sob a ponte. Rodovia sinalizada e inerditada;<br \/>\nUpanema: Alguns pontos de alagamento na cidade e a barragem de Umari (terceiro maior manancial do Estado) \u00e1 imin\u00eancia de sangria;<br \/>\nRiachuelo: Dois A\u00e7udes romperam e, provavelmente, podem ter contribu\u00eddo \u00e0 eleva\u00e7\u00e3o do n\u00edvel do rio Salgado, em Lajes;<br \/>\nA Companhia de \u00c1guas e Esgotos do RN tamb\u00e9m suspendeu o abastecimento de \u00e1gua para pelo menos 10 localidades da regi\u00e3o.<br \/>\n&#8220;Angicos, Fernando Pedroza, Pedro Avelino, Lajes, Pedra Preta, Cai\u00e7ara do Rio do Vento, Jardim de Angicos, Riachuelo, [a comunidade de] Cachoeira do Sapo e zona rural de Santana do Matos devem ficar com abastecimento suspenso. O prazo para retorno do sistema ser\u00e1 informado posteriormente, pois depende de condi\u00e7\u00f5es clim\u00e1ticas e de trabalho encontradas pela equipe em campo&#8221;, informou a empresa.<br \/>\nV\u00eddeos mais assistidos do g1 RN<\/p>","protected":false},"excerpt":{"rendered":"<p>Renan Filho disse que ser\u00e1 constru\u00eddo ainda um desvio pela pr\u00f3pria BR-304 no trecho at\u00e9 que a obra seja conclu\u00edda. Ponte desmoronou neste fim de semana ap\u00f3s fortes chuvas. BR-304 &#8230;<\/p>\n","protected":false},"author":0,"featured_media":4902,"parent":0,"menu_order":0,"comment_status":"closed","ping_status":"closed","template":"","meta":{"footnotes":""},"class_list":["post-4901","page","type-page","status-publish","has-post-thumbnail","hentry"],"yoast_head":"<!-- This site is optimized with the Yoast SEO plugin v27.1.1 - https:\/\/yoast.com\/product\/yoast-seo-wordpress\/ -->\n<title>Ministro dos Transportes decreta emerg\u00eancia para constru\u00e7\u00e3o de nova ponte na BR-304 no RN - Taveira Jr<\/title>\n<meta name=\"robots\" content=\"index, follow, max-snippet:-1, max-image-preview:large, max-video-preview:-1\" \/>\n<link rel=\"canonical\" href=\"https:\/\/deputadotaveirajr.com.br\/index.php\/ministro-dos-transportes-decreta-emergencia-para-construcao-de-nova-ponte-na-br-304-no-rn\/\" \/>\n<meta property=\"og:locale\" content=\"pt_BR\" \/>\n<meta property=\"og:type\" content=\"article\" \/>\n<meta property=\"og:title\" content=\"Ministro dos Transportes decreta emerg\u00eancia para constru\u00e7\u00e3o de nova ponte na BR-304 no RN - Taveira Jr\" \/>\n<meta property=\"og:description\" content=\"Renan Filho disse que ser\u00e1 constru\u00eddo ainda um desvio pela pr\u00f3pria BR-304 no trecho at\u00e9 que a obra seja conclu\u00edda. Ponte desmoronou neste fim de semana ap\u00f3s fortes chuvas. BR-304 ...\" \/>\n<meta property=\"og:url\" content=\"https:\/\/deputadotaveirajr.com.br\/index.php\/ministro-dos-transportes-decreta-emergencia-para-construcao-de-nova-ponte-na-br-304-no-rn\/\" \/>\n<meta property=\"og:site_name\" content=\"Taveira Jr\" \/>\n<meta property=\"og:image\" content=\"https:\/\/deputadotaveirajr.com.br\/wp-content\/uploads\/2024\/04\/whatsapp-image-2024-04-01-at-7.10.31-am-qLpSPd.jpeg\" \/>\n\t<meta property=\"og:image:width\" content=\"1600\" \/>\n\t<meta property=\"og:image:height\" content=\"1200\" \/>\n\t<meta property=\"og:image:type\" content=\"image\/jpeg\" \/>\n<meta name=\"twitter:card\" content=\"summary_large_image\" \/>\n<meta name=\"twitter:label1\" content=\"Est. tempo de leitura\" \/>\n\t<meta name=\"twitter:data1\" content=\"6 minutos\" \/>\n<script type=\"application\/ld+json\" class=\"yoast-schema-graph\">{\"@context\":\"https:\/\/schema.org\",\"@graph\":[{\"@type\":\"WebPage\",\"@id\":\"https:\/\/deputadotaveirajr.com.br\/index.php\/ministro-dos-transportes-decreta-emergencia-para-construcao-de-nova-ponte-na-br-304-no-rn\/\",\"url\":\"https:\/\/deputadotaveirajr.com.br\/index.php\/ministro-dos-transportes-decreta-emergencia-para-construcao-de-nova-ponte-na-br-304-no-rn\/\",\"name\":\"Ministro dos Transportes decreta emerg\u00eancia para constru\u00e7\u00e3o de nova ponte na BR-304 no RN - Taveira Jr\",\"isPartOf\":{\"@id\":\"https:\/\/deputadotaveirajr.com.br\/#website\"},\"primaryImageOfPage\":{\"@id\":\"https:\/\/deputadotaveirajr.com.br\/index.php\/ministro-dos-transportes-decreta-emergencia-para-construcao-de-nova-ponte-na-br-304-no-rn\/#primaryimage\"},\"image\":{\"@id\":\"https:\/\/deputadotaveirajr.com.br\/index.php\/ministro-dos-transportes-decreta-emergencia-para-construcao-de-nova-ponte-na-br-304-no-rn\/#primaryimage\"},\"thumbnailUrl\":\"https:\/\/deputadotaveirajr.com.br\/wp-content\/uploads\/2024\/04\/whatsapp-image-2024-04-01-at-7.10.31-am-qLpSPd.jpeg\",\"datePublished\":\"2024-04-02T02:04:03+00:00\",\"breadcrumb\":{\"@id\":\"https:\/\/deputadotaveirajr.com.br\/index.php\/ministro-dos-transportes-decreta-emergencia-para-construcao-de-nova-ponte-na-br-304-no-rn\/#breadcrumb\"},\"inLanguage\":\"pt-BR\",\"potentialAction\":[{\"@type\":\"ReadAction\",\"target\":[\"https:\/\/deputadotaveirajr.com.br\/index.php\/ministro-dos-transportes-decreta-emergencia-para-construcao-de-nova-ponte-na-br-304-no-rn\/\"]}]},{\"@type\":\"ImageObject\",\"inLanguage\":\"pt-BR\",\"@id\":\"https:\/\/deputadotaveirajr.com.br\/index.php\/ministro-dos-transportes-decreta-emergencia-para-construcao-de-nova-ponte-na-br-304-no-rn\/#primaryimage\",\"url\":\"https:\/\/deputadotaveirajr.com.br\/wp-content\/uploads\/2024\/04\/whatsapp-image-2024-04-01-at-7.10.31-am-qLpSPd.jpeg\",\"contentUrl\":\"https:\/\/deputadotaveirajr.com.br\/wp-content\/uploads\/2024\/04\/whatsapp-image-2024-04-01-at-7.10.31-am-qLpSPd.jpeg\",\"width\":1600,\"height\":1200},{\"@type\":\"BreadcrumbList\",\"@id\":\"https:\/\/deputadotaveirajr.com.br\/index.php\/ministro-dos-transportes-decreta-emergencia-para-construcao-de-nova-ponte-na-br-304-no-rn\/#breadcrumb\",\"itemListElement\":[{\"@type\":\"ListItem\",\"position\":1,\"name\":\"In\u00edcio\",\"item\":\"https:\/\/deputadotaveirajr.com.br\/\"},{\"@type\":\"ListItem\",\"position\":2,\"name\":\"Ministro dos Transportes decreta emerg\u00eancia para constru\u00e7\u00e3o de nova ponte na BR-304 no RN\"}]},{\"@type\":\"WebSite\",\"@id\":\"https:\/\/deputadotaveirajr.com.br\/#website\",\"url\":\"https:\/\/deputadotaveirajr.com.br\/\",\"name\":\"Taveira Jr\",\"description\":\"Deputado Estadual\",\"publisher\":{\"@id\":\"https:\/\/deputadotaveirajr.com.br\/#organization\"},\"potentialAction\":[{\"@type\":\"SearchAction\",\"target\":{\"@type\":\"EntryPoint\",\"urlTemplate\":\"https:\/\/deputadotaveirajr.com.br\/?s={search_term_string}\"},\"query-input\":{\"@type\":\"PropertyValueSpecification\",\"valueRequired\":true,\"valueName\":\"search_term_string\"}}],\"inLanguage\":\"pt-BR\"},{\"@type\":\"Organization\",\"@id\":\"https:\/\/deputadotaveirajr.com.br\/#organization\",\"name\":\"Taveira Jr\",\"url\":\"https:\/\/deputadotaveirajr.com.br\/\",\"logo\":{\"@type\":\"ImageObject\",\"inLanguage\":\"pt-BR\",\"@id\":\"https:\/\/deputadotaveirajr.com.br\/#\/schema\/logo\/image\/\",\"url\":\"https:\/\/deputadotaveirajr.com.br\/wp-content\/uploads\/2026\/01\/logolow2a.png\",\"contentUrl\":\"https:\/\/deputadotaveirajr.com.br\/wp-content\/uploads\/2026\/01\/logolow2a.png\",\"width\":290,\"height\":80,\"caption\":\"Taveira Jr\"},\"image\":{\"@id\":\"https:\/\/deputadotaveirajr.com.br\/#\/schema\/logo\/image\/\"}}]}<\/script>\n<!-- \/ Yoast SEO plugin. -->","yoast_head_json":{"title":"Ministro dos Transportes decreta emerg\u00eancia para constru\u00e7\u00e3o de nova ponte na BR-304 no RN - Taveira Jr","robots":{"index":"index","follow":"follow","max-snippet":"max-snippet:-1","max-image-preview":"max-image-preview:large","max-video-preview":"max-video-preview:-1"},"canonical":"https:\/\/deputadotaveirajr.com.br\/index.php\/ministro-dos-transportes-decreta-emergencia-para-construcao-de-nova-ponte-na-br-304-no-rn\/","og_locale":"pt_BR","og_type":"article","og_title":"Ministro dos Transportes decreta emerg\u00eancia para constru\u00e7\u00e3o de nova ponte na BR-304 no RN - Taveira Jr","og_description":"Renan Filho disse que ser\u00e1 constru\u00eddo ainda um desvio pela pr\u00f3pria BR-304 no trecho at\u00e9 que a obra seja conclu\u00edda. Ponte desmoronou neste fim de semana ap\u00f3s fortes chuvas. BR-304 ...","og_url":"https:\/\/deputadotaveirajr.com.br\/index.php\/ministro-dos-transportes-decreta-emergencia-para-construcao-de-nova-ponte-na-br-304-no-rn\/","og_site_name":"Taveira Jr","og_image":[{"width":1600,"height":1200,"url":"https:\/\/deputadotaveirajr.com.br\/wp-content\/uploads\/2024\/04\/whatsapp-image-2024-04-01-at-7.10.31-am-qLpSPd.jpeg","type":"image\/jpeg"}],"twitter_card":"summary_large_image","twitter_misc":{"Est. tempo de leitura":"6 minutos"},"schema":{"@context":"https:\/\/schema.org","@graph":[{"@type":"WebPage","@id":"https:\/\/deputadotaveirajr.com.br\/index.php\/ministro-dos-transportes-decreta-emergencia-para-construcao-de-nova-ponte-na-br-304-no-rn\/","url":"https:\/\/deputadotaveirajr.com.br\/index.php\/ministro-dos-transportes-decreta-emergencia-para-construcao-de-nova-ponte-na-br-304-no-rn\/","name":"Ministro dos Transportes decreta emerg\u00eancia para constru\u00e7\u00e3o de nova ponte na BR-304 no RN - Taveira Jr","isPartOf":{"@id":"https:\/\/deputadotaveirajr.com.br\/#website"},"primaryImageOfPage":{"@id":"https:\/\/deputadotaveirajr.com.br\/index.php\/ministro-dos-transportes-decreta-emergencia-para-construcao-de-nova-ponte-na-br-304-no-rn\/#primaryimage"},"image":{"@id":"https:\/\/deputadotaveirajr.com.br\/index.php\/ministro-dos-transportes-decreta-emergencia-para-construcao-de-nova-ponte-na-br-304-no-rn\/#primaryimage"},"thumbnailUrl":"https:\/\/deputadotaveirajr.com.br\/wp-content\/uploads\/2024\/04\/whatsapp-image-2024-04-01-at-7.10.31-am-qLpSPd.jpeg","datePublished":"2024-04-02T02:04:03+00:00","breadcrumb":{"@id":"https:\/\/deputadotaveirajr.com.br\/index.php\/ministro-dos-transportes-decreta-emergencia-para-construcao-de-nova-ponte-na-br-304-no-rn\/#breadcrumb"},"inLanguage":"pt-BR","potentialAction":[{"@type":"ReadAction","target":["https:\/\/deputadotaveirajr.com.br\/index.php\/ministro-dos-transportes-decreta-emergencia-para-construcao-de-nova-ponte-na-br-304-no-rn\/"]}]},{"@type":"ImageObject","inLanguage":"pt-BR","@id":"https:\/\/deputadotaveirajr.com.br\/index.php\/ministro-dos-transportes-decreta-emergencia-para-construcao-de-nova-ponte-na-br-304-no-rn\/#primaryimage","url":"https:\/\/deputadotaveirajr.com.br\/wp-content\/uploads\/2024\/04\/whatsapp-image-2024-04-01-at-7.10.31-am-qLpSPd.jpeg","contentUrl":"https:\/\/deputadotaveirajr.com.br\/wp-content\/uploads\/2024\/04\/whatsapp-image-2024-04-01-at-7.10.31-am-qLpSPd.jpeg","width":1600,"height":1200},{"@type":"BreadcrumbList","@id":"https:\/\/deputadotaveirajr.com.br\/index.php\/ministro-dos-transportes-decreta-emergencia-para-construcao-de-nova-ponte-na-br-304-no-rn\/#breadcrumb","itemListElement":[{"@type":"ListItem","position":1,"name":"In\u00edcio","item":"https:\/\/deputadotaveirajr.com.br\/"},{"@type":"ListItem","position":2,"name":"Ministro dos Transportes decreta emerg\u00eancia para constru\u00e7\u00e3o de nova ponte na BR-304 no RN"}]},{"@type":"WebSite","@id":"https:\/\/deputadotaveirajr.com.br\/#website","url":"https:\/\/deputadotaveirajr.com.br\/","name":"Taveira Jr","description":"Deputado Estadual","publisher":{"@id":"https:\/\/deputadotaveirajr.com.br\/#organization"},"potentialAction":[{"@type":"SearchAction","target":{"@type":"EntryPoint","urlTemplate":"https:\/\/deputadotaveirajr.com.br\/?s={search_term_string}"},"query-input":{"@type":"PropertyValueSpecification","valueRequired":true,"valueName":"search_term_string"}}],"inLanguage":"pt-BR"},{"@type":"Organization","@id":"https:\/\/deputadotaveirajr.com.br\/#organization","name":"Taveira Jr","url":"https:\/\/deputadotaveirajr.com.br\/","logo":{"@type":"ImageObject","inLanguage":"pt-BR","@id":"https:\/\/deputadotaveirajr.com.br\/#\/schema\/logo\/image\/","url":"https:\/\/deputadotaveirajr.com.br\/wp-content\/uploads\/2026\/01\/logolow2a.png","contentUrl":"https:\/\/deputadotaveirajr.com.br\/wp-content\/uploads\/2026\/01\/logolow2a.png","width":290,"height":80,"caption":"Taveira Jr"},"image":{"@id":"https:\/\/deputadotaveirajr.com.br\/#\/schema\/logo\/image\/"}}]}},"_links":{"self":[{"href":"https:\/\/deputadotaveirajr.com.br\/index.php\/wp-json\/wp\/v2\/pages\/4901","targetHints":{"allow":["GET"]}}],"collection":[{"href":"https:\/\/deputadotaveirajr.com.br\/index.php\/wp-json\/wp\/v2\/pages"}],"about":[{"href":"https:\/\/deputadotaveirajr.com.br\/index.php\/wp-json\/wp\/v2\/types\/page"}],"replies":[{"embeddable":true,"href":"https:\/\/deputadotaveirajr.com.br\/index.php\/wp-json\/wp\/v2\/comments?post=4901"}],"version-history":[{"count":1,"href":"https:\/\/deputadotaveirajr.com.br\/index.php\/wp-json\/wp\/v2\/pages\/4901\/revisions"}],"predecessor-version":[{"id":4903,"href":"https:\/\/deputadotaveirajr.com.br\/index.php\/wp-json\/wp\/v2\/pages\/4901\/revisions\/4903"}],"wp:featuredmedia":[{"embeddable":true,"href":"https:\/\/deputadotaveirajr.com.br\/index.php\/wp-json\/wp\/v2\/media\/4902"}],"wp:attachment":[{"href":"https:\/\/deputadotaveirajr.com.br\/index.php\/wp-json\/wp\/v2\/media?parent=4901"}],"curies":[{"name":"wp","href":"https:\/\/api.w.org\/{rel}","templated":true}]}}