{"id":5085,"date":"2024-04-04T17:22:26","date_gmt":"2024-04-04T20:22:26","guid":{"rendered":"https:\/\/deputadotaveirajr.com.br\/?page_id=5085"},"modified":"2024-04-04T17:22:26","modified_gmt":"2024-04-04T20:22:26","slug":"prisao-de-fugitivos-de-mossoro-ocorreu-em-operacao-conjunta-da-pf-com-prf","status":"publish","type":"page","link":"https:\/\/deputadotaveirajr.com.br\/index.php\/prisao-de-fugitivos-de-mossoro-ocorreu-em-operacao-conjunta-da-pf-com-prf\/","title":{"rendered":"Pris\u00e3o de fugitivos de Mossor\u00f3 ocorreu em opera\u00e7\u00e3o conjunta da PF com PRF"},"content":{"rendered":"<p>     Segundo informa\u00e7\u00f5es da Pol\u00edcia Federal, uma placa de ve\u00edculo era monitorada e foi descoberta pela PRF em uma pontem em Marab\u00e1. Pol\u00edcia Rodovi\u00e1ria Federal em Marab\u00e1, ap\u00f3s pris\u00e3o de fugitivos de Mossor\u00f3.<br \/>\nReprodu\u00e7\u00e3o<br \/>\nA Pol\u00edcia Federal informou recapturou nesta quinta-feira (4) os dois fugitivos que haviam escapado da Penitenci\u00e1ria Federal de Mossor\u00f3, no Rio Grande do Norte.<br \/>\nRog\u00e9rio da Silva Mendon\u00e7a, de 35 anos, e Deibson Cabral Nascimento, 33 anos foram presos na regi\u00e3o de Marab\u00e1 (PA) em opera\u00e7\u00e3o conjunta entre Pol\u00edcia Federal e Pol\u00edcia Rodovi\u00e1ria Federal.<br \/>\nAp\u00f3s 50 dias, PF e PRF recapturam no Par\u00e1 foragidos da penitenci\u00e1ria federal de Mossor\u00f3<br \/>\nA opera\u00e7\u00e3o envolveu o monitoramento de tr\u00eas ve\u00edculos que, segundo as investiga\u00e7\u00f5es, davam cobertura \u00e0 fuga \u2013 ao todo, seis pessoas foram presas nos tr\u00eas carros. Um dos foragidos foi capturado pela PF, e outro, pela PRF.<br \/>\nFugitivos do pres\u00eddio de Mossor\u00f3 s\u00e3o levados para a Pol\u00edcia Federal no Par\u00e1<br \/>\nRog\u00e9rio da Silva Mendon\u00e7a, de 35 anos, e Deibson Cabral Nascimento, 33 anos, tinham fugido do pres\u00eddio no dia 14 de fevereiro \u2013 foram 50 dias at\u00e9 a recaptura.<br \/>\n&#8220;Na tarde desta quinta-feira (4), em uma a\u00e7\u00e3o conjunta das pol\u00edcias Federal e Rodovi\u00e1ria Federal, foram presos, em Marab\u00e1 (PA), os foragidos do Sistema Penitenci\u00e1rio Federal Rog\u00e9rio Mendon\u00e7a e Deibson Nascimento&#8221;, informou a PF em nota oficial.<br \/>\nMonitoramento e pris\u00e3o<br \/>\nDe acordo com a Pol\u00edcia Federal, a PRF em Marab\u00e1 recebeu a informa\u00e7\u00e3o de que os dois fugitivos passariam pela cidade de Tail\u00e2ndia, ao norte de Marab\u00e1. Equipes foram mobilizadas e chegaram em Morada Nova, quando passaram a acompanhar os ve\u00edculos.<br \/>\nCom essas informa\u00e7\u00f5es, as equipes fecharam a ponte em Marab\u00e1 na BR-222. Dois ve\u00edculos foram abordados, com um fugitivo em cada carro. Um terceiro carro, que estava dando apoio aos criminosos, foi parado.<br \/>\nMais criminosos foram presos em flagrante que davam apoio aos dois.<br \/>\nLEIA TAMB\u00c9M:<br \/>\nQuem s\u00e3o os 2 foragidos de pres\u00eddio de Mossor\u00f3 que foram recapturados<br \/>\nVeja como foram os 50 dias de buscas<br \/>\nFugitivos de pres\u00eddio federal viajaram de barco por seis dias do Cear\u00e1 ao Par\u00e1<\/p>","protected":false},"excerpt":{"rendered":"<p>Segundo informa\u00e7\u00f5es da Pol\u00edcia Federal, uma placa de ve\u00edculo era monitorada e foi descoberta pela PRF em uma pontem em Marab\u00e1. Pol\u00edcia Rodovi\u00e1ria Federal em Marab\u00e1, ap\u00f3s pris\u00e3o de fugitivos &#8230;<\/p>\n","protected":false},"author":0,"featured_media":5086,"parent":0,"menu_order":0,"comment_status":"closed","ping_status":"closed","template":"","meta":{"footnotes":""},"class_list":["post-5085","page","type-page","status-publish","has-post-thumbnail","hentry"],"yoast_head":"<!-- This site is optimized with the Yoast SEO plugin v27.1.1 - https:\/\/yoast.com\/product\/yoast-seo-wordpress\/ -->\n<title>Pris\u00e3o de fugitivos de Mossor\u00f3 ocorreu em opera\u00e7\u00e3o conjunta da PF com PRF - Taveira Jr<\/title>\n<meta name=\"robots\" content=\"index, follow, max-snippet:-1, max-image-preview:large, max-video-preview:-1\" \/>\n<link rel=\"canonical\" href=\"https:\/\/deputadotaveirajr.com.br\/index.php\/prisao-de-fugitivos-de-mossoro-ocorreu-em-operacao-conjunta-da-pf-com-prf\/\" \/>\n<meta property=\"og:locale\" content=\"pt_BR\" \/>\n<meta property=\"og:type\" content=\"article\" \/>\n<meta property=\"og:title\" content=\"Pris\u00e3o de fugitivos de Mossor\u00f3 ocorreu em opera\u00e7\u00e3o conjunta da PF com PRF - Taveira Jr\" \/>\n<meta property=\"og:description\" content=\"Segundo informa\u00e7\u00f5es da Pol\u00edcia Federal, uma placa de ve\u00edculo era monitorada e foi descoberta pela PRF em uma pontem em Marab\u00e1. Pol\u00edcia Rodovi\u00e1ria Federal em Marab\u00e1, ap\u00f3s pris\u00e3o de fugitivos ...\" \/>\n<meta property=\"og:url\" content=\"https:\/\/deputadotaveirajr.com.br\/index.php\/prisao-de-fugitivos-de-mossoro-ocorreu-em-operacao-conjunta-da-pf-com-prf\/\" \/>\n<meta property=\"og:site_name\" content=\"Taveira Jr\" \/>\n<meta property=\"og:image\" content=\"https:\/\/deputadotaveirajr.com.br\/wp-content\/uploads\/2024\/04\/pgm-globonews-limpo-ao-vivo-20240404-1259-frame-124251-LdHw3y.jpeg\" \/>\n\t<meta property=\"og:image:width\" content=\"1795\" \/>\n\t<meta property=\"og:image:height\" content=\"999\" \/>\n\t<meta property=\"og:image:type\" content=\"image\/jpeg\" \/>\n<meta name=\"twitter:card\" content=\"summary_large_image\" \/>\n<meta name=\"twitter:label1\" content=\"Est. tempo de leitura\" \/>\n\t<meta name=\"twitter:data1\" content=\"2 minutos\" \/>\n<script type=\"application\/ld+json\" class=\"yoast-schema-graph\">{\"@context\":\"https:\/\/schema.org\",\"@graph\":[{\"@type\":\"WebPage\",\"@id\":\"https:\/\/deputadotaveirajr.com.br\/index.php\/prisao-de-fugitivos-de-mossoro-ocorreu-em-operacao-conjunta-da-pf-com-prf\/\",\"url\":\"https:\/\/deputadotaveirajr.com.br\/index.php\/prisao-de-fugitivos-de-mossoro-ocorreu-em-operacao-conjunta-da-pf-com-prf\/\",\"name\":\"Pris\u00e3o de fugitivos de Mossor\u00f3 ocorreu em opera\u00e7\u00e3o conjunta da PF com PRF - Taveira Jr\",\"isPartOf\":{\"@id\":\"https:\/\/deputadotaveirajr.com.br\/#website\"},\"primaryImageOfPage\":{\"@id\":\"https:\/\/deputadotaveirajr.com.br\/index.php\/prisao-de-fugitivos-de-mossoro-ocorreu-em-operacao-conjunta-da-pf-com-prf\/#primaryimage\"},\"image\":{\"@id\":\"https:\/\/deputadotaveirajr.com.br\/index.php\/prisao-de-fugitivos-de-mossoro-ocorreu-em-operacao-conjunta-da-pf-com-prf\/#primaryimage\"},\"thumbnailUrl\":\"https:\/\/deputadotaveirajr.com.br\/wp-content\/uploads\/2024\/04\/pgm-globonews-limpo-ao-vivo-20240404-1259-frame-124251-LdHw3y.jpeg\",\"datePublished\":\"2024-04-04T20:22:26+00:00\",\"breadcrumb\":{\"@id\":\"https:\/\/deputadotaveirajr.com.br\/index.php\/prisao-de-fugitivos-de-mossoro-ocorreu-em-operacao-conjunta-da-pf-com-prf\/#breadcrumb\"},\"inLanguage\":\"pt-BR\",\"potentialAction\":[{\"@type\":\"ReadAction\",\"target\":[\"https:\/\/deputadotaveirajr.com.br\/index.php\/prisao-de-fugitivos-de-mossoro-ocorreu-em-operacao-conjunta-da-pf-com-prf\/\"]}]},{\"@type\":\"ImageObject\",\"inLanguage\":\"pt-BR\",\"@id\":\"https:\/\/deputadotaveirajr.com.br\/index.php\/prisao-de-fugitivos-de-mossoro-ocorreu-em-operacao-conjunta-da-pf-com-prf\/#primaryimage\",\"url\":\"https:\/\/deputadotaveirajr.com.br\/wp-content\/uploads\/2024\/04\/pgm-globonews-limpo-ao-vivo-20240404-1259-frame-124251-LdHw3y.jpeg\",\"contentUrl\":\"https:\/\/deputadotaveirajr.com.br\/wp-content\/uploads\/2024\/04\/pgm-globonews-limpo-ao-vivo-20240404-1259-frame-124251-LdHw3y.jpeg\",\"width\":1795,\"height\":999},{\"@type\":\"BreadcrumbList\",\"@id\":\"https:\/\/deputadotaveirajr.com.br\/index.php\/prisao-de-fugitivos-de-mossoro-ocorreu-em-operacao-conjunta-da-pf-com-prf\/#breadcrumb\",\"itemListElement\":[{\"@type\":\"ListItem\",\"position\":1,\"name\":\"In\u00edcio\",\"item\":\"https:\/\/deputadotaveirajr.com.br\/\"},{\"@type\":\"ListItem\",\"position\":2,\"name\":\"Pris\u00e3o de fugitivos de Mossor\u00f3 ocorreu em opera\u00e7\u00e3o conjunta da PF com PRF\"}]},{\"@type\":\"WebSite\",\"@id\":\"https:\/\/deputadotaveirajr.com.br\/#website\",\"url\":\"https:\/\/deputadotaveirajr.com.br\/\",\"name\":\"Taveira Jr\",\"description\":\"Deputado Estadual\",\"publisher\":{\"@id\":\"https:\/\/deputadotaveirajr.com.br\/#organization\"},\"potentialAction\":[{\"@type\":\"SearchAction\",\"target\":{\"@type\":\"EntryPoint\",\"urlTemplate\":\"https:\/\/deputadotaveirajr.com.br\/?s={search_term_string}\"},\"query-input\":{\"@type\":\"PropertyValueSpecification\",\"valueRequired\":true,\"valueName\":\"search_term_string\"}}],\"inLanguage\":\"pt-BR\"},{\"@type\":\"Organization\",\"@id\":\"https:\/\/deputadotaveirajr.com.br\/#organization\",\"name\":\"Taveira Jr\",\"url\":\"https:\/\/deputadotaveirajr.com.br\/\",\"logo\":{\"@type\":\"ImageObject\",\"inLanguage\":\"pt-BR\",\"@id\":\"https:\/\/deputadotaveirajr.com.br\/#\/schema\/logo\/image\/\",\"url\":\"https:\/\/deputadotaveirajr.com.br\/wp-content\/uploads\/2026\/01\/logolow2a.png\",\"contentUrl\":\"https:\/\/deputadotaveirajr.com.br\/wp-content\/uploads\/2026\/01\/logolow2a.png\",\"width\":290,\"height\":80,\"caption\":\"Taveira Jr\"},\"image\":{\"@id\":\"https:\/\/deputadotaveirajr.com.br\/#\/schema\/logo\/image\/\"}}]}<\/script>\n<!-- \/ Yoast SEO plugin. -->","yoast_head_json":{"title":"Pris\u00e3o de fugitivos de Mossor\u00f3 ocorreu em opera\u00e7\u00e3o conjunta da PF com PRF - Taveira Jr","robots":{"index":"index","follow":"follow","max-snippet":"max-snippet:-1","max-image-preview":"max-image-preview:large","max-video-preview":"max-video-preview:-1"},"canonical":"https:\/\/deputadotaveirajr.com.br\/index.php\/prisao-de-fugitivos-de-mossoro-ocorreu-em-operacao-conjunta-da-pf-com-prf\/","og_locale":"pt_BR","og_type":"article","og_title":"Pris\u00e3o de fugitivos de Mossor\u00f3 ocorreu em opera\u00e7\u00e3o conjunta da PF com PRF - Taveira Jr","og_description":"Segundo informa\u00e7\u00f5es da Pol\u00edcia Federal, uma placa de ve\u00edculo era monitorada e foi descoberta pela PRF em uma pontem em Marab\u00e1. Pol\u00edcia Rodovi\u00e1ria Federal em Marab\u00e1, ap\u00f3s pris\u00e3o de fugitivos ...","og_url":"https:\/\/deputadotaveirajr.com.br\/index.php\/prisao-de-fugitivos-de-mossoro-ocorreu-em-operacao-conjunta-da-pf-com-prf\/","og_site_name":"Taveira Jr","og_image":[{"width":1795,"height":999,"url":"https:\/\/deputadotaveirajr.com.br\/wp-content\/uploads\/2024\/04\/pgm-globonews-limpo-ao-vivo-20240404-1259-frame-124251-LdHw3y.jpeg","type":"image\/jpeg"}],"twitter_card":"summary_large_image","twitter_misc":{"Est. tempo de leitura":"2 minutos"},"schema":{"@context":"https:\/\/schema.org","@graph":[{"@type":"WebPage","@id":"https:\/\/deputadotaveirajr.com.br\/index.php\/prisao-de-fugitivos-de-mossoro-ocorreu-em-operacao-conjunta-da-pf-com-prf\/","url":"https:\/\/deputadotaveirajr.com.br\/index.php\/prisao-de-fugitivos-de-mossoro-ocorreu-em-operacao-conjunta-da-pf-com-prf\/","name":"Pris\u00e3o de fugitivos de Mossor\u00f3 ocorreu em opera\u00e7\u00e3o conjunta da PF com PRF - Taveira Jr","isPartOf":{"@id":"https:\/\/deputadotaveirajr.com.br\/#website"},"primaryImageOfPage":{"@id":"https:\/\/deputadotaveirajr.com.br\/index.php\/prisao-de-fugitivos-de-mossoro-ocorreu-em-operacao-conjunta-da-pf-com-prf\/#primaryimage"},"image":{"@id":"https:\/\/deputadotaveirajr.com.br\/index.php\/prisao-de-fugitivos-de-mossoro-ocorreu-em-operacao-conjunta-da-pf-com-prf\/#primaryimage"},"thumbnailUrl":"https:\/\/deputadotaveirajr.com.br\/wp-content\/uploads\/2024\/04\/pgm-globonews-limpo-ao-vivo-20240404-1259-frame-124251-LdHw3y.jpeg","datePublished":"2024-04-04T20:22:26+00:00","breadcrumb":{"@id":"https:\/\/deputadotaveirajr.com.br\/index.php\/prisao-de-fugitivos-de-mossoro-ocorreu-em-operacao-conjunta-da-pf-com-prf\/#breadcrumb"},"inLanguage":"pt-BR","potentialAction":[{"@type":"ReadAction","target":["https:\/\/deputadotaveirajr.com.br\/index.php\/prisao-de-fugitivos-de-mossoro-ocorreu-em-operacao-conjunta-da-pf-com-prf\/"]}]},{"@type":"ImageObject","inLanguage":"pt-BR","@id":"https:\/\/deputadotaveirajr.com.br\/index.php\/prisao-de-fugitivos-de-mossoro-ocorreu-em-operacao-conjunta-da-pf-com-prf\/#primaryimage","url":"https:\/\/deputadotaveirajr.com.br\/wp-content\/uploads\/2024\/04\/pgm-globonews-limpo-ao-vivo-20240404-1259-frame-124251-LdHw3y.jpeg","contentUrl":"https:\/\/deputadotaveirajr.com.br\/wp-content\/uploads\/2024\/04\/pgm-globonews-limpo-ao-vivo-20240404-1259-frame-124251-LdHw3y.jpeg","width":1795,"height":999},{"@type":"BreadcrumbList","@id":"https:\/\/deputadotaveirajr.com.br\/index.php\/prisao-de-fugitivos-de-mossoro-ocorreu-em-operacao-conjunta-da-pf-com-prf\/#breadcrumb","itemListElement":[{"@type":"ListItem","position":1,"name":"In\u00edcio","item":"https:\/\/deputadotaveirajr.com.br\/"},{"@type":"ListItem","position":2,"name":"Pris\u00e3o de fugitivos de Mossor\u00f3 ocorreu em opera\u00e7\u00e3o conjunta da PF com PRF"}]},{"@type":"WebSite","@id":"https:\/\/deputadotaveirajr.com.br\/#website","url":"https:\/\/deputadotaveirajr.com.br\/","name":"Taveira Jr","description":"Deputado Estadual","publisher":{"@id":"https:\/\/deputadotaveirajr.com.br\/#organization"},"potentialAction":[{"@type":"SearchAction","target":{"@type":"EntryPoint","urlTemplate":"https:\/\/deputadotaveirajr.com.br\/?s={search_term_string}"},"query-input":{"@type":"PropertyValueSpecification","valueRequired":true,"valueName":"search_term_string"}}],"inLanguage":"pt-BR"},{"@type":"Organization","@id":"https:\/\/deputadotaveirajr.com.br\/#organization","name":"Taveira Jr","url":"https:\/\/deputadotaveirajr.com.br\/","logo":{"@type":"ImageObject","inLanguage":"pt-BR","@id":"https:\/\/deputadotaveirajr.com.br\/#\/schema\/logo\/image\/","url":"https:\/\/deputadotaveirajr.com.br\/wp-content\/uploads\/2026\/01\/logolow2a.png","contentUrl":"https:\/\/deputadotaveirajr.com.br\/wp-content\/uploads\/2026\/01\/logolow2a.png","width":290,"height":80,"caption":"Taveira Jr"},"image":{"@id":"https:\/\/deputadotaveirajr.com.br\/#\/schema\/logo\/image\/"}}]}},"_links":{"self":[{"href":"https:\/\/deputadotaveirajr.com.br\/index.php\/wp-json\/wp\/v2\/pages\/5085","targetHints":{"allow":["GET"]}}],"collection":[{"href":"https:\/\/deputadotaveirajr.com.br\/index.php\/wp-json\/wp\/v2\/pages"}],"about":[{"href":"https:\/\/deputadotaveirajr.com.br\/index.php\/wp-json\/wp\/v2\/types\/page"}],"replies":[{"embeddable":true,"href":"https:\/\/deputadotaveirajr.com.br\/index.php\/wp-json\/wp\/v2\/comments?post=5085"}],"version-history":[{"count":1,"href":"https:\/\/deputadotaveirajr.com.br\/index.php\/wp-json\/wp\/v2\/pages\/5085\/revisions"}],"predecessor-version":[{"id":5093,"href":"https:\/\/deputadotaveirajr.com.br\/index.php\/wp-json\/wp\/v2\/pages\/5085\/revisions\/5093"}],"wp:featuredmedia":[{"embeddable":true,"href":"https:\/\/deputadotaveirajr.com.br\/index.php\/wp-json\/wp\/v2\/media\/5086"}],"wp:attachment":[{"href":"https:\/\/deputadotaveirajr.com.br\/index.php\/wp-json\/wp\/v2\/media?parent=5085"}],"curies":[{"name":"wp","href":"https:\/\/api.w.org\/{rel}","templated":true}]}}