{"id":5087,"date":"2024-04-04T17:13:02","date_gmt":"2024-04-04T20:13:02","guid":{"rendered":"https:\/\/deputadotaveirajr.com.br\/?page_id=5087"},"modified":"2024-04-04T17:13:02","modified_gmt":"2024-04-04T20:13:02","slug":"quem-sao-os-2-foragidos-de-presidio-de-mossoro-que-foram-recapturados","status":"publish","type":"page","link":"https:\/\/deputadotaveirajr.com.br\/index.php\/quem-sao-os-2-foragidos-de-presidio-de-mossoro-que-foram-recapturados\/","title":{"rendered":"Quem s\u00e3o os 2 foragidos de pres\u00eddio de Mossor\u00f3 que foram recapturados"},"content":{"rendered":"<p>     Rog\u00e9rio da Silva Mendon\u00e7a e Deibson Cabral Nascimento foram recapturados nesta quinta-feira (4), em Marab\u00e1, no Par\u00e1. Fugitivos de pres\u00eddio federal em Mossor\u00f3, em imagem ap\u00f3s a recaptura<br \/>\nReprodu\u00e7\u00e3o<br \/>\nOs dois presos que fugiram da Penitenci\u00e1ria Federal de Mossor\u00f3, na Regi\u00e3o Oeste do Rio Grande do Norte, foram recapturados nesta quinta-feira (4). Rog\u00e9rio da Silva Mendon\u00e7a, de 35 anos, e Deibson Cabral Nascimento, 33 anos, tamb\u00e9m conhecido como &#8220;Tatu&#8221; ou &#8220;Deisinho&#8221;, foram presos pela Pol\u00edcia Federal em Marab\u00e1, no Par\u00e1 &#8211; a mais de 1.600 quil\u00f4metros de dist\u00e2ncia de Mossor\u00f3.<br \/>\nInvestigadores informaram \u00e0 TV Globo que a dupla deve ser devolvida a Mossor\u00f3 \u2013 e que essa transfer\u00eancia seria uma &#8220;quest\u00e3o de honra&#8221; para o Minist\u00e9rio da Justi\u00e7a, que coordena o sistema penitenci\u00e1rio federal.<br \/>\nVeja como foram os 50 dias de buscas pelos dois fugitivos<br \/>\nJuntos, os dois t\u00eam mais de 80 processos judiciais no Tribunal de Justi\u00e7a do Acre &#8211; estado de onde sa\u00edram transferidos para o Rio Grande do Norte &#8211; e somam 155 anos em condena\u00e7\u00f5es, de acordo com o Instituto de Administra\u00e7\u00e3o Penitenci\u00e1ria do Acre (Iapen-AC).<br \/>\nFugitivos do pres\u00eddio de Mossor\u00f3 s\u00e3o levados para a Pol\u00edcia Federal no Par\u00e1<br \/>\nOs foragidos que foram recapturados s\u00e3o ligados ao Comando Vermelho, de acordo com o Minist\u00e9rio da Justi\u00e7a. A fac\u00e7\u00e3o \u00e9 a de Fernandinho Beira-Mar, que tamb\u00e9m est\u00e1 preso na unidade federal de Mossor\u00f3.<br \/>\nA dupla foi transferida para o pres\u00eddio federal de Mossor\u00f3 em 27 de setembro do ano passado ap\u00f3s se envolver em uma rebeli\u00e3o no pres\u00eddio de seguran\u00e7a m\u00e1xima Ant\u00f4nio Amaro, em Rio Branco. A rebeli\u00e3o resultou na morte de cinco detentos, tr\u00eas deles decapitados.<br \/>\nRog\u00e9rio da Silva Mendon\u00e7a responde a mais de 50 processos, entre os quais constam os crimes de homic\u00eddio e roubo. Ele \u00e9 condenado a 74 anos de pris\u00e3o, somadas as penas.<br \/>\nJ\u00e1 Deibson Cabral Nascimento tem o nome ligado a mais de 30 processos e responde por crimes de organiza\u00e7\u00e3o criminosa, tr\u00e1fico de drogas e roubo. Ele tem 81 anos de pris\u00e3o em condena\u00e7\u00f5es.<br \/>\nAntes de chegarem ao pres\u00eddio de Mossor\u00f3, os dois tamb\u00e9m passaram pela Penitenci\u00e1ria Federal de Catanduvas (PR) e pelo sistema prisional do Acre.<br \/>\nA penitenci\u00e1ria federal de Mossor\u00f3 est\u00e1 em reforma, e a Secretaria Nacional de Pol\u00edticas Penais do Minist\u00e9rio da Justi\u00e7a (Senappen) desconfia que as obras podem ter favorecido a fuga de dois presos<br \/>\nLEIA TAMB\u00c9M<br \/>\nMinist\u00e9rio da Justi\u00e7a desconfia que obra em penitenci\u00e1ria federal tenha favorecido fuga de presos<br \/>\nEntenda como funciona pres\u00eddio de seguran\u00e7a m\u00e1xima de Mossor\u00f3<br \/>\nPF atuar\u00e1 na busca por dois fugitivos do pres\u00eddio federal de Mossor\u00f3 (RN), diz MJ<br \/>\nMapa da Penitenci\u00e1ria Federal de Mossor\u00f3.<br \/>\nArte g1<br \/>\nFuga \u00e9 a 1\u00aa em pres\u00eddios federais<br \/>\nA fuga no pres\u00eddio de Mossor\u00f3 foi a primeira registrada nos pres\u00eddios federais do pa\u00eds. No site da Senappen consta que &#8220;desde a sua cria\u00e7\u00e3o, o Sistema Penitenci\u00e1rio Federal (SPF) \u00e9 refer\u00eancia de disciplina e procedimento, uma vez que nunca houve fuga, rebeli\u00e3o nem entrada de materiais il\u00edcitos nas unidades penitenci\u00e1rias, aplicando-se fielmente a Lei de Execu\u00e7\u00f5es Penais (LEP)&#8221;.<br \/>\nPenitenci\u00e1ria Federal de Mossor\u00f3<br \/>\nSenappen\/Divulga\u00e7\u00e3o<br \/>\nO sistema foi criado com o objetivo de combater o crime organizado, isolar lideran\u00e7as criminosos e os presos de alta periculosidade, de acordo com o Minist\u00e9rio da Justi\u00e7a.<br \/>\nAl\u00e9m de Mossor\u00f3, o sistema federal tem pres\u00eddios em Catanduvas (PR), Campo Grande (MS), Porto Velho (RO) e Bras\u00edlia (DF), que recebem presos de alta periculosidade.<br \/>\nSistema penitenci\u00e1rio federal<br \/>\nO sistema penitenci\u00e1rio federal foi criado em 2006 com objetivo de combater o crime organizado, isolar lideran\u00e7as criminosas e os presos de alta periculosidade.<br \/>\nPara ser transferido para um pres\u00eddio federal, o detento precisa se enquadrar em alguns pr\u00e9-requisitos como: ter fun\u00e7\u00e3o de lideran\u00e7a ou participado de forma relevante em organiza\u00e7\u00e3o criminosa; ser membro de quadrilha ou bando, envolvido na pr\u00e1tica reiterada de crimes com viol\u00eancia ou grave amea\u00e7a.<br \/>\nOs presos s\u00e3o inclu\u00eddos no sistema penitenci\u00e1rio federal por de tr\u00eas anos, mas o prazo pode ser prorrogado quantas vezes forem necess\u00e1rias.<br \/>\n\ud83d\udcf3Participe do canal do g1 RN no WhatsApp e receba no seu celular as not\u00edcias do estado<br \/>\nV\u00eddeos mais assistidos do g1 RN<\/p>","protected":false},"excerpt":{"rendered":"<p>Rog\u00e9rio da Silva Mendon\u00e7a e Deibson Cabral Nascimento foram recapturados nesta quinta-feira (4), em Marab\u00e1, no Par\u00e1. Fugitivos de pres\u00eddio federal em Mossor\u00f3, em imagem ap\u00f3s a recaptura Reprodu\u00e7\u00e3o Os &#8230;<\/p>\n","protected":false},"author":0,"featured_media":5088,"parent":0,"menu_order":0,"comment_status":"closed","ping_status":"closed","template":"","meta":{"footnotes":""},"class_list":["post-5087","page","type-page","status-publish","has-post-thumbnail","hentry"],"yoast_head":"<!-- This site is optimized with the Yoast SEO plugin v27.1.1 - https:\/\/yoast.com\/product\/yoast-seo-wordpress\/ -->\n<title>Quem s\u00e3o os 2 foragidos de pres\u00eddio de Mossor\u00f3 que foram recapturados - Taveira Jr<\/title>\n<meta name=\"robots\" content=\"index, follow, max-snippet:-1, max-image-preview:large, max-video-preview:-1\" \/>\n<link rel=\"canonical\" href=\"https:\/\/deputadotaveirajr.com.br\/index.php\/quem-sao-os-2-foragidos-de-presidio-de-mossoro-que-foram-recapturados\/\" \/>\n<meta property=\"og:locale\" content=\"pt_BR\" \/>\n<meta property=\"og:type\" content=\"article\" \/>\n<meta property=\"og:title\" content=\"Quem s\u00e3o os 2 foragidos de pres\u00eddio de Mossor\u00f3 que foram recapturados - Taveira Jr\" \/>\n<meta property=\"og:description\" content=\"Rog\u00e9rio da Silva Mendon\u00e7a e Deibson Cabral Nascimento foram recapturados nesta quinta-feira (4), em Marab\u00e1, no Par\u00e1. Fugitivos de pres\u00eddio federal em Mossor\u00f3, em imagem ap\u00f3s a recaptura Reprodu\u00e7\u00e3o Os ...\" \/>\n<meta property=\"og:url\" content=\"https:\/\/deputadotaveirajr.com.br\/index.php\/quem-sao-os-2-foragidos-de-presidio-de-mossoro-que-foram-recapturados\/\" \/>\n<meta property=\"og:site_name\" content=\"Taveira Jr\" \/>\n<meta property=\"og:image\" content=\"https:\/\/deputadotaveirajr.com.br\/wp-content\/uploads\/2024\/04\/fugitivos-mossoro-50vZCe.jpeg\" \/>\n\t<meta property=\"og:image:width\" content=\"1600\" \/>\n\t<meta property=\"og:image:height\" content=\"900\" \/>\n\t<meta property=\"og:image:type\" content=\"image\/jpeg\" \/>\n<meta name=\"twitter:card\" content=\"summary_large_image\" \/>\n<meta name=\"twitter:label1\" content=\"Est. tempo de leitura\" \/>\n\t<meta name=\"twitter:data1\" content=\"4 minutos\" \/>\n<script type=\"application\/ld+json\" class=\"yoast-schema-graph\">{\"@context\":\"https:\/\/schema.org\",\"@graph\":[{\"@type\":\"WebPage\",\"@id\":\"https:\/\/deputadotaveirajr.com.br\/index.php\/quem-sao-os-2-foragidos-de-presidio-de-mossoro-que-foram-recapturados\/\",\"url\":\"https:\/\/deputadotaveirajr.com.br\/index.php\/quem-sao-os-2-foragidos-de-presidio-de-mossoro-que-foram-recapturados\/\",\"name\":\"Quem s\u00e3o os 2 foragidos de pres\u00eddio de Mossor\u00f3 que foram recapturados - Taveira Jr\",\"isPartOf\":{\"@id\":\"https:\/\/deputadotaveirajr.com.br\/#website\"},\"primaryImageOfPage\":{\"@id\":\"https:\/\/deputadotaveirajr.com.br\/index.php\/quem-sao-os-2-foragidos-de-presidio-de-mossoro-que-foram-recapturados\/#primaryimage\"},\"image\":{\"@id\":\"https:\/\/deputadotaveirajr.com.br\/index.php\/quem-sao-os-2-foragidos-de-presidio-de-mossoro-que-foram-recapturados\/#primaryimage\"},\"thumbnailUrl\":\"https:\/\/deputadotaveirajr.com.br\/wp-content\/uploads\/2024\/04\/fugitivos-mossoro-50vZCe.jpeg\",\"datePublished\":\"2024-04-04T20:13:02+00:00\",\"breadcrumb\":{\"@id\":\"https:\/\/deputadotaveirajr.com.br\/index.php\/quem-sao-os-2-foragidos-de-presidio-de-mossoro-que-foram-recapturados\/#breadcrumb\"},\"inLanguage\":\"pt-BR\",\"potentialAction\":[{\"@type\":\"ReadAction\",\"target\":[\"https:\/\/deputadotaveirajr.com.br\/index.php\/quem-sao-os-2-foragidos-de-presidio-de-mossoro-que-foram-recapturados\/\"]}]},{\"@type\":\"ImageObject\",\"inLanguage\":\"pt-BR\",\"@id\":\"https:\/\/deputadotaveirajr.com.br\/index.php\/quem-sao-os-2-foragidos-de-presidio-de-mossoro-que-foram-recapturados\/#primaryimage\",\"url\":\"https:\/\/deputadotaveirajr.com.br\/wp-content\/uploads\/2024\/04\/fugitivos-mossoro-50vZCe.jpeg\",\"contentUrl\":\"https:\/\/deputadotaveirajr.com.br\/wp-content\/uploads\/2024\/04\/fugitivos-mossoro-50vZCe.jpeg\",\"width\":1600,\"height\":900},{\"@type\":\"BreadcrumbList\",\"@id\":\"https:\/\/deputadotaveirajr.com.br\/index.php\/quem-sao-os-2-foragidos-de-presidio-de-mossoro-que-foram-recapturados\/#breadcrumb\",\"itemListElement\":[{\"@type\":\"ListItem\",\"position\":1,\"name\":\"In\u00edcio\",\"item\":\"https:\/\/deputadotaveirajr.com.br\/\"},{\"@type\":\"ListItem\",\"position\":2,\"name\":\"Quem s\u00e3o os 2 foragidos de pres\u00eddio de Mossor\u00f3 que foram recapturados\"}]},{\"@type\":\"WebSite\",\"@id\":\"https:\/\/deputadotaveirajr.com.br\/#website\",\"url\":\"https:\/\/deputadotaveirajr.com.br\/\",\"name\":\"Taveira Jr\",\"description\":\"Deputado Estadual\",\"publisher\":{\"@id\":\"https:\/\/deputadotaveirajr.com.br\/#organization\"},\"potentialAction\":[{\"@type\":\"SearchAction\",\"target\":{\"@type\":\"EntryPoint\",\"urlTemplate\":\"https:\/\/deputadotaveirajr.com.br\/?s={search_term_string}\"},\"query-input\":{\"@type\":\"PropertyValueSpecification\",\"valueRequired\":true,\"valueName\":\"search_term_string\"}}],\"inLanguage\":\"pt-BR\"},{\"@type\":\"Organization\",\"@id\":\"https:\/\/deputadotaveirajr.com.br\/#organization\",\"name\":\"Taveira Jr\",\"url\":\"https:\/\/deputadotaveirajr.com.br\/\",\"logo\":{\"@type\":\"ImageObject\",\"inLanguage\":\"pt-BR\",\"@id\":\"https:\/\/deputadotaveirajr.com.br\/#\/schema\/logo\/image\/\",\"url\":\"https:\/\/deputadotaveirajr.com.br\/wp-content\/uploads\/2026\/01\/logolow2a.png\",\"contentUrl\":\"https:\/\/deputadotaveirajr.com.br\/wp-content\/uploads\/2026\/01\/logolow2a.png\",\"width\":290,\"height\":80,\"caption\":\"Taveira Jr\"},\"image\":{\"@id\":\"https:\/\/deputadotaveirajr.com.br\/#\/schema\/logo\/image\/\"}}]}<\/script>\n<!-- \/ Yoast SEO plugin. -->","yoast_head_json":{"title":"Quem s\u00e3o os 2 foragidos de pres\u00eddio de Mossor\u00f3 que foram recapturados - Taveira Jr","robots":{"index":"index","follow":"follow","max-snippet":"max-snippet:-1","max-image-preview":"max-image-preview:large","max-video-preview":"max-video-preview:-1"},"canonical":"https:\/\/deputadotaveirajr.com.br\/index.php\/quem-sao-os-2-foragidos-de-presidio-de-mossoro-que-foram-recapturados\/","og_locale":"pt_BR","og_type":"article","og_title":"Quem s\u00e3o os 2 foragidos de pres\u00eddio de Mossor\u00f3 que foram recapturados - Taveira Jr","og_description":"Rog\u00e9rio da Silva Mendon\u00e7a e Deibson Cabral Nascimento foram recapturados nesta quinta-feira (4), em Marab\u00e1, no Par\u00e1. Fugitivos de pres\u00eddio federal em Mossor\u00f3, em imagem ap\u00f3s a recaptura Reprodu\u00e7\u00e3o Os ...","og_url":"https:\/\/deputadotaveirajr.com.br\/index.php\/quem-sao-os-2-foragidos-de-presidio-de-mossoro-que-foram-recapturados\/","og_site_name":"Taveira Jr","og_image":[{"width":1600,"height":900,"url":"https:\/\/deputadotaveirajr.com.br\/wp-content\/uploads\/2024\/04\/fugitivos-mossoro-50vZCe.jpeg","type":"image\/jpeg"}],"twitter_card":"summary_large_image","twitter_misc":{"Est. tempo de leitura":"4 minutos"},"schema":{"@context":"https:\/\/schema.org","@graph":[{"@type":"WebPage","@id":"https:\/\/deputadotaveirajr.com.br\/index.php\/quem-sao-os-2-foragidos-de-presidio-de-mossoro-que-foram-recapturados\/","url":"https:\/\/deputadotaveirajr.com.br\/index.php\/quem-sao-os-2-foragidos-de-presidio-de-mossoro-que-foram-recapturados\/","name":"Quem s\u00e3o os 2 foragidos de pres\u00eddio de Mossor\u00f3 que foram recapturados - Taveira Jr","isPartOf":{"@id":"https:\/\/deputadotaveirajr.com.br\/#website"},"primaryImageOfPage":{"@id":"https:\/\/deputadotaveirajr.com.br\/index.php\/quem-sao-os-2-foragidos-de-presidio-de-mossoro-que-foram-recapturados\/#primaryimage"},"image":{"@id":"https:\/\/deputadotaveirajr.com.br\/index.php\/quem-sao-os-2-foragidos-de-presidio-de-mossoro-que-foram-recapturados\/#primaryimage"},"thumbnailUrl":"https:\/\/deputadotaveirajr.com.br\/wp-content\/uploads\/2024\/04\/fugitivos-mossoro-50vZCe.jpeg","datePublished":"2024-04-04T20:13:02+00:00","breadcrumb":{"@id":"https:\/\/deputadotaveirajr.com.br\/index.php\/quem-sao-os-2-foragidos-de-presidio-de-mossoro-que-foram-recapturados\/#breadcrumb"},"inLanguage":"pt-BR","potentialAction":[{"@type":"ReadAction","target":["https:\/\/deputadotaveirajr.com.br\/index.php\/quem-sao-os-2-foragidos-de-presidio-de-mossoro-que-foram-recapturados\/"]}]},{"@type":"ImageObject","inLanguage":"pt-BR","@id":"https:\/\/deputadotaveirajr.com.br\/index.php\/quem-sao-os-2-foragidos-de-presidio-de-mossoro-que-foram-recapturados\/#primaryimage","url":"https:\/\/deputadotaveirajr.com.br\/wp-content\/uploads\/2024\/04\/fugitivos-mossoro-50vZCe.jpeg","contentUrl":"https:\/\/deputadotaveirajr.com.br\/wp-content\/uploads\/2024\/04\/fugitivos-mossoro-50vZCe.jpeg","width":1600,"height":900},{"@type":"BreadcrumbList","@id":"https:\/\/deputadotaveirajr.com.br\/index.php\/quem-sao-os-2-foragidos-de-presidio-de-mossoro-que-foram-recapturados\/#breadcrumb","itemListElement":[{"@type":"ListItem","position":1,"name":"In\u00edcio","item":"https:\/\/deputadotaveirajr.com.br\/"},{"@type":"ListItem","position":2,"name":"Quem s\u00e3o os 2 foragidos de pres\u00eddio de Mossor\u00f3 que foram recapturados"}]},{"@type":"WebSite","@id":"https:\/\/deputadotaveirajr.com.br\/#website","url":"https:\/\/deputadotaveirajr.com.br\/","name":"Taveira Jr","description":"Deputado Estadual","publisher":{"@id":"https:\/\/deputadotaveirajr.com.br\/#organization"},"potentialAction":[{"@type":"SearchAction","target":{"@type":"EntryPoint","urlTemplate":"https:\/\/deputadotaveirajr.com.br\/?s={search_term_string}"},"query-input":{"@type":"PropertyValueSpecification","valueRequired":true,"valueName":"search_term_string"}}],"inLanguage":"pt-BR"},{"@type":"Organization","@id":"https:\/\/deputadotaveirajr.com.br\/#organization","name":"Taveira Jr","url":"https:\/\/deputadotaveirajr.com.br\/","logo":{"@type":"ImageObject","inLanguage":"pt-BR","@id":"https:\/\/deputadotaveirajr.com.br\/#\/schema\/logo\/image\/","url":"https:\/\/deputadotaveirajr.com.br\/wp-content\/uploads\/2026\/01\/logolow2a.png","contentUrl":"https:\/\/deputadotaveirajr.com.br\/wp-content\/uploads\/2026\/01\/logolow2a.png","width":290,"height":80,"caption":"Taveira Jr"},"image":{"@id":"https:\/\/deputadotaveirajr.com.br\/#\/schema\/logo\/image\/"}}]}},"_links":{"self":[{"href":"https:\/\/deputadotaveirajr.com.br\/index.php\/wp-json\/wp\/v2\/pages\/5087","targetHints":{"allow":["GET"]}}],"collection":[{"href":"https:\/\/deputadotaveirajr.com.br\/index.php\/wp-json\/wp\/v2\/pages"}],"about":[{"href":"https:\/\/deputadotaveirajr.com.br\/index.php\/wp-json\/wp\/v2\/types\/page"}],"replies":[{"embeddable":true,"href":"https:\/\/deputadotaveirajr.com.br\/index.php\/wp-json\/wp\/v2\/comments?post=5087"}],"version-history":[{"count":1,"href":"https:\/\/deputadotaveirajr.com.br\/index.php\/wp-json\/wp\/v2\/pages\/5087\/revisions"}],"predecessor-version":[{"id":5091,"href":"https:\/\/deputadotaveirajr.com.br\/index.php\/wp-json\/wp\/v2\/pages\/5087\/revisions\/5091"}],"wp:featuredmedia":[{"embeddable":true,"href":"https:\/\/deputadotaveirajr.com.br\/index.php\/wp-json\/wp\/v2\/media\/5088"}],"wp:attachment":[{"href":"https:\/\/deputadotaveirajr.com.br\/index.php\/wp-json\/wp\/v2\/media?parent=5087"}],"curies":[{"name":"wp","href":"https:\/\/api.w.org\/{rel}","templated":true}]}}