{"id":5089,"date":"2024-04-04T17:14:10","date_gmt":"2024-04-04T20:14:10","guid":{"rendered":"https:\/\/deputadotaveirajr.com.br\/?page_id=5089"},"modified":"2024-04-04T17:14:10","modified_gmt":"2024-04-04T20:14:10","slug":"fugitivos-de-presidio-federal-viajaram-de-barco-pesqueiro-por-6-dias-do-ceara-ate-chegar-no-para","status":"publish","type":"page","link":"https:\/\/deputadotaveirajr.com.br\/index.php\/fugitivos-de-presidio-federal-viajaram-de-barco-pesqueiro-por-6-dias-do-ceara-ate-chegar-no-para\/","title":{"rendered":"Fugitivos de pres\u00eddio federal viajaram de barco pesqueiro por 6 dias do Cear\u00e1 at\u00e9 chegar no Par\u00e1"},"content":{"rendered":"<p>     Rog\u00e9rio Mendon\u00e7a e de Deibson Nascimento sa\u00edram de Icapu\u00ed em dire\u00e7\u00e3o a Ilha de Mosqueiro, em Bel\u00e9m, no dia 18 de mar\u00e7o. A recaptura ocorreu em Marab\u00e1 nesta quinta-feira (4).  Fugitivos do pres\u00eddio de Mossor\u00f3 s\u00e3o levados para a Pol\u00edcia Federal no Par\u00e1<br \/>\nOs dois fugitivos da Penitenci\u00e1ria Federal de Mossor\u00f3, no Rio Grande do Norte, presos nesta quinta-feira (4), ap\u00f3s 50 dias de buscas, sa\u00edram de barco pesqueiro do Cear\u00e1, antes de serem recapturados no Par\u00e1, conforme a For\u00e7a Integrada de Combate ao Crime Organizado no Cear\u00e1 (Ficco\/CE).<br \/>\n\u2705 Clique aqui para seguir o canal do g1 Cear\u00e1 no WhatsApp<br \/>\nRog\u00e9rio Mendon\u00e7a e Deibson Nascimento partiram no dia 18 de mar\u00e7o em uma embarca\u00e7\u00e3o de Icapu\u00ed, a 202 km de Fortaleza, em dire\u00e7\u00e3o a Ilha de Mosqueiro, em Bel\u00e9m, no Par\u00e1, segundo investiga\u00e7\u00f5es da pol\u00edcia.<br \/>\nAinda de acordo com a pol\u00edcia, a dupla chegou na capital no Par\u00e1 em 24 de mar\u00e7o. O trajeto foi realizado por via mar\u00edtima, junto \u00e0 regi\u00e3o costeira.<br \/>\nA recaptura ocorreu nesta tarde, em Marab\u00e1, no Sudoeste do estado, em a\u00e7\u00e3o conjunta da Pol\u00edcia Federal (PF) e da Pol\u00edcia Rodovi\u00e1ria Federal (PRF). A dupla recebeu ajuda de integrantes de uma fac\u00e7\u00e3o criminosa, afirmou a pol\u00edcia (veja detalhes abaixo).<br \/>\nLEIA TAMB\u00c9M<br \/>\nRECAPTURADOS NO PAR\u00c1: Dinheiro, celulares e armas s\u00e3o encontrados em carros que transportavam fugitivos de Mossor\u00f3<br \/>\nRUMO AO EXTERIOR: Lewandowski diz que pris\u00e3o de fugitivos de Mossor\u00f3 \u00e9 &#8216;asseguradora&#8217; e e que eles tiveram ajuda de fac\u00e7\u00f5es<br \/>\nVeja como foram os 50 dias de buscas pelos dois fugitivos da penitenci\u00e1ria de seguran\u00e7a m\u00e1xima<br \/>\nDist\u00e2ncia entre Mossor\u00f3 e Icapu\u00ed<br \/>\nIcapu\u00ed \u00e9 uma cidade do Cear\u00e1 que fica localizada no extremo oeste do litoral, a 202 km da capital Fortaleza. O munic\u00edpio, inclusive, tem limite com o estado do Rio Grande do Norte.<br \/>\nA cidade fica a 72 km da Penitenci\u00e1ria Federal de Mossor\u00f3; e a 62 km de Bara\u00fana, onde foram montados cercos em busca dos fugitivos.<br \/>\nApoio \u00e0 fuga no Cear\u00e1<br \/>\nViagem em barco pesqueiro dos fugitivos do Mossor\u00f3<br \/>\nArte g1<br \/>\nA recaptura dos dois fugitivos ocorre tr\u00eas dias depois da pris\u00e3o de um homem suspeito de ajudar a dupla na regi\u00e3o da Praia do Futuro. O suspeito de 25 anos \u00e9 natural de Bara\u00fana, no Rio Grande do Norte, \u00e1rea onde foram realizadas buscas.<br \/>\nA pol\u00edcia acredita que ele e outro suspeito, preso tamb\u00e9m em Fortaleza em 8 de mar\u00e7o, fazem parte de uma rede de apoio do crime que foi formada por uma fac\u00e7\u00e3o que deu apoio log\u00edstico aos fugitivos.<br \/>\nA pol\u00edcia informou tamb\u00e9m sobre uma mulher de 21 anos, investigada por suspeita de dar apoio aos dois foragidos. Ela foi presa em flagrante com 24,5 kg de droga e uma pistola no dia 21 de mar\u00e7o, quando a Pol\u00edcia Federal cumpriu nove mandados de busca e apreens\u00e3o como parte da opera\u00e7\u00e3o que tentava recapturar os fugitivos.<br \/>\nAp\u00f3s a pris\u00e3o da suspeita, a pol\u00edcia investiga se ela tinha objetivo de repassar armas aos foragidos. Os mandados foram cumpridos nas cidades de Mossor\u00f3 (RN), Quixer\u00e9 e Aquiraz (CE) &#8220;contra poss\u00edveis envolvidos no fornecimento de apoio aos foragidos&#8221;.<br \/>\nOutras seis pris\u00f5es, cinco em cumprimento a mandados de pris\u00e3o, al\u00e9m de uma pris\u00e3o em flagrante, j\u00e1 haviam sido realizadas pela Pol\u00edcia Federal.<br \/>\nNo total, 14 pessoas foram presas desde o in\u00edcio das buscas. Rog\u00e9rio e Deibson v\u00e3o retornar \u00e0 Penitenci\u00e1ria de Mossor\u00f3.<br \/>\nFuga<br \/>\nFugitivos de pres\u00eddio federal em Mossor\u00f3, em imagem ap\u00f3s a recaptura<br \/>\nReprodu\u00e7\u00e3o<br \/>\nRog\u00e9rio Mendon\u00e7a e Deibson Nascimento estavam foragidos desde 14 de fevereiro, quando abriram passagem por um buraco atr\u00e1s de uma lumin\u00e1ria do pres\u00eddio e cortaram duas cercas de arame usando ferramentas de uma obra que ocorria no local para escapar. Foi a primeira fuga na hist\u00f3ria do sistema penitenci\u00e1rio federal desde a cria\u00e7\u00e3o, em 2006.<br \/>\nAs buscas envolveram helic\u00f3pteros, drones, c\u00e3es farejadores e outros equipamentos tecnol\u00f3gicos sofisticados, al\u00e9m de mais de 600 homens, incluindo a For\u00e7a Nacional e equipes de elite da Pol\u00edcia Federal e da Pol\u00edcia Rodovi\u00e1ria Federal.<br \/>\nLEIA TAMB\u00c9M<br \/>\nFUGA EM MOSSOR\u00d3: Veja o que se sabe e o que falta esclarecer<br \/>\nVALORES: Gastos com buscas por fugitivos de Mossor\u00f3 passam de R$ 2 milh\u00f5es<br \/>\nAs buscas se concentraram, desde o in\u00edcio, nas \u00e1reas rurais das cidades de Mossor\u00f3 e Bara\u00fana, cidades ligadas pela estrada RN-015, onde fica o pres\u00eddio, que ficam pr\u00f3ximas \u00e0 divisa com o Cear\u00e1.<br \/>\nDurante a fuga, Mendon\u00e7a e Nascimento invadiram tr\u00eas casas, fizeram uma fam\u00edlia ref\u00e9m. Segundo informa\u00e7\u00f5es da investiga\u00e7\u00e3o da Pol\u00edcia Federal (PF), uma fac\u00e7\u00e3o criminosa teria os ajudado a pagar R$ 5 mil ao dono de uma fazenda que auxiliou na fuga, permitindo que se escondessem em sua propriedade.<br \/>\nCronologia fugitivos Mossor\u00f3<br \/>\nArte\/g1<\/p>","protected":false},"excerpt":{"rendered":"<p>Rog\u00e9rio Mendon\u00e7a e de Deibson Nascimento sa\u00edram de Icapu\u00ed em dire\u00e7\u00e3o a Ilha de Mosqueiro, em Bel\u00e9m, no dia 18 de mar\u00e7o. A recaptura ocorreu em Marab\u00e1 nesta quinta-feira (4). &#8230;<\/p>\n","protected":false},"author":0,"featured_media":5090,"parent":0,"menu_order":0,"comment_status":"closed","ping_status":"closed","template":"","meta":{"footnotes":""},"class_list":["post-5089","page","type-page","status-publish","has-post-thumbnail","hentry"],"yoast_head":"<!-- This site is optimized with the Yoast SEO plugin v27.1.1 - https:\/\/yoast.com\/product\/yoast-seo-wordpress\/ -->\n<title>Fugitivos de pres\u00eddio federal viajaram de barco pesqueiro por 6 dias do Cear\u00e1 at\u00e9 chegar no Par\u00e1 - Taveira Jr<\/title>\n<meta name=\"robots\" content=\"index, follow, max-snippet:-1, max-image-preview:large, max-video-preview:-1\" \/>\n<link rel=\"canonical\" href=\"https:\/\/deputadotaveirajr.com.br\/index.php\/fugitivos-de-presidio-federal-viajaram-de-barco-pesqueiro-por-6-dias-do-ceara-ate-chegar-no-para\/\" \/>\n<meta property=\"og:locale\" content=\"pt_BR\" \/>\n<meta property=\"og:type\" content=\"article\" \/>\n<meta property=\"og:title\" content=\"Fugitivos de pres\u00eddio federal viajaram de barco pesqueiro por 6 dias do Cear\u00e1 at\u00e9 chegar no Par\u00e1 - Taveira Jr\" \/>\n<meta property=\"og:description\" content=\"Rog\u00e9rio Mendon\u00e7a e de Deibson Nascimento sa\u00edram de Icapu\u00ed em dire\u00e7\u00e3o a Ilha de Mosqueiro, em Bel\u00e9m, no dia 18 de mar\u00e7o. A recaptura ocorreu em Marab\u00e1 nesta quinta-feira (4). ...\" \/>\n<meta property=\"og:url\" content=\"https:\/\/deputadotaveirajr.com.br\/index.php\/fugitivos-de-presidio-federal-viajaram-de-barco-pesqueiro-por-6-dias-do-ceara-ate-chegar-no-para\/\" \/>\n<meta property=\"og:site_name\" content=\"Taveira Jr\" \/>\n<meta property=\"og:image\" content=\"https:\/\/deputadotaveirajr.com.br\/wp-content\/uploads\/2024\/04\/040424-selo-presos-mossoro-pegos-icapuirota-2-jB16th.jpeg\" \/>\n\t<meta property=\"og:image:width\" content=\"566\" \/>\n\t<meta property=\"og:image:height\" content=\"318\" \/>\n\t<meta property=\"og:image:type\" content=\"image\/jpeg\" \/>\n<meta name=\"twitter:card\" content=\"summary_large_image\" \/>\n<meta name=\"twitter:label1\" content=\"Est. tempo de leitura\" \/>\n\t<meta name=\"twitter:data1\" content=\"4 minutos\" \/>\n<script type=\"application\/ld+json\" class=\"yoast-schema-graph\">{\"@context\":\"https:\/\/schema.org\",\"@graph\":[{\"@type\":\"WebPage\",\"@id\":\"https:\/\/deputadotaveirajr.com.br\/index.php\/fugitivos-de-presidio-federal-viajaram-de-barco-pesqueiro-por-6-dias-do-ceara-ate-chegar-no-para\/\",\"url\":\"https:\/\/deputadotaveirajr.com.br\/index.php\/fugitivos-de-presidio-federal-viajaram-de-barco-pesqueiro-por-6-dias-do-ceara-ate-chegar-no-para\/\",\"name\":\"Fugitivos de pres\u00eddio federal viajaram de barco pesqueiro por 6 dias do Cear\u00e1 at\u00e9 chegar no Par\u00e1 - Taveira Jr\",\"isPartOf\":{\"@id\":\"https:\/\/deputadotaveirajr.com.br\/#website\"},\"primaryImageOfPage\":{\"@id\":\"https:\/\/deputadotaveirajr.com.br\/index.php\/fugitivos-de-presidio-federal-viajaram-de-barco-pesqueiro-por-6-dias-do-ceara-ate-chegar-no-para\/#primaryimage\"},\"image\":{\"@id\":\"https:\/\/deputadotaveirajr.com.br\/index.php\/fugitivos-de-presidio-federal-viajaram-de-barco-pesqueiro-por-6-dias-do-ceara-ate-chegar-no-para\/#primaryimage\"},\"thumbnailUrl\":\"https:\/\/deputadotaveirajr.com.br\/wp-content\/uploads\/2024\/04\/040424-selo-presos-mossoro-pegos-icapuirota-2-jB16th.jpeg\",\"datePublished\":\"2024-04-04T20:14:10+00:00\",\"breadcrumb\":{\"@id\":\"https:\/\/deputadotaveirajr.com.br\/index.php\/fugitivos-de-presidio-federal-viajaram-de-barco-pesqueiro-por-6-dias-do-ceara-ate-chegar-no-para\/#breadcrumb\"},\"inLanguage\":\"pt-BR\",\"potentialAction\":[{\"@type\":\"ReadAction\",\"target\":[\"https:\/\/deputadotaveirajr.com.br\/index.php\/fugitivos-de-presidio-federal-viajaram-de-barco-pesqueiro-por-6-dias-do-ceara-ate-chegar-no-para\/\"]}]},{\"@type\":\"ImageObject\",\"inLanguage\":\"pt-BR\",\"@id\":\"https:\/\/deputadotaveirajr.com.br\/index.php\/fugitivos-de-presidio-federal-viajaram-de-barco-pesqueiro-por-6-dias-do-ceara-ate-chegar-no-para\/#primaryimage\",\"url\":\"https:\/\/deputadotaveirajr.com.br\/wp-content\/uploads\/2024\/04\/040424-selo-presos-mossoro-pegos-icapuirota-2-jB16th.jpeg\",\"contentUrl\":\"https:\/\/deputadotaveirajr.com.br\/wp-content\/uploads\/2024\/04\/040424-selo-presos-mossoro-pegos-icapuirota-2-jB16th.jpeg\",\"width\":566,\"height\":318},{\"@type\":\"BreadcrumbList\",\"@id\":\"https:\/\/deputadotaveirajr.com.br\/index.php\/fugitivos-de-presidio-federal-viajaram-de-barco-pesqueiro-por-6-dias-do-ceara-ate-chegar-no-para\/#breadcrumb\",\"itemListElement\":[{\"@type\":\"ListItem\",\"position\":1,\"name\":\"In\u00edcio\",\"item\":\"https:\/\/deputadotaveirajr.com.br\/\"},{\"@type\":\"ListItem\",\"position\":2,\"name\":\"Fugitivos de pres\u00eddio federal viajaram de barco pesqueiro por 6 dias do Cear\u00e1 at\u00e9 chegar no Par\u00e1\"}]},{\"@type\":\"WebSite\",\"@id\":\"https:\/\/deputadotaveirajr.com.br\/#website\",\"url\":\"https:\/\/deputadotaveirajr.com.br\/\",\"name\":\"Taveira Jr\",\"description\":\"Deputado Estadual\",\"publisher\":{\"@id\":\"https:\/\/deputadotaveirajr.com.br\/#organization\"},\"potentialAction\":[{\"@type\":\"SearchAction\",\"target\":{\"@type\":\"EntryPoint\",\"urlTemplate\":\"https:\/\/deputadotaveirajr.com.br\/?s={search_term_string}\"},\"query-input\":{\"@type\":\"PropertyValueSpecification\",\"valueRequired\":true,\"valueName\":\"search_term_string\"}}],\"inLanguage\":\"pt-BR\"},{\"@type\":\"Organization\",\"@id\":\"https:\/\/deputadotaveirajr.com.br\/#organization\",\"name\":\"Taveira Jr\",\"url\":\"https:\/\/deputadotaveirajr.com.br\/\",\"logo\":{\"@type\":\"ImageObject\",\"inLanguage\":\"pt-BR\",\"@id\":\"https:\/\/deputadotaveirajr.com.br\/#\/schema\/logo\/image\/\",\"url\":\"https:\/\/deputadotaveirajr.com.br\/wp-content\/uploads\/2026\/01\/logolow2a.png\",\"contentUrl\":\"https:\/\/deputadotaveirajr.com.br\/wp-content\/uploads\/2026\/01\/logolow2a.png\",\"width\":290,\"height\":80,\"caption\":\"Taveira Jr\"},\"image\":{\"@id\":\"https:\/\/deputadotaveirajr.com.br\/#\/schema\/logo\/image\/\"}}]}<\/script>\n<!-- \/ Yoast SEO plugin. -->","yoast_head_json":{"title":"Fugitivos de pres\u00eddio federal viajaram de barco pesqueiro por 6 dias do Cear\u00e1 at\u00e9 chegar no Par\u00e1 - Taveira Jr","robots":{"index":"index","follow":"follow","max-snippet":"max-snippet:-1","max-image-preview":"max-image-preview:large","max-video-preview":"max-video-preview:-1"},"canonical":"https:\/\/deputadotaveirajr.com.br\/index.php\/fugitivos-de-presidio-federal-viajaram-de-barco-pesqueiro-por-6-dias-do-ceara-ate-chegar-no-para\/","og_locale":"pt_BR","og_type":"article","og_title":"Fugitivos de pres\u00eddio federal viajaram de barco pesqueiro por 6 dias do Cear\u00e1 at\u00e9 chegar no Par\u00e1 - Taveira Jr","og_description":"Rog\u00e9rio Mendon\u00e7a e de Deibson Nascimento sa\u00edram de Icapu\u00ed em dire\u00e7\u00e3o a Ilha de Mosqueiro, em Bel\u00e9m, no dia 18 de mar\u00e7o. A recaptura ocorreu em Marab\u00e1 nesta quinta-feira (4). ...","og_url":"https:\/\/deputadotaveirajr.com.br\/index.php\/fugitivos-de-presidio-federal-viajaram-de-barco-pesqueiro-por-6-dias-do-ceara-ate-chegar-no-para\/","og_site_name":"Taveira Jr","og_image":[{"width":566,"height":318,"url":"https:\/\/deputadotaveirajr.com.br\/wp-content\/uploads\/2024\/04\/040424-selo-presos-mossoro-pegos-icapuirota-2-jB16th.jpeg","type":"image\/jpeg"}],"twitter_card":"summary_large_image","twitter_misc":{"Est. tempo de leitura":"4 minutos"},"schema":{"@context":"https:\/\/schema.org","@graph":[{"@type":"WebPage","@id":"https:\/\/deputadotaveirajr.com.br\/index.php\/fugitivos-de-presidio-federal-viajaram-de-barco-pesqueiro-por-6-dias-do-ceara-ate-chegar-no-para\/","url":"https:\/\/deputadotaveirajr.com.br\/index.php\/fugitivos-de-presidio-federal-viajaram-de-barco-pesqueiro-por-6-dias-do-ceara-ate-chegar-no-para\/","name":"Fugitivos de pres\u00eddio federal viajaram de barco pesqueiro por 6 dias do Cear\u00e1 at\u00e9 chegar no Par\u00e1 - Taveira Jr","isPartOf":{"@id":"https:\/\/deputadotaveirajr.com.br\/#website"},"primaryImageOfPage":{"@id":"https:\/\/deputadotaveirajr.com.br\/index.php\/fugitivos-de-presidio-federal-viajaram-de-barco-pesqueiro-por-6-dias-do-ceara-ate-chegar-no-para\/#primaryimage"},"image":{"@id":"https:\/\/deputadotaveirajr.com.br\/index.php\/fugitivos-de-presidio-federal-viajaram-de-barco-pesqueiro-por-6-dias-do-ceara-ate-chegar-no-para\/#primaryimage"},"thumbnailUrl":"https:\/\/deputadotaveirajr.com.br\/wp-content\/uploads\/2024\/04\/040424-selo-presos-mossoro-pegos-icapuirota-2-jB16th.jpeg","datePublished":"2024-04-04T20:14:10+00:00","breadcrumb":{"@id":"https:\/\/deputadotaveirajr.com.br\/index.php\/fugitivos-de-presidio-federal-viajaram-de-barco-pesqueiro-por-6-dias-do-ceara-ate-chegar-no-para\/#breadcrumb"},"inLanguage":"pt-BR","potentialAction":[{"@type":"ReadAction","target":["https:\/\/deputadotaveirajr.com.br\/index.php\/fugitivos-de-presidio-federal-viajaram-de-barco-pesqueiro-por-6-dias-do-ceara-ate-chegar-no-para\/"]}]},{"@type":"ImageObject","inLanguage":"pt-BR","@id":"https:\/\/deputadotaveirajr.com.br\/index.php\/fugitivos-de-presidio-federal-viajaram-de-barco-pesqueiro-por-6-dias-do-ceara-ate-chegar-no-para\/#primaryimage","url":"https:\/\/deputadotaveirajr.com.br\/wp-content\/uploads\/2024\/04\/040424-selo-presos-mossoro-pegos-icapuirota-2-jB16th.jpeg","contentUrl":"https:\/\/deputadotaveirajr.com.br\/wp-content\/uploads\/2024\/04\/040424-selo-presos-mossoro-pegos-icapuirota-2-jB16th.jpeg","width":566,"height":318},{"@type":"BreadcrumbList","@id":"https:\/\/deputadotaveirajr.com.br\/index.php\/fugitivos-de-presidio-federal-viajaram-de-barco-pesqueiro-por-6-dias-do-ceara-ate-chegar-no-para\/#breadcrumb","itemListElement":[{"@type":"ListItem","position":1,"name":"In\u00edcio","item":"https:\/\/deputadotaveirajr.com.br\/"},{"@type":"ListItem","position":2,"name":"Fugitivos de pres\u00eddio federal viajaram de barco pesqueiro por 6 dias do Cear\u00e1 at\u00e9 chegar no Par\u00e1"}]},{"@type":"WebSite","@id":"https:\/\/deputadotaveirajr.com.br\/#website","url":"https:\/\/deputadotaveirajr.com.br\/","name":"Taveira Jr","description":"Deputado Estadual","publisher":{"@id":"https:\/\/deputadotaveirajr.com.br\/#organization"},"potentialAction":[{"@type":"SearchAction","target":{"@type":"EntryPoint","urlTemplate":"https:\/\/deputadotaveirajr.com.br\/?s={search_term_string}"},"query-input":{"@type":"PropertyValueSpecification","valueRequired":true,"valueName":"search_term_string"}}],"inLanguage":"pt-BR"},{"@type":"Organization","@id":"https:\/\/deputadotaveirajr.com.br\/#organization","name":"Taveira Jr","url":"https:\/\/deputadotaveirajr.com.br\/","logo":{"@type":"ImageObject","inLanguage":"pt-BR","@id":"https:\/\/deputadotaveirajr.com.br\/#\/schema\/logo\/image\/","url":"https:\/\/deputadotaveirajr.com.br\/wp-content\/uploads\/2026\/01\/logolow2a.png","contentUrl":"https:\/\/deputadotaveirajr.com.br\/wp-content\/uploads\/2026\/01\/logolow2a.png","width":290,"height":80,"caption":"Taveira Jr"},"image":{"@id":"https:\/\/deputadotaveirajr.com.br\/#\/schema\/logo\/image\/"}}]}},"_links":{"self":[{"href":"https:\/\/deputadotaveirajr.com.br\/index.php\/wp-json\/wp\/v2\/pages\/5089","targetHints":{"allow":["GET"]}}],"collection":[{"href":"https:\/\/deputadotaveirajr.com.br\/index.php\/wp-json\/wp\/v2\/pages"}],"about":[{"href":"https:\/\/deputadotaveirajr.com.br\/index.php\/wp-json\/wp\/v2\/types\/page"}],"replies":[{"embeddable":true,"href":"https:\/\/deputadotaveirajr.com.br\/index.php\/wp-json\/wp\/v2\/comments?post=5089"}],"version-history":[{"count":1,"href":"https:\/\/deputadotaveirajr.com.br\/index.php\/wp-json\/wp\/v2\/pages\/5089\/revisions"}],"predecessor-version":[{"id":5092,"href":"https:\/\/deputadotaveirajr.com.br\/index.php\/wp-json\/wp\/v2\/pages\/5089\/revisions\/5092"}],"wp:featuredmedia":[{"embeddable":true,"href":"https:\/\/deputadotaveirajr.com.br\/index.php\/wp-json\/wp\/v2\/media\/5090"}],"wp:attachment":[{"href":"https:\/\/deputadotaveirajr.com.br\/index.php\/wp-json\/wp\/v2\/media?parent=5089"}],"curies":[{"name":"wp","href":"https:\/\/api.w.org\/{rel}","templated":true}]}}