{"id":5103,"date":"2024-04-04T22:33:39","date_gmt":"2024-04-05T01:33:39","guid":{"rendered":"https:\/\/deputadotaveirajr.com.br\/?page_id=5103"},"modified":"2024-04-04T22:33:39","modified_gmt":"2024-04-05T01:33:39","slug":"fugitivos-de-mossoro-como-a-policia-interceptou-comboio-do-crime-e-capturou-detentos-a-1-600-km-de-presidio","status":"publish","type":"page","link":"https:\/\/deputadotaveirajr.com.br\/index.php\/fugitivos-de-mossoro-como-a-policia-interceptou-comboio-do-crime-e-capturou-detentos-a-1-600-km-de-presidio\/","title":{"rendered":"Fugitivos de Mossor\u00f3: como a pol\u00edcia interceptou &#8216;comboio do crime&#8217; e capturou detentos a 1.600 km de pres\u00eddio"},"content":{"rendered":"<p>     Ap\u00f3s 50 dias de buscas, foragidos foram recapturados nesta quinta-feira (4) em Marab\u00e1, no Par\u00e1, a 1,6 mil quil\u00f4metros do pres\u00eddio de Mossor\u00f3. Comboio que auxiliava na fuga tinha tr\u00eas carros. Pol\u00edcia apreendeu armas e celulares. Fugitivos de Mossor\u00f3 s\u00e3o presos no Par\u00e1<br \/>\nOs dois fugitivos da pris\u00e3o de seguran\u00e7a m\u00e1xima de Mossor\u00f3 (RN) foram presos nesta quinta-feira (4) em Marab\u00e1, no Par\u00e1,  a 1,6 mil quil\u00f4metros do local da fuga. A pris\u00e3o ocorreu na ponte que atravessa o rio Tocantins, na BR-222.<br \/>\nRog\u00e9rio da Silva Mendon\u00e7a, de 35 anos, e Deibson Cabral Nascimento, 33 anos, fugiram do pres\u00eddio no dia 14 de fevereiro \u2013 foram 50 dias at\u00e9 a recaptura. Foi a primeira fuga registrada no sistema desde sua cria\u00e7\u00e3o, em 2006.<br \/>\nOs dois homens s\u00e3o ligados ao Comando Vermelho, fac\u00e7\u00e3o de Fernandinho Beira-Mar, que estava preso na unidade federal de Mossor\u00f3 e foi transferido para Catanduvas, no Paran\u00e1.<br \/>\nAgora recapturados, eles v\u00e3o retornar para o pres\u00eddio de Mossor\u00f3, que teve a seguran\u00e7a refor\u00e7ada, segundo o Minist\u00e9rio da Justi\u00e7a.<br \/>\nNesta quinta, al\u00e9m dos dois fugitivos, outras quatro pessoas que auxiliavam na fuga foram presas. Segundo o ministro da Justi\u00e7a, Ricardo Lewadowski, Rog\u00e9rio e Deibson &#8220;foram ajudados por criminosos externos e tiveram auxilio de seus comparsas e organiza\u00e7\u00f5es criminosas&#8221;.<br \/>\nNesta reportagem voc\u00ea vai ver:<br \/>\nQuem foi preso?<br \/>\nOnde eles foram presos?<br \/>\nO que a pol\u00edcia apreendeu com eles?<br \/>\nPara onde eles estavam tentando fugir?<br \/>\nO que acontece agora?<br \/>\nQuem foi preso?<br \/>\nRog\u00e9rio Mendon\u00e7a (\u00e0 esquerda) e Deibson Nascimento s\u00e3o os fugitivos de Mossor\u00f3 que foram recapturados pela PF e pela PRF<br \/>\nDivulga\u00e7\u00e3o\/PF<br \/>\nAo todo, seis pessoas foram presas. Al\u00e9m dos fugitivos da pris\u00e3o federal, Rog\u00e9rio Mendon\u00e7a da Silva e Deibson Cabral Nascimento, a PF e a PRF prendeu outras quatro pessoas na opera\u00e7\u00e3o. A recaptura ocorreu por volta das 13h30 desta quinta-feira.<br \/>\nOs outros quatro presos ainda n\u00e3o tiveram suas identidades reveladas pela pol\u00edcia. Eles faziam parte do comboio que fazia uma esp\u00e9cie de escolta para a dupla foragida de Mossor\u00f3.<br \/>\nA opera\u00e7\u00e3o contou com 26 homens da PF e da PRF, sendo que a PF prendeu Rog\u00e9rio e a PRF prendeu Deibson.<br \/>\nA opera\u00e7\u00e3o de recaptura em Marab\u00e1 envolveu o monitoramento de tr\u00eas ve\u00edculos que, segundo as investiga\u00e7\u00f5es, davam cobertura \u00e0 fuga. A PF do Rio Grande do Norte tamb\u00e9m monitorava tr\u00eas celulares que estavam com o grupo e que foram apreendidos.<br \/>\nPara efetuar a pris\u00e3o do grupo, a pol\u00edcia fechou os dois lados da ponte sobre o rio Tocantins, na BR-222. Assim, conseguiu efetuar a abordagem nos ve\u00edculos monitorados. A pol\u00edcia afirma que agiu neste local para evitar uma poss\u00edvel fuga pelo rio.<br \/>\nAo longo dos 50 dias de buscas, outras sete pessoas foram presas:<br \/>\nIntegrante do Comando Vermelho que teria viajado ao Cear\u00e1 e voltado ao Rio Grande do Norte em um carro para dar apoio aos fugitivos, em 22 de fevereiro;<br \/>\nDuas pessoas presas em flagrante em abordagem da PF durante a apura\u00e7\u00e3o da fuga. Os investigadores encontraram armas ilegais e drogas, em 22 de fevereiro;<br \/>\nJohnney Weyd Nascimento da Silva, de 40 anos, foi detido pela Pol\u00edcia Federal no Acre em 23 de fevereiro. Ele \u00e9 irm\u00e3o de Deibson;<br \/>\nUm mec\u00e2nico, 38 anos, preso por ter escondido os fugitivos em troca de R$ 5 mil, no dia 26 de fevereiro;<br \/>\nSuspeito de 31 anos preso em Fortaleza no dia 8 de mar\u00e7o;<br \/>\nSuspeito de ajudar os fugitivos, preso em uma pousada na Praia do Futuro, em Fortaleza em 1\u00ba de abril.<br \/>\nOnde eles foram presos?<br \/>\nDist\u00e2ncia entre Mossor\u00f3 e Marab\u00e1<br \/>\nArte\/g1<br \/>\nEles foram presos em uma ponte que atravessa o rio Tocantins, em Marab\u00e1, no Par\u00e1, a 1,6 mil quil\u00f4metros de dist\u00e2ncia do pres\u00eddio de Mossor\u00f3.<br \/>\nImagens do momento da abordagem mostram que Rog\u00e9rio foi preso na ponte, enquanto Deibson foi preso na al\u00e7a de acesso ao local, na BR-222.<br \/>\nRog\u00e9rio estava em um Jeep e Deibson em um Classic, segundo informa\u00e7\u00f5es da PRF. Em outro carro, um Polo, estavam os demais criminosos que auxiliavam na fuga.<br \/>\nO que a pol\u00edcia apreendeu com eles?<br \/>\nCelulares, dinheiro e arma encontrado com fugitivos de Mossor\u00f3 no Par\u00e1<br \/>\nReprodu\u00e7\u00e3o\/PRF<br \/>\nCom os fugitivos e o grupo que auxiliava na fuga, a pol\u00edcia apreendeu:<br \/>\ntr\u00eas carros: um Classic, um Polo e um Jeep;<br \/>\num fuzil com dois carregadores;<br \/>\noito celulares, sendo que tr\u00eas dos aparelhos estavam sendo monitorados pela PF do Rio Grande do Norte;<br \/>\num cart\u00e3o de cr\u00e9dito e uma carteira com dinheiro em esp\u00e9cie.<br \/>\nPara onde eles estavam tentando fugir?<br \/>\nSegundo o ministro da Justi\u00e7a, Rog\u00e9rio e Deibson estavam tentando fugir para o exterior. Lewadowski n\u00e3o informou para onde a dupla estava indo e qual seria a rota que tinham a inten\u00e7\u00e3o fazer at\u00e9 a fronteira do pa\u00eds.<br \/>\nAs investiga\u00e7\u00f5es apontam que, ap\u00f3s fugirem do pres\u00eddio de Mossor\u00f3  Rog\u00e9rio e Deibson ficaram em uma \u00e1rea pr\u00f3xima nos primeiros dias, local onde os mais de 600 homens da for\u00e7a-tarefa, incluindo da For\u00e7a Nacional, concentraram as buscas. A inten\u00e7\u00e3o dos dois naquele momento era sair do Rio Grande do Norte.<br \/>\nInicialmente, a pol\u00edcia fez buscas nas \u00e1reas rurais das cidades de Mossor\u00f3 e de Bara\u00fana, que s\u00e3o ligadas pela estrada RN-015, onde fica o pres\u00eddio, e que ficam pr\u00f3ximas \u00e0 divisa com o Cear\u00e1. Durante a fuga, os fugitivos invadiram tr\u00eas casas e fizeram uma fam\u00edlia ref\u00e9m.<br \/>\nSegundo informa\u00e7\u00f5es da investiga\u00e7\u00e3o da PF, uma fac\u00e7\u00e3o criminosa teria ajudado os fugitivos a pagar R$ 5 mil ao dono de uma fazenda que auxiliou na fuga, permitindo que se escondessem em sua propriedade. A \u00faltima vez que os dois foram vistos na regi\u00e3o foi em 3 de mar\u00e7o.<br \/>\nNa fuga, os dois ainda fizeram um trajeto durante seis dias em um barco pesqueiro entre o Cear\u00e1 e o Par\u00e1. Eles teriam partido no dia 18 de mar\u00e7o em uma embarca\u00e7\u00e3o de Icapu\u00ed, a 201 quil\u00f4metros de Fortaleza, em dire\u00e7\u00e3o \u00e0 Ilha de Mosqueiro, na capital Bel\u00e9m.<br \/>\nAinda de acordo com a pol\u00edcia, a dupla chegou a Bel\u00e9m em 24 de mar\u00e7o. O trajeto foi realizado por via mar\u00edtima, junto \u00e0 regi\u00e3o costeira.<br \/>\nO que acontece agora?<br \/>\nRog\u00e9rio e Deibson v\u00e3o voltar para o pres\u00eddio federal de Mossor\u00f3. Ap\u00f3s a fuga, segundo o ministro Lewandowski, o local teve a seguran\u00e7a refor\u00e7ada. A dire\u00e7\u00e3o do local tamb\u00e9m foi trocada.<br \/>\nNo dia 14 de fevereiro, o ministro afastou a dire\u00e7\u00e3o do pres\u00eddio e escalou um interventor para comandar a unidade. Ele nomeou o policial penal federal Carlos Luis Vieira Pires como diretor interino da pris\u00e3o.<br \/>\nLewandowski tamb\u00e9m determinou revis\u00e3o de todos os equipamentos e protocolos de seguran\u00e7a nas cinco penitenci\u00e1rias federais.<br \/>\nEm 20 de fevereiro, a corregedora do sistema prisional afastou quatro diretores respons\u00e1veis pelas \u00e1reas de seguran\u00e7a, intelig\u00eancia e administra\u00e7\u00e3o da Penitenci\u00e1ria Federal de Mossor\u00f3.<\/p>","protected":false},"excerpt":{"rendered":"<p>Ap\u00f3s 50 dias de buscas, foragidos foram recapturados nesta quinta-feira (4) em Marab\u00e1, no Par\u00e1, a 1,6 mil quil\u00f4metros do pres\u00eddio de Mossor\u00f3. Comboio que auxiliava na fuga tinha tr\u00eas &#8230;<\/p>\n","protected":false},"author":0,"featured_media":5104,"parent":0,"menu_order":0,"comment_status":"closed","ping_status":"closed","template":"","meta":{"footnotes":""},"class_list":["post-5103","page","type-page","status-publish","has-post-thumbnail","hentry"],"yoast_head":"<!-- This site is optimized with the Yoast SEO plugin v27.1.1 - https:\/\/yoast.com\/product\/yoast-seo-wordpress\/ -->\n<title>Fugitivos de Mossor\u00f3: como a pol\u00edcia interceptou &#039;comboio do crime&#039; e capturou detentos a 1.600 km de pres\u00eddio - Taveira Jr<\/title>\n<meta name=\"robots\" content=\"index, follow, max-snippet:-1, max-image-preview:large, max-video-preview:-1\" \/>\n<link rel=\"canonical\" href=\"https:\/\/deputadotaveirajr.com.br\/index.php\/fugitivos-de-mossoro-como-a-policia-interceptou-comboio-do-crime-e-capturou-detentos-a-1-600-km-de-presidio\/\" \/>\n<meta property=\"og:locale\" content=\"pt_BR\" \/>\n<meta property=\"og:type\" content=\"article\" \/>\n<meta property=\"og:title\" content=\"Fugitivos de Mossor\u00f3: como a pol\u00edcia interceptou &#039;comboio do crime&#039; e capturou detentos a 1.600 km de pres\u00eddio - Taveira Jr\" \/>\n<meta property=\"og:description\" content=\"Ap\u00f3s 50 dias de buscas, foragidos foram recapturados nesta quinta-feira (4) em Marab\u00e1, no Par\u00e1, a 1,6 mil quil\u00f4metros do pres\u00eddio de Mossor\u00f3. Comboio que auxiliava na fuga tinha tr\u00eas ...\" \/>\n<meta property=\"og:url\" content=\"https:\/\/deputadotaveirajr.com.br\/index.php\/fugitivos-de-mossoro-como-a-policia-interceptou-comboio-do-crime-e-capturou-detentos-a-1-600-km-de-presidio\/\" \/>\n<meta property=\"og:site_name\" content=\"Taveira Jr\" \/>\n<meta property=\"og:image\" content=\"https:\/\/deputadotaveirajr.com.br\/wp-content\/uploads\/2024\/04\/fotojet-2024-04-04t142215.691-Fulkp8.jpeg\" \/>\n\t<meta property=\"og:image:width\" content=\"1700\" \/>\n\t<meta property=\"og:image:height\" content=\"1065\" \/>\n\t<meta property=\"og:image:type\" content=\"image\/jpeg\" \/>\n<meta name=\"twitter:card\" content=\"summary_large_image\" \/>\n<meta name=\"twitter:label1\" content=\"Est. tempo de leitura\" \/>\n\t<meta name=\"twitter:data1\" content=\"6 minutos\" \/>\n<script type=\"application\/ld+json\" class=\"yoast-schema-graph\">{\"@context\":\"https:\/\/schema.org\",\"@graph\":[{\"@type\":\"WebPage\",\"@id\":\"https:\/\/deputadotaveirajr.com.br\/index.php\/fugitivos-de-mossoro-como-a-policia-interceptou-comboio-do-crime-e-capturou-detentos-a-1-600-km-de-presidio\/\",\"url\":\"https:\/\/deputadotaveirajr.com.br\/index.php\/fugitivos-de-mossoro-como-a-policia-interceptou-comboio-do-crime-e-capturou-detentos-a-1-600-km-de-presidio\/\",\"name\":\"Fugitivos de Mossor\u00f3: como a pol\u00edcia interceptou 'comboio do crime' e capturou detentos a 1.600 km de pres\u00eddio - Taveira Jr\",\"isPartOf\":{\"@id\":\"https:\/\/deputadotaveirajr.com.br\/#website\"},\"primaryImageOfPage\":{\"@id\":\"https:\/\/deputadotaveirajr.com.br\/index.php\/fugitivos-de-mossoro-como-a-policia-interceptou-comboio-do-crime-e-capturou-detentos-a-1-600-km-de-presidio\/#primaryimage\"},\"image\":{\"@id\":\"https:\/\/deputadotaveirajr.com.br\/index.php\/fugitivos-de-mossoro-como-a-policia-interceptou-comboio-do-crime-e-capturou-detentos-a-1-600-km-de-presidio\/#primaryimage\"},\"thumbnailUrl\":\"https:\/\/deputadotaveirajr.com.br\/wp-content\/uploads\/2024\/04\/fotojet-2024-04-04t142215.691-Fulkp8.jpeg\",\"datePublished\":\"2024-04-05T01:33:39+00:00\",\"breadcrumb\":{\"@id\":\"https:\/\/deputadotaveirajr.com.br\/index.php\/fugitivos-de-mossoro-como-a-policia-interceptou-comboio-do-crime-e-capturou-detentos-a-1-600-km-de-presidio\/#breadcrumb\"},\"inLanguage\":\"pt-BR\",\"potentialAction\":[{\"@type\":\"ReadAction\",\"target\":[\"https:\/\/deputadotaveirajr.com.br\/index.php\/fugitivos-de-mossoro-como-a-policia-interceptou-comboio-do-crime-e-capturou-detentos-a-1-600-km-de-presidio\/\"]}]},{\"@type\":\"ImageObject\",\"inLanguage\":\"pt-BR\",\"@id\":\"https:\/\/deputadotaveirajr.com.br\/index.php\/fugitivos-de-mossoro-como-a-policia-interceptou-comboio-do-crime-e-capturou-detentos-a-1-600-km-de-presidio\/#primaryimage\",\"url\":\"https:\/\/deputadotaveirajr.com.br\/wp-content\/uploads\/2024\/04\/fotojet-2024-04-04t142215.691-Fulkp8.jpeg\",\"contentUrl\":\"https:\/\/deputadotaveirajr.com.br\/wp-content\/uploads\/2024\/04\/fotojet-2024-04-04t142215.691-Fulkp8.jpeg\",\"width\":1700,\"height\":1065},{\"@type\":\"BreadcrumbList\",\"@id\":\"https:\/\/deputadotaveirajr.com.br\/index.php\/fugitivos-de-mossoro-como-a-policia-interceptou-comboio-do-crime-e-capturou-detentos-a-1-600-km-de-presidio\/#breadcrumb\",\"itemListElement\":[{\"@type\":\"ListItem\",\"position\":1,\"name\":\"In\u00edcio\",\"item\":\"https:\/\/deputadotaveirajr.com.br\/\"},{\"@type\":\"ListItem\",\"position\":2,\"name\":\"Fugitivos de Mossor\u00f3: como a pol\u00edcia interceptou &#8216;comboio do crime&#8217; e capturou detentos a 1.600 km de pres\u00eddio\"}]},{\"@type\":\"WebSite\",\"@id\":\"https:\/\/deputadotaveirajr.com.br\/#website\",\"url\":\"https:\/\/deputadotaveirajr.com.br\/\",\"name\":\"Taveira Jr\",\"description\":\"Deputado Estadual\",\"publisher\":{\"@id\":\"https:\/\/deputadotaveirajr.com.br\/#organization\"},\"potentialAction\":[{\"@type\":\"SearchAction\",\"target\":{\"@type\":\"EntryPoint\",\"urlTemplate\":\"https:\/\/deputadotaveirajr.com.br\/?s={search_term_string}\"},\"query-input\":{\"@type\":\"PropertyValueSpecification\",\"valueRequired\":true,\"valueName\":\"search_term_string\"}}],\"inLanguage\":\"pt-BR\"},{\"@type\":\"Organization\",\"@id\":\"https:\/\/deputadotaveirajr.com.br\/#organization\",\"name\":\"Taveira Jr\",\"url\":\"https:\/\/deputadotaveirajr.com.br\/\",\"logo\":{\"@type\":\"ImageObject\",\"inLanguage\":\"pt-BR\",\"@id\":\"https:\/\/deputadotaveirajr.com.br\/#\/schema\/logo\/image\/\",\"url\":\"https:\/\/deputadotaveirajr.com.br\/wp-content\/uploads\/2026\/01\/logolow2a.png\",\"contentUrl\":\"https:\/\/deputadotaveirajr.com.br\/wp-content\/uploads\/2026\/01\/logolow2a.png\",\"width\":290,\"height\":80,\"caption\":\"Taveira Jr\"},\"image\":{\"@id\":\"https:\/\/deputadotaveirajr.com.br\/#\/schema\/logo\/image\/\"}}]}<\/script>\n<!-- \/ Yoast SEO plugin. -->","yoast_head_json":{"title":"Fugitivos de Mossor\u00f3: como a pol\u00edcia interceptou 'comboio do crime' e capturou detentos a 1.600 km de pres\u00eddio - Taveira Jr","robots":{"index":"index","follow":"follow","max-snippet":"max-snippet:-1","max-image-preview":"max-image-preview:large","max-video-preview":"max-video-preview:-1"},"canonical":"https:\/\/deputadotaveirajr.com.br\/index.php\/fugitivos-de-mossoro-como-a-policia-interceptou-comboio-do-crime-e-capturou-detentos-a-1-600-km-de-presidio\/","og_locale":"pt_BR","og_type":"article","og_title":"Fugitivos de Mossor\u00f3: como a pol\u00edcia interceptou 'comboio do crime' e capturou detentos a 1.600 km de pres\u00eddio - Taveira Jr","og_description":"Ap\u00f3s 50 dias de buscas, foragidos foram recapturados nesta quinta-feira (4) em Marab\u00e1, no Par\u00e1, a 1,6 mil quil\u00f4metros do pres\u00eddio de Mossor\u00f3. Comboio que auxiliava na fuga tinha tr\u00eas ...","og_url":"https:\/\/deputadotaveirajr.com.br\/index.php\/fugitivos-de-mossoro-como-a-policia-interceptou-comboio-do-crime-e-capturou-detentos-a-1-600-km-de-presidio\/","og_site_name":"Taveira Jr","og_image":[{"width":1700,"height":1065,"url":"https:\/\/deputadotaveirajr.com.br\/wp-content\/uploads\/2024\/04\/fotojet-2024-04-04t142215.691-Fulkp8.jpeg","type":"image\/jpeg"}],"twitter_card":"summary_large_image","twitter_misc":{"Est. tempo de leitura":"6 minutos"},"schema":{"@context":"https:\/\/schema.org","@graph":[{"@type":"WebPage","@id":"https:\/\/deputadotaveirajr.com.br\/index.php\/fugitivos-de-mossoro-como-a-policia-interceptou-comboio-do-crime-e-capturou-detentos-a-1-600-km-de-presidio\/","url":"https:\/\/deputadotaveirajr.com.br\/index.php\/fugitivos-de-mossoro-como-a-policia-interceptou-comboio-do-crime-e-capturou-detentos-a-1-600-km-de-presidio\/","name":"Fugitivos de Mossor\u00f3: como a pol\u00edcia interceptou 'comboio do crime' e capturou detentos a 1.600 km de pres\u00eddio - Taveira Jr","isPartOf":{"@id":"https:\/\/deputadotaveirajr.com.br\/#website"},"primaryImageOfPage":{"@id":"https:\/\/deputadotaveirajr.com.br\/index.php\/fugitivos-de-mossoro-como-a-policia-interceptou-comboio-do-crime-e-capturou-detentos-a-1-600-km-de-presidio\/#primaryimage"},"image":{"@id":"https:\/\/deputadotaveirajr.com.br\/index.php\/fugitivos-de-mossoro-como-a-policia-interceptou-comboio-do-crime-e-capturou-detentos-a-1-600-km-de-presidio\/#primaryimage"},"thumbnailUrl":"https:\/\/deputadotaveirajr.com.br\/wp-content\/uploads\/2024\/04\/fotojet-2024-04-04t142215.691-Fulkp8.jpeg","datePublished":"2024-04-05T01:33:39+00:00","breadcrumb":{"@id":"https:\/\/deputadotaveirajr.com.br\/index.php\/fugitivos-de-mossoro-como-a-policia-interceptou-comboio-do-crime-e-capturou-detentos-a-1-600-km-de-presidio\/#breadcrumb"},"inLanguage":"pt-BR","potentialAction":[{"@type":"ReadAction","target":["https:\/\/deputadotaveirajr.com.br\/index.php\/fugitivos-de-mossoro-como-a-policia-interceptou-comboio-do-crime-e-capturou-detentos-a-1-600-km-de-presidio\/"]}]},{"@type":"ImageObject","inLanguage":"pt-BR","@id":"https:\/\/deputadotaveirajr.com.br\/index.php\/fugitivos-de-mossoro-como-a-policia-interceptou-comboio-do-crime-e-capturou-detentos-a-1-600-km-de-presidio\/#primaryimage","url":"https:\/\/deputadotaveirajr.com.br\/wp-content\/uploads\/2024\/04\/fotojet-2024-04-04t142215.691-Fulkp8.jpeg","contentUrl":"https:\/\/deputadotaveirajr.com.br\/wp-content\/uploads\/2024\/04\/fotojet-2024-04-04t142215.691-Fulkp8.jpeg","width":1700,"height":1065},{"@type":"BreadcrumbList","@id":"https:\/\/deputadotaveirajr.com.br\/index.php\/fugitivos-de-mossoro-como-a-policia-interceptou-comboio-do-crime-e-capturou-detentos-a-1-600-km-de-presidio\/#breadcrumb","itemListElement":[{"@type":"ListItem","position":1,"name":"In\u00edcio","item":"https:\/\/deputadotaveirajr.com.br\/"},{"@type":"ListItem","position":2,"name":"Fugitivos de Mossor\u00f3: como a pol\u00edcia interceptou &#8216;comboio do crime&#8217; e capturou detentos a 1.600 km de pres\u00eddio"}]},{"@type":"WebSite","@id":"https:\/\/deputadotaveirajr.com.br\/#website","url":"https:\/\/deputadotaveirajr.com.br\/","name":"Taveira Jr","description":"Deputado Estadual","publisher":{"@id":"https:\/\/deputadotaveirajr.com.br\/#organization"},"potentialAction":[{"@type":"SearchAction","target":{"@type":"EntryPoint","urlTemplate":"https:\/\/deputadotaveirajr.com.br\/?s={search_term_string}"},"query-input":{"@type":"PropertyValueSpecification","valueRequired":true,"valueName":"search_term_string"}}],"inLanguage":"pt-BR"},{"@type":"Organization","@id":"https:\/\/deputadotaveirajr.com.br\/#organization","name":"Taveira Jr","url":"https:\/\/deputadotaveirajr.com.br\/","logo":{"@type":"ImageObject","inLanguage":"pt-BR","@id":"https:\/\/deputadotaveirajr.com.br\/#\/schema\/logo\/image\/","url":"https:\/\/deputadotaveirajr.com.br\/wp-content\/uploads\/2026\/01\/logolow2a.png","contentUrl":"https:\/\/deputadotaveirajr.com.br\/wp-content\/uploads\/2026\/01\/logolow2a.png","width":290,"height":80,"caption":"Taveira Jr"},"image":{"@id":"https:\/\/deputadotaveirajr.com.br\/#\/schema\/logo\/image\/"}}]}},"_links":{"self":[{"href":"https:\/\/deputadotaveirajr.com.br\/index.php\/wp-json\/wp\/v2\/pages\/5103","targetHints":{"allow":["GET"]}}],"collection":[{"href":"https:\/\/deputadotaveirajr.com.br\/index.php\/wp-json\/wp\/v2\/pages"}],"about":[{"href":"https:\/\/deputadotaveirajr.com.br\/index.php\/wp-json\/wp\/v2\/types\/page"}],"replies":[{"embeddable":true,"href":"https:\/\/deputadotaveirajr.com.br\/index.php\/wp-json\/wp\/v2\/comments?post=5103"}],"version-history":[{"count":1,"href":"https:\/\/deputadotaveirajr.com.br\/index.php\/wp-json\/wp\/v2\/pages\/5103\/revisions"}],"predecessor-version":[{"id":5114,"href":"https:\/\/deputadotaveirajr.com.br\/index.php\/wp-json\/wp\/v2\/pages\/5103\/revisions\/5114"}],"wp:featuredmedia":[{"embeddable":true,"href":"https:\/\/deputadotaveirajr.com.br\/index.php\/wp-json\/wp\/v2\/media\/5104"}],"wp:attachment":[{"href":"https:\/\/deputadotaveirajr.com.br\/index.php\/wp-json\/wp\/v2\/media?parent=5103"}],"curies":[{"name":"wp","href":"https:\/\/api.w.org\/{rel}","templated":true}]}}