{"id":5186,"date":"2024-04-08T16:09:00","date_gmt":"2024-04-08T19:09:00","guid":{"rendered":"https:\/\/deputadotaveirajr.com.br\/?page_id=5186"},"modified":"2024-04-08T16:09:00","modified_gmt":"2024-04-08T19:09:00","slug":"praia-de-natal-amanhece-cheia-de-lixo-apos-festa-prefeitura-diz-que-vai-multar-responsaveis","status":"publish","type":"page","link":"https:\/\/deputadotaveirajr.com.br\/index.php\/praia-de-natal-amanhece-cheia-de-lixo-apos-festa-prefeitura-diz-que-vai-multar-responsaveis\/","title":{"rendered":"Praia de Natal amanhece cheia de lixo ap\u00f3s festa; prefeitura diz que vai multar respons\u00e1veis"},"content":{"rendered":"<p>     Evento tinha autoriza\u00e7\u00e3o para acontecer, mas era obrigado a realizar limpeza do espa\u00e7o p\u00fablico, segundo o munic\u00edpio. Lixo espalhado na praia de Miami, em Natal<br \/>\nReprodu\u00e7\u00e3o<br \/>\nUma festa realizada na noite de domingo (7) na praia de Miami, na Zona Leste de Natal, deixou lixo espalhado por toda a faixa de areia e no cal\u00e7ad\u00e3o da orla. A sujeira encontrada no in\u00edcio da manh\u00e3 desta segunda-feira (8) no local e gerou reclama\u00e7\u00e3o da popula\u00e7\u00e3o nas redes sociais.<br \/>\nAinda durante a manh\u00e3, o munic\u00edpio recolheu 300 sacos de lixo com capacidade para 200 litros de res\u00edduos, no local.<br \/>\nSegundo a Secretaria de Meio Ambiente e Urbanismo (Semurb), os respons\u00e1veis pela festa ser\u00e3o autuados e dever\u00e3o pagar multa que varia de R$ 2,5 mil a R$ 50 mil, a depender da renda. A multa ainda pode ser dobrada em caso de reincid\u00eancia.<br \/>\nPraia de Natal amanhece cheia de lixo ap\u00f3s festa<br \/>\nA pasta informou que o evento estava autorizado pela gest\u00e3o p\u00fablica, por\u00e9m a limpeza do local era de responsabilidade do promotor do evento, sendo, inclusive, uma condi\u00e7\u00e3o para a permiss\u00e3o para realiza\u00e7\u00e3o da festa.<br \/>\nSegundo a Urbana &#8211; companhia de limpeza p\u00fablica da capital &#8211; uma equipe de 11 homens foi enviada ao local para fazer a limpeza da areia e do cal\u00e7ad\u00e3o.<br \/>\nA Inter TV Cabugi procurou o promotor do evento, mas n\u00e3o recebeu posicionamento sobre o caso at\u00e9 a \u00faltima atualiza\u00e7\u00e3o desta mat\u00e9ria.<br \/>\nVeja os v\u00eddeos mais assistidos no g1 RN<\/p>","protected":false},"excerpt":{"rendered":"<p>Evento tinha autoriza\u00e7\u00e3o para acontecer, mas era obrigado a realizar limpeza do espa\u00e7o p\u00fablico, segundo o munic\u00edpio. Lixo espalhado na praia de Miami, em Natal Reprodu\u00e7\u00e3o Uma festa realizada na &#8230;<\/p>\n","protected":false},"author":0,"featured_media":5187,"parent":0,"menu_order":0,"comment_status":"closed","ping_status":"closed","template":"","meta":{"footnotes":""},"class_list":["post-5186","page","type-page","status-publish","has-post-thumbnail","hentry"],"yoast_head":"<!-- This site is optimized with the Yoast SEO plugin v27.1.1 - https:\/\/yoast.com\/product\/yoast-seo-wordpress\/ -->\n<title>Praia de Natal amanhece cheia de lixo ap\u00f3s festa; prefeitura diz que vai multar respons\u00e1veis - Taveira Jr<\/title>\n<meta name=\"robots\" content=\"index, follow, max-snippet:-1, max-image-preview:large, max-video-preview:-1\" \/>\n<link rel=\"canonical\" href=\"https:\/\/deputadotaveirajr.com.br\/index.php\/praia-de-natal-amanhece-cheia-de-lixo-apos-festa-prefeitura-diz-que-vai-multar-responsaveis\/\" \/>\n<meta property=\"og:locale\" content=\"pt_BR\" \/>\n<meta property=\"og:type\" content=\"article\" \/>\n<meta property=\"og:title\" content=\"Praia de Natal amanhece cheia de lixo ap\u00f3s festa; prefeitura diz que vai multar respons\u00e1veis - Taveira Jr\" \/>\n<meta property=\"og:description\" content=\"Evento tinha autoriza\u00e7\u00e3o para acontecer, mas era obrigado a realizar limpeza do espa\u00e7o p\u00fablico, segundo o munic\u00edpio. Lixo espalhado na praia de Miami, em Natal Reprodu\u00e7\u00e3o Uma festa realizada na ...\" \/>\n<meta property=\"og:url\" content=\"https:\/\/deputadotaveirajr.com.br\/index.php\/praia-de-natal-amanhece-cheia-de-lixo-apos-festa-prefeitura-diz-que-vai-multar-responsaveis\/\" \/>\n<meta property=\"og:site_name\" content=\"Taveira Jr\" \/>\n<meta property=\"og:image\" content=\"https:\/\/deputadotaveirajr.com.br\/wp-content\/uploads\/2024\/04\/lixo-KMceNq.jpeg\" \/>\n\t<meta property=\"og:image:width\" content=\"650\" \/>\n\t<meta property=\"og:image:height\" content=\"788\" \/>\n\t<meta property=\"og:image:type\" content=\"image\/jpeg\" \/>\n<meta name=\"twitter:card\" content=\"summary_large_image\" \/>\n<meta name=\"twitter:label1\" content=\"Est. tempo de leitura\" \/>\n\t<meta name=\"twitter:data1\" content=\"1 minuto\" \/>\n<script type=\"application\/ld+json\" class=\"yoast-schema-graph\">{\"@context\":\"https:\/\/schema.org\",\"@graph\":[{\"@type\":\"WebPage\",\"@id\":\"https:\/\/deputadotaveirajr.com.br\/index.php\/praia-de-natal-amanhece-cheia-de-lixo-apos-festa-prefeitura-diz-que-vai-multar-responsaveis\/\",\"url\":\"https:\/\/deputadotaveirajr.com.br\/index.php\/praia-de-natal-amanhece-cheia-de-lixo-apos-festa-prefeitura-diz-que-vai-multar-responsaveis\/\",\"name\":\"Praia de Natal amanhece cheia de lixo ap\u00f3s festa; prefeitura diz que vai multar respons\u00e1veis - Taveira Jr\",\"isPartOf\":{\"@id\":\"https:\/\/deputadotaveirajr.com.br\/#website\"},\"primaryImageOfPage\":{\"@id\":\"https:\/\/deputadotaveirajr.com.br\/index.php\/praia-de-natal-amanhece-cheia-de-lixo-apos-festa-prefeitura-diz-que-vai-multar-responsaveis\/#primaryimage\"},\"image\":{\"@id\":\"https:\/\/deputadotaveirajr.com.br\/index.php\/praia-de-natal-amanhece-cheia-de-lixo-apos-festa-prefeitura-diz-que-vai-multar-responsaveis\/#primaryimage\"},\"thumbnailUrl\":\"https:\/\/deputadotaveirajr.com.br\/wp-content\/uploads\/2024\/04\/lixo-KMceNq.jpeg\",\"datePublished\":\"2024-04-08T19:09:00+00:00\",\"breadcrumb\":{\"@id\":\"https:\/\/deputadotaveirajr.com.br\/index.php\/praia-de-natal-amanhece-cheia-de-lixo-apos-festa-prefeitura-diz-que-vai-multar-responsaveis\/#breadcrumb\"},\"inLanguage\":\"pt-BR\",\"potentialAction\":[{\"@type\":\"ReadAction\",\"target\":[\"https:\/\/deputadotaveirajr.com.br\/index.php\/praia-de-natal-amanhece-cheia-de-lixo-apos-festa-prefeitura-diz-que-vai-multar-responsaveis\/\"]}]},{\"@type\":\"ImageObject\",\"inLanguage\":\"pt-BR\",\"@id\":\"https:\/\/deputadotaveirajr.com.br\/index.php\/praia-de-natal-amanhece-cheia-de-lixo-apos-festa-prefeitura-diz-que-vai-multar-responsaveis\/#primaryimage\",\"url\":\"https:\/\/deputadotaveirajr.com.br\/wp-content\/uploads\/2024\/04\/lixo-KMceNq.jpeg\",\"contentUrl\":\"https:\/\/deputadotaveirajr.com.br\/wp-content\/uploads\/2024\/04\/lixo-KMceNq.jpeg\",\"width\":650,\"height\":788},{\"@type\":\"BreadcrumbList\",\"@id\":\"https:\/\/deputadotaveirajr.com.br\/index.php\/praia-de-natal-amanhece-cheia-de-lixo-apos-festa-prefeitura-diz-que-vai-multar-responsaveis\/#breadcrumb\",\"itemListElement\":[{\"@type\":\"ListItem\",\"position\":1,\"name\":\"In\u00edcio\",\"item\":\"https:\/\/deputadotaveirajr.com.br\/\"},{\"@type\":\"ListItem\",\"position\":2,\"name\":\"Praia de Natal amanhece cheia de lixo ap\u00f3s festa; prefeitura diz que vai multar respons\u00e1veis\"}]},{\"@type\":\"WebSite\",\"@id\":\"https:\/\/deputadotaveirajr.com.br\/#website\",\"url\":\"https:\/\/deputadotaveirajr.com.br\/\",\"name\":\"Taveira Jr\",\"description\":\"Deputado Estadual\",\"publisher\":{\"@id\":\"https:\/\/deputadotaveirajr.com.br\/#organization\"},\"potentialAction\":[{\"@type\":\"SearchAction\",\"target\":{\"@type\":\"EntryPoint\",\"urlTemplate\":\"https:\/\/deputadotaveirajr.com.br\/?s={search_term_string}\"},\"query-input\":{\"@type\":\"PropertyValueSpecification\",\"valueRequired\":true,\"valueName\":\"search_term_string\"}}],\"inLanguage\":\"pt-BR\"},{\"@type\":\"Organization\",\"@id\":\"https:\/\/deputadotaveirajr.com.br\/#organization\",\"name\":\"Taveira Jr\",\"url\":\"https:\/\/deputadotaveirajr.com.br\/\",\"logo\":{\"@type\":\"ImageObject\",\"inLanguage\":\"pt-BR\",\"@id\":\"https:\/\/deputadotaveirajr.com.br\/#\/schema\/logo\/image\/\",\"url\":\"https:\/\/deputadotaveirajr.com.br\/wp-content\/uploads\/2026\/01\/logolow2a.png\",\"contentUrl\":\"https:\/\/deputadotaveirajr.com.br\/wp-content\/uploads\/2026\/01\/logolow2a.png\",\"width\":290,\"height\":80,\"caption\":\"Taveira Jr\"},\"image\":{\"@id\":\"https:\/\/deputadotaveirajr.com.br\/#\/schema\/logo\/image\/\"}}]}<\/script>\n<!-- \/ Yoast SEO plugin. -->","yoast_head_json":{"title":"Praia de Natal amanhece cheia de lixo ap\u00f3s festa; prefeitura diz que vai multar respons\u00e1veis - Taveira Jr","robots":{"index":"index","follow":"follow","max-snippet":"max-snippet:-1","max-image-preview":"max-image-preview:large","max-video-preview":"max-video-preview:-1"},"canonical":"https:\/\/deputadotaveirajr.com.br\/index.php\/praia-de-natal-amanhece-cheia-de-lixo-apos-festa-prefeitura-diz-que-vai-multar-responsaveis\/","og_locale":"pt_BR","og_type":"article","og_title":"Praia de Natal amanhece cheia de lixo ap\u00f3s festa; prefeitura diz que vai multar respons\u00e1veis - Taveira Jr","og_description":"Evento tinha autoriza\u00e7\u00e3o para acontecer, mas era obrigado a realizar limpeza do espa\u00e7o p\u00fablico, segundo o munic\u00edpio. Lixo espalhado na praia de Miami, em Natal Reprodu\u00e7\u00e3o Uma festa realizada na ...","og_url":"https:\/\/deputadotaveirajr.com.br\/index.php\/praia-de-natal-amanhece-cheia-de-lixo-apos-festa-prefeitura-diz-que-vai-multar-responsaveis\/","og_site_name":"Taveira Jr","og_image":[{"width":650,"height":788,"url":"https:\/\/deputadotaveirajr.com.br\/wp-content\/uploads\/2024\/04\/lixo-KMceNq.jpeg","type":"image\/jpeg"}],"twitter_card":"summary_large_image","twitter_misc":{"Est. tempo de leitura":"1 minuto"},"schema":{"@context":"https:\/\/schema.org","@graph":[{"@type":"WebPage","@id":"https:\/\/deputadotaveirajr.com.br\/index.php\/praia-de-natal-amanhece-cheia-de-lixo-apos-festa-prefeitura-diz-que-vai-multar-responsaveis\/","url":"https:\/\/deputadotaveirajr.com.br\/index.php\/praia-de-natal-amanhece-cheia-de-lixo-apos-festa-prefeitura-diz-que-vai-multar-responsaveis\/","name":"Praia de Natal amanhece cheia de lixo ap\u00f3s festa; prefeitura diz que vai multar respons\u00e1veis - Taveira Jr","isPartOf":{"@id":"https:\/\/deputadotaveirajr.com.br\/#website"},"primaryImageOfPage":{"@id":"https:\/\/deputadotaveirajr.com.br\/index.php\/praia-de-natal-amanhece-cheia-de-lixo-apos-festa-prefeitura-diz-que-vai-multar-responsaveis\/#primaryimage"},"image":{"@id":"https:\/\/deputadotaveirajr.com.br\/index.php\/praia-de-natal-amanhece-cheia-de-lixo-apos-festa-prefeitura-diz-que-vai-multar-responsaveis\/#primaryimage"},"thumbnailUrl":"https:\/\/deputadotaveirajr.com.br\/wp-content\/uploads\/2024\/04\/lixo-KMceNq.jpeg","datePublished":"2024-04-08T19:09:00+00:00","breadcrumb":{"@id":"https:\/\/deputadotaveirajr.com.br\/index.php\/praia-de-natal-amanhece-cheia-de-lixo-apos-festa-prefeitura-diz-que-vai-multar-responsaveis\/#breadcrumb"},"inLanguage":"pt-BR","potentialAction":[{"@type":"ReadAction","target":["https:\/\/deputadotaveirajr.com.br\/index.php\/praia-de-natal-amanhece-cheia-de-lixo-apos-festa-prefeitura-diz-que-vai-multar-responsaveis\/"]}]},{"@type":"ImageObject","inLanguage":"pt-BR","@id":"https:\/\/deputadotaveirajr.com.br\/index.php\/praia-de-natal-amanhece-cheia-de-lixo-apos-festa-prefeitura-diz-que-vai-multar-responsaveis\/#primaryimage","url":"https:\/\/deputadotaveirajr.com.br\/wp-content\/uploads\/2024\/04\/lixo-KMceNq.jpeg","contentUrl":"https:\/\/deputadotaveirajr.com.br\/wp-content\/uploads\/2024\/04\/lixo-KMceNq.jpeg","width":650,"height":788},{"@type":"BreadcrumbList","@id":"https:\/\/deputadotaveirajr.com.br\/index.php\/praia-de-natal-amanhece-cheia-de-lixo-apos-festa-prefeitura-diz-que-vai-multar-responsaveis\/#breadcrumb","itemListElement":[{"@type":"ListItem","position":1,"name":"In\u00edcio","item":"https:\/\/deputadotaveirajr.com.br\/"},{"@type":"ListItem","position":2,"name":"Praia de Natal amanhece cheia de lixo ap\u00f3s festa; prefeitura diz que vai multar respons\u00e1veis"}]},{"@type":"WebSite","@id":"https:\/\/deputadotaveirajr.com.br\/#website","url":"https:\/\/deputadotaveirajr.com.br\/","name":"Taveira Jr","description":"Deputado Estadual","publisher":{"@id":"https:\/\/deputadotaveirajr.com.br\/#organization"},"potentialAction":[{"@type":"SearchAction","target":{"@type":"EntryPoint","urlTemplate":"https:\/\/deputadotaveirajr.com.br\/?s={search_term_string}"},"query-input":{"@type":"PropertyValueSpecification","valueRequired":true,"valueName":"search_term_string"}}],"inLanguage":"pt-BR"},{"@type":"Organization","@id":"https:\/\/deputadotaveirajr.com.br\/#organization","name":"Taveira Jr","url":"https:\/\/deputadotaveirajr.com.br\/","logo":{"@type":"ImageObject","inLanguage":"pt-BR","@id":"https:\/\/deputadotaveirajr.com.br\/#\/schema\/logo\/image\/","url":"https:\/\/deputadotaveirajr.com.br\/wp-content\/uploads\/2026\/01\/logolow2a.png","contentUrl":"https:\/\/deputadotaveirajr.com.br\/wp-content\/uploads\/2026\/01\/logolow2a.png","width":290,"height":80,"caption":"Taveira Jr"},"image":{"@id":"https:\/\/deputadotaveirajr.com.br\/#\/schema\/logo\/image\/"}}]}},"_links":{"self":[{"href":"https:\/\/deputadotaveirajr.com.br\/index.php\/wp-json\/wp\/v2\/pages\/5186","targetHints":{"allow":["GET"]}}],"collection":[{"href":"https:\/\/deputadotaveirajr.com.br\/index.php\/wp-json\/wp\/v2\/pages"}],"about":[{"href":"https:\/\/deputadotaveirajr.com.br\/index.php\/wp-json\/wp\/v2\/types\/page"}],"replies":[{"embeddable":true,"href":"https:\/\/deputadotaveirajr.com.br\/index.php\/wp-json\/wp\/v2\/comments?post=5186"}],"version-history":[{"count":1,"href":"https:\/\/deputadotaveirajr.com.br\/index.php\/wp-json\/wp\/v2\/pages\/5186\/revisions"}],"predecessor-version":[{"id":5193,"href":"https:\/\/deputadotaveirajr.com.br\/index.php\/wp-json\/wp\/v2\/pages\/5186\/revisions\/5193"}],"wp:featuredmedia":[{"embeddable":true,"href":"https:\/\/deputadotaveirajr.com.br\/index.php\/wp-json\/wp\/v2\/media\/5187"}],"wp:attachment":[{"href":"https:\/\/deputadotaveirajr.com.br\/index.php\/wp-json\/wp\/v2\/media?parent=5186"}],"curies":[{"name":"wp","href":"https:\/\/api.w.org\/{rel}","templated":true}]}}