{"id":5195,"date":"2024-04-09T10:45:50","date_gmt":"2024-04-09T13:45:50","guid":{"rendered":"https:\/\/deputadotaveirajr.com.br\/?page_id=5195"},"modified":"2024-04-09T10:45:50","modified_gmt":"2024-04-09T13:45:50","slug":"produtora-de-camarao-no-rn-e-uma-das-vencedoras-do-premio-mulheres-na-ciencia","status":"publish","type":"page","link":"https:\/\/deputadotaveirajr.com.br\/index.php\/produtora-de-camarao-no-rn-e-uma-das-vencedoras-do-premio-mulheres-na-ciencia\/","title":{"rendered":"Produtora de camar\u00e3o no RN \u00e9 uma das vencedoras do pr\u00eamio &#8216;Mulheres na Ci\u00eancia&#8217;"},"content":{"rendered":"<p>     Marcia Kafensztok coordena fazenda no litoral do RN pioneira na produ\u00e7\u00e3o de camar\u00f5es sem uso de ra\u00e7\u00f5es. Ela sonha em criar um instituto de pesquisas. Viveiro fica em Tibau do Sul, no litoral Sul do Rio Grande do Norte<br \/>\nDivulga\u00e7\u00e3o<br \/>\nA produtora de camar\u00e3o Marcia Kafensztok foi uma das vencedoras do pr\u00eamio &#8220;Mulheres na Ci\u00eancia Am\u00e9ricas&#8221;, da 3M, que premiou 25 mulheres na Am\u00e9rica Latina e Canad\u00e1, sendo 7 brasileiras. Marcia coordena uma fazenda em Tibau do Sul, no litoral Sul do Rio Grande do Norte, pioneira na produ\u00e7\u00e3o de camar\u00f5es e ostras nativas sem usar ra\u00e7\u00f5es ou qualquer outro alimento artificial.<br \/>\nO resultado do pr\u00eamio foi divulgado nesta segunda-feira (8).<br \/>\nEm 2003, a empresa foi a primeira no Brasil a receber a certifica\u00e7\u00e3o como fazenda de aquacultura org\u00e2nica e, nos \u00faltimos anos, passou a abrir cada vez mais as portas para as pesquisas acad\u00eamicas.<br \/>\n\ud83d\udcf3Participe do canal do g1 RN no WhatsApp<br \/>\nCarioca, Marcia Kafensztok largou a carreira de designer para se dedicar exclusivamente a esse projeto, que foi criado pelo marido, o bi\u00f3logo marinho Alexandre Wainberg, h\u00e1 31 anos. Alexandre, que era mestre em bioecologia aqu\u00e1tica e mentor do sistema de cultivo org\u00e2nico e multitr\u00f3fico usado na empresa, morreu em 2015.<br \/>\n&#8220;N\u00e3o tive coragem de abandonar a fazenda. Abri m\u00e3o de praticamente todas as minhas atividades de design para assumir a coordena\u00e7\u00e3o da Primar. Hoje me considero uma &#8216;designer aquacultora'&#8221;, disse Marcia.<br \/>\nNos \u00faltimos anos, Marcia Kefensztok decidiu ampliar o potencial acad\u00eamico da empresa ao assinar conv\u00eanio com 21 universidades e institutos federais para recebimento de estudantes para est\u00e1gio e pesquisas.<br \/>\nMesmo antes disso, no entanto, trabalhos de gradua\u00e7\u00e3o, mestrado e doutorado j\u00e1 haviam sido desenvolvidos na empresa.<br \/>\n&#8220;Para n\u00e3o perdemos a din\u00e2mica de desenvolver pesquisas com aquacultura, fomos formalizando o que Alexandre fazia de maneira informal&#8221;, explicou M\u00e1rcia.<br \/>\nEntre 2019 e 2023, a empresa tamb\u00e9m fez parte de um conv\u00eanio internacional de pesquisas, o Cons\u00f3rcio AquaVitae, que contava com 36 entidades ao redor do Atl\u00e2ntico que pesquisavam organismos aqu\u00e1ticos. Com edital aprovado na Financiadora de Estudos e Projetos (Finep) em 2023, a empresa vai desenvolver nos pr\u00f3ximos tr\u00eas anos pesquisas com as ostras nativas produzidas no laborat\u00f3rio.<br \/>\nComo funciona a fazenda?<br \/>\nA fazenda da Primar, em Tibau do Sul, conta com nove viveiros produtivos em uma \u00e1rea de 42 hectares de l\u00e2mina d&#8217;\u00e1gua &#8211; o tamanho aproximado de 42 campos de futebol.<br \/>\n&#8220;Hoje temos produ\u00e7\u00e3o comercial de camar\u00f5es e ostras nativas, um laborat\u00f3rio de reprodu\u00e7\u00e3o de ostras e v\u00e1rios projetos de pesquisas com organismos aqu\u00e1ticos estuarinos, como os cavalos-marinhos, micro e macro algas nativas&#8221;, explicou Marcia Kefensztok, coordenadora da Primar.<br \/>\nPesquisas acontecem na empresa, que n\u00e3o utiliza ra\u00e7\u00f5es para camar\u00f5es<br \/>\nDivulga\u00e7\u00e3o<br \/>\nO objetivo da fazenda \u00e9 buscar novas fontes de prote\u00ednas para alimenta\u00e7\u00e3o humana, pesquisando organismos aqu\u00e1ticos estuarinos, mapeando seu processo reprodutivo, para depois reproduzi-lo em ambiente controlado e, posteriormente, cultiv\u00e1-los em escala comercial, por meio da aquacultura org\u00e2nica e sustent\u00e1vel.<br \/>\n&#8220;No nosso processo produtivo, os camar\u00f5es n\u00e3o s\u00e3o arra\u00e7oados [animal que recebe ra\u00e7\u00e3o], n\u00e3o recebem alimentos artificiais. Eles se alimentam da biota natural  [conjunto de seres vivos] que existe no piso dos viveiros&#8221;, explicou M\u00e1rcia.<br \/>\nEla explica que o camar\u00e3o \u00e9 um organismo que habita o piso do viveiro e que \u00e9 poss\u00edvel cultiv\u00e1-lo com as ostras, que s\u00e3o organismos filtradores e cultivados em travesseiros flutuantes, &#8220;que ficam na tona, na lamina d&#8217;\u00e1gua, se alimentando de microalgas&#8221;.<br \/>\n&#8220;O camar\u00e3o e a ostra n\u00e3o competem pelo mesmo alimento e podem ser cultivados juntos ou consorciados nos viveiros&#8221;, refor\u00e7ou.<br \/>\nSonho: criar um instituto de pesquisa<br \/>\nA coordenadora da empresa, M\u00e1rcia Kefensztok, hoje trabalha com um sonho: transformar a empresa em um Instituto de Pesquisas em Aquacultura Estuarina.<br \/>\nO objetivo \u00e9, segundo ela, &#8220;poder perpetuar e estender para as pr\u00f3ximas gera\u00e7\u00f5es os estudos, pesquisas e conhecimentos que s\u00e3o a verdadeira voca\u00e7\u00e3o de produ\u00e7\u00e3o da Primar&#8221;.<br \/>\nAtualmente, a empresa tem produ\u00e7\u00e3o comercial de camar\u00f5es e ostras nativas, um laborat\u00f3rio de reprodu\u00e7\u00e3o de ostras e v\u00e1rios projetos de pesquisas com organismos aqu\u00e1ticos estuarinos, como os cavalos-marinhos, micro e macro algas nativas.<br \/>\nOstras s\u00e3o acompanhadas durante todo o processo<br \/>\nDivulga\u00e7\u00e3o<br \/>\n&#8220;Entendemos que aquacultura \u00e9 uma atividade relativamente nova, e que ser\u00e1 atrav\u00e9s das pesquisas que iremos desenvolver novos produtos aqu\u00edcolas&#8221;, explicou M\u00e1rcia.<br \/>\n&#8220;Algumas esp\u00e9cies com as quais trabalhamos t\u00eam pouqu\u00edssima literatura a respeito de processos produtivos, e \u00e9 com pesquisas constantes, registro dos dados, repeti\u00e7\u00f5es e muita observa\u00e7\u00e3o que vamos aprendendo e sistematizando o conhecimento de produ\u00e7\u00e3o das esp\u00e9cies testadas aqui&#8221;.<br \/>\nM\u00e1rcia explica que h\u00e1 ainda perspectiva de acrescentar mais organismos &#8211; que ainda est\u00e3o em est\u00e1gio de pesquisa -, nos viveiros e fazer v\u00e1rias esp\u00e9cies conviverem no mesmo espa\u00e7o, &#8220;como \u00e9 na natureza&#8221;.<br \/>\nPara ela, a principal caracter\u00edstica da empresa, &#8220;al\u00e9m da produ\u00e7\u00e3o org\u00e2nica e sua sustentabilidade&#8221;, \u00e9 a produ\u00e7\u00e3o de conhecimento na \u00e1rea da aquacultura estu\u00e1ria, que tem sido constru\u00edda ao longo de mais de 30 anos em pesquisas.<br \/>\n&#8220;Entendo a aquisi\u00e7\u00e3o de conhecimento como altamente transformadora na vida das pessoas&#8221;.<br \/>\nCavalos-marinhos tamb\u00e9m fazem parte das pesquisas<br \/>\nDivulga\u00e7\u00e3o<br \/>\nV\u00eddeos mais assistidos do g1 RN<\/p>","protected":false},"excerpt":{"rendered":"<p>Marcia Kafensztok coordena fazenda no litoral do RN pioneira na produ\u00e7\u00e3o de camar\u00f5es sem uso de ra\u00e7\u00f5es. Ela sonha em criar um instituto de pesquisas. Viveiro fica em Tibau do &#8230;<\/p>\n","protected":false},"author":0,"featured_media":5196,"parent":0,"menu_order":0,"comment_status":"closed","ping_status":"closed","template":"","meta":{"footnotes":""},"class_list":["post-5195","page","type-page","status-publish","has-post-thumbnail","hentry"],"yoast_head":"<!-- This site is optimized with the Yoast SEO plugin v27.1.1 - https:\/\/yoast.com\/product\/yoast-seo-wordpress\/ -->\n<title>Produtora de camar\u00e3o no RN \u00e9 uma das vencedoras do pr\u00eamio &#039;Mulheres na Ci\u00eancia&#039; - Taveira Jr<\/title>\n<meta name=\"robots\" content=\"index, follow, max-snippet:-1, max-image-preview:large, max-video-preview:-1\" \/>\n<link rel=\"canonical\" href=\"https:\/\/deputadotaveirajr.com.br\/index.php\/produtora-de-camarao-no-rn-e-uma-das-vencedoras-do-premio-mulheres-na-ciencia\/\" \/>\n<meta property=\"og:locale\" content=\"pt_BR\" \/>\n<meta property=\"og:type\" content=\"article\" \/>\n<meta property=\"og:title\" content=\"Produtora de camar\u00e3o no RN \u00e9 uma das vencedoras do pr\u00eamio &#039;Mulheres na Ci\u00eancia&#039; - Taveira Jr\" \/>\n<meta property=\"og:description\" content=\"Marcia Kafensztok coordena fazenda no litoral do RN pioneira na produ\u00e7\u00e3o de camar\u00f5es sem uso de ra\u00e7\u00f5es. Ela sonha em criar um instituto de pesquisas. Viveiro fica em Tibau do ...\" \/>\n<meta property=\"og:url\" content=\"https:\/\/deputadotaveirajr.com.br\/index.php\/produtora-de-camarao-no-rn-e-uma-das-vencedoras-do-premio-mulheres-na-ciencia\/\" \/>\n<meta property=\"og:site_name\" content=\"Taveira Jr\" \/>\n<meta property=\"og:image\" content=\"https:\/\/deputadotaveirajr.com.br\/wp-content\/uploads\/2024\/04\/viveiro-9OHKat.jpeg\" \/>\n\t<meta property=\"og:image:width\" content=\"1909\" \/>\n\t<meta property=\"og:image:height\" content=\"896\" \/>\n\t<meta property=\"og:image:type\" content=\"image\/jpeg\" \/>\n<meta name=\"twitter:card\" content=\"summary_large_image\" \/>\n<meta name=\"twitter:label1\" content=\"Est. tempo de leitura\" \/>\n\t<meta name=\"twitter:data1\" content=\"5 minutos\" \/>\n<script type=\"application\/ld+json\" class=\"yoast-schema-graph\">{\"@context\":\"https:\/\/schema.org\",\"@graph\":[{\"@type\":\"WebPage\",\"@id\":\"https:\/\/deputadotaveirajr.com.br\/index.php\/produtora-de-camarao-no-rn-e-uma-das-vencedoras-do-premio-mulheres-na-ciencia\/\",\"url\":\"https:\/\/deputadotaveirajr.com.br\/index.php\/produtora-de-camarao-no-rn-e-uma-das-vencedoras-do-premio-mulheres-na-ciencia\/\",\"name\":\"Produtora de camar\u00e3o no RN \u00e9 uma das vencedoras do pr\u00eamio 'Mulheres na Ci\u00eancia' - Taveira Jr\",\"isPartOf\":{\"@id\":\"https:\/\/deputadotaveirajr.com.br\/#website\"},\"primaryImageOfPage\":{\"@id\":\"https:\/\/deputadotaveirajr.com.br\/index.php\/produtora-de-camarao-no-rn-e-uma-das-vencedoras-do-premio-mulheres-na-ciencia\/#primaryimage\"},\"image\":{\"@id\":\"https:\/\/deputadotaveirajr.com.br\/index.php\/produtora-de-camarao-no-rn-e-uma-das-vencedoras-do-premio-mulheres-na-ciencia\/#primaryimage\"},\"thumbnailUrl\":\"https:\/\/deputadotaveirajr.com.br\/wp-content\/uploads\/2024\/04\/viveiro-9OHKat.jpeg\",\"datePublished\":\"2024-04-09T13:45:50+00:00\",\"breadcrumb\":{\"@id\":\"https:\/\/deputadotaveirajr.com.br\/index.php\/produtora-de-camarao-no-rn-e-uma-das-vencedoras-do-premio-mulheres-na-ciencia\/#breadcrumb\"},\"inLanguage\":\"pt-BR\",\"potentialAction\":[{\"@type\":\"ReadAction\",\"target\":[\"https:\/\/deputadotaveirajr.com.br\/index.php\/produtora-de-camarao-no-rn-e-uma-das-vencedoras-do-premio-mulheres-na-ciencia\/\"]}]},{\"@type\":\"ImageObject\",\"inLanguage\":\"pt-BR\",\"@id\":\"https:\/\/deputadotaveirajr.com.br\/index.php\/produtora-de-camarao-no-rn-e-uma-das-vencedoras-do-premio-mulheres-na-ciencia\/#primaryimage\",\"url\":\"https:\/\/deputadotaveirajr.com.br\/wp-content\/uploads\/2024\/04\/viveiro-9OHKat.jpeg\",\"contentUrl\":\"https:\/\/deputadotaveirajr.com.br\/wp-content\/uploads\/2024\/04\/viveiro-9OHKat.jpeg\",\"width\":1909,\"height\":896},{\"@type\":\"BreadcrumbList\",\"@id\":\"https:\/\/deputadotaveirajr.com.br\/index.php\/produtora-de-camarao-no-rn-e-uma-das-vencedoras-do-premio-mulheres-na-ciencia\/#breadcrumb\",\"itemListElement\":[{\"@type\":\"ListItem\",\"position\":1,\"name\":\"In\u00edcio\",\"item\":\"https:\/\/deputadotaveirajr.com.br\/\"},{\"@type\":\"ListItem\",\"position\":2,\"name\":\"Produtora de camar\u00e3o no RN \u00e9 uma das vencedoras do pr\u00eamio &#8216;Mulheres na Ci\u00eancia&#8217;\"}]},{\"@type\":\"WebSite\",\"@id\":\"https:\/\/deputadotaveirajr.com.br\/#website\",\"url\":\"https:\/\/deputadotaveirajr.com.br\/\",\"name\":\"Taveira Jr\",\"description\":\"Deputado Estadual\",\"publisher\":{\"@id\":\"https:\/\/deputadotaveirajr.com.br\/#organization\"},\"potentialAction\":[{\"@type\":\"SearchAction\",\"target\":{\"@type\":\"EntryPoint\",\"urlTemplate\":\"https:\/\/deputadotaveirajr.com.br\/?s={search_term_string}\"},\"query-input\":{\"@type\":\"PropertyValueSpecification\",\"valueRequired\":true,\"valueName\":\"search_term_string\"}}],\"inLanguage\":\"pt-BR\"},{\"@type\":\"Organization\",\"@id\":\"https:\/\/deputadotaveirajr.com.br\/#organization\",\"name\":\"Taveira Jr\",\"url\":\"https:\/\/deputadotaveirajr.com.br\/\",\"logo\":{\"@type\":\"ImageObject\",\"inLanguage\":\"pt-BR\",\"@id\":\"https:\/\/deputadotaveirajr.com.br\/#\/schema\/logo\/image\/\",\"url\":\"https:\/\/deputadotaveirajr.com.br\/wp-content\/uploads\/2026\/01\/logolow2a.png\",\"contentUrl\":\"https:\/\/deputadotaveirajr.com.br\/wp-content\/uploads\/2026\/01\/logolow2a.png\",\"width\":290,\"height\":80,\"caption\":\"Taveira Jr\"},\"image\":{\"@id\":\"https:\/\/deputadotaveirajr.com.br\/#\/schema\/logo\/image\/\"}}]}<\/script>\n<!-- \/ Yoast SEO plugin. -->","yoast_head_json":{"title":"Produtora de camar\u00e3o no RN \u00e9 uma das vencedoras do pr\u00eamio 'Mulheres na Ci\u00eancia' - Taveira Jr","robots":{"index":"index","follow":"follow","max-snippet":"max-snippet:-1","max-image-preview":"max-image-preview:large","max-video-preview":"max-video-preview:-1"},"canonical":"https:\/\/deputadotaveirajr.com.br\/index.php\/produtora-de-camarao-no-rn-e-uma-das-vencedoras-do-premio-mulheres-na-ciencia\/","og_locale":"pt_BR","og_type":"article","og_title":"Produtora de camar\u00e3o no RN \u00e9 uma das vencedoras do pr\u00eamio 'Mulheres na Ci\u00eancia' - Taveira Jr","og_description":"Marcia Kafensztok coordena fazenda no litoral do RN pioneira na produ\u00e7\u00e3o de camar\u00f5es sem uso de ra\u00e7\u00f5es. Ela sonha em criar um instituto de pesquisas. Viveiro fica em Tibau do ...","og_url":"https:\/\/deputadotaveirajr.com.br\/index.php\/produtora-de-camarao-no-rn-e-uma-das-vencedoras-do-premio-mulheres-na-ciencia\/","og_site_name":"Taveira Jr","og_image":[{"width":1909,"height":896,"url":"https:\/\/deputadotaveirajr.com.br\/wp-content\/uploads\/2024\/04\/viveiro-9OHKat.jpeg","type":"image\/jpeg"}],"twitter_card":"summary_large_image","twitter_misc":{"Est. tempo de leitura":"5 minutos"},"schema":{"@context":"https:\/\/schema.org","@graph":[{"@type":"WebPage","@id":"https:\/\/deputadotaveirajr.com.br\/index.php\/produtora-de-camarao-no-rn-e-uma-das-vencedoras-do-premio-mulheres-na-ciencia\/","url":"https:\/\/deputadotaveirajr.com.br\/index.php\/produtora-de-camarao-no-rn-e-uma-das-vencedoras-do-premio-mulheres-na-ciencia\/","name":"Produtora de camar\u00e3o no RN \u00e9 uma das vencedoras do pr\u00eamio 'Mulheres na Ci\u00eancia' - Taveira Jr","isPartOf":{"@id":"https:\/\/deputadotaveirajr.com.br\/#website"},"primaryImageOfPage":{"@id":"https:\/\/deputadotaveirajr.com.br\/index.php\/produtora-de-camarao-no-rn-e-uma-das-vencedoras-do-premio-mulheres-na-ciencia\/#primaryimage"},"image":{"@id":"https:\/\/deputadotaveirajr.com.br\/index.php\/produtora-de-camarao-no-rn-e-uma-das-vencedoras-do-premio-mulheres-na-ciencia\/#primaryimage"},"thumbnailUrl":"https:\/\/deputadotaveirajr.com.br\/wp-content\/uploads\/2024\/04\/viveiro-9OHKat.jpeg","datePublished":"2024-04-09T13:45:50+00:00","breadcrumb":{"@id":"https:\/\/deputadotaveirajr.com.br\/index.php\/produtora-de-camarao-no-rn-e-uma-das-vencedoras-do-premio-mulheres-na-ciencia\/#breadcrumb"},"inLanguage":"pt-BR","potentialAction":[{"@type":"ReadAction","target":["https:\/\/deputadotaveirajr.com.br\/index.php\/produtora-de-camarao-no-rn-e-uma-das-vencedoras-do-premio-mulheres-na-ciencia\/"]}]},{"@type":"ImageObject","inLanguage":"pt-BR","@id":"https:\/\/deputadotaveirajr.com.br\/index.php\/produtora-de-camarao-no-rn-e-uma-das-vencedoras-do-premio-mulheres-na-ciencia\/#primaryimage","url":"https:\/\/deputadotaveirajr.com.br\/wp-content\/uploads\/2024\/04\/viveiro-9OHKat.jpeg","contentUrl":"https:\/\/deputadotaveirajr.com.br\/wp-content\/uploads\/2024\/04\/viveiro-9OHKat.jpeg","width":1909,"height":896},{"@type":"BreadcrumbList","@id":"https:\/\/deputadotaveirajr.com.br\/index.php\/produtora-de-camarao-no-rn-e-uma-das-vencedoras-do-premio-mulheres-na-ciencia\/#breadcrumb","itemListElement":[{"@type":"ListItem","position":1,"name":"In\u00edcio","item":"https:\/\/deputadotaveirajr.com.br\/"},{"@type":"ListItem","position":2,"name":"Produtora de camar\u00e3o no RN \u00e9 uma das vencedoras do pr\u00eamio &#8216;Mulheres na Ci\u00eancia&#8217;"}]},{"@type":"WebSite","@id":"https:\/\/deputadotaveirajr.com.br\/#website","url":"https:\/\/deputadotaveirajr.com.br\/","name":"Taveira Jr","description":"Deputado Estadual","publisher":{"@id":"https:\/\/deputadotaveirajr.com.br\/#organization"},"potentialAction":[{"@type":"SearchAction","target":{"@type":"EntryPoint","urlTemplate":"https:\/\/deputadotaveirajr.com.br\/?s={search_term_string}"},"query-input":{"@type":"PropertyValueSpecification","valueRequired":true,"valueName":"search_term_string"}}],"inLanguage":"pt-BR"},{"@type":"Organization","@id":"https:\/\/deputadotaveirajr.com.br\/#organization","name":"Taveira Jr","url":"https:\/\/deputadotaveirajr.com.br\/","logo":{"@type":"ImageObject","inLanguage":"pt-BR","@id":"https:\/\/deputadotaveirajr.com.br\/#\/schema\/logo\/image\/","url":"https:\/\/deputadotaveirajr.com.br\/wp-content\/uploads\/2026\/01\/logolow2a.png","contentUrl":"https:\/\/deputadotaveirajr.com.br\/wp-content\/uploads\/2026\/01\/logolow2a.png","width":290,"height":80,"caption":"Taveira Jr"},"image":{"@id":"https:\/\/deputadotaveirajr.com.br\/#\/schema\/logo\/image\/"}}]}},"_links":{"self":[{"href":"https:\/\/deputadotaveirajr.com.br\/index.php\/wp-json\/wp\/v2\/pages\/5195","targetHints":{"allow":["GET"]}}],"collection":[{"href":"https:\/\/deputadotaveirajr.com.br\/index.php\/wp-json\/wp\/v2\/pages"}],"about":[{"href":"https:\/\/deputadotaveirajr.com.br\/index.php\/wp-json\/wp\/v2\/types\/page"}],"replies":[{"embeddable":true,"href":"https:\/\/deputadotaveirajr.com.br\/index.php\/wp-json\/wp\/v2\/comments?post=5195"}],"version-history":[{"count":1,"href":"https:\/\/deputadotaveirajr.com.br\/index.php\/wp-json\/wp\/v2\/pages\/5195\/revisions"}],"predecessor-version":[{"id":5200,"href":"https:\/\/deputadotaveirajr.com.br\/index.php\/wp-json\/wp\/v2\/pages\/5195\/revisions\/5200"}],"wp:featuredmedia":[{"embeddable":true,"href":"https:\/\/deputadotaveirajr.com.br\/index.php\/wp-json\/wp\/v2\/media\/5196"}],"wp:attachment":[{"href":"https:\/\/deputadotaveirajr.com.br\/index.php\/wp-json\/wp\/v2\/media?parent=5195"}],"curies":[{"name":"wp","href":"https:\/\/api.w.org\/{rel}","templated":true}]}}