{"id":5293,"date":"2024-04-11T15:21:04","date_gmt":"2024-04-11T18:21:04","guid":{"rendered":"https:\/\/deputadotaveirajr.com.br\/?page_id=5293"},"modified":"2024-04-11T15:21:04","modified_gmt":"2024-04-11T18:21:04","slug":"empresa-que-atuou-em-balneario-camboriu-vence-licitacao-para-engorda-da-praia-de-ponta-negra-em-natal","status":"publish","type":"page","link":"https:\/\/deputadotaveirajr.com.br\/index.php\/empresa-que-atuou-em-balneario-camboriu-vence-licitacao-para-engorda-da-praia-de-ponta-negra-em-natal\/","title":{"rendered":"Empresa que atuou em Balne\u00e1rio Cambori\u00fa vence licita\u00e7\u00e3o para engorda da praia de Ponta Negra em Natal"},"content":{"rendered":"<p>     Resultado foi publicado pela prefeitura nesta quarta-feira (10). Munic\u00edpio espera come\u00e7ar obra em at\u00e9 90 dias.  Praia de Ponta Negra com Morro do Careca ao fundo, em Natal<br \/>\nIgor J\u00e1come\/g1<br \/>\nUma empresa que atuou na engorda da praia de Balne\u00e1rio Cambori\u00fa, em Santa Catarina, foi a vencedora da licita\u00e7\u00e3o realizada pela Prefeitura de Natal para o projeto de alargamento da praia de Ponta Negra, onde fica o Morro do Careca, principal cart\u00e3o postal da cidade.<br \/>\nO resultado do processo foi oficializado nesta quarta-feira (10) e publicado no Di\u00e1rio Oficial do Munic\u00edpio. O Cons\u00f3rcio DTA-AJM apresentou a proposta mais barata entre os tr\u00eas concorrentes, no valor de R$ 73,7 milh\u00f5es.<br \/>\nEntre as obras do portif\u00f3lio divulgado no seu site, a DTA Engenharia, sediada em S\u00e3o Paulo, tem o alargamento da praia central de Balne\u00e1rio Cambori\u00fa e a dragagem de aprofundamento do Porto de Santos.<br \/>\nO cons\u00f3rcio vencedor dever\u00e1 atuar na execu\u00e7\u00e3o de obras de &#8220;drenagem e aterro hidr\u00e1ulico para preenchimento artificial da praia de Ponta Negra&#8221;, al\u00e9m de complementa\u00e7\u00e3o do cal\u00e7ad\u00e3o da orla interligando a estrutura \u00e0 orla da Via Costeira.<br \/>\nDe acordo com a Prefeitura de Natal, a previs\u00e3o \u00e9 de que a obra seja iniciada em at\u00e9 90 dias e leve outros 90 dias para ser conclu\u00edda.<br \/>\nAntes de come\u00e7ar a engorda da praia, a empresa ainda dever\u00e1 apresentar os projetos executivos ao Instituto de Desenvolvimento Sustent\u00e1vel e Meio Ambiente (Idema) e receber a licen\u00e7a ambiental necess\u00e1ria. Uma licen\u00e7a pr\u00e9via, que permitiu a realiza\u00e7\u00e3o da licita\u00e7\u00e3o, foi emitida em julho de 2023.<br \/>\nA estimativa do munic\u00edpio \u00e9 de que ser\u00e3o usados 1,1 milh\u00e3o de metros c\u00fabicos de areia, tirados de um banco de areia no mar, perto da costa, para alargar a praia ao longo de 4 quil\u00f4metros.<br \/>\nSegundo a prefeitura, a expectativa \u00e9 de que a faixa de areia da praia fique com at\u00e9 100 metros de largura na mar\u00e9 baixa e 50 metros na mar\u00e9 cheia.<br \/>\nA prefeitura tamb\u00e9m aponta o alargamento da praia como uma das medidas necess\u00e1rias para conter a eros\u00e3o do Morro do Careca. Apesar disso, em Balne\u00e1rio Cambori\u00fa, a eros\u00e3o do mar acabou &#8220;engolindo&#8221; 70 metros da \u00e1rea alargada, em 2023, cerca de dois anos ap\u00f3s a obra.<br \/>\nO projeto de Natal preocupa pescadores que atuam em Ponta Negra. Representantes dos trabalhadores temem impactos sociais, por n\u00e3o saberem se poder\u00e3o trabalhar durante as obras, al\u00e9m de impactos ambientais.<br \/>\nVeja os v\u00eddeos mais assistidos no g1 RN<\/p>","protected":false},"excerpt":{"rendered":"<p>Resultado foi publicado pela prefeitura nesta quarta-feira (10). Munic\u00edpio espera come\u00e7ar obra em at\u00e9 90 dias. Praia de Ponta Negra com Morro do Careca ao fundo, em Natal Igor J\u00e1come\/g1 &#8230;<\/p>\n","protected":false},"author":0,"featured_media":5294,"parent":0,"menu_order":0,"comment_status":"closed","ping_status":"closed","template":"","meta":{"footnotes":""},"class_list":["post-5293","page","type-page","status-publish","has-post-thumbnail","hentry"],"yoast_head":"<!-- This site is optimized with the Yoast SEO plugin v27.1.1 - https:\/\/yoast.com\/product\/yoast-seo-wordpress\/ -->\n<title>Empresa que atuou em Balne\u00e1rio Cambori\u00fa vence licita\u00e7\u00e3o para engorda da praia de Ponta Negra em Natal - Taveira Jr<\/title>\n<meta name=\"robots\" content=\"index, follow, max-snippet:-1, max-image-preview:large, max-video-preview:-1\" \/>\n<link rel=\"canonical\" href=\"https:\/\/deputadotaveirajr.com.br\/index.php\/empresa-que-atuou-em-balneario-camboriu-vence-licitacao-para-engorda-da-praia-de-ponta-negra-em-natal\/\" \/>\n<meta property=\"og:locale\" content=\"pt_BR\" \/>\n<meta property=\"og:type\" content=\"article\" \/>\n<meta property=\"og:title\" content=\"Empresa que atuou em Balne\u00e1rio Cambori\u00fa vence licita\u00e7\u00e3o para engorda da praia de Ponta Negra em Natal - Taveira Jr\" \/>\n<meta property=\"og:description\" content=\"Resultado foi publicado pela prefeitura nesta quarta-feira (10). Munic\u00edpio espera come\u00e7ar obra em at\u00e9 90 dias. Praia de Ponta Negra com Morro do Careca ao fundo, em Natal Igor J\u00e1come\/g1 ...\" \/>\n<meta property=\"og:url\" content=\"https:\/\/deputadotaveirajr.com.br\/index.php\/empresa-que-atuou-em-balneario-camboriu-vence-licitacao-para-engorda-da-praia-de-ponta-negra-em-natal\/\" \/>\n<meta property=\"og:site_name\" content=\"Taveira Jr\" \/>\n<meta property=\"og:image\" content=\"https:\/\/deputadotaveirajr.com.br\/wp-content\/uploads\/2024\/04\/20230620-171359-OzzCid-scaled.jpeg\" \/>\n\t<meta property=\"og:image:width\" content=\"2560\" \/>\n\t<meta property=\"og:image:height\" content=\"1440\" \/>\n\t<meta property=\"og:image:type\" content=\"image\/jpeg\" \/>\n<meta name=\"twitter:card\" content=\"summary_large_image\" \/>\n<meta name=\"twitter:label1\" content=\"Est. tempo de leitura\" \/>\n\t<meta name=\"twitter:data1\" content=\"2 minutos\" \/>\n<script type=\"application\/ld+json\" class=\"yoast-schema-graph\">{\"@context\":\"https:\/\/schema.org\",\"@graph\":[{\"@type\":\"WebPage\",\"@id\":\"https:\/\/deputadotaveirajr.com.br\/index.php\/empresa-que-atuou-em-balneario-camboriu-vence-licitacao-para-engorda-da-praia-de-ponta-negra-em-natal\/\",\"url\":\"https:\/\/deputadotaveirajr.com.br\/index.php\/empresa-que-atuou-em-balneario-camboriu-vence-licitacao-para-engorda-da-praia-de-ponta-negra-em-natal\/\",\"name\":\"Empresa que atuou em Balne\u00e1rio Cambori\u00fa vence licita\u00e7\u00e3o para engorda da praia de Ponta Negra em Natal - Taveira Jr\",\"isPartOf\":{\"@id\":\"https:\/\/deputadotaveirajr.com.br\/#website\"},\"primaryImageOfPage\":{\"@id\":\"https:\/\/deputadotaveirajr.com.br\/index.php\/empresa-que-atuou-em-balneario-camboriu-vence-licitacao-para-engorda-da-praia-de-ponta-negra-em-natal\/#primaryimage\"},\"image\":{\"@id\":\"https:\/\/deputadotaveirajr.com.br\/index.php\/empresa-que-atuou-em-balneario-camboriu-vence-licitacao-para-engorda-da-praia-de-ponta-negra-em-natal\/#primaryimage\"},\"thumbnailUrl\":\"https:\/\/deputadotaveirajr.com.br\/wp-content\/uploads\/2024\/04\/20230620-171359-OzzCid-scaled.jpeg\",\"datePublished\":\"2024-04-11T18:21:04+00:00\",\"breadcrumb\":{\"@id\":\"https:\/\/deputadotaveirajr.com.br\/index.php\/empresa-que-atuou-em-balneario-camboriu-vence-licitacao-para-engorda-da-praia-de-ponta-negra-em-natal\/#breadcrumb\"},\"inLanguage\":\"pt-BR\",\"potentialAction\":[{\"@type\":\"ReadAction\",\"target\":[\"https:\/\/deputadotaveirajr.com.br\/index.php\/empresa-que-atuou-em-balneario-camboriu-vence-licitacao-para-engorda-da-praia-de-ponta-negra-em-natal\/\"]}]},{\"@type\":\"ImageObject\",\"inLanguage\":\"pt-BR\",\"@id\":\"https:\/\/deputadotaveirajr.com.br\/index.php\/empresa-que-atuou-em-balneario-camboriu-vence-licitacao-para-engorda-da-praia-de-ponta-negra-em-natal\/#primaryimage\",\"url\":\"https:\/\/deputadotaveirajr.com.br\/wp-content\/uploads\/2024\/04\/20230620-171359-OzzCid-scaled.jpeg\",\"contentUrl\":\"https:\/\/deputadotaveirajr.com.br\/wp-content\/uploads\/2024\/04\/20230620-171359-OzzCid-scaled.jpeg\",\"width\":2560,\"height\":1440},{\"@type\":\"BreadcrumbList\",\"@id\":\"https:\/\/deputadotaveirajr.com.br\/index.php\/empresa-que-atuou-em-balneario-camboriu-vence-licitacao-para-engorda-da-praia-de-ponta-negra-em-natal\/#breadcrumb\",\"itemListElement\":[{\"@type\":\"ListItem\",\"position\":1,\"name\":\"In\u00edcio\",\"item\":\"https:\/\/deputadotaveirajr.com.br\/\"},{\"@type\":\"ListItem\",\"position\":2,\"name\":\"Empresa que atuou em Balne\u00e1rio Cambori\u00fa vence licita\u00e7\u00e3o para engorda da praia de Ponta Negra em Natal\"}]},{\"@type\":\"WebSite\",\"@id\":\"https:\/\/deputadotaveirajr.com.br\/#website\",\"url\":\"https:\/\/deputadotaveirajr.com.br\/\",\"name\":\"Taveira Jr\",\"description\":\"Deputado Estadual\",\"publisher\":{\"@id\":\"https:\/\/deputadotaveirajr.com.br\/#organization\"},\"potentialAction\":[{\"@type\":\"SearchAction\",\"target\":{\"@type\":\"EntryPoint\",\"urlTemplate\":\"https:\/\/deputadotaveirajr.com.br\/?s={search_term_string}\"},\"query-input\":{\"@type\":\"PropertyValueSpecification\",\"valueRequired\":true,\"valueName\":\"search_term_string\"}}],\"inLanguage\":\"pt-BR\"},{\"@type\":\"Organization\",\"@id\":\"https:\/\/deputadotaveirajr.com.br\/#organization\",\"name\":\"Taveira Jr\",\"url\":\"https:\/\/deputadotaveirajr.com.br\/\",\"logo\":{\"@type\":\"ImageObject\",\"inLanguage\":\"pt-BR\",\"@id\":\"https:\/\/deputadotaveirajr.com.br\/#\/schema\/logo\/image\/\",\"url\":\"https:\/\/deputadotaveirajr.com.br\/wp-content\/uploads\/2026\/01\/logolow2a.png\",\"contentUrl\":\"https:\/\/deputadotaveirajr.com.br\/wp-content\/uploads\/2026\/01\/logolow2a.png\",\"width\":290,\"height\":80,\"caption\":\"Taveira Jr\"},\"image\":{\"@id\":\"https:\/\/deputadotaveirajr.com.br\/#\/schema\/logo\/image\/\"}}]}<\/script>\n<!-- \/ Yoast SEO plugin. -->","yoast_head_json":{"title":"Empresa que atuou em Balne\u00e1rio Cambori\u00fa vence licita\u00e7\u00e3o para engorda da praia de Ponta Negra em Natal - Taveira Jr","robots":{"index":"index","follow":"follow","max-snippet":"max-snippet:-1","max-image-preview":"max-image-preview:large","max-video-preview":"max-video-preview:-1"},"canonical":"https:\/\/deputadotaveirajr.com.br\/index.php\/empresa-que-atuou-em-balneario-camboriu-vence-licitacao-para-engorda-da-praia-de-ponta-negra-em-natal\/","og_locale":"pt_BR","og_type":"article","og_title":"Empresa que atuou em Balne\u00e1rio Cambori\u00fa vence licita\u00e7\u00e3o para engorda da praia de Ponta Negra em Natal - Taveira Jr","og_description":"Resultado foi publicado pela prefeitura nesta quarta-feira (10). Munic\u00edpio espera come\u00e7ar obra em at\u00e9 90 dias. Praia de Ponta Negra com Morro do Careca ao fundo, em Natal Igor J\u00e1come\/g1 ...","og_url":"https:\/\/deputadotaveirajr.com.br\/index.php\/empresa-que-atuou-em-balneario-camboriu-vence-licitacao-para-engorda-da-praia-de-ponta-negra-em-natal\/","og_site_name":"Taveira Jr","og_image":[{"width":2560,"height":1440,"url":"https:\/\/deputadotaveirajr.com.br\/wp-content\/uploads\/2024\/04\/20230620-171359-OzzCid-scaled.jpeg","type":"image\/jpeg"}],"twitter_card":"summary_large_image","twitter_misc":{"Est. tempo de leitura":"2 minutos"},"schema":{"@context":"https:\/\/schema.org","@graph":[{"@type":"WebPage","@id":"https:\/\/deputadotaveirajr.com.br\/index.php\/empresa-que-atuou-em-balneario-camboriu-vence-licitacao-para-engorda-da-praia-de-ponta-negra-em-natal\/","url":"https:\/\/deputadotaveirajr.com.br\/index.php\/empresa-que-atuou-em-balneario-camboriu-vence-licitacao-para-engorda-da-praia-de-ponta-negra-em-natal\/","name":"Empresa que atuou em Balne\u00e1rio Cambori\u00fa vence licita\u00e7\u00e3o para engorda da praia de Ponta Negra em Natal - Taveira Jr","isPartOf":{"@id":"https:\/\/deputadotaveirajr.com.br\/#website"},"primaryImageOfPage":{"@id":"https:\/\/deputadotaveirajr.com.br\/index.php\/empresa-que-atuou-em-balneario-camboriu-vence-licitacao-para-engorda-da-praia-de-ponta-negra-em-natal\/#primaryimage"},"image":{"@id":"https:\/\/deputadotaveirajr.com.br\/index.php\/empresa-que-atuou-em-balneario-camboriu-vence-licitacao-para-engorda-da-praia-de-ponta-negra-em-natal\/#primaryimage"},"thumbnailUrl":"https:\/\/deputadotaveirajr.com.br\/wp-content\/uploads\/2024\/04\/20230620-171359-OzzCid-scaled.jpeg","datePublished":"2024-04-11T18:21:04+00:00","breadcrumb":{"@id":"https:\/\/deputadotaveirajr.com.br\/index.php\/empresa-que-atuou-em-balneario-camboriu-vence-licitacao-para-engorda-da-praia-de-ponta-negra-em-natal\/#breadcrumb"},"inLanguage":"pt-BR","potentialAction":[{"@type":"ReadAction","target":["https:\/\/deputadotaveirajr.com.br\/index.php\/empresa-que-atuou-em-balneario-camboriu-vence-licitacao-para-engorda-da-praia-de-ponta-negra-em-natal\/"]}]},{"@type":"ImageObject","inLanguage":"pt-BR","@id":"https:\/\/deputadotaveirajr.com.br\/index.php\/empresa-que-atuou-em-balneario-camboriu-vence-licitacao-para-engorda-da-praia-de-ponta-negra-em-natal\/#primaryimage","url":"https:\/\/deputadotaveirajr.com.br\/wp-content\/uploads\/2024\/04\/20230620-171359-OzzCid-scaled.jpeg","contentUrl":"https:\/\/deputadotaveirajr.com.br\/wp-content\/uploads\/2024\/04\/20230620-171359-OzzCid-scaled.jpeg","width":2560,"height":1440},{"@type":"BreadcrumbList","@id":"https:\/\/deputadotaveirajr.com.br\/index.php\/empresa-que-atuou-em-balneario-camboriu-vence-licitacao-para-engorda-da-praia-de-ponta-negra-em-natal\/#breadcrumb","itemListElement":[{"@type":"ListItem","position":1,"name":"In\u00edcio","item":"https:\/\/deputadotaveirajr.com.br\/"},{"@type":"ListItem","position":2,"name":"Empresa que atuou em Balne\u00e1rio Cambori\u00fa vence licita\u00e7\u00e3o para engorda da praia de Ponta Negra em Natal"}]},{"@type":"WebSite","@id":"https:\/\/deputadotaveirajr.com.br\/#website","url":"https:\/\/deputadotaveirajr.com.br\/","name":"Taveira Jr","description":"Deputado Estadual","publisher":{"@id":"https:\/\/deputadotaveirajr.com.br\/#organization"},"potentialAction":[{"@type":"SearchAction","target":{"@type":"EntryPoint","urlTemplate":"https:\/\/deputadotaveirajr.com.br\/?s={search_term_string}"},"query-input":{"@type":"PropertyValueSpecification","valueRequired":true,"valueName":"search_term_string"}}],"inLanguage":"pt-BR"},{"@type":"Organization","@id":"https:\/\/deputadotaveirajr.com.br\/#organization","name":"Taveira Jr","url":"https:\/\/deputadotaveirajr.com.br\/","logo":{"@type":"ImageObject","inLanguage":"pt-BR","@id":"https:\/\/deputadotaveirajr.com.br\/#\/schema\/logo\/image\/","url":"https:\/\/deputadotaveirajr.com.br\/wp-content\/uploads\/2026\/01\/logolow2a.png","contentUrl":"https:\/\/deputadotaveirajr.com.br\/wp-content\/uploads\/2026\/01\/logolow2a.png","width":290,"height":80,"caption":"Taveira Jr"},"image":{"@id":"https:\/\/deputadotaveirajr.com.br\/#\/schema\/logo\/image\/"}}]}},"_links":{"self":[{"href":"https:\/\/deputadotaveirajr.com.br\/index.php\/wp-json\/wp\/v2\/pages\/5293","targetHints":{"allow":["GET"]}}],"collection":[{"href":"https:\/\/deputadotaveirajr.com.br\/index.php\/wp-json\/wp\/v2\/pages"}],"about":[{"href":"https:\/\/deputadotaveirajr.com.br\/index.php\/wp-json\/wp\/v2\/types\/page"}],"replies":[{"embeddable":true,"href":"https:\/\/deputadotaveirajr.com.br\/index.php\/wp-json\/wp\/v2\/comments?post=5293"}],"version-history":[{"count":1,"href":"https:\/\/deputadotaveirajr.com.br\/index.php\/wp-json\/wp\/v2\/pages\/5293\/revisions"}],"predecessor-version":[{"id":5299,"href":"https:\/\/deputadotaveirajr.com.br\/index.php\/wp-json\/wp\/v2\/pages\/5293\/revisions\/5299"}],"wp:featuredmedia":[{"embeddable":true,"href":"https:\/\/deputadotaveirajr.com.br\/index.php\/wp-json\/wp\/v2\/media\/5294"}],"wp:attachment":[{"href":"https:\/\/deputadotaveirajr.com.br\/index.php\/wp-json\/wp\/v2\/media?parent=5293"}],"curies":[{"name":"wp","href":"https:\/\/api.w.org\/{rel}","templated":true}]}}