{"id":5318,"date":"2024-04-12T14:46:09","date_gmt":"2024-04-12T17:46:09","guid":{"rendered":"https:\/\/deputadotaveirajr.com.br\/?page_id=5318"},"modified":"2024-04-12T14:46:09","modified_gmt":"2024-04-12T17:46:09","slug":"justica-suspende-licitacao-da-engorda-da-praia-de-ponta-negra-em-natal","status":"publish","type":"page","link":"https:\/\/deputadotaveirajr.com.br\/index.php\/justica-suspende-licitacao-da-engorda-da-praia-de-ponta-negra-em-natal\/","title":{"rendered":"Justi\u00e7a suspende licita\u00e7\u00e3o da engorda da praia de Ponta Negra em Natal"},"content":{"rendered":"<p>     Prefeitura afirma que foi notificada na quinta-feira (11), ap\u00f3s resultado do processo, e que vai recorrer. Prefeitura de Natal<br \/>\nFrancielly Medeiros\/Inter TV Cabugi<br \/>\nUma decis\u00e3o da Justi\u00e7a do Rio Grande do Norte suspendeu o processo de licita\u00e7\u00e3o da engorda da praia de Ponta Negra, que ocorreu na \u00faltima quarta-feira (10), em Natal.<br \/>\nA ju\u00edza Eveline Guedes Lima, do plant\u00e3o judici\u00e1rio, atendeu um pedido feito por uma das empresas concorrentes e suspendeu o resultado da licita\u00e7\u00e3o horas antes da finaliza\u00e7\u00e3o do processo.<br \/>\nPor\u00e9m, segundo a Prefeitura de Natal, a Secretaria de Infraestrutura do munic\u00edpio s\u00f3 recebeu a notifica\u00e7\u00e3o da decis\u00e3o na tarde desta quinta-feira (11), ap\u00f3s ter publicado, o resultado que declarou o Cons\u00f3rcio DTA-AJM como vencedor, com proposta R$ 73,7 milh\u00f5es.<br \/>\nAp\u00f3s o plant\u00e3o, o processo foi remetido para a 4\u00aaVara da Fazenda P\u00fablica da Comarca de Natal. Ainda segundo a prefeitura, o munic\u00edpio vai recorrer da decis\u00e3o.<br \/>\nA a\u00e7\u00e3o com um pedido de mandado de seguran\u00e7a foi aberta pelo Cons\u00f3rcio JDN &#8211; Edcon &#8211; um dos concorrentes na licita\u00e7\u00e3o &#8211; que alegou \u00e0 Justi\u00e7a ter encontrado 22 irregularidades nos documentos de habilita\u00e7\u00e3o apresentados pelas outras duas empresas concorrentes, que maculariam a lisura do processo.<br \/>\nA decis\u00e3o judicial, \u00e0 qual o g1 teve acesso, n\u00e3o detalha as supostas irregularidades.<br \/>\nA empresa ainda defendeu que tem direito a receber tratamento ison\u00f4mico, de acordo com as disposi\u00e7\u00f5es do edital, e relatou que a decis\u00e3o de julgamento dos recursos que foram apresentadas por ela no processo licitat\u00f3rio sequer recebeu assinatura dos membro da comiss\u00e3o<br \/>\n&#8220;Defiro o pedido liminar apresentado pela impetrante \u00e0 inicial, devendo a autoridade coatora proceder a imediata suspens\u00e3o do procedimento licitat\u00f3rio aprazado&#8221;, decidiu a magistrada. A ju\u00edza ainda deu prazo de 10 dias para que o munic\u00edpio apresente resposta dentro do processo.<br \/>\nVeja os v\u00eddeos mais assistidos no g1 RN<\/p>","protected":false},"excerpt":{"rendered":"<p>Prefeitura afirma que foi notificada na quinta-feira (11), ap\u00f3s resultado do processo, e que vai recorrer. Prefeitura de Natal Francielly Medeiros\/Inter TV Cabugi Uma decis\u00e3o da Justi\u00e7a do Rio Grande &#8230;<\/p>\n","protected":false},"author":0,"featured_media":5319,"parent":0,"menu_order":0,"comment_status":"closed","ping_status":"closed","template":"","meta":{"footnotes":""},"class_list":["post-5318","page","type-page","status-publish","has-post-thumbnail","hentry"],"yoast_head":"<!-- This site is optimized with the Yoast SEO plugin v27.1.1 - https:\/\/yoast.com\/product\/yoast-seo-wordpress\/ -->\n<title>Justi\u00e7a suspende licita\u00e7\u00e3o da engorda da praia de Ponta Negra em Natal - Taveira Jr<\/title>\n<meta name=\"robots\" content=\"index, follow, max-snippet:-1, max-image-preview:large, max-video-preview:-1\" \/>\n<link rel=\"canonical\" href=\"https:\/\/deputadotaveirajr.com.br\/index.php\/justica-suspende-licitacao-da-engorda-da-praia-de-ponta-negra-em-natal\/\" \/>\n<meta property=\"og:locale\" content=\"pt_BR\" \/>\n<meta property=\"og:type\" content=\"article\" \/>\n<meta property=\"og:title\" content=\"Justi\u00e7a suspende licita\u00e7\u00e3o da engorda da praia de Ponta Negra em Natal - Taveira Jr\" \/>\n<meta property=\"og:description\" content=\"Prefeitura afirma que foi notificada na quinta-feira (11), ap\u00f3s resultado do processo, e que vai recorrer. Prefeitura de Natal Francielly Medeiros\/Inter TV Cabugi Uma decis\u00e3o da Justi\u00e7a do Rio Grande ...\" \/>\n<meta property=\"og:url\" content=\"https:\/\/deputadotaveirajr.com.br\/index.php\/justica-suspende-licitacao-da-engorda-da-praia-de-ponta-negra-em-natal\/\" \/>\n<meta property=\"og:site_name\" content=\"Taveira Jr\" \/>\n<meta property=\"og:image\" content=\"https:\/\/deputadotaveirajr.com.br\/wp-content\/uploads\/2024\/04\/whatsapp-image-2023-05-26-at-17.46.11-1-bVErq4.jpeg\" \/>\n\t<meta property=\"og:image:width\" content=\"1600\" \/>\n\t<meta property=\"og:image:height\" content=\"900\" \/>\n\t<meta property=\"og:image:type\" content=\"image\/jpeg\" \/>\n<meta name=\"twitter:card\" content=\"summary_large_image\" \/>\n<meta name=\"twitter:label1\" content=\"Est. tempo de leitura\" \/>\n\t<meta name=\"twitter:data1\" content=\"2 minutos\" \/>\n<script type=\"application\/ld+json\" class=\"yoast-schema-graph\">{\"@context\":\"https:\/\/schema.org\",\"@graph\":[{\"@type\":\"WebPage\",\"@id\":\"https:\/\/deputadotaveirajr.com.br\/index.php\/justica-suspende-licitacao-da-engorda-da-praia-de-ponta-negra-em-natal\/\",\"url\":\"https:\/\/deputadotaveirajr.com.br\/index.php\/justica-suspende-licitacao-da-engorda-da-praia-de-ponta-negra-em-natal\/\",\"name\":\"Justi\u00e7a suspende licita\u00e7\u00e3o da engorda da praia de Ponta Negra em Natal - Taveira Jr\",\"isPartOf\":{\"@id\":\"https:\/\/deputadotaveirajr.com.br\/#website\"},\"primaryImageOfPage\":{\"@id\":\"https:\/\/deputadotaveirajr.com.br\/index.php\/justica-suspende-licitacao-da-engorda-da-praia-de-ponta-negra-em-natal\/#primaryimage\"},\"image\":{\"@id\":\"https:\/\/deputadotaveirajr.com.br\/index.php\/justica-suspende-licitacao-da-engorda-da-praia-de-ponta-negra-em-natal\/#primaryimage\"},\"thumbnailUrl\":\"https:\/\/deputadotaveirajr.com.br\/wp-content\/uploads\/2024\/04\/whatsapp-image-2023-05-26-at-17.46.11-1-bVErq4.jpeg\",\"datePublished\":\"2024-04-12T17:46:09+00:00\",\"breadcrumb\":{\"@id\":\"https:\/\/deputadotaveirajr.com.br\/index.php\/justica-suspende-licitacao-da-engorda-da-praia-de-ponta-negra-em-natal\/#breadcrumb\"},\"inLanguage\":\"pt-BR\",\"potentialAction\":[{\"@type\":\"ReadAction\",\"target\":[\"https:\/\/deputadotaveirajr.com.br\/index.php\/justica-suspende-licitacao-da-engorda-da-praia-de-ponta-negra-em-natal\/\"]}]},{\"@type\":\"ImageObject\",\"inLanguage\":\"pt-BR\",\"@id\":\"https:\/\/deputadotaveirajr.com.br\/index.php\/justica-suspende-licitacao-da-engorda-da-praia-de-ponta-negra-em-natal\/#primaryimage\",\"url\":\"https:\/\/deputadotaveirajr.com.br\/wp-content\/uploads\/2024\/04\/whatsapp-image-2023-05-26-at-17.46.11-1-bVErq4.jpeg\",\"contentUrl\":\"https:\/\/deputadotaveirajr.com.br\/wp-content\/uploads\/2024\/04\/whatsapp-image-2023-05-26-at-17.46.11-1-bVErq4.jpeg\",\"width\":1600,\"height\":900},{\"@type\":\"BreadcrumbList\",\"@id\":\"https:\/\/deputadotaveirajr.com.br\/index.php\/justica-suspende-licitacao-da-engorda-da-praia-de-ponta-negra-em-natal\/#breadcrumb\",\"itemListElement\":[{\"@type\":\"ListItem\",\"position\":1,\"name\":\"In\u00edcio\",\"item\":\"https:\/\/deputadotaveirajr.com.br\/\"},{\"@type\":\"ListItem\",\"position\":2,\"name\":\"Justi\u00e7a suspende licita\u00e7\u00e3o da engorda da praia de Ponta Negra em Natal\"}]},{\"@type\":\"WebSite\",\"@id\":\"https:\/\/deputadotaveirajr.com.br\/#website\",\"url\":\"https:\/\/deputadotaveirajr.com.br\/\",\"name\":\"Taveira Jr\",\"description\":\"Deputado Estadual\",\"publisher\":{\"@id\":\"https:\/\/deputadotaveirajr.com.br\/#organization\"},\"potentialAction\":[{\"@type\":\"SearchAction\",\"target\":{\"@type\":\"EntryPoint\",\"urlTemplate\":\"https:\/\/deputadotaveirajr.com.br\/?s={search_term_string}\"},\"query-input\":{\"@type\":\"PropertyValueSpecification\",\"valueRequired\":true,\"valueName\":\"search_term_string\"}}],\"inLanguage\":\"pt-BR\"},{\"@type\":\"Organization\",\"@id\":\"https:\/\/deputadotaveirajr.com.br\/#organization\",\"name\":\"Taveira Jr\",\"url\":\"https:\/\/deputadotaveirajr.com.br\/\",\"logo\":{\"@type\":\"ImageObject\",\"inLanguage\":\"pt-BR\",\"@id\":\"https:\/\/deputadotaveirajr.com.br\/#\/schema\/logo\/image\/\",\"url\":\"https:\/\/deputadotaveirajr.com.br\/wp-content\/uploads\/2026\/01\/logolow2a.png\",\"contentUrl\":\"https:\/\/deputadotaveirajr.com.br\/wp-content\/uploads\/2026\/01\/logolow2a.png\",\"width\":290,\"height\":80,\"caption\":\"Taveira Jr\"},\"image\":{\"@id\":\"https:\/\/deputadotaveirajr.com.br\/#\/schema\/logo\/image\/\"}}]}<\/script>\n<!-- \/ Yoast SEO plugin. -->","yoast_head_json":{"title":"Justi\u00e7a suspende licita\u00e7\u00e3o da engorda da praia de Ponta Negra em Natal - Taveira Jr","robots":{"index":"index","follow":"follow","max-snippet":"max-snippet:-1","max-image-preview":"max-image-preview:large","max-video-preview":"max-video-preview:-1"},"canonical":"https:\/\/deputadotaveirajr.com.br\/index.php\/justica-suspende-licitacao-da-engorda-da-praia-de-ponta-negra-em-natal\/","og_locale":"pt_BR","og_type":"article","og_title":"Justi\u00e7a suspende licita\u00e7\u00e3o da engorda da praia de Ponta Negra em Natal - Taveira Jr","og_description":"Prefeitura afirma que foi notificada na quinta-feira (11), ap\u00f3s resultado do processo, e que vai recorrer. Prefeitura de Natal Francielly Medeiros\/Inter TV Cabugi Uma decis\u00e3o da Justi\u00e7a do Rio Grande ...","og_url":"https:\/\/deputadotaveirajr.com.br\/index.php\/justica-suspende-licitacao-da-engorda-da-praia-de-ponta-negra-em-natal\/","og_site_name":"Taveira Jr","og_image":[{"width":1600,"height":900,"url":"https:\/\/deputadotaveirajr.com.br\/wp-content\/uploads\/2024\/04\/whatsapp-image-2023-05-26-at-17.46.11-1-bVErq4.jpeg","type":"image\/jpeg"}],"twitter_card":"summary_large_image","twitter_misc":{"Est. tempo de leitura":"2 minutos"},"schema":{"@context":"https:\/\/schema.org","@graph":[{"@type":"WebPage","@id":"https:\/\/deputadotaveirajr.com.br\/index.php\/justica-suspende-licitacao-da-engorda-da-praia-de-ponta-negra-em-natal\/","url":"https:\/\/deputadotaveirajr.com.br\/index.php\/justica-suspende-licitacao-da-engorda-da-praia-de-ponta-negra-em-natal\/","name":"Justi\u00e7a suspende licita\u00e7\u00e3o da engorda da praia de Ponta Negra em Natal - Taveira Jr","isPartOf":{"@id":"https:\/\/deputadotaveirajr.com.br\/#website"},"primaryImageOfPage":{"@id":"https:\/\/deputadotaveirajr.com.br\/index.php\/justica-suspende-licitacao-da-engorda-da-praia-de-ponta-negra-em-natal\/#primaryimage"},"image":{"@id":"https:\/\/deputadotaveirajr.com.br\/index.php\/justica-suspende-licitacao-da-engorda-da-praia-de-ponta-negra-em-natal\/#primaryimage"},"thumbnailUrl":"https:\/\/deputadotaveirajr.com.br\/wp-content\/uploads\/2024\/04\/whatsapp-image-2023-05-26-at-17.46.11-1-bVErq4.jpeg","datePublished":"2024-04-12T17:46:09+00:00","breadcrumb":{"@id":"https:\/\/deputadotaveirajr.com.br\/index.php\/justica-suspende-licitacao-da-engorda-da-praia-de-ponta-negra-em-natal\/#breadcrumb"},"inLanguage":"pt-BR","potentialAction":[{"@type":"ReadAction","target":["https:\/\/deputadotaveirajr.com.br\/index.php\/justica-suspende-licitacao-da-engorda-da-praia-de-ponta-negra-em-natal\/"]}]},{"@type":"ImageObject","inLanguage":"pt-BR","@id":"https:\/\/deputadotaveirajr.com.br\/index.php\/justica-suspende-licitacao-da-engorda-da-praia-de-ponta-negra-em-natal\/#primaryimage","url":"https:\/\/deputadotaveirajr.com.br\/wp-content\/uploads\/2024\/04\/whatsapp-image-2023-05-26-at-17.46.11-1-bVErq4.jpeg","contentUrl":"https:\/\/deputadotaveirajr.com.br\/wp-content\/uploads\/2024\/04\/whatsapp-image-2023-05-26-at-17.46.11-1-bVErq4.jpeg","width":1600,"height":900},{"@type":"BreadcrumbList","@id":"https:\/\/deputadotaveirajr.com.br\/index.php\/justica-suspende-licitacao-da-engorda-da-praia-de-ponta-negra-em-natal\/#breadcrumb","itemListElement":[{"@type":"ListItem","position":1,"name":"In\u00edcio","item":"https:\/\/deputadotaveirajr.com.br\/"},{"@type":"ListItem","position":2,"name":"Justi\u00e7a suspende licita\u00e7\u00e3o da engorda da praia de Ponta Negra em Natal"}]},{"@type":"WebSite","@id":"https:\/\/deputadotaveirajr.com.br\/#website","url":"https:\/\/deputadotaveirajr.com.br\/","name":"Taveira Jr","description":"Deputado Estadual","publisher":{"@id":"https:\/\/deputadotaveirajr.com.br\/#organization"},"potentialAction":[{"@type":"SearchAction","target":{"@type":"EntryPoint","urlTemplate":"https:\/\/deputadotaveirajr.com.br\/?s={search_term_string}"},"query-input":{"@type":"PropertyValueSpecification","valueRequired":true,"valueName":"search_term_string"}}],"inLanguage":"pt-BR"},{"@type":"Organization","@id":"https:\/\/deputadotaveirajr.com.br\/#organization","name":"Taveira Jr","url":"https:\/\/deputadotaveirajr.com.br\/","logo":{"@type":"ImageObject","inLanguage":"pt-BR","@id":"https:\/\/deputadotaveirajr.com.br\/#\/schema\/logo\/image\/","url":"https:\/\/deputadotaveirajr.com.br\/wp-content\/uploads\/2026\/01\/logolow2a.png","contentUrl":"https:\/\/deputadotaveirajr.com.br\/wp-content\/uploads\/2026\/01\/logolow2a.png","width":290,"height":80,"caption":"Taveira Jr"},"image":{"@id":"https:\/\/deputadotaveirajr.com.br\/#\/schema\/logo\/image\/"}}]}},"_links":{"self":[{"href":"https:\/\/deputadotaveirajr.com.br\/index.php\/wp-json\/wp\/v2\/pages\/5318","targetHints":{"allow":["GET"]}}],"collection":[{"href":"https:\/\/deputadotaveirajr.com.br\/index.php\/wp-json\/wp\/v2\/pages"}],"about":[{"href":"https:\/\/deputadotaveirajr.com.br\/index.php\/wp-json\/wp\/v2\/types\/page"}],"replies":[{"embeddable":true,"href":"https:\/\/deputadotaveirajr.com.br\/index.php\/wp-json\/wp\/v2\/comments?post=5318"}],"version-history":[{"count":1,"href":"https:\/\/deputadotaveirajr.com.br\/index.php\/wp-json\/wp\/v2\/pages\/5318\/revisions"}],"predecessor-version":[{"id":5325,"href":"https:\/\/deputadotaveirajr.com.br\/index.php\/wp-json\/wp\/v2\/pages\/5318\/revisions\/5325"}],"wp:featuredmedia":[{"embeddable":true,"href":"https:\/\/deputadotaveirajr.com.br\/index.php\/wp-json\/wp\/v2\/media\/5319"}],"wp:attachment":[{"href":"https:\/\/deputadotaveirajr.com.br\/index.php\/wp-json\/wp\/v2\/media?parent=5318"}],"curies":[{"name":"wp","href":"https:\/\/api.w.org\/{rel}","templated":true}]}}