{"id":5571,"date":"2024-04-15T22:13:57","date_gmt":"2024-04-16T01:13:57","guid":{"rendered":"https:\/\/deputadotaveirajr.com.br\/?page_id=5571"},"modified":"2024-04-15T22:13:57","modified_gmt":"2024-04-16T01:13:57","slug":"unidos-da-tijuca-anuncia-construcao-de-nova-quadra-na-zona-portuaria-em-terreno-doado-pela-prefeitura-do-rio","status":"publish","type":"page","link":"https:\/\/deputadotaveirajr.com.br\/index.php\/unidos-da-tijuca-anuncia-construcao-de-nova-quadra-na-zona-portuaria-em-terreno-doado-pela-prefeitura-do-rio\/","title":{"rendered":"Unidos da Tijuca anuncia constru\u00e7\u00e3o de nova quadra na Zona Portu\u00e1ria em terreno doado pela Prefeitura do Rio"},"content":{"rendered":"<p>     Segundo a escola, a nova sede, localizada ao lado do Terminal Gentileza, ter\u00e1 quase o dobro da capacidade da atual quadra da agremia\u00e7\u00e3o. Presidente fala em sonho realizado.   Quadra da Unidos da Tijuca ficou lotada &#8211; imagem de arquivo 2020<br \/>\nMauro Samagaio\/Divulga\u00e7\u00e3o<br \/>\nA Escola de Samba Unidos da Tijuca anunciou nesta segunda-feira (15) a constru\u00e7\u00e3o de sua nova sede, na Zona Portu\u00e1ria da cidade. O terreno, que foi doado pela Prefeitura do Rio, fica ao lado do Terminal Gentileza e tem quase 5 mil metros quadrados.<br \/>\nO tamanho da futura quadra da escola \u00e9 quase o dobro da atual sede, que tamb\u00e9m fica na Zona Portu\u00e1ria do Rio, na Avenida Francisco Bicalho.<br \/>\nCom origem no Morro do Borel, na Tijuca, Zona Norte do Rio, a Unidos da Tijuca vem realizando seus ensaios na Zona Portu\u00e1ria h\u00e1 mais de 30 anos. O presidente da escola, Fernando Horta, afirmou que esse \u00e9 um sonho realizado.<br \/>\n&#8220;Teremos uma quadra moderna e com grandes pretens\u00f5es. A \u00e1rea se revitalizou e a Unidos da Tijuca acompanhar\u00e1 esse novo momento da cidade. Proporcionaremos mais conforto aos sambistas, al\u00e9m de maior mobilidade no deslocamento dos componentes, pela localiza\u00e7\u00e3o ao lado do maior integrador de transporte p\u00fablico da capital carioca. Um pedido antigo ao presidente Eduardo Paes e muito aguardado pela Tijuca que est\u00e1 pr\u00f3ximo de se concretizar&#8221;, comentou Horta.<\/p>","protected":false},"excerpt":{"rendered":"<p>Segundo a escola, a nova sede, localizada ao lado do Terminal Gentileza, ter\u00e1 quase o dobro da capacidade da atual quadra da agremia\u00e7\u00e3o. Presidente fala em sonho realizado. Quadra da &#8230;<\/p>\n","protected":false},"author":0,"featured_media":5572,"parent":0,"menu_order":0,"comment_status":"closed","ping_status":"closed","template":"","meta":{"footnotes":""},"class_list":["post-5571","page","type-page","status-publish","has-post-thumbnail","hentry"],"yoast_head":"<!-- This site is optimized with the Yoast SEO plugin v27.1.1 - https:\/\/yoast.com\/product\/yoast-seo-wordpress\/ -->\n<title>Unidos da Tijuca anuncia constru\u00e7\u00e3o de nova quadra na Zona Portu\u00e1ria em terreno doado pela Prefeitura do Rio - Taveira Jr<\/title>\n<meta name=\"robots\" content=\"index, follow, max-snippet:-1, max-image-preview:large, max-video-preview:-1\" \/>\n<link rel=\"canonical\" href=\"https:\/\/deputadotaveirajr.com.br\/index.php\/unidos-da-tijuca-anuncia-construcao-de-nova-quadra-na-zona-portuaria-em-terreno-doado-pela-prefeitura-do-rio\/\" \/>\n<meta property=\"og:locale\" content=\"pt_BR\" \/>\n<meta property=\"og:type\" content=\"article\" \/>\n<meta property=\"og:title\" content=\"Unidos da Tijuca anuncia constru\u00e7\u00e3o de nova quadra na Zona Portu\u00e1ria em terreno doado pela Prefeitura do Rio - Taveira Jr\" \/>\n<meta property=\"og:description\" content=\"Segundo a escola, a nova sede, localizada ao lado do Terminal Gentileza, ter\u00e1 quase o dobro da capacidade da atual quadra da agremia\u00e7\u00e3o. Presidente fala em sonho realizado. Quadra da ...\" \/>\n<meta property=\"og:url\" content=\"https:\/\/deputadotaveirajr.com.br\/index.php\/unidos-da-tijuca-anuncia-construcao-de-nova-quadra-na-zona-portuaria-em-terreno-doado-pela-prefeitura-do-rio\/\" \/>\n<meta property=\"og:site_name\" content=\"Taveira Jr\" \/>\n<meta property=\"og:image\" content=\"https:\/\/deputadotaveirajr.com.br\/wp-content\/uploads\/2024\/04\/nivertijuca-ehViiV.jpeg\" \/>\n\t<meta property=\"og:image:width\" content=\"938\" \/>\n\t<meta property=\"og:image:height\" content=\"626\" \/>\n\t<meta property=\"og:image:type\" content=\"image\/jpeg\" \/>\n<meta name=\"twitter:card\" content=\"summary_large_image\" \/>\n<meta name=\"twitter:label1\" content=\"Est. tempo de leitura\" \/>\n\t<meta name=\"twitter:data1\" content=\"1 minuto\" \/>\n<script type=\"application\/ld+json\" class=\"yoast-schema-graph\">{\"@context\":\"https:\/\/schema.org\",\"@graph\":[{\"@type\":\"WebPage\",\"@id\":\"https:\/\/deputadotaveirajr.com.br\/index.php\/unidos-da-tijuca-anuncia-construcao-de-nova-quadra-na-zona-portuaria-em-terreno-doado-pela-prefeitura-do-rio\/\",\"url\":\"https:\/\/deputadotaveirajr.com.br\/index.php\/unidos-da-tijuca-anuncia-construcao-de-nova-quadra-na-zona-portuaria-em-terreno-doado-pela-prefeitura-do-rio\/\",\"name\":\"Unidos da Tijuca anuncia constru\u00e7\u00e3o de nova quadra na Zona Portu\u00e1ria em terreno doado pela Prefeitura do Rio - Taveira Jr\",\"isPartOf\":{\"@id\":\"https:\/\/deputadotaveirajr.com.br\/#website\"},\"primaryImageOfPage\":{\"@id\":\"https:\/\/deputadotaveirajr.com.br\/index.php\/unidos-da-tijuca-anuncia-construcao-de-nova-quadra-na-zona-portuaria-em-terreno-doado-pela-prefeitura-do-rio\/#primaryimage\"},\"image\":{\"@id\":\"https:\/\/deputadotaveirajr.com.br\/index.php\/unidos-da-tijuca-anuncia-construcao-de-nova-quadra-na-zona-portuaria-em-terreno-doado-pela-prefeitura-do-rio\/#primaryimage\"},\"thumbnailUrl\":\"https:\/\/deputadotaveirajr.com.br\/wp-content\/uploads\/2024\/04\/nivertijuca-ehViiV.jpeg\",\"datePublished\":\"2024-04-16T01:13:57+00:00\",\"breadcrumb\":{\"@id\":\"https:\/\/deputadotaveirajr.com.br\/index.php\/unidos-da-tijuca-anuncia-construcao-de-nova-quadra-na-zona-portuaria-em-terreno-doado-pela-prefeitura-do-rio\/#breadcrumb\"},\"inLanguage\":\"pt-BR\",\"potentialAction\":[{\"@type\":\"ReadAction\",\"target\":[\"https:\/\/deputadotaveirajr.com.br\/index.php\/unidos-da-tijuca-anuncia-construcao-de-nova-quadra-na-zona-portuaria-em-terreno-doado-pela-prefeitura-do-rio\/\"]}]},{\"@type\":\"ImageObject\",\"inLanguage\":\"pt-BR\",\"@id\":\"https:\/\/deputadotaveirajr.com.br\/index.php\/unidos-da-tijuca-anuncia-construcao-de-nova-quadra-na-zona-portuaria-em-terreno-doado-pela-prefeitura-do-rio\/#primaryimage\",\"url\":\"https:\/\/deputadotaveirajr.com.br\/wp-content\/uploads\/2024\/04\/nivertijuca-ehViiV.jpeg\",\"contentUrl\":\"https:\/\/deputadotaveirajr.com.br\/wp-content\/uploads\/2024\/04\/nivertijuca-ehViiV.jpeg\",\"width\":938,\"height\":626},{\"@type\":\"BreadcrumbList\",\"@id\":\"https:\/\/deputadotaveirajr.com.br\/index.php\/unidos-da-tijuca-anuncia-construcao-de-nova-quadra-na-zona-portuaria-em-terreno-doado-pela-prefeitura-do-rio\/#breadcrumb\",\"itemListElement\":[{\"@type\":\"ListItem\",\"position\":1,\"name\":\"In\u00edcio\",\"item\":\"https:\/\/deputadotaveirajr.com.br\/\"},{\"@type\":\"ListItem\",\"position\":2,\"name\":\"Unidos da Tijuca anuncia constru\u00e7\u00e3o de nova quadra na Zona Portu\u00e1ria em terreno doado pela Prefeitura do Rio\"}]},{\"@type\":\"WebSite\",\"@id\":\"https:\/\/deputadotaveirajr.com.br\/#website\",\"url\":\"https:\/\/deputadotaveirajr.com.br\/\",\"name\":\"Taveira Jr\",\"description\":\"Deputado Estadual\",\"publisher\":{\"@id\":\"https:\/\/deputadotaveirajr.com.br\/#organization\"},\"potentialAction\":[{\"@type\":\"SearchAction\",\"target\":{\"@type\":\"EntryPoint\",\"urlTemplate\":\"https:\/\/deputadotaveirajr.com.br\/?s={search_term_string}\"},\"query-input\":{\"@type\":\"PropertyValueSpecification\",\"valueRequired\":true,\"valueName\":\"search_term_string\"}}],\"inLanguage\":\"pt-BR\"},{\"@type\":\"Organization\",\"@id\":\"https:\/\/deputadotaveirajr.com.br\/#organization\",\"name\":\"Taveira Jr\",\"url\":\"https:\/\/deputadotaveirajr.com.br\/\",\"logo\":{\"@type\":\"ImageObject\",\"inLanguage\":\"pt-BR\",\"@id\":\"https:\/\/deputadotaveirajr.com.br\/#\/schema\/logo\/image\/\",\"url\":\"https:\/\/deputadotaveirajr.com.br\/wp-content\/uploads\/2026\/01\/logolow2a.png\",\"contentUrl\":\"https:\/\/deputadotaveirajr.com.br\/wp-content\/uploads\/2026\/01\/logolow2a.png\",\"width\":290,\"height\":80,\"caption\":\"Taveira Jr\"},\"image\":{\"@id\":\"https:\/\/deputadotaveirajr.com.br\/#\/schema\/logo\/image\/\"}}]}<\/script>\n<!-- \/ Yoast SEO plugin. -->","yoast_head_json":{"title":"Unidos da Tijuca anuncia constru\u00e7\u00e3o de nova quadra na Zona Portu\u00e1ria em terreno doado pela Prefeitura do Rio - Taveira Jr","robots":{"index":"index","follow":"follow","max-snippet":"max-snippet:-1","max-image-preview":"max-image-preview:large","max-video-preview":"max-video-preview:-1"},"canonical":"https:\/\/deputadotaveirajr.com.br\/index.php\/unidos-da-tijuca-anuncia-construcao-de-nova-quadra-na-zona-portuaria-em-terreno-doado-pela-prefeitura-do-rio\/","og_locale":"pt_BR","og_type":"article","og_title":"Unidos da Tijuca anuncia constru\u00e7\u00e3o de nova quadra na Zona Portu\u00e1ria em terreno doado pela Prefeitura do Rio - Taveira Jr","og_description":"Segundo a escola, a nova sede, localizada ao lado do Terminal Gentileza, ter\u00e1 quase o dobro da capacidade da atual quadra da agremia\u00e7\u00e3o. Presidente fala em sonho realizado. Quadra da ...","og_url":"https:\/\/deputadotaveirajr.com.br\/index.php\/unidos-da-tijuca-anuncia-construcao-de-nova-quadra-na-zona-portuaria-em-terreno-doado-pela-prefeitura-do-rio\/","og_site_name":"Taveira Jr","og_image":[{"width":938,"height":626,"url":"https:\/\/deputadotaveirajr.com.br\/wp-content\/uploads\/2024\/04\/nivertijuca-ehViiV.jpeg","type":"image\/jpeg"}],"twitter_card":"summary_large_image","twitter_misc":{"Est. tempo de leitura":"1 minuto"},"schema":{"@context":"https:\/\/schema.org","@graph":[{"@type":"WebPage","@id":"https:\/\/deputadotaveirajr.com.br\/index.php\/unidos-da-tijuca-anuncia-construcao-de-nova-quadra-na-zona-portuaria-em-terreno-doado-pela-prefeitura-do-rio\/","url":"https:\/\/deputadotaveirajr.com.br\/index.php\/unidos-da-tijuca-anuncia-construcao-de-nova-quadra-na-zona-portuaria-em-terreno-doado-pela-prefeitura-do-rio\/","name":"Unidos da Tijuca anuncia constru\u00e7\u00e3o de nova quadra na Zona Portu\u00e1ria em terreno doado pela Prefeitura do Rio - Taveira Jr","isPartOf":{"@id":"https:\/\/deputadotaveirajr.com.br\/#website"},"primaryImageOfPage":{"@id":"https:\/\/deputadotaveirajr.com.br\/index.php\/unidos-da-tijuca-anuncia-construcao-de-nova-quadra-na-zona-portuaria-em-terreno-doado-pela-prefeitura-do-rio\/#primaryimage"},"image":{"@id":"https:\/\/deputadotaveirajr.com.br\/index.php\/unidos-da-tijuca-anuncia-construcao-de-nova-quadra-na-zona-portuaria-em-terreno-doado-pela-prefeitura-do-rio\/#primaryimage"},"thumbnailUrl":"https:\/\/deputadotaveirajr.com.br\/wp-content\/uploads\/2024\/04\/nivertijuca-ehViiV.jpeg","datePublished":"2024-04-16T01:13:57+00:00","breadcrumb":{"@id":"https:\/\/deputadotaveirajr.com.br\/index.php\/unidos-da-tijuca-anuncia-construcao-de-nova-quadra-na-zona-portuaria-em-terreno-doado-pela-prefeitura-do-rio\/#breadcrumb"},"inLanguage":"pt-BR","potentialAction":[{"@type":"ReadAction","target":["https:\/\/deputadotaveirajr.com.br\/index.php\/unidos-da-tijuca-anuncia-construcao-de-nova-quadra-na-zona-portuaria-em-terreno-doado-pela-prefeitura-do-rio\/"]}]},{"@type":"ImageObject","inLanguage":"pt-BR","@id":"https:\/\/deputadotaveirajr.com.br\/index.php\/unidos-da-tijuca-anuncia-construcao-de-nova-quadra-na-zona-portuaria-em-terreno-doado-pela-prefeitura-do-rio\/#primaryimage","url":"https:\/\/deputadotaveirajr.com.br\/wp-content\/uploads\/2024\/04\/nivertijuca-ehViiV.jpeg","contentUrl":"https:\/\/deputadotaveirajr.com.br\/wp-content\/uploads\/2024\/04\/nivertijuca-ehViiV.jpeg","width":938,"height":626},{"@type":"BreadcrumbList","@id":"https:\/\/deputadotaveirajr.com.br\/index.php\/unidos-da-tijuca-anuncia-construcao-de-nova-quadra-na-zona-portuaria-em-terreno-doado-pela-prefeitura-do-rio\/#breadcrumb","itemListElement":[{"@type":"ListItem","position":1,"name":"In\u00edcio","item":"https:\/\/deputadotaveirajr.com.br\/"},{"@type":"ListItem","position":2,"name":"Unidos da Tijuca anuncia constru\u00e7\u00e3o de nova quadra na Zona Portu\u00e1ria em terreno doado pela Prefeitura do Rio"}]},{"@type":"WebSite","@id":"https:\/\/deputadotaveirajr.com.br\/#website","url":"https:\/\/deputadotaveirajr.com.br\/","name":"Taveira Jr","description":"Deputado Estadual","publisher":{"@id":"https:\/\/deputadotaveirajr.com.br\/#organization"},"potentialAction":[{"@type":"SearchAction","target":{"@type":"EntryPoint","urlTemplate":"https:\/\/deputadotaveirajr.com.br\/?s={search_term_string}"},"query-input":{"@type":"PropertyValueSpecification","valueRequired":true,"valueName":"search_term_string"}}],"inLanguage":"pt-BR"},{"@type":"Organization","@id":"https:\/\/deputadotaveirajr.com.br\/#organization","name":"Taveira Jr","url":"https:\/\/deputadotaveirajr.com.br\/","logo":{"@type":"ImageObject","inLanguage":"pt-BR","@id":"https:\/\/deputadotaveirajr.com.br\/#\/schema\/logo\/image\/","url":"https:\/\/deputadotaveirajr.com.br\/wp-content\/uploads\/2026\/01\/logolow2a.png","contentUrl":"https:\/\/deputadotaveirajr.com.br\/wp-content\/uploads\/2026\/01\/logolow2a.png","width":290,"height":80,"caption":"Taveira Jr"},"image":{"@id":"https:\/\/deputadotaveirajr.com.br\/#\/schema\/logo\/image\/"}}]}},"_links":{"self":[{"href":"https:\/\/deputadotaveirajr.com.br\/index.php\/wp-json\/wp\/v2\/pages\/5571","targetHints":{"allow":["GET"]}}],"collection":[{"href":"https:\/\/deputadotaveirajr.com.br\/index.php\/wp-json\/wp\/v2\/pages"}],"about":[{"href":"https:\/\/deputadotaveirajr.com.br\/index.php\/wp-json\/wp\/v2\/types\/page"}],"replies":[{"embeddable":true,"href":"https:\/\/deputadotaveirajr.com.br\/index.php\/wp-json\/wp\/v2\/comments?post=5571"}],"version-history":[{"count":1,"href":"https:\/\/deputadotaveirajr.com.br\/index.php\/wp-json\/wp\/v2\/pages\/5571\/revisions"}],"predecessor-version":[{"id":5575,"href":"https:\/\/deputadotaveirajr.com.br\/index.php\/wp-json\/wp\/v2\/pages\/5571\/revisions\/5575"}],"wp:featuredmedia":[{"embeddable":true,"href":"https:\/\/deputadotaveirajr.com.br\/index.php\/wp-json\/wp\/v2\/media\/5572"}],"wp:attachment":[{"href":"https:\/\/deputadotaveirajr.com.br\/index.php\/wp-json\/wp\/v2\/media?parent=5571"}],"curies":[{"name":"wp","href":"https:\/\/api.w.org\/{rel}","templated":true}]}}