{"id":5617,"date":"2024-04-17T15:07:17","date_gmt":"2024-04-17T18:07:17","guid":{"rendered":"https:\/\/deputadotaveirajr.com.br\/?page_id=5617"},"modified":"2024-04-17T15:07:17","modified_gmt":"2024-04-17T18:07:17","slug":"forca-nacional-do-sus-chega-ao-rn-para-atender-populacao-em-areas-isoladas-por-enchentes-em-ipanguacu","status":"publish","type":"page","link":"https:\/\/deputadotaveirajr.com.br\/index.php\/forca-nacional-do-sus-chega-ao-rn-para-atender-populacao-em-areas-isoladas-por-enchentes-em-ipanguacu\/","title":{"rendered":"For\u00e7a Nacional do SUS chega ao RN para atender popula\u00e7\u00e3o em \u00e1reas isoladas por enchentes em Ipangua\u00e7u"},"content":{"rendered":"<p>     Equipe conta com 8 profissionais, entre m\u00e9dicos e enfermeiros, e deve ficar no munic\u00edpio por pelo menos 10 dias.  Equipe da For\u00e7a Nacional do SUS em reuni\u00e3o em Natal<br \/>\nCedida<br \/>\nUma equipe da For\u00e7a Nacional do Sistema \u00danico de Sa\u00fade (SUS) chegou ao Rio Grande do Norte nesta quarta-feira (17) para atuar durante pelo menos 10 dias no suporte \u00e0 popula\u00e7\u00e3o de \u00e1reas isoladas por causa das enchentes em Ipangua\u00e7u, na regi\u00e3o Oeste do estado.<br \/>\nO munic\u00edpio decretou estado de calamidade no in\u00edcio de abril, ap\u00f3s os transbordamentos de a\u00e7udes da regi\u00e3o deixarem v\u00e1rias comunidades ilhadas.<br \/>\nO grupo \u00e9 formado por oito profissionais, entre enfermeiros e m\u00e9dicos. De acordo com o superintendente do Minist\u00e9rio da Sa\u00fade no Rio Grande do Norte, Jalmir Sim\u00f5es, o munic\u00edpio fez um relat\u00f3rio sobre a situa\u00e7\u00e3o da fam\u00edlias que est\u00e3o em \u00e1reas isoladas ou abrigadas em escolas da cidade.<br \/>\nBairros e comunidades de Ipangua\u00e7u seguem ilhados mais de 10 dias ap\u00f3s enchentes na cidade<br \/>\nA partir do relat\u00f3rio, o estado solicitou a presen\u00e7a dos t\u00e9cnicos do Minist\u00e9rio da Sa\u00fade para visitarem as \u00e1reas afetadas. A visita t\u00e9cnica ocorreu h\u00e1 cerca de quatro dias, junto com equipes da Defesa Civil, Corpo de Bombeiros, e secretarias de sa\u00fade p\u00fablica do estado e munic\u00edpio. Entre os problemas identificados, estava o aumento dos casos de doen\u00e7as, principalmente viroses.<br \/>\nRuas alagadas em Ipangua\u00e7u<br \/>\nAmanda Melo\/Inter TV Costa Branca<br \/>\n&#8220;Diante dessa situa\u00e7\u00e3o, os t\u00e9cnicos do Minist\u00e9rio da Sa\u00fade vieram fazer o reconhecimento e entenderam a necessidade de enviar esse apoio da For\u00e7a Nacional do SUS. A equipe \u00e9 capacitada para esse tipo de situa\u00e7\u00e3o&#8221;, afirmou o superintendente.<br \/>\nNa manh\u00e3 desta quarta (17), a equipe da For\u00e7a Nacional participou de uma reuni\u00e3o na Secretaria de Sa\u00fade P\u00fablica do RN, em Natal. Da capital, o grupo segue  para Ipangua\u00e7u, onde deve se reunir com as equipes locais para definir um plano de a\u00e7\u00e3o.<br \/>\nA equipe vai oferecer assist\u00eancia de sa\u00fade \u00e0s fam\u00edlias, realizar vacina\u00e7\u00e3o, entre outros tipos de atendimentos. &#8220;Eles trazem tamb\u00e9m um kit calamidade, composto por medicamentos e insumos&#8221;, afirmou Jalmir.<br \/>\nCasas alagadas em Ipangua\u00e7u<br \/>\nAmanda Melo\/Inter TV Costa Branca<br \/>\nSegundo a Prefeitura de Ipangua\u00e7u, o munic\u00edpio ainda segue com tr\u00eas bairros alagados e 16 comunidades rurais isoladas. No entanto, a l\u00e2mina de sangria do a\u00e7ude local reduziu de 38 cent\u00edmetros, registrados na semana passada, para 14 cent\u00edmetros.<br \/>\nFor\u00e7a Nacional do SUS<br \/>\nDe acordo com o Minist\u00e9rio da Sa\u00fade, a For\u00e7a Nacional do SUS foi criada em novembro de 2011 e \u00e9 voltada \u00e0 execu\u00e7\u00e3o de medidas de preven\u00e7\u00e3o, assist\u00eancia e repress\u00e3o a situa\u00e7\u00f5es epidemiol\u00f3gicas, de desastres ou de desassist\u00eancia \u00e0 popula\u00e7\u00e3o quando for esgotada a capacidade de resposta local.<br \/>\nAinda segundo o governo federal, a For\u00e7a Nacional da Sa\u00fade j\u00e1 atuou em mais de 50 miss\u00f5es de apoio a situa\u00e7\u00f5es de desastres naturais e no apoio \u00e0 gest\u00e3o de grandes eventos.<br \/>\nEm 2023, por exemplo, a For\u00e7a Nacional atuou no atendimento \u00e0 popula\u00e7\u00e3o do povo Yanomami, em Roraima, que enfrentava casos de desnutri\u00e7\u00e3o e mal\u00e1ria.<br \/>\nRuas e casas em Ipangua\u00e7u est\u00e3o tomadas pela \u00e1gua<br \/>\nVeja os v\u00eddeos mais assistidos no g1 RN<\/p>","protected":false},"excerpt":{"rendered":"<p>Equipe conta com 8 profissionais, entre m\u00e9dicos e enfermeiros, e deve ficar no munic\u00edpio por pelo menos 10 dias. Equipe da For\u00e7a Nacional do SUS em reuni\u00e3o em Natal Cedida &#8230;<\/p>\n","protected":false},"author":0,"featured_media":5618,"parent":0,"menu_order":0,"comment_status":"closed","ping_status":"closed","template":"","meta":{"footnotes":""},"class_list":["post-5617","page","type-page","status-publish","has-post-thumbnail","hentry"],"yoast_head":"<!-- This site is optimized with the Yoast SEO plugin v27.1.1 - https:\/\/yoast.com\/product\/yoast-seo-wordpress\/ -->\n<title>For\u00e7a Nacional do SUS chega ao RN para atender popula\u00e7\u00e3o em \u00e1reas isoladas por enchentes em Ipangua\u00e7u - Taveira Jr<\/title>\n<meta name=\"robots\" content=\"index, follow, max-snippet:-1, max-image-preview:large, max-video-preview:-1\" \/>\n<link rel=\"canonical\" href=\"https:\/\/deputadotaveirajr.com.br\/index.php\/forca-nacional-do-sus-chega-ao-rn-para-atender-populacao-em-areas-isoladas-por-enchentes-em-ipanguacu\/\" \/>\n<meta property=\"og:locale\" content=\"pt_BR\" \/>\n<meta property=\"og:type\" content=\"article\" \/>\n<meta property=\"og:title\" content=\"For\u00e7a Nacional do SUS chega ao RN para atender popula\u00e7\u00e3o em \u00e1reas isoladas por enchentes em Ipangua\u00e7u - Taveira Jr\" \/>\n<meta property=\"og:description\" content=\"Equipe conta com 8 profissionais, entre m\u00e9dicos e enfermeiros, e deve ficar no munic\u00edpio por pelo menos 10 dias. Equipe da For\u00e7a Nacional do SUS em reuni\u00e3o em Natal Cedida ...\" \/>\n<meta property=\"og:url\" content=\"https:\/\/deputadotaveirajr.com.br\/index.php\/forca-nacional-do-sus-chega-ao-rn-para-atender-populacao-em-areas-isoladas-por-enchentes-em-ipanguacu\/\" \/>\n<meta property=\"og:site_name\" content=\"Taveira Jr\" \/>\n<meta property=\"og:image\" content=\"https:\/\/deputadotaveirajr.com.br\/wp-content\/uploads\/2024\/04\/fnsus-bM8bRC.jpeg\" \/>\n\t<meta property=\"og:image:width\" content=\"1503\" \/>\n\t<meta property=\"og:image:height\" content=\"798\" \/>\n\t<meta property=\"og:image:type\" content=\"image\/jpeg\" \/>\n<meta name=\"twitter:card\" content=\"summary_large_image\" \/>\n<meta name=\"twitter:label1\" content=\"Est. tempo de leitura\" \/>\n\t<meta name=\"twitter:data1\" content=\"3 minutos\" \/>\n<script type=\"application\/ld+json\" class=\"yoast-schema-graph\">{\"@context\":\"https:\/\/schema.org\",\"@graph\":[{\"@type\":\"WebPage\",\"@id\":\"https:\/\/deputadotaveirajr.com.br\/index.php\/forca-nacional-do-sus-chega-ao-rn-para-atender-populacao-em-areas-isoladas-por-enchentes-em-ipanguacu\/\",\"url\":\"https:\/\/deputadotaveirajr.com.br\/index.php\/forca-nacional-do-sus-chega-ao-rn-para-atender-populacao-em-areas-isoladas-por-enchentes-em-ipanguacu\/\",\"name\":\"For\u00e7a Nacional do SUS chega ao RN para atender popula\u00e7\u00e3o em \u00e1reas isoladas por enchentes em Ipangua\u00e7u - Taveira Jr\",\"isPartOf\":{\"@id\":\"https:\/\/deputadotaveirajr.com.br\/#website\"},\"primaryImageOfPage\":{\"@id\":\"https:\/\/deputadotaveirajr.com.br\/index.php\/forca-nacional-do-sus-chega-ao-rn-para-atender-populacao-em-areas-isoladas-por-enchentes-em-ipanguacu\/#primaryimage\"},\"image\":{\"@id\":\"https:\/\/deputadotaveirajr.com.br\/index.php\/forca-nacional-do-sus-chega-ao-rn-para-atender-populacao-em-areas-isoladas-por-enchentes-em-ipanguacu\/#primaryimage\"},\"thumbnailUrl\":\"https:\/\/deputadotaveirajr.com.br\/wp-content\/uploads\/2024\/04\/fnsus-bM8bRC.jpeg\",\"datePublished\":\"2024-04-17T18:07:17+00:00\",\"breadcrumb\":{\"@id\":\"https:\/\/deputadotaveirajr.com.br\/index.php\/forca-nacional-do-sus-chega-ao-rn-para-atender-populacao-em-areas-isoladas-por-enchentes-em-ipanguacu\/#breadcrumb\"},\"inLanguage\":\"pt-BR\",\"potentialAction\":[{\"@type\":\"ReadAction\",\"target\":[\"https:\/\/deputadotaveirajr.com.br\/index.php\/forca-nacional-do-sus-chega-ao-rn-para-atender-populacao-em-areas-isoladas-por-enchentes-em-ipanguacu\/\"]}]},{\"@type\":\"ImageObject\",\"inLanguage\":\"pt-BR\",\"@id\":\"https:\/\/deputadotaveirajr.com.br\/index.php\/forca-nacional-do-sus-chega-ao-rn-para-atender-populacao-em-areas-isoladas-por-enchentes-em-ipanguacu\/#primaryimage\",\"url\":\"https:\/\/deputadotaveirajr.com.br\/wp-content\/uploads\/2024\/04\/fnsus-bM8bRC.jpeg\",\"contentUrl\":\"https:\/\/deputadotaveirajr.com.br\/wp-content\/uploads\/2024\/04\/fnsus-bM8bRC.jpeg\",\"width\":1503,\"height\":798},{\"@type\":\"BreadcrumbList\",\"@id\":\"https:\/\/deputadotaveirajr.com.br\/index.php\/forca-nacional-do-sus-chega-ao-rn-para-atender-populacao-em-areas-isoladas-por-enchentes-em-ipanguacu\/#breadcrumb\",\"itemListElement\":[{\"@type\":\"ListItem\",\"position\":1,\"name\":\"In\u00edcio\",\"item\":\"https:\/\/deputadotaveirajr.com.br\/\"},{\"@type\":\"ListItem\",\"position\":2,\"name\":\"For\u00e7a Nacional do SUS chega ao RN para atender popula\u00e7\u00e3o em \u00e1reas isoladas por enchentes em Ipangua\u00e7u\"}]},{\"@type\":\"WebSite\",\"@id\":\"https:\/\/deputadotaveirajr.com.br\/#website\",\"url\":\"https:\/\/deputadotaveirajr.com.br\/\",\"name\":\"Taveira Jr\",\"description\":\"Deputado Estadual\",\"publisher\":{\"@id\":\"https:\/\/deputadotaveirajr.com.br\/#organization\"},\"potentialAction\":[{\"@type\":\"SearchAction\",\"target\":{\"@type\":\"EntryPoint\",\"urlTemplate\":\"https:\/\/deputadotaveirajr.com.br\/?s={search_term_string}\"},\"query-input\":{\"@type\":\"PropertyValueSpecification\",\"valueRequired\":true,\"valueName\":\"search_term_string\"}}],\"inLanguage\":\"pt-BR\"},{\"@type\":\"Organization\",\"@id\":\"https:\/\/deputadotaveirajr.com.br\/#organization\",\"name\":\"Taveira Jr\",\"url\":\"https:\/\/deputadotaveirajr.com.br\/\",\"logo\":{\"@type\":\"ImageObject\",\"inLanguage\":\"pt-BR\",\"@id\":\"https:\/\/deputadotaveirajr.com.br\/#\/schema\/logo\/image\/\",\"url\":\"https:\/\/deputadotaveirajr.com.br\/wp-content\/uploads\/2026\/01\/logolow2a.png\",\"contentUrl\":\"https:\/\/deputadotaveirajr.com.br\/wp-content\/uploads\/2026\/01\/logolow2a.png\",\"width\":290,\"height\":80,\"caption\":\"Taveira Jr\"},\"image\":{\"@id\":\"https:\/\/deputadotaveirajr.com.br\/#\/schema\/logo\/image\/\"}}]}<\/script>\n<!-- \/ Yoast SEO plugin. -->","yoast_head_json":{"title":"For\u00e7a Nacional do SUS chega ao RN para atender popula\u00e7\u00e3o em \u00e1reas isoladas por enchentes em Ipangua\u00e7u - Taveira Jr","robots":{"index":"index","follow":"follow","max-snippet":"max-snippet:-1","max-image-preview":"max-image-preview:large","max-video-preview":"max-video-preview:-1"},"canonical":"https:\/\/deputadotaveirajr.com.br\/index.php\/forca-nacional-do-sus-chega-ao-rn-para-atender-populacao-em-areas-isoladas-por-enchentes-em-ipanguacu\/","og_locale":"pt_BR","og_type":"article","og_title":"For\u00e7a Nacional do SUS chega ao RN para atender popula\u00e7\u00e3o em \u00e1reas isoladas por enchentes em Ipangua\u00e7u - Taveira Jr","og_description":"Equipe conta com 8 profissionais, entre m\u00e9dicos e enfermeiros, e deve ficar no munic\u00edpio por pelo menos 10 dias. Equipe da For\u00e7a Nacional do SUS em reuni\u00e3o em Natal Cedida ...","og_url":"https:\/\/deputadotaveirajr.com.br\/index.php\/forca-nacional-do-sus-chega-ao-rn-para-atender-populacao-em-areas-isoladas-por-enchentes-em-ipanguacu\/","og_site_name":"Taveira Jr","og_image":[{"width":1503,"height":798,"url":"https:\/\/deputadotaveirajr.com.br\/wp-content\/uploads\/2024\/04\/fnsus-bM8bRC.jpeg","type":"image\/jpeg"}],"twitter_card":"summary_large_image","twitter_misc":{"Est. tempo de leitura":"3 minutos"},"schema":{"@context":"https:\/\/schema.org","@graph":[{"@type":"WebPage","@id":"https:\/\/deputadotaveirajr.com.br\/index.php\/forca-nacional-do-sus-chega-ao-rn-para-atender-populacao-em-areas-isoladas-por-enchentes-em-ipanguacu\/","url":"https:\/\/deputadotaveirajr.com.br\/index.php\/forca-nacional-do-sus-chega-ao-rn-para-atender-populacao-em-areas-isoladas-por-enchentes-em-ipanguacu\/","name":"For\u00e7a Nacional do SUS chega ao RN para atender popula\u00e7\u00e3o em \u00e1reas isoladas por enchentes em Ipangua\u00e7u - Taveira Jr","isPartOf":{"@id":"https:\/\/deputadotaveirajr.com.br\/#website"},"primaryImageOfPage":{"@id":"https:\/\/deputadotaveirajr.com.br\/index.php\/forca-nacional-do-sus-chega-ao-rn-para-atender-populacao-em-areas-isoladas-por-enchentes-em-ipanguacu\/#primaryimage"},"image":{"@id":"https:\/\/deputadotaveirajr.com.br\/index.php\/forca-nacional-do-sus-chega-ao-rn-para-atender-populacao-em-areas-isoladas-por-enchentes-em-ipanguacu\/#primaryimage"},"thumbnailUrl":"https:\/\/deputadotaveirajr.com.br\/wp-content\/uploads\/2024\/04\/fnsus-bM8bRC.jpeg","datePublished":"2024-04-17T18:07:17+00:00","breadcrumb":{"@id":"https:\/\/deputadotaveirajr.com.br\/index.php\/forca-nacional-do-sus-chega-ao-rn-para-atender-populacao-em-areas-isoladas-por-enchentes-em-ipanguacu\/#breadcrumb"},"inLanguage":"pt-BR","potentialAction":[{"@type":"ReadAction","target":["https:\/\/deputadotaveirajr.com.br\/index.php\/forca-nacional-do-sus-chega-ao-rn-para-atender-populacao-em-areas-isoladas-por-enchentes-em-ipanguacu\/"]}]},{"@type":"ImageObject","inLanguage":"pt-BR","@id":"https:\/\/deputadotaveirajr.com.br\/index.php\/forca-nacional-do-sus-chega-ao-rn-para-atender-populacao-em-areas-isoladas-por-enchentes-em-ipanguacu\/#primaryimage","url":"https:\/\/deputadotaveirajr.com.br\/wp-content\/uploads\/2024\/04\/fnsus-bM8bRC.jpeg","contentUrl":"https:\/\/deputadotaveirajr.com.br\/wp-content\/uploads\/2024\/04\/fnsus-bM8bRC.jpeg","width":1503,"height":798},{"@type":"BreadcrumbList","@id":"https:\/\/deputadotaveirajr.com.br\/index.php\/forca-nacional-do-sus-chega-ao-rn-para-atender-populacao-em-areas-isoladas-por-enchentes-em-ipanguacu\/#breadcrumb","itemListElement":[{"@type":"ListItem","position":1,"name":"In\u00edcio","item":"https:\/\/deputadotaveirajr.com.br\/"},{"@type":"ListItem","position":2,"name":"For\u00e7a Nacional do SUS chega ao RN para atender popula\u00e7\u00e3o em \u00e1reas isoladas por enchentes em Ipangua\u00e7u"}]},{"@type":"WebSite","@id":"https:\/\/deputadotaveirajr.com.br\/#website","url":"https:\/\/deputadotaveirajr.com.br\/","name":"Taveira Jr","description":"Deputado Estadual","publisher":{"@id":"https:\/\/deputadotaveirajr.com.br\/#organization"},"potentialAction":[{"@type":"SearchAction","target":{"@type":"EntryPoint","urlTemplate":"https:\/\/deputadotaveirajr.com.br\/?s={search_term_string}"},"query-input":{"@type":"PropertyValueSpecification","valueRequired":true,"valueName":"search_term_string"}}],"inLanguage":"pt-BR"},{"@type":"Organization","@id":"https:\/\/deputadotaveirajr.com.br\/#organization","name":"Taveira Jr","url":"https:\/\/deputadotaveirajr.com.br\/","logo":{"@type":"ImageObject","inLanguage":"pt-BR","@id":"https:\/\/deputadotaveirajr.com.br\/#\/schema\/logo\/image\/","url":"https:\/\/deputadotaveirajr.com.br\/wp-content\/uploads\/2026\/01\/logolow2a.png","contentUrl":"https:\/\/deputadotaveirajr.com.br\/wp-content\/uploads\/2026\/01\/logolow2a.png","width":290,"height":80,"caption":"Taveira Jr"},"image":{"@id":"https:\/\/deputadotaveirajr.com.br\/#\/schema\/logo\/image\/"}}]}},"_links":{"self":[{"href":"https:\/\/deputadotaveirajr.com.br\/index.php\/wp-json\/wp\/v2\/pages\/5617","targetHints":{"allow":["GET"]}}],"collection":[{"href":"https:\/\/deputadotaveirajr.com.br\/index.php\/wp-json\/wp\/v2\/pages"}],"about":[{"href":"https:\/\/deputadotaveirajr.com.br\/index.php\/wp-json\/wp\/v2\/types\/page"}],"replies":[{"embeddable":true,"href":"https:\/\/deputadotaveirajr.com.br\/index.php\/wp-json\/wp\/v2\/comments?post=5617"}],"version-history":[{"count":1,"href":"https:\/\/deputadotaveirajr.com.br\/index.php\/wp-json\/wp\/v2\/pages\/5617\/revisions"}],"predecessor-version":[{"id":5620,"href":"https:\/\/deputadotaveirajr.com.br\/index.php\/wp-json\/wp\/v2\/pages\/5617\/revisions\/5620"}],"wp:featuredmedia":[{"embeddable":true,"href":"https:\/\/deputadotaveirajr.com.br\/index.php\/wp-json\/wp\/v2\/media\/5618"}],"wp:attachment":[{"href":"https:\/\/deputadotaveirajr.com.br\/index.php\/wp-json\/wp\/v2\/media?parent=5617"}],"curies":[{"name":"wp","href":"https:\/\/api.w.org\/{rel}","templated":true}]}}