{"id":5627,"date":"2024-04-18T11:28:01","date_gmt":"2024-04-18T14:28:01","guid":{"rendered":"https:\/\/deputadotaveirajr.com.br\/?page_id=5627"},"modified":"2024-04-18T11:28:01","modified_gmt":"2024-04-18T14:28:01","slug":"faixa-etaria-para-vacinacao-contra-a-dengue-e-ampliada-no-rn-por-baixa-adesao-do-publico-alvo","status":"publish","type":"page","link":"https:\/\/deputadotaveirajr.com.br\/index.php\/faixa-etaria-para-vacinacao-contra-a-dengue-e-ampliada-no-rn-por-baixa-adesao-do-publico-alvo\/","title":{"rendered":"Faixa et\u00e1ria para vacina\u00e7\u00e3o contra a dengue \u00e9 ampliada no RN por baixa ades\u00e3o do p\u00fablico-alvo"},"content":{"rendered":"<p>     Orienta\u00e7\u00e3o emitida pelo Minist\u00e9rio da Sa\u00fade \u00e9 de que a faixa et\u00e1ria atendida seja estendida de 10 a 14 anos para 6 a 16 anos com doses que vencem at\u00e9 dia 30 de abril. Faixa et\u00e1ria para vacina\u00e7\u00e3o contra a dengue \u00e9 ampliada no RN por baixa ades\u00e3o do p\u00fablico-alvo<br \/>\nFernanda Sunega<br \/>\nOs munic\u00edpios potiguares que ainda possu\u00edrem doses da vacina contra a dengue que se vencem no pr\u00f3ximo dia 30 poder\u00e3o ampliar o seu p\u00fablico-alvo a partir desta quinta-feira (18). A orienta\u00e7\u00e3o emitida pelo Minist\u00e9rio da Sa\u00fade \u00e9 de que a faixa et\u00e1ria atendida seja estendida para de 10 a 14 anos para 6 a 16 anos.<br \/>\nDe acordo com a nota t\u00e9cnica do Minist\u00e9rio da Sa\u00fade, a estrat\u00e9gia \u00e9 tempor\u00e1ria e apenas para as vacinas que possuem prazo de validade at\u00e9 30 de abril.<br \/>\nNatal tem baixa procura pela vacina contra a dengue<br \/>\nA Secretaria Estadual de Sa\u00fade P\u00fablica (Sesap) informou que cada munic\u00edpio potiguar ter\u00e1 de montar sua estrat\u00e9gia de vacina\u00e7\u00e3o a partir da orienta\u00e7\u00e3o do minist\u00e9rio.<br \/>\nA nota tamb\u00e9m aponta que, em caso de necessidade para evitar a perda de doses, a amplia\u00e7\u00e3o da faixa et\u00e1ria estrat\u00e9gia poder\u00e1 ser at\u00e9 o limite especificado na bula da vacina, que \u00e9 dos 4 aos 59 anos 11 meses e 29 dias de idade. Todas as pessoas vacinadas nesse novo esquema ter\u00e3o sua segunda dose garantida.<br \/>\nO Rio Grande do Norte conta atualmente com 29 munic\u00edpios aplicando o imunizante contra a dengue, ap\u00f3s realizar neste m\u00eas a redistribui\u00e7\u00e3o a dez cidades de 7,2 mil doses desse lote que vence no fim do m\u00eas. No total, o estado recebeu 45,1 mil doses e os munic\u00edpios registraram no sistema do Minist\u00e9rio da Sa\u00fade, at\u00e9 a manh\u00e3 desta quinta-feira, 25.836 doses aplicadas.<br \/>\nV\u00cdDEOS: Mais assistidos do RN nos \u00faltimos 7 dias<\/p>","protected":false},"excerpt":{"rendered":"<p>Orienta\u00e7\u00e3o emitida pelo Minist\u00e9rio da Sa\u00fade \u00e9 de que a faixa et\u00e1ria atendida seja estendida de 10 a 14 anos para 6 a 16 anos com doses que vencem at\u00e9 &#8230;<\/p>\n","protected":false},"author":0,"featured_media":5628,"parent":0,"menu_order":0,"comment_status":"closed","ping_status":"closed","template":"","meta":{"footnotes":""},"class_list":["post-5627","page","type-page","status-publish","has-post-thumbnail","hentry"],"yoast_head":"<!-- This site is optimized with the Yoast SEO plugin v27.1.1 - https:\/\/yoast.com\/product\/yoast-seo-wordpress\/ -->\n<title>Faixa et\u00e1ria para vacina\u00e7\u00e3o contra a dengue \u00e9 ampliada no RN por baixa ades\u00e3o do p\u00fablico-alvo - Taveira Jr<\/title>\n<meta name=\"robots\" content=\"index, follow, max-snippet:-1, max-image-preview:large, max-video-preview:-1\" \/>\n<link rel=\"canonical\" href=\"https:\/\/deputadotaveirajr.com.br\/index.php\/faixa-etaria-para-vacinacao-contra-a-dengue-e-ampliada-no-rn-por-baixa-adesao-do-publico-alvo\/\" \/>\n<meta property=\"og:locale\" content=\"pt_BR\" \/>\n<meta property=\"og:type\" content=\"article\" \/>\n<meta property=\"og:title\" content=\"Faixa et\u00e1ria para vacina\u00e7\u00e3o contra a dengue \u00e9 ampliada no RN por baixa ades\u00e3o do p\u00fablico-alvo - Taveira Jr\" \/>\n<meta property=\"og:description\" content=\"Orienta\u00e7\u00e3o emitida pelo Minist\u00e9rio da Sa\u00fade \u00e9 de que a faixa et\u00e1ria atendida seja estendida de 10 a 14 anos para 6 a 16 anos com doses que vencem at\u00e9 ...\" \/>\n<meta property=\"og:url\" content=\"https:\/\/deputadotaveirajr.com.br\/index.php\/faixa-etaria-para-vacinacao-contra-a-dengue-e-ampliada-no-rn-por-baixa-adesao-do-publico-alvo\/\" \/>\n<meta property=\"og:site_name\" content=\"Taveira Jr\" \/>\n<meta property=\"og:image\" content=\"https:\/\/deputadotaveirajr.com.br\/wp-content\/uploads\/2024\/04\/whatsapp-image-2024-04-15-at-16.24.28-MWXlHR.jpeg\" \/>\n\t<meta property=\"og:image:width\" content=\"1224\" \/>\n\t<meta property=\"og:image:height\" content=\"816\" \/>\n\t<meta property=\"og:image:type\" content=\"image\/jpeg\" \/>\n<meta name=\"twitter:card\" content=\"summary_large_image\" \/>\n<meta name=\"twitter:label1\" content=\"Est. tempo de leitura\" \/>\n\t<meta name=\"twitter:data1\" content=\"2 minutos\" \/>\n<script type=\"application\/ld+json\" class=\"yoast-schema-graph\">{\"@context\":\"https:\/\/schema.org\",\"@graph\":[{\"@type\":\"WebPage\",\"@id\":\"https:\/\/deputadotaveirajr.com.br\/index.php\/faixa-etaria-para-vacinacao-contra-a-dengue-e-ampliada-no-rn-por-baixa-adesao-do-publico-alvo\/\",\"url\":\"https:\/\/deputadotaveirajr.com.br\/index.php\/faixa-etaria-para-vacinacao-contra-a-dengue-e-ampliada-no-rn-por-baixa-adesao-do-publico-alvo\/\",\"name\":\"Faixa et\u00e1ria para vacina\u00e7\u00e3o contra a dengue \u00e9 ampliada no RN por baixa ades\u00e3o do p\u00fablico-alvo - Taveira Jr\",\"isPartOf\":{\"@id\":\"https:\/\/deputadotaveirajr.com.br\/#website\"},\"primaryImageOfPage\":{\"@id\":\"https:\/\/deputadotaveirajr.com.br\/index.php\/faixa-etaria-para-vacinacao-contra-a-dengue-e-ampliada-no-rn-por-baixa-adesao-do-publico-alvo\/#primaryimage\"},\"image\":{\"@id\":\"https:\/\/deputadotaveirajr.com.br\/index.php\/faixa-etaria-para-vacinacao-contra-a-dengue-e-ampliada-no-rn-por-baixa-adesao-do-publico-alvo\/#primaryimage\"},\"thumbnailUrl\":\"https:\/\/deputadotaveirajr.com.br\/wp-content\/uploads\/2024\/04\/whatsapp-image-2024-04-15-at-16.24.28-MWXlHR.jpeg\",\"datePublished\":\"2024-04-18T14:28:01+00:00\",\"breadcrumb\":{\"@id\":\"https:\/\/deputadotaveirajr.com.br\/index.php\/faixa-etaria-para-vacinacao-contra-a-dengue-e-ampliada-no-rn-por-baixa-adesao-do-publico-alvo\/#breadcrumb\"},\"inLanguage\":\"pt-BR\",\"potentialAction\":[{\"@type\":\"ReadAction\",\"target\":[\"https:\/\/deputadotaveirajr.com.br\/index.php\/faixa-etaria-para-vacinacao-contra-a-dengue-e-ampliada-no-rn-por-baixa-adesao-do-publico-alvo\/\"]}]},{\"@type\":\"ImageObject\",\"inLanguage\":\"pt-BR\",\"@id\":\"https:\/\/deputadotaveirajr.com.br\/index.php\/faixa-etaria-para-vacinacao-contra-a-dengue-e-ampliada-no-rn-por-baixa-adesao-do-publico-alvo\/#primaryimage\",\"url\":\"https:\/\/deputadotaveirajr.com.br\/wp-content\/uploads\/2024\/04\/whatsapp-image-2024-04-15-at-16.24.28-MWXlHR.jpeg\",\"contentUrl\":\"https:\/\/deputadotaveirajr.com.br\/wp-content\/uploads\/2024\/04\/whatsapp-image-2024-04-15-at-16.24.28-MWXlHR.jpeg\",\"width\":1224,\"height\":816},{\"@type\":\"BreadcrumbList\",\"@id\":\"https:\/\/deputadotaveirajr.com.br\/index.php\/faixa-etaria-para-vacinacao-contra-a-dengue-e-ampliada-no-rn-por-baixa-adesao-do-publico-alvo\/#breadcrumb\",\"itemListElement\":[{\"@type\":\"ListItem\",\"position\":1,\"name\":\"In\u00edcio\",\"item\":\"https:\/\/deputadotaveirajr.com.br\/\"},{\"@type\":\"ListItem\",\"position\":2,\"name\":\"Faixa et\u00e1ria para vacina\u00e7\u00e3o contra a dengue \u00e9 ampliada no RN por baixa ades\u00e3o do p\u00fablico-alvo\"}]},{\"@type\":\"WebSite\",\"@id\":\"https:\/\/deputadotaveirajr.com.br\/#website\",\"url\":\"https:\/\/deputadotaveirajr.com.br\/\",\"name\":\"Taveira Jr\",\"description\":\"Deputado Estadual\",\"publisher\":{\"@id\":\"https:\/\/deputadotaveirajr.com.br\/#organization\"},\"potentialAction\":[{\"@type\":\"SearchAction\",\"target\":{\"@type\":\"EntryPoint\",\"urlTemplate\":\"https:\/\/deputadotaveirajr.com.br\/?s={search_term_string}\"},\"query-input\":{\"@type\":\"PropertyValueSpecification\",\"valueRequired\":true,\"valueName\":\"search_term_string\"}}],\"inLanguage\":\"pt-BR\"},{\"@type\":\"Organization\",\"@id\":\"https:\/\/deputadotaveirajr.com.br\/#organization\",\"name\":\"Taveira Jr\",\"url\":\"https:\/\/deputadotaveirajr.com.br\/\",\"logo\":{\"@type\":\"ImageObject\",\"inLanguage\":\"pt-BR\",\"@id\":\"https:\/\/deputadotaveirajr.com.br\/#\/schema\/logo\/image\/\",\"url\":\"https:\/\/deputadotaveirajr.com.br\/wp-content\/uploads\/2026\/01\/logolow2a.png\",\"contentUrl\":\"https:\/\/deputadotaveirajr.com.br\/wp-content\/uploads\/2026\/01\/logolow2a.png\",\"width\":290,\"height\":80,\"caption\":\"Taveira Jr\"},\"image\":{\"@id\":\"https:\/\/deputadotaveirajr.com.br\/#\/schema\/logo\/image\/\"}}]}<\/script>\n<!-- \/ Yoast SEO plugin. -->","yoast_head_json":{"title":"Faixa et\u00e1ria para vacina\u00e7\u00e3o contra a dengue \u00e9 ampliada no RN por baixa ades\u00e3o do p\u00fablico-alvo - Taveira Jr","robots":{"index":"index","follow":"follow","max-snippet":"max-snippet:-1","max-image-preview":"max-image-preview:large","max-video-preview":"max-video-preview:-1"},"canonical":"https:\/\/deputadotaveirajr.com.br\/index.php\/faixa-etaria-para-vacinacao-contra-a-dengue-e-ampliada-no-rn-por-baixa-adesao-do-publico-alvo\/","og_locale":"pt_BR","og_type":"article","og_title":"Faixa et\u00e1ria para vacina\u00e7\u00e3o contra a dengue \u00e9 ampliada no RN por baixa ades\u00e3o do p\u00fablico-alvo - Taveira Jr","og_description":"Orienta\u00e7\u00e3o emitida pelo Minist\u00e9rio da Sa\u00fade \u00e9 de que a faixa et\u00e1ria atendida seja estendida de 10 a 14 anos para 6 a 16 anos com doses que vencem at\u00e9 ...","og_url":"https:\/\/deputadotaveirajr.com.br\/index.php\/faixa-etaria-para-vacinacao-contra-a-dengue-e-ampliada-no-rn-por-baixa-adesao-do-publico-alvo\/","og_site_name":"Taveira Jr","og_image":[{"width":1224,"height":816,"url":"https:\/\/deputadotaveirajr.com.br\/wp-content\/uploads\/2024\/04\/whatsapp-image-2024-04-15-at-16.24.28-MWXlHR.jpeg","type":"image\/jpeg"}],"twitter_card":"summary_large_image","twitter_misc":{"Est. tempo de leitura":"2 minutos"},"schema":{"@context":"https:\/\/schema.org","@graph":[{"@type":"WebPage","@id":"https:\/\/deputadotaveirajr.com.br\/index.php\/faixa-etaria-para-vacinacao-contra-a-dengue-e-ampliada-no-rn-por-baixa-adesao-do-publico-alvo\/","url":"https:\/\/deputadotaveirajr.com.br\/index.php\/faixa-etaria-para-vacinacao-contra-a-dengue-e-ampliada-no-rn-por-baixa-adesao-do-publico-alvo\/","name":"Faixa et\u00e1ria para vacina\u00e7\u00e3o contra a dengue \u00e9 ampliada no RN por baixa ades\u00e3o do p\u00fablico-alvo - Taveira Jr","isPartOf":{"@id":"https:\/\/deputadotaveirajr.com.br\/#website"},"primaryImageOfPage":{"@id":"https:\/\/deputadotaveirajr.com.br\/index.php\/faixa-etaria-para-vacinacao-contra-a-dengue-e-ampliada-no-rn-por-baixa-adesao-do-publico-alvo\/#primaryimage"},"image":{"@id":"https:\/\/deputadotaveirajr.com.br\/index.php\/faixa-etaria-para-vacinacao-contra-a-dengue-e-ampliada-no-rn-por-baixa-adesao-do-publico-alvo\/#primaryimage"},"thumbnailUrl":"https:\/\/deputadotaveirajr.com.br\/wp-content\/uploads\/2024\/04\/whatsapp-image-2024-04-15-at-16.24.28-MWXlHR.jpeg","datePublished":"2024-04-18T14:28:01+00:00","breadcrumb":{"@id":"https:\/\/deputadotaveirajr.com.br\/index.php\/faixa-etaria-para-vacinacao-contra-a-dengue-e-ampliada-no-rn-por-baixa-adesao-do-publico-alvo\/#breadcrumb"},"inLanguage":"pt-BR","potentialAction":[{"@type":"ReadAction","target":["https:\/\/deputadotaveirajr.com.br\/index.php\/faixa-etaria-para-vacinacao-contra-a-dengue-e-ampliada-no-rn-por-baixa-adesao-do-publico-alvo\/"]}]},{"@type":"ImageObject","inLanguage":"pt-BR","@id":"https:\/\/deputadotaveirajr.com.br\/index.php\/faixa-etaria-para-vacinacao-contra-a-dengue-e-ampliada-no-rn-por-baixa-adesao-do-publico-alvo\/#primaryimage","url":"https:\/\/deputadotaveirajr.com.br\/wp-content\/uploads\/2024\/04\/whatsapp-image-2024-04-15-at-16.24.28-MWXlHR.jpeg","contentUrl":"https:\/\/deputadotaveirajr.com.br\/wp-content\/uploads\/2024\/04\/whatsapp-image-2024-04-15-at-16.24.28-MWXlHR.jpeg","width":1224,"height":816},{"@type":"BreadcrumbList","@id":"https:\/\/deputadotaveirajr.com.br\/index.php\/faixa-etaria-para-vacinacao-contra-a-dengue-e-ampliada-no-rn-por-baixa-adesao-do-publico-alvo\/#breadcrumb","itemListElement":[{"@type":"ListItem","position":1,"name":"In\u00edcio","item":"https:\/\/deputadotaveirajr.com.br\/"},{"@type":"ListItem","position":2,"name":"Faixa et\u00e1ria para vacina\u00e7\u00e3o contra a dengue \u00e9 ampliada no RN por baixa ades\u00e3o do p\u00fablico-alvo"}]},{"@type":"WebSite","@id":"https:\/\/deputadotaveirajr.com.br\/#website","url":"https:\/\/deputadotaveirajr.com.br\/","name":"Taveira Jr","description":"Deputado Estadual","publisher":{"@id":"https:\/\/deputadotaveirajr.com.br\/#organization"},"potentialAction":[{"@type":"SearchAction","target":{"@type":"EntryPoint","urlTemplate":"https:\/\/deputadotaveirajr.com.br\/?s={search_term_string}"},"query-input":{"@type":"PropertyValueSpecification","valueRequired":true,"valueName":"search_term_string"}}],"inLanguage":"pt-BR"},{"@type":"Organization","@id":"https:\/\/deputadotaveirajr.com.br\/#organization","name":"Taveira Jr","url":"https:\/\/deputadotaveirajr.com.br\/","logo":{"@type":"ImageObject","inLanguage":"pt-BR","@id":"https:\/\/deputadotaveirajr.com.br\/#\/schema\/logo\/image\/","url":"https:\/\/deputadotaveirajr.com.br\/wp-content\/uploads\/2026\/01\/logolow2a.png","contentUrl":"https:\/\/deputadotaveirajr.com.br\/wp-content\/uploads\/2026\/01\/logolow2a.png","width":290,"height":80,"caption":"Taveira Jr"},"image":{"@id":"https:\/\/deputadotaveirajr.com.br\/#\/schema\/logo\/image\/"}}]}},"_links":{"self":[{"href":"https:\/\/deputadotaveirajr.com.br\/index.php\/wp-json\/wp\/v2\/pages\/5627","targetHints":{"allow":["GET"]}}],"collection":[{"href":"https:\/\/deputadotaveirajr.com.br\/index.php\/wp-json\/wp\/v2\/pages"}],"about":[{"href":"https:\/\/deputadotaveirajr.com.br\/index.php\/wp-json\/wp\/v2\/types\/page"}],"replies":[{"embeddable":true,"href":"https:\/\/deputadotaveirajr.com.br\/index.php\/wp-json\/wp\/v2\/comments?post=5627"}],"version-history":[{"count":1,"href":"https:\/\/deputadotaveirajr.com.br\/index.php\/wp-json\/wp\/v2\/pages\/5627\/revisions"}],"predecessor-version":[{"id":5633,"href":"https:\/\/deputadotaveirajr.com.br\/index.php\/wp-json\/wp\/v2\/pages\/5627\/revisions\/5633"}],"wp:featuredmedia":[{"embeddable":true,"href":"https:\/\/deputadotaveirajr.com.br\/index.php\/wp-json\/wp\/v2\/media\/5628"}],"wp:attachment":[{"href":"https:\/\/deputadotaveirajr.com.br\/index.php\/wp-json\/wp\/v2\/media?parent=5627"}],"curies":[{"name":"wp","href":"https:\/\/api.w.org\/{rel}","templated":true}]}}