{"id":5671,"date":"2024-04-20T12:54:27","date_gmt":"2024-04-20T15:54:27","guid":{"rendered":"https:\/\/deputadotaveirajr.com.br\/?page_id=5671"},"modified":"2024-04-20T12:54:27","modified_gmt":"2024-04-20T15:54:27","slug":"mulher-morre-e-quatro-pessoas-ficam-feridas-apos-colisao-entre-caminhonete-e-carro-na-rn-013","status":"publish","type":"page","link":"https:\/\/deputadotaveirajr.com.br\/index.php\/mulher-morre-e-quatro-pessoas-ficam-feridas-apos-colisao-entre-caminhonete-e-carro-na-rn-013\/","title":{"rendered":"Mulher morre e quatro pessoas ficam feridas ap\u00f3s colis\u00e3o entre caminhonete e carro na RN-013"},"content":{"rendered":"<p>     Colis\u00e3o aconteceu entre Mossor\u00f3 e Tibau na noite desta sexta-feira (19). As quatro pessoas feridas &#8211; entre elas uma crian\u00e7a de 8 anos &#8211; foram levadas para o Hospital Regional Tarc\u00edsio Maia. Acidente na RN-013 no Oeste do Rio Grande do Norte<br \/>\nRedes Sociais<br \/>\nUma mulher morreu e outras quatro pessoas ficaram feridas em um acidente entre uma caminhonete e um carro na noite desta sexta-feira (19) na RN-013, entre os munic\u00edpios de Mossor\u00f3 e Tibau . A v\u00edtima fatal foi identificada como Ana Cleide Pereira Medeiros, de 44 anos de idade, que foi arremessada do carro com a colis\u00e3o e morreu na hora.<br \/>\nO acidente aconteceu por volta das 20h em um trecho pr\u00f3ximo \u00e0 comunidade Jurema. De acordo com o Comando de Pol\u00edcia Rodovi\u00e1ria Estadual (CPRE), uma caminhonete bateu na traseira de outro ve\u00edculo &#8211; do tipo Fiat Uno, onde estava a v\u00edtima fatal.<br \/>\nAp\u00f3s a colis\u00e3o, os dois ve\u00edculos capotaram e ca\u00edram em uma \u00e1rea de vegeta\u00e7\u00e3o \u00e0s margens da rodovia.<br \/>\nOs condutores dos dois ve\u00edculos ficaram presos \u00e0s ferragens, segundo o CPRE, e foram retirados por uma equipe do Corpo de Bombeiros. Ambos foram socorridos pelo Servi\u00e7o de Atendimento M\u00f3vel de Urg\u00eancia (Samu).<br \/>\nNa caminhonete, estava apenas o motorista. J\u00e1 no outro carro, estavam, al\u00e9m do motorista, uma mulher, a filha dela &#8211; uma crian\u00e7a de 8 anos de idade -, e Ana Cleide.<br \/>\nUm carro que passava pela rodovia levou a mulher e a crian\u00e7a para um hospital da regi\u00e3o antes mesmo da chegada do Samu. J\u00e1 Ana Cleide morreu no local.<br \/>\nAna Cleide tinha 44 anos de idade<br \/>\nRedes sociais<br \/>\nSegundo o CPRE, Ana Cleide era natural de Mossor\u00f3 e morava no S\u00edtio Gangorra, na zona rural de Tibau. O corpo dela foi levado para a sede do Instituto T\u00e9cnico-Cient\u00edfico de Per\u00edcia (Itep) de Mossor\u00f3.<br \/>\nOs quatro feridos no acidente foram levados para o Hospital Regional Tarc\u00edsio Maia, em Mossor\u00f3. De acordo com a unidade, um dos motoristas e a mulher foram liberados na mah\u00e3 deste s\u00e1bado (20) ap\u00f3s atendimento.  J\u00e1 a crian\u00e7a e o outro motorista permanecem em observa\u00e7\u00e3o no hospital.<br \/>\nV\u00eddeos mais assistidos do g1 RN<\/p>","protected":false},"excerpt":{"rendered":"<p>Colis\u00e3o aconteceu entre Mossor\u00f3 e Tibau na noite desta sexta-feira (19). As quatro pessoas feridas &#8211; entre elas uma crian\u00e7a de 8 anos &#8211; foram levadas para o Hospital Regional &#8230;<\/p>\n","protected":false},"author":0,"featured_media":5672,"parent":0,"menu_order":0,"comment_status":"closed","ping_status":"closed","template":"","meta":{"footnotes":""},"class_list":["post-5671","page","type-page","status-publish","has-post-thumbnail","hentry"],"yoast_head":"<!-- This site is optimized with the Yoast SEO plugin v27.1.1 - https:\/\/yoast.com\/product\/yoast-seo-wordpress\/ -->\n<title>Mulher morre e quatro pessoas ficam feridas ap\u00f3s colis\u00e3o entre caminhonete e carro na RN-013 - Taveira Jr<\/title>\n<meta name=\"robots\" content=\"index, follow, max-snippet:-1, max-image-preview:large, max-video-preview:-1\" \/>\n<link rel=\"canonical\" href=\"https:\/\/deputadotaveirajr.com.br\/index.php\/mulher-morre-e-quatro-pessoas-ficam-feridas-apos-colisao-entre-caminhonete-e-carro-na-rn-013\/\" \/>\n<meta property=\"og:locale\" content=\"pt_BR\" \/>\n<meta property=\"og:type\" content=\"article\" \/>\n<meta property=\"og:title\" content=\"Mulher morre e quatro pessoas ficam feridas ap\u00f3s colis\u00e3o entre caminhonete e carro na RN-013 - Taveira Jr\" \/>\n<meta property=\"og:description\" content=\"Colis\u00e3o aconteceu entre Mossor\u00f3 e Tibau na noite desta sexta-feira (19). As quatro pessoas feridas &#8211; entre elas uma crian\u00e7a de 8 anos &#8211; foram levadas para o Hospital Regional ...\" \/>\n<meta property=\"og:url\" content=\"https:\/\/deputadotaveirajr.com.br\/index.php\/mulher-morre-e-quatro-pessoas-ficam-feridas-apos-colisao-entre-caminhonete-e-carro-na-rn-013\/\" \/>\n<meta property=\"og:site_name\" content=\"Taveira Jr\" \/>\n<meta property=\"og:image\" content=\"https:\/\/deputadotaveirajr.com.br\/wp-content\/uploads\/2024\/04\/whatsapp-image-2024-04-20-at-09.24.04-br7hQM.jpeg\" \/>\n\t<meta property=\"og:image:width\" content=\"720\" \/>\n\t<meta property=\"og:image:height\" content=\"1600\" \/>\n\t<meta property=\"og:image:type\" content=\"image\/jpeg\" \/>\n<meta name=\"twitter:card\" content=\"summary_large_image\" \/>\n<meta name=\"twitter:label1\" content=\"Est. tempo de leitura\" \/>\n\t<meta name=\"twitter:data1\" content=\"2 minutos\" \/>\n<script type=\"application\/ld+json\" class=\"yoast-schema-graph\">{\"@context\":\"https:\/\/schema.org\",\"@graph\":[{\"@type\":\"WebPage\",\"@id\":\"https:\/\/deputadotaveirajr.com.br\/index.php\/mulher-morre-e-quatro-pessoas-ficam-feridas-apos-colisao-entre-caminhonete-e-carro-na-rn-013\/\",\"url\":\"https:\/\/deputadotaveirajr.com.br\/index.php\/mulher-morre-e-quatro-pessoas-ficam-feridas-apos-colisao-entre-caminhonete-e-carro-na-rn-013\/\",\"name\":\"Mulher morre e quatro pessoas ficam feridas ap\u00f3s colis\u00e3o entre caminhonete e carro na RN-013 - Taveira Jr\",\"isPartOf\":{\"@id\":\"https:\/\/deputadotaveirajr.com.br\/#website\"},\"primaryImageOfPage\":{\"@id\":\"https:\/\/deputadotaveirajr.com.br\/index.php\/mulher-morre-e-quatro-pessoas-ficam-feridas-apos-colisao-entre-caminhonete-e-carro-na-rn-013\/#primaryimage\"},\"image\":{\"@id\":\"https:\/\/deputadotaveirajr.com.br\/index.php\/mulher-morre-e-quatro-pessoas-ficam-feridas-apos-colisao-entre-caminhonete-e-carro-na-rn-013\/#primaryimage\"},\"thumbnailUrl\":\"https:\/\/deputadotaveirajr.com.br\/wp-content\/uploads\/2024\/04\/whatsapp-image-2024-04-20-at-09.24.04-br7hQM.jpeg\",\"datePublished\":\"2024-04-20T15:54:27+00:00\",\"breadcrumb\":{\"@id\":\"https:\/\/deputadotaveirajr.com.br\/index.php\/mulher-morre-e-quatro-pessoas-ficam-feridas-apos-colisao-entre-caminhonete-e-carro-na-rn-013\/#breadcrumb\"},\"inLanguage\":\"pt-BR\",\"potentialAction\":[{\"@type\":\"ReadAction\",\"target\":[\"https:\/\/deputadotaveirajr.com.br\/index.php\/mulher-morre-e-quatro-pessoas-ficam-feridas-apos-colisao-entre-caminhonete-e-carro-na-rn-013\/\"]}]},{\"@type\":\"ImageObject\",\"inLanguage\":\"pt-BR\",\"@id\":\"https:\/\/deputadotaveirajr.com.br\/index.php\/mulher-morre-e-quatro-pessoas-ficam-feridas-apos-colisao-entre-caminhonete-e-carro-na-rn-013\/#primaryimage\",\"url\":\"https:\/\/deputadotaveirajr.com.br\/wp-content\/uploads\/2024\/04\/whatsapp-image-2024-04-20-at-09.24.04-br7hQM.jpeg\",\"contentUrl\":\"https:\/\/deputadotaveirajr.com.br\/wp-content\/uploads\/2024\/04\/whatsapp-image-2024-04-20-at-09.24.04-br7hQM.jpeg\",\"width\":720,\"height\":1600},{\"@type\":\"BreadcrumbList\",\"@id\":\"https:\/\/deputadotaveirajr.com.br\/index.php\/mulher-morre-e-quatro-pessoas-ficam-feridas-apos-colisao-entre-caminhonete-e-carro-na-rn-013\/#breadcrumb\",\"itemListElement\":[{\"@type\":\"ListItem\",\"position\":1,\"name\":\"In\u00edcio\",\"item\":\"https:\/\/deputadotaveirajr.com.br\/\"},{\"@type\":\"ListItem\",\"position\":2,\"name\":\"Mulher morre e quatro pessoas ficam feridas ap\u00f3s colis\u00e3o entre caminhonete e carro na RN-013\"}]},{\"@type\":\"WebSite\",\"@id\":\"https:\/\/deputadotaveirajr.com.br\/#website\",\"url\":\"https:\/\/deputadotaveirajr.com.br\/\",\"name\":\"Taveira Jr\",\"description\":\"Deputado Estadual\",\"publisher\":{\"@id\":\"https:\/\/deputadotaveirajr.com.br\/#organization\"},\"potentialAction\":[{\"@type\":\"SearchAction\",\"target\":{\"@type\":\"EntryPoint\",\"urlTemplate\":\"https:\/\/deputadotaveirajr.com.br\/?s={search_term_string}\"},\"query-input\":{\"@type\":\"PropertyValueSpecification\",\"valueRequired\":true,\"valueName\":\"search_term_string\"}}],\"inLanguage\":\"pt-BR\"},{\"@type\":\"Organization\",\"@id\":\"https:\/\/deputadotaveirajr.com.br\/#organization\",\"name\":\"Taveira Jr\",\"url\":\"https:\/\/deputadotaveirajr.com.br\/\",\"logo\":{\"@type\":\"ImageObject\",\"inLanguage\":\"pt-BR\",\"@id\":\"https:\/\/deputadotaveirajr.com.br\/#\/schema\/logo\/image\/\",\"url\":\"https:\/\/deputadotaveirajr.com.br\/wp-content\/uploads\/2026\/01\/logolow2a.png\",\"contentUrl\":\"https:\/\/deputadotaveirajr.com.br\/wp-content\/uploads\/2026\/01\/logolow2a.png\",\"width\":290,\"height\":80,\"caption\":\"Taveira Jr\"},\"image\":{\"@id\":\"https:\/\/deputadotaveirajr.com.br\/#\/schema\/logo\/image\/\"}}]}<\/script>\n<!-- \/ Yoast SEO plugin. -->","yoast_head_json":{"title":"Mulher morre e quatro pessoas ficam feridas ap\u00f3s colis\u00e3o entre caminhonete e carro na RN-013 - Taveira Jr","robots":{"index":"index","follow":"follow","max-snippet":"max-snippet:-1","max-image-preview":"max-image-preview:large","max-video-preview":"max-video-preview:-1"},"canonical":"https:\/\/deputadotaveirajr.com.br\/index.php\/mulher-morre-e-quatro-pessoas-ficam-feridas-apos-colisao-entre-caminhonete-e-carro-na-rn-013\/","og_locale":"pt_BR","og_type":"article","og_title":"Mulher morre e quatro pessoas ficam feridas ap\u00f3s colis\u00e3o entre caminhonete e carro na RN-013 - Taveira Jr","og_description":"Colis\u00e3o aconteceu entre Mossor\u00f3 e Tibau na noite desta sexta-feira (19). As quatro pessoas feridas &#8211; entre elas uma crian\u00e7a de 8 anos &#8211; foram levadas para o Hospital Regional ...","og_url":"https:\/\/deputadotaveirajr.com.br\/index.php\/mulher-morre-e-quatro-pessoas-ficam-feridas-apos-colisao-entre-caminhonete-e-carro-na-rn-013\/","og_site_name":"Taveira Jr","og_image":[{"width":720,"height":1600,"url":"https:\/\/deputadotaveirajr.com.br\/wp-content\/uploads\/2024\/04\/whatsapp-image-2024-04-20-at-09.24.04-br7hQM.jpeg","type":"image\/jpeg"}],"twitter_card":"summary_large_image","twitter_misc":{"Est. tempo de leitura":"2 minutos"},"schema":{"@context":"https:\/\/schema.org","@graph":[{"@type":"WebPage","@id":"https:\/\/deputadotaveirajr.com.br\/index.php\/mulher-morre-e-quatro-pessoas-ficam-feridas-apos-colisao-entre-caminhonete-e-carro-na-rn-013\/","url":"https:\/\/deputadotaveirajr.com.br\/index.php\/mulher-morre-e-quatro-pessoas-ficam-feridas-apos-colisao-entre-caminhonete-e-carro-na-rn-013\/","name":"Mulher morre e quatro pessoas ficam feridas ap\u00f3s colis\u00e3o entre caminhonete e carro na RN-013 - Taveira Jr","isPartOf":{"@id":"https:\/\/deputadotaveirajr.com.br\/#website"},"primaryImageOfPage":{"@id":"https:\/\/deputadotaveirajr.com.br\/index.php\/mulher-morre-e-quatro-pessoas-ficam-feridas-apos-colisao-entre-caminhonete-e-carro-na-rn-013\/#primaryimage"},"image":{"@id":"https:\/\/deputadotaveirajr.com.br\/index.php\/mulher-morre-e-quatro-pessoas-ficam-feridas-apos-colisao-entre-caminhonete-e-carro-na-rn-013\/#primaryimage"},"thumbnailUrl":"https:\/\/deputadotaveirajr.com.br\/wp-content\/uploads\/2024\/04\/whatsapp-image-2024-04-20-at-09.24.04-br7hQM.jpeg","datePublished":"2024-04-20T15:54:27+00:00","breadcrumb":{"@id":"https:\/\/deputadotaveirajr.com.br\/index.php\/mulher-morre-e-quatro-pessoas-ficam-feridas-apos-colisao-entre-caminhonete-e-carro-na-rn-013\/#breadcrumb"},"inLanguage":"pt-BR","potentialAction":[{"@type":"ReadAction","target":["https:\/\/deputadotaveirajr.com.br\/index.php\/mulher-morre-e-quatro-pessoas-ficam-feridas-apos-colisao-entre-caminhonete-e-carro-na-rn-013\/"]}]},{"@type":"ImageObject","inLanguage":"pt-BR","@id":"https:\/\/deputadotaveirajr.com.br\/index.php\/mulher-morre-e-quatro-pessoas-ficam-feridas-apos-colisao-entre-caminhonete-e-carro-na-rn-013\/#primaryimage","url":"https:\/\/deputadotaveirajr.com.br\/wp-content\/uploads\/2024\/04\/whatsapp-image-2024-04-20-at-09.24.04-br7hQM.jpeg","contentUrl":"https:\/\/deputadotaveirajr.com.br\/wp-content\/uploads\/2024\/04\/whatsapp-image-2024-04-20-at-09.24.04-br7hQM.jpeg","width":720,"height":1600},{"@type":"BreadcrumbList","@id":"https:\/\/deputadotaveirajr.com.br\/index.php\/mulher-morre-e-quatro-pessoas-ficam-feridas-apos-colisao-entre-caminhonete-e-carro-na-rn-013\/#breadcrumb","itemListElement":[{"@type":"ListItem","position":1,"name":"In\u00edcio","item":"https:\/\/deputadotaveirajr.com.br\/"},{"@type":"ListItem","position":2,"name":"Mulher morre e quatro pessoas ficam feridas ap\u00f3s colis\u00e3o entre caminhonete e carro na RN-013"}]},{"@type":"WebSite","@id":"https:\/\/deputadotaveirajr.com.br\/#website","url":"https:\/\/deputadotaveirajr.com.br\/","name":"Taveira Jr","description":"Deputado Estadual","publisher":{"@id":"https:\/\/deputadotaveirajr.com.br\/#organization"},"potentialAction":[{"@type":"SearchAction","target":{"@type":"EntryPoint","urlTemplate":"https:\/\/deputadotaveirajr.com.br\/?s={search_term_string}"},"query-input":{"@type":"PropertyValueSpecification","valueRequired":true,"valueName":"search_term_string"}}],"inLanguage":"pt-BR"},{"@type":"Organization","@id":"https:\/\/deputadotaveirajr.com.br\/#organization","name":"Taveira Jr","url":"https:\/\/deputadotaveirajr.com.br\/","logo":{"@type":"ImageObject","inLanguage":"pt-BR","@id":"https:\/\/deputadotaveirajr.com.br\/#\/schema\/logo\/image\/","url":"https:\/\/deputadotaveirajr.com.br\/wp-content\/uploads\/2026\/01\/logolow2a.png","contentUrl":"https:\/\/deputadotaveirajr.com.br\/wp-content\/uploads\/2026\/01\/logolow2a.png","width":290,"height":80,"caption":"Taveira Jr"},"image":{"@id":"https:\/\/deputadotaveirajr.com.br\/#\/schema\/logo\/image\/"}}]}},"_links":{"self":[{"href":"https:\/\/deputadotaveirajr.com.br\/index.php\/wp-json\/wp\/v2\/pages\/5671","targetHints":{"allow":["GET"]}}],"collection":[{"href":"https:\/\/deputadotaveirajr.com.br\/index.php\/wp-json\/wp\/v2\/pages"}],"about":[{"href":"https:\/\/deputadotaveirajr.com.br\/index.php\/wp-json\/wp\/v2\/types\/page"}],"replies":[{"embeddable":true,"href":"https:\/\/deputadotaveirajr.com.br\/index.php\/wp-json\/wp\/v2\/comments?post=5671"}],"version-history":[{"count":1,"href":"https:\/\/deputadotaveirajr.com.br\/index.php\/wp-json\/wp\/v2\/pages\/5671\/revisions"}],"predecessor-version":[{"id":5678,"href":"https:\/\/deputadotaveirajr.com.br\/index.php\/wp-json\/wp\/v2\/pages\/5671\/revisions\/5678"}],"wp:featuredmedia":[{"embeddable":true,"href":"https:\/\/deputadotaveirajr.com.br\/index.php\/wp-json\/wp\/v2\/media\/5672"}],"wp:attachment":[{"href":"https:\/\/deputadotaveirajr.com.br\/index.php\/wp-json\/wp\/v2\/media?parent=5671"}],"curies":[{"name":"wp","href":"https:\/\/api.w.org\/{rel}","templated":true}]}}