{"id":5728,"date":"2024-04-23T05:42:26","date_gmt":"2024-04-23T08:42:26","guid":{"rendered":"https:\/\/deputadotaveirajr.com.br\/?page_id=5728"},"modified":"2024-04-23T05:42:26","modified_gmt":"2024-04-23T08:42:26","slug":"governo-renova-reforco-na-seguranca-externa-da-penitenciaria-federal-de-mossoro-por-mais-60-dias","status":"publish","type":"page","link":"https:\/\/deputadotaveirajr.com.br\/index.php\/governo-renova-reforco-na-seguranca-externa-da-penitenciaria-federal-de-mossoro-por-mais-60-dias\/","title":{"rendered":"Governo renova refor\u00e7o na seguran\u00e7a externa da Penitenci\u00e1ria Federal de Mossor\u00f3 por mais 60 dias"},"content":{"rendered":"<p>     Agentes da For\u00e7a Penal Nacional ficar\u00e3o na unidade federal at\u00e9 o dia 21 de junho. Equipes tamb\u00e9m est\u00e3o treinando servidores dentro do pres\u00eddio desde fevereiro. Penitenci\u00e1ria Federal de Mossor\u00f3 em 18\/02\/2024<br \/>\nJos\u00e9 ALDENIR\/THENEWS2\/ESTAD\u00c3O CONTE\u00daDO<br \/>\nO Minist\u00e9rio da Justi\u00e7a renovou por mais 60 dias o uso da For\u00e7a Penal Nacional no refor\u00e7o da seguran\u00e7a externa da Penitenci\u00e1ria Federal de Mossor\u00f3 (RN). Uma portaria com a medida foi publicada na madrugada desta ter\u00e7a-feira (23).<br \/>\nOs agentes da For\u00e7a Penal foram enviados a Mossor\u00f3 em fevereiro, ap\u00f3s a fuga de dois detentos da penitenci\u00e1ria de seguran\u00e7a m\u00e1xima. Os fugitivos foram recapturados no Par\u00e1 no in\u00edcio de abril.<br \/>\nAo todo, 50 agentes da For\u00e7a Penal foram enviados ao Rio Grande do Norte. A previs\u00e3o era de que o grupo ficasse no estado at\u00e9 22 de abril. Agora, com a renova\u00e7\u00e3o determinada pelo Minist\u00e9rio da Justi\u00e7a, a equipe permanecer\u00e1 em Mossor\u00f3 at\u00e9 21 de junho.<br \/>\nAl\u00e9m do refor\u00e7o na seguran\u00e7a externa da penitenci\u00e1ria, as equipes da For\u00e7a Penal Nacional tamb\u00e9m est\u00e3o fazendo o treinamento de agentes dentro do pres\u00eddio. Os trabalhos s\u00e3o coordenados pela Secretaria Nacional de Pol\u00edticas Penais (Senappen).<br \/>\nA For\u00e7a Penal \u00e9 diferente da For\u00e7a Nacional de Seguran\u00e7a P\u00fablica, que tamb\u00e9m foi acionada para auxiliar nas buscas pelos dois fugitivos de Mossor\u00f3.<br \/>\nEnquanto a For\u00e7a de Seguran\u00e7a P\u00fablica \u00e9 composta por policiais e bombeiros militares, al\u00e9m de policiais civis e peritos, a For\u00e7a Penal re\u00fane profissionais penais de refer\u00eancia nos estados.<br \/>\nA fuga<br \/>\nConfira o passo a passo dos fugitivos de Mossor\u00f3 at\u00e9 sua pris\u00e3o<br \/>\nRog\u00e9rio da Silva Mendon\u00e7a e Deibson Cabral Nascimento fugiram da Penitenci\u00e1ria Federal de Mossor\u00f3 no dia 14 de fevereiro, uma Quarta-Feira de Cinzas. Os dois presos, originalmente do Acre, estavam na unidade desde setembro de 2023 e s\u00e3o do Comando Vermelho.<br \/>\nA fuga dos detentos foi a primeira registrada na hist\u00f3ria do sistema penitenci\u00e1rio federal, que inclui ainda as penitenci\u00e1rias de Bras\u00edlia (DF), Catanduvas (PR), Campo Grande (MS) e Porto Velho (RO).<br \/>\nPara deixar a cadeia, os detentos abriram uma passagem atr\u00e1s de uma lumin\u00e1ria do pres\u00eddio e cortaram duas cercas de arame. Segundo as investiga\u00e7\u00f5es, eles usaram ferramentas de uma obra que estava sendo feita na penitenci\u00e1ria.<br \/>\nAp\u00f3s a fuga, autoridades locais e federais criaram uma for\u00e7a-tarefa para capturar os fugitivos. O grupo incluiu agentes da Pol\u00edcia Federal, Pol\u00edcia Rodovi\u00e1ria Federal, Pol\u00edcia Civil e Pol\u00edcia Militar do estado.<br \/>\nAs buscas pelos fugitivos duraram 50 dias. A recaptura aconteceu na tarde do dia 4 de abril, durante uma opera\u00e7\u00e3o da Pol\u00edcia Federal (PF) e da Pol\u00edcia Rodovi\u00e1ria Federal (PRF).<br \/>\nNo dia seguinte, os fugitivos retornaram para o pres\u00eddio de Mossor\u00f3, que teve a seguran\u00e7a refor\u00e7ada e a dire\u00e7\u00e3o trocada. Os dois est\u00e3o em celas separadas e sob constante monitoramento, segundo o Minist\u00e9rio da Justi\u00e7a.<br \/>\nPasso a passo dos fugitivos de Mossor\u00f3 at\u00e9 serem recapturados no Par\u00e1<br \/>\nArte\/g1<br \/>\nV\u00cdDEOS: mais assistidos do g1<\/p>","protected":false},"excerpt":{"rendered":"<p>Agentes da For\u00e7a Penal Nacional ficar\u00e3o na unidade federal at\u00e9 o dia 21 de junho. Equipes tamb\u00e9m est\u00e3o treinando servidores dentro do pres\u00eddio desde fevereiro. Penitenci\u00e1ria Federal de Mossor\u00f3 em &#8230;<\/p>\n","protected":false},"author":0,"featured_media":5729,"parent":0,"menu_order":0,"comment_status":"closed","ping_status":"closed","template":"","meta":{"footnotes":""},"class_list":["post-5728","page","type-page","status-publish","has-post-thumbnail","hentry"],"yoast_head":"<!-- This site is optimized with the Yoast SEO plugin v27.1.1 - https:\/\/yoast.com\/product\/yoast-seo-wordpress\/ -->\n<title>Governo renova refor\u00e7o na seguran\u00e7a externa da Penitenci\u00e1ria Federal de Mossor\u00f3 por mais 60 dias - Taveira Jr<\/title>\n<meta name=\"robots\" content=\"index, follow, max-snippet:-1, max-image-preview:large, max-video-preview:-1\" \/>\n<link rel=\"canonical\" href=\"https:\/\/deputadotaveirajr.com.br\/index.php\/governo-renova-reforco-na-seguranca-externa-da-penitenciaria-federal-de-mossoro-por-mais-60-dias\/\" \/>\n<meta property=\"og:locale\" content=\"pt_BR\" \/>\n<meta property=\"og:type\" content=\"article\" \/>\n<meta property=\"og:title\" content=\"Governo renova refor\u00e7o na seguran\u00e7a externa da Penitenci\u00e1ria Federal de Mossor\u00f3 por mais 60 dias - Taveira Jr\" \/>\n<meta property=\"og:description\" content=\"Agentes da For\u00e7a Penal Nacional ficar\u00e3o na unidade federal at\u00e9 o dia 21 de junho. Equipes tamb\u00e9m est\u00e3o treinando servidores dentro do pres\u00eddio desde fevereiro. Penitenci\u00e1ria Federal de Mossor\u00f3 em ...\" \/>\n<meta property=\"og:url\" content=\"https:\/\/deputadotaveirajr.com.br\/index.php\/governo-renova-reforco-na-seguranca-externa-da-penitenciaria-federal-de-mossoro-por-mais-60-dias\/\" \/>\n<meta property=\"og:site_name\" content=\"Taveira Jr\" \/>\n<meta property=\"og:image\" content=\"https:\/\/deputadotaveirajr.com.br\/wp-content\/uploads\/2024\/04\/tn220240218109-KJdIv3-scaled.jpeg\" \/>\n\t<meta property=\"og:image:width\" content=\"2560\" \/>\n\t<meta property=\"og:image:height\" content=\"1696\" \/>\n\t<meta property=\"og:image:type\" content=\"image\/jpeg\" \/>\n<meta name=\"twitter:card\" content=\"summary_large_image\" \/>\n<meta name=\"twitter:label1\" content=\"Est. tempo de leitura\" \/>\n\t<meta name=\"twitter:data1\" content=\"3 minutos\" \/>\n<script type=\"application\/ld+json\" class=\"yoast-schema-graph\">{\"@context\":\"https:\/\/schema.org\",\"@graph\":[{\"@type\":\"WebPage\",\"@id\":\"https:\/\/deputadotaveirajr.com.br\/index.php\/governo-renova-reforco-na-seguranca-externa-da-penitenciaria-federal-de-mossoro-por-mais-60-dias\/\",\"url\":\"https:\/\/deputadotaveirajr.com.br\/index.php\/governo-renova-reforco-na-seguranca-externa-da-penitenciaria-federal-de-mossoro-por-mais-60-dias\/\",\"name\":\"Governo renova refor\u00e7o na seguran\u00e7a externa da Penitenci\u00e1ria Federal de Mossor\u00f3 por mais 60 dias - Taveira Jr\",\"isPartOf\":{\"@id\":\"https:\/\/deputadotaveirajr.com.br\/#website\"},\"primaryImageOfPage\":{\"@id\":\"https:\/\/deputadotaveirajr.com.br\/index.php\/governo-renova-reforco-na-seguranca-externa-da-penitenciaria-federal-de-mossoro-por-mais-60-dias\/#primaryimage\"},\"image\":{\"@id\":\"https:\/\/deputadotaveirajr.com.br\/index.php\/governo-renova-reforco-na-seguranca-externa-da-penitenciaria-federal-de-mossoro-por-mais-60-dias\/#primaryimage\"},\"thumbnailUrl\":\"https:\/\/deputadotaveirajr.com.br\/wp-content\/uploads\/2024\/04\/tn220240218109-KJdIv3-scaled.jpeg\",\"datePublished\":\"2024-04-23T08:42:26+00:00\",\"breadcrumb\":{\"@id\":\"https:\/\/deputadotaveirajr.com.br\/index.php\/governo-renova-reforco-na-seguranca-externa-da-penitenciaria-federal-de-mossoro-por-mais-60-dias\/#breadcrumb\"},\"inLanguage\":\"pt-BR\",\"potentialAction\":[{\"@type\":\"ReadAction\",\"target\":[\"https:\/\/deputadotaveirajr.com.br\/index.php\/governo-renova-reforco-na-seguranca-externa-da-penitenciaria-federal-de-mossoro-por-mais-60-dias\/\"]}]},{\"@type\":\"ImageObject\",\"inLanguage\":\"pt-BR\",\"@id\":\"https:\/\/deputadotaveirajr.com.br\/index.php\/governo-renova-reforco-na-seguranca-externa-da-penitenciaria-federal-de-mossoro-por-mais-60-dias\/#primaryimage\",\"url\":\"https:\/\/deputadotaveirajr.com.br\/wp-content\/uploads\/2024\/04\/tn220240218109-KJdIv3-scaled.jpeg\",\"contentUrl\":\"https:\/\/deputadotaveirajr.com.br\/wp-content\/uploads\/2024\/04\/tn220240218109-KJdIv3-scaled.jpeg\",\"width\":2560,\"height\":1696},{\"@type\":\"BreadcrumbList\",\"@id\":\"https:\/\/deputadotaveirajr.com.br\/index.php\/governo-renova-reforco-na-seguranca-externa-da-penitenciaria-federal-de-mossoro-por-mais-60-dias\/#breadcrumb\",\"itemListElement\":[{\"@type\":\"ListItem\",\"position\":1,\"name\":\"In\u00edcio\",\"item\":\"https:\/\/deputadotaveirajr.com.br\/\"},{\"@type\":\"ListItem\",\"position\":2,\"name\":\"Governo renova refor\u00e7o na seguran\u00e7a externa da Penitenci\u00e1ria Federal de Mossor\u00f3 por mais 60 dias\"}]},{\"@type\":\"WebSite\",\"@id\":\"https:\/\/deputadotaveirajr.com.br\/#website\",\"url\":\"https:\/\/deputadotaveirajr.com.br\/\",\"name\":\"Taveira Jr\",\"description\":\"Deputado Estadual\",\"publisher\":{\"@id\":\"https:\/\/deputadotaveirajr.com.br\/#organization\"},\"potentialAction\":[{\"@type\":\"SearchAction\",\"target\":{\"@type\":\"EntryPoint\",\"urlTemplate\":\"https:\/\/deputadotaveirajr.com.br\/?s={search_term_string}\"},\"query-input\":{\"@type\":\"PropertyValueSpecification\",\"valueRequired\":true,\"valueName\":\"search_term_string\"}}],\"inLanguage\":\"pt-BR\"},{\"@type\":\"Organization\",\"@id\":\"https:\/\/deputadotaveirajr.com.br\/#organization\",\"name\":\"Taveira Jr\",\"url\":\"https:\/\/deputadotaveirajr.com.br\/\",\"logo\":{\"@type\":\"ImageObject\",\"inLanguage\":\"pt-BR\",\"@id\":\"https:\/\/deputadotaveirajr.com.br\/#\/schema\/logo\/image\/\",\"url\":\"https:\/\/deputadotaveirajr.com.br\/wp-content\/uploads\/2026\/01\/logolow2a.png\",\"contentUrl\":\"https:\/\/deputadotaveirajr.com.br\/wp-content\/uploads\/2026\/01\/logolow2a.png\",\"width\":290,\"height\":80,\"caption\":\"Taveira Jr\"},\"image\":{\"@id\":\"https:\/\/deputadotaveirajr.com.br\/#\/schema\/logo\/image\/\"}}]}<\/script>\n<!-- \/ Yoast SEO plugin. -->","yoast_head_json":{"title":"Governo renova refor\u00e7o na seguran\u00e7a externa da Penitenci\u00e1ria Federal de Mossor\u00f3 por mais 60 dias - Taveira Jr","robots":{"index":"index","follow":"follow","max-snippet":"max-snippet:-1","max-image-preview":"max-image-preview:large","max-video-preview":"max-video-preview:-1"},"canonical":"https:\/\/deputadotaveirajr.com.br\/index.php\/governo-renova-reforco-na-seguranca-externa-da-penitenciaria-federal-de-mossoro-por-mais-60-dias\/","og_locale":"pt_BR","og_type":"article","og_title":"Governo renova refor\u00e7o na seguran\u00e7a externa da Penitenci\u00e1ria Federal de Mossor\u00f3 por mais 60 dias - Taveira Jr","og_description":"Agentes da For\u00e7a Penal Nacional ficar\u00e3o na unidade federal at\u00e9 o dia 21 de junho. Equipes tamb\u00e9m est\u00e3o treinando servidores dentro do pres\u00eddio desde fevereiro. Penitenci\u00e1ria Federal de Mossor\u00f3 em ...","og_url":"https:\/\/deputadotaveirajr.com.br\/index.php\/governo-renova-reforco-na-seguranca-externa-da-penitenciaria-federal-de-mossoro-por-mais-60-dias\/","og_site_name":"Taveira Jr","og_image":[{"width":2560,"height":1696,"url":"https:\/\/deputadotaveirajr.com.br\/wp-content\/uploads\/2024\/04\/tn220240218109-KJdIv3-scaled.jpeg","type":"image\/jpeg"}],"twitter_card":"summary_large_image","twitter_misc":{"Est. tempo de leitura":"3 minutos"},"schema":{"@context":"https:\/\/schema.org","@graph":[{"@type":"WebPage","@id":"https:\/\/deputadotaveirajr.com.br\/index.php\/governo-renova-reforco-na-seguranca-externa-da-penitenciaria-federal-de-mossoro-por-mais-60-dias\/","url":"https:\/\/deputadotaveirajr.com.br\/index.php\/governo-renova-reforco-na-seguranca-externa-da-penitenciaria-federal-de-mossoro-por-mais-60-dias\/","name":"Governo renova refor\u00e7o na seguran\u00e7a externa da Penitenci\u00e1ria Federal de Mossor\u00f3 por mais 60 dias - Taveira Jr","isPartOf":{"@id":"https:\/\/deputadotaveirajr.com.br\/#website"},"primaryImageOfPage":{"@id":"https:\/\/deputadotaveirajr.com.br\/index.php\/governo-renova-reforco-na-seguranca-externa-da-penitenciaria-federal-de-mossoro-por-mais-60-dias\/#primaryimage"},"image":{"@id":"https:\/\/deputadotaveirajr.com.br\/index.php\/governo-renova-reforco-na-seguranca-externa-da-penitenciaria-federal-de-mossoro-por-mais-60-dias\/#primaryimage"},"thumbnailUrl":"https:\/\/deputadotaveirajr.com.br\/wp-content\/uploads\/2024\/04\/tn220240218109-KJdIv3-scaled.jpeg","datePublished":"2024-04-23T08:42:26+00:00","breadcrumb":{"@id":"https:\/\/deputadotaveirajr.com.br\/index.php\/governo-renova-reforco-na-seguranca-externa-da-penitenciaria-federal-de-mossoro-por-mais-60-dias\/#breadcrumb"},"inLanguage":"pt-BR","potentialAction":[{"@type":"ReadAction","target":["https:\/\/deputadotaveirajr.com.br\/index.php\/governo-renova-reforco-na-seguranca-externa-da-penitenciaria-federal-de-mossoro-por-mais-60-dias\/"]}]},{"@type":"ImageObject","inLanguage":"pt-BR","@id":"https:\/\/deputadotaveirajr.com.br\/index.php\/governo-renova-reforco-na-seguranca-externa-da-penitenciaria-federal-de-mossoro-por-mais-60-dias\/#primaryimage","url":"https:\/\/deputadotaveirajr.com.br\/wp-content\/uploads\/2024\/04\/tn220240218109-KJdIv3-scaled.jpeg","contentUrl":"https:\/\/deputadotaveirajr.com.br\/wp-content\/uploads\/2024\/04\/tn220240218109-KJdIv3-scaled.jpeg","width":2560,"height":1696},{"@type":"BreadcrumbList","@id":"https:\/\/deputadotaveirajr.com.br\/index.php\/governo-renova-reforco-na-seguranca-externa-da-penitenciaria-federal-de-mossoro-por-mais-60-dias\/#breadcrumb","itemListElement":[{"@type":"ListItem","position":1,"name":"In\u00edcio","item":"https:\/\/deputadotaveirajr.com.br\/"},{"@type":"ListItem","position":2,"name":"Governo renova refor\u00e7o na seguran\u00e7a externa da Penitenci\u00e1ria Federal de Mossor\u00f3 por mais 60 dias"}]},{"@type":"WebSite","@id":"https:\/\/deputadotaveirajr.com.br\/#website","url":"https:\/\/deputadotaveirajr.com.br\/","name":"Taveira Jr","description":"Deputado Estadual","publisher":{"@id":"https:\/\/deputadotaveirajr.com.br\/#organization"},"potentialAction":[{"@type":"SearchAction","target":{"@type":"EntryPoint","urlTemplate":"https:\/\/deputadotaveirajr.com.br\/?s={search_term_string}"},"query-input":{"@type":"PropertyValueSpecification","valueRequired":true,"valueName":"search_term_string"}}],"inLanguage":"pt-BR"},{"@type":"Organization","@id":"https:\/\/deputadotaveirajr.com.br\/#organization","name":"Taveira Jr","url":"https:\/\/deputadotaveirajr.com.br\/","logo":{"@type":"ImageObject","inLanguage":"pt-BR","@id":"https:\/\/deputadotaveirajr.com.br\/#\/schema\/logo\/image\/","url":"https:\/\/deputadotaveirajr.com.br\/wp-content\/uploads\/2026\/01\/logolow2a.png","contentUrl":"https:\/\/deputadotaveirajr.com.br\/wp-content\/uploads\/2026\/01\/logolow2a.png","width":290,"height":80,"caption":"Taveira Jr"},"image":{"@id":"https:\/\/deputadotaveirajr.com.br\/#\/schema\/logo\/image\/"}}]}},"_links":{"self":[{"href":"https:\/\/deputadotaveirajr.com.br\/index.php\/wp-json\/wp\/v2\/pages\/5728","targetHints":{"allow":["GET"]}}],"collection":[{"href":"https:\/\/deputadotaveirajr.com.br\/index.php\/wp-json\/wp\/v2\/pages"}],"about":[{"href":"https:\/\/deputadotaveirajr.com.br\/index.php\/wp-json\/wp\/v2\/types\/page"}],"replies":[{"embeddable":true,"href":"https:\/\/deputadotaveirajr.com.br\/index.php\/wp-json\/wp\/v2\/comments?post=5728"}],"version-history":[{"count":1,"href":"https:\/\/deputadotaveirajr.com.br\/index.php\/wp-json\/wp\/v2\/pages\/5728\/revisions"}],"predecessor-version":[{"id":5730,"href":"https:\/\/deputadotaveirajr.com.br\/index.php\/wp-json\/wp\/v2\/pages\/5728\/revisions\/5730"}],"wp:featuredmedia":[{"embeddable":true,"href":"https:\/\/deputadotaveirajr.com.br\/index.php\/wp-json\/wp\/v2\/media\/5729"}],"wp:attachment":[{"href":"https:\/\/deputadotaveirajr.com.br\/index.php\/wp-json\/wp\/v2\/media?parent=5728"}],"curies":[{"name":"wp","href":"https:\/\/api.w.org\/{rel}","templated":true}]}}