{"id":5731,"date":"2024-04-23T11:11:40","date_gmt":"2024-04-23T14:11:40","guid":{"rendered":"https:\/\/deputadotaveirajr.com.br\/?page_id=5731"},"modified":"2024-04-23T11:11:40","modified_gmt":"2024-04-23T14:11:40","slug":"policiais-civis-iniciam-paralisacao-e-fecham-delegacias-no-rn","status":"publish","type":"page","link":"https:\/\/deputadotaveirajr.com.br\/index.php\/policiais-civis-iniciam-paralisacao-e-fecham-delegacias-no-rn\/","title":{"rendered":"Policiais civis iniciam paralisa\u00e7\u00e3o e fecham delegacias no RN"},"content":{"rendered":"<p>     Decis\u00e3o aconteceu, segundo sindicato da categoria, ap\u00f3s mais uma negocia\u00e7\u00e3o frustrada com o governo do RN para reajuste salarial.  Delegacia de plant\u00e3o em Natal<br \/>\nVin\u00edcius Marinho\/Inter TV Cabugi<br \/>\nPoliciais civis do Rio Grande do Norte iniciaram nesta ter\u00e7a-feira (23) uma paralisa\u00e7\u00e3o das atividades em todo o estado. A decis\u00e3o foi tomada pela categoria em assembleia na noite de segunda (22), ap\u00f3s uma nova rodada de negocia\u00e7\u00e3o com o governo do RN, que terminou sem acordo.<br \/>\nSegundo o presidente do Sindicato dos Policiais Civis e Servidores da Seguran\u00e7a do RN (Sinpol), Nilton Arruda, com a paralisa\u00e7\u00e3o, nenhuma delegacia  &#8211; nem as de plant\u00e3o &#8211; vai funcionar no estado nesta ter\u00e7a, assim como nenhum policial civil vai trabalhar sequer para o cadastro de boletins de ocorr\u00eancia on-line. Ele chamou a paralisa\u00e7\u00e3o de &#8220;greve geral&#8221;.<br \/>\n&#8220;Nada vai funcionar. Boletins de ocorr\u00eancia on-line que s\u00e3o realizados precisam de homologa\u00e7\u00e3o de policiais. E os policiais v\u00e3o estar parados, n\u00e3o v\u00e3o nem homologar os servi\u00e7os on-line. \u00c9 servi\u00e7o zero&#8221;, disse.<br \/>\nSegundo o sindicato, sequer os policiais da Divis\u00e3o de Homic\u00eddio e Prote\u00e7\u00e3o \u00e0 Pessoa (DHPP) devem ir aos locais de crime. Por\u00e9m, os policiais acreditam que a dire\u00e7\u00e3o da corpora\u00e7\u00e3o vai formar uma equipe para esse tipo de ocorr\u00eancia, durante a paralisa\u00e7\u00e3o.<br \/>\n\ud83d\udcf3Participe do canal do g1 RN no WhatsApp<br \/>\nO direito de greve por parte da Pol\u00edcia Civil ou de profissionais de qualquer carreira policial \u00e9 inconstitucional, segundo decis\u00e3o do Supremo Tribunal Federal (STF) de 2017.<br \/>\nDelegacia fechada na Avenida Rio Branco, no bairro Cidade Alta, em Natal<br \/>\nLayssa Vilela\/Inter TV Cabugi<br \/>\nDelegacias fechadas<br \/>\nEm Maca\u00edba, na Grande Natal, a delegacia estava fechada ao p\u00fablico no in\u00edcio da manh\u00e3 desta ter\u00e7a (23). Segundo o porteiro Francisco Carlos de Medeiros, que trabalha perto da unidade, os servi\u00e7os est\u00e3o suspensos no local h\u00e1 cerca de uma semana. &#8220;As pessoas t\u00eam procurado bastante, mas chegam aqui, encontram dessa forma (fechada)&#8221;, afirma.<br \/>\nNa Cidade Alta, em Natal, a 1\u00aa Delegacia de Pol\u00edcia Civil da capital tamb\u00e9m estava fechada durante a manh\u00e3. Caso tamb\u00e9m da delegacia do bairro Felipe Camar\u00e3o, na Zona Oeste da cidade, bem como de outras delegacias de bairros da cidade.<br \/>\nA Delegacia Geral de Pol\u00edcia Civil foi procurada pelo g1, mas n\u00e3o se posicionou sobre a paralisa\u00e7\u00e3o at\u00e9 a \u00faltima atualiza\u00e7\u00e3o desta mat\u00e9ria. A institui\u00e7\u00e3o ainda n\u00e3o informou:<br \/>\nA lista de servi\u00e7os afetados e quais as orienta\u00e7\u00f5es para a popula\u00e7\u00e3o que precisa deles<br \/>\nSe vai pedir suspens\u00e3o da greve na Justi\u00e7a<br \/>\nComo v\u00e3o funcionar os flagrantes e os atendimentos em locais de crimes como homic\u00eddios<br \/>\nComo vai funcionar a negocia\u00e7\u00e3o com a categoria a partir da paralisa\u00e7\u00e3o<br \/>\nDelegacia de Maca\u00edba, na Grande Natal, fechada na manh\u00e3 desta ter\u00e7a-feira (23)<br \/>\nVin\u00edcius Marinho\/Inter TV Cabugi<br \/>\nPoliciais civis aprovam paralisa\u00e7\u00e3o de servi\u00e7os no RN<br \/>\nCedida<br \/>\nNegocia\u00e7\u00e3o<br \/>\nDe acordo com o Sinpol, a paralisa\u00e7\u00e3o acontece ap\u00f3s mais uma rodada de negocia\u00e7\u00e3o frustrada com o governo do RN para o reajusta salarial.<br \/>\n&#8220;N\u00f3s flexibilizamos demais. Foi constru\u00edda uma proposta junto com a dire\u00e7\u00e3o da Pol\u00edcia Civil de 10% [de reajuste] divididos em duas vezes: 5% [em janeiro de 2025] mais 5% [em abril de 2025]. O governo do Estado quer dar 5,3% de valoriza\u00e7\u00e3o&#8221;, disse Nilton Arruda, presidente do Sinpol<br \/>\n&#8220;\u00c9 a menor valoriza\u00e7\u00e3o que ele [o governo] est\u00e1 dando entre todas as categorias, a pra Pol\u00edcia Civil. E n\u00f3s somos a categoria que mais tivemos perdas inflacion\u00e1rias. Ent\u00e3o, n\u00e3o temos como aceitar isso&#8221;, concluiu.<br \/>\nAlgumas delegacias de bairro e de cidades do interior do estado j\u00e1 estavam fechadas nos \u00faltimos dias por conta de manifesta\u00e7\u00f5es dos policiais civis. Desta vez, a paralisa\u00e7\u00e3o dos servi\u00e7os \u00e9 completa, segundo o Sinpol.<br \/>\nNa semana passada, os  policiais civis j\u00e1 haviam suspendido tamb\u00e9m os servi\u00e7os extras com di\u00e1rias operacionais, inclusive nas delegacias de plant\u00e3o do Estado. A categoria pede, al\u00e9m do reajuste salarial, a nomea\u00e7\u00e3o dos 153 concursados j\u00e1 formados e a Resolu\u00e7\u00e3o do Cr\u00e9dito Remunerat\u00f3rio Individual, que \u00e9 antigo adicional por tempo de servi\u00e7o e que atualmente \u00e9 questionado na Justi\u00e7a.<br \/>\nTamb\u00e9m na semana passada, uma das reivindica\u00e7\u00f5es da categoria, o aux\u00edlio-fardamento, foi aprovada por unanimidade na Assembleia Legislativa. A proposta \u00e9 de autoria do governo do RN.<br \/>\nPoliciais militares e bombeiros fecham acordo<br \/>\nOs policiais militares e bombeiros fecharam acordo com o governo do estado nesta segunda-feira (22). Segundo a associa\u00e7\u00e3o que representa os militares, o acordo \u00e9 de reajuste de 8%, a ser implantado em janeiro de 2025, mais uma estimativa do IPCA no m\u00eas de abril do pr\u00f3ximo ano; e um segundo reajuste de 5% em janeiro de 2026, mais a reposi\u00e7\u00e3o do IPCA a cada m\u00eas de abril, totalizando cerca de 22,5% at\u00e9 abril de 2026.<br \/>\nOutro ponto que tamb\u00e9m foi aprovado pelos militares foi o encaminhamento de um projeto de lei que promove a reestrutura\u00e7\u00e3o na carreira dos Militares Estaduais, viabilizando a promo\u00e7\u00e3o dos soldados (ingressos p\u00f3s 2015) \u00e0 gradua\u00e7\u00e3o de cabo com 4 anos e 6 meses.<br \/>\n&#8220;O PL ser\u00e1 enviado \u00e0 Assembleia Legislativa em 15 de maio. A mesa de negocia\u00e7\u00e3o permanece aberta para discuss\u00f5es de outras pautas que ficaram pendentes e que s\u00e3o do interesse da categoria&#8221;, informou a associa\u00e7\u00e3o<br \/>\nV\u00eddeos mais assistidos do g1 RN<\/p>","protected":false},"excerpt":{"rendered":"<p>Decis\u00e3o aconteceu, segundo sindicato da categoria, ap\u00f3s mais uma negocia\u00e7\u00e3o frustrada com o governo do RN para reajuste salarial. Delegacia de plant\u00e3o em Natal Vin\u00edcius Marinho\/Inter TV Cabugi Policiais civis &#8230;<\/p>\n","protected":false},"author":0,"featured_media":5732,"parent":0,"menu_order":0,"comment_status":"closed","ping_status":"closed","template":"","meta":{"footnotes":""},"class_list":["post-5731","page","type-page","status-publish","has-post-thumbnail","hentry"],"yoast_head":"<!-- This site is optimized with the Yoast SEO plugin v27.1.1 - https:\/\/yoast.com\/product\/yoast-seo-wordpress\/ -->\n<title>Policiais civis iniciam paralisa\u00e7\u00e3o e fecham delegacias no RN - Taveira Jr<\/title>\n<meta name=\"robots\" content=\"index, follow, max-snippet:-1, max-image-preview:large, max-video-preview:-1\" \/>\n<link rel=\"canonical\" href=\"https:\/\/deputadotaveirajr.com.br\/index.php\/policiais-civis-iniciam-paralisacao-e-fecham-delegacias-no-rn\/\" \/>\n<meta property=\"og:locale\" content=\"pt_BR\" \/>\n<meta property=\"og:type\" content=\"article\" \/>\n<meta property=\"og:title\" content=\"Policiais civis iniciam paralisa\u00e7\u00e3o e fecham delegacias no RN - Taveira Jr\" \/>\n<meta property=\"og:description\" content=\"Decis\u00e3o aconteceu, segundo sindicato da categoria, ap\u00f3s mais uma negocia\u00e7\u00e3o frustrada com o governo do RN para reajuste salarial. Delegacia de plant\u00e3o em Natal Vin\u00edcius Marinho\/Inter TV Cabugi Policiais civis ...\" \/>\n<meta property=\"og:url\" content=\"https:\/\/deputadotaveirajr.com.br\/index.php\/policiais-civis-iniciam-paralisacao-e-fecham-delegacias-no-rn\/\" \/>\n<meta property=\"og:site_name\" content=\"Taveira Jr\" \/>\n<meta property=\"og:image\" content=\"https:\/\/deputadotaveirajr.com.br\/wp-content\/uploads\/2024\/04\/whatsapp-image-2024-04-23-at-09.02.06-dK9E1v-768x576.png\" \/>\n\t<meta property=\"og:image:width\" content=\"768\" \/>\n\t<meta property=\"og:image:height\" content=\"576\" \/>\n\t<meta property=\"og:image:type\" content=\"image\/png\" \/>\n<meta name=\"twitter:card\" content=\"summary_large_image\" \/>\n<meta name=\"twitter:label1\" content=\"Est. tempo de leitura\" \/>\n\t<meta name=\"twitter:data1\" content=\"5 minutos\" \/>\n<script type=\"application\/ld+json\" class=\"yoast-schema-graph\">{\"@context\":\"https:\/\/schema.org\",\"@graph\":[{\"@type\":\"WebPage\",\"@id\":\"https:\/\/deputadotaveirajr.com.br\/index.php\/policiais-civis-iniciam-paralisacao-e-fecham-delegacias-no-rn\/\",\"url\":\"https:\/\/deputadotaveirajr.com.br\/index.php\/policiais-civis-iniciam-paralisacao-e-fecham-delegacias-no-rn\/\",\"name\":\"Policiais civis iniciam paralisa\u00e7\u00e3o e fecham delegacias no RN - Taveira Jr\",\"isPartOf\":{\"@id\":\"https:\/\/deputadotaveirajr.com.br\/#website\"},\"primaryImageOfPage\":{\"@id\":\"https:\/\/deputadotaveirajr.com.br\/index.php\/policiais-civis-iniciam-paralisacao-e-fecham-delegacias-no-rn\/#primaryimage\"},\"image\":{\"@id\":\"https:\/\/deputadotaveirajr.com.br\/index.php\/policiais-civis-iniciam-paralisacao-e-fecham-delegacias-no-rn\/#primaryimage\"},\"thumbnailUrl\":\"https:\/\/deputadotaveirajr.com.br\/wp-content\/uploads\/2024\/04\/whatsapp-image-2024-04-23-at-09.02.06-dK9E1v.png\",\"datePublished\":\"2024-04-23T14:11:40+00:00\",\"breadcrumb\":{\"@id\":\"https:\/\/deputadotaveirajr.com.br\/index.php\/policiais-civis-iniciam-paralisacao-e-fecham-delegacias-no-rn\/#breadcrumb\"},\"inLanguage\":\"pt-BR\",\"potentialAction\":[{\"@type\":\"ReadAction\",\"target\":[\"https:\/\/deputadotaveirajr.com.br\/index.php\/policiais-civis-iniciam-paralisacao-e-fecham-delegacias-no-rn\/\"]}]},{\"@type\":\"ImageObject\",\"inLanguage\":\"pt-BR\",\"@id\":\"https:\/\/deputadotaveirajr.com.br\/index.php\/policiais-civis-iniciam-paralisacao-e-fecham-delegacias-no-rn\/#primaryimage\",\"url\":\"https:\/\/deputadotaveirajr.com.br\/wp-content\/uploads\/2024\/04\/whatsapp-image-2024-04-23-at-09.02.06-dK9E1v.png\",\"contentUrl\":\"https:\/\/deputadotaveirajr.com.br\/wp-content\/uploads\/2024\/04\/whatsapp-image-2024-04-23-at-09.02.06-dK9E1v.png\",\"width\":1600,\"height\":1200},{\"@type\":\"BreadcrumbList\",\"@id\":\"https:\/\/deputadotaveirajr.com.br\/index.php\/policiais-civis-iniciam-paralisacao-e-fecham-delegacias-no-rn\/#breadcrumb\",\"itemListElement\":[{\"@type\":\"ListItem\",\"position\":1,\"name\":\"In\u00edcio\",\"item\":\"https:\/\/deputadotaveirajr.com.br\/\"},{\"@type\":\"ListItem\",\"position\":2,\"name\":\"Policiais civis iniciam paralisa\u00e7\u00e3o e fecham delegacias no RN\"}]},{\"@type\":\"WebSite\",\"@id\":\"https:\/\/deputadotaveirajr.com.br\/#website\",\"url\":\"https:\/\/deputadotaveirajr.com.br\/\",\"name\":\"Taveira Jr\",\"description\":\"Deputado Estadual\",\"publisher\":{\"@id\":\"https:\/\/deputadotaveirajr.com.br\/#organization\"},\"potentialAction\":[{\"@type\":\"SearchAction\",\"target\":{\"@type\":\"EntryPoint\",\"urlTemplate\":\"https:\/\/deputadotaveirajr.com.br\/?s={search_term_string}\"},\"query-input\":{\"@type\":\"PropertyValueSpecification\",\"valueRequired\":true,\"valueName\":\"search_term_string\"}}],\"inLanguage\":\"pt-BR\"},{\"@type\":\"Organization\",\"@id\":\"https:\/\/deputadotaveirajr.com.br\/#organization\",\"name\":\"Taveira Jr\",\"url\":\"https:\/\/deputadotaveirajr.com.br\/\",\"logo\":{\"@type\":\"ImageObject\",\"inLanguage\":\"pt-BR\",\"@id\":\"https:\/\/deputadotaveirajr.com.br\/#\/schema\/logo\/image\/\",\"url\":\"https:\/\/deputadotaveirajr.com.br\/wp-content\/uploads\/2026\/01\/logolow2a.png\",\"contentUrl\":\"https:\/\/deputadotaveirajr.com.br\/wp-content\/uploads\/2026\/01\/logolow2a.png\",\"width\":290,\"height\":80,\"caption\":\"Taveira Jr\"},\"image\":{\"@id\":\"https:\/\/deputadotaveirajr.com.br\/#\/schema\/logo\/image\/\"}}]}<\/script>\n<!-- \/ Yoast SEO plugin. -->","yoast_head_json":{"title":"Policiais civis iniciam paralisa\u00e7\u00e3o e fecham delegacias no RN - Taveira Jr","robots":{"index":"index","follow":"follow","max-snippet":"max-snippet:-1","max-image-preview":"max-image-preview:large","max-video-preview":"max-video-preview:-1"},"canonical":"https:\/\/deputadotaveirajr.com.br\/index.php\/policiais-civis-iniciam-paralisacao-e-fecham-delegacias-no-rn\/","og_locale":"pt_BR","og_type":"article","og_title":"Policiais civis iniciam paralisa\u00e7\u00e3o e fecham delegacias no RN - Taveira Jr","og_description":"Decis\u00e3o aconteceu, segundo sindicato da categoria, ap\u00f3s mais uma negocia\u00e7\u00e3o frustrada com o governo do RN para reajuste salarial. Delegacia de plant\u00e3o em Natal Vin\u00edcius Marinho\/Inter TV Cabugi Policiais civis ...","og_url":"https:\/\/deputadotaveirajr.com.br\/index.php\/policiais-civis-iniciam-paralisacao-e-fecham-delegacias-no-rn\/","og_site_name":"Taveira Jr","og_image":[{"width":768,"height":576,"url":"https:\/\/deputadotaveirajr.com.br\/wp-content\/uploads\/2024\/04\/whatsapp-image-2024-04-23-at-09.02.06-dK9E1v-768x576.png","type":"image\/png"}],"twitter_card":"summary_large_image","twitter_misc":{"Est. tempo de leitura":"5 minutos"},"schema":{"@context":"https:\/\/schema.org","@graph":[{"@type":"WebPage","@id":"https:\/\/deputadotaveirajr.com.br\/index.php\/policiais-civis-iniciam-paralisacao-e-fecham-delegacias-no-rn\/","url":"https:\/\/deputadotaveirajr.com.br\/index.php\/policiais-civis-iniciam-paralisacao-e-fecham-delegacias-no-rn\/","name":"Policiais civis iniciam paralisa\u00e7\u00e3o e fecham delegacias no RN - Taveira Jr","isPartOf":{"@id":"https:\/\/deputadotaveirajr.com.br\/#website"},"primaryImageOfPage":{"@id":"https:\/\/deputadotaveirajr.com.br\/index.php\/policiais-civis-iniciam-paralisacao-e-fecham-delegacias-no-rn\/#primaryimage"},"image":{"@id":"https:\/\/deputadotaveirajr.com.br\/index.php\/policiais-civis-iniciam-paralisacao-e-fecham-delegacias-no-rn\/#primaryimage"},"thumbnailUrl":"https:\/\/deputadotaveirajr.com.br\/wp-content\/uploads\/2024\/04\/whatsapp-image-2024-04-23-at-09.02.06-dK9E1v.png","datePublished":"2024-04-23T14:11:40+00:00","breadcrumb":{"@id":"https:\/\/deputadotaveirajr.com.br\/index.php\/policiais-civis-iniciam-paralisacao-e-fecham-delegacias-no-rn\/#breadcrumb"},"inLanguage":"pt-BR","potentialAction":[{"@type":"ReadAction","target":["https:\/\/deputadotaveirajr.com.br\/index.php\/policiais-civis-iniciam-paralisacao-e-fecham-delegacias-no-rn\/"]}]},{"@type":"ImageObject","inLanguage":"pt-BR","@id":"https:\/\/deputadotaveirajr.com.br\/index.php\/policiais-civis-iniciam-paralisacao-e-fecham-delegacias-no-rn\/#primaryimage","url":"https:\/\/deputadotaveirajr.com.br\/wp-content\/uploads\/2024\/04\/whatsapp-image-2024-04-23-at-09.02.06-dK9E1v.png","contentUrl":"https:\/\/deputadotaveirajr.com.br\/wp-content\/uploads\/2024\/04\/whatsapp-image-2024-04-23-at-09.02.06-dK9E1v.png","width":1600,"height":1200},{"@type":"BreadcrumbList","@id":"https:\/\/deputadotaveirajr.com.br\/index.php\/policiais-civis-iniciam-paralisacao-e-fecham-delegacias-no-rn\/#breadcrumb","itemListElement":[{"@type":"ListItem","position":1,"name":"In\u00edcio","item":"https:\/\/deputadotaveirajr.com.br\/"},{"@type":"ListItem","position":2,"name":"Policiais civis iniciam paralisa\u00e7\u00e3o e fecham delegacias no RN"}]},{"@type":"WebSite","@id":"https:\/\/deputadotaveirajr.com.br\/#website","url":"https:\/\/deputadotaveirajr.com.br\/","name":"Taveira Jr","description":"Deputado Estadual","publisher":{"@id":"https:\/\/deputadotaveirajr.com.br\/#organization"},"potentialAction":[{"@type":"SearchAction","target":{"@type":"EntryPoint","urlTemplate":"https:\/\/deputadotaveirajr.com.br\/?s={search_term_string}"},"query-input":{"@type":"PropertyValueSpecification","valueRequired":true,"valueName":"search_term_string"}}],"inLanguage":"pt-BR"},{"@type":"Organization","@id":"https:\/\/deputadotaveirajr.com.br\/#organization","name":"Taveira Jr","url":"https:\/\/deputadotaveirajr.com.br\/","logo":{"@type":"ImageObject","inLanguage":"pt-BR","@id":"https:\/\/deputadotaveirajr.com.br\/#\/schema\/logo\/image\/","url":"https:\/\/deputadotaveirajr.com.br\/wp-content\/uploads\/2026\/01\/logolow2a.png","contentUrl":"https:\/\/deputadotaveirajr.com.br\/wp-content\/uploads\/2026\/01\/logolow2a.png","width":290,"height":80,"caption":"Taveira Jr"},"image":{"@id":"https:\/\/deputadotaveirajr.com.br\/#\/schema\/logo\/image\/"}}]}},"_links":{"self":[{"href":"https:\/\/deputadotaveirajr.com.br\/index.php\/wp-json\/wp\/v2\/pages\/5731","targetHints":{"allow":["GET"]}}],"collection":[{"href":"https:\/\/deputadotaveirajr.com.br\/index.php\/wp-json\/wp\/v2\/pages"}],"about":[{"href":"https:\/\/deputadotaveirajr.com.br\/index.php\/wp-json\/wp\/v2\/types\/page"}],"replies":[{"embeddable":true,"href":"https:\/\/deputadotaveirajr.com.br\/index.php\/wp-json\/wp\/v2\/comments?post=5731"}],"version-history":[{"count":1,"href":"https:\/\/deputadotaveirajr.com.br\/index.php\/wp-json\/wp\/v2\/pages\/5731\/revisions"}],"predecessor-version":[{"id":5733,"href":"https:\/\/deputadotaveirajr.com.br\/index.php\/wp-json\/wp\/v2\/pages\/5731\/revisions\/5733"}],"wp:featuredmedia":[{"embeddable":true,"href":"https:\/\/deputadotaveirajr.com.br\/index.php\/wp-json\/wp\/v2\/media\/5732"}],"wp:attachment":[{"href":"https:\/\/deputadotaveirajr.com.br\/index.php\/wp-json\/wp\/v2\/media?parent=5731"}],"curies":[{"name":"wp","href":"https:\/\/api.w.org\/{rel}","templated":true}]}}