{"id":5740,"date":"2024-04-23T20:51:08","date_gmt":"2024-04-23T23:51:08","guid":{"rendered":"https:\/\/deputadotaveirajr.com.br\/?page_id=5740"},"modified":"2024-04-23T20:51:08","modified_gmt":"2024-04-23T23:51:08","slug":"mp-pede-fim-da-paralisacao-dos-policiais-civis-e-cobra-do-governo-do-rn-nomeacao-de-aprovados-em-concurso","status":"publish","type":"page","link":"https:\/\/deputadotaveirajr.com.br\/index.php\/mp-pede-fim-da-paralisacao-dos-policiais-civis-e-cobra-do-governo-do-rn-nomeacao-de-aprovados-em-concurso\/","title":{"rendered":"MP pede fim da paralisa\u00e7\u00e3o dos policiais civis e cobra do governo do RN nomea\u00e7\u00e3o de aprovados em concurso"},"content":{"rendered":"<p>     Nenhuma delegacia no estado abriu nesta ter\u00e7a-feira ap\u00f3s paralisa\u00e7\u00e3o anunciada pelo Sindicato dos policiais civis do RN. MP pediu ainda aplica\u00e7\u00e3o de multa e desconto na remunera\u00e7\u00e3o dos manifestantes. Delegacias amanheceram fechadas no RN<br \/>\nVin\u00edcius Marinho\/Inter TV Cabugi<br \/>\nO Minist\u00e9rio P\u00fablico do Rio Grande do Norte (MPRN) pediu nesta ter\u00e7a-feira (23) na Justi\u00e7a o encerramento imediato da paralisa\u00e7\u00e3o da Pol\u00edcia Civil no estado e cobrou do governo do RN a nomea\u00e7\u00e3o dos aprovados no \u00faltimo concurso da corpora\u00e7\u00e3o.<br \/>\nAs a\u00e7\u00f5es foram protocoladas ap\u00f3s a paralisa\u00e7\u00e3o dos policiais civis no RN, que teve in\u00edcio na manh\u00e3 desta ter\u00e7a-feira (23). Nenhum delegacia do estado funcionou e at\u00e9 os boletins de ocorr\u00eancia on-line estavam impossibilitados, j\u00e1 que n\u00e3o havia policiais para homologa\u00e7\u00e3o.<br \/>\nEntre as reinvindica\u00e7\u00f5es na manifesta\u00e7\u00e3o, os policiais pedem reajuste salarial e a convoca\u00e7\u00e3o de  policiais civis aprovados no concurso mais recente.<br \/>\n\ud83d\udcf3Participe do canal do g1 RN no WhatsApp<br \/>\nNa a\u00e7\u00e3o sobre o encerramento da greve dos policiais civis e servidores da Secretaria Estadual de Seguran\u00e7a P\u00fablica, o MP pediu restabelecimento urgente dos servi\u00e7os de pol\u00edcia judici\u00e1ria de forma integral no estado.<br \/>\nA a\u00e7\u00e3o do MP previu tamb\u00e9m imposi\u00e7\u00e3o de multa di\u00e1ria ao Sindicato dos Policiais Civis e Servidores da Seguran\u00e7a do Estado (Sinpol) em caso de descumprimento.<br \/>\nPoliciais civis fecham delegacias em Natal durante mobiliza\u00e7\u00e3o<br \/>\nA Procuradoria Geral de Justi\u00e7a (PGJ) tamb\u00e9m pediu desconto da remunera\u00e7\u00e3o dos policiais pelos dias de paralisa\u00e7\u00e3o, ap\u00f3s julgado procedente o m\u00e9rito para declarar a ilegalidade do movimento e o encerramento da paralisa\u00e7\u00e3o.<br \/>\nNa a\u00e7\u00e3o, o Minist\u00e9rio P\u00fablico pediu tamb\u00e9m que o governo do Estado seja intimado para intervir na demanda e pediu tamb\u00e9m condena\u00e7\u00e3o do Sinpol ao pagamento das custas processuais.<br \/>\nO MP informou que tem monitorado as manifesta\u00e7\u00f5es desde o in\u00edcio de abril e que, para fins de avaliar a amplitude da movimenta\u00e7\u00e3o e averiguar se se tratava de uma il\u00edcita greve, a Procuradoria Geral de Justi\u00e7a instaurou procedimento e expediu of\u00edcio \u00e0 Sesed, \u00e0 Delegacia Geral de Pol\u00edcia Civil e ao Sinpol questionando a paralisa\u00e7\u00e3o.<br \/>\nAntes mesmo de receber qualquer resposta formal, a paralisa\u00e7\u00e3o foi iniciada &#8211; nesta ter\u00e7a-feira (23). Para o MPRN, com a amplia\u00e7\u00e3o das a\u00e7\u00f5es tomadas pelo Sinpol, incluindo a paralisa\u00e7\u00e3o de servi\u00e7os essenciais da Pol\u00edcia Civil, &#8220;n\u00e3o restam d\u00favidas que existe uma il\u00edcita greve iniciada pelos servidores da Pol\u00edcia Civil e da Sesed&#8221;.<br \/>\nO direito de greve por parte da Pol\u00edcia Civil ou de profissionais de qualquer carreira policial \u00e9 inconstitucional, segundo decis\u00e3o do Supremo Tribunal Federal (STF) de 2017.<br \/>\nDelegacia fechada na Avenida Rio Branco, no bairro Cidade Alta, em Natal<br \/>\nLayssa Vilela\/Inter TV Cabugi<br \/>\nPara o MPRN, &#8220;deve prevalecer o interesse p\u00fablico, especificamente a manuten\u00e7\u00e3o da seguran\u00e7a p\u00fablica, da ordem e da paz social sobre o interesse individual da categoria de servidores p\u00fablicos&#8221;.<br \/>\nAo pedir que a a\u00e7\u00e3o seja apreciada com urg\u00eancia, inclusive com imposi\u00e7\u00e3o de multa cominat\u00f3ria, o MPRN refor\u00e7ou que o perigo de dano \u00e9 evidente diante dos transtornos causados \u00e0 sociedade com a suspens\u00e3o das atividades prestadas pelos policiais civis e pelos servidores da seguran\u00e7a p\u00fablica estadual.<br \/>\nNomea\u00e7\u00f5es de policiais civis<br \/>\nO MP tamb\u00e9m cobrou a que o estado seja obrigado a nomear 155 candidatos aprovados nas cinco etapas do \u00faltimo concurso da Pol\u00edcia Civil.<br \/>\nA a\u00e7\u00e3o pede ainda que o Poder Executivo seja condenado a realizar, at\u00e9 o final do exerc\u00edcio de 2027, novo curso de forma\u00e7\u00e3o ou novo concurso p\u00fablico para nomear mais policiais civis em quantidade suficiente para integralizar a metade do efetivo policial civil previsto em lei: 175 delegados, 2.000 agentes e 400 escriv\u00e3es.<br \/>\nO MPRN aponta que a Lei Org\u00e2nica e Estatuto da Pol\u00edcia Civil do RN sinaliza que a institui\u00e7\u00e3o deve funcionar com pelo menos 80% do efetivo, o que totalizaria 4.120 policiais civis, sendo 280 delegados, 3.200 agentes e 640 escriv\u00e3es.<br \/>\nAtualmente, o quadro conta com 1.748 servidores, sendo 219 delegados, 1.314 agentes e 215 escriv\u00e3es.<br \/>\nO MP refor\u00e7ou na a\u00e7\u00e3o que o Plano Plurianual Participativo  contempla refor\u00e7o financeiro para adequar o efetivo da Pol\u00edcia Civil de modo a obter a ocupa\u00e7\u00e3o de 50% dos cargos previstos entre 2024 e 2027.<br \/>\nPara o ano de 2024, a Lei Or\u00e7ament\u00e1ria Anual aumentou a dota\u00e7\u00e3o dos encargos com pessoal da Pol\u00edcia Civil em 9,5%, valor suficiente para as despesas com a nomea\u00e7\u00e3o de todos os 388 candidatos j\u00e1 formados, segundo o MP. No entanto, at\u00e9 o momento, foram nomeados 233 candidatos, restando os 155.<br \/>\nV\u00eddeos mais assistidos do g1 RN<\/p>","protected":false},"excerpt":{"rendered":"<p>Nenhuma delegacia no estado abriu nesta ter\u00e7a-feira ap\u00f3s paralisa\u00e7\u00e3o anunciada pelo Sindicato dos policiais civis do RN. MP pediu ainda aplica\u00e7\u00e3o de multa e desconto na remunera\u00e7\u00e3o dos manifestantes. Delegacias &#8230;<\/p>\n","protected":false},"author":0,"featured_media":5741,"parent":0,"menu_order":0,"comment_status":"closed","ping_status":"closed","template":"","meta":{"footnotes":""},"class_list":["post-5740","page","type-page","status-publish","has-post-thumbnail","hentry"],"yoast_head":"<!-- This site is optimized with the Yoast SEO plugin v27.1.1 - https:\/\/yoast.com\/product\/yoast-seo-wordpress\/ -->\n<title>MP pede fim da paralisa\u00e7\u00e3o dos policiais civis e cobra do governo do RN nomea\u00e7\u00e3o de aprovados em concurso - Taveira Jr<\/title>\n<meta name=\"robots\" content=\"index, follow, max-snippet:-1, max-image-preview:large, max-video-preview:-1\" \/>\n<link rel=\"canonical\" href=\"https:\/\/deputadotaveirajr.com.br\/index.php\/mp-pede-fim-da-paralisacao-dos-policiais-civis-e-cobra-do-governo-do-rn-nomeacao-de-aprovados-em-concurso\/\" \/>\n<meta property=\"og:locale\" content=\"pt_BR\" \/>\n<meta property=\"og:type\" content=\"article\" \/>\n<meta property=\"og:title\" content=\"MP pede fim da paralisa\u00e7\u00e3o dos policiais civis e cobra do governo do RN nomea\u00e7\u00e3o de aprovados em concurso - Taveira Jr\" \/>\n<meta property=\"og:description\" content=\"Nenhuma delegacia no estado abriu nesta ter\u00e7a-feira ap\u00f3s paralisa\u00e7\u00e3o anunciada pelo Sindicato dos policiais civis do RN. MP pediu ainda aplica\u00e7\u00e3o de multa e desconto na remunera\u00e7\u00e3o dos manifestantes. Delegacias ...\" \/>\n<meta property=\"og:url\" content=\"https:\/\/deputadotaveirajr.com.br\/index.php\/mp-pede-fim-da-paralisacao-dos-policiais-civis-e-cobra-do-governo-do-rn-nomeacao-de-aprovados-em-concurso\/\" \/>\n<meta property=\"og:site_name\" content=\"Taveira Jr\" \/>\n<meta property=\"og:image\" content=\"https:\/\/deputadotaveirajr.com.br\/wp-content\/uploads\/2024\/04\/whatsapp-image-2024-04-23-at-09.02.07-W9OQwk.jpeg\" \/>\n\t<meta property=\"og:image:width\" content=\"1600\" \/>\n\t<meta property=\"og:image:height\" content=\"1200\" \/>\n\t<meta property=\"og:image:type\" content=\"image\/jpeg\" \/>\n<meta name=\"twitter:card\" content=\"summary_large_image\" \/>\n<meta name=\"twitter:label1\" content=\"Est. tempo de leitura\" \/>\n\t<meta name=\"twitter:data1\" content=\"4 minutos\" \/>\n<script type=\"application\/ld+json\" class=\"yoast-schema-graph\">{\"@context\":\"https:\/\/schema.org\",\"@graph\":[{\"@type\":\"WebPage\",\"@id\":\"https:\/\/deputadotaveirajr.com.br\/index.php\/mp-pede-fim-da-paralisacao-dos-policiais-civis-e-cobra-do-governo-do-rn-nomeacao-de-aprovados-em-concurso\/\",\"url\":\"https:\/\/deputadotaveirajr.com.br\/index.php\/mp-pede-fim-da-paralisacao-dos-policiais-civis-e-cobra-do-governo-do-rn-nomeacao-de-aprovados-em-concurso\/\",\"name\":\"MP pede fim da paralisa\u00e7\u00e3o dos policiais civis e cobra do governo do RN nomea\u00e7\u00e3o de aprovados em concurso - Taveira Jr\",\"isPartOf\":{\"@id\":\"https:\/\/deputadotaveirajr.com.br\/#website\"},\"primaryImageOfPage\":{\"@id\":\"https:\/\/deputadotaveirajr.com.br\/index.php\/mp-pede-fim-da-paralisacao-dos-policiais-civis-e-cobra-do-governo-do-rn-nomeacao-de-aprovados-em-concurso\/#primaryimage\"},\"image\":{\"@id\":\"https:\/\/deputadotaveirajr.com.br\/index.php\/mp-pede-fim-da-paralisacao-dos-policiais-civis-e-cobra-do-governo-do-rn-nomeacao-de-aprovados-em-concurso\/#primaryimage\"},\"thumbnailUrl\":\"https:\/\/deputadotaveirajr.com.br\/wp-content\/uploads\/2024\/04\/whatsapp-image-2024-04-23-at-09.02.07-W9OQwk.jpeg\",\"datePublished\":\"2024-04-23T23:51:08+00:00\",\"breadcrumb\":{\"@id\":\"https:\/\/deputadotaveirajr.com.br\/index.php\/mp-pede-fim-da-paralisacao-dos-policiais-civis-e-cobra-do-governo-do-rn-nomeacao-de-aprovados-em-concurso\/#breadcrumb\"},\"inLanguage\":\"pt-BR\",\"potentialAction\":[{\"@type\":\"ReadAction\",\"target\":[\"https:\/\/deputadotaveirajr.com.br\/index.php\/mp-pede-fim-da-paralisacao-dos-policiais-civis-e-cobra-do-governo-do-rn-nomeacao-de-aprovados-em-concurso\/\"]}]},{\"@type\":\"ImageObject\",\"inLanguage\":\"pt-BR\",\"@id\":\"https:\/\/deputadotaveirajr.com.br\/index.php\/mp-pede-fim-da-paralisacao-dos-policiais-civis-e-cobra-do-governo-do-rn-nomeacao-de-aprovados-em-concurso\/#primaryimage\",\"url\":\"https:\/\/deputadotaveirajr.com.br\/wp-content\/uploads\/2024\/04\/whatsapp-image-2024-04-23-at-09.02.07-W9OQwk.jpeg\",\"contentUrl\":\"https:\/\/deputadotaveirajr.com.br\/wp-content\/uploads\/2024\/04\/whatsapp-image-2024-04-23-at-09.02.07-W9OQwk.jpeg\",\"width\":1600,\"height\":1200},{\"@type\":\"BreadcrumbList\",\"@id\":\"https:\/\/deputadotaveirajr.com.br\/index.php\/mp-pede-fim-da-paralisacao-dos-policiais-civis-e-cobra-do-governo-do-rn-nomeacao-de-aprovados-em-concurso\/#breadcrumb\",\"itemListElement\":[{\"@type\":\"ListItem\",\"position\":1,\"name\":\"In\u00edcio\",\"item\":\"https:\/\/deputadotaveirajr.com.br\/\"},{\"@type\":\"ListItem\",\"position\":2,\"name\":\"MP pede fim da paralisa\u00e7\u00e3o dos policiais civis e cobra do governo do RN nomea\u00e7\u00e3o de aprovados em concurso\"}]},{\"@type\":\"WebSite\",\"@id\":\"https:\/\/deputadotaveirajr.com.br\/#website\",\"url\":\"https:\/\/deputadotaveirajr.com.br\/\",\"name\":\"Taveira Jr\",\"description\":\"Deputado Estadual\",\"publisher\":{\"@id\":\"https:\/\/deputadotaveirajr.com.br\/#organization\"},\"potentialAction\":[{\"@type\":\"SearchAction\",\"target\":{\"@type\":\"EntryPoint\",\"urlTemplate\":\"https:\/\/deputadotaveirajr.com.br\/?s={search_term_string}\"},\"query-input\":{\"@type\":\"PropertyValueSpecification\",\"valueRequired\":true,\"valueName\":\"search_term_string\"}}],\"inLanguage\":\"pt-BR\"},{\"@type\":\"Organization\",\"@id\":\"https:\/\/deputadotaveirajr.com.br\/#organization\",\"name\":\"Taveira Jr\",\"url\":\"https:\/\/deputadotaveirajr.com.br\/\",\"logo\":{\"@type\":\"ImageObject\",\"inLanguage\":\"pt-BR\",\"@id\":\"https:\/\/deputadotaveirajr.com.br\/#\/schema\/logo\/image\/\",\"url\":\"https:\/\/deputadotaveirajr.com.br\/wp-content\/uploads\/2026\/01\/logolow2a.png\",\"contentUrl\":\"https:\/\/deputadotaveirajr.com.br\/wp-content\/uploads\/2026\/01\/logolow2a.png\",\"width\":290,\"height\":80,\"caption\":\"Taveira Jr\"},\"image\":{\"@id\":\"https:\/\/deputadotaveirajr.com.br\/#\/schema\/logo\/image\/\"}}]}<\/script>\n<!-- \/ Yoast SEO plugin. -->","yoast_head_json":{"title":"MP pede fim da paralisa\u00e7\u00e3o dos policiais civis e cobra do governo do RN nomea\u00e7\u00e3o de aprovados em concurso - Taveira Jr","robots":{"index":"index","follow":"follow","max-snippet":"max-snippet:-1","max-image-preview":"max-image-preview:large","max-video-preview":"max-video-preview:-1"},"canonical":"https:\/\/deputadotaveirajr.com.br\/index.php\/mp-pede-fim-da-paralisacao-dos-policiais-civis-e-cobra-do-governo-do-rn-nomeacao-de-aprovados-em-concurso\/","og_locale":"pt_BR","og_type":"article","og_title":"MP pede fim da paralisa\u00e7\u00e3o dos policiais civis e cobra do governo do RN nomea\u00e7\u00e3o de aprovados em concurso - Taveira Jr","og_description":"Nenhuma delegacia no estado abriu nesta ter\u00e7a-feira ap\u00f3s paralisa\u00e7\u00e3o anunciada pelo Sindicato dos policiais civis do RN. MP pediu ainda aplica\u00e7\u00e3o de multa e desconto na remunera\u00e7\u00e3o dos manifestantes. Delegacias ...","og_url":"https:\/\/deputadotaveirajr.com.br\/index.php\/mp-pede-fim-da-paralisacao-dos-policiais-civis-e-cobra-do-governo-do-rn-nomeacao-de-aprovados-em-concurso\/","og_site_name":"Taveira Jr","og_image":[{"width":1600,"height":1200,"url":"https:\/\/deputadotaveirajr.com.br\/wp-content\/uploads\/2024\/04\/whatsapp-image-2024-04-23-at-09.02.07-W9OQwk.jpeg","type":"image\/jpeg"}],"twitter_card":"summary_large_image","twitter_misc":{"Est. tempo de leitura":"4 minutos"},"schema":{"@context":"https:\/\/schema.org","@graph":[{"@type":"WebPage","@id":"https:\/\/deputadotaveirajr.com.br\/index.php\/mp-pede-fim-da-paralisacao-dos-policiais-civis-e-cobra-do-governo-do-rn-nomeacao-de-aprovados-em-concurso\/","url":"https:\/\/deputadotaveirajr.com.br\/index.php\/mp-pede-fim-da-paralisacao-dos-policiais-civis-e-cobra-do-governo-do-rn-nomeacao-de-aprovados-em-concurso\/","name":"MP pede fim da paralisa\u00e7\u00e3o dos policiais civis e cobra do governo do RN nomea\u00e7\u00e3o de aprovados em concurso - Taveira Jr","isPartOf":{"@id":"https:\/\/deputadotaveirajr.com.br\/#website"},"primaryImageOfPage":{"@id":"https:\/\/deputadotaveirajr.com.br\/index.php\/mp-pede-fim-da-paralisacao-dos-policiais-civis-e-cobra-do-governo-do-rn-nomeacao-de-aprovados-em-concurso\/#primaryimage"},"image":{"@id":"https:\/\/deputadotaveirajr.com.br\/index.php\/mp-pede-fim-da-paralisacao-dos-policiais-civis-e-cobra-do-governo-do-rn-nomeacao-de-aprovados-em-concurso\/#primaryimage"},"thumbnailUrl":"https:\/\/deputadotaveirajr.com.br\/wp-content\/uploads\/2024\/04\/whatsapp-image-2024-04-23-at-09.02.07-W9OQwk.jpeg","datePublished":"2024-04-23T23:51:08+00:00","breadcrumb":{"@id":"https:\/\/deputadotaveirajr.com.br\/index.php\/mp-pede-fim-da-paralisacao-dos-policiais-civis-e-cobra-do-governo-do-rn-nomeacao-de-aprovados-em-concurso\/#breadcrumb"},"inLanguage":"pt-BR","potentialAction":[{"@type":"ReadAction","target":["https:\/\/deputadotaveirajr.com.br\/index.php\/mp-pede-fim-da-paralisacao-dos-policiais-civis-e-cobra-do-governo-do-rn-nomeacao-de-aprovados-em-concurso\/"]}]},{"@type":"ImageObject","inLanguage":"pt-BR","@id":"https:\/\/deputadotaveirajr.com.br\/index.php\/mp-pede-fim-da-paralisacao-dos-policiais-civis-e-cobra-do-governo-do-rn-nomeacao-de-aprovados-em-concurso\/#primaryimage","url":"https:\/\/deputadotaveirajr.com.br\/wp-content\/uploads\/2024\/04\/whatsapp-image-2024-04-23-at-09.02.07-W9OQwk.jpeg","contentUrl":"https:\/\/deputadotaveirajr.com.br\/wp-content\/uploads\/2024\/04\/whatsapp-image-2024-04-23-at-09.02.07-W9OQwk.jpeg","width":1600,"height":1200},{"@type":"BreadcrumbList","@id":"https:\/\/deputadotaveirajr.com.br\/index.php\/mp-pede-fim-da-paralisacao-dos-policiais-civis-e-cobra-do-governo-do-rn-nomeacao-de-aprovados-em-concurso\/#breadcrumb","itemListElement":[{"@type":"ListItem","position":1,"name":"In\u00edcio","item":"https:\/\/deputadotaveirajr.com.br\/"},{"@type":"ListItem","position":2,"name":"MP pede fim da paralisa\u00e7\u00e3o dos policiais civis e cobra do governo do RN nomea\u00e7\u00e3o de aprovados em concurso"}]},{"@type":"WebSite","@id":"https:\/\/deputadotaveirajr.com.br\/#website","url":"https:\/\/deputadotaveirajr.com.br\/","name":"Taveira Jr","description":"Deputado Estadual","publisher":{"@id":"https:\/\/deputadotaveirajr.com.br\/#organization"},"potentialAction":[{"@type":"SearchAction","target":{"@type":"EntryPoint","urlTemplate":"https:\/\/deputadotaveirajr.com.br\/?s={search_term_string}"},"query-input":{"@type":"PropertyValueSpecification","valueRequired":true,"valueName":"search_term_string"}}],"inLanguage":"pt-BR"},{"@type":"Organization","@id":"https:\/\/deputadotaveirajr.com.br\/#organization","name":"Taveira Jr","url":"https:\/\/deputadotaveirajr.com.br\/","logo":{"@type":"ImageObject","inLanguage":"pt-BR","@id":"https:\/\/deputadotaveirajr.com.br\/#\/schema\/logo\/image\/","url":"https:\/\/deputadotaveirajr.com.br\/wp-content\/uploads\/2026\/01\/logolow2a.png","contentUrl":"https:\/\/deputadotaveirajr.com.br\/wp-content\/uploads\/2026\/01\/logolow2a.png","width":290,"height":80,"caption":"Taveira Jr"},"image":{"@id":"https:\/\/deputadotaveirajr.com.br\/#\/schema\/logo\/image\/"}}]}},"_links":{"self":[{"href":"https:\/\/deputadotaveirajr.com.br\/index.php\/wp-json\/wp\/v2\/pages\/5740","targetHints":{"allow":["GET"]}}],"collection":[{"href":"https:\/\/deputadotaveirajr.com.br\/index.php\/wp-json\/wp\/v2\/pages"}],"about":[{"href":"https:\/\/deputadotaveirajr.com.br\/index.php\/wp-json\/wp\/v2\/types\/page"}],"replies":[{"embeddable":true,"href":"https:\/\/deputadotaveirajr.com.br\/index.php\/wp-json\/wp\/v2\/comments?post=5740"}],"version-history":[{"count":1,"href":"https:\/\/deputadotaveirajr.com.br\/index.php\/wp-json\/wp\/v2\/pages\/5740\/revisions"}],"predecessor-version":[{"id":5744,"href":"https:\/\/deputadotaveirajr.com.br\/index.php\/wp-json\/wp\/v2\/pages\/5740\/revisions\/5744"}],"wp:featuredmedia":[{"embeddable":true,"href":"https:\/\/deputadotaveirajr.com.br\/index.php\/wp-json\/wp\/v2\/media\/5741"}],"wp:attachment":[{"href":"https:\/\/deputadotaveirajr.com.br\/index.php\/wp-json\/wp\/v2\/media?parent=5740"}],"curies":[{"name":"wp","href":"https:\/\/api.w.org\/{rel}","templated":true}]}}