{"id":5750,"date":"2024-04-24T12:21:10","date_gmt":"2024-04-24T15:21:10","guid":{"rendered":"https:\/\/deputadotaveirajr.com.br\/?page_id=5750"},"modified":"2024-04-24T12:21:10","modified_gmt":"2024-04-24T15:21:10","slug":"ufersa-lanca-edital-para-curso-gratuito-de-piloto-de-aviao-civil","status":"publish","type":"page","link":"https:\/\/deputadotaveirajr.com.br\/index.php\/ufersa-lanca-edital-para-curso-gratuito-de-piloto-de-aviao-civil\/","title":{"rendered":"Ufersa lan\u00e7a edital para curso gratuito de piloto de avi\u00e3o civil"},"content":{"rendered":"<p>     Inscri\u00e7\u00f5es podem ser feitas de 30 de abril a 31 de maio pela internet.  Ufersa lan\u00e7a edital para curso gratuito de piloto de avi\u00e3o civil<br \/>\nIgor J\u00e1come\/Inter TV Cabugi<br \/>\nA Universidade Federal Rural do Semi-\u00c1rido (Ufersa) vai oferecer curso de extens\u00e3o para pilotos de avi\u00e3o civil. O curso \u00e9 uma parceria com a Associa\u00e7\u00e3o Nacional de Avia\u00e7\u00e3o Civil (Anac). As inscri\u00e7\u00f5es podem ser feitas de 30 de abril a 31 de maio, no portal da Funda\u00e7\u00e3o Guimar\u00e3es Duque. Confira aqui o edital.<br \/>\nO curso de pilotos \u00e9 presencial e totalmente gratuito, inclusive a inscri\u00e7\u00e3o. O candidato deve ter mais de 18 anos, possuir ensino superior completo ou em fase de conclus\u00e3o, ter cadastro no Cad\u00danico atualizado e n\u00e3o possuir nenhuma licen\u00e7a de piloto de avi\u00e3o.<br \/>\nNa primeira fase, ser\u00e3o selecionados 200 candidatos, sendo 50% do sexo masculino e 50% do sexo feminino.O crit\u00e9rio \u00e9 a nota obtida no exame te\u00f3rico de Piloto Privado de Avi\u00e3o. Em um segundo momento, desses 200 candidatos ser\u00e3o classificados 20, sendo 10 homens e 10 mulheres. Outros 80 ficar\u00e3o em um cadastro de reserva com validade de 3 meses a partir do in\u00edcio do curso que ser\u00e1 ministrado na Ufersa na modalidade totalmente presencial.<br \/>\nO objetivo da forma\u00e7\u00e3o completa de pilotos comerciais de avi\u00e3o por meio do Programa de Diversidade, Inclus\u00e3o e Forma\u00e7\u00e3o da Anac, em parceria com a Ufersa, \u00e9 fortalecer o ensino aeron\u00e1utico e democratizar o acesso a forma\u00e7\u00e3o de pilotos civis no Brasil.<br \/>\n\u201cDas 20 vagas oferecidas 50% s\u00e3o destinadas para mulheres\u201d, frisa o coordenador do curso, professor R\u00f4mulo Pierre Batista dos Reis, do Centro de Engenharias da Ufersa.<br \/>\nV\u00cdDEOS: Mais vistos no RN nos \u00faltimos 7 dias<\/p>","protected":false},"excerpt":{"rendered":"<p>Inscri\u00e7\u00f5es podem ser feitas de 30 de abril a 31 de maio pela internet. Ufersa lan\u00e7a edital para curso gratuito de piloto de avi\u00e3o civil Igor J\u00e1come\/Inter TV Cabugi A &#8230;<\/p>\n","protected":false},"author":0,"featured_media":5751,"parent":0,"menu_order":0,"comment_status":"closed","ping_status":"closed","template":"","meta":{"footnotes":""},"class_list":["post-5750","page","type-page","status-publish","has-post-thumbnail","hentry"],"yoast_head":"<!-- This site is optimized with the Yoast SEO plugin v27.1.1 - https:\/\/yoast.com\/product\/yoast-seo-wordpress\/ -->\n<title>Ufersa lan\u00e7a edital para curso gratuito de piloto de avi\u00e3o civil - Taveira Jr<\/title>\n<meta name=\"robots\" content=\"index, follow, max-snippet:-1, max-image-preview:large, max-video-preview:-1\" \/>\n<link rel=\"canonical\" href=\"https:\/\/deputadotaveirajr.com.br\/index.php\/ufersa-lanca-edital-para-curso-gratuito-de-piloto-de-aviao-civil\/\" \/>\n<meta property=\"og:locale\" content=\"pt_BR\" \/>\n<meta property=\"og:type\" content=\"article\" \/>\n<meta property=\"og:title\" content=\"Ufersa lan\u00e7a edital para curso gratuito de piloto de avi\u00e3o civil - Taveira Jr\" \/>\n<meta property=\"og:description\" content=\"Inscri\u00e7\u00f5es podem ser feitas de 30 de abril a 31 de maio pela internet. Ufersa lan\u00e7a edital para curso gratuito de piloto de avi\u00e3o civil Igor J\u00e1come\/Inter TV Cabugi A ...\" \/>\n<meta property=\"og:url\" content=\"https:\/\/deputadotaveirajr.com.br\/index.php\/ufersa-lanca-edital-para-curso-gratuito-de-piloto-de-aviao-civil\/\" \/>\n<meta property=\"og:site_name\" content=\"Taveira Jr\" \/>\n<meta property=\"og:image\" content=\"https:\/\/deputadotaveirajr.com.br\/wp-content\/uploads\/2024\/04\/whatsapp-image-2024-04-24-at-09.17.24-Qvn9ev.jpeg\" \/>\n\t<meta property=\"og:image:width\" content=\"1040\" \/>\n\t<meta property=\"og:image:height\" content=\"780\" \/>\n\t<meta property=\"og:image:type\" content=\"image\/jpeg\" \/>\n<meta name=\"twitter:card\" content=\"summary_large_image\" \/>\n<meta name=\"twitter:label1\" content=\"Est. tempo de leitura\" \/>\n\t<meta name=\"twitter:data1\" content=\"1 minuto\" \/>\n<script type=\"application\/ld+json\" class=\"yoast-schema-graph\">{\"@context\":\"https:\/\/schema.org\",\"@graph\":[{\"@type\":\"WebPage\",\"@id\":\"https:\/\/deputadotaveirajr.com.br\/index.php\/ufersa-lanca-edital-para-curso-gratuito-de-piloto-de-aviao-civil\/\",\"url\":\"https:\/\/deputadotaveirajr.com.br\/index.php\/ufersa-lanca-edital-para-curso-gratuito-de-piloto-de-aviao-civil\/\",\"name\":\"Ufersa lan\u00e7a edital para curso gratuito de piloto de avi\u00e3o civil - Taveira Jr\",\"isPartOf\":{\"@id\":\"https:\/\/deputadotaveirajr.com.br\/#website\"},\"primaryImageOfPage\":{\"@id\":\"https:\/\/deputadotaveirajr.com.br\/index.php\/ufersa-lanca-edital-para-curso-gratuito-de-piloto-de-aviao-civil\/#primaryimage\"},\"image\":{\"@id\":\"https:\/\/deputadotaveirajr.com.br\/index.php\/ufersa-lanca-edital-para-curso-gratuito-de-piloto-de-aviao-civil\/#primaryimage\"},\"thumbnailUrl\":\"https:\/\/deputadotaveirajr.com.br\/wp-content\/uploads\/2024\/04\/whatsapp-image-2024-04-24-at-09.17.24-Qvn9ev.jpeg\",\"datePublished\":\"2024-04-24T15:21:10+00:00\",\"breadcrumb\":{\"@id\":\"https:\/\/deputadotaveirajr.com.br\/index.php\/ufersa-lanca-edital-para-curso-gratuito-de-piloto-de-aviao-civil\/#breadcrumb\"},\"inLanguage\":\"pt-BR\",\"potentialAction\":[{\"@type\":\"ReadAction\",\"target\":[\"https:\/\/deputadotaveirajr.com.br\/index.php\/ufersa-lanca-edital-para-curso-gratuito-de-piloto-de-aviao-civil\/\"]}]},{\"@type\":\"ImageObject\",\"inLanguage\":\"pt-BR\",\"@id\":\"https:\/\/deputadotaveirajr.com.br\/index.php\/ufersa-lanca-edital-para-curso-gratuito-de-piloto-de-aviao-civil\/#primaryimage\",\"url\":\"https:\/\/deputadotaveirajr.com.br\/wp-content\/uploads\/2024\/04\/whatsapp-image-2024-04-24-at-09.17.24-Qvn9ev.jpeg\",\"contentUrl\":\"https:\/\/deputadotaveirajr.com.br\/wp-content\/uploads\/2024\/04\/whatsapp-image-2024-04-24-at-09.17.24-Qvn9ev.jpeg\",\"width\":1040,\"height\":780},{\"@type\":\"BreadcrumbList\",\"@id\":\"https:\/\/deputadotaveirajr.com.br\/index.php\/ufersa-lanca-edital-para-curso-gratuito-de-piloto-de-aviao-civil\/#breadcrumb\",\"itemListElement\":[{\"@type\":\"ListItem\",\"position\":1,\"name\":\"In\u00edcio\",\"item\":\"https:\/\/deputadotaveirajr.com.br\/\"},{\"@type\":\"ListItem\",\"position\":2,\"name\":\"Ufersa lan\u00e7a edital para curso gratuito de piloto de avi\u00e3o civil\"}]},{\"@type\":\"WebSite\",\"@id\":\"https:\/\/deputadotaveirajr.com.br\/#website\",\"url\":\"https:\/\/deputadotaveirajr.com.br\/\",\"name\":\"Taveira Jr\",\"description\":\"Deputado Estadual\",\"publisher\":{\"@id\":\"https:\/\/deputadotaveirajr.com.br\/#organization\"},\"potentialAction\":[{\"@type\":\"SearchAction\",\"target\":{\"@type\":\"EntryPoint\",\"urlTemplate\":\"https:\/\/deputadotaveirajr.com.br\/?s={search_term_string}\"},\"query-input\":{\"@type\":\"PropertyValueSpecification\",\"valueRequired\":true,\"valueName\":\"search_term_string\"}}],\"inLanguage\":\"pt-BR\"},{\"@type\":\"Organization\",\"@id\":\"https:\/\/deputadotaveirajr.com.br\/#organization\",\"name\":\"Taveira Jr\",\"url\":\"https:\/\/deputadotaveirajr.com.br\/\",\"logo\":{\"@type\":\"ImageObject\",\"inLanguage\":\"pt-BR\",\"@id\":\"https:\/\/deputadotaveirajr.com.br\/#\/schema\/logo\/image\/\",\"url\":\"https:\/\/deputadotaveirajr.com.br\/wp-content\/uploads\/2026\/01\/logolow2a.png\",\"contentUrl\":\"https:\/\/deputadotaveirajr.com.br\/wp-content\/uploads\/2026\/01\/logolow2a.png\",\"width\":290,\"height\":80,\"caption\":\"Taveira Jr\"},\"image\":{\"@id\":\"https:\/\/deputadotaveirajr.com.br\/#\/schema\/logo\/image\/\"}}]}<\/script>\n<!-- \/ Yoast SEO plugin. -->","yoast_head_json":{"title":"Ufersa lan\u00e7a edital para curso gratuito de piloto de avi\u00e3o civil - Taveira Jr","robots":{"index":"index","follow":"follow","max-snippet":"max-snippet:-1","max-image-preview":"max-image-preview:large","max-video-preview":"max-video-preview:-1"},"canonical":"https:\/\/deputadotaveirajr.com.br\/index.php\/ufersa-lanca-edital-para-curso-gratuito-de-piloto-de-aviao-civil\/","og_locale":"pt_BR","og_type":"article","og_title":"Ufersa lan\u00e7a edital para curso gratuito de piloto de avi\u00e3o civil - Taveira Jr","og_description":"Inscri\u00e7\u00f5es podem ser feitas de 30 de abril a 31 de maio pela internet. Ufersa lan\u00e7a edital para curso gratuito de piloto de avi\u00e3o civil Igor J\u00e1come\/Inter TV Cabugi A ...","og_url":"https:\/\/deputadotaveirajr.com.br\/index.php\/ufersa-lanca-edital-para-curso-gratuito-de-piloto-de-aviao-civil\/","og_site_name":"Taveira Jr","og_image":[{"width":1040,"height":780,"url":"https:\/\/deputadotaveirajr.com.br\/wp-content\/uploads\/2024\/04\/whatsapp-image-2024-04-24-at-09.17.24-Qvn9ev.jpeg","type":"image\/jpeg"}],"twitter_card":"summary_large_image","twitter_misc":{"Est. tempo de leitura":"1 minuto"},"schema":{"@context":"https:\/\/schema.org","@graph":[{"@type":"WebPage","@id":"https:\/\/deputadotaveirajr.com.br\/index.php\/ufersa-lanca-edital-para-curso-gratuito-de-piloto-de-aviao-civil\/","url":"https:\/\/deputadotaveirajr.com.br\/index.php\/ufersa-lanca-edital-para-curso-gratuito-de-piloto-de-aviao-civil\/","name":"Ufersa lan\u00e7a edital para curso gratuito de piloto de avi\u00e3o civil - Taveira Jr","isPartOf":{"@id":"https:\/\/deputadotaveirajr.com.br\/#website"},"primaryImageOfPage":{"@id":"https:\/\/deputadotaveirajr.com.br\/index.php\/ufersa-lanca-edital-para-curso-gratuito-de-piloto-de-aviao-civil\/#primaryimage"},"image":{"@id":"https:\/\/deputadotaveirajr.com.br\/index.php\/ufersa-lanca-edital-para-curso-gratuito-de-piloto-de-aviao-civil\/#primaryimage"},"thumbnailUrl":"https:\/\/deputadotaveirajr.com.br\/wp-content\/uploads\/2024\/04\/whatsapp-image-2024-04-24-at-09.17.24-Qvn9ev.jpeg","datePublished":"2024-04-24T15:21:10+00:00","breadcrumb":{"@id":"https:\/\/deputadotaveirajr.com.br\/index.php\/ufersa-lanca-edital-para-curso-gratuito-de-piloto-de-aviao-civil\/#breadcrumb"},"inLanguage":"pt-BR","potentialAction":[{"@type":"ReadAction","target":["https:\/\/deputadotaveirajr.com.br\/index.php\/ufersa-lanca-edital-para-curso-gratuito-de-piloto-de-aviao-civil\/"]}]},{"@type":"ImageObject","inLanguage":"pt-BR","@id":"https:\/\/deputadotaveirajr.com.br\/index.php\/ufersa-lanca-edital-para-curso-gratuito-de-piloto-de-aviao-civil\/#primaryimage","url":"https:\/\/deputadotaveirajr.com.br\/wp-content\/uploads\/2024\/04\/whatsapp-image-2024-04-24-at-09.17.24-Qvn9ev.jpeg","contentUrl":"https:\/\/deputadotaveirajr.com.br\/wp-content\/uploads\/2024\/04\/whatsapp-image-2024-04-24-at-09.17.24-Qvn9ev.jpeg","width":1040,"height":780},{"@type":"BreadcrumbList","@id":"https:\/\/deputadotaveirajr.com.br\/index.php\/ufersa-lanca-edital-para-curso-gratuito-de-piloto-de-aviao-civil\/#breadcrumb","itemListElement":[{"@type":"ListItem","position":1,"name":"In\u00edcio","item":"https:\/\/deputadotaveirajr.com.br\/"},{"@type":"ListItem","position":2,"name":"Ufersa lan\u00e7a edital para curso gratuito de piloto de avi\u00e3o civil"}]},{"@type":"WebSite","@id":"https:\/\/deputadotaveirajr.com.br\/#website","url":"https:\/\/deputadotaveirajr.com.br\/","name":"Taveira Jr","description":"Deputado Estadual","publisher":{"@id":"https:\/\/deputadotaveirajr.com.br\/#organization"},"potentialAction":[{"@type":"SearchAction","target":{"@type":"EntryPoint","urlTemplate":"https:\/\/deputadotaveirajr.com.br\/?s={search_term_string}"},"query-input":{"@type":"PropertyValueSpecification","valueRequired":true,"valueName":"search_term_string"}}],"inLanguage":"pt-BR"},{"@type":"Organization","@id":"https:\/\/deputadotaveirajr.com.br\/#organization","name":"Taveira Jr","url":"https:\/\/deputadotaveirajr.com.br\/","logo":{"@type":"ImageObject","inLanguage":"pt-BR","@id":"https:\/\/deputadotaveirajr.com.br\/#\/schema\/logo\/image\/","url":"https:\/\/deputadotaveirajr.com.br\/wp-content\/uploads\/2026\/01\/logolow2a.png","contentUrl":"https:\/\/deputadotaveirajr.com.br\/wp-content\/uploads\/2026\/01\/logolow2a.png","width":290,"height":80,"caption":"Taveira Jr"},"image":{"@id":"https:\/\/deputadotaveirajr.com.br\/#\/schema\/logo\/image\/"}}]}},"_links":{"self":[{"href":"https:\/\/deputadotaveirajr.com.br\/index.php\/wp-json\/wp\/v2\/pages\/5750","targetHints":{"allow":["GET"]}}],"collection":[{"href":"https:\/\/deputadotaveirajr.com.br\/index.php\/wp-json\/wp\/v2\/pages"}],"about":[{"href":"https:\/\/deputadotaveirajr.com.br\/index.php\/wp-json\/wp\/v2\/types\/page"}],"replies":[{"embeddable":true,"href":"https:\/\/deputadotaveirajr.com.br\/index.php\/wp-json\/wp\/v2\/comments?post=5750"}],"version-history":[{"count":1,"href":"https:\/\/deputadotaveirajr.com.br\/index.php\/wp-json\/wp\/v2\/pages\/5750\/revisions"}],"predecessor-version":[{"id":5759,"href":"https:\/\/deputadotaveirajr.com.br\/index.php\/wp-json\/wp\/v2\/pages\/5750\/revisions\/5759"}],"wp:featuredmedia":[{"embeddable":true,"href":"https:\/\/deputadotaveirajr.com.br\/index.php\/wp-json\/wp\/v2\/media\/5751"}],"wp:attachment":[{"href":"https:\/\/deputadotaveirajr.com.br\/index.php\/wp-json\/wp\/v2\/media?parent=5750"}],"curies":[{"name":"wp","href":"https:\/\/api.w.org\/{rel}","templated":true}]}}