{"id":5836,"date":"2024-04-27T14:12:58","date_gmt":"2024-04-27T17:12:58","guid":{"rendered":"https:\/\/deputadotaveirajr.com.br\/?page_id=5836"},"modified":"2024-04-27T14:12:58","modified_gmt":"2024-04-27T17:12:58","slug":"inmet-aumenta-para-117-o-numero-de-cidades-em-novo-alerta-de-chuvas-intensas-no-rn","status":"publish","type":"page","link":"https:\/\/deputadotaveirajr.com.br\/index.php\/inmet-aumenta-para-117-o-numero-de-cidades-em-novo-alerta-de-chuvas-intensas-no-rn\/","title":{"rendered":"Inmet aumenta para 117 o n\u00famero de cidades em novo alerta de chuvas intensas no RN"},"content":{"rendered":"<p>     Alerta \u00e9 da cor amarela, de perigo potencial, que estima chuvas de at\u00e9 50 mm por dia. Inmet alerta tamb\u00e9m para possibilidade de ventos entre 40 e 60 km\/h. Alerta atinge boa parte do Rio Grande do Norte<br \/>\nDivulga\u00e7\u00e3o\/Inmet<br \/>\nO Instituto Nacional de Meteorologia (Inmet) aumentou para 117 o n\u00famero de cidades no novo alerta de chuvas intensas para o Rio Grande do Norte. O novo aviso vale at\u00e9 10h deste domingo (23).<br \/>\nO alerta \u00e9 da cor amarela (perigo potencial), o n\u00edvel mais baixo no grau de severidade do \u00f3rg\u00e3o.  (Entenda abaixo os n\u00edveis).<br \/>\n\ud83d\udcf3Participe do canal do g1 RN no WhatsApp<br \/>\nGrau de severidade<br \/>\nLEIA TAMB\u00c9M<br \/>\nEMPARN: RN deve ter chuvas acima da m\u00e9dia entre maio e julho<br \/>\n\ud83d\udfe1 Segundo o Inmet, no alerta amarelo h\u00e1 previs\u00e3o de chuvas entre 20 e 30 mm\/h, chegando a atingir at\u00e9 50 mm por dia. O alerta ainda prev\u00ea ventos intensos entre 40 e 60 km\/h. O \u00f3rg\u00e3o explica que h\u00e1 baixo risco de corte de energia el\u00e9trica, queda de galhos de \u00e1rvores, alagamentos e de descargas el\u00e9tricas.<br \/>\nRecomenda\u00e7\u00f5es<br \/>\nEm caso de chuva intensa e rajadas de vento, \u00e9 recomendado pelo \u00f3rg\u00e3o:<br \/>\nn\u00e3o se abrigar debaixo de \u00e1rvores;<br \/>\nn\u00e3o estacionar ve\u00edculos pr\u00f3ximos a torres de transmiss\u00e3o e placas de propaganda;<br \/>\nevitar usar aparelhos ligados \u00e0 tomada;<br \/>\nem caso de necessidade, acionar Defesa Civil (telefone 199) e Corpo de Bombeiros (telefone 193).<br \/>\nChuva alaga ruas e provoca transtornos em Natal e regi\u00e3o metropolitana<br \/>\nMunic\u00edpios atingidos pelo alerta amarelo<br \/>\nAcari<br \/>\nAss\u00fa<br \/>\nAfonso Bezerra<br \/>\nAlto do Rodrigues<br \/>\nAngicos<br \/>\nApodi<br \/>\nAreia Branca<br \/>\nArez<br \/>\nAugusto Severo<br \/>\nBa\u00eda Formosa<br \/>\nBara\u00fana<br \/>\nBarcelona<br \/>\nBento Fernandes<br \/>\nBod\u00f3<br \/>\nBom Jesus<br \/>\nBrejinho<br \/>\nCai\u00e7ara do Norte<br \/>\nCai\u00e7ara do Rio do Vento<br \/>\nCampo Redondo<br \/>\nCanguaretama<br \/>\nCara\u00fabas<br \/>\nCarnaubais<br \/>\nCear\u00e1-Mirim<br \/>\nCerro Cor\u00e1<br \/>\nCoronel Ezequiel<br \/>\nCruzeta<br \/>\nCurrais Novos<br \/>\nEsp\u00edrito Santo<br \/>\nExtremoz<br \/>\nFelipe Guerra<br \/>\nFernando Pedroza<br \/>\nFlor\u00e2nia<br \/>\nGalinhos<br \/>\nGoianinha<br \/>\nGovernador Dix-Sept Rosado<br \/>\nGrossos<br \/>\nGuamar\u00e9<br \/>\nIelmo Marinho<br \/>\nIpangua\u00e7u<br \/>\nItaj\u00e1<br \/>\nIta\u00fa<br \/>\nJa\u00e7an\u00e3<br \/>\nJanda\u00edra<br \/>\nJandu\u00eds<br \/>\nJanu\u00e1rio Cicco<br \/>\nJapi<br \/>\nJardim de Angicos<br \/>\nJo\u00e3o C\u00e2mara<br \/>\nJucurutu<br \/>\nJundi\u00e1<br \/>\nLagoa d&#8217;Anta<br \/>\nLagoa de Pedras<br \/>\nLagoa de Velhos<br \/>\nLagoa Nova<br \/>\nLagoa Salgada<br \/>\nLajes<br \/>\nLajes Pintadas<br \/>\nMaca\u00edba<br \/>\nMacau<br \/>\nMaxaranguape<br \/>\nMontanhas<br \/>\nMonte Alegre<br \/>\nMonte das Gameleiras<br \/>\nMossor\u00f3<br \/>\nNatal<br \/>\nN\u00edsia Floresta<br \/>\nNova Cruz<br \/>\nPara\u00fa<br \/>\nParazinho<br \/>\nParnamirim<br \/>\nPassa e Fica<br \/>\nPassagem<br \/>\nPedra Grande<br \/>\nPedra Preta<br \/>\nPedro Avelino<br \/>\nPedro Velho<br \/>\nPend\u00eancias<br \/>\nPo\u00e7o Branco<br \/>\nPorto do Mangue<br \/>\nPureza<br \/>\nRiachuelo<br \/>\nRio do Fogo<br \/>\nRuy Barbosa<br \/>\nSanta Cruz<br \/>\nSanta Maria<br \/>\nSantana do Matos<br \/>\nSanto Ant\u00f4nio<br \/>\nS\u00e3o Bento do Norte<br \/>\nS\u00e3o Bento do Trairi<br \/>\nS\u00e3o Gon\u00e7alo do Amarante<br \/>\nS\u00e3o Jos\u00e9 de Mipibu<br \/>\nS\u00e3o Jos\u00e9 do Campestre<br \/>\nS\u00e3o Miguel do Gostoso<br \/>\nS\u00e3o Paulo do Potengi<br \/>\nS\u00e3o Pedro<br \/>\nS\u00e3o Rafael<br \/>\nS\u00e3o Tom\u00e9<br \/>\nS\u00e3o Vicente<br \/>\nSenador El\u00f3i de Souza<br \/>\nSenador Georgino Avelino<br \/>\nSerra Caiada<br \/>\nSerra de S\u00e3o Bento<br \/>\nSerra do Mel<br \/>\nSerrinha<br \/>\nSeveriano Melo<br \/>\nS\u00edtio Novo<br \/>\nTaipu<br \/>\nTangar\u00e1<br \/>\nTenente Laurentino Cruz<br \/>\nTibau<br \/>\nTibau do Sul<br \/>\nTouros<br \/>\nTriunfo Potiguar<br \/>\nUpanema<br \/>\nV\u00e1rzea<br \/>\nVera Cruz<br \/>\nVila Flor<br \/>\nV\u00eddeos mais assistidos do g1 RN<\/p>","protected":false},"excerpt":{"rendered":"<p>Alerta \u00e9 da cor amarela, de perigo potencial, que estima chuvas de at\u00e9 50 mm por dia. Inmet alerta tamb\u00e9m para possibilidade de ventos entre 40 e 60 km\/h. Alerta &#8230;<\/p>\n","protected":false},"author":0,"featured_media":5837,"parent":0,"menu_order":0,"comment_status":"closed","ping_status":"closed","template":"","meta":{"footnotes":""},"class_list":["post-5836","page","type-page","status-publish","has-post-thumbnail","hentry"],"yoast_head":"<!-- This site is optimized with the Yoast SEO plugin v27.1.1 - https:\/\/yoast.com\/product\/yoast-seo-wordpress\/ -->\n<title>Inmet aumenta para 117 o n\u00famero de cidades em novo alerta de chuvas intensas no RN - Taveira Jr<\/title>\n<meta name=\"robots\" content=\"index, follow, max-snippet:-1, max-image-preview:large, max-video-preview:-1\" \/>\n<link rel=\"canonical\" href=\"https:\/\/deputadotaveirajr.com.br\/index.php\/inmet-aumenta-para-117-o-numero-de-cidades-em-novo-alerta-de-chuvas-intensas-no-rn\/\" \/>\n<meta property=\"og:locale\" content=\"pt_BR\" \/>\n<meta property=\"og:type\" content=\"article\" \/>\n<meta property=\"og:title\" content=\"Inmet aumenta para 117 o n\u00famero de cidades em novo alerta de chuvas intensas no RN - Taveira Jr\" \/>\n<meta property=\"og:description\" content=\"Alerta \u00e9 da cor amarela, de perigo potencial, que estima chuvas de at\u00e9 50 mm por dia. Inmet alerta tamb\u00e9m para possibilidade de ventos entre 40 e 60 km\/h. Alerta ...\" \/>\n<meta property=\"og:url\" content=\"https:\/\/deputadotaveirajr.com.br\/index.php\/inmet-aumenta-para-117-o-numero-de-cidades-em-novo-alerta-de-chuvas-intensas-no-rn\/\" \/>\n<meta property=\"og:site_name\" content=\"Taveira Jr\" \/>\n<meta property=\"og:image\" content=\"https:\/\/deputadotaveirajr.com.br\/wp-content\/uploads\/2024\/04\/inmet-yU4q6B.jpeg\" \/>\n\t<meta property=\"og:image:width\" content=\"578\" \/>\n\t<meta property=\"og:image:height\" content=\"572\" \/>\n\t<meta property=\"og:image:type\" content=\"image\/jpeg\" \/>\n<meta name=\"twitter:card\" content=\"summary_large_image\" \/>\n<meta name=\"twitter:label1\" content=\"Est. tempo de leitura\" \/>\n\t<meta name=\"twitter:data1\" content=\"3 minutos\" \/>\n<script type=\"application\/ld+json\" class=\"yoast-schema-graph\">{\"@context\":\"https:\/\/schema.org\",\"@graph\":[{\"@type\":\"WebPage\",\"@id\":\"https:\/\/deputadotaveirajr.com.br\/index.php\/inmet-aumenta-para-117-o-numero-de-cidades-em-novo-alerta-de-chuvas-intensas-no-rn\/\",\"url\":\"https:\/\/deputadotaveirajr.com.br\/index.php\/inmet-aumenta-para-117-o-numero-de-cidades-em-novo-alerta-de-chuvas-intensas-no-rn\/\",\"name\":\"Inmet aumenta para 117 o n\u00famero de cidades em novo alerta de chuvas intensas no RN - Taveira Jr\",\"isPartOf\":{\"@id\":\"https:\/\/deputadotaveirajr.com.br\/#website\"},\"primaryImageOfPage\":{\"@id\":\"https:\/\/deputadotaveirajr.com.br\/index.php\/inmet-aumenta-para-117-o-numero-de-cidades-em-novo-alerta-de-chuvas-intensas-no-rn\/#primaryimage\"},\"image\":{\"@id\":\"https:\/\/deputadotaveirajr.com.br\/index.php\/inmet-aumenta-para-117-o-numero-de-cidades-em-novo-alerta-de-chuvas-intensas-no-rn\/#primaryimage\"},\"thumbnailUrl\":\"https:\/\/deputadotaveirajr.com.br\/wp-content\/uploads\/2024\/04\/inmet-yU4q6B.jpeg\",\"datePublished\":\"2024-04-27T17:12:58+00:00\",\"breadcrumb\":{\"@id\":\"https:\/\/deputadotaveirajr.com.br\/index.php\/inmet-aumenta-para-117-o-numero-de-cidades-em-novo-alerta-de-chuvas-intensas-no-rn\/#breadcrumb\"},\"inLanguage\":\"pt-BR\",\"potentialAction\":[{\"@type\":\"ReadAction\",\"target\":[\"https:\/\/deputadotaveirajr.com.br\/index.php\/inmet-aumenta-para-117-o-numero-de-cidades-em-novo-alerta-de-chuvas-intensas-no-rn\/\"]}]},{\"@type\":\"ImageObject\",\"inLanguage\":\"pt-BR\",\"@id\":\"https:\/\/deputadotaveirajr.com.br\/index.php\/inmet-aumenta-para-117-o-numero-de-cidades-em-novo-alerta-de-chuvas-intensas-no-rn\/#primaryimage\",\"url\":\"https:\/\/deputadotaveirajr.com.br\/wp-content\/uploads\/2024\/04\/inmet-yU4q6B.jpeg\",\"contentUrl\":\"https:\/\/deputadotaveirajr.com.br\/wp-content\/uploads\/2024\/04\/inmet-yU4q6B.jpeg\",\"width\":578,\"height\":572},{\"@type\":\"BreadcrumbList\",\"@id\":\"https:\/\/deputadotaveirajr.com.br\/index.php\/inmet-aumenta-para-117-o-numero-de-cidades-em-novo-alerta-de-chuvas-intensas-no-rn\/#breadcrumb\",\"itemListElement\":[{\"@type\":\"ListItem\",\"position\":1,\"name\":\"In\u00edcio\",\"item\":\"https:\/\/deputadotaveirajr.com.br\/\"},{\"@type\":\"ListItem\",\"position\":2,\"name\":\"Inmet aumenta para 117 o n\u00famero de cidades em novo alerta de chuvas intensas no RN\"}]},{\"@type\":\"WebSite\",\"@id\":\"https:\/\/deputadotaveirajr.com.br\/#website\",\"url\":\"https:\/\/deputadotaveirajr.com.br\/\",\"name\":\"Taveira Jr\",\"description\":\"Deputado Estadual\",\"publisher\":{\"@id\":\"https:\/\/deputadotaveirajr.com.br\/#organization\"},\"potentialAction\":[{\"@type\":\"SearchAction\",\"target\":{\"@type\":\"EntryPoint\",\"urlTemplate\":\"https:\/\/deputadotaveirajr.com.br\/?s={search_term_string}\"},\"query-input\":{\"@type\":\"PropertyValueSpecification\",\"valueRequired\":true,\"valueName\":\"search_term_string\"}}],\"inLanguage\":\"pt-BR\"},{\"@type\":\"Organization\",\"@id\":\"https:\/\/deputadotaveirajr.com.br\/#organization\",\"name\":\"Taveira Jr\",\"url\":\"https:\/\/deputadotaveirajr.com.br\/\",\"logo\":{\"@type\":\"ImageObject\",\"inLanguage\":\"pt-BR\",\"@id\":\"https:\/\/deputadotaveirajr.com.br\/#\/schema\/logo\/image\/\",\"url\":\"https:\/\/deputadotaveirajr.com.br\/wp-content\/uploads\/2026\/01\/logolow2a.png\",\"contentUrl\":\"https:\/\/deputadotaveirajr.com.br\/wp-content\/uploads\/2026\/01\/logolow2a.png\",\"width\":290,\"height\":80,\"caption\":\"Taveira Jr\"},\"image\":{\"@id\":\"https:\/\/deputadotaveirajr.com.br\/#\/schema\/logo\/image\/\"}}]}<\/script>\n<!-- \/ Yoast SEO plugin. -->","yoast_head_json":{"title":"Inmet aumenta para 117 o n\u00famero de cidades em novo alerta de chuvas intensas no RN - Taveira Jr","robots":{"index":"index","follow":"follow","max-snippet":"max-snippet:-1","max-image-preview":"max-image-preview:large","max-video-preview":"max-video-preview:-1"},"canonical":"https:\/\/deputadotaveirajr.com.br\/index.php\/inmet-aumenta-para-117-o-numero-de-cidades-em-novo-alerta-de-chuvas-intensas-no-rn\/","og_locale":"pt_BR","og_type":"article","og_title":"Inmet aumenta para 117 o n\u00famero de cidades em novo alerta de chuvas intensas no RN - Taveira Jr","og_description":"Alerta \u00e9 da cor amarela, de perigo potencial, que estima chuvas de at\u00e9 50 mm por dia. Inmet alerta tamb\u00e9m para possibilidade de ventos entre 40 e 60 km\/h. Alerta ...","og_url":"https:\/\/deputadotaveirajr.com.br\/index.php\/inmet-aumenta-para-117-o-numero-de-cidades-em-novo-alerta-de-chuvas-intensas-no-rn\/","og_site_name":"Taveira Jr","og_image":[{"width":578,"height":572,"url":"https:\/\/deputadotaveirajr.com.br\/wp-content\/uploads\/2024\/04\/inmet-yU4q6B.jpeg","type":"image\/jpeg"}],"twitter_card":"summary_large_image","twitter_misc":{"Est. tempo de leitura":"3 minutos"},"schema":{"@context":"https:\/\/schema.org","@graph":[{"@type":"WebPage","@id":"https:\/\/deputadotaveirajr.com.br\/index.php\/inmet-aumenta-para-117-o-numero-de-cidades-em-novo-alerta-de-chuvas-intensas-no-rn\/","url":"https:\/\/deputadotaveirajr.com.br\/index.php\/inmet-aumenta-para-117-o-numero-de-cidades-em-novo-alerta-de-chuvas-intensas-no-rn\/","name":"Inmet aumenta para 117 o n\u00famero de cidades em novo alerta de chuvas intensas no RN - Taveira Jr","isPartOf":{"@id":"https:\/\/deputadotaveirajr.com.br\/#website"},"primaryImageOfPage":{"@id":"https:\/\/deputadotaveirajr.com.br\/index.php\/inmet-aumenta-para-117-o-numero-de-cidades-em-novo-alerta-de-chuvas-intensas-no-rn\/#primaryimage"},"image":{"@id":"https:\/\/deputadotaveirajr.com.br\/index.php\/inmet-aumenta-para-117-o-numero-de-cidades-em-novo-alerta-de-chuvas-intensas-no-rn\/#primaryimage"},"thumbnailUrl":"https:\/\/deputadotaveirajr.com.br\/wp-content\/uploads\/2024\/04\/inmet-yU4q6B.jpeg","datePublished":"2024-04-27T17:12:58+00:00","breadcrumb":{"@id":"https:\/\/deputadotaveirajr.com.br\/index.php\/inmet-aumenta-para-117-o-numero-de-cidades-em-novo-alerta-de-chuvas-intensas-no-rn\/#breadcrumb"},"inLanguage":"pt-BR","potentialAction":[{"@type":"ReadAction","target":["https:\/\/deputadotaveirajr.com.br\/index.php\/inmet-aumenta-para-117-o-numero-de-cidades-em-novo-alerta-de-chuvas-intensas-no-rn\/"]}]},{"@type":"ImageObject","inLanguage":"pt-BR","@id":"https:\/\/deputadotaveirajr.com.br\/index.php\/inmet-aumenta-para-117-o-numero-de-cidades-em-novo-alerta-de-chuvas-intensas-no-rn\/#primaryimage","url":"https:\/\/deputadotaveirajr.com.br\/wp-content\/uploads\/2024\/04\/inmet-yU4q6B.jpeg","contentUrl":"https:\/\/deputadotaveirajr.com.br\/wp-content\/uploads\/2024\/04\/inmet-yU4q6B.jpeg","width":578,"height":572},{"@type":"BreadcrumbList","@id":"https:\/\/deputadotaveirajr.com.br\/index.php\/inmet-aumenta-para-117-o-numero-de-cidades-em-novo-alerta-de-chuvas-intensas-no-rn\/#breadcrumb","itemListElement":[{"@type":"ListItem","position":1,"name":"In\u00edcio","item":"https:\/\/deputadotaveirajr.com.br\/"},{"@type":"ListItem","position":2,"name":"Inmet aumenta para 117 o n\u00famero de cidades em novo alerta de chuvas intensas no RN"}]},{"@type":"WebSite","@id":"https:\/\/deputadotaveirajr.com.br\/#website","url":"https:\/\/deputadotaveirajr.com.br\/","name":"Taveira Jr","description":"Deputado Estadual","publisher":{"@id":"https:\/\/deputadotaveirajr.com.br\/#organization"},"potentialAction":[{"@type":"SearchAction","target":{"@type":"EntryPoint","urlTemplate":"https:\/\/deputadotaveirajr.com.br\/?s={search_term_string}"},"query-input":{"@type":"PropertyValueSpecification","valueRequired":true,"valueName":"search_term_string"}}],"inLanguage":"pt-BR"},{"@type":"Organization","@id":"https:\/\/deputadotaveirajr.com.br\/#organization","name":"Taveira Jr","url":"https:\/\/deputadotaveirajr.com.br\/","logo":{"@type":"ImageObject","inLanguage":"pt-BR","@id":"https:\/\/deputadotaveirajr.com.br\/#\/schema\/logo\/image\/","url":"https:\/\/deputadotaveirajr.com.br\/wp-content\/uploads\/2026\/01\/logolow2a.png","contentUrl":"https:\/\/deputadotaveirajr.com.br\/wp-content\/uploads\/2026\/01\/logolow2a.png","width":290,"height":80,"caption":"Taveira Jr"},"image":{"@id":"https:\/\/deputadotaveirajr.com.br\/#\/schema\/logo\/image\/"}}]}},"_links":{"self":[{"href":"https:\/\/deputadotaveirajr.com.br\/index.php\/wp-json\/wp\/v2\/pages\/5836","targetHints":{"allow":["GET"]}}],"collection":[{"href":"https:\/\/deputadotaveirajr.com.br\/index.php\/wp-json\/wp\/v2\/pages"}],"about":[{"href":"https:\/\/deputadotaveirajr.com.br\/index.php\/wp-json\/wp\/v2\/types\/page"}],"replies":[{"embeddable":true,"href":"https:\/\/deputadotaveirajr.com.br\/index.php\/wp-json\/wp\/v2\/comments?post=5836"}],"version-history":[{"count":1,"href":"https:\/\/deputadotaveirajr.com.br\/index.php\/wp-json\/wp\/v2\/pages\/5836\/revisions"}],"predecessor-version":[{"id":5844,"href":"https:\/\/deputadotaveirajr.com.br\/index.php\/wp-json\/wp\/v2\/pages\/5836\/revisions\/5844"}],"wp:featuredmedia":[{"embeddable":true,"href":"https:\/\/deputadotaveirajr.com.br\/index.php\/wp-json\/wp\/v2\/media\/5837"}],"wp:attachment":[{"href":"https:\/\/deputadotaveirajr.com.br\/index.php\/wp-json\/wp\/v2\/media?parent=5836"}],"curies":[{"name":"wp","href":"https:\/\/api.w.org\/{rel}","templated":true}]}}