{"id":5853,"date":"2024-04-28T12:36:42","date_gmt":"2024-04-28T15:36:42","guid":{"rendered":"https:\/\/deputadotaveirajr.com.br\/?page_id=5853"},"modified":"2024-04-28T12:36:42","modified_gmt":"2024-04-28T15:36:42","slug":"dia-do-trabalhador-veja-o-que-abre-e-fecha-no-comercio-de-natal-na-quarta-feira-1o","status":"publish","type":"page","link":"https:\/\/deputadotaveirajr.com.br\/index.php\/dia-do-trabalhador-veja-o-que-abre-e-fecha-no-comercio-de-natal-na-quarta-feira-1o\/","title":{"rendered":"Dia do Trabalhador: veja o que abre e fecha no com\u00e9rcio de Natal na quarta-feira (1\u00ba)"},"content":{"rendered":"<p>     Com\u00e9rcio de rua fecha e supermercados estar\u00e3o fechados. Shoppings da capital t\u00eam hor\u00e1rios de funcionamento diferenciados. Shoppings ter\u00e3o lojas fechadas no feriado do Dia do Trabalhador<br \/>\nCedida<br \/>\nO com\u00e9rcio de rua e os supermercados de Natal estar\u00e3o fechados no feriado do Dia do Trabalhador, na pr\u00f3xima quarta-feira (1\u00ba). A C\u00e2mara de Dirigentes Lojistas (CDL) tamb\u00e9m confirmou que os shoppings da capital potiguar ter\u00e3o hor\u00e1rios diferenciados de funcionamento, com a maioria das lojas tamb\u00e9m fechadas.<br \/>\n\ud83d\udcf3Participe do canal do g1 RN no WhatsApp<br \/>\nConfira abaixo o que abre e fecha no feriado:<br \/>\nCom\u00e9rcio de rua<br \/>\nAlecrim: Lojas fechadas.<br \/>\nCentro da Cidade: Lojas fechadas<br \/>\nZona Norte: Lojas fechadas<br \/>\nShoppings<br \/>\nShopping Midway Mall<br \/>\nLojas e quiosques: fechados<br \/>\nAlimenta\u00e7\u00e3o e lazer: 11h \u00e0s 21h<br \/>\nNatal Shopping<\/p>\n<p>Alimenta\u00e7\u00e3o e Lazer: 11h \u00e0s 22h (facultativo)<br \/>\nLojas e Quiosques: fechadas<br \/>\nLojas Mega e \u00c2ncoras: fechadas<br \/>\nAlpendre: 14h \u00e0s 23h<br \/>\nAcademia Bodytech: 8h \u00e0s 18h<br \/>\nCinema: conforme programa\u00e7\u00e3o<br \/>\nPraia Shopping<br \/>\nPra\u00e7a de Alimenta\u00e7\u00e3o: a partir das 11h (facultativo)<br \/>\nLojas: fechadas<br \/>\nCinema: conforme programa\u00e7\u00e3o<br \/>\nShopping Cidade Jardim<\/p>\n<p>Lojas e quiosques: fechados<br \/>\nAlimenta\u00e7\u00e3o: 11h \u00e0s 21h<br \/>\nPartage Norte<br \/>\nLojas e quiosques: fechadas<br \/>\nAlimenta\u00e7\u00e3o: 11h \u00e0s 22h<br \/>\nHipermercado: fechado<br \/>\nCinema: conforme programa\u00e7\u00e3o<br \/>\nCidade Verde<\/p>\n<p>Lojas: fechadas<br \/>\nAlimenta\u00e7\u00e3o e lazer: facultativo<br \/>\nCl\u00ednicas: fechadas<br \/>\nShopping 10<br \/>\nFechado<br \/>\nSupermercados<br \/>\nFechados<br \/>\nBancos<br \/>\nFechados<\/p>","protected":false},"excerpt":{"rendered":"<p>Com\u00e9rcio de rua fecha e supermercados estar\u00e3o fechados. Shoppings da capital t\u00eam hor\u00e1rios de funcionamento diferenciados. Shoppings ter\u00e3o lojas fechadas no feriado do Dia do Trabalhador Cedida O com\u00e9rcio de &#8230;<\/p>\n","protected":false},"author":0,"featured_media":5854,"parent":0,"menu_order":0,"comment_status":"closed","ping_status":"closed","template":"","meta":{"footnotes":""},"class_list":["post-5853","page","type-page","status-publish","has-post-thumbnail","hentry"],"yoast_head":"<!-- This site is optimized with the Yoast SEO plugin v27.1.1 - https:\/\/yoast.com\/product\/yoast-seo-wordpress\/ -->\n<title>Dia do Trabalhador: veja o que abre e fecha no com\u00e9rcio de Natal na quarta-feira (1\u00ba) - Taveira Jr<\/title>\n<meta name=\"robots\" content=\"index, follow, max-snippet:-1, max-image-preview:large, max-video-preview:-1\" \/>\n<link rel=\"canonical\" href=\"https:\/\/deputadotaveirajr.com.br\/index.php\/dia-do-trabalhador-veja-o-que-abre-e-fecha-no-comercio-de-natal-na-quarta-feira-1o\/\" \/>\n<meta property=\"og:locale\" content=\"pt_BR\" \/>\n<meta property=\"og:type\" content=\"article\" \/>\n<meta property=\"og:title\" content=\"Dia do Trabalhador: veja o que abre e fecha no com\u00e9rcio de Natal na quarta-feira (1\u00ba) - Taveira Jr\" \/>\n<meta property=\"og:description\" content=\"Com\u00e9rcio de rua fecha e supermercados estar\u00e3o fechados. Shoppings da capital t\u00eam hor\u00e1rios de funcionamento diferenciados. Shoppings ter\u00e3o lojas fechadas no feriado do Dia do Trabalhador Cedida O com\u00e9rcio de ...\" \/>\n<meta property=\"og:url\" content=\"https:\/\/deputadotaveirajr.com.br\/index.php\/dia-do-trabalhador-veja-o-que-abre-e-fecha-no-comercio-de-natal-na-quarta-feira-1o\/\" \/>\n<meta property=\"og:site_name\" content=\"Taveira Jr\" \/>\n<meta property=\"og:image\" content=\"https:\/\/deputadotaveirajr.com.br\/wp-content\/uploads\/2024\/04\/midway2-ep3N8x.jpeg\" \/>\n\t<meta property=\"og:image:width\" content=\"1280\" \/>\n\t<meta property=\"og:image:height\" content=\"960\" \/>\n\t<meta property=\"og:image:type\" content=\"image\/jpeg\" \/>\n<meta name=\"twitter:card\" content=\"summary_large_image\" \/>\n<meta name=\"twitter:label1\" content=\"Est. tempo de leitura\" \/>\n\t<meta name=\"twitter:data1\" content=\"1 minuto\" \/>\n<script type=\"application\/ld+json\" class=\"yoast-schema-graph\">{\"@context\":\"https:\/\/schema.org\",\"@graph\":[{\"@type\":\"WebPage\",\"@id\":\"https:\/\/deputadotaveirajr.com.br\/index.php\/dia-do-trabalhador-veja-o-que-abre-e-fecha-no-comercio-de-natal-na-quarta-feira-1o\/\",\"url\":\"https:\/\/deputadotaveirajr.com.br\/index.php\/dia-do-trabalhador-veja-o-que-abre-e-fecha-no-comercio-de-natal-na-quarta-feira-1o\/\",\"name\":\"Dia do Trabalhador: veja o que abre e fecha no com\u00e9rcio de Natal na quarta-feira (1\u00ba) - Taveira Jr\",\"isPartOf\":{\"@id\":\"https:\/\/deputadotaveirajr.com.br\/#website\"},\"primaryImageOfPage\":{\"@id\":\"https:\/\/deputadotaveirajr.com.br\/index.php\/dia-do-trabalhador-veja-o-que-abre-e-fecha-no-comercio-de-natal-na-quarta-feira-1o\/#primaryimage\"},\"image\":{\"@id\":\"https:\/\/deputadotaveirajr.com.br\/index.php\/dia-do-trabalhador-veja-o-que-abre-e-fecha-no-comercio-de-natal-na-quarta-feira-1o\/#primaryimage\"},\"thumbnailUrl\":\"https:\/\/deputadotaveirajr.com.br\/wp-content\/uploads\/2024\/04\/midway2-ep3N8x.jpeg\",\"datePublished\":\"2024-04-28T15:36:42+00:00\",\"breadcrumb\":{\"@id\":\"https:\/\/deputadotaveirajr.com.br\/index.php\/dia-do-trabalhador-veja-o-que-abre-e-fecha-no-comercio-de-natal-na-quarta-feira-1o\/#breadcrumb\"},\"inLanguage\":\"pt-BR\",\"potentialAction\":[{\"@type\":\"ReadAction\",\"target\":[\"https:\/\/deputadotaveirajr.com.br\/index.php\/dia-do-trabalhador-veja-o-que-abre-e-fecha-no-comercio-de-natal-na-quarta-feira-1o\/\"]}]},{\"@type\":\"ImageObject\",\"inLanguage\":\"pt-BR\",\"@id\":\"https:\/\/deputadotaveirajr.com.br\/index.php\/dia-do-trabalhador-veja-o-que-abre-e-fecha-no-comercio-de-natal-na-quarta-feira-1o\/#primaryimage\",\"url\":\"https:\/\/deputadotaveirajr.com.br\/wp-content\/uploads\/2024\/04\/midway2-ep3N8x.jpeg\",\"contentUrl\":\"https:\/\/deputadotaveirajr.com.br\/wp-content\/uploads\/2024\/04\/midway2-ep3N8x.jpeg\",\"width\":1280,\"height\":960},{\"@type\":\"BreadcrumbList\",\"@id\":\"https:\/\/deputadotaveirajr.com.br\/index.php\/dia-do-trabalhador-veja-o-que-abre-e-fecha-no-comercio-de-natal-na-quarta-feira-1o\/#breadcrumb\",\"itemListElement\":[{\"@type\":\"ListItem\",\"position\":1,\"name\":\"In\u00edcio\",\"item\":\"https:\/\/deputadotaveirajr.com.br\/\"},{\"@type\":\"ListItem\",\"position\":2,\"name\":\"Dia do Trabalhador: veja o que abre e fecha no com\u00e9rcio de Natal na quarta-feira (1\u00ba)\"}]},{\"@type\":\"WebSite\",\"@id\":\"https:\/\/deputadotaveirajr.com.br\/#website\",\"url\":\"https:\/\/deputadotaveirajr.com.br\/\",\"name\":\"Taveira Jr\",\"description\":\"Deputado Estadual\",\"publisher\":{\"@id\":\"https:\/\/deputadotaveirajr.com.br\/#organization\"},\"potentialAction\":[{\"@type\":\"SearchAction\",\"target\":{\"@type\":\"EntryPoint\",\"urlTemplate\":\"https:\/\/deputadotaveirajr.com.br\/?s={search_term_string}\"},\"query-input\":{\"@type\":\"PropertyValueSpecification\",\"valueRequired\":true,\"valueName\":\"search_term_string\"}}],\"inLanguage\":\"pt-BR\"},{\"@type\":\"Organization\",\"@id\":\"https:\/\/deputadotaveirajr.com.br\/#organization\",\"name\":\"Taveira Jr\",\"url\":\"https:\/\/deputadotaveirajr.com.br\/\",\"logo\":{\"@type\":\"ImageObject\",\"inLanguage\":\"pt-BR\",\"@id\":\"https:\/\/deputadotaveirajr.com.br\/#\/schema\/logo\/image\/\",\"url\":\"https:\/\/deputadotaveirajr.com.br\/wp-content\/uploads\/2026\/01\/logolow2a.png\",\"contentUrl\":\"https:\/\/deputadotaveirajr.com.br\/wp-content\/uploads\/2026\/01\/logolow2a.png\",\"width\":290,\"height\":80,\"caption\":\"Taveira Jr\"},\"image\":{\"@id\":\"https:\/\/deputadotaveirajr.com.br\/#\/schema\/logo\/image\/\"}}]}<\/script>\n<!-- \/ Yoast SEO plugin. -->","yoast_head_json":{"title":"Dia do Trabalhador: veja o que abre e fecha no com\u00e9rcio de Natal na quarta-feira (1\u00ba) - Taveira Jr","robots":{"index":"index","follow":"follow","max-snippet":"max-snippet:-1","max-image-preview":"max-image-preview:large","max-video-preview":"max-video-preview:-1"},"canonical":"https:\/\/deputadotaveirajr.com.br\/index.php\/dia-do-trabalhador-veja-o-que-abre-e-fecha-no-comercio-de-natal-na-quarta-feira-1o\/","og_locale":"pt_BR","og_type":"article","og_title":"Dia do Trabalhador: veja o que abre e fecha no com\u00e9rcio de Natal na quarta-feira (1\u00ba) - Taveira Jr","og_description":"Com\u00e9rcio de rua fecha e supermercados estar\u00e3o fechados. Shoppings da capital t\u00eam hor\u00e1rios de funcionamento diferenciados. Shoppings ter\u00e3o lojas fechadas no feriado do Dia do Trabalhador Cedida O com\u00e9rcio de ...","og_url":"https:\/\/deputadotaveirajr.com.br\/index.php\/dia-do-trabalhador-veja-o-que-abre-e-fecha-no-comercio-de-natal-na-quarta-feira-1o\/","og_site_name":"Taveira Jr","og_image":[{"width":1280,"height":960,"url":"https:\/\/deputadotaveirajr.com.br\/wp-content\/uploads\/2024\/04\/midway2-ep3N8x.jpeg","type":"image\/jpeg"}],"twitter_card":"summary_large_image","twitter_misc":{"Est. tempo de leitura":"1 minuto"},"schema":{"@context":"https:\/\/schema.org","@graph":[{"@type":"WebPage","@id":"https:\/\/deputadotaveirajr.com.br\/index.php\/dia-do-trabalhador-veja-o-que-abre-e-fecha-no-comercio-de-natal-na-quarta-feira-1o\/","url":"https:\/\/deputadotaveirajr.com.br\/index.php\/dia-do-trabalhador-veja-o-que-abre-e-fecha-no-comercio-de-natal-na-quarta-feira-1o\/","name":"Dia do Trabalhador: veja o que abre e fecha no com\u00e9rcio de Natal na quarta-feira (1\u00ba) - Taveira Jr","isPartOf":{"@id":"https:\/\/deputadotaveirajr.com.br\/#website"},"primaryImageOfPage":{"@id":"https:\/\/deputadotaveirajr.com.br\/index.php\/dia-do-trabalhador-veja-o-que-abre-e-fecha-no-comercio-de-natal-na-quarta-feira-1o\/#primaryimage"},"image":{"@id":"https:\/\/deputadotaveirajr.com.br\/index.php\/dia-do-trabalhador-veja-o-que-abre-e-fecha-no-comercio-de-natal-na-quarta-feira-1o\/#primaryimage"},"thumbnailUrl":"https:\/\/deputadotaveirajr.com.br\/wp-content\/uploads\/2024\/04\/midway2-ep3N8x.jpeg","datePublished":"2024-04-28T15:36:42+00:00","breadcrumb":{"@id":"https:\/\/deputadotaveirajr.com.br\/index.php\/dia-do-trabalhador-veja-o-que-abre-e-fecha-no-comercio-de-natal-na-quarta-feira-1o\/#breadcrumb"},"inLanguage":"pt-BR","potentialAction":[{"@type":"ReadAction","target":["https:\/\/deputadotaveirajr.com.br\/index.php\/dia-do-trabalhador-veja-o-que-abre-e-fecha-no-comercio-de-natal-na-quarta-feira-1o\/"]}]},{"@type":"ImageObject","inLanguage":"pt-BR","@id":"https:\/\/deputadotaveirajr.com.br\/index.php\/dia-do-trabalhador-veja-o-que-abre-e-fecha-no-comercio-de-natal-na-quarta-feira-1o\/#primaryimage","url":"https:\/\/deputadotaveirajr.com.br\/wp-content\/uploads\/2024\/04\/midway2-ep3N8x.jpeg","contentUrl":"https:\/\/deputadotaveirajr.com.br\/wp-content\/uploads\/2024\/04\/midway2-ep3N8x.jpeg","width":1280,"height":960},{"@type":"BreadcrumbList","@id":"https:\/\/deputadotaveirajr.com.br\/index.php\/dia-do-trabalhador-veja-o-que-abre-e-fecha-no-comercio-de-natal-na-quarta-feira-1o\/#breadcrumb","itemListElement":[{"@type":"ListItem","position":1,"name":"In\u00edcio","item":"https:\/\/deputadotaveirajr.com.br\/"},{"@type":"ListItem","position":2,"name":"Dia do Trabalhador: veja o que abre e fecha no com\u00e9rcio de Natal na quarta-feira (1\u00ba)"}]},{"@type":"WebSite","@id":"https:\/\/deputadotaveirajr.com.br\/#website","url":"https:\/\/deputadotaveirajr.com.br\/","name":"Taveira Jr","description":"Deputado Estadual","publisher":{"@id":"https:\/\/deputadotaveirajr.com.br\/#organization"},"potentialAction":[{"@type":"SearchAction","target":{"@type":"EntryPoint","urlTemplate":"https:\/\/deputadotaveirajr.com.br\/?s={search_term_string}"},"query-input":{"@type":"PropertyValueSpecification","valueRequired":true,"valueName":"search_term_string"}}],"inLanguage":"pt-BR"},{"@type":"Organization","@id":"https:\/\/deputadotaveirajr.com.br\/#organization","name":"Taveira Jr","url":"https:\/\/deputadotaveirajr.com.br\/","logo":{"@type":"ImageObject","inLanguage":"pt-BR","@id":"https:\/\/deputadotaveirajr.com.br\/#\/schema\/logo\/image\/","url":"https:\/\/deputadotaveirajr.com.br\/wp-content\/uploads\/2026\/01\/logolow2a.png","contentUrl":"https:\/\/deputadotaveirajr.com.br\/wp-content\/uploads\/2026\/01\/logolow2a.png","width":290,"height":80,"caption":"Taveira Jr"},"image":{"@id":"https:\/\/deputadotaveirajr.com.br\/#\/schema\/logo\/image\/"}}]}},"_links":{"self":[{"href":"https:\/\/deputadotaveirajr.com.br\/index.php\/wp-json\/wp\/v2\/pages\/5853","targetHints":{"allow":["GET"]}}],"collection":[{"href":"https:\/\/deputadotaveirajr.com.br\/index.php\/wp-json\/wp\/v2\/pages"}],"about":[{"href":"https:\/\/deputadotaveirajr.com.br\/index.php\/wp-json\/wp\/v2\/types\/page"}],"replies":[{"embeddable":true,"href":"https:\/\/deputadotaveirajr.com.br\/index.php\/wp-json\/wp\/v2\/comments?post=5853"}],"version-history":[{"count":1,"href":"https:\/\/deputadotaveirajr.com.br\/index.php\/wp-json\/wp\/v2\/pages\/5853\/revisions"}],"predecessor-version":[{"id":5862,"href":"https:\/\/deputadotaveirajr.com.br\/index.php\/wp-json\/wp\/v2\/pages\/5853\/revisions\/5862"}],"wp:featuredmedia":[{"embeddable":true,"href":"https:\/\/deputadotaveirajr.com.br\/index.php\/wp-json\/wp\/v2\/media\/5854"}],"wp:attachment":[{"href":"https:\/\/deputadotaveirajr.com.br\/index.php\/wp-json\/wp\/v2\/media?parent=5853"}],"curies":[{"name":"wp","href":"https:\/\/api.w.org\/{rel}","templated":true}]}}