{"id":5881,"date":"2024-04-29T22:54:42","date_gmt":"2024-04-30T01:54:42","guid":{"rendered":"https:\/\/deputadotaveirajr.com.br\/?page_id=5881"},"modified":"2024-04-29T22:54:42","modified_gmt":"2024-04-30T01:54:42","slug":"tema-de-audiencia-publica-na-alrn-praia-de-areia-preta-esta-impropria-para-banho-ha-mais-de-1-ano","status":"publish","type":"page","link":"https:\/\/deputadotaveirajr.com.br\/index.php\/tema-de-audiencia-publica-na-alrn-praia-de-areia-preta-esta-impropria-para-banho-ha-mais-de-1-ano\/","title":{"rendered":"Tema de audi\u00eancia p\u00fablica na ALRN, praia de Areia Preta est\u00e1 impr\u00f3pria para banho h\u00e1 mais de 1 ano"},"content":{"rendered":"<p>     Prefeitura de Natal identificou pelo menos 83 im\u00f3veis com liga\u00e7\u00f5es de esgoto clandestinas que acabam na rede de drenagem e s\u00e3o despejadas no mar. Mancha na Praia de Areia Preta, em Natal (RN), Rio Grande do Norte<br \/>\nReprodu\u00e7\u00e3o\/Inter TV Cabugi<br \/>\nA praia de Areia Preta, na Zona Leste de Natal, foi tema de uma audi\u00eancia p\u00fablica nesta segunda-feira (29) na Assembleia Legislativa do Rio Grande do Norte (ALRN) ap\u00f3s completar um ano e quatro meses impr\u00f3pria para banho.<br \/>\nO hist\u00f3rico apresentado consta no boletim de balneabilidade do Instituto de Desenvolvimento Sustent\u00e1vel e Meio Ambiente do RN (Idema-RN), que \u00e9 realizado semanalmente na Grande Natal, e aponta que pelo menos desde janeiro de 2023 a praia tem n\u00edveis de coliformes fecais acima do recomendados para banhos.<br \/>\n\ud83d\udcf3Participe do canal do g1 RN no WhatsApp<br \/>\nDeputados, representantes de \u00f3rg\u00e3os p\u00fablicos e de associa\u00e7\u00f5es de moradores da regi\u00e3o debateram a quest\u00e3o e o problema da chamada &#8220;L\u00edngua Negra&#8221;, em refer\u00eancia \u00e0 uma mancha escura que sai de uma tubula\u00e7\u00e3o e passa pela areia da praia at\u00e9 chegar ao mar.<br \/>\nSegundo o MP, a prefeitura de Natal identificou pelo menos 83 im\u00f3veis de M\u00e3e Luiza e Areia Preta que t\u00eam liga\u00e7\u00f5es de esgoto clandestinas que acabam na rede de drenagem e s\u00e3o despejadas no mar.<br \/>\nO MP informou que o Munic\u00edpio notificou os im\u00f3veis em setembro do ano passado para regulariza\u00e7\u00e3o da situa\u00e7\u00e3o, sob pena de autua\u00e7\u00e3o.<br \/>\nDe acordo com o MP, no entanto, a maioria das fam\u00edlias que vivem nesses im\u00f3veis est\u00e1 inserida em um contexto de vulnerabilidade social, o que tem dificultado o problema ser solucionado.<br \/>\n&#8220;Toda essa \u00e1rea de influ\u00eancia precisa estar devidamente controlada e qualquer extravasamento, qualquer tipo de canaliza\u00e7\u00e3o de esgoto para a praia precisa ser corrigida. Ningu\u00e9m vai querer voluntariamente causar uma polui\u00e7\u00e3o em uma \u00e1rea que as pessoas tamb\u00e9m usam com lazer\u201d, explicou a promotora de Meio Ambiente, Gilka da Mata.<br \/>\nMancha na Praia de Areia Preta, em Natal (RN), Rio Grande do Norte, esgoto, L\u00edngua Negra<br \/>\nReprodu\u00e7\u00e3o\/Inter TV Cabugi<br \/>\nNova visita \u00e0s resid\u00eancias<br \/>\nA Secretaria Municipal de Meio Ambiente e Urbanismo (Semurb) informou que vai visitar novamente as resid\u00eancias neste m\u00eas de maio para atualizar o n\u00famero de irregularidades.<br \/>\n&#8220;Assumimos o compromisso de agora no m\u00eas de maio revisitarmos todos os im\u00f3veis atendendo a recomenda\u00e7\u00e3o do MP, de tal sorte que a gente possa subsidiar a Caern [Companhia de \u00c1guas e Esgostos do RN] sobre quais aqueles permanecem sem solu\u00e7\u00e3o&#8221;, disse o supervisor geral de fiscaliza\u00e7\u00e3o ambiental da Semurb, Leonardo Almeida.<br \/>\nO objetivo \u00e9 tentar incluir os im\u00f3veis que ainda restam no programa &#8220;Se Liga na Rede&#8221;, da Caern, que deve ter edital de licita\u00e7\u00e3o publicada em cerca de 30 dias.<br \/>\nMancha na Praia de Areia Preta, em Natal (RN), Rio Grande do Norte, esgoto, L\u00edngua Negra<br \/>\nReprodu\u00e7\u00e3o\/Inter TV Cabugi<br \/>\nNa audi\u00eancia, o chefe de opera\u00e7\u00e3o e manuten\u00e7\u00e3o da Companhia de \u00c1guas e Esgotos do RN (Caern), Everton Rafael, tamb\u00e9m negou que haja um extravasamento no sistema de esgoto da Caern, o que poderia contribuir para a forma\u00e7\u00e3o da l\u00edngua negra.<br \/>\n&#8220;Isso j\u00e1 foi verificado, com autos no processo, e com per\u00edcias t\u00e9cnicas, tanto por parte da Caern, do Munic\u00edpio e da pr\u00f3pria Promotoria, certificando que todo o sistema, n\u00e3o s\u00f3 a esta\u00e7\u00e3o, como as redes, funcionam na sua forma plena&#8221;, explicou.<br \/>\nV\u00eddeos mais assistidos do g1 RN<\/p>","protected":false},"excerpt":{"rendered":"<p>Prefeitura de Natal identificou pelo menos 83 im\u00f3veis com liga\u00e7\u00f5es de esgoto clandestinas que acabam na rede de drenagem e s\u00e3o despejadas no mar. Mancha na Praia de Areia Preta, &#8230;<\/p>\n","protected":false},"author":0,"featured_media":5882,"parent":0,"menu_order":0,"comment_status":"closed","ping_status":"closed","template":"","meta":{"footnotes":""},"class_list":["post-5881","page","type-page","status-publish","has-post-thumbnail","hentry"],"yoast_head":"<!-- This site is optimized with the Yoast SEO plugin v27.1.1 - https:\/\/yoast.com\/product\/yoast-seo-wordpress\/ -->\n<title>Tema de audi\u00eancia p\u00fablica na ALRN, praia de Areia Preta est\u00e1 impr\u00f3pria para banho h\u00e1 mais de 1 ano - Taveira Jr<\/title>\n<meta name=\"robots\" content=\"index, follow, max-snippet:-1, max-image-preview:large, max-video-preview:-1\" \/>\n<link rel=\"canonical\" href=\"https:\/\/deputadotaveirajr.com.br\/index.php\/tema-de-audiencia-publica-na-alrn-praia-de-areia-preta-esta-impropria-para-banho-ha-mais-de-1-ano\/\" \/>\n<meta property=\"og:locale\" content=\"pt_BR\" \/>\n<meta property=\"og:type\" content=\"article\" \/>\n<meta property=\"og:title\" content=\"Tema de audi\u00eancia p\u00fablica na ALRN, praia de Areia Preta est\u00e1 impr\u00f3pria para banho h\u00e1 mais de 1 ano - Taveira Jr\" \/>\n<meta property=\"og:description\" content=\"Prefeitura de Natal identificou pelo menos 83 im\u00f3veis com liga\u00e7\u00f5es de esgoto clandestinas que acabam na rede de drenagem e s\u00e3o despejadas no mar. Mancha na Praia de Areia Preta, ...\" \/>\n<meta property=\"og:url\" content=\"https:\/\/deputadotaveirajr.com.br\/index.php\/tema-de-audiencia-publica-na-alrn-praia-de-areia-preta-esta-impropria-para-banho-ha-mais-de-1-ano\/\" \/>\n<meta property=\"og:site_name\" content=\"Taveira Jr\" \/>\n<meta property=\"og:image\" content=\"https:\/\/deputadotaveirajr.com.br\/wp-content\/uploads\/2024\/04\/areia-preta2-Vqd7dV.jpeg\" \/>\n\t<meta property=\"og:image:width\" content=\"1024\" \/>\n\t<meta property=\"og:image:height\" content=\"516\" \/>\n\t<meta property=\"og:image:type\" content=\"image\/jpeg\" \/>\n<meta name=\"twitter:card\" content=\"summary_large_image\" \/>\n<meta name=\"twitter:label1\" content=\"Est. tempo de leitura\" \/>\n\t<meta name=\"twitter:data1\" content=\"3 minutos\" \/>\n<script type=\"application\/ld+json\" class=\"yoast-schema-graph\">{\"@context\":\"https:\/\/schema.org\",\"@graph\":[{\"@type\":\"WebPage\",\"@id\":\"https:\/\/deputadotaveirajr.com.br\/index.php\/tema-de-audiencia-publica-na-alrn-praia-de-areia-preta-esta-impropria-para-banho-ha-mais-de-1-ano\/\",\"url\":\"https:\/\/deputadotaveirajr.com.br\/index.php\/tema-de-audiencia-publica-na-alrn-praia-de-areia-preta-esta-impropria-para-banho-ha-mais-de-1-ano\/\",\"name\":\"Tema de audi\u00eancia p\u00fablica na ALRN, praia de Areia Preta est\u00e1 impr\u00f3pria para banho h\u00e1 mais de 1 ano - Taveira Jr\",\"isPartOf\":{\"@id\":\"https:\/\/deputadotaveirajr.com.br\/#website\"},\"primaryImageOfPage\":{\"@id\":\"https:\/\/deputadotaveirajr.com.br\/index.php\/tema-de-audiencia-publica-na-alrn-praia-de-areia-preta-esta-impropria-para-banho-ha-mais-de-1-ano\/#primaryimage\"},\"image\":{\"@id\":\"https:\/\/deputadotaveirajr.com.br\/index.php\/tema-de-audiencia-publica-na-alrn-praia-de-areia-preta-esta-impropria-para-banho-ha-mais-de-1-ano\/#primaryimage\"},\"thumbnailUrl\":\"https:\/\/deputadotaveirajr.com.br\/wp-content\/uploads\/2024\/04\/areia-preta2-Vqd7dV.jpeg\",\"datePublished\":\"2024-04-30T01:54:42+00:00\",\"breadcrumb\":{\"@id\":\"https:\/\/deputadotaveirajr.com.br\/index.php\/tema-de-audiencia-publica-na-alrn-praia-de-areia-preta-esta-impropria-para-banho-ha-mais-de-1-ano\/#breadcrumb\"},\"inLanguage\":\"pt-BR\",\"potentialAction\":[{\"@type\":\"ReadAction\",\"target\":[\"https:\/\/deputadotaveirajr.com.br\/index.php\/tema-de-audiencia-publica-na-alrn-praia-de-areia-preta-esta-impropria-para-banho-ha-mais-de-1-ano\/\"]}]},{\"@type\":\"ImageObject\",\"inLanguage\":\"pt-BR\",\"@id\":\"https:\/\/deputadotaveirajr.com.br\/index.php\/tema-de-audiencia-publica-na-alrn-praia-de-areia-preta-esta-impropria-para-banho-ha-mais-de-1-ano\/#primaryimage\",\"url\":\"https:\/\/deputadotaveirajr.com.br\/wp-content\/uploads\/2024\/04\/areia-preta2-Vqd7dV.jpeg\",\"contentUrl\":\"https:\/\/deputadotaveirajr.com.br\/wp-content\/uploads\/2024\/04\/areia-preta2-Vqd7dV.jpeg\",\"width\":1024,\"height\":516},{\"@type\":\"BreadcrumbList\",\"@id\":\"https:\/\/deputadotaveirajr.com.br\/index.php\/tema-de-audiencia-publica-na-alrn-praia-de-areia-preta-esta-impropria-para-banho-ha-mais-de-1-ano\/#breadcrumb\",\"itemListElement\":[{\"@type\":\"ListItem\",\"position\":1,\"name\":\"In\u00edcio\",\"item\":\"https:\/\/deputadotaveirajr.com.br\/\"},{\"@type\":\"ListItem\",\"position\":2,\"name\":\"Tema de audi\u00eancia p\u00fablica na ALRN, praia de Areia Preta est\u00e1 impr\u00f3pria para banho h\u00e1 mais de 1 ano\"}]},{\"@type\":\"WebSite\",\"@id\":\"https:\/\/deputadotaveirajr.com.br\/#website\",\"url\":\"https:\/\/deputadotaveirajr.com.br\/\",\"name\":\"Taveira Jr\",\"description\":\"Deputado Estadual\",\"publisher\":{\"@id\":\"https:\/\/deputadotaveirajr.com.br\/#organization\"},\"potentialAction\":[{\"@type\":\"SearchAction\",\"target\":{\"@type\":\"EntryPoint\",\"urlTemplate\":\"https:\/\/deputadotaveirajr.com.br\/?s={search_term_string}\"},\"query-input\":{\"@type\":\"PropertyValueSpecification\",\"valueRequired\":true,\"valueName\":\"search_term_string\"}}],\"inLanguage\":\"pt-BR\"},{\"@type\":\"Organization\",\"@id\":\"https:\/\/deputadotaveirajr.com.br\/#organization\",\"name\":\"Taveira Jr\",\"url\":\"https:\/\/deputadotaveirajr.com.br\/\",\"logo\":{\"@type\":\"ImageObject\",\"inLanguage\":\"pt-BR\",\"@id\":\"https:\/\/deputadotaveirajr.com.br\/#\/schema\/logo\/image\/\",\"url\":\"https:\/\/deputadotaveirajr.com.br\/wp-content\/uploads\/2026\/01\/logolow2a.png\",\"contentUrl\":\"https:\/\/deputadotaveirajr.com.br\/wp-content\/uploads\/2026\/01\/logolow2a.png\",\"width\":290,\"height\":80,\"caption\":\"Taveira Jr\"},\"image\":{\"@id\":\"https:\/\/deputadotaveirajr.com.br\/#\/schema\/logo\/image\/\"}}]}<\/script>\n<!-- \/ Yoast SEO plugin. -->","yoast_head_json":{"title":"Tema de audi\u00eancia p\u00fablica na ALRN, praia de Areia Preta est\u00e1 impr\u00f3pria para banho h\u00e1 mais de 1 ano - Taveira Jr","robots":{"index":"index","follow":"follow","max-snippet":"max-snippet:-1","max-image-preview":"max-image-preview:large","max-video-preview":"max-video-preview:-1"},"canonical":"https:\/\/deputadotaveirajr.com.br\/index.php\/tema-de-audiencia-publica-na-alrn-praia-de-areia-preta-esta-impropria-para-banho-ha-mais-de-1-ano\/","og_locale":"pt_BR","og_type":"article","og_title":"Tema de audi\u00eancia p\u00fablica na ALRN, praia de Areia Preta est\u00e1 impr\u00f3pria para banho h\u00e1 mais de 1 ano - Taveira Jr","og_description":"Prefeitura de Natal identificou pelo menos 83 im\u00f3veis com liga\u00e7\u00f5es de esgoto clandestinas que acabam na rede de drenagem e s\u00e3o despejadas no mar. Mancha na Praia de Areia Preta, ...","og_url":"https:\/\/deputadotaveirajr.com.br\/index.php\/tema-de-audiencia-publica-na-alrn-praia-de-areia-preta-esta-impropria-para-banho-ha-mais-de-1-ano\/","og_site_name":"Taveira Jr","og_image":[{"width":1024,"height":516,"url":"https:\/\/deputadotaveirajr.com.br\/wp-content\/uploads\/2024\/04\/areia-preta2-Vqd7dV.jpeg","type":"image\/jpeg"}],"twitter_card":"summary_large_image","twitter_misc":{"Est. tempo de leitura":"3 minutos"},"schema":{"@context":"https:\/\/schema.org","@graph":[{"@type":"WebPage","@id":"https:\/\/deputadotaveirajr.com.br\/index.php\/tema-de-audiencia-publica-na-alrn-praia-de-areia-preta-esta-impropria-para-banho-ha-mais-de-1-ano\/","url":"https:\/\/deputadotaveirajr.com.br\/index.php\/tema-de-audiencia-publica-na-alrn-praia-de-areia-preta-esta-impropria-para-banho-ha-mais-de-1-ano\/","name":"Tema de audi\u00eancia p\u00fablica na ALRN, praia de Areia Preta est\u00e1 impr\u00f3pria para banho h\u00e1 mais de 1 ano - Taveira Jr","isPartOf":{"@id":"https:\/\/deputadotaveirajr.com.br\/#website"},"primaryImageOfPage":{"@id":"https:\/\/deputadotaveirajr.com.br\/index.php\/tema-de-audiencia-publica-na-alrn-praia-de-areia-preta-esta-impropria-para-banho-ha-mais-de-1-ano\/#primaryimage"},"image":{"@id":"https:\/\/deputadotaveirajr.com.br\/index.php\/tema-de-audiencia-publica-na-alrn-praia-de-areia-preta-esta-impropria-para-banho-ha-mais-de-1-ano\/#primaryimage"},"thumbnailUrl":"https:\/\/deputadotaveirajr.com.br\/wp-content\/uploads\/2024\/04\/areia-preta2-Vqd7dV.jpeg","datePublished":"2024-04-30T01:54:42+00:00","breadcrumb":{"@id":"https:\/\/deputadotaveirajr.com.br\/index.php\/tema-de-audiencia-publica-na-alrn-praia-de-areia-preta-esta-impropria-para-banho-ha-mais-de-1-ano\/#breadcrumb"},"inLanguage":"pt-BR","potentialAction":[{"@type":"ReadAction","target":["https:\/\/deputadotaveirajr.com.br\/index.php\/tema-de-audiencia-publica-na-alrn-praia-de-areia-preta-esta-impropria-para-banho-ha-mais-de-1-ano\/"]}]},{"@type":"ImageObject","inLanguage":"pt-BR","@id":"https:\/\/deputadotaveirajr.com.br\/index.php\/tema-de-audiencia-publica-na-alrn-praia-de-areia-preta-esta-impropria-para-banho-ha-mais-de-1-ano\/#primaryimage","url":"https:\/\/deputadotaveirajr.com.br\/wp-content\/uploads\/2024\/04\/areia-preta2-Vqd7dV.jpeg","contentUrl":"https:\/\/deputadotaveirajr.com.br\/wp-content\/uploads\/2024\/04\/areia-preta2-Vqd7dV.jpeg","width":1024,"height":516},{"@type":"BreadcrumbList","@id":"https:\/\/deputadotaveirajr.com.br\/index.php\/tema-de-audiencia-publica-na-alrn-praia-de-areia-preta-esta-impropria-para-banho-ha-mais-de-1-ano\/#breadcrumb","itemListElement":[{"@type":"ListItem","position":1,"name":"In\u00edcio","item":"https:\/\/deputadotaveirajr.com.br\/"},{"@type":"ListItem","position":2,"name":"Tema de audi\u00eancia p\u00fablica na ALRN, praia de Areia Preta est\u00e1 impr\u00f3pria para banho h\u00e1 mais de 1 ano"}]},{"@type":"WebSite","@id":"https:\/\/deputadotaveirajr.com.br\/#website","url":"https:\/\/deputadotaveirajr.com.br\/","name":"Taveira Jr","description":"Deputado Estadual","publisher":{"@id":"https:\/\/deputadotaveirajr.com.br\/#organization"},"potentialAction":[{"@type":"SearchAction","target":{"@type":"EntryPoint","urlTemplate":"https:\/\/deputadotaveirajr.com.br\/?s={search_term_string}"},"query-input":{"@type":"PropertyValueSpecification","valueRequired":true,"valueName":"search_term_string"}}],"inLanguage":"pt-BR"},{"@type":"Organization","@id":"https:\/\/deputadotaveirajr.com.br\/#organization","name":"Taveira Jr","url":"https:\/\/deputadotaveirajr.com.br\/","logo":{"@type":"ImageObject","inLanguage":"pt-BR","@id":"https:\/\/deputadotaveirajr.com.br\/#\/schema\/logo\/image\/","url":"https:\/\/deputadotaveirajr.com.br\/wp-content\/uploads\/2026\/01\/logolow2a.png","contentUrl":"https:\/\/deputadotaveirajr.com.br\/wp-content\/uploads\/2026\/01\/logolow2a.png","width":290,"height":80,"caption":"Taveira Jr"},"image":{"@id":"https:\/\/deputadotaveirajr.com.br\/#\/schema\/logo\/image\/"}}]}},"_links":{"self":[{"href":"https:\/\/deputadotaveirajr.com.br\/index.php\/wp-json\/wp\/v2\/pages\/5881","targetHints":{"allow":["GET"]}}],"collection":[{"href":"https:\/\/deputadotaveirajr.com.br\/index.php\/wp-json\/wp\/v2\/pages"}],"about":[{"href":"https:\/\/deputadotaveirajr.com.br\/index.php\/wp-json\/wp\/v2\/types\/page"}],"replies":[{"embeddable":true,"href":"https:\/\/deputadotaveirajr.com.br\/index.php\/wp-json\/wp\/v2\/comments?post=5881"}],"version-history":[{"count":1,"href":"https:\/\/deputadotaveirajr.com.br\/index.php\/wp-json\/wp\/v2\/pages\/5881\/revisions"}],"predecessor-version":[{"id":5887,"href":"https:\/\/deputadotaveirajr.com.br\/index.php\/wp-json\/wp\/v2\/pages\/5881\/revisions\/5887"}],"wp:featuredmedia":[{"embeddable":true,"href":"https:\/\/deputadotaveirajr.com.br\/index.php\/wp-json\/wp\/v2\/media\/5882"}],"wp:attachment":[{"href":"https:\/\/deputadotaveirajr.com.br\/index.php\/wp-json\/wp\/v2\/media?parent=5881"}],"curies":[{"name":"wp","href":"https:\/\/api.w.org\/{rel}","templated":true}]}}