{"id":5922,"date":"2024-05-01T19:16:38","date_gmt":"2024-05-01T22:16:38","guid":{"rendered":"https:\/\/deputadotaveirajr.com.br\/?page_id=5922"},"modified":"2024-05-01T19:16:38","modified_gmt":"2024-05-01T22:16:38","slug":"inmet-alerta-para-chuvas-intensas-em-cidades-do-litoral-do-rn","status":"publish","type":"page","link":"https:\/\/deputadotaveirajr.com.br\/index.php\/inmet-alerta-para-chuvas-intensas-em-cidades-do-litoral-do-rn\/","title":{"rendered":"Inmet alerta para chuvas intensas em cidades do litoral do RN"},"content":{"rendered":"<p>     Aviso vale at\u00e9 10h desta quinta-feira (2) e prev\u00ea chuvas de at\u00e9 50 mil\u00edmetros. H\u00e1 previs\u00e3o tamb\u00e9m de ventos intensos entre 40 km\/h e 60 km\/h. Alerta atinge principalmente cidades do litoral do RN<br \/>\nDivulga\u00e7\u00e3o<br \/>\nO Instituto Nacional de Meteorologia (Inmet) emitiu um alerta de chuvas intensas, de at\u00e9 50 mil\u00edmetros por dia, para 56 cidades, principalmente do litoral do Rio Grande do Norte. O aviso vale at\u00e9 10h desta quinta-feira (2).<br \/>\nO alerta \u00e9 da cor amerela (perigo potencial), o n\u00edvel mais baixo no grau de severidade do \u00f3rg\u00e3o.  (Entenda abaixo os n\u00edveis).<br \/>\nGrau de severidade<br \/>\n\ud83d\udcf3Participe do canal do g1 RN no WhatsApp e receba no seu celular as not\u00edcias do estado<br \/>\n\ud83d\udfe1 No alerta amarelo, h\u00e1 previs\u00e3o de chuvas entre 20 e 30 mm\/h, chegando a atingir at\u00e9 50 mm por dia. O alerta ainda prev\u00ea ventos intensos entre 40 e 60 km\/h. Segundo o Inmet, h\u00e1 baixo risco de corte de energia el\u00e9trica, queda de galhos de \u00e1rvores, alagamentos e de descargas el\u00e9tricas.<br \/>\nRecomenda\u00e7\u00f5es<br \/>\nEm caso de chuva intensa e rajadas de vento, \u00e9 recomendado:<br \/>\nn\u00e3o se abrigar debaixo de \u00e1rvores;<br \/>\nn\u00e3o estacionar ve\u00edculos pr\u00f3ximos a torres de transmiss\u00e3o e placas de propaganda;<br \/>\nevitar usar aparelhos ligados \u00e0 tomada;<br \/>\nem caso de necessidade, acionar Defesa Civil (telefone 199) e Corpo de Bombeiros (telefone 193).<br \/>\nCidades atingidas no alerta<br \/>\nAreia Branca<br \/>\nArez<br \/>\nBa\u00eda Formosa<br \/>\nBara\u00fana<br \/>\nBento Fernandes<br \/>\nBrejinho<br \/>\nCai\u00e7ara do Norte<br \/>\nCanguaretama<br \/>\nCarnaubais<br \/>\nCear\u00e1-Mirim<br \/>\nEsp\u00edrito Santo<br \/>\nExtremoz<br \/>\nGalinhos<br \/>\nGoianinha<br \/>\nGrossos<br \/>\nGuamar\u00e9<br \/>\nIelmo Marinho<br \/>\nJanda\u00edra<br \/>\nJardim de Angicos<br \/>\nJo\u00e3o C\u00e2mara<br \/>\nJundi\u00e1<br \/>\nLagoa de Pedras<br \/>\nMaca\u00edba<br \/>\nMacau<br \/>\nMaxaranguape<br \/>\nMontanhas<br \/>\nMonte Alegre<br \/>\nMossor\u00f3<br \/>\nNatal<br \/>\nN\u00edsia Floresta<br \/>\nNova Cruz<br \/>\nParazinho<br \/>\nParnamirim<br \/>\nPassagem<br \/>\nPedra Grande<br \/>\nPedra Preta<br \/>\nPedro Avelino<br \/>\nPedro Velho<br \/>\nPend\u00eancias<br \/>\nPo\u00e7o Branco<br \/>\nPorto do Mangue<br \/>\nPureza<br \/>\nRio do Fogo<br \/>\nS\u00e3o Bento do Norte<br \/>\nS\u00e3o Gon\u00e7alo do Amarante<br \/>\nS\u00e3o Jos\u00e9 de Mipibu<br \/>\nS\u00e3o Miguel do Gostoso<br \/>\nSenador Georgino Avelino<br \/>\nSerra do Mel<br \/>\nTaipu<br \/>\nTibau<br \/>\nTibau do Sul<br \/>\nTouros<br \/>\nV\u00e1rzea<br \/>\nVera Cruz<br \/>\nVila Flor<br \/>\nV\u00eddeos mais assistidos do g1 RN<\/p>","protected":false},"excerpt":{"rendered":"<p>Aviso vale at\u00e9 10h desta quinta-feira (2) e prev\u00ea chuvas de at\u00e9 50 mil\u00edmetros. H\u00e1 previs\u00e3o tamb\u00e9m de ventos intensos entre 40 km\/h e 60 km\/h. Alerta atinge principalmente cidades &#8230;<\/p>\n","protected":false},"author":0,"featured_media":5923,"parent":0,"menu_order":0,"comment_status":"closed","ping_status":"closed","template":"","meta":{"footnotes":""},"class_list":["post-5922","page","type-page","status-publish","has-post-thumbnail","hentry"],"yoast_head":"<!-- This site is optimized with the Yoast SEO plugin v27.1.1 - https:\/\/yoast.com\/product\/yoast-seo-wordpress\/ -->\n<title>Inmet alerta para chuvas intensas em cidades do litoral do RN - Taveira Jr<\/title>\n<meta name=\"robots\" content=\"index, follow, max-snippet:-1, max-image-preview:large, max-video-preview:-1\" \/>\n<link rel=\"canonical\" href=\"https:\/\/deputadotaveirajr.com.br\/index.php\/inmet-alerta-para-chuvas-intensas-em-cidades-do-litoral-do-rn\/\" \/>\n<meta property=\"og:locale\" content=\"pt_BR\" \/>\n<meta property=\"og:type\" content=\"article\" \/>\n<meta property=\"og:title\" content=\"Inmet alerta para chuvas intensas em cidades do litoral do RN - Taveira Jr\" \/>\n<meta property=\"og:description\" content=\"Aviso vale at\u00e9 10h desta quinta-feira (2) e prev\u00ea chuvas de at\u00e9 50 mil\u00edmetros. H\u00e1 previs\u00e3o tamb\u00e9m de ventos intensos entre 40 km\/h e 60 km\/h. Alerta atinge principalmente cidades ...\" \/>\n<meta property=\"og:url\" content=\"https:\/\/deputadotaveirajr.com.br\/index.php\/inmet-alerta-para-chuvas-intensas-em-cidades-do-litoral-do-rn\/\" \/>\n<meta property=\"og:site_name\" content=\"Taveira Jr\" \/>\n<meta property=\"og:image\" content=\"https:\/\/deputadotaveirajr.com.br\/wp-content\/uploads\/2024\/05\/captura-de-tela-2024-05-01-160158-wtRbUM.jpeg\" \/>\n\t<meta property=\"og:image:width\" content=\"545\" \/>\n\t<meta property=\"og:image:height\" content=\"573\" \/>\n\t<meta property=\"og:image:type\" content=\"image\/jpeg\" \/>\n<meta name=\"twitter:card\" content=\"summary_large_image\" \/>\n<meta name=\"twitter:label1\" content=\"Est. tempo de leitura\" \/>\n\t<meta name=\"twitter:data1\" content=\"2 minutos\" \/>\n<script type=\"application\/ld+json\" class=\"yoast-schema-graph\">{\"@context\":\"https:\/\/schema.org\",\"@graph\":[{\"@type\":\"WebPage\",\"@id\":\"https:\/\/deputadotaveirajr.com.br\/index.php\/inmet-alerta-para-chuvas-intensas-em-cidades-do-litoral-do-rn\/\",\"url\":\"https:\/\/deputadotaveirajr.com.br\/index.php\/inmet-alerta-para-chuvas-intensas-em-cidades-do-litoral-do-rn\/\",\"name\":\"Inmet alerta para chuvas intensas em cidades do litoral do RN - Taveira Jr\",\"isPartOf\":{\"@id\":\"https:\/\/deputadotaveirajr.com.br\/#website\"},\"primaryImageOfPage\":{\"@id\":\"https:\/\/deputadotaveirajr.com.br\/index.php\/inmet-alerta-para-chuvas-intensas-em-cidades-do-litoral-do-rn\/#primaryimage\"},\"image\":{\"@id\":\"https:\/\/deputadotaveirajr.com.br\/index.php\/inmet-alerta-para-chuvas-intensas-em-cidades-do-litoral-do-rn\/#primaryimage\"},\"thumbnailUrl\":\"https:\/\/deputadotaveirajr.com.br\/wp-content\/uploads\/2024\/05\/captura-de-tela-2024-05-01-160158-wtRbUM.jpeg\",\"datePublished\":\"2024-05-01T22:16:38+00:00\",\"breadcrumb\":{\"@id\":\"https:\/\/deputadotaveirajr.com.br\/index.php\/inmet-alerta-para-chuvas-intensas-em-cidades-do-litoral-do-rn\/#breadcrumb\"},\"inLanguage\":\"pt-BR\",\"potentialAction\":[{\"@type\":\"ReadAction\",\"target\":[\"https:\/\/deputadotaveirajr.com.br\/index.php\/inmet-alerta-para-chuvas-intensas-em-cidades-do-litoral-do-rn\/\"]}]},{\"@type\":\"ImageObject\",\"inLanguage\":\"pt-BR\",\"@id\":\"https:\/\/deputadotaveirajr.com.br\/index.php\/inmet-alerta-para-chuvas-intensas-em-cidades-do-litoral-do-rn\/#primaryimage\",\"url\":\"https:\/\/deputadotaveirajr.com.br\/wp-content\/uploads\/2024\/05\/captura-de-tela-2024-05-01-160158-wtRbUM.jpeg\",\"contentUrl\":\"https:\/\/deputadotaveirajr.com.br\/wp-content\/uploads\/2024\/05\/captura-de-tela-2024-05-01-160158-wtRbUM.jpeg\",\"width\":545,\"height\":573},{\"@type\":\"BreadcrumbList\",\"@id\":\"https:\/\/deputadotaveirajr.com.br\/index.php\/inmet-alerta-para-chuvas-intensas-em-cidades-do-litoral-do-rn\/#breadcrumb\",\"itemListElement\":[{\"@type\":\"ListItem\",\"position\":1,\"name\":\"In\u00edcio\",\"item\":\"https:\/\/deputadotaveirajr.com.br\/\"},{\"@type\":\"ListItem\",\"position\":2,\"name\":\"Inmet alerta para chuvas intensas em cidades do litoral do RN\"}]},{\"@type\":\"WebSite\",\"@id\":\"https:\/\/deputadotaveirajr.com.br\/#website\",\"url\":\"https:\/\/deputadotaveirajr.com.br\/\",\"name\":\"Taveira Jr\",\"description\":\"Deputado Estadual\",\"publisher\":{\"@id\":\"https:\/\/deputadotaveirajr.com.br\/#organization\"},\"potentialAction\":[{\"@type\":\"SearchAction\",\"target\":{\"@type\":\"EntryPoint\",\"urlTemplate\":\"https:\/\/deputadotaveirajr.com.br\/?s={search_term_string}\"},\"query-input\":{\"@type\":\"PropertyValueSpecification\",\"valueRequired\":true,\"valueName\":\"search_term_string\"}}],\"inLanguage\":\"pt-BR\"},{\"@type\":\"Organization\",\"@id\":\"https:\/\/deputadotaveirajr.com.br\/#organization\",\"name\":\"Taveira Jr\",\"url\":\"https:\/\/deputadotaveirajr.com.br\/\",\"logo\":{\"@type\":\"ImageObject\",\"inLanguage\":\"pt-BR\",\"@id\":\"https:\/\/deputadotaveirajr.com.br\/#\/schema\/logo\/image\/\",\"url\":\"https:\/\/deputadotaveirajr.com.br\/wp-content\/uploads\/2026\/01\/logolow2a.png\",\"contentUrl\":\"https:\/\/deputadotaveirajr.com.br\/wp-content\/uploads\/2026\/01\/logolow2a.png\",\"width\":290,\"height\":80,\"caption\":\"Taveira Jr\"},\"image\":{\"@id\":\"https:\/\/deputadotaveirajr.com.br\/#\/schema\/logo\/image\/\"}}]}<\/script>\n<!-- \/ Yoast SEO plugin. -->","yoast_head_json":{"title":"Inmet alerta para chuvas intensas em cidades do litoral do RN - Taveira Jr","robots":{"index":"index","follow":"follow","max-snippet":"max-snippet:-1","max-image-preview":"max-image-preview:large","max-video-preview":"max-video-preview:-1"},"canonical":"https:\/\/deputadotaveirajr.com.br\/index.php\/inmet-alerta-para-chuvas-intensas-em-cidades-do-litoral-do-rn\/","og_locale":"pt_BR","og_type":"article","og_title":"Inmet alerta para chuvas intensas em cidades do litoral do RN - Taveira Jr","og_description":"Aviso vale at\u00e9 10h desta quinta-feira (2) e prev\u00ea chuvas de at\u00e9 50 mil\u00edmetros. H\u00e1 previs\u00e3o tamb\u00e9m de ventos intensos entre 40 km\/h e 60 km\/h. Alerta atinge principalmente cidades ...","og_url":"https:\/\/deputadotaveirajr.com.br\/index.php\/inmet-alerta-para-chuvas-intensas-em-cidades-do-litoral-do-rn\/","og_site_name":"Taveira Jr","og_image":[{"width":545,"height":573,"url":"https:\/\/deputadotaveirajr.com.br\/wp-content\/uploads\/2024\/05\/captura-de-tela-2024-05-01-160158-wtRbUM.jpeg","type":"image\/jpeg"}],"twitter_card":"summary_large_image","twitter_misc":{"Est. tempo de leitura":"2 minutos"},"schema":{"@context":"https:\/\/schema.org","@graph":[{"@type":"WebPage","@id":"https:\/\/deputadotaveirajr.com.br\/index.php\/inmet-alerta-para-chuvas-intensas-em-cidades-do-litoral-do-rn\/","url":"https:\/\/deputadotaveirajr.com.br\/index.php\/inmet-alerta-para-chuvas-intensas-em-cidades-do-litoral-do-rn\/","name":"Inmet alerta para chuvas intensas em cidades do litoral do RN - Taveira Jr","isPartOf":{"@id":"https:\/\/deputadotaveirajr.com.br\/#website"},"primaryImageOfPage":{"@id":"https:\/\/deputadotaveirajr.com.br\/index.php\/inmet-alerta-para-chuvas-intensas-em-cidades-do-litoral-do-rn\/#primaryimage"},"image":{"@id":"https:\/\/deputadotaveirajr.com.br\/index.php\/inmet-alerta-para-chuvas-intensas-em-cidades-do-litoral-do-rn\/#primaryimage"},"thumbnailUrl":"https:\/\/deputadotaveirajr.com.br\/wp-content\/uploads\/2024\/05\/captura-de-tela-2024-05-01-160158-wtRbUM.jpeg","datePublished":"2024-05-01T22:16:38+00:00","breadcrumb":{"@id":"https:\/\/deputadotaveirajr.com.br\/index.php\/inmet-alerta-para-chuvas-intensas-em-cidades-do-litoral-do-rn\/#breadcrumb"},"inLanguage":"pt-BR","potentialAction":[{"@type":"ReadAction","target":["https:\/\/deputadotaveirajr.com.br\/index.php\/inmet-alerta-para-chuvas-intensas-em-cidades-do-litoral-do-rn\/"]}]},{"@type":"ImageObject","inLanguage":"pt-BR","@id":"https:\/\/deputadotaveirajr.com.br\/index.php\/inmet-alerta-para-chuvas-intensas-em-cidades-do-litoral-do-rn\/#primaryimage","url":"https:\/\/deputadotaveirajr.com.br\/wp-content\/uploads\/2024\/05\/captura-de-tela-2024-05-01-160158-wtRbUM.jpeg","contentUrl":"https:\/\/deputadotaveirajr.com.br\/wp-content\/uploads\/2024\/05\/captura-de-tela-2024-05-01-160158-wtRbUM.jpeg","width":545,"height":573},{"@type":"BreadcrumbList","@id":"https:\/\/deputadotaveirajr.com.br\/index.php\/inmet-alerta-para-chuvas-intensas-em-cidades-do-litoral-do-rn\/#breadcrumb","itemListElement":[{"@type":"ListItem","position":1,"name":"In\u00edcio","item":"https:\/\/deputadotaveirajr.com.br\/"},{"@type":"ListItem","position":2,"name":"Inmet alerta para chuvas intensas em cidades do litoral do RN"}]},{"@type":"WebSite","@id":"https:\/\/deputadotaveirajr.com.br\/#website","url":"https:\/\/deputadotaveirajr.com.br\/","name":"Taveira Jr","description":"Deputado Estadual","publisher":{"@id":"https:\/\/deputadotaveirajr.com.br\/#organization"},"potentialAction":[{"@type":"SearchAction","target":{"@type":"EntryPoint","urlTemplate":"https:\/\/deputadotaveirajr.com.br\/?s={search_term_string}"},"query-input":{"@type":"PropertyValueSpecification","valueRequired":true,"valueName":"search_term_string"}}],"inLanguage":"pt-BR"},{"@type":"Organization","@id":"https:\/\/deputadotaveirajr.com.br\/#organization","name":"Taveira Jr","url":"https:\/\/deputadotaveirajr.com.br\/","logo":{"@type":"ImageObject","inLanguage":"pt-BR","@id":"https:\/\/deputadotaveirajr.com.br\/#\/schema\/logo\/image\/","url":"https:\/\/deputadotaveirajr.com.br\/wp-content\/uploads\/2026\/01\/logolow2a.png","contentUrl":"https:\/\/deputadotaveirajr.com.br\/wp-content\/uploads\/2026\/01\/logolow2a.png","width":290,"height":80,"caption":"Taveira Jr"},"image":{"@id":"https:\/\/deputadotaveirajr.com.br\/#\/schema\/logo\/image\/"}}]}},"_links":{"self":[{"href":"https:\/\/deputadotaveirajr.com.br\/index.php\/wp-json\/wp\/v2\/pages\/5922","targetHints":{"allow":["GET"]}}],"collection":[{"href":"https:\/\/deputadotaveirajr.com.br\/index.php\/wp-json\/wp\/v2\/pages"}],"about":[{"href":"https:\/\/deputadotaveirajr.com.br\/index.php\/wp-json\/wp\/v2\/types\/page"}],"replies":[{"embeddable":true,"href":"https:\/\/deputadotaveirajr.com.br\/index.php\/wp-json\/wp\/v2\/comments?post=5922"}],"version-history":[{"count":1,"href":"https:\/\/deputadotaveirajr.com.br\/index.php\/wp-json\/wp\/v2\/pages\/5922\/revisions"}],"predecessor-version":[{"id":5929,"href":"https:\/\/deputadotaveirajr.com.br\/index.php\/wp-json\/wp\/v2\/pages\/5922\/revisions\/5929"}],"wp:featuredmedia":[{"embeddable":true,"href":"https:\/\/deputadotaveirajr.com.br\/index.php\/wp-json\/wp\/v2\/media\/5923"}],"wp:attachment":[{"href":"https:\/\/deputadotaveirajr.com.br\/index.php\/wp-json\/wp\/v2\/media?parent=5922"}],"curies":[{"name":"wp","href":"https:\/\/api.w.org\/{rel}","templated":true}]}}