{"id":5926,"date":"2024-05-01T20:41:51","date_gmt":"2024-05-01T23:41:51","guid":{"rendered":"https:\/\/deputadotaveirajr.com.br\/?page_id=5926"},"modified":"2024-05-01T20:41:51","modified_gmt":"2024-05-01T23:41:51","slug":"fim-de-semana-em-natal-tem-biquini-cavadao-dorgival-dantas-e-peca-com-eduardo-moscovis-confira-agenda-cultural","status":"publish","type":"page","link":"https:\/\/deputadotaveirajr.com.br\/index.php\/fim-de-semana-em-natal-tem-biquini-cavadao-dorgival-dantas-e-peca-com-eduardo-moscovis-confira-agenda-cultural\/","title":{"rendered":"Fim de semana em Natal tem Biquini Cavad\u00e3o, Dorgival Dantas e pe\u00e7a com Eduardo Moscovis; confira agenda cultural"},"content":{"rendered":"<p>     O g1 reuniu algumas op\u00e7\u00f5es de eventos e apresenta\u00e7\u00f5es que acontecem entre a quinta-feira (2) e a segunda-feira (6) da pr\u00f3xima semana.  Dorgival Dantas no S\u00e3o Jo\u00e3o 2022 de Campina Grande, PB<br \/>\nBruna Couto\/g1<br \/>\nO fim de semana em Natal e na Regi\u00e3o Metropolitana tem shows musicais, pe\u00e7as teatrais e apresenta\u00e7\u00f5es de com\u00e9dia. Entre as atra\u00e7\u00f5es, est\u00e3o Biquini Cavad\u00e3o, Grafith e um arrai\u00e1 com Dorgival Dantas e Luan Estilizado.<br \/>\nO g1 reuniu algumas op\u00e7\u00f5es de eventos que acontecem entre esta quinta-feira (2) e a segunda (6) da pr\u00f3xima semana. Veja abaixo:<br \/>\nQuinta-feira (2)<br \/>\nBiquini Cavad\u00e3o &#8211; Vou Te Levar Comigo<br \/>\nLocal: Teatro Riachuelo<br \/>\nHor\u00e1rio: 21h<br \/>\nIngressos: a partir de R$ 95 (clique AQUI)<br \/>\nStand Up Comedy de 5a. na Quinta<br \/>\nLocal: Natal Comedy Club<br \/>\nHor\u00e1rio: 20h<br \/>\nIngressos: a partir de R$ 15 (clique AQUI)<br \/>\nF\u00e1bulas de Nossas F\u00farias<br \/>\nLocal: Casa da Ribeira<br \/>\nHor\u00e1rio: 20h<br \/>\nIngressos: a partir de R$ 20 (clique AQUI)<br \/>\nBiquini Cavad\u00e3o<br \/>\nDivulga\u00e7\u00e3o<br \/>\nSexta-feira (3)<br \/>\nBanda Grafith &#8211; Grafith Prime<br \/>\nLocal: Teatro Riachuelo<br \/>\nHor\u00e1rio: 21h<br \/>\nIngressos: a partir de R$ 70 (clique AQUI)<br \/>\nF\u00e1bulas de Nossas F\u00farias<br \/>\nLocal: Casa da Ribeira<br \/>\nHor\u00e1rio: 20h<br \/>\nIngressos: a partir de R$ 20 (clique AQUI)<br \/>\nJo\u00e3o Resenha em Sem gra\u00e7a nenhuma<br \/>\nLocal: Natal Comedy Club<br \/>\nHor\u00e1rio: 20h<br \/>\nIngressos: a partir de R$ 20 (clique AQUI)<br \/>\nGuga Playboy e Ac\u00e1cio<br \/>\nLocal: Rastap\u00e9<br \/>\nHor\u00e1rio: 22h<br \/>\nIngressos: a partir de R$ 40 (clique AQUI)<br \/>\nA Banda Mais Bonita da Cidade<br \/>\nLocal: Ateli\u00ea Bar e Petiscaria<br \/>\nHor\u00e1rio: 21h<br \/>\nIngressos: a partir de R$ 35 (clique AQUI)<br \/>\nMarcos Almeida &#8211; Tour 2024<br \/>\nLocal: Teatro Alberto Maranh\u00e3o<br \/>\nHor\u00e1rio: 16h30 e 20h<br \/>\nIngressos: a partir de R$ 30 (clique AQUI)<br \/>\nBanda Grafith Carnatal 2023<br \/>\nPedro Vitorino<br \/>\nS\u00e1bado (4)<br \/>\nArrai\u00e1 do Seu Gentil &#8211; Dorgival Dantas, Luan Estilizado e Giullian Monte<br \/>\nLocal: Prainha Natal &#8211; Via Costeira, 4077<br \/>\nHor\u00e1rio: 21h<br \/>\nIngressos: a partir de R$ 130 (clique AQUI)<br \/>\nWe Love Samba Festival<br \/>\nLocal: Teatro Riachuelo<br \/>\nHor\u00e1rio: 18h<br \/>\nIngressos: a partir de R$ 62,50 (clique AQUI)<br \/>\nSkema e Bira &#8211; Quem v\u00ea se Espanta<br \/>\nLocal: Natal Comedy Club<br \/>\nHor\u00e1rio: 20h<br \/>\nIngressos: a partir de R$ 20 (clique AQUI)<br \/>\nCola que \u00e9 zoeira &#8211; Grupo Envolv\u00eancia, Pagode do Coxas &#8211; Santies, Pagode do Canta<br \/>\nLocal: Arena das Dunas<br \/>\nHor\u00e1rio: 17h<br \/>\nIngressos: n\u00e3o h\u00e1 mais dispon\u00edveis (informa\u00e7\u00f5es AQUI)<br \/>\nDuetos, a com\u00e9dia de Peter Quilter &#8211; com Eduardo Moscovis e Patricya Travassos<br \/>\nLocal: Teatro Alberto Maranh\u00e3o<br \/>\nHor\u00e1rio: 16h30 e 20h<br \/>\nIngressos: a partir de R$ 60 (clique AQUI)<br \/>\nOcasos Familiares<br \/>\nLocal: Espa\u00e7o Gira Dan\u00e7a<br \/>\nHor\u00e1rio: 15h e 19h30<br \/>\nIngressos: Gratuitos (esgotados &#8211; informa\u00e7\u00f5es AQUI)<br \/>\nLuan Estilizado<br \/>\nDivulga\u00e7\u00e3o<br \/>\nDomingo (5)<br \/>\nSaltimbancos Sinf\u00f4nico<br \/>\nLocal: Teatro Riachuelo<br \/>\nHor\u00e1rio: 16h<br \/>\nIngressos: a partir de R$ 25 (clique AQUI)<br \/>\nQuase Amigos convidam L\u00e1zaro Ot\u00e1vio<br \/>\nLocal: Natal Comedy Club<br \/>\nHor\u00e1rio: 20h<br \/>\nIngressos: a partir de R$ 15 (clique AQUI)<br \/>\nDuetos, a com\u00e9dia de Peter Quilter &#8211; com Eduardo Moscovis e Patricya Travassos<br \/>\nLocal: Teatro Alberto Maranh\u00e3o<br \/>\nHor\u00e1rio: 19h<br \/>\nIngressos: a partir de R$ 60 (clique AQUI)<br \/>\n3 Maneiras de Tocar no Assunto<br \/>\nLocal: Casa da Ribeira<br \/>\nHor\u00e1rio: 19h<br \/>\nIngressos: gratuitos (informa\u00e7\u00f5es AQUI)<br \/>\nEduardo Moscovis e Patricya Travassos<br \/>\nDivulga\u00e7\u00e3o<br \/>\nSegunda-feira (6)<br \/>\nSegunda de Vagabundo<br \/>\nLocal: R. Pereira Sim\u00f5es, 43, Rocas<br \/>\nHor\u00e1rio: 20h<br \/>\nIngressos: Entrada gratuita<br \/>\nV\u00eddeos mais assistidos do g1 RN<\/p>","protected":false},"excerpt":{"rendered":"<p>O g1 reuniu algumas op\u00e7\u00f5es de eventos e apresenta\u00e7\u00f5es que acontecem entre a quinta-feira (2) e a segunda-feira (6) da pr\u00f3xima semana. Dorgival Dantas no S\u00e3o Jo\u00e3o 2022 de Campina &#8230;<\/p>\n","protected":false},"author":0,"featured_media":5927,"parent":0,"menu_order":0,"comment_status":"closed","ping_status":"closed","template":"","meta":{"footnotes":""},"class_list":["post-5926","page","type-page","status-publish","has-post-thumbnail","hentry"],"yoast_head":"<!-- This site is optimized with the Yoast SEO plugin v27.1.1 - https:\/\/yoast.com\/product\/yoast-seo-wordpress\/ -->\n<title>Fim de semana em Natal tem Biquini Cavad\u00e3o, Dorgival Dantas e pe\u00e7a com Eduardo Moscovis; confira agenda cultural - Taveira Jr<\/title>\n<meta name=\"robots\" content=\"index, follow, max-snippet:-1, max-image-preview:large, max-video-preview:-1\" \/>\n<link rel=\"canonical\" href=\"https:\/\/deputadotaveirajr.com.br\/index.php\/fim-de-semana-em-natal-tem-biquini-cavadao-dorgival-dantas-e-peca-com-eduardo-moscovis-confira-agenda-cultural\/\" \/>\n<meta property=\"og:locale\" content=\"pt_BR\" \/>\n<meta property=\"og:type\" content=\"article\" \/>\n<meta property=\"og:title\" content=\"Fim de semana em Natal tem Biquini Cavad\u00e3o, Dorgival Dantas e pe\u00e7a com Eduardo Moscovis; confira agenda cultural - Taveira Jr\" \/>\n<meta property=\"og:description\" content=\"O g1 reuniu algumas op\u00e7\u00f5es de eventos e apresenta\u00e7\u00f5es que acontecem entre a quinta-feira (2) e a segunda-feira (6) da pr\u00f3xima semana. Dorgival Dantas no S\u00e3o Jo\u00e3o 2022 de Campina ...\" \/>\n<meta property=\"og:url\" content=\"https:\/\/deputadotaveirajr.com.br\/index.php\/fim-de-semana-em-natal-tem-biquini-cavadao-dorgival-dantas-e-peca-com-eduardo-moscovis-confira-agenda-cultural\/\" \/>\n<meta property=\"og:site_name\" content=\"Taveira Jr\" \/>\n<meta property=\"og:image\" content=\"https:\/\/deputadotaveirajr.com.br\/wp-content\/uploads\/2024\/05\/img-1646-jWklUF-scaled.jpeg\" \/>\n\t<meta property=\"og:image:width\" content=\"2560\" \/>\n\t<meta property=\"og:image:height\" content=\"1707\" \/>\n\t<meta property=\"og:image:type\" content=\"image\/jpeg\" \/>\n<meta name=\"twitter:card\" content=\"summary_large_image\" \/>\n<meta name=\"twitter:label1\" content=\"Est. tempo de leitura\" \/>\n\t<meta name=\"twitter:data1\" content=\"3 minutos\" \/>\n<script type=\"application\/ld+json\" class=\"yoast-schema-graph\">{\"@context\":\"https:\/\/schema.org\",\"@graph\":[{\"@type\":\"WebPage\",\"@id\":\"https:\/\/deputadotaveirajr.com.br\/index.php\/fim-de-semana-em-natal-tem-biquini-cavadao-dorgival-dantas-e-peca-com-eduardo-moscovis-confira-agenda-cultural\/\",\"url\":\"https:\/\/deputadotaveirajr.com.br\/index.php\/fim-de-semana-em-natal-tem-biquini-cavadao-dorgival-dantas-e-peca-com-eduardo-moscovis-confira-agenda-cultural\/\",\"name\":\"Fim de semana em Natal tem Biquini Cavad\u00e3o, Dorgival Dantas e pe\u00e7a com Eduardo Moscovis; confira agenda cultural - Taveira Jr\",\"isPartOf\":{\"@id\":\"https:\/\/deputadotaveirajr.com.br\/#website\"},\"primaryImageOfPage\":{\"@id\":\"https:\/\/deputadotaveirajr.com.br\/index.php\/fim-de-semana-em-natal-tem-biquini-cavadao-dorgival-dantas-e-peca-com-eduardo-moscovis-confira-agenda-cultural\/#primaryimage\"},\"image\":{\"@id\":\"https:\/\/deputadotaveirajr.com.br\/index.php\/fim-de-semana-em-natal-tem-biquini-cavadao-dorgival-dantas-e-peca-com-eduardo-moscovis-confira-agenda-cultural\/#primaryimage\"},\"thumbnailUrl\":\"https:\/\/deputadotaveirajr.com.br\/wp-content\/uploads\/2024\/05\/img-1646-jWklUF-scaled.jpeg\",\"datePublished\":\"2024-05-01T23:41:51+00:00\",\"breadcrumb\":{\"@id\":\"https:\/\/deputadotaveirajr.com.br\/index.php\/fim-de-semana-em-natal-tem-biquini-cavadao-dorgival-dantas-e-peca-com-eduardo-moscovis-confira-agenda-cultural\/#breadcrumb\"},\"inLanguage\":\"pt-BR\",\"potentialAction\":[{\"@type\":\"ReadAction\",\"target\":[\"https:\/\/deputadotaveirajr.com.br\/index.php\/fim-de-semana-em-natal-tem-biquini-cavadao-dorgival-dantas-e-peca-com-eduardo-moscovis-confira-agenda-cultural\/\"]}]},{\"@type\":\"ImageObject\",\"inLanguage\":\"pt-BR\",\"@id\":\"https:\/\/deputadotaveirajr.com.br\/index.php\/fim-de-semana-em-natal-tem-biquini-cavadao-dorgival-dantas-e-peca-com-eduardo-moscovis-confira-agenda-cultural\/#primaryimage\",\"url\":\"https:\/\/deputadotaveirajr.com.br\/wp-content\/uploads\/2024\/05\/img-1646-jWklUF-scaled.jpeg\",\"contentUrl\":\"https:\/\/deputadotaveirajr.com.br\/wp-content\/uploads\/2024\/05\/img-1646-jWklUF-scaled.jpeg\",\"width\":2560,\"height\":1707},{\"@type\":\"BreadcrumbList\",\"@id\":\"https:\/\/deputadotaveirajr.com.br\/index.php\/fim-de-semana-em-natal-tem-biquini-cavadao-dorgival-dantas-e-peca-com-eduardo-moscovis-confira-agenda-cultural\/#breadcrumb\",\"itemListElement\":[{\"@type\":\"ListItem\",\"position\":1,\"name\":\"In\u00edcio\",\"item\":\"https:\/\/deputadotaveirajr.com.br\/\"},{\"@type\":\"ListItem\",\"position\":2,\"name\":\"Fim de semana em Natal tem Biquini Cavad\u00e3o, Dorgival Dantas e pe\u00e7a com Eduardo Moscovis; confira agenda cultural\"}]},{\"@type\":\"WebSite\",\"@id\":\"https:\/\/deputadotaveirajr.com.br\/#website\",\"url\":\"https:\/\/deputadotaveirajr.com.br\/\",\"name\":\"Taveira Jr\",\"description\":\"Deputado Estadual\",\"publisher\":{\"@id\":\"https:\/\/deputadotaveirajr.com.br\/#organization\"},\"potentialAction\":[{\"@type\":\"SearchAction\",\"target\":{\"@type\":\"EntryPoint\",\"urlTemplate\":\"https:\/\/deputadotaveirajr.com.br\/?s={search_term_string}\"},\"query-input\":{\"@type\":\"PropertyValueSpecification\",\"valueRequired\":true,\"valueName\":\"search_term_string\"}}],\"inLanguage\":\"pt-BR\"},{\"@type\":\"Organization\",\"@id\":\"https:\/\/deputadotaveirajr.com.br\/#organization\",\"name\":\"Taveira Jr\",\"url\":\"https:\/\/deputadotaveirajr.com.br\/\",\"logo\":{\"@type\":\"ImageObject\",\"inLanguage\":\"pt-BR\",\"@id\":\"https:\/\/deputadotaveirajr.com.br\/#\/schema\/logo\/image\/\",\"url\":\"https:\/\/deputadotaveirajr.com.br\/wp-content\/uploads\/2026\/01\/logolow2a.png\",\"contentUrl\":\"https:\/\/deputadotaveirajr.com.br\/wp-content\/uploads\/2026\/01\/logolow2a.png\",\"width\":290,\"height\":80,\"caption\":\"Taveira Jr\"},\"image\":{\"@id\":\"https:\/\/deputadotaveirajr.com.br\/#\/schema\/logo\/image\/\"}}]}<\/script>\n<!-- \/ Yoast SEO plugin. -->","yoast_head_json":{"title":"Fim de semana em Natal tem Biquini Cavad\u00e3o, Dorgival Dantas e pe\u00e7a com Eduardo Moscovis; confira agenda cultural - Taveira Jr","robots":{"index":"index","follow":"follow","max-snippet":"max-snippet:-1","max-image-preview":"max-image-preview:large","max-video-preview":"max-video-preview:-1"},"canonical":"https:\/\/deputadotaveirajr.com.br\/index.php\/fim-de-semana-em-natal-tem-biquini-cavadao-dorgival-dantas-e-peca-com-eduardo-moscovis-confira-agenda-cultural\/","og_locale":"pt_BR","og_type":"article","og_title":"Fim de semana em Natal tem Biquini Cavad\u00e3o, Dorgival Dantas e pe\u00e7a com Eduardo Moscovis; confira agenda cultural - Taveira Jr","og_description":"O g1 reuniu algumas op\u00e7\u00f5es de eventos e apresenta\u00e7\u00f5es que acontecem entre a quinta-feira (2) e a segunda-feira (6) da pr\u00f3xima semana. Dorgival Dantas no S\u00e3o Jo\u00e3o 2022 de Campina ...","og_url":"https:\/\/deputadotaveirajr.com.br\/index.php\/fim-de-semana-em-natal-tem-biquini-cavadao-dorgival-dantas-e-peca-com-eduardo-moscovis-confira-agenda-cultural\/","og_site_name":"Taveira Jr","og_image":[{"width":2560,"height":1707,"url":"https:\/\/deputadotaveirajr.com.br\/wp-content\/uploads\/2024\/05\/img-1646-jWklUF-scaled.jpeg","type":"image\/jpeg"}],"twitter_card":"summary_large_image","twitter_misc":{"Est. tempo de leitura":"3 minutos"},"schema":{"@context":"https:\/\/schema.org","@graph":[{"@type":"WebPage","@id":"https:\/\/deputadotaveirajr.com.br\/index.php\/fim-de-semana-em-natal-tem-biquini-cavadao-dorgival-dantas-e-peca-com-eduardo-moscovis-confira-agenda-cultural\/","url":"https:\/\/deputadotaveirajr.com.br\/index.php\/fim-de-semana-em-natal-tem-biquini-cavadao-dorgival-dantas-e-peca-com-eduardo-moscovis-confira-agenda-cultural\/","name":"Fim de semana em Natal tem Biquini Cavad\u00e3o, Dorgival Dantas e pe\u00e7a com Eduardo Moscovis; confira agenda cultural - Taveira Jr","isPartOf":{"@id":"https:\/\/deputadotaveirajr.com.br\/#website"},"primaryImageOfPage":{"@id":"https:\/\/deputadotaveirajr.com.br\/index.php\/fim-de-semana-em-natal-tem-biquini-cavadao-dorgival-dantas-e-peca-com-eduardo-moscovis-confira-agenda-cultural\/#primaryimage"},"image":{"@id":"https:\/\/deputadotaveirajr.com.br\/index.php\/fim-de-semana-em-natal-tem-biquini-cavadao-dorgival-dantas-e-peca-com-eduardo-moscovis-confira-agenda-cultural\/#primaryimage"},"thumbnailUrl":"https:\/\/deputadotaveirajr.com.br\/wp-content\/uploads\/2024\/05\/img-1646-jWklUF-scaled.jpeg","datePublished":"2024-05-01T23:41:51+00:00","breadcrumb":{"@id":"https:\/\/deputadotaveirajr.com.br\/index.php\/fim-de-semana-em-natal-tem-biquini-cavadao-dorgival-dantas-e-peca-com-eduardo-moscovis-confira-agenda-cultural\/#breadcrumb"},"inLanguage":"pt-BR","potentialAction":[{"@type":"ReadAction","target":["https:\/\/deputadotaveirajr.com.br\/index.php\/fim-de-semana-em-natal-tem-biquini-cavadao-dorgival-dantas-e-peca-com-eduardo-moscovis-confira-agenda-cultural\/"]}]},{"@type":"ImageObject","inLanguage":"pt-BR","@id":"https:\/\/deputadotaveirajr.com.br\/index.php\/fim-de-semana-em-natal-tem-biquini-cavadao-dorgival-dantas-e-peca-com-eduardo-moscovis-confira-agenda-cultural\/#primaryimage","url":"https:\/\/deputadotaveirajr.com.br\/wp-content\/uploads\/2024\/05\/img-1646-jWklUF-scaled.jpeg","contentUrl":"https:\/\/deputadotaveirajr.com.br\/wp-content\/uploads\/2024\/05\/img-1646-jWklUF-scaled.jpeg","width":2560,"height":1707},{"@type":"BreadcrumbList","@id":"https:\/\/deputadotaveirajr.com.br\/index.php\/fim-de-semana-em-natal-tem-biquini-cavadao-dorgival-dantas-e-peca-com-eduardo-moscovis-confira-agenda-cultural\/#breadcrumb","itemListElement":[{"@type":"ListItem","position":1,"name":"In\u00edcio","item":"https:\/\/deputadotaveirajr.com.br\/"},{"@type":"ListItem","position":2,"name":"Fim de semana em Natal tem Biquini Cavad\u00e3o, Dorgival Dantas e pe\u00e7a com Eduardo Moscovis; confira agenda cultural"}]},{"@type":"WebSite","@id":"https:\/\/deputadotaveirajr.com.br\/#website","url":"https:\/\/deputadotaveirajr.com.br\/","name":"Taveira Jr","description":"Deputado Estadual","publisher":{"@id":"https:\/\/deputadotaveirajr.com.br\/#organization"},"potentialAction":[{"@type":"SearchAction","target":{"@type":"EntryPoint","urlTemplate":"https:\/\/deputadotaveirajr.com.br\/?s={search_term_string}"},"query-input":{"@type":"PropertyValueSpecification","valueRequired":true,"valueName":"search_term_string"}}],"inLanguage":"pt-BR"},{"@type":"Organization","@id":"https:\/\/deputadotaveirajr.com.br\/#organization","name":"Taveira Jr","url":"https:\/\/deputadotaveirajr.com.br\/","logo":{"@type":"ImageObject","inLanguage":"pt-BR","@id":"https:\/\/deputadotaveirajr.com.br\/#\/schema\/logo\/image\/","url":"https:\/\/deputadotaveirajr.com.br\/wp-content\/uploads\/2026\/01\/logolow2a.png","contentUrl":"https:\/\/deputadotaveirajr.com.br\/wp-content\/uploads\/2026\/01\/logolow2a.png","width":290,"height":80,"caption":"Taveira Jr"},"image":{"@id":"https:\/\/deputadotaveirajr.com.br\/#\/schema\/logo\/image\/"}}]}},"_links":{"self":[{"href":"https:\/\/deputadotaveirajr.com.br\/index.php\/wp-json\/wp\/v2\/pages\/5926","targetHints":{"allow":["GET"]}}],"collection":[{"href":"https:\/\/deputadotaveirajr.com.br\/index.php\/wp-json\/wp\/v2\/pages"}],"about":[{"href":"https:\/\/deputadotaveirajr.com.br\/index.php\/wp-json\/wp\/v2\/types\/page"}],"replies":[{"embeddable":true,"href":"https:\/\/deputadotaveirajr.com.br\/index.php\/wp-json\/wp\/v2\/comments?post=5926"}],"version-history":[{"count":1,"href":"https:\/\/deputadotaveirajr.com.br\/index.php\/wp-json\/wp\/v2\/pages\/5926\/revisions"}],"predecessor-version":[{"id":5930,"href":"https:\/\/deputadotaveirajr.com.br\/index.php\/wp-json\/wp\/v2\/pages\/5926\/revisions\/5930"}],"wp:featuredmedia":[{"embeddable":true,"href":"https:\/\/deputadotaveirajr.com.br\/index.php\/wp-json\/wp\/v2\/media\/5927"}],"wp:attachment":[{"href":"https:\/\/deputadotaveirajr.com.br\/index.php\/wp-json\/wp\/v2\/media?parent=5926"}],"curies":[{"name":"wp","href":"https:\/\/api.w.org\/{rel}","templated":true}]}}