{"id":5971,"date":"2024-05-04T10:01:06","date_gmt":"2024-05-04T13:01:06","guid":{"rendered":"https:\/\/deputadotaveirajr.com.br\/?page_id=5971"},"modified":"2024-05-04T10:01:06","modified_gmt":"2024-05-04T13:01:06","slug":"presente-em-todas-as-turnes-de-madonna-no-brasil-fa-e-convidado-para-area-vip-no-rj-e-se-prepara-para-assistir-a-cantora-pela-7a-vez","status":"publish","type":"page","link":"https:\/\/deputadotaveirajr.com.br\/index.php\/presente-em-todas-as-turnes-de-madonna-no-brasil-fa-e-convidado-para-area-vip-no-rj-e-se-prepara-para-assistir-a-cantora-pela-7a-vez\/","title":{"rendered":"Presente em todas as turn\u00eas de Madonna no Brasil, f\u00e3 \u00e9 convidado para \u00e1rea VIP no RJ e se prepara para assistir a cantora pela 7\u00aa vez"},"content":{"rendered":"<p>     Marcelo Soares administra p\u00e1gina sobre a cantora nas redes sociais e foi convidado para acompanhar o show na \u00e1rea VIP pela patrocinadora do evento. &#8216;Ansiedade boa&#8217;, diz. Marcelo em frente ao palco onde Madonna vai se apresentar em Copacabana neste fim de semana<br \/>\nArquivo pessoal<br \/>\nF\u00e3 de Madonna, o jornalista potiguar Marcelo Henrique Pereira Soares, de 50 anos de idade, se preparar para ver neste s\u00e1bado (4) pela s\u00e9tima vez a cantora ao vivo em um show no Brasil. Desde 1992, Marcelo \u00e9 presen\u00e7a garantida em todas as turn\u00eas da artista no pa\u00eds &#8211; por vezes vendo mais de um show.<br \/>\nA apresenta\u00e7\u00e3o deste s\u00e1bado acontece na Praia de Copacabana, no Rio de Janeiro, \u00e0s 21h45, com entrada gratuita. Mais de 1,5 milh\u00e3o de pessoas s\u00e3o esperadas.<br \/>\nEsse show ter\u00e1 um gostinho especial para o potiguar Marcelo Soares. Ele foi convidado pela patrocinadora do evento para acompanhar a apresenta\u00e7\u00e3o na \u00e1rea VIP, que fica mais perto do palco.<br \/>\nO motivo do convite \u00e9 que Marcelo e outros nove f\u00e3s administram uma p\u00e1gina sobre a cantora, a &#8220;Madonna Literal&#8221;, nas redes sociais, que conta com mais de 130 mil seguidores apenas no Instagram. A conta \u00e9 seguida at\u00e9 pelo empres\u00e1rio da cantora.<br \/>\nTodos eles foram convidados para a \u00e1rea VIP e v\u00e3o se encontrar pela primeira vez pessoalmente, j\u00e1 que moram em diferentes lugares do Brasil.<br \/>\n&#8220;Nesse dia [do convite], confesso, chorei muito, de tanta emo\u00e7\u00e3o. Nunca imaginei que isso iria acontecer. Foi uma baita surpresa. E s\u00e1bado ser\u00e1 a concretiza\u00e7\u00e3o dessa alegria&#8221;, disse Marcelo.<br \/>\nLEIA TAMB\u00c9M<br \/>\nA DISCOGRAFIA: g1 coloca todos os 14 \u00e1lbuns de Madonna na ordem (do pior ao melhor)<br \/>\nENSAIO: Abdias do Nascimento e Marielle podem estar entre homenageados no show<br \/>\nANSIEDADE: F\u00e3s ocupam pistas da Avenida Atl\u00e2ntica na v\u00e9spera de show de Madonna<br \/>\nMarcelo j\u00e1 se planejava para ir ao show desde os rumores de que a apresenta\u00e7\u00e3o aconteceria, no fim do ano passado. &#8220;Eu viria de qualquer jeito. Engra\u00e7ado que eu nunca duvidei que ela viria. Mesmo quando era tudo incerto e s\u00f3 havia rumores, meu cora\u00e7\u00e3o dizia: &#8216;ela vem!'&#8221;, contou.<br \/>\nNesta semana, j\u00e1 com passagens e hospedagens garantidas, ele recebeu a not\u00edcia de que teria lugar garantido na \u00e1rea VIP, uma empolga\u00e7\u00e3o a mais para o show.<br \/>\n&#8220;Cada vez que eu lembro que a gente vai estar naquele espa\u00e7o, que \u00e9 mais perto do palco, o cora\u00e7\u00e3o acelera, eu fico at\u00e9 com medo de passar mal&#8221;, disse.<br \/>\n&#8220;Mas est\u00e1 sendo aquela ansiedade boa, sabe? Voc\u00ea fica animado o tempo todo. Aquela energia passando por dentro de voc\u00ea&#8221;, falou.<br \/>\nMadonna surpreende f\u00e3s e ensaia por mais de 2 horas no megapalco em Copacabana<br \/>\nPassagem de som foi &#8216;indescrit\u00edvel&#8217;, diz<br \/>\nO jornalista potiguar chegou ao Rio de Janeiro na quarta-feira (1\u00ba) e conseguiu presenciar alguns momentos marcantes onde vai acontecer o show, em Copacabana.<br \/>\nNa quinta, ele acompanhou a banda e a cantora na passagem de som, que come\u00e7ou de surpresa para os f\u00e3s que estavam no local.<br \/>\n&#8220;De repente come\u00e7ou uma passagem de som, mas sem a Madonna aparecendo. A gente ouvia s\u00f3 a voz dela passando m\u00fasica. M\u00fasicas inteiras, inclusive&#8221;, disse.<br \/>\nMarcelo com o cartaz do show que acontecer\u00e1 em Copacabana<br \/>\nArquivo pessoal<br \/>\nEm um momento, o p\u00fablico conseguiu ver uma das filhas de Madonna, Mercy James, que toca piano na m\u00fasica &#8220;Bad Girl&#8221;. Mas o \u00e1pice aconteceu mais tarde.<br \/>\n&#8220;\u00c0 noite, a Madonna de repente subiu ao palco e come\u00e7ou a cantar &#8216;Nothing Really Matters&#8217;, que \u00e9 a m\u00fasica que abre o show. Foi aquela como\u00e7\u00e3o, aquela gritaria. Nessa hora, Copacabana, a frente do Copacabana Palace, o canteiro, as ruas, j\u00e1 estavam lotados de f\u00e3s&#8221;, contou Marcelo.<br \/>\n&#8220;Foi uma coisa indescrit\u00edvel. Ela estava com o figurino, inclusive, da perfomance da m\u00fasica. E foi gente chorando, emocionada, cantando. Foi muito lindo&#8221;.<br \/>\nF\u00e3 potiguar foi acompanhar show de Madonna no RJ<br \/>\nO f\u00e3 contou ainda que presenciou a m\u00fasica &#8220;Music&#8221; com a participa\u00e7\u00e3o de percussionistas de escolas de samba.<br \/>\n&#8220;Foi a coisa mais fant\u00e1stica que eu j\u00e1 vi na vida. Isso vai levar aquele povo \u00e0 loucura. Copacabana vai ao ch\u00e3o&#8221;, disse.<br \/>\nIdolatria al\u00e9m da m\u00fasica<br \/>\nMarcelo se encantou por Madonna em 1989, no clipe de Like a Prayer, que fez parte da consolida\u00e7\u00e3o da carreira da cantora.<br \/>\n&#8220;Eu achei aquilo o m\u00e1ximo. Achei ousado, corajoso demais. Uma mulher batendo de frente com a igreja daquela maneira. Mas n\u00e3o era s\u00f3 isso. O clipe tamb\u00e9m fala de racismo, preconceito, tem mais que s\u00f3 a pol\u00eamica que causou&#8221;, lembrou.<br \/>\nAssim, nas outras tr\u00eas turn\u00eas em que a cantora passou pelo Brasil, ele foi a: um show do &#8220;The Girlie Show  World Tour&#8221;, em 1993; dois shows do &#8220;Sticky and Sweet Tour&#8221;, em 2008; e tr\u00eas shows do &#8220;The MDNA World Tour&#8221;, em 2012.<br \/>\nMarcelo em show de Madonna em 2012 no Morumbi, em SP<br \/>\nArquivo pessoal<br \/>\nDoze anos depois, o reencontro ser\u00e1 neste s\u00e1bado no Celebration Tour, que, para Marcelo, \u00e9 mais que a celebra\u00e7\u00e3o de 40 anos de carreira musical de Madonna.<br \/>\n&#8220;Madonna \u00e9 uma artista que sempre se posiciona sobre assuntos muito pol\u00eamicos, como aborto e racismo. Ela sempre est\u00e1 atuando nessas vertentes, cooptando e defendendos minorias&#8221;, lembrou.<br \/>\n&#8220;Ela \u00e9 uma artista, para mim, muito diferenciada da maioria, que s\u00f3 faz \u00e1lbuns, grava e tem seus hits, mas que n\u00e3o abrem a boca para causa nenhuma. E isso \u00e9 uma coisa que me orgulha muito nela&#8221;.<br \/>\n&#8216;Energia diferente&#8217;<br \/>\nO jornalista contou que desde a hora que chegou ao Rio de Janeiro sentiu uma &#8220;energia diferente&#8221; para o show da cantora, principalmente em Copacabana.<br \/>\n&#8220;Tem uma energia diferente no ar. \u00c9 muita alegria, muita emo\u00e7\u00e3o. \u00c9 muita gente, muito f\u00e3 l\u00e1 na frente, todo mundo vibrando na mesma vibe. T\u00e1 um clima muito gostoso&#8221;, disse.<br \/>\nMarcelo vai estar na \u00e1rea Vip do show da cantora neste fim de semana<br \/>\nArquivo pessoal<br \/>\nO f\u00e3 diz que Madonna \u00e9 a artista internacional favorita da vida dele, mas que admira outras cantoras nacionais como Marisa Monte e Fernanda Abreu.<br \/>\nO jornalista contou que nunca teve nenhum contato pr\u00f3ximo com a cantora e brincou com a situa\u00e7\u00e3o: &#8220;Infelizmente. Tudo culpa dela. Estou aqui s\u00f3 aguardando o convite&#8221;.<br \/>\nMarcelo acredita que o show ser\u00e1 hist\u00f3rico e que a cantora promover\u00e1 um dia para se guardar na mem\u00f3ria de todos os f\u00e3s presentes.<br \/>\n&#8220;Me orgulho muito de viver na mesma \u00e9poca que a Madonna nesse mundo&#8221;, disse.<br \/>\nMadonna surpreende f\u00e3s e ensaia por mais de 2 horas no megapalco em Copacabana<br \/>\nV\u00eddeos mais assistidos do g1 RN<\/p>","protected":false},"excerpt":{"rendered":"<p>Marcelo Soares administra p\u00e1gina sobre a cantora nas redes sociais e foi convidado para acompanhar o show na \u00e1rea VIP pela patrocinadora do evento. &#8216;Ansiedade boa&#8217;, diz. Marcelo em frente &#8230;<\/p>\n","protected":false},"author":0,"featured_media":5972,"parent":0,"menu_order":0,"comment_status":"closed","ping_status":"closed","template":"","meta":{"footnotes":""},"class_list":["post-5971","page","type-page","status-publish","has-post-thumbnail","hentry"],"yoast_head":"<!-- This site is optimized with the Yoast SEO plugin v27.1.1 - https:\/\/yoast.com\/product\/yoast-seo-wordpress\/ -->\n<title>Presente em todas as turn\u00eas de Madonna no Brasil, f\u00e3 \u00e9 convidado para \u00e1rea VIP no RJ e se prepara para assistir a cantora pela 7\u00aa vez - Taveira Jr<\/title>\n<meta name=\"robots\" content=\"index, follow, max-snippet:-1, max-image-preview:large, max-video-preview:-1\" \/>\n<link rel=\"canonical\" href=\"https:\/\/deputadotaveirajr.com.br\/index.php\/presente-em-todas-as-turnes-de-madonna-no-brasil-fa-e-convidado-para-area-vip-no-rj-e-se-prepara-para-assistir-a-cantora-pela-7a-vez\/\" \/>\n<meta property=\"og:locale\" content=\"pt_BR\" \/>\n<meta property=\"og:type\" content=\"article\" \/>\n<meta property=\"og:title\" content=\"Presente em todas as turn\u00eas de Madonna no Brasil, f\u00e3 \u00e9 convidado para \u00e1rea VIP no RJ e se prepara para assistir a cantora pela 7\u00aa vez - Taveira Jr\" \/>\n<meta property=\"og:description\" content=\"Marcelo Soares administra p\u00e1gina sobre a cantora nas redes sociais e foi convidado para acompanhar o show na \u00e1rea VIP pela patrocinadora do evento. &#8216;Ansiedade boa&#8217;, diz. Marcelo em frente ...\" \/>\n<meta property=\"og:url\" content=\"https:\/\/deputadotaveirajr.com.br\/index.php\/presente-em-todas-as-turnes-de-madonna-no-brasil-fa-e-convidado-para-area-vip-no-rj-e-se-prepara-para-assistir-a-cantora-pela-7a-vez\/\" \/>\n<meta property=\"og:site_name\" content=\"Taveira Jr\" \/>\n<meta property=\"og:image\" content=\"https:\/\/deputadotaveirajr.com.br\/wp-content\/uploads\/2024\/05\/madonna-cAbIYS.jpeg\" \/>\n\t<meta property=\"og:image:width\" content=\"713\" \/>\n\t<meta property=\"og:image:height\" content=\"1070\" \/>\n\t<meta property=\"og:image:type\" content=\"image\/jpeg\" \/>\n<meta name=\"twitter:card\" content=\"summary_large_image\" \/>\n<meta name=\"twitter:label1\" content=\"Est. tempo de leitura\" \/>\n\t<meta name=\"twitter:data1\" content=\"6 minutos\" \/>\n<script type=\"application\/ld+json\" class=\"yoast-schema-graph\">{\"@context\":\"https:\/\/schema.org\",\"@graph\":[{\"@type\":\"WebPage\",\"@id\":\"https:\/\/deputadotaveirajr.com.br\/index.php\/presente-em-todas-as-turnes-de-madonna-no-brasil-fa-e-convidado-para-area-vip-no-rj-e-se-prepara-para-assistir-a-cantora-pela-7a-vez\/\",\"url\":\"https:\/\/deputadotaveirajr.com.br\/index.php\/presente-em-todas-as-turnes-de-madonna-no-brasil-fa-e-convidado-para-area-vip-no-rj-e-se-prepara-para-assistir-a-cantora-pela-7a-vez\/\",\"name\":\"Presente em todas as turn\u00eas de Madonna no Brasil, f\u00e3 \u00e9 convidado para \u00e1rea VIP no RJ e se prepara para assistir a cantora pela 7\u00aa vez - Taveira Jr\",\"isPartOf\":{\"@id\":\"https:\/\/deputadotaveirajr.com.br\/#website\"},\"primaryImageOfPage\":{\"@id\":\"https:\/\/deputadotaveirajr.com.br\/index.php\/presente-em-todas-as-turnes-de-madonna-no-brasil-fa-e-convidado-para-area-vip-no-rj-e-se-prepara-para-assistir-a-cantora-pela-7a-vez\/#primaryimage\"},\"image\":{\"@id\":\"https:\/\/deputadotaveirajr.com.br\/index.php\/presente-em-todas-as-turnes-de-madonna-no-brasil-fa-e-convidado-para-area-vip-no-rj-e-se-prepara-para-assistir-a-cantora-pela-7a-vez\/#primaryimage\"},\"thumbnailUrl\":\"https:\/\/deputadotaveirajr.com.br\/wp-content\/uploads\/2024\/05\/madonna-cAbIYS.jpeg\",\"datePublished\":\"2024-05-04T13:01:06+00:00\",\"breadcrumb\":{\"@id\":\"https:\/\/deputadotaveirajr.com.br\/index.php\/presente-em-todas-as-turnes-de-madonna-no-brasil-fa-e-convidado-para-area-vip-no-rj-e-se-prepara-para-assistir-a-cantora-pela-7a-vez\/#breadcrumb\"},\"inLanguage\":\"pt-BR\",\"potentialAction\":[{\"@type\":\"ReadAction\",\"target\":[\"https:\/\/deputadotaveirajr.com.br\/index.php\/presente-em-todas-as-turnes-de-madonna-no-brasil-fa-e-convidado-para-area-vip-no-rj-e-se-prepara-para-assistir-a-cantora-pela-7a-vez\/\"]}]},{\"@type\":\"ImageObject\",\"inLanguage\":\"pt-BR\",\"@id\":\"https:\/\/deputadotaveirajr.com.br\/index.php\/presente-em-todas-as-turnes-de-madonna-no-brasil-fa-e-convidado-para-area-vip-no-rj-e-se-prepara-para-assistir-a-cantora-pela-7a-vez\/#primaryimage\",\"url\":\"https:\/\/deputadotaveirajr.com.br\/wp-content\/uploads\/2024\/05\/madonna-cAbIYS.jpeg\",\"contentUrl\":\"https:\/\/deputadotaveirajr.com.br\/wp-content\/uploads\/2024\/05\/madonna-cAbIYS.jpeg\",\"width\":713,\"height\":1070},{\"@type\":\"BreadcrumbList\",\"@id\":\"https:\/\/deputadotaveirajr.com.br\/index.php\/presente-em-todas-as-turnes-de-madonna-no-brasil-fa-e-convidado-para-area-vip-no-rj-e-se-prepara-para-assistir-a-cantora-pela-7a-vez\/#breadcrumb\",\"itemListElement\":[{\"@type\":\"ListItem\",\"position\":1,\"name\":\"In\u00edcio\",\"item\":\"https:\/\/deputadotaveirajr.com.br\/\"},{\"@type\":\"ListItem\",\"position\":2,\"name\":\"Presente em todas as turn\u00eas de Madonna no Brasil, f\u00e3 \u00e9 convidado para \u00e1rea VIP no RJ e se prepara para assistir a cantora pela 7\u00aa vez\"}]},{\"@type\":\"WebSite\",\"@id\":\"https:\/\/deputadotaveirajr.com.br\/#website\",\"url\":\"https:\/\/deputadotaveirajr.com.br\/\",\"name\":\"Taveira Jr\",\"description\":\"Deputado Estadual\",\"publisher\":{\"@id\":\"https:\/\/deputadotaveirajr.com.br\/#organization\"},\"potentialAction\":[{\"@type\":\"SearchAction\",\"target\":{\"@type\":\"EntryPoint\",\"urlTemplate\":\"https:\/\/deputadotaveirajr.com.br\/?s={search_term_string}\"},\"query-input\":{\"@type\":\"PropertyValueSpecification\",\"valueRequired\":true,\"valueName\":\"search_term_string\"}}],\"inLanguage\":\"pt-BR\"},{\"@type\":\"Organization\",\"@id\":\"https:\/\/deputadotaveirajr.com.br\/#organization\",\"name\":\"Taveira Jr\",\"url\":\"https:\/\/deputadotaveirajr.com.br\/\",\"logo\":{\"@type\":\"ImageObject\",\"inLanguage\":\"pt-BR\",\"@id\":\"https:\/\/deputadotaveirajr.com.br\/#\/schema\/logo\/image\/\",\"url\":\"https:\/\/deputadotaveirajr.com.br\/wp-content\/uploads\/2026\/01\/logolow2a.png\",\"contentUrl\":\"https:\/\/deputadotaveirajr.com.br\/wp-content\/uploads\/2026\/01\/logolow2a.png\",\"width\":290,\"height\":80,\"caption\":\"Taveira Jr\"},\"image\":{\"@id\":\"https:\/\/deputadotaveirajr.com.br\/#\/schema\/logo\/image\/\"}}]}<\/script>\n<!-- \/ Yoast SEO plugin. -->","yoast_head_json":{"title":"Presente em todas as turn\u00eas de Madonna no Brasil, f\u00e3 \u00e9 convidado para \u00e1rea VIP no RJ e se prepara para assistir a cantora pela 7\u00aa vez - Taveira Jr","robots":{"index":"index","follow":"follow","max-snippet":"max-snippet:-1","max-image-preview":"max-image-preview:large","max-video-preview":"max-video-preview:-1"},"canonical":"https:\/\/deputadotaveirajr.com.br\/index.php\/presente-em-todas-as-turnes-de-madonna-no-brasil-fa-e-convidado-para-area-vip-no-rj-e-se-prepara-para-assistir-a-cantora-pela-7a-vez\/","og_locale":"pt_BR","og_type":"article","og_title":"Presente em todas as turn\u00eas de Madonna no Brasil, f\u00e3 \u00e9 convidado para \u00e1rea VIP no RJ e se prepara para assistir a cantora pela 7\u00aa vez - Taveira Jr","og_description":"Marcelo Soares administra p\u00e1gina sobre a cantora nas redes sociais e foi convidado para acompanhar o show na \u00e1rea VIP pela patrocinadora do evento. &#8216;Ansiedade boa&#8217;, diz. Marcelo em frente ...","og_url":"https:\/\/deputadotaveirajr.com.br\/index.php\/presente-em-todas-as-turnes-de-madonna-no-brasil-fa-e-convidado-para-area-vip-no-rj-e-se-prepara-para-assistir-a-cantora-pela-7a-vez\/","og_site_name":"Taveira Jr","og_image":[{"width":713,"height":1070,"url":"https:\/\/deputadotaveirajr.com.br\/wp-content\/uploads\/2024\/05\/madonna-cAbIYS.jpeg","type":"image\/jpeg"}],"twitter_card":"summary_large_image","twitter_misc":{"Est. tempo de leitura":"6 minutos"},"schema":{"@context":"https:\/\/schema.org","@graph":[{"@type":"WebPage","@id":"https:\/\/deputadotaveirajr.com.br\/index.php\/presente-em-todas-as-turnes-de-madonna-no-brasil-fa-e-convidado-para-area-vip-no-rj-e-se-prepara-para-assistir-a-cantora-pela-7a-vez\/","url":"https:\/\/deputadotaveirajr.com.br\/index.php\/presente-em-todas-as-turnes-de-madonna-no-brasil-fa-e-convidado-para-area-vip-no-rj-e-se-prepara-para-assistir-a-cantora-pela-7a-vez\/","name":"Presente em todas as turn\u00eas de Madonna no Brasil, f\u00e3 \u00e9 convidado para \u00e1rea VIP no RJ e se prepara para assistir a cantora pela 7\u00aa vez - Taveira Jr","isPartOf":{"@id":"https:\/\/deputadotaveirajr.com.br\/#website"},"primaryImageOfPage":{"@id":"https:\/\/deputadotaveirajr.com.br\/index.php\/presente-em-todas-as-turnes-de-madonna-no-brasil-fa-e-convidado-para-area-vip-no-rj-e-se-prepara-para-assistir-a-cantora-pela-7a-vez\/#primaryimage"},"image":{"@id":"https:\/\/deputadotaveirajr.com.br\/index.php\/presente-em-todas-as-turnes-de-madonna-no-brasil-fa-e-convidado-para-area-vip-no-rj-e-se-prepara-para-assistir-a-cantora-pela-7a-vez\/#primaryimage"},"thumbnailUrl":"https:\/\/deputadotaveirajr.com.br\/wp-content\/uploads\/2024\/05\/madonna-cAbIYS.jpeg","datePublished":"2024-05-04T13:01:06+00:00","breadcrumb":{"@id":"https:\/\/deputadotaveirajr.com.br\/index.php\/presente-em-todas-as-turnes-de-madonna-no-brasil-fa-e-convidado-para-area-vip-no-rj-e-se-prepara-para-assistir-a-cantora-pela-7a-vez\/#breadcrumb"},"inLanguage":"pt-BR","potentialAction":[{"@type":"ReadAction","target":["https:\/\/deputadotaveirajr.com.br\/index.php\/presente-em-todas-as-turnes-de-madonna-no-brasil-fa-e-convidado-para-area-vip-no-rj-e-se-prepara-para-assistir-a-cantora-pela-7a-vez\/"]}]},{"@type":"ImageObject","inLanguage":"pt-BR","@id":"https:\/\/deputadotaveirajr.com.br\/index.php\/presente-em-todas-as-turnes-de-madonna-no-brasil-fa-e-convidado-para-area-vip-no-rj-e-se-prepara-para-assistir-a-cantora-pela-7a-vez\/#primaryimage","url":"https:\/\/deputadotaveirajr.com.br\/wp-content\/uploads\/2024\/05\/madonna-cAbIYS.jpeg","contentUrl":"https:\/\/deputadotaveirajr.com.br\/wp-content\/uploads\/2024\/05\/madonna-cAbIYS.jpeg","width":713,"height":1070},{"@type":"BreadcrumbList","@id":"https:\/\/deputadotaveirajr.com.br\/index.php\/presente-em-todas-as-turnes-de-madonna-no-brasil-fa-e-convidado-para-area-vip-no-rj-e-se-prepara-para-assistir-a-cantora-pela-7a-vez\/#breadcrumb","itemListElement":[{"@type":"ListItem","position":1,"name":"In\u00edcio","item":"https:\/\/deputadotaveirajr.com.br\/"},{"@type":"ListItem","position":2,"name":"Presente em todas as turn\u00eas de Madonna no Brasil, f\u00e3 \u00e9 convidado para \u00e1rea VIP no RJ e se prepara para assistir a cantora pela 7\u00aa vez"}]},{"@type":"WebSite","@id":"https:\/\/deputadotaveirajr.com.br\/#website","url":"https:\/\/deputadotaveirajr.com.br\/","name":"Taveira Jr","description":"Deputado Estadual","publisher":{"@id":"https:\/\/deputadotaveirajr.com.br\/#organization"},"potentialAction":[{"@type":"SearchAction","target":{"@type":"EntryPoint","urlTemplate":"https:\/\/deputadotaveirajr.com.br\/?s={search_term_string}"},"query-input":{"@type":"PropertyValueSpecification","valueRequired":true,"valueName":"search_term_string"}}],"inLanguage":"pt-BR"},{"@type":"Organization","@id":"https:\/\/deputadotaveirajr.com.br\/#organization","name":"Taveira Jr","url":"https:\/\/deputadotaveirajr.com.br\/","logo":{"@type":"ImageObject","inLanguage":"pt-BR","@id":"https:\/\/deputadotaveirajr.com.br\/#\/schema\/logo\/image\/","url":"https:\/\/deputadotaveirajr.com.br\/wp-content\/uploads\/2026\/01\/logolow2a.png","contentUrl":"https:\/\/deputadotaveirajr.com.br\/wp-content\/uploads\/2026\/01\/logolow2a.png","width":290,"height":80,"caption":"Taveira Jr"},"image":{"@id":"https:\/\/deputadotaveirajr.com.br\/#\/schema\/logo\/image\/"}}]}},"_links":{"self":[{"href":"https:\/\/deputadotaveirajr.com.br\/index.php\/wp-json\/wp\/v2\/pages\/5971","targetHints":{"allow":["GET"]}}],"collection":[{"href":"https:\/\/deputadotaveirajr.com.br\/index.php\/wp-json\/wp\/v2\/pages"}],"about":[{"href":"https:\/\/deputadotaveirajr.com.br\/index.php\/wp-json\/wp\/v2\/types\/page"}],"replies":[{"embeddable":true,"href":"https:\/\/deputadotaveirajr.com.br\/index.php\/wp-json\/wp\/v2\/comments?post=5971"}],"version-history":[{"count":1,"href":"https:\/\/deputadotaveirajr.com.br\/index.php\/wp-json\/wp\/v2\/pages\/5971\/revisions"}],"predecessor-version":[{"id":5973,"href":"https:\/\/deputadotaveirajr.com.br\/index.php\/wp-json\/wp\/v2\/pages\/5971\/revisions\/5973"}],"wp:featuredmedia":[{"embeddable":true,"href":"https:\/\/deputadotaveirajr.com.br\/index.php\/wp-json\/wp\/v2\/media\/5972"}],"wp:attachment":[{"href":"https:\/\/deputadotaveirajr.com.br\/index.php\/wp-json\/wp\/v2\/media?parent=5971"}],"curies":[{"name":"wp","href":"https:\/\/api.w.org\/{rel}","templated":true}]}}