{"id":5976,"date":"2024-05-04T14:16:14","date_gmt":"2024-05-04T17:16:14","guid":{"rendered":"https:\/\/deputadotaveirajr.com.br\/?page_id=5976"},"modified":"2024-05-04T14:16:14","modified_gmt":"2024-05-04T17:16:14","slug":"fugitivos-da-penitenciaria-federal-de-mossoro-recebem-novo-mandado-de-prisao-e-sao-indiciados-por-roubo-e-furto","status":"publish","type":"page","link":"https:\/\/deputadotaveirajr.com.br\/index.php\/fugitivos-da-penitenciaria-federal-de-mossoro-recebem-novo-mandado-de-prisao-e-sao-indiciados-por-roubo-e-furto\/","title":{"rendered":"Fugitivos da Penitenci\u00e1ria Federal de Mossor\u00f3 recebem novo mandado de pris\u00e3o e s\u00e3o indiciados por roubo e furto"},"content":{"rendered":"<p>     Crimes aconteceram em fevereiro, ap\u00f3s Deibson Nascimento e Rog\u00e9rio Mendon\u00e7a protagonizarem primeira fuga da hist\u00f3ria no sistema penitenci\u00e1rio federal. Eles foram recapturados dia 4 de abril no Par\u00e1. Rog\u00e9rio Mendon\u00e7a e Deibson Nascimento, no dia em que foram recapturados<br \/>\nPF\/Divulga\u00e7\u00e3o<br \/>\nA Pol\u00edcia Civil do Rio Grande do Norte cumpriu novos mandados de pris\u00e3o e indiciou nesta sexta-feira (3) a dupla que fugiu da Penitenci\u00e1ria Federal de Mossor\u00f3 em fevereiro deste ano por mais dois crimes.<br \/>\nDeibson Cabral Nascimento, 33 anos, e Rog\u00e9rio da Silva Mendon\u00e7a, 35, v\u00e3o responder por roubo majorado e furto qualificado cometidos durante a fuga &#8211; a primeira da hist\u00f3ria do sistema penitenci\u00e1rio federal.<br \/>\nA dupla foi recapturada no dia 4 de abril na cidade de Marab\u00e1, no Par\u00e1 e voltou para a penitenci\u00e1ria de onde havia escapado cerca de 50 dias antes.<br \/>\nSe forem condenados pelos novos crimes, Deibson e Rog\u00e9rio poder\u00e3o receber mais 18 anos de pena, cada um, segundo o delegado Paulo Torres, da Delegacia de Furtos e Roubos de Mossor\u00f3, respons\u00e1vel pelas investiga\u00e7\u00f5es.<br \/>\nOs policiais foram nesta sexta (3) \u00e0 Penitenci\u00e1ria Federal para cumprir o mandado e informar o indiciamento aos presos.<br \/>\nLEIA TAMB\u00c9M<br \/>\nV\u00eddeo mostra o momento da pris\u00e3o dos fugitivos de pres\u00eddio de Mossor\u00f3<br \/>\nAp\u00f3s 50 dias, PF e PRF recapturam no Par\u00e1 foragidos da penitenci\u00e1ria federal de Mossor\u00f3<br \/>\nVeja como foram os 50 dias de buscas pelos fugitivos<br \/>\nFugitivos de pres\u00eddio federal viajaram de barco por seis dias do Cear\u00e1 ao Par\u00e1<br \/>\nOs novos mandados de pris\u00e3o preventiva contra os dois foram determinados pela Justi\u00e7a pela pr\u00e1tica de roubo majorado. O crime aconteceu na noite do dia 16 de mar\u00e7o.<br \/>\nNa ocasi\u00e3o, a dupla invadiu uma casa, fez um casal de moradores ref\u00e9m, obrigou a mulher a fazer uma refei\u00e7\u00e3o para eles e fugiu do local com alimentos e celulares.<br \/>\nO outro crime, de furto, aconteceu no mesmo dia da fuga, 14 de fevereiro. Os criminosos arrombaram uma casa e roubaram roupas, um par de t\u00eanis e comida.<br \/>\n&#8220;Deibson permaneceu calado, mas Rog\u00e9rio confessou o roubo majorado, durante o depoimento. Falou que eles primeiro invadiram a casa e esperaram os moradores chegarem. Eles estavam com uma ripa, um peda\u00e7o de madeira, como arma&#8221;, disse o delegado.<br \/>\nAinda de acordo com Paulo Torres, o acesso aos celulares das v\u00edtimas foi o que mais facilitou o contato dos fugitivos com a rede de apoio montada por uma fac\u00e7\u00e3o criminosa para tir\u00e1-los do Rio Grande do Norte.<br \/>\nPasso a passo dos fugitivos de Mossor\u00f3 at\u00e9 serem recapturados no Par\u00e1<br \/>\nArte\/g1<br \/>\nCondena\u00e7\u00f5es<br \/>\nJuntos, Deibson e Rog\u00e9rio t\u00eam mais de 80 processos judiciais no Tribunal de Justi\u00e7a do Acre &#8211; estado de onde sa\u00edram transferidos para o Rio Grande do Norte &#8211; e somam 155 anos em condena\u00e7\u00f5es, de acordo com o Instituto de Administra\u00e7\u00e3o Penitenci\u00e1ria do Acre.<br \/>\nEles s\u00e3o ligados ao Comando Vermelho, de acordo com o Minist\u00e9rio da Justi\u00e7a. A fac\u00e7\u00e3o \u00e9 a de Fernandinho Beira-Mar, que tamb\u00e9m estava preso na unidade federal de Mossor\u00f3.<br \/>\nImagens exclusivas mostram a pris\u00e3o dos fugitivos de Mossor\u00f3<br \/>\nA dupla foi transferida para o pres\u00eddio federal de Mossor\u00f3 em 27 de setembro do ano passado ap\u00f3s se envolver em uma rebeli\u00e3o no pres\u00eddio de seguran\u00e7a m\u00e1xima Ant\u00f4nio Amaro, em Rio Branco. A rebeli\u00e3o resultou na morte de cinco detentos, tr\u00eas deles decapitados.<br \/>\nRog\u00e9rio da Silva Mendon\u00e7a responde a mais de 50 processos, entre os quais constam os crimes de homic\u00eddio e roubo. Ele \u00e9 condenado a 74 anos de pris\u00e3o, somadas as penas.<br \/>\nJ\u00e1 Deibson Cabral Nascimento tem o nome ligado a mais de 30 processos e responde por crimes de organiza\u00e7\u00e3o criminosa, tr\u00e1fico de drogas e roubo. Ele tem 81 anos de pris\u00e3o em condena\u00e7\u00f5es.<br \/>\nVeja os v\u00eddeos mais assistidos no g1 RN<\/p>","protected":false},"excerpt":{"rendered":"<p>Crimes aconteceram em fevereiro, ap\u00f3s Deibson Nascimento e Rog\u00e9rio Mendon\u00e7a protagonizarem primeira fuga da hist\u00f3ria no sistema penitenci\u00e1rio federal. Eles foram recapturados dia 4 de abril no Par\u00e1. Rog\u00e9rio Mendon\u00e7a &#8230;<\/p>\n","protected":false},"author":0,"featured_media":5977,"parent":0,"menu_order":0,"comment_status":"closed","ping_status":"closed","template":"","meta":{"footnotes":""},"class_list":["post-5976","page","type-page","status-publish","has-post-thumbnail","hentry"],"yoast_head":"<!-- This site is optimized with the Yoast SEO plugin v27.1.1 - https:\/\/yoast.com\/product\/yoast-seo-wordpress\/ -->\n<title>Fugitivos da Penitenci\u00e1ria Federal de Mossor\u00f3 recebem novo mandado de pris\u00e3o e s\u00e3o indiciados por roubo e furto - Taveira Jr<\/title>\n<meta name=\"robots\" content=\"index, follow, max-snippet:-1, max-image-preview:large, max-video-preview:-1\" \/>\n<link rel=\"canonical\" href=\"https:\/\/deputadotaveirajr.com.br\/index.php\/fugitivos-da-penitenciaria-federal-de-mossoro-recebem-novo-mandado-de-prisao-e-sao-indiciados-por-roubo-e-furto\/\" \/>\n<meta property=\"og:locale\" content=\"pt_BR\" \/>\n<meta property=\"og:type\" content=\"article\" \/>\n<meta property=\"og:title\" content=\"Fugitivos da Penitenci\u00e1ria Federal de Mossor\u00f3 recebem novo mandado de pris\u00e3o e s\u00e3o indiciados por roubo e furto - Taveira Jr\" \/>\n<meta property=\"og:description\" content=\"Crimes aconteceram em fevereiro, ap\u00f3s Deibson Nascimento e Rog\u00e9rio Mendon\u00e7a protagonizarem primeira fuga da hist\u00f3ria no sistema penitenci\u00e1rio federal. Eles foram recapturados dia 4 de abril no Par\u00e1. Rog\u00e9rio Mendon\u00e7a ...\" \/>\n<meta property=\"og:url\" content=\"https:\/\/deputadotaveirajr.com.br\/index.php\/fugitivos-da-penitenciaria-federal-de-mossoro-recebem-novo-mandado-de-prisao-e-sao-indiciados-por-roubo-e-furto\/\" \/>\n<meta property=\"og:site_name\" content=\"Taveira Jr\" \/>\n<meta property=\"og:image\" content=\"https:\/\/deputadotaveirajr.com.br\/wp-content\/uploads\/2024\/05\/estrada-da-vida-5-147vjt.jpeg\" \/>\n\t<meta property=\"og:image:width\" content=\"640\" \/>\n\t<meta property=\"og:image:height\" content=\"440\" \/>\n\t<meta property=\"og:image:type\" content=\"image\/jpeg\" \/>\n<meta name=\"twitter:card\" content=\"summary_large_image\" \/>\n<meta name=\"twitter:label1\" content=\"Est. tempo de leitura\" \/>\n\t<meta name=\"twitter:data1\" content=\"3 minutos\" \/>\n<script type=\"application\/ld+json\" class=\"yoast-schema-graph\">{\"@context\":\"https:\/\/schema.org\",\"@graph\":[{\"@type\":\"WebPage\",\"@id\":\"https:\/\/deputadotaveirajr.com.br\/index.php\/fugitivos-da-penitenciaria-federal-de-mossoro-recebem-novo-mandado-de-prisao-e-sao-indiciados-por-roubo-e-furto\/\",\"url\":\"https:\/\/deputadotaveirajr.com.br\/index.php\/fugitivos-da-penitenciaria-federal-de-mossoro-recebem-novo-mandado-de-prisao-e-sao-indiciados-por-roubo-e-furto\/\",\"name\":\"Fugitivos da Penitenci\u00e1ria Federal de Mossor\u00f3 recebem novo mandado de pris\u00e3o e s\u00e3o indiciados por roubo e furto - Taveira Jr\",\"isPartOf\":{\"@id\":\"https:\/\/deputadotaveirajr.com.br\/#website\"},\"primaryImageOfPage\":{\"@id\":\"https:\/\/deputadotaveirajr.com.br\/index.php\/fugitivos-da-penitenciaria-federal-de-mossoro-recebem-novo-mandado-de-prisao-e-sao-indiciados-por-roubo-e-furto\/#primaryimage\"},\"image\":{\"@id\":\"https:\/\/deputadotaveirajr.com.br\/index.php\/fugitivos-da-penitenciaria-federal-de-mossoro-recebem-novo-mandado-de-prisao-e-sao-indiciados-por-roubo-e-furto\/#primaryimage\"},\"thumbnailUrl\":\"https:\/\/deputadotaveirajr.com.br\/wp-content\/uploads\/2024\/05\/estrada-da-vida-5-147vjt.jpeg\",\"datePublished\":\"2024-05-04T17:16:14+00:00\",\"breadcrumb\":{\"@id\":\"https:\/\/deputadotaveirajr.com.br\/index.php\/fugitivos-da-penitenciaria-federal-de-mossoro-recebem-novo-mandado-de-prisao-e-sao-indiciados-por-roubo-e-furto\/#breadcrumb\"},\"inLanguage\":\"pt-BR\",\"potentialAction\":[{\"@type\":\"ReadAction\",\"target\":[\"https:\/\/deputadotaveirajr.com.br\/index.php\/fugitivos-da-penitenciaria-federal-de-mossoro-recebem-novo-mandado-de-prisao-e-sao-indiciados-por-roubo-e-furto\/\"]}]},{\"@type\":\"ImageObject\",\"inLanguage\":\"pt-BR\",\"@id\":\"https:\/\/deputadotaveirajr.com.br\/index.php\/fugitivos-da-penitenciaria-federal-de-mossoro-recebem-novo-mandado-de-prisao-e-sao-indiciados-por-roubo-e-furto\/#primaryimage\",\"url\":\"https:\/\/deputadotaveirajr.com.br\/wp-content\/uploads\/2024\/05\/estrada-da-vida-5-147vjt.jpeg\",\"contentUrl\":\"https:\/\/deputadotaveirajr.com.br\/wp-content\/uploads\/2024\/05\/estrada-da-vida-5-147vjt.jpeg\",\"width\":640,\"height\":440},{\"@type\":\"BreadcrumbList\",\"@id\":\"https:\/\/deputadotaveirajr.com.br\/index.php\/fugitivos-da-penitenciaria-federal-de-mossoro-recebem-novo-mandado-de-prisao-e-sao-indiciados-por-roubo-e-furto\/#breadcrumb\",\"itemListElement\":[{\"@type\":\"ListItem\",\"position\":1,\"name\":\"In\u00edcio\",\"item\":\"https:\/\/deputadotaveirajr.com.br\/\"},{\"@type\":\"ListItem\",\"position\":2,\"name\":\"Fugitivos da Penitenci\u00e1ria Federal de Mossor\u00f3 recebem novo mandado de pris\u00e3o e s\u00e3o indiciados por roubo e furto\"}]},{\"@type\":\"WebSite\",\"@id\":\"https:\/\/deputadotaveirajr.com.br\/#website\",\"url\":\"https:\/\/deputadotaveirajr.com.br\/\",\"name\":\"Taveira Jr\",\"description\":\"Deputado Estadual\",\"publisher\":{\"@id\":\"https:\/\/deputadotaveirajr.com.br\/#organization\"},\"potentialAction\":[{\"@type\":\"SearchAction\",\"target\":{\"@type\":\"EntryPoint\",\"urlTemplate\":\"https:\/\/deputadotaveirajr.com.br\/?s={search_term_string}\"},\"query-input\":{\"@type\":\"PropertyValueSpecification\",\"valueRequired\":true,\"valueName\":\"search_term_string\"}}],\"inLanguage\":\"pt-BR\"},{\"@type\":\"Organization\",\"@id\":\"https:\/\/deputadotaveirajr.com.br\/#organization\",\"name\":\"Taveira Jr\",\"url\":\"https:\/\/deputadotaveirajr.com.br\/\",\"logo\":{\"@type\":\"ImageObject\",\"inLanguage\":\"pt-BR\",\"@id\":\"https:\/\/deputadotaveirajr.com.br\/#\/schema\/logo\/image\/\",\"url\":\"https:\/\/deputadotaveirajr.com.br\/wp-content\/uploads\/2026\/01\/logolow2a.png\",\"contentUrl\":\"https:\/\/deputadotaveirajr.com.br\/wp-content\/uploads\/2026\/01\/logolow2a.png\",\"width\":290,\"height\":80,\"caption\":\"Taveira Jr\"},\"image\":{\"@id\":\"https:\/\/deputadotaveirajr.com.br\/#\/schema\/logo\/image\/\"}}]}<\/script>\n<!-- \/ Yoast SEO plugin. -->","yoast_head_json":{"title":"Fugitivos da Penitenci\u00e1ria Federal de Mossor\u00f3 recebem novo mandado de pris\u00e3o e s\u00e3o indiciados por roubo e furto - Taveira Jr","robots":{"index":"index","follow":"follow","max-snippet":"max-snippet:-1","max-image-preview":"max-image-preview:large","max-video-preview":"max-video-preview:-1"},"canonical":"https:\/\/deputadotaveirajr.com.br\/index.php\/fugitivos-da-penitenciaria-federal-de-mossoro-recebem-novo-mandado-de-prisao-e-sao-indiciados-por-roubo-e-furto\/","og_locale":"pt_BR","og_type":"article","og_title":"Fugitivos da Penitenci\u00e1ria Federal de Mossor\u00f3 recebem novo mandado de pris\u00e3o e s\u00e3o indiciados por roubo e furto - Taveira Jr","og_description":"Crimes aconteceram em fevereiro, ap\u00f3s Deibson Nascimento e Rog\u00e9rio Mendon\u00e7a protagonizarem primeira fuga da hist\u00f3ria no sistema penitenci\u00e1rio federal. Eles foram recapturados dia 4 de abril no Par\u00e1. Rog\u00e9rio Mendon\u00e7a ...","og_url":"https:\/\/deputadotaveirajr.com.br\/index.php\/fugitivos-da-penitenciaria-federal-de-mossoro-recebem-novo-mandado-de-prisao-e-sao-indiciados-por-roubo-e-furto\/","og_site_name":"Taveira Jr","og_image":[{"width":640,"height":440,"url":"https:\/\/deputadotaveirajr.com.br\/wp-content\/uploads\/2024\/05\/estrada-da-vida-5-147vjt.jpeg","type":"image\/jpeg"}],"twitter_card":"summary_large_image","twitter_misc":{"Est. tempo de leitura":"3 minutos"},"schema":{"@context":"https:\/\/schema.org","@graph":[{"@type":"WebPage","@id":"https:\/\/deputadotaveirajr.com.br\/index.php\/fugitivos-da-penitenciaria-federal-de-mossoro-recebem-novo-mandado-de-prisao-e-sao-indiciados-por-roubo-e-furto\/","url":"https:\/\/deputadotaveirajr.com.br\/index.php\/fugitivos-da-penitenciaria-federal-de-mossoro-recebem-novo-mandado-de-prisao-e-sao-indiciados-por-roubo-e-furto\/","name":"Fugitivos da Penitenci\u00e1ria Federal de Mossor\u00f3 recebem novo mandado de pris\u00e3o e s\u00e3o indiciados por roubo e furto - Taveira Jr","isPartOf":{"@id":"https:\/\/deputadotaveirajr.com.br\/#website"},"primaryImageOfPage":{"@id":"https:\/\/deputadotaveirajr.com.br\/index.php\/fugitivos-da-penitenciaria-federal-de-mossoro-recebem-novo-mandado-de-prisao-e-sao-indiciados-por-roubo-e-furto\/#primaryimage"},"image":{"@id":"https:\/\/deputadotaveirajr.com.br\/index.php\/fugitivos-da-penitenciaria-federal-de-mossoro-recebem-novo-mandado-de-prisao-e-sao-indiciados-por-roubo-e-furto\/#primaryimage"},"thumbnailUrl":"https:\/\/deputadotaveirajr.com.br\/wp-content\/uploads\/2024\/05\/estrada-da-vida-5-147vjt.jpeg","datePublished":"2024-05-04T17:16:14+00:00","breadcrumb":{"@id":"https:\/\/deputadotaveirajr.com.br\/index.php\/fugitivos-da-penitenciaria-federal-de-mossoro-recebem-novo-mandado-de-prisao-e-sao-indiciados-por-roubo-e-furto\/#breadcrumb"},"inLanguage":"pt-BR","potentialAction":[{"@type":"ReadAction","target":["https:\/\/deputadotaveirajr.com.br\/index.php\/fugitivos-da-penitenciaria-federal-de-mossoro-recebem-novo-mandado-de-prisao-e-sao-indiciados-por-roubo-e-furto\/"]}]},{"@type":"ImageObject","inLanguage":"pt-BR","@id":"https:\/\/deputadotaveirajr.com.br\/index.php\/fugitivos-da-penitenciaria-federal-de-mossoro-recebem-novo-mandado-de-prisao-e-sao-indiciados-por-roubo-e-furto\/#primaryimage","url":"https:\/\/deputadotaveirajr.com.br\/wp-content\/uploads\/2024\/05\/estrada-da-vida-5-147vjt.jpeg","contentUrl":"https:\/\/deputadotaveirajr.com.br\/wp-content\/uploads\/2024\/05\/estrada-da-vida-5-147vjt.jpeg","width":640,"height":440},{"@type":"BreadcrumbList","@id":"https:\/\/deputadotaveirajr.com.br\/index.php\/fugitivos-da-penitenciaria-federal-de-mossoro-recebem-novo-mandado-de-prisao-e-sao-indiciados-por-roubo-e-furto\/#breadcrumb","itemListElement":[{"@type":"ListItem","position":1,"name":"In\u00edcio","item":"https:\/\/deputadotaveirajr.com.br\/"},{"@type":"ListItem","position":2,"name":"Fugitivos da Penitenci\u00e1ria Federal de Mossor\u00f3 recebem novo mandado de pris\u00e3o e s\u00e3o indiciados por roubo e furto"}]},{"@type":"WebSite","@id":"https:\/\/deputadotaveirajr.com.br\/#website","url":"https:\/\/deputadotaveirajr.com.br\/","name":"Taveira Jr","description":"Deputado Estadual","publisher":{"@id":"https:\/\/deputadotaveirajr.com.br\/#organization"},"potentialAction":[{"@type":"SearchAction","target":{"@type":"EntryPoint","urlTemplate":"https:\/\/deputadotaveirajr.com.br\/?s={search_term_string}"},"query-input":{"@type":"PropertyValueSpecification","valueRequired":true,"valueName":"search_term_string"}}],"inLanguage":"pt-BR"},{"@type":"Organization","@id":"https:\/\/deputadotaveirajr.com.br\/#organization","name":"Taveira Jr","url":"https:\/\/deputadotaveirajr.com.br\/","logo":{"@type":"ImageObject","inLanguage":"pt-BR","@id":"https:\/\/deputadotaveirajr.com.br\/#\/schema\/logo\/image\/","url":"https:\/\/deputadotaveirajr.com.br\/wp-content\/uploads\/2026\/01\/logolow2a.png","contentUrl":"https:\/\/deputadotaveirajr.com.br\/wp-content\/uploads\/2026\/01\/logolow2a.png","width":290,"height":80,"caption":"Taveira Jr"},"image":{"@id":"https:\/\/deputadotaveirajr.com.br\/#\/schema\/logo\/image\/"}}]}},"_links":{"self":[{"href":"https:\/\/deputadotaveirajr.com.br\/index.php\/wp-json\/wp\/v2\/pages\/5976","targetHints":{"allow":["GET"]}}],"collection":[{"href":"https:\/\/deputadotaveirajr.com.br\/index.php\/wp-json\/wp\/v2\/pages"}],"about":[{"href":"https:\/\/deputadotaveirajr.com.br\/index.php\/wp-json\/wp\/v2\/types\/page"}],"replies":[{"embeddable":true,"href":"https:\/\/deputadotaveirajr.com.br\/index.php\/wp-json\/wp\/v2\/comments?post=5976"}],"version-history":[{"count":1,"href":"https:\/\/deputadotaveirajr.com.br\/index.php\/wp-json\/wp\/v2\/pages\/5976\/revisions"}],"predecessor-version":[{"id":5981,"href":"https:\/\/deputadotaveirajr.com.br\/index.php\/wp-json\/wp\/v2\/pages\/5976\/revisions\/5981"}],"wp:featuredmedia":[{"embeddable":true,"href":"https:\/\/deputadotaveirajr.com.br\/index.php\/wp-json\/wp\/v2\/media\/5977"}],"wp:attachment":[{"href":"https:\/\/deputadotaveirajr.com.br\/index.php\/wp-json\/wp\/v2\/media?parent=5976"}],"curies":[{"name":"wp","href":"https:\/\/api.w.org\/{rel}","templated":true}]}}