{"id":6008,"date":"2024-05-06T15:24:20","date_gmt":"2024-05-06T18:24:20","guid":{"rendered":"https:\/\/deputadotaveirajr.com.br\/?page_id=6008"},"modified":"2024-05-06T15:24:20","modified_gmt":"2024-05-06T18:24:20","slug":"eleitores-enfrentam-filas-em-forum-de-natal-para-regularizar-titulo-a-dois-dias-do-fim-do-prazo","status":"publish","type":"page","link":"https:\/\/deputadotaveirajr.com.br\/index.php\/eleitores-enfrentam-filas-em-forum-de-natal-para-regularizar-titulo-a-dois-dias-do-fim-do-prazo\/","title":{"rendered":"Eleitores enfrentam filas em f\u00f3rum de Natal para regularizar t\u00edtulo a dois dias do fim do prazo"},"content":{"rendered":"<p>     Prazo para regulariza\u00e7\u00e3o termina nesta quarta (8). TRE estendeu hor\u00e1rio de atendimento em todos os cart\u00f3rios do estado. Eleitores enfrentam filas em f\u00f3rum de Natal para regularizar t\u00edtulo a dois dias do fim do prazo<br \/>\nLayssa Vilela\/Inter TV Cabugi<br \/>\nCentenas de pessoas formaram fila na sede do Tribunal Regional Eleitoral em Natal nesta segunda-feira (6) para regularizar o t\u00edtulo de eleitor. O prazo para regulariza\u00e7\u00e3o termina na quarta (8).<br \/>\nDe acordo com o TRE, nos \u00faltimos tr\u00eas dias de cadastro eleitoral para o pleito de 2024 (6, 7 e 8 de maio), todos os cart\u00f3rios do Rio Grande do Norte v\u00e3o atender das 8h \u00e0s 18h com refor\u00e7o na equipe de atendimento ao p\u00fablico.<br \/>\nConsulte aqui a situa\u00e7\u00e3o eleitoral para saber se o t\u00edtulo de eleitor est\u00e1 regular e se voc\u00ea tem identifica\u00e7\u00e3o biom\u00e9trica na Justi\u00e7a Eleitoral.<br \/>\nAtendimento presencial<br \/>\nSomente dois servi\u00e7os podem ser solicitados exclusivamente de forma presencial: a emiss\u00e3o do primeiro t\u00edtulo e a coleta da biometria.<br \/>\nServi\u00e7o pela internet<br \/>\nPara conferir se o cadastro eleitoral est\u00e1 regular ou para alterar dados pessoais, o eleitor nem precisa sair de casa, na maior parte dos casos. A p\u00e1gina do Tribunal Superior Eleitoral oferece os servi\u00e7os. Entre eles:<br \/>\n\u25b6\ufe0f acompanhar a solicita\u00e7\u00e3o do novo documento ou da regulariza\u00e7\u00e3o;<br \/>\n\u25b6\ufe0f atualizar dados cadastrais e transferir o t\u00edtulo para outro munic\u00edpio;<br \/>\n\u25b6\ufe0f incluir a identidade de g\u00eanero e o nome social;<br \/>\n\u25b6\ufe0f consultar locais de vota\u00e7\u00e3o e o n\u00famero do t\u00edtulo eleitoral, al\u00e9m de imprimir o documento;<br \/>\nCaso seja necess\u00e1rio resolver a quest\u00e3o presencialmente, o sistema faz um alerta e indica o cart\u00f3rio eleitoral adequado para o procedimento.<br \/>\nA Justi\u00e7a Eleitoral alerta que a solicita\u00e7\u00e3o feita pela internet, por si s\u00f3, n\u00e3o resolve as pend\u00eancias. \u00c9 preciso apresentar os documentos exigidos, para que as informa\u00e7\u00f5es sejam efetivamente analisadas e as quest\u00f5es sejam resolvidas.<\/p>","protected":false},"excerpt":{"rendered":"<p>Prazo para regulariza\u00e7\u00e3o termina nesta quarta (8). TRE estendeu hor\u00e1rio de atendimento em todos os cart\u00f3rios do estado. Eleitores enfrentam filas em f\u00f3rum de Natal para regularizar t\u00edtulo a dois &#8230;<\/p>\n","protected":false},"author":0,"featured_media":6009,"parent":0,"menu_order":0,"comment_status":"closed","ping_status":"closed","template":"","meta":{"footnotes":""},"class_list":["post-6008","page","type-page","status-publish","has-post-thumbnail","hentry"],"yoast_head":"<!-- This site is optimized with the Yoast SEO plugin v27.1.1 - https:\/\/yoast.com\/product\/yoast-seo-wordpress\/ -->\n<title>Eleitores enfrentam filas em f\u00f3rum de Natal para regularizar t\u00edtulo a dois dias do fim do prazo - Taveira Jr<\/title>\n<meta name=\"robots\" content=\"index, follow, max-snippet:-1, max-image-preview:large, max-video-preview:-1\" \/>\n<link rel=\"canonical\" href=\"https:\/\/deputadotaveirajr.com.br\/index.php\/eleitores-enfrentam-filas-em-forum-de-natal-para-regularizar-titulo-a-dois-dias-do-fim-do-prazo\/\" \/>\n<meta property=\"og:locale\" content=\"pt_BR\" \/>\n<meta property=\"og:type\" content=\"article\" \/>\n<meta property=\"og:title\" content=\"Eleitores enfrentam filas em f\u00f3rum de Natal para regularizar t\u00edtulo a dois dias do fim do prazo - Taveira Jr\" \/>\n<meta property=\"og:description\" content=\"Prazo para regulariza\u00e7\u00e3o termina nesta quarta (8). TRE estendeu hor\u00e1rio de atendimento em todos os cart\u00f3rios do estado. Eleitores enfrentam filas em f\u00f3rum de Natal para regularizar t\u00edtulo a dois ...\" \/>\n<meta property=\"og:url\" content=\"https:\/\/deputadotaveirajr.com.br\/index.php\/eleitores-enfrentam-filas-em-forum-de-natal-para-regularizar-titulo-a-dois-dias-do-fim-do-prazo\/\" \/>\n<meta property=\"og:site_name\" content=\"Taveira Jr\" \/>\n<meta property=\"og:image\" content=\"https:\/\/deputadotaveirajr.com.br\/wp-content\/uploads\/2024\/05\/whatsapp-image-2024-05-06-at-11.07.19-LVUhLA.jpeg\" \/>\n\t<meta property=\"og:image:width\" content=\"1600\" \/>\n\t<meta property=\"og:image:height\" content=\"1200\" \/>\n\t<meta property=\"og:image:type\" content=\"image\/jpeg\" \/>\n<meta name=\"twitter:card\" content=\"summary_large_image\" \/>\n<meta name=\"twitter:label1\" content=\"Est. tempo de leitura\" \/>\n\t<meta name=\"twitter:data1\" content=\"2 minutos\" \/>\n<script type=\"application\/ld+json\" class=\"yoast-schema-graph\">{\"@context\":\"https:\/\/schema.org\",\"@graph\":[{\"@type\":\"WebPage\",\"@id\":\"https:\/\/deputadotaveirajr.com.br\/index.php\/eleitores-enfrentam-filas-em-forum-de-natal-para-regularizar-titulo-a-dois-dias-do-fim-do-prazo\/\",\"url\":\"https:\/\/deputadotaveirajr.com.br\/index.php\/eleitores-enfrentam-filas-em-forum-de-natal-para-regularizar-titulo-a-dois-dias-do-fim-do-prazo\/\",\"name\":\"Eleitores enfrentam filas em f\u00f3rum de Natal para regularizar t\u00edtulo a dois dias do fim do prazo - Taveira Jr\",\"isPartOf\":{\"@id\":\"https:\/\/deputadotaveirajr.com.br\/#website\"},\"primaryImageOfPage\":{\"@id\":\"https:\/\/deputadotaveirajr.com.br\/index.php\/eleitores-enfrentam-filas-em-forum-de-natal-para-regularizar-titulo-a-dois-dias-do-fim-do-prazo\/#primaryimage\"},\"image\":{\"@id\":\"https:\/\/deputadotaveirajr.com.br\/index.php\/eleitores-enfrentam-filas-em-forum-de-natal-para-regularizar-titulo-a-dois-dias-do-fim-do-prazo\/#primaryimage\"},\"thumbnailUrl\":\"https:\/\/deputadotaveirajr.com.br\/wp-content\/uploads\/2024\/05\/whatsapp-image-2024-05-06-at-11.07.19-LVUhLA.jpeg\",\"datePublished\":\"2024-05-06T18:24:20+00:00\",\"breadcrumb\":{\"@id\":\"https:\/\/deputadotaveirajr.com.br\/index.php\/eleitores-enfrentam-filas-em-forum-de-natal-para-regularizar-titulo-a-dois-dias-do-fim-do-prazo\/#breadcrumb\"},\"inLanguage\":\"pt-BR\",\"potentialAction\":[{\"@type\":\"ReadAction\",\"target\":[\"https:\/\/deputadotaveirajr.com.br\/index.php\/eleitores-enfrentam-filas-em-forum-de-natal-para-regularizar-titulo-a-dois-dias-do-fim-do-prazo\/\"]}]},{\"@type\":\"ImageObject\",\"inLanguage\":\"pt-BR\",\"@id\":\"https:\/\/deputadotaveirajr.com.br\/index.php\/eleitores-enfrentam-filas-em-forum-de-natal-para-regularizar-titulo-a-dois-dias-do-fim-do-prazo\/#primaryimage\",\"url\":\"https:\/\/deputadotaveirajr.com.br\/wp-content\/uploads\/2024\/05\/whatsapp-image-2024-05-06-at-11.07.19-LVUhLA.jpeg\",\"contentUrl\":\"https:\/\/deputadotaveirajr.com.br\/wp-content\/uploads\/2024\/05\/whatsapp-image-2024-05-06-at-11.07.19-LVUhLA.jpeg\",\"width\":1600,\"height\":1200},{\"@type\":\"BreadcrumbList\",\"@id\":\"https:\/\/deputadotaveirajr.com.br\/index.php\/eleitores-enfrentam-filas-em-forum-de-natal-para-regularizar-titulo-a-dois-dias-do-fim-do-prazo\/#breadcrumb\",\"itemListElement\":[{\"@type\":\"ListItem\",\"position\":1,\"name\":\"In\u00edcio\",\"item\":\"https:\/\/deputadotaveirajr.com.br\/\"},{\"@type\":\"ListItem\",\"position\":2,\"name\":\"Eleitores enfrentam filas em f\u00f3rum de Natal para regularizar t\u00edtulo a dois dias do fim do prazo\"}]},{\"@type\":\"WebSite\",\"@id\":\"https:\/\/deputadotaveirajr.com.br\/#website\",\"url\":\"https:\/\/deputadotaveirajr.com.br\/\",\"name\":\"Taveira Jr\",\"description\":\"Deputado Estadual\",\"publisher\":{\"@id\":\"https:\/\/deputadotaveirajr.com.br\/#organization\"},\"potentialAction\":[{\"@type\":\"SearchAction\",\"target\":{\"@type\":\"EntryPoint\",\"urlTemplate\":\"https:\/\/deputadotaveirajr.com.br\/?s={search_term_string}\"},\"query-input\":{\"@type\":\"PropertyValueSpecification\",\"valueRequired\":true,\"valueName\":\"search_term_string\"}}],\"inLanguage\":\"pt-BR\"},{\"@type\":\"Organization\",\"@id\":\"https:\/\/deputadotaveirajr.com.br\/#organization\",\"name\":\"Taveira Jr\",\"url\":\"https:\/\/deputadotaveirajr.com.br\/\",\"logo\":{\"@type\":\"ImageObject\",\"inLanguage\":\"pt-BR\",\"@id\":\"https:\/\/deputadotaveirajr.com.br\/#\/schema\/logo\/image\/\",\"url\":\"https:\/\/deputadotaveirajr.com.br\/wp-content\/uploads\/2026\/01\/logolow2a.png\",\"contentUrl\":\"https:\/\/deputadotaveirajr.com.br\/wp-content\/uploads\/2026\/01\/logolow2a.png\",\"width\":290,\"height\":80,\"caption\":\"Taveira Jr\"},\"image\":{\"@id\":\"https:\/\/deputadotaveirajr.com.br\/#\/schema\/logo\/image\/\"}}]}<\/script>\n<!-- \/ Yoast SEO plugin. -->","yoast_head_json":{"title":"Eleitores enfrentam filas em f\u00f3rum de Natal para regularizar t\u00edtulo a dois dias do fim do prazo - Taveira Jr","robots":{"index":"index","follow":"follow","max-snippet":"max-snippet:-1","max-image-preview":"max-image-preview:large","max-video-preview":"max-video-preview:-1"},"canonical":"https:\/\/deputadotaveirajr.com.br\/index.php\/eleitores-enfrentam-filas-em-forum-de-natal-para-regularizar-titulo-a-dois-dias-do-fim-do-prazo\/","og_locale":"pt_BR","og_type":"article","og_title":"Eleitores enfrentam filas em f\u00f3rum de Natal para regularizar t\u00edtulo a dois dias do fim do prazo - Taveira Jr","og_description":"Prazo para regulariza\u00e7\u00e3o termina nesta quarta (8). TRE estendeu hor\u00e1rio de atendimento em todos os cart\u00f3rios do estado. Eleitores enfrentam filas em f\u00f3rum de Natal para regularizar t\u00edtulo a dois ...","og_url":"https:\/\/deputadotaveirajr.com.br\/index.php\/eleitores-enfrentam-filas-em-forum-de-natal-para-regularizar-titulo-a-dois-dias-do-fim-do-prazo\/","og_site_name":"Taveira Jr","og_image":[{"width":1600,"height":1200,"url":"https:\/\/deputadotaveirajr.com.br\/wp-content\/uploads\/2024\/05\/whatsapp-image-2024-05-06-at-11.07.19-LVUhLA.jpeg","type":"image\/jpeg"}],"twitter_card":"summary_large_image","twitter_misc":{"Est. tempo de leitura":"2 minutos"},"schema":{"@context":"https:\/\/schema.org","@graph":[{"@type":"WebPage","@id":"https:\/\/deputadotaveirajr.com.br\/index.php\/eleitores-enfrentam-filas-em-forum-de-natal-para-regularizar-titulo-a-dois-dias-do-fim-do-prazo\/","url":"https:\/\/deputadotaveirajr.com.br\/index.php\/eleitores-enfrentam-filas-em-forum-de-natal-para-regularizar-titulo-a-dois-dias-do-fim-do-prazo\/","name":"Eleitores enfrentam filas em f\u00f3rum de Natal para regularizar t\u00edtulo a dois dias do fim do prazo - Taveira Jr","isPartOf":{"@id":"https:\/\/deputadotaveirajr.com.br\/#website"},"primaryImageOfPage":{"@id":"https:\/\/deputadotaveirajr.com.br\/index.php\/eleitores-enfrentam-filas-em-forum-de-natal-para-regularizar-titulo-a-dois-dias-do-fim-do-prazo\/#primaryimage"},"image":{"@id":"https:\/\/deputadotaveirajr.com.br\/index.php\/eleitores-enfrentam-filas-em-forum-de-natal-para-regularizar-titulo-a-dois-dias-do-fim-do-prazo\/#primaryimage"},"thumbnailUrl":"https:\/\/deputadotaveirajr.com.br\/wp-content\/uploads\/2024\/05\/whatsapp-image-2024-05-06-at-11.07.19-LVUhLA.jpeg","datePublished":"2024-05-06T18:24:20+00:00","breadcrumb":{"@id":"https:\/\/deputadotaveirajr.com.br\/index.php\/eleitores-enfrentam-filas-em-forum-de-natal-para-regularizar-titulo-a-dois-dias-do-fim-do-prazo\/#breadcrumb"},"inLanguage":"pt-BR","potentialAction":[{"@type":"ReadAction","target":["https:\/\/deputadotaveirajr.com.br\/index.php\/eleitores-enfrentam-filas-em-forum-de-natal-para-regularizar-titulo-a-dois-dias-do-fim-do-prazo\/"]}]},{"@type":"ImageObject","inLanguage":"pt-BR","@id":"https:\/\/deputadotaveirajr.com.br\/index.php\/eleitores-enfrentam-filas-em-forum-de-natal-para-regularizar-titulo-a-dois-dias-do-fim-do-prazo\/#primaryimage","url":"https:\/\/deputadotaveirajr.com.br\/wp-content\/uploads\/2024\/05\/whatsapp-image-2024-05-06-at-11.07.19-LVUhLA.jpeg","contentUrl":"https:\/\/deputadotaveirajr.com.br\/wp-content\/uploads\/2024\/05\/whatsapp-image-2024-05-06-at-11.07.19-LVUhLA.jpeg","width":1600,"height":1200},{"@type":"BreadcrumbList","@id":"https:\/\/deputadotaveirajr.com.br\/index.php\/eleitores-enfrentam-filas-em-forum-de-natal-para-regularizar-titulo-a-dois-dias-do-fim-do-prazo\/#breadcrumb","itemListElement":[{"@type":"ListItem","position":1,"name":"In\u00edcio","item":"https:\/\/deputadotaveirajr.com.br\/"},{"@type":"ListItem","position":2,"name":"Eleitores enfrentam filas em f\u00f3rum de Natal para regularizar t\u00edtulo a dois dias do fim do prazo"}]},{"@type":"WebSite","@id":"https:\/\/deputadotaveirajr.com.br\/#website","url":"https:\/\/deputadotaveirajr.com.br\/","name":"Taveira Jr","description":"Deputado Estadual","publisher":{"@id":"https:\/\/deputadotaveirajr.com.br\/#organization"},"potentialAction":[{"@type":"SearchAction","target":{"@type":"EntryPoint","urlTemplate":"https:\/\/deputadotaveirajr.com.br\/?s={search_term_string}"},"query-input":{"@type":"PropertyValueSpecification","valueRequired":true,"valueName":"search_term_string"}}],"inLanguage":"pt-BR"},{"@type":"Organization","@id":"https:\/\/deputadotaveirajr.com.br\/#organization","name":"Taveira Jr","url":"https:\/\/deputadotaveirajr.com.br\/","logo":{"@type":"ImageObject","inLanguage":"pt-BR","@id":"https:\/\/deputadotaveirajr.com.br\/#\/schema\/logo\/image\/","url":"https:\/\/deputadotaveirajr.com.br\/wp-content\/uploads\/2026\/01\/logolow2a.png","contentUrl":"https:\/\/deputadotaveirajr.com.br\/wp-content\/uploads\/2026\/01\/logolow2a.png","width":290,"height":80,"caption":"Taveira Jr"},"image":{"@id":"https:\/\/deputadotaveirajr.com.br\/#\/schema\/logo\/image\/"}}]}},"_links":{"self":[{"href":"https:\/\/deputadotaveirajr.com.br\/index.php\/wp-json\/wp\/v2\/pages\/6008","targetHints":{"allow":["GET"]}}],"collection":[{"href":"https:\/\/deputadotaveirajr.com.br\/index.php\/wp-json\/wp\/v2\/pages"}],"about":[{"href":"https:\/\/deputadotaveirajr.com.br\/index.php\/wp-json\/wp\/v2\/types\/page"}],"replies":[{"embeddable":true,"href":"https:\/\/deputadotaveirajr.com.br\/index.php\/wp-json\/wp\/v2\/comments?post=6008"}],"version-history":[{"count":1,"href":"https:\/\/deputadotaveirajr.com.br\/index.php\/wp-json\/wp\/v2\/pages\/6008\/revisions"}],"predecessor-version":[{"id":6011,"href":"https:\/\/deputadotaveirajr.com.br\/index.php\/wp-json\/wp\/v2\/pages\/6008\/revisions\/6011"}],"wp:featuredmedia":[{"embeddable":true,"href":"https:\/\/deputadotaveirajr.com.br\/index.php\/wp-json\/wp\/v2\/media\/6009"}],"wp:attachment":[{"href":"https:\/\/deputadotaveirajr.com.br\/index.php\/wp-json\/wp\/v2\/media?parent=6008"}],"curies":[{"name":"wp","href":"https:\/\/api.w.org\/{rel}","templated":true}]}}