{"id":6024,"date":"2024-05-07T13:28:18","date_gmt":"2024-05-07T16:28:18","guid":{"rendered":"https:\/\/deputadotaveirajr.com.br\/?page_id=6024"},"modified":"2024-05-07T13:28:18","modified_gmt":"2024-05-07T16:28:18","slug":"incendio-no-morro-do-careca-atingiu-730-metros-quadrados-e-teve-origem-indeterminada-aponta-laudo","status":"publish","type":"page","link":"https:\/\/deputadotaveirajr.com.br\/index.php\/incendio-no-morro-do-careca-atingiu-730-metros-quadrados-e-teve-origem-indeterminada-aponta-laudo\/","title":{"rendered":"Inc\u00eandio no Morro do Careca atingiu 730 metros quadrados e teve &#8216;origem indeterminada&#8217;, aponta laudo"},"content":{"rendered":"<p>     Itep divulgou laudo nesta ter\u00e7a (7). Inc\u00eandio atingiu o Morro do Careca em 6 de fevereiro. Itep e PF fizeram per\u00edcia em \u00e1rea atingida por inc\u00eandio no Morro do Careca<br \/>\nDivulga\u00e7\u00e3o\/Itep<br \/>\nO inc\u00eandio que atingiu o Morro do Careca em fevereiro deste ano queimou uma \u00e1rea aproximada de 730 metros quadrados e teve &#8220;causa indeterminada&#8221;. \u00c9 o que aponta o laudo do Instituto T\u00e9cnico-Cient\u00edfico de Per\u00edcia (Itep) divulgado nesta ter\u00e7a (7).<br \/>\nDe acordo com o documento, foram encontradas garrafas de cerveja, copos pl\u00e1sticos e palitos de f\u00f3sforo riscado na \u00e1rea onde possivelmente o inc\u00eandio come\u00e7ou, mas isso por si s\u00f3 n\u00e3o \u00e9 suficiente para comprovar que houve a\u00e7\u00e3o humana no inc\u00eandio.<br \/>\nO Itep realizou a coleta de poss\u00edvel material biol\u00f3gico (DNA de contato) a partir da superf\u00edcie de madeira dos palitos de f\u00f3sforo. Esse material foi enviado ao Laborat\u00f3rio de Gen\u00e9tica Forense para an\u00e1lise da viabilidade de obten\u00e7\u00e3o do perfil gen\u00e9tico com o objetivo de identificar eventuais suspeitos de terem provocado o inc\u00eandio. No entanto, at\u00e9 a publica\u00e7\u00e3o do laudo o exame n\u00e3o havia sido conclu\u00eddo.<br \/>\nInc\u00eandio no Morro do Careca<br \/>\nHelic\u00f3ptero Potiguar I busca \u00e1gua do mar para jogar sobre os focos de inc\u00eandio no Morro do Careca<br \/>\nReprodu\u00e7\u00e3o<br \/>\nUm inc\u00eandio atingiu o Morro Careca por volta das 21h do dia 6 de fevereiro deste ano. Os bombeiros foram acionados, o fogo chegou a ser controlado na manh\u00e3 do dia 7, ap\u00f3s mais de 10 horas de atua\u00e7\u00e3o dos militares, mas voltou a atingir a \u00e1rea no fim da tarde.<br \/>\nO helic\u00f3ptero Potiguar I, da Secretaria Estadual de Seguran\u00e7a P\u00fablica (Sesed), foi utilizado para buscar \u00e1gua no mar e jogar sobre os focos de inc\u00eandio. Segundo o Centro Integrado de Opera\u00e7\u00f5es A\u00e9reas (Ciopaer), foram realizados 32 lan\u00e7amentos de helibalde, um equipamento utilizado pela aeronave para transportar \u00e1gua. Ao todo, somente pelo helic\u00f3ptero, foram lan\u00e7ados sobre o fogo mais de 10 mil litros de \u00e1gua.<br \/>\n\u00c1rea de preserva\u00e7\u00e3o ambiental<br \/>\nO Morro do Careca \u00e9 o principal cart\u00e3o postal de Natal, tem 120 metros que faz parte da Zona de Prote\u00e7\u00e3o Ambiental 6 (ZPA-6). Trata-se de um bem da Uni\u00e3o e \u00e1rea militar, e, por isso, tem seu acesso restrito e controlado pelo comando do Centro de Lan\u00e7amento da Barreira do Inferno (CLBI).<br \/>\nInc\u00eandio atingiu o Morro do Careca em 6 de fevereiro<br \/>\nRedes sociais<\/p>","protected":false},"excerpt":{"rendered":"<p>Itep divulgou laudo nesta ter\u00e7a (7). Inc\u00eandio atingiu o Morro do Careca em 6 de fevereiro. Itep e PF fizeram per\u00edcia em \u00e1rea atingida por inc\u00eandio no Morro do Careca &#8230;<\/p>\n","protected":false},"author":0,"featured_media":6025,"parent":0,"menu_order":0,"comment_status":"closed","ping_status":"closed","template":"","meta":{"footnotes":""},"class_list":["post-6024","page","type-page","status-publish","has-post-thumbnail","hentry"],"yoast_head":"<!-- This site is optimized with the Yoast SEO plugin v27.1.1 - https:\/\/yoast.com\/product\/yoast-seo-wordpress\/ -->\n<title>Inc\u00eandio no Morro do Careca atingiu 730 metros quadrados e teve &#039;origem indeterminada&#039;, aponta laudo - Taveira Jr<\/title>\n<meta name=\"robots\" content=\"index, follow, max-snippet:-1, max-image-preview:large, max-video-preview:-1\" \/>\n<link rel=\"canonical\" href=\"https:\/\/deputadotaveirajr.com.br\/index.php\/incendio-no-morro-do-careca-atingiu-730-metros-quadrados-e-teve-origem-indeterminada-aponta-laudo\/\" \/>\n<meta property=\"og:locale\" content=\"pt_BR\" \/>\n<meta property=\"og:type\" content=\"article\" \/>\n<meta property=\"og:title\" content=\"Inc\u00eandio no Morro do Careca atingiu 730 metros quadrados e teve &#039;origem indeterminada&#039;, aponta laudo - Taveira Jr\" \/>\n<meta property=\"og:description\" content=\"Itep divulgou laudo nesta ter\u00e7a (7). Inc\u00eandio atingiu o Morro do Careca em 6 de fevereiro. Itep e PF fizeram per\u00edcia em \u00e1rea atingida por inc\u00eandio no Morro do Careca ...\" \/>\n<meta property=\"og:url\" content=\"https:\/\/deputadotaveirajr.com.br\/index.php\/incendio-no-morro-do-careca-atingiu-730-metros-quadrados-e-teve-origem-indeterminada-aponta-laudo\/\" \/>\n<meta property=\"og:site_name\" content=\"Taveira Jr\" \/>\n<meta property=\"og:image\" content=\"https:\/\/deputadotaveirajr.com.br\/wp-content\/uploads\/2024\/05\/whatsapp-image-2024-02-07-at-12.09.59-p7iWcz.jpeg\" \/>\n\t<meta property=\"og:image:width\" content=\"1280\" \/>\n\t<meta property=\"og:image:height\" content=\"853\" \/>\n\t<meta property=\"og:image:type\" content=\"image\/jpeg\" \/>\n<meta name=\"twitter:card\" content=\"summary_large_image\" \/>\n<meta name=\"twitter:label1\" content=\"Est. tempo de leitura\" \/>\n\t<meta name=\"twitter:data1\" content=\"2 minutos\" \/>\n<script type=\"application\/ld+json\" class=\"yoast-schema-graph\">{\"@context\":\"https:\/\/schema.org\",\"@graph\":[{\"@type\":\"WebPage\",\"@id\":\"https:\/\/deputadotaveirajr.com.br\/index.php\/incendio-no-morro-do-careca-atingiu-730-metros-quadrados-e-teve-origem-indeterminada-aponta-laudo\/\",\"url\":\"https:\/\/deputadotaveirajr.com.br\/index.php\/incendio-no-morro-do-careca-atingiu-730-metros-quadrados-e-teve-origem-indeterminada-aponta-laudo\/\",\"name\":\"Inc\u00eandio no Morro do Careca atingiu 730 metros quadrados e teve 'origem indeterminada', aponta laudo - Taveira Jr\",\"isPartOf\":{\"@id\":\"https:\/\/deputadotaveirajr.com.br\/#website\"},\"primaryImageOfPage\":{\"@id\":\"https:\/\/deputadotaveirajr.com.br\/index.php\/incendio-no-morro-do-careca-atingiu-730-metros-quadrados-e-teve-origem-indeterminada-aponta-laudo\/#primaryimage\"},\"image\":{\"@id\":\"https:\/\/deputadotaveirajr.com.br\/index.php\/incendio-no-morro-do-careca-atingiu-730-metros-quadrados-e-teve-origem-indeterminada-aponta-laudo\/#primaryimage\"},\"thumbnailUrl\":\"https:\/\/deputadotaveirajr.com.br\/wp-content\/uploads\/2024\/05\/whatsapp-image-2024-02-07-at-12.09.59-p7iWcz.jpeg\",\"datePublished\":\"2024-05-07T16:28:18+00:00\",\"breadcrumb\":{\"@id\":\"https:\/\/deputadotaveirajr.com.br\/index.php\/incendio-no-morro-do-careca-atingiu-730-metros-quadrados-e-teve-origem-indeterminada-aponta-laudo\/#breadcrumb\"},\"inLanguage\":\"pt-BR\",\"potentialAction\":[{\"@type\":\"ReadAction\",\"target\":[\"https:\/\/deputadotaveirajr.com.br\/index.php\/incendio-no-morro-do-careca-atingiu-730-metros-quadrados-e-teve-origem-indeterminada-aponta-laudo\/\"]}]},{\"@type\":\"ImageObject\",\"inLanguage\":\"pt-BR\",\"@id\":\"https:\/\/deputadotaveirajr.com.br\/index.php\/incendio-no-morro-do-careca-atingiu-730-metros-quadrados-e-teve-origem-indeterminada-aponta-laudo\/#primaryimage\",\"url\":\"https:\/\/deputadotaveirajr.com.br\/wp-content\/uploads\/2024\/05\/whatsapp-image-2024-02-07-at-12.09.59-p7iWcz.jpeg\",\"contentUrl\":\"https:\/\/deputadotaveirajr.com.br\/wp-content\/uploads\/2024\/05\/whatsapp-image-2024-02-07-at-12.09.59-p7iWcz.jpeg\",\"width\":1280,\"height\":853},{\"@type\":\"BreadcrumbList\",\"@id\":\"https:\/\/deputadotaveirajr.com.br\/index.php\/incendio-no-morro-do-careca-atingiu-730-metros-quadrados-e-teve-origem-indeterminada-aponta-laudo\/#breadcrumb\",\"itemListElement\":[{\"@type\":\"ListItem\",\"position\":1,\"name\":\"In\u00edcio\",\"item\":\"https:\/\/deputadotaveirajr.com.br\/\"},{\"@type\":\"ListItem\",\"position\":2,\"name\":\"Inc\u00eandio no Morro do Careca atingiu 730 metros quadrados e teve &#8216;origem indeterminada&#8217;, aponta laudo\"}]},{\"@type\":\"WebSite\",\"@id\":\"https:\/\/deputadotaveirajr.com.br\/#website\",\"url\":\"https:\/\/deputadotaveirajr.com.br\/\",\"name\":\"Taveira Jr\",\"description\":\"Deputado Estadual\",\"publisher\":{\"@id\":\"https:\/\/deputadotaveirajr.com.br\/#organization\"},\"potentialAction\":[{\"@type\":\"SearchAction\",\"target\":{\"@type\":\"EntryPoint\",\"urlTemplate\":\"https:\/\/deputadotaveirajr.com.br\/?s={search_term_string}\"},\"query-input\":{\"@type\":\"PropertyValueSpecification\",\"valueRequired\":true,\"valueName\":\"search_term_string\"}}],\"inLanguage\":\"pt-BR\"},{\"@type\":\"Organization\",\"@id\":\"https:\/\/deputadotaveirajr.com.br\/#organization\",\"name\":\"Taveira Jr\",\"url\":\"https:\/\/deputadotaveirajr.com.br\/\",\"logo\":{\"@type\":\"ImageObject\",\"inLanguage\":\"pt-BR\",\"@id\":\"https:\/\/deputadotaveirajr.com.br\/#\/schema\/logo\/image\/\",\"url\":\"https:\/\/deputadotaveirajr.com.br\/wp-content\/uploads\/2026\/01\/logolow2a.png\",\"contentUrl\":\"https:\/\/deputadotaveirajr.com.br\/wp-content\/uploads\/2026\/01\/logolow2a.png\",\"width\":290,\"height\":80,\"caption\":\"Taveira Jr\"},\"image\":{\"@id\":\"https:\/\/deputadotaveirajr.com.br\/#\/schema\/logo\/image\/\"}}]}<\/script>\n<!-- \/ Yoast SEO plugin. -->","yoast_head_json":{"title":"Inc\u00eandio no Morro do Careca atingiu 730 metros quadrados e teve 'origem indeterminada', aponta laudo - Taveira Jr","robots":{"index":"index","follow":"follow","max-snippet":"max-snippet:-1","max-image-preview":"max-image-preview:large","max-video-preview":"max-video-preview:-1"},"canonical":"https:\/\/deputadotaveirajr.com.br\/index.php\/incendio-no-morro-do-careca-atingiu-730-metros-quadrados-e-teve-origem-indeterminada-aponta-laudo\/","og_locale":"pt_BR","og_type":"article","og_title":"Inc\u00eandio no Morro do Careca atingiu 730 metros quadrados e teve 'origem indeterminada', aponta laudo - Taveira Jr","og_description":"Itep divulgou laudo nesta ter\u00e7a (7). Inc\u00eandio atingiu o Morro do Careca em 6 de fevereiro. Itep e PF fizeram per\u00edcia em \u00e1rea atingida por inc\u00eandio no Morro do Careca ...","og_url":"https:\/\/deputadotaveirajr.com.br\/index.php\/incendio-no-morro-do-careca-atingiu-730-metros-quadrados-e-teve-origem-indeterminada-aponta-laudo\/","og_site_name":"Taveira Jr","og_image":[{"width":1280,"height":853,"url":"https:\/\/deputadotaveirajr.com.br\/wp-content\/uploads\/2024\/05\/whatsapp-image-2024-02-07-at-12.09.59-p7iWcz.jpeg","type":"image\/jpeg"}],"twitter_card":"summary_large_image","twitter_misc":{"Est. tempo de leitura":"2 minutos"},"schema":{"@context":"https:\/\/schema.org","@graph":[{"@type":"WebPage","@id":"https:\/\/deputadotaveirajr.com.br\/index.php\/incendio-no-morro-do-careca-atingiu-730-metros-quadrados-e-teve-origem-indeterminada-aponta-laudo\/","url":"https:\/\/deputadotaveirajr.com.br\/index.php\/incendio-no-morro-do-careca-atingiu-730-metros-quadrados-e-teve-origem-indeterminada-aponta-laudo\/","name":"Inc\u00eandio no Morro do Careca atingiu 730 metros quadrados e teve 'origem indeterminada', aponta laudo - Taveira Jr","isPartOf":{"@id":"https:\/\/deputadotaveirajr.com.br\/#website"},"primaryImageOfPage":{"@id":"https:\/\/deputadotaveirajr.com.br\/index.php\/incendio-no-morro-do-careca-atingiu-730-metros-quadrados-e-teve-origem-indeterminada-aponta-laudo\/#primaryimage"},"image":{"@id":"https:\/\/deputadotaveirajr.com.br\/index.php\/incendio-no-morro-do-careca-atingiu-730-metros-quadrados-e-teve-origem-indeterminada-aponta-laudo\/#primaryimage"},"thumbnailUrl":"https:\/\/deputadotaveirajr.com.br\/wp-content\/uploads\/2024\/05\/whatsapp-image-2024-02-07-at-12.09.59-p7iWcz.jpeg","datePublished":"2024-05-07T16:28:18+00:00","breadcrumb":{"@id":"https:\/\/deputadotaveirajr.com.br\/index.php\/incendio-no-morro-do-careca-atingiu-730-metros-quadrados-e-teve-origem-indeterminada-aponta-laudo\/#breadcrumb"},"inLanguage":"pt-BR","potentialAction":[{"@type":"ReadAction","target":["https:\/\/deputadotaveirajr.com.br\/index.php\/incendio-no-morro-do-careca-atingiu-730-metros-quadrados-e-teve-origem-indeterminada-aponta-laudo\/"]}]},{"@type":"ImageObject","inLanguage":"pt-BR","@id":"https:\/\/deputadotaveirajr.com.br\/index.php\/incendio-no-morro-do-careca-atingiu-730-metros-quadrados-e-teve-origem-indeterminada-aponta-laudo\/#primaryimage","url":"https:\/\/deputadotaveirajr.com.br\/wp-content\/uploads\/2024\/05\/whatsapp-image-2024-02-07-at-12.09.59-p7iWcz.jpeg","contentUrl":"https:\/\/deputadotaveirajr.com.br\/wp-content\/uploads\/2024\/05\/whatsapp-image-2024-02-07-at-12.09.59-p7iWcz.jpeg","width":1280,"height":853},{"@type":"BreadcrumbList","@id":"https:\/\/deputadotaveirajr.com.br\/index.php\/incendio-no-morro-do-careca-atingiu-730-metros-quadrados-e-teve-origem-indeterminada-aponta-laudo\/#breadcrumb","itemListElement":[{"@type":"ListItem","position":1,"name":"In\u00edcio","item":"https:\/\/deputadotaveirajr.com.br\/"},{"@type":"ListItem","position":2,"name":"Inc\u00eandio no Morro do Careca atingiu 730 metros quadrados e teve &#8216;origem indeterminada&#8217;, aponta laudo"}]},{"@type":"WebSite","@id":"https:\/\/deputadotaveirajr.com.br\/#website","url":"https:\/\/deputadotaveirajr.com.br\/","name":"Taveira Jr","description":"Deputado Estadual","publisher":{"@id":"https:\/\/deputadotaveirajr.com.br\/#organization"},"potentialAction":[{"@type":"SearchAction","target":{"@type":"EntryPoint","urlTemplate":"https:\/\/deputadotaveirajr.com.br\/?s={search_term_string}"},"query-input":{"@type":"PropertyValueSpecification","valueRequired":true,"valueName":"search_term_string"}}],"inLanguage":"pt-BR"},{"@type":"Organization","@id":"https:\/\/deputadotaveirajr.com.br\/#organization","name":"Taveira Jr","url":"https:\/\/deputadotaveirajr.com.br\/","logo":{"@type":"ImageObject","inLanguage":"pt-BR","@id":"https:\/\/deputadotaveirajr.com.br\/#\/schema\/logo\/image\/","url":"https:\/\/deputadotaveirajr.com.br\/wp-content\/uploads\/2026\/01\/logolow2a.png","contentUrl":"https:\/\/deputadotaveirajr.com.br\/wp-content\/uploads\/2026\/01\/logolow2a.png","width":290,"height":80,"caption":"Taveira Jr"},"image":{"@id":"https:\/\/deputadotaveirajr.com.br\/#\/schema\/logo\/image\/"}}]}},"_links":{"self":[{"href":"https:\/\/deputadotaveirajr.com.br\/index.php\/wp-json\/wp\/v2\/pages\/6024","targetHints":{"allow":["GET"]}}],"collection":[{"href":"https:\/\/deputadotaveirajr.com.br\/index.php\/wp-json\/wp\/v2\/pages"}],"about":[{"href":"https:\/\/deputadotaveirajr.com.br\/index.php\/wp-json\/wp\/v2\/types\/page"}],"replies":[{"embeddable":true,"href":"https:\/\/deputadotaveirajr.com.br\/index.php\/wp-json\/wp\/v2\/comments?post=6024"}],"version-history":[{"count":1,"href":"https:\/\/deputadotaveirajr.com.br\/index.php\/wp-json\/wp\/v2\/pages\/6024\/revisions"}],"predecessor-version":[{"id":6031,"href":"https:\/\/deputadotaveirajr.com.br\/index.php\/wp-json\/wp\/v2\/pages\/6024\/revisions\/6031"}],"wp:featuredmedia":[{"embeddable":true,"href":"https:\/\/deputadotaveirajr.com.br\/index.php\/wp-json\/wp\/v2\/media\/6025"}],"wp:attachment":[{"href":"https:\/\/deputadotaveirajr.com.br\/index.php\/wp-json\/wp\/v2\/media?parent=6024"}],"curies":[{"name":"wp","href":"https:\/\/api.w.org\/{rel}","templated":true}]}}