{"id":6091,"date":"2024-05-10T13:37:07","date_gmt":"2024-05-10T16:37:07","guid":{"rendered":"https:\/\/deputadotaveirajr.com.br\/?page_id=6091"},"modified":"2024-05-10T13:37:07","modified_gmt":"2024-05-10T16:37:07","slug":"exposicao-bordados-do-serido-retrata-a-arte-da-mulher-potiguar","status":"publish","type":"page","link":"https:\/\/deputadotaveirajr.com.br\/index.php\/exposicao-bordados-do-serido-retrata-a-arte-da-mulher-potiguar\/","title":{"rendered":"Exposi\u00e7\u00e3o \u2018Bordados do Serid\u00f3\u2019 retrata a arte da mulher potiguar"},"content":{"rendered":"<p>     Com acesso gratuito, a exposi\u00e7\u00e3o  do artista visual Andrey Salvador permanecer\u00e1 em cartaz na Pinacoteca do Estado at\u00e9 o dia 2 de junho. Exposi\u00e7\u00e3o \u2018Bordados do Serid\u00f3\u2019 retrata a arte da mulher potiguar<br \/>\nAndrey Salvador<br \/>\nA paix\u00e3o pelas tradi\u00e7\u00f5es potiguares, pela moda e pela fotografia despertou no artista visual Andrey Salvador o desejo de registrar um dos patrim\u00f4nios imateriais do Rio Grande do Norte e do Brasil: o bordado do Serid\u00f3. O resultado desse trabalho est\u00e1 evidenciado na exposi\u00e7\u00e3o \u201cBordados do Serid\u00f3 &#8211; A Arte da Mulher Potiguar\u201d, que acontece na Pinacoteca do Estado, em Natal.<br \/>\nO evento promete uma experi\u00eancia imersiva na riqueza cultural e na habilidade art\u00edstica das mulheres do Serid\u00f3. Com acesso gratuito, a exposi\u00e7\u00e3o permanecer\u00e1 em cartaz at\u00e9 o dia 2 de junho.<br \/>\nCada obra capturada por Andrey Salvador destaca a beleza do bordado e tamb\u00e9m revela a hist\u00f3ria emocional por tr\u00e1s dessa arte transmitida de gera\u00e7\u00e3o em gera\u00e7\u00e3o pelas mulheres potiguares.<br \/>\nSobre Andrey Salvador<br \/>\nO artista visual emerge como uma figura proeminente na cena cultural do RN, destacando-se por sua versatilidade e inova\u00e7\u00e3o em diversas express\u00f5es art\u00edsticas. Com 14 anos de carreira, tem influenciado a cultura potiguar atrav\u00e9s de suas contribui\u00e7\u00f5es para o cen\u00e1rio art\u00edstico.<br \/>\nO reconhecimento nacional de seu trabalho, evidenciado pela sele\u00e7\u00e3o no concurso &#8220;Movimento HotSpot&#8221;, destaca n\u00e3o apenas seu talento individual, mas tamb\u00e9m a vitalidade da produ\u00e7\u00e3o art\u00edstica no estado.<br \/>\nServi\u00e7o<br \/>\nExposi\u00e7\u00e3o \u201cBordados do Serid\u00f3 &#8211; A Arte da Mulher Potiguar&#8221; | Andrey Salvador.<br \/>\n\ud83d\uddd3\ufe0f Visita\u00e7\u00e3o: at\u00e9 dia 2 de junho de 2024: de ter\u00e7a a sexta, das 8h \u00e0s 17h; e aos s\u00e1bados e domingos, das 9h \u00e0s 16h.<br \/>\n\ud83c\udf9f\ufe0f Entrada gratuita.<br \/>\n\ud83d\udccd Pal\u00e1cio Potengi | Pinacoteca do Estado &#8211; Pra\u00e7a Sete de Setembro Cidade Alta. Natal (RN).<br \/>\nExposi\u00e7\u00e3o \u2018Bordados do Serid\u00f3\u2019 retrata a arte da mulher potiguar<br \/>\nAndrey Salvador<\/p>","protected":false},"excerpt":{"rendered":"<p>Com acesso gratuito, a exposi\u00e7\u00e3o do artista visual Andrey Salvador permanecer\u00e1 em cartaz na Pinacoteca do Estado at\u00e9 o dia 2 de junho. Exposi\u00e7\u00e3o \u2018Bordados do Serid\u00f3\u2019 retrata a arte &#8230;<\/p>\n","protected":false},"author":0,"featured_media":6092,"parent":0,"menu_order":0,"comment_status":"closed","ping_status":"closed","template":"","meta":{"footnotes":""},"class_list":["post-6091","page","type-page","status-publish","has-post-thumbnail","hentry"],"yoast_head":"<!-- This site is optimized with the Yoast SEO plugin v27.1.1 - https:\/\/yoast.com\/product\/yoast-seo-wordpress\/ -->\n<title>Exposi\u00e7\u00e3o \u2018Bordados do Serid\u00f3\u2019 retrata a arte da mulher potiguar - Taveira Jr<\/title>\n<meta name=\"robots\" content=\"index, follow, max-snippet:-1, max-image-preview:large, max-video-preview:-1\" \/>\n<link rel=\"canonical\" href=\"https:\/\/deputadotaveirajr.com.br\/index.php\/exposicao-bordados-do-serido-retrata-a-arte-da-mulher-potiguar\/\" \/>\n<meta property=\"og:locale\" content=\"pt_BR\" \/>\n<meta property=\"og:type\" content=\"article\" \/>\n<meta property=\"og:title\" content=\"Exposi\u00e7\u00e3o \u2018Bordados do Serid\u00f3\u2019 retrata a arte da mulher potiguar - Taveira Jr\" \/>\n<meta property=\"og:description\" content=\"Com acesso gratuito, a exposi\u00e7\u00e3o do artista visual Andrey Salvador permanecer\u00e1 em cartaz na Pinacoteca do Estado at\u00e9 o dia 2 de junho. Exposi\u00e7\u00e3o \u2018Bordados do Serid\u00f3\u2019 retrata a arte ...\" \/>\n<meta property=\"og:url\" content=\"https:\/\/deputadotaveirajr.com.br\/index.php\/exposicao-bordados-do-serido-retrata-a-arte-da-mulher-potiguar\/\" \/>\n<meta property=\"og:site_name\" content=\"Taveira Jr\" \/>\n<meta property=\"og:image\" content=\"https:\/\/deputadotaveirajr.com.br\/wp-content\/uploads\/2024\/05\/foto-bordada-por-lucimara-alves-d2vone-scaled.jpeg\" \/>\n\t<meta property=\"og:image:width\" content=\"2560\" \/>\n\t<meta property=\"og:image:height\" content=\"1741\" \/>\n\t<meta property=\"og:image:type\" content=\"image\/jpeg\" \/>\n<meta name=\"twitter:card\" content=\"summary_large_image\" \/>\n<meta name=\"twitter:label1\" content=\"Est. tempo de leitura\" \/>\n\t<meta name=\"twitter:data1\" content=\"2 minutos\" \/>\n<script type=\"application\/ld+json\" class=\"yoast-schema-graph\">{\"@context\":\"https:\/\/schema.org\",\"@graph\":[{\"@type\":\"WebPage\",\"@id\":\"https:\/\/deputadotaveirajr.com.br\/index.php\/exposicao-bordados-do-serido-retrata-a-arte-da-mulher-potiguar\/\",\"url\":\"https:\/\/deputadotaveirajr.com.br\/index.php\/exposicao-bordados-do-serido-retrata-a-arte-da-mulher-potiguar\/\",\"name\":\"Exposi\u00e7\u00e3o \u2018Bordados do Serid\u00f3\u2019 retrata a arte da mulher potiguar - Taveira Jr\",\"isPartOf\":{\"@id\":\"https:\/\/deputadotaveirajr.com.br\/#website\"},\"primaryImageOfPage\":{\"@id\":\"https:\/\/deputadotaveirajr.com.br\/index.php\/exposicao-bordados-do-serido-retrata-a-arte-da-mulher-potiguar\/#primaryimage\"},\"image\":{\"@id\":\"https:\/\/deputadotaveirajr.com.br\/index.php\/exposicao-bordados-do-serido-retrata-a-arte-da-mulher-potiguar\/#primaryimage\"},\"thumbnailUrl\":\"https:\/\/deputadotaveirajr.com.br\/wp-content\/uploads\/2024\/05\/foto-bordada-por-lucimara-alves-d2vone-scaled.jpeg\",\"datePublished\":\"2024-05-10T16:37:07+00:00\",\"breadcrumb\":{\"@id\":\"https:\/\/deputadotaveirajr.com.br\/index.php\/exposicao-bordados-do-serido-retrata-a-arte-da-mulher-potiguar\/#breadcrumb\"},\"inLanguage\":\"pt-BR\",\"potentialAction\":[{\"@type\":\"ReadAction\",\"target\":[\"https:\/\/deputadotaveirajr.com.br\/index.php\/exposicao-bordados-do-serido-retrata-a-arte-da-mulher-potiguar\/\"]}]},{\"@type\":\"ImageObject\",\"inLanguage\":\"pt-BR\",\"@id\":\"https:\/\/deputadotaveirajr.com.br\/index.php\/exposicao-bordados-do-serido-retrata-a-arte-da-mulher-potiguar\/#primaryimage\",\"url\":\"https:\/\/deputadotaveirajr.com.br\/wp-content\/uploads\/2024\/05\/foto-bordada-por-lucimara-alves-d2vone-scaled.jpeg\",\"contentUrl\":\"https:\/\/deputadotaveirajr.com.br\/wp-content\/uploads\/2024\/05\/foto-bordada-por-lucimara-alves-d2vone-scaled.jpeg\",\"width\":2560,\"height\":1741},{\"@type\":\"BreadcrumbList\",\"@id\":\"https:\/\/deputadotaveirajr.com.br\/index.php\/exposicao-bordados-do-serido-retrata-a-arte-da-mulher-potiguar\/#breadcrumb\",\"itemListElement\":[{\"@type\":\"ListItem\",\"position\":1,\"name\":\"In\u00edcio\",\"item\":\"https:\/\/deputadotaveirajr.com.br\/\"},{\"@type\":\"ListItem\",\"position\":2,\"name\":\"Exposi\u00e7\u00e3o \u2018Bordados do Serid\u00f3\u2019 retrata a arte da mulher potiguar\"}]},{\"@type\":\"WebSite\",\"@id\":\"https:\/\/deputadotaveirajr.com.br\/#website\",\"url\":\"https:\/\/deputadotaveirajr.com.br\/\",\"name\":\"Taveira Jr\",\"description\":\"Deputado Estadual\",\"publisher\":{\"@id\":\"https:\/\/deputadotaveirajr.com.br\/#organization\"},\"potentialAction\":[{\"@type\":\"SearchAction\",\"target\":{\"@type\":\"EntryPoint\",\"urlTemplate\":\"https:\/\/deputadotaveirajr.com.br\/?s={search_term_string}\"},\"query-input\":{\"@type\":\"PropertyValueSpecification\",\"valueRequired\":true,\"valueName\":\"search_term_string\"}}],\"inLanguage\":\"pt-BR\"},{\"@type\":\"Organization\",\"@id\":\"https:\/\/deputadotaveirajr.com.br\/#organization\",\"name\":\"Taveira Jr\",\"url\":\"https:\/\/deputadotaveirajr.com.br\/\",\"logo\":{\"@type\":\"ImageObject\",\"inLanguage\":\"pt-BR\",\"@id\":\"https:\/\/deputadotaveirajr.com.br\/#\/schema\/logo\/image\/\",\"url\":\"https:\/\/deputadotaveirajr.com.br\/wp-content\/uploads\/2026\/01\/logolow2a.png\",\"contentUrl\":\"https:\/\/deputadotaveirajr.com.br\/wp-content\/uploads\/2026\/01\/logolow2a.png\",\"width\":290,\"height\":80,\"caption\":\"Taveira Jr\"},\"image\":{\"@id\":\"https:\/\/deputadotaveirajr.com.br\/#\/schema\/logo\/image\/\"}}]}<\/script>\n<!-- \/ Yoast SEO plugin. -->","yoast_head_json":{"title":"Exposi\u00e7\u00e3o \u2018Bordados do Serid\u00f3\u2019 retrata a arte da mulher potiguar - Taveira Jr","robots":{"index":"index","follow":"follow","max-snippet":"max-snippet:-1","max-image-preview":"max-image-preview:large","max-video-preview":"max-video-preview:-1"},"canonical":"https:\/\/deputadotaveirajr.com.br\/index.php\/exposicao-bordados-do-serido-retrata-a-arte-da-mulher-potiguar\/","og_locale":"pt_BR","og_type":"article","og_title":"Exposi\u00e7\u00e3o \u2018Bordados do Serid\u00f3\u2019 retrata a arte da mulher potiguar - Taveira Jr","og_description":"Com acesso gratuito, a exposi\u00e7\u00e3o do artista visual Andrey Salvador permanecer\u00e1 em cartaz na Pinacoteca do Estado at\u00e9 o dia 2 de junho. Exposi\u00e7\u00e3o \u2018Bordados do Serid\u00f3\u2019 retrata a arte ...","og_url":"https:\/\/deputadotaveirajr.com.br\/index.php\/exposicao-bordados-do-serido-retrata-a-arte-da-mulher-potiguar\/","og_site_name":"Taveira Jr","og_image":[{"width":2560,"height":1741,"url":"https:\/\/deputadotaveirajr.com.br\/wp-content\/uploads\/2024\/05\/foto-bordada-por-lucimara-alves-d2vone-scaled.jpeg","type":"image\/jpeg"}],"twitter_card":"summary_large_image","twitter_misc":{"Est. tempo de leitura":"2 minutos"},"schema":{"@context":"https:\/\/schema.org","@graph":[{"@type":"WebPage","@id":"https:\/\/deputadotaveirajr.com.br\/index.php\/exposicao-bordados-do-serido-retrata-a-arte-da-mulher-potiguar\/","url":"https:\/\/deputadotaveirajr.com.br\/index.php\/exposicao-bordados-do-serido-retrata-a-arte-da-mulher-potiguar\/","name":"Exposi\u00e7\u00e3o \u2018Bordados do Serid\u00f3\u2019 retrata a arte da mulher potiguar - Taveira Jr","isPartOf":{"@id":"https:\/\/deputadotaveirajr.com.br\/#website"},"primaryImageOfPage":{"@id":"https:\/\/deputadotaveirajr.com.br\/index.php\/exposicao-bordados-do-serido-retrata-a-arte-da-mulher-potiguar\/#primaryimage"},"image":{"@id":"https:\/\/deputadotaveirajr.com.br\/index.php\/exposicao-bordados-do-serido-retrata-a-arte-da-mulher-potiguar\/#primaryimage"},"thumbnailUrl":"https:\/\/deputadotaveirajr.com.br\/wp-content\/uploads\/2024\/05\/foto-bordada-por-lucimara-alves-d2vone-scaled.jpeg","datePublished":"2024-05-10T16:37:07+00:00","breadcrumb":{"@id":"https:\/\/deputadotaveirajr.com.br\/index.php\/exposicao-bordados-do-serido-retrata-a-arte-da-mulher-potiguar\/#breadcrumb"},"inLanguage":"pt-BR","potentialAction":[{"@type":"ReadAction","target":["https:\/\/deputadotaveirajr.com.br\/index.php\/exposicao-bordados-do-serido-retrata-a-arte-da-mulher-potiguar\/"]}]},{"@type":"ImageObject","inLanguage":"pt-BR","@id":"https:\/\/deputadotaveirajr.com.br\/index.php\/exposicao-bordados-do-serido-retrata-a-arte-da-mulher-potiguar\/#primaryimage","url":"https:\/\/deputadotaveirajr.com.br\/wp-content\/uploads\/2024\/05\/foto-bordada-por-lucimara-alves-d2vone-scaled.jpeg","contentUrl":"https:\/\/deputadotaveirajr.com.br\/wp-content\/uploads\/2024\/05\/foto-bordada-por-lucimara-alves-d2vone-scaled.jpeg","width":2560,"height":1741},{"@type":"BreadcrumbList","@id":"https:\/\/deputadotaveirajr.com.br\/index.php\/exposicao-bordados-do-serido-retrata-a-arte-da-mulher-potiguar\/#breadcrumb","itemListElement":[{"@type":"ListItem","position":1,"name":"In\u00edcio","item":"https:\/\/deputadotaveirajr.com.br\/"},{"@type":"ListItem","position":2,"name":"Exposi\u00e7\u00e3o \u2018Bordados do Serid\u00f3\u2019 retrata a arte da mulher potiguar"}]},{"@type":"WebSite","@id":"https:\/\/deputadotaveirajr.com.br\/#website","url":"https:\/\/deputadotaveirajr.com.br\/","name":"Taveira Jr","description":"Deputado Estadual","publisher":{"@id":"https:\/\/deputadotaveirajr.com.br\/#organization"},"potentialAction":[{"@type":"SearchAction","target":{"@type":"EntryPoint","urlTemplate":"https:\/\/deputadotaveirajr.com.br\/?s={search_term_string}"},"query-input":{"@type":"PropertyValueSpecification","valueRequired":true,"valueName":"search_term_string"}}],"inLanguage":"pt-BR"},{"@type":"Organization","@id":"https:\/\/deputadotaveirajr.com.br\/#organization","name":"Taveira Jr","url":"https:\/\/deputadotaveirajr.com.br\/","logo":{"@type":"ImageObject","inLanguage":"pt-BR","@id":"https:\/\/deputadotaveirajr.com.br\/#\/schema\/logo\/image\/","url":"https:\/\/deputadotaveirajr.com.br\/wp-content\/uploads\/2026\/01\/logolow2a.png","contentUrl":"https:\/\/deputadotaveirajr.com.br\/wp-content\/uploads\/2026\/01\/logolow2a.png","width":290,"height":80,"caption":"Taveira Jr"},"image":{"@id":"https:\/\/deputadotaveirajr.com.br\/#\/schema\/logo\/image\/"}}]}},"_links":{"self":[{"href":"https:\/\/deputadotaveirajr.com.br\/index.php\/wp-json\/wp\/v2\/pages\/6091","targetHints":{"allow":["GET"]}}],"collection":[{"href":"https:\/\/deputadotaveirajr.com.br\/index.php\/wp-json\/wp\/v2\/pages"}],"about":[{"href":"https:\/\/deputadotaveirajr.com.br\/index.php\/wp-json\/wp\/v2\/types\/page"}],"replies":[{"embeddable":true,"href":"https:\/\/deputadotaveirajr.com.br\/index.php\/wp-json\/wp\/v2\/comments?post=6091"}],"version-history":[{"count":1,"href":"https:\/\/deputadotaveirajr.com.br\/index.php\/wp-json\/wp\/v2\/pages\/6091\/revisions"}],"predecessor-version":[{"id":6095,"href":"https:\/\/deputadotaveirajr.com.br\/index.php\/wp-json\/wp\/v2\/pages\/6091\/revisions\/6095"}],"wp:featuredmedia":[{"embeddable":true,"href":"https:\/\/deputadotaveirajr.com.br\/index.php\/wp-json\/wp\/v2\/media\/6092"}],"wp:attachment":[{"href":"https:\/\/deputadotaveirajr.com.br\/index.php\/wp-json\/wp\/v2\/media?parent=6091"}],"curies":[{"name":"wp","href":"https:\/\/api.w.org\/{rel}","templated":true}]}}