{"id":6218,"date":"2024-05-15T19:47:20","date_gmt":"2024-05-15T22:47:20","guid":{"rendered":"https:\/\/deputadotaveirajr.com.br\/?page_id=6218"},"modified":"2024-05-15T19:47:20","modified_gmt":"2024-05-15T22:47:20","slug":"marginal-da-br-101-em-natal-e-liberada-apos-interdicao-por-conta-de-vazamento","status":"publish","type":"page","link":"https:\/\/deputadotaveirajr.com.br\/index.php\/marginal-da-br-101-em-natal-e-liberada-apos-interdicao-por-conta-de-vazamento\/","title":{"rendered":"Marginal da BR-101 em Natal \u00e9 liberada ap\u00f3s interdi\u00e7\u00e3o por conta de vazamento"},"content":{"rendered":"<p>     Caern concluiu servi\u00e7o que fez asfalto ceder na segunda-feira (13) e deixou \u00f4nibus preso. Na tarde desta quarta, ve\u00edculos j\u00e1 passavam pelo local, na zona sul da cidade. Ve\u00edculos trafegavam pelo trecho normalmente na tarde desta quarta<br \/>\nKleber Teixeira\/Inter TV Cabugi<br \/>\nA via marginal da BR-101 na altura do bairro Candel\u00e1ria, na Zona Sul de Natal, foi totalmente liberada na tarde desta quarta-feira (15) para o tr\u00e1fego de ve\u00edculos.<br \/>\nO trecho havia sido interditado na segunda (13) ap\u00f3s o asfalto ceder por conta de um vazamento em uma tubula\u00e7\u00e3o da Companhia de \u00c1guas e Esgotos do Rio Grande do Norte (Caern).<br \/>\n\ud83d\udcf3Participe do canal do g1 RN no WhatsApp<br \/>\nUma equipe da Caern trabalhou na repara\u00e7\u00e3o e concuiu o servi\u00e7o no tempo que havia sido previsto pela companhia. O trecho foi liberado e na tarde desta quarta ve\u00edculos j\u00e1 passavam pelo local.<br \/>\nA marginal em quest\u00e3o fica no sentido de Natal para Parnamirim da pista, bem em frente a um supermercado da regi\u00e3o. Na manh\u00e3 desta quarta, uma faixa da pista j\u00e1 havia sido liberada.<br \/>\nNo acidente ocorrido na segunda-feira, um \u00f4nibus do transporte p\u00fablico ficou preso em um buraco que se formou ap\u00f3s o asfalto ceder. O ve\u00edculo estava parada para o embarque e desembarque de passageiros no ponto de \u00f4nibus (veja imagem abaixo).<br \/>\nO problema fez, inclusive, o ponto de \u00f4nibus mudar de lugar temporariamente, j\u00e1 que os ve\u00edculos n\u00e3o conseguiam chegar at\u00e9 o trecho.<br \/>\nAsfalto cedeu na marginal da BR-101 em Candel\u00e1ria<br \/>\nFrancielly Medeiros\/Inter TV Cabugi<br \/>\nSegundo a Caern, por conta do acidente, o forneceimento de \u00e1gua foi afetado nos bairros: Capim Macio, Felipe Camar\u00e3o, Cidade Nova, Jardim Am\u00e9rica, Cidade Da Esperan\u00e7a, Nazar\u00e9, Mor Gouveia, Candel\u00e1ria.<br \/>\nCom a conclus\u00e3o do servi\u00e7o, o fornecimento de \u00e1gua ser\u00e1 normalizado em at\u00e9 72 horas nesses locais, segundo a Caern.<br \/>\nTubula\u00e7\u00e3o rompe e asfalto cede na BR-101, em Natal<br \/>\nV\u00eddeos mais assistidos do g1 RN<\/p>","protected":false},"excerpt":{"rendered":"<p>Caern concluiu servi\u00e7o que fez asfalto ceder na segunda-feira (13) e deixou \u00f4nibus preso. Na tarde desta quarta, ve\u00edculos j\u00e1 passavam pelo local, na zona sul da cidade. Ve\u00edculos trafegavam &#8230;<\/p>\n","protected":false},"author":0,"featured_media":6219,"parent":0,"menu_order":0,"comment_status":"closed","ping_status":"closed","template":"","meta":{"footnotes":""},"class_list":["post-6218","page","type-page","status-publish","has-post-thumbnail","hentry"],"yoast_head":"<!-- This site is optimized with the Yoast SEO plugin v27.1.1 - https:\/\/yoast.com\/product\/yoast-seo-wordpress\/ -->\n<title>Marginal da BR-101 em Natal \u00e9 liberada ap\u00f3s interdi\u00e7\u00e3o por conta de vazamento - Taveira Jr<\/title>\n<meta name=\"robots\" content=\"index, follow, max-snippet:-1, max-image-preview:large, max-video-preview:-1\" \/>\n<link rel=\"canonical\" href=\"https:\/\/deputadotaveirajr.com.br\/index.php\/marginal-da-br-101-em-natal-e-liberada-apos-interdicao-por-conta-de-vazamento\/\" \/>\n<meta property=\"og:locale\" content=\"pt_BR\" \/>\n<meta property=\"og:type\" content=\"article\" \/>\n<meta property=\"og:title\" content=\"Marginal da BR-101 em Natal \u00e9 liberada ap\u00f3s interdi\u00e7\u00e3o por conta de vazamento - Taveira Jr\" \/>\n<meta property=\"og:description\" content=\"Caern concluiu servi\u00e7o que fez asfalto ceder na segunda-feira (13) e deixou \u00f4nibus preso. Na tarde desta quarta, ve\u00edculos j\u00e1 passavam pelo local, na zona sul da cidade. Ve\u00edculos trafegavam ...\" \/>\n<meta property=\"og:url\" content=\"https:\/\/deputadotaveirajr.com.br\/index.php\/marginal-da-br-101-em-natal-e-liberada-apos-interdicao-por-conta-de-vazamento\/\" \/>\n<meta property=\"og:site_name\" content=\"Taveira Jr\" \/>\n<meta property=\"og:image\" content=\"https:\/\/deputadotaveirajr.com.br\/wp-content\/uploads\/2024\/05\/whatsapp-image-2024-05-15-at-16.23.51-Tvwu3R.jpeg\" \/>\n\t<meta property=\"og:image:width\" content=\"1455\" \/>\n\t<meta property=\"og:image:height\" content=\"834\" \/>\n\t<meta property=\"og:image:type\" content=\"image\/jpeg\" \/>\n<meta name=\"twitter:card\" content=\"summary_large_image\" \/>\n<meta name=\"twitter:label1\" content=\"Est. tempo de leitura\" \/>\n\t<meta name=\"twitter:data1\" content=\"2 minutos\" \/>\n<script type=\"application\/ld+json\" class=\"yoast-schema-graph\">{\"@context\":\"https:\/\/schema.org\",\"@graph\":[{\"@type\":\"WebPage\",\"@id\":\"https:\/\/deputadotaveirajr.com.br\/index.php\/marginal-da-br-101-em-natal-e-liberada-apos-interdicao-por-conta-de-vazamento\/\",\"url\":\"https:\/\/deputadotaveirajr.com.br\/index.php\/marginal-da-br-101-em-natal-e-liberada-apos-interdicao-por-conta-de-vazamento\/\",\"name\":\"Marginal da BR-101 em Natal \u00e9 liberada ap\u00f3s interdi\u00e7\u00e3o por conta de vazamento - Taveira Jr\",\"isPartOf\":{\"@id\":\"https:\/\/deputadotaveirajr.com.br\/#website\"},\"primaryImageOfPage\":{\"@id\":\"https:\/\/deputadotaveirajr.com.br\/index.php\/marginal-da-br-101-em-natal-e-liberada-apos-interdicao-por-conta-de-vazamento\/#primaryimage\"},\"image\":{\"@id\":\"https:\/\/deputadotaveirajr.com.br\/index.php\/marginal-da-br-101-em-natal-e-liberada-apos-interdicao-por-conta-de-vazamento\/#primaryimage\"},\"thumbnailUrl\":\"https:\/\/deputadotaveirajr.com.br\/wp-content\/uploads\/2024\/05\/whatsapp-image-2024-05-15-at-16.23.51-Tvwu3R.jpeg\",\"datePublished\":\"2024-05-15T22:47:20+00:00\",\"breadcrumb\":{\"@id\":\"https:\/\/deputadotaveirajr.com.br\/index.php\/marginal-da-br-101-em-natal-e-liberada-apos-interdicao-por-conta-de-vazamento\/#breadcrumb\"},\"inLanguage\":\"pt-BR\",\"potentialAction\":[{\"@type\":\"ReadAction\",\"target\":[\"https:\/\/deputadotaveirajr.com.br\/index.php\/marginal-da-br-101-em-natal-e-liberada-apos-interdicao-por-conta-de-vazamento\/\"]}]},{\"@type\":\"ImageObject\",\"inLanguage\":\"pt-BR\",\"@id\":\"https:\/\/deputadotaveirajr.com.br\/index.php\/marginal-da-br-101-em-natal-e-liberada-apos-interdicao-por-conta-de-vazamento\/#primaryimage\",\"url\":\"https:\/\/deputadotaveirajr.com.br\/wp-content\/uploads\/2024\/05\/whatsapp-image-2024-05-15-at-16.23.51-Tvwu3R.jpeg\",\"contentUrl\":\"https:\/\/deputadotaveirajr.com.br\/wp-content\/uploads\/2024\/05\/whatsapp-image-2024-05-15-at-16.23.51-Tvwu3R.jpeg\",\"width\":1455,\"height\":834},{\"@type\":\"BreadcrumbList\",\"@id\":\"https:\/\/deputadotaveirajr.com.br\/index.php\/marginal-da-br-101-em-natal-e-liberada-apos-interdicao-por-conta-de-vazamento\/#breadcrumb\",\"itemListElement\":[{\"@type\":\"ListItem\",\"position\":1,\"name\":\"In\u00edcio\",\"item\":\"https:\/\/deputadotaveirajr.com.br\/\"},{\"@type\":\"ListItem\",\"position\":2,\"name\":\"Marginal da BR-101 em Natal \u00e9 liberada ap\u00f3s interdi\u00e7\u00e3o por conta de vazamento\"}]},{\"@type\":\"WebSite\",\"@id\":\"https:\/\/deputadotaveirajr.com.br\/#website\",\"url\":\"https:\/\/deputadotaveirajr.com.br\/\",\"name\":\"Taveira Jr\",\"description\":\"Deputado Estadual\",\"publisher\":{\"@id\":\"https:\/\/deputadotaveirajr.com.br\/#organization\"},\"potentialAction\":[{\"@type\":\"SearchAction\",\"target\":{\"@type\":\"EntryPoint\",\"urlTemplate\":\"https:\/\/deputadotaveirajr.com.br\/?s={search_term_string}\"},\"query-input\":{\"@type\":\"PropertyValueSpecification\",\"valueRequired\":true,\"valueName\":\"search_term_string\"}}],\"inLanguage\":\"pt-BR\"},{\"@type\":\"Organization\",\"@id\":\"https:\/\/deputadotaveirajr.com.br\/#organization\",\"name\":\"Taveira Jr\",\"url\":\"https:\/\/deputadotaveirajr.com.br\/\",\"logo\":{\"@type\":\"ImageObject\",\"inLanguage\":\"pt-BR\",\"@id\":\"https:\/\/deputadotaveirajr.com.br\/#\/schema\/logo\/image\/\",\"url\":\"https:\/\/deputadotaveirajr.com.br\/wp-content\/uploads\/2026\/01\/logolow2a.png\",\"contentUrl\":\"https:\/\/deputadotaveirajr.com.br\/wp-content\/uploads\/2026\/01\/logolow2a.png\",\"width\":290,\"height\":80,\"caption\":\"Taveira Jr\"},\"image\":{\"@id\":\"https:\/\/deputadotaveirajr.com.br\/#\/schema\/logo\/image\/\"}}]}<\/script>\n<!-- \/ Yoast SEO plugin. -->","yoast_head_json":{"title":"Marginal da BR-101 em Natal \u00e9 liberada ap\u00f3s interdi\u00e7\u00e3o por conta de vazamento - Taveira Jr","robots":{"index":"index","follow":"follow","max-snippet":"max-snippet:-1","max-image-preview":"max-image-preview:large","max-video-preview":"max-video-preview:-1"},"canonical":"https:\/\/deputadotaveirajr.com.br\/index.php\/marginal-da-br-101-em-natal-e-liberada-apos-interdicao-por-conta-de-vazamento\/","og_locale":"pt_BR","og_type":"article","og_title":"Marginal da BR-101 em Natal \u00e9 liberada ap\u00f3s interdi\u00e7\u00e3o por conta de vazamento - Taveira Jr","og_description":"Caern concluiu servi\u00e7o que fez asfalto ceder na segunda-feira (13) e deixou \u00f4nibus preso. Na tarde desta quarta, ve\u00edculos j\u00e1 passavam pelo local, na zona sul da cidade. Ve\u00edculos trafegavam ...","og_url":"https:\/\/deputadotaveirajr.com.br\/index.php\/marginal-da-br-101-em-natal-e-liberada-apos-interdicao-por-conta-de-vazamento\/","og_site_name":"Taveira Jr","og_image":[{"width":1455,"height":834,"url":"https:\/\/deputadotaveirajr.com.br\/wp-content\/uploads\/2024\/05\/whatsapp-image-2024-05-15-at-16.23.51-Tvwu3R.jpeg","type":"image\/jpeg"}],"twitter_card":"summary_large_image","twitter_misc":{"Est. tempo de leitura":"2 minutos"},"schema":{"@context":"https:\/\/schema.org","@graph":[{"@type":"WebPage","@id":"https:\/\/deputadotaveirajr.com.br\/index.php\/marginal-da-br-101-em-natal-e-liberada-apos-interdicao-por-conta-de-vazamento\/","url":"https:\/\/deputadotaveirajr.com.br\/index.php\/marginal-da-br-101-em-natal-e-liberada-apos-interdicao-por-conta-de-vazamento\/","name":"Marginal da BR-101 em Natal \u00e9 liberada ap\u00f3s interdi\u00e7\u00e3o por conta de vazamento - Taveira Jr","isPartOf":{"@id":"https:\/\/deputadotaveirajr.com.br\/#website"},"primaryImageOfPage":{"@id":"https:\/\/deputadotaveirajr.com.br\/index.php\/marginal-da-br-101-em-natal-e-liberada-apos-interdicao-por-conta-de-vazamento\/#primaryimage"},"image":{"@id":"https:\/\/deputadotaveirajr.com.br\/index.php\/marginal-da-br-101-em-natal-e-liberada-apos-interdicao-por-conta-de-vazamento\/#primaryimage"},"thumbnailUrl":"https:\/\/deputadotaveirajr.com.br\/wp-content\/uploads\/2024\/05\/whatsapp-image-2024-05-15-at-16.23.51-Tvwu3R.jpeg","datePublished":"2024-05-15T22:47:20+00:00","breadcrumb":{"@id":"https:\/\/deputadotaveirajr.com.br\/index.php\/marginal-da-br-101-em-natal-e-liberada-apos-interdicao-por-conta-de-vazamento\/#breadcrumb"},"inLanguage":"pt-BR","potentialAction":[{"@type":"ReadAction","target":["https:\/\/deputadotaveirajr.com.br\/index.php\/marginal-da-br-101-em-natal-e-liberada-apos-interdicao-por-conta-de-vazamento\/"]}]},{"@type":"ImageObject","inLanguage":"pt-BR","@id":"https:\/\/deputadotaveirajr.com.br\/index.php\/marginal-da-br-101-em-natal-e-liberada-apos-interdicao-por-conta-de-vazamento\/#primaryimage","url":"https:\/\/deputadotaveirajr.com.br\/wp-content\/uploads\/2024\/05\/whatsapp-image-2024-05-15-at-16.23.51-Tvwu3R.jpeg","contentUrl":"https:\/\/deputadotaveirajr.com.br\/wp-content\/uploads\/2024\/05\/whatsapp-image-2024-05-15-at-16.23.51-Tvwu3R.jpeg","width":1455,"height":834},{"@type":"BreadcrumbList","@id":"https:\/\/deputadotaveirajr.com.br\/index.php\/marginal-da-br-101-em-natal-e-liberada-apos-interdicao-por-conta-de-vazamento\/#breadcrumb","itemListElement":[{"@type":"ListItem","position":1,"name":"In\u00edcio","item":"https:\/\/deputadotaveirajr.com.br\/"},{"@type":"ListItem","position":2,"name":"Marginal da BR-101 em Natal \u00e9 liberada ap\u00f3s interdi\u00e7\u00e3o por conta de vazamento"}]},{"@type":"WebSite","@id":"https:\/\/deputadotaveirajr.com.br\/#website","url":"https:\/\/deputadotaveirajr.com.br\/","name":"Taveira Jr","description":"Deputado Estadual","publisher":{"@id":"https:\/\/deputadotaveirajr.com.br\/#organization"},"potentialAction":[{"@type":"SearchAction","target":{"@type":"EntryPoint","urlTemplate":"https:\/\/deputadotaveirajr.com.br\/?s={search_term_string}"},"query-input":{"@type":"PropertyValueSpecification","valueRequired":true,"valueName":"search_term_string"}}],"inLanguage":"pt-BR"},{"@type":"Organization","@id":"https:\/\/deputadotaveirajr.com.br\/#organization","name":"Taveira Jr","url":"https:\/\/deputadotaveirajr.com.br\/","logo":{"@type":"ImageObject","inLanguage":"pt-BR","@id":"https:\/\/deputadotaveirajr.com.br\/#\/schema\/logo\/image\/","url":"https:\/\/deputadotaveirajr.com.br\/wp-content\/uploads\/2026\/01\/logolow2a.png","contentUrl":"https:\/\/deputadotaveirajr.com.br\/wp-content\/uploads\/2026\/01\/logolow2a.png","width":290,"height":80,"caption":"Taveira Jr"},"image":{"@id":"https:\/\/deputadotaveirajr.com.br\/#\/schema\/logo\/image\/"}}]}},"_links":{"self":[{"href":"https:\/\/deputadotaveirajr.com.br\/index.php\/wp-json\/wp\/v2\/pages\/6218","targetHints":{"allow":["GET"]}}],"collection":[{"href":"https:\/\/deputadotaveirajr.com.br\/index.php\/wp-json\/wp\/v2\/pages"}],"about":[{"href":"https:\/\/deputadotaveirajr.com.br\/index.php\/wp-json\/wp\/v2\/types\/page"}],"replies":[{"embeddable":true,"href":"https:\/\/deputadotaveirajr.com.br\/index.php\/wp-json\/wp\/v2\/comments?post=6218"}],"version-history":[{"count":1,"href":"https:\/\/deputadotaveirajr.com.br\/index.php\/wp-json\/wp\/v2\/pages\/6218\/revisions"}],"predecessor-version":[{"id":6226,"href":"https:\/\/deputadotaveirajr.com.br\/index.php\/wp-json\/wp\/v2\/pages\/6218\/revisions\/6226"}],"wp:featuredmedia":[{"embeddable":true,"href":"https:\/\/deputadotaveirajr.com.br\/index.php\/wp-json\/wp\/v2\/media\/6219"}],"wp:attachment":[{"href":"https:\/\/deputadotaveirajr.com.br\/index.php\/wp-json\/wp\/v2\/media?parent=6218"}],"curies":[{"name":"wp","href":"https:\/\/api.w.org\/{rel}","templated":true}]}}