{"id":6231,"date":"2024-05-16T10:01:56","date_gmt":"2024-05-16T13:01:56","guid":{"rendered":"https:\/\/deputadotaveirajr.com.br\/?page_id=6231"},"modified":"2024-05-16T10:01:56","modified_gmt":"2024-05-16T13:01:56","slug":"semana-nacional-dos-museus-tem-programacao-especial-em-natal-e-mais-8-cidades-do-rn-confira","status":"publish","type":"page","link":"https:\/\/deputadotaveirajr.com.br\/index.php\/semana-nacional-dos-museus-tem-programacao-especial-em-natal-e-mais-8-cidades-do-rn-confira\/","title":{"rendered":"Semana Nacional dos Museus tem programa\u00e7\u00e3o especial em Natal e mais 8 cidades do RN; confira"},"content":{"rendered":"<p>     Programa\u00e7\u00e3o especial segue at\u00e9 o domingo (19). Evento \u00e9 organizado pelo Instituto Brasileiro de Museus (Ibram) e edi\u00e7\u00e3o deste ano tem como tema &#8220;Museus, Educa\u00e7\u00e3o e Pesquisa&#8221;.  Pinacoteca do Estado, em Natal, tem programa\u00e7\u00e3o especial<br \/>\nGiovanni S\u00e9rgio\/Divulga\u00e7\u00e3o<br \/>\nA 22\u00aa Semana Nacional de Museus vai at\u00e9 domingo (21) em todo o Brasil e tem programa\u00e7\u00e3o especial em, pelo menos, 9 cidades do Rio Grande do Norte, incluindo a capital Natal (veja mais abaixo a programa\u00e7\u00e3o no RN).<br \/>\nO evento \u00e9 organizado pelo Instituto Brasileiro de Museus (Ibram) e a edi\u00e7\u00e3o deste ano tem como tema &#8220;Museus, Educa\u00e7\u00e3o e Pesquisa&#8221;.<br \/>\nMuseus estaduais e municipais preveem atividades gratuitas para o p\u00fablico, entre elas, visitas mediadas, exposi\u00e7\u00f5es interativas, palestras, discuss\u00f5es e oficinas especiais.<br \/>\nVeja a lista de cidades potiguares que participam desta edi\u00e7\u00e3o do evento e logo abaixo a programa\u00e7\u00e3o em cada uma delas.<br \/>\nAcari<br \/>\nAlexandria<br \/>\nCaic\u00f3<br \/>\nFrancisco Dantas<br \/>\nLagoa Nova<br \/>\nNatal<br \/>\nN\u00edsia Floresta<br \/>\nPau dos Ferros<br \/>\nS\u00e3o Vicente<br \/>\nPrograma\u00e7\u00e3o:<br \/>\n1. Acari<br \/>\n\ud83d\udccd MUSEU HIST\u00d3RICO DE ACARI &#8211; RUA ANTONIO BAS\u00cdLO, 11 &#8211; CENTRO<\/p>\n<p>13\/05\/2024 &#8211; 12h \u00e0s 12h10- EXIBI\u00c7\u00c3O DE FILME &#8211; Web S\u00e9rie &#8211; Pesquisa, Educa\u00e7\u00e3o e Hist\u00f3ria. T\u00falio Cort\u00eas &#8211; Como a urbe se faz limpa: penetrando nas art\u00e9rias da cidade de Acari\/RN<br \/>\n14\/05\/2024 &#8211; 12h \u00e0s 12h10 &#8211; EXIBI\u00c7\u00c3O DE FILME &#8211; Web S\u00e9rie &#8211; Pesquisa, Educa\u00e7\u00e3o e Hist\u00f3ria. Maria da Guia de Medeiros &#8211; A pr\u00e1xis pedag\u00f3gica no museu comunit\u00e1rio: um estudo do Museu Hist\u00f3rico de Acari. UFRN &#8211; Caic\u00f3\/RN 2002.<br \/>\n15\/05\/2024 &#8211; 12h \u00e0s 12h10 &#8211; EXIBI\u00c7\u00c3O DE FILME &#8211; Web S\u00e9rie &#8211; Pesquisa, Educa\u00e7\u00e3o e Hist\u00f3ria. Maria Cilene da Silva. As concep\u00e7\u00f5es dos professores de l\u00edngua portuguesa quanto ao acesso das ferramentas midi\u00e1ticas. UFRN-2013.<br \/>\n16\/05\/2024 &#8211; 12h \u00e0s 12h10 &#8211; EXIBI\u00c7\u00c3O DE FILME &#8211; Web S\u00e9rie &#8211; Pesquisa, Educa\u00e7\u00e3o e Hist\u00f3ria. Luzineide de Sousa Silva-Tessituras de leitura nas pol\u00edticas p\u00fablicas municipais: uma an\u00e1lise no contexto de Acari\/RN a cidade das letras. UFRN, 2020.<br \/>\n17\/05\/2024 &#8211; 12h \u00e0s 12h10 &#8211; EXIBI\u00c7\u00c3O DE FILME &#8211; Web S\u00e9rie &#8211; Pesquisa, Educa\u00e7\u00e3o e Hist\u00f3ria. C\u00edntia Medeiros de Ara\u00fajo. An\u00e1lise sobre o imagin\u00e1rio da morte, seus rituais e o cemit\u00e9rio nos munic\u00edpios de Acari e Caic\u00f3 &#8211; 1890 e 1900. UFRN 2010.<br \/>\n18\/05\/2024 &#8211; 09h \u00e0s 09h30 &#8211; ENCONTRO &#8211; Entrega de trabalhos impressos para compor o acervo de pesquisa do Museu Hist\u00f3rico de Acari.<br \/>\n2. Alexandria<br \/>\n\ud83d\udccd MUSEU HIST\u00d3RICO DE ALEXANDRIA &#8211; RUA DESEMBARGADOR FERREIRA CHAVES, 229 &#8211; CENTRO<\/p>\n<p>13\/05\/2024 a 17\/05\/2024 &#8211; 08h \u00e0s 11h &#8211; EXPOSI\u00c7\u00c3O &#8211; Exposi\u00e7\u00e3o de documentos e imagens relacionados \u00e0 hist\u00f3ria do munic\u00edpio de Alexandria, direcionada a alunos e professores de estabelecimentos de ensino sediados na cidade.<br \/>\n3. Caic\u00f3<br \/>\n\ud83d\udccd MUSEU DO SERID\u00d3 &#8211; R. AMARO CAVALCANTE, 123 &#8211; CENTRO<\/p>\n<p>16\/05\/2024 &#8211; 19h \u00e0s 21h &#8211; MESA REDONDA &#8211; Mesa redonda com 04 museus da regi\u00e3o, transmitida via YouTube, com o intuito de explorar como a regi\u00e3o do Serid\u00f3 tem sido alvo de estudo por meio dos museus locais e seus valiosos acervos.<br \/>\n4. Francisco Dantas<br \/>\n\ud83d\udccd MUSEU DE CULTURA POPULAR &#8211; RUA VICENTE ALVES SILVA, 199 &#8211; CENTRO<\/p>\n<p>14\/05\/2024 &#8211; 09h \u00e0s 10h &#8211; PALESTRA &#8211; Museu de cultura popular de Fco.Dantas\/RN: pesquisas museol\u00f3gicas, atividades educadoras e frui\u00e7\u00e3o est\u00e9tica no alto-oeste potiguar. Muse\u00f3logo e prof. Jairo Campos. transmiss\u00e3o: @museudeculturapopular<br \/>\n5. Lagoa Nova<br \/>\n\ud83d\udccd MUSEU QUILOMBOLA DA MACAMBIRA &#8211; COMUNIDADE QUILOMBOLA DA MACAMBIRA, S\/N &#8211; ZONA RURAL<\/p>\n<p>16\/05\/2024 &#8211; 08h30 \u00e0s 08h45 &#8211;  APRESENTA\u00c7\u00c3O &#8211; Apresenta\u00e7\u00e3o cultural Dan\u00e7a Afro-brasileira: Grupo de mulheres da Macambira.<br \/>\n16\/05\/2024 &#8211; 14h \u00e0s 14h30 &#8211; APRESENTA\u00c7\u00c3O &#8211; Apresenta\u00e7\u00e3o cultural: Grupo de Capoeira.<br \/>\n16\/05\/2024 &#8211; 09h \u00e0s 10h  &#8211; CONTA\u00c7\u00c3O DE HIST\u00d3RIA &#8211; Conta\u00e7\u00e3o de hist\u00f3rias (espa\u00e7o do Ponto de Leitura do Museu Quilombola da Macambira).<br \/>\n16\/05\/2024 &#8211; 15h \u00e0s 15h30 &#8211; CONTA\u00c7\u00c3O DE HIST\u00d3RIA &#8211; Conta\u00e7\u00e3o de hist\u00f3rias (espa\u00e7o do Ponto de Leitura do Museu Quilombola da Macambira).<br \/>\n16\/05\/2024 &#8211; 15h30 \u00e0s 16h30 &#8211;  OFICINA &#8211; Viv\u00eancia em produ\u00e7\u00e3o de m\u00e1scaras africanas.<br \/>\n16\/05\/2024 &#8211; 10h \u00e0s 11h &#8211;  OFICINA &#8211; Viv\u00eancia em produ\u00e7\u00e3o de m\u00e1scaras africanas.<br \/>\n16\/05\/2024 &#8211; 08h45 \u00e0s 09h30 &#8211; VISITA MEDIADA &#8211; Visitas orientadas ao espa\u00e7o do Museu Quilombola da Macambira.<br \/>\n16\/05\/2024 &#8211; 14h30 \u00e0s 15h &#8211;  VISITA MEDIADA &#8211; Visitas orientadas ao espa\u00e7o do Museu Quilombola da Macambira.<br \/>\n17\/05\/2024 &#8211; 08h30 \u00e0s 10h &#8211; EXIBI\u00c7\u00c3O DE FILME &#8211; Exibi\u00e7\u00e3o de filmes e Roda de Conversa.<br \/>\n17\/05\/2024 &#8211; 14h \u00e0s 15h30 &#8211; EXIBI\u00c7\u00c3O DE FILME &#8211; Exibi\u00e7\u00e3o de filmes e Roda de Conversa.<br \/>\n17\/05\/2024 &#8211; 08h30 \u00e0s 10h &#8211; VISITA MEDIADA &#8211; Visitas orientadas ao espa\u00e7o do Museu Quilombola da Macambira.<br \/>\n17\/05\/2024 &#8211; 14h \u00e0s 15h30 &#8211; VISITA MEDIADA &#8211; Visitas orientadas ao espa\u00e7o do Museu Quilombola da Macambira.<br \/>\n\ud83d\udccd PONTO DE MEM\u00d3RIA JOS\u00c9 MILANEZ ASSENTAMENTO JOS\u00c9 MILANEZ, S\/N &#8211; ZONA RURAL<\/p>\n<p>16\/05\/2024 &#8211; 14h \u00e0s 16h &#8211; OFICINA &#8211; Oficina de Literatura de Cordel<br \/>\n16\/05\/2024 &#8211; 08h30 \u00e0s 10h30 &#8211; VISITA MEDIADA &#8211; Visitas orientadas ao espa\u00e7o do Ponto de Mem\u00f3ria Jos\u00e9 Milanez.<br \/>\n16\/05\/2024 &#8211; 14h \u00e0s 16h &#8211; VISITA MEDIADA &#8211; Visitas orientadas ao espa\u00e7o do Ponto de Mem\u00f3ria Jos\u00e9 Milanez.<br \/>\n17\/05\/2024 &#8211; 08h30 \u00e0s 9h &#8211; APRESENTA\u00c7\u00c3O &#8211; Apresenta\u00e7\u00e3o cultural.<br \/>\n17\/05\/2024 &#8211; 14h \u00e0s 14h30 &#8211; APRESENTA\u00c7\u00c3O &#8211; Apresenta\u00e7\u00e3o cultural.<br \/>\n17\/05\/2024 &#8211; 15h \u00e0s 16h &#8211; MESA REDONDA &#8211; Roda de conversa \u201cMuseus como espa\u00e7os interativos de educa\u00e7\u00e3o\u201d.<br \/>\n17\/05\/2024 &#8211; 09h30 \u00e0s 10h30 &#8211; MESA REDONDA &#8211; Roda de conversa \u201cMuseus como espa\u00e7os interativos de educa\u00e7\u00e3o\u201d.<br \/>\n17\/05\/2024 &#8211; 10h30 \u00e0s 11h30 &#8211; OFICINA &#8211; Viv\u00eancia em Xilogravura.<br \/>\n17\/05\/2024 &#8211; 16h \u00e0s 17h  &#8211; OFICINA &#8211; Viv\u00eancia em Xilogravura.<br \/>\n17\/05\/2024 &#8211; 14h30 \u00e0s 15h &#8211; VISITA MEDIADA &#8211; Visitas orientadas ao espa\u00e7o do Ponto de Mem\u00f3ria Jos\u00e9 Milanez.<br \/>\n17\/05\/2024 &#8211; 9h \u00e0s 9h30 &#8211; VISITA MEDIADA &#8211; Visitas orientadas ao espa\u00e7o do Ponto de Mem\u00f3ria Jos\u00e9 Milanez.<br \/>\n6. Natal<br \/>\n\ud83d\udccd MEMORIAL NATAL &#8211; AV. OMAR OGRADY, 8080 &#8211; PARQUE DA CIDADE &#8211; CANDEL\u00c1RIA<br \/>\n15\/05\/2024 a 19\/05\/2024 &#8211; 13h \u00e0s 17h &#8211; PALESTRA &#8211; Ao longo da Semana de Museus abordaremos o tema \u201cMemoria e Patrim\u00f4nio, Preserva\u00e7\u00e3o e Conserva\u00e7\u00e3o: Museu na Forma\u00e7\u00e3o Educacional\u201d atrav\u00e9s de uma s\u00e9rie de palestras ministradas por profissionais.<br \/>\n\ud83d\udccd MUSEU DE CI\u00caNCIAS MORFOL\u00d3GICAS -CAMPUS UNIVERSIT\u00c1RIO. CENTRO DE BIOCI\u00caNCIAS.UFRN, S\/N &#8211; LAGOA NOVA<\/p>\n<p>13\/05\/2014 a 18\/05\/2024 &#8211; 09h \u00e0s 17h &#8211; EXPOSI\u00c7\u00c3O &#8211; Exposi\u00e7\u00e3o de Acervo de Anatomia Humana, Biodiversidade e Fauna Marinha.<br \/>\n13\/05\/2024 &#8211; 14h \u00e0s 16h &#8211; ABERTURA &#8211; Mesa Redonda Pesquisa em Museus: Panorama e Perspectivas no Museu de Ci\u00eancias Morfol\u00f3gicas Mediadora: Profa. Dra. Simone Almeida Gavilan. Participantes: Curadores das Cole\u00e7\u00f5es Biol\u00f3gicas UFRN.<br \/>\n14\/05\/2024 &#8211; 09h \u00e0s 10h30 &#8211;  PALESTRA &#8211; A import\u00e2ncia do estudo do sono em estudantes da rede p\u00fablica. Profa. Dra. Carolina Azevedo &#8211; Dept de Fisiologia da UFRN.<br \/>\n15\/05\/2024 a 16\/05\/2024 &#8211; 09h \u00e0s 17h &#8211; APRESENTA\u00c7\u00c3O &#8211; Apresenta\u00e7\u00e3o de trabalhos de pesquisa (Inicia\u00e7\u00e3o cient\u00edfica e Mestrado) e extens\u00e3o desenvolvidos no Museu de Ci\u00eancias Morfol\u00f3gicas.<br \/>\n15\/05\/2024 &#8211; 17h30 \u00e0s 19h30 &#8211; EXIBI\u00c7\u00c3O DE FILME &#8211; Exibi\u00e7\u00e3o de filme do Projeto Cine de Inseto. Respons\u00e1vel: Prof. Anamaria Dal Molim \u2013 UFRN.<br \/>\n17\/05\/2024 a 18\/05\/2024 &#8211; 17h \u00e0s 08h &#8211; A\u00c7\u00c3O EDUCATIVA &#8211; Evento: \u201cUma noite no Museu \u201cAtividade educativa e cultural com conta\u00e7\u00e3o de hist\u00f3rias, teatro, brincadeiras, observa\u00e7\u00e3o de planetas e muita ci\u00eancia.<br \/>\n17\/05\/2024 &#8211; 09h \u00e0s 17h &#8211; EXPOSI\u00c7\u00c3O &#8211; Exposi\u00e7\u00e3o do Projeto #VejoCi\u00eanciaEmTodosOsLugares Prof. Amadeu Albino- IFRN Campus Natal. Profa. Gl\u00f3ria Albino &#8211; IFRN &#8211; Campus Natal.<br \/>\n\ud83d\udccd MUSEU DE MIN\u00c9RIOS DO RN AVENIDA SENADOR SALGADO FILHO, 1559 &#8211; CAMPUS NATAL CENTRAL &#8211; TIROL<br \/>\n13\/05\/2024 &#8211; 14h \u00e0s 16h &#8211;  TEATRO &#8211; Hoje tem espet\u00e1culo no museu? Tem sim senhor, com minerais que falam e encantam. Apresenta\u00e7\u00e3o do teatro de bonecos do Museu de Min\u00e9rios do RN.<br \/>\n14\/05\/2024 &#8211; 09h \u00e0s 11h &#8211; OFICINA &#8211; Oficina te\u00f3rico-pr\u00e1tica de identifica\u00e7\u00e3o dos pricipais Minerais formadores de rochas.<br \/>\n15\/05\/2024 &#8211; 09h \u00e0s 11h &#8211; VISITA MEDIADA &#8211; Visita ao Museu de Min\u00e9rios do RN: venha conhecer a geologia do estado potiguar, com tem\u00e1ticas da Pr\u00e9-Hist\u00f3ria at\u00e9 o mundo moderno do Petr\u00f3leo!<br \/>\n16\/05\/2024 &#8211; 13h30 \u00e0s 16h &#8211; VISITA MEDIADA &#8211; Visita ao Museu de Min\u00e9rios do RN: venha conhecer a geologia do estado potiguar, com tem\u00e1ticas da Pr\u00e9-Hist\u00f3ria at\u00e9 o mundo moderno do Petr\u00f3leo!<br \/>\n\ud83d\udccd MUSEU DO INSTITUTO HIST\u00d3RICO E GEOGR\u00c1FICO DO RIO GRANDE DO NORTE &#8211; RUA DA CONCEI\u00c7\u00c3O, 622 &#8211; CIDADE ALTA<br \/>\n13\/05\/2024 a 17\/05\/2024 &#8211; 08h \u00e0s 12h &#8211; VISITA MEDIADA &#8211; Visita guiada pela exposi\u00e7\u00e3o permanente e a exposi\u00e7\u00e3o tempor\u00e1ria \u201cCulto aos Orix\u00e1s\u201d com pe\u00e7as produzidas pelo Mestre Santana, com curadoria de Dami\u00e3o Vieira.<br \/>\n18\/05\/2024 &#8211; 14h30 \u00e0s 15h30 &#8211; MESA REDONDA &#8211; \u201cConhecendo o Acervo: a pesquisa como forma de identifica\u00e7\u00e3o das pe\u00e7as do Museu Clara Maria Soares de Ara\u00fajo\u201d, com participa\u00e7\u00e3o de Gustavo Sobral, Andr\u00e9 Felipe Pignataro e Matheus Pereira.<br \/>\n18\/05\/2024 &#8211; 15h30 \u00e0s 16h30 &#8211; PALESTRA &#8211; \u201cExplorando o museu do IHGRN: uma abordagem plural para o ensino de hist\u00f3ria\u201d, ministrada pelos professores Luciano Capistrano e Almir Oliveira.<br \/>\n18\/05\/2024 &#8211; 13h30 \u00e0s 14h15 &#8211;  PALESTRA &#8211; \u201cMuseu e tradi\u00e7\u00e3o: a experi\u00eancia do IHGRN na difus\u00e3o cultural\u201d, proferida pelos guias Franklin Lima e Lu\u00eds Eduardo Gomes da Silva.<br \/>\n18\/05\/2024 &#8211; 16h30 \u00e0s 17h15 &#8211; VISITA MEDIADA &#8211; Visita guiada pelo professor Alexandre Rocha no centro hist\u00f3rico de Natal objetivando a discuss\u00e3o sobre patrim\u00f4nio, espa\u00e7os e preserva\u00e7\u00e3o.<br \/>\n\ud83d\udccd PINACOTECA POTIGUAR &#8211; PRA\u00c7A 7 DE SETEMBRO, S\/N &#8211; CENTRO &#8211; CIDADE ALTA<br \/>\n14\/05\/2024 &#8211; 10h \u00e0s 12h30 &#8211; PALESTRA &#8211; Defesa da disserta\u00e7\u00e3o de mestrado de Jo\u00e3o Oliveira \u201cMem\u00f3rias do Mar: entre fotografias, derivas e imagin\u00e1rios\u201d, com as profs. drs. Lisabete Coradini, Francisca Miller e Fabiana Bruno.<br \/>\n16\/05\/2024 &#8211; 17h30 \u00e0s 19h30 &#8211; VISITA MEDIADA &#8211; Passeio na exposi\u00e7\u00e3o e conversa sobre o processo de pesquisa e cria\u00e7\u00e3o da exposi\u00e7\u00e3o Mem\u00f3rias do Mar, com o artista Jo\u00e3o Oliveira e a equipe de curadoria e montagem.<br \/>\n18\/05\/2024 &#8211; 10h \u00e0s 11h &#8211; MESA REDONDA &#8211; O acervo da Pinacoteca \u00e9 um importante patrim\u00f4nio do Estado. Neste sentido, a mesa apresenta \u00e0 discuss\u00e3o a\u00e7\u00f5es e estrat\u00e9gias que movimentam o acervo, tornando-o acess\u00edvel e dispon\u00edvel \u00e0 sociedade.<br \/>\n18\/05\/2024 &#8211; 11h30 \u00e0s 13h &#8211; MESA REDONDA &#8211; A mesa apresenta o processo formativo de duas jovens curadoras da exposi\u00e7\u00e3o Micro-hist\u00f3rias no Acervo: tra\u00e7os da arte de Fernando Gurgel, fruto do Ateli\u00ea de Inicia\u00e7\u00e3o \u00e0 Curadoria de Arte (UFRN).<br \/>\n18\/05\/2024 &#8211; 19h \u00e0s 21h &#8211; VISITA\u00c7\u00c3O &#8211; Visita\u00e7\u00e3o e encerramento da exposi\u00e7\u00e3o \u201cMem\u00f3rias do Mar\u201de nova sess\u00e3o de aut\u00f3grafos do fotolivro \u201cSal e Mangue\u201d de Jo\u00e3o Oliveira.<br \/>\n\ud83d\udccd PONTO DE MEM\u00d3RIA ESTA\u00c7\u00c3O DO CORDEL &#8211; RUA JO\u00c3O PESSOA, 58 &#8211; CIDADE ALTA &#8211; CENTRO<br \/>\n16\/05\/2024 a 17\/05\/2024 &#8211; 14h \u00e0s 17h &#8211; OFICINA &#8211; A roda de cordel \u00e9 um c\u00edrculo de estudos desenvolvido pelo Ponto de Mem\u00f3ria Esta\u00e7\u00e3o do Cordel que tem como centro, realizar discuss\u00f5es sobre o cordel brasileiro.<br \/>\n7. N\u00edsia Floresta<br \/>\n\ud83d\udccd MUSEU N\u00cdSIA FLORESTA &#8211; PRA\u00c7A CEL. JOS\u00c9 ARA\u00daJO, 135 &#8211; CENTRO<br \/>\n14\/05\/2024 &#8211; 10h \u00e0s 11h &#8211; A\u00c7\u00c3O EDUCATIVA &#8211; Plantio e distribui\u00e7\u00e3o de mudas de plantas.<br \/>\n14\/05\/2024 &#8211; 08h30 \u00e0s 08h45 &#8211; APRESENTA\u00c7\u00c3O &#8211; Apresenta\u00e7\u00e3o cultural.<br \/>\n14\/05\/2024 &#8211; 16h \u00e0s 16h30 &#8211; APRESENTA\u00c7\u00c3O &#8211; Apresenta\u00e7\u00e3o cultural.<br \/>\n14\/05\/2024 &#8211; 09h \u00e0s 10h &#8211;  CONTA\u00c7\u00c3O DE HIST\u00d3RIA &#8211; Conta\u00e7\u00e3o de hist\u00f3rias (espa\u00e7o do Ponto de Leitura do Museu).<br \/>\n14\/05\/2024 &#8211; 14h30 \u00e0s 15h &#8211; EXIBI\u00c7\u00c3O DE FILME &#8211; Exibi\u00e7\u00e3o de filmes.<br \/>\n14\/05\/2024 &#8211; 15h \u00e0s 16h &#8211; MESA REDONDA &#8211; Roda de conversa: Museus, educa\u00e7\u00e3o e pesquisa.<br \/>\n14\/05\/2024 &#8211; 08h45 \u00e0s 10h &#8211; VISITA MEDIADA &#8211; Visitas orientadas ao espa\u00e7o do Museu N\u00edsia Floresta.<br \/>\n14\/05\/2024 &#8211; 14h \u00e0s 14h30 &#8211; VISITA MEDIADA &#8211; Visitas orientadas ao espa\u00e7o do Museu N\u00edsia Floresta.<br \/>\n15\/05\/2024 &#8211; 16h \u00e0s 16h30 &#8211; APRESENTA\u00c7\u00c3O &#8211; Apresenta\u00e7\u00e3o cultural.<br \/>\n15\/05\/2024 &#8211; 09h \u00e0s 10h &#8211; EXIBI\u00c7\u00c3O DE FILME &#8211; Exibi\u00e7\u00e3o de Filmes.<br \/>\n15\/05\/2024 &#8211; 14h30 \u00e0s 15h &#8211; EXIBI\u00c7\u00c3O DE FILME &#8211; Exibi\u00e7\u00e3o de filmes.<br \/>\n15\/05\/2024 &#8211; 15h \u00e0s 16h &#8211;  MESA REDONDA &#8211; Roda de conversa: Museus, educa\u00e7\u00e3o e pesquisa.<br \/>\n15\/05\/2024 &#8211; 10h \u00e0s 11h &#8211; OFICINA &#8211; Viv\u00eancia em produ\u00e7\u00e3o de m\u00e1scaras africanas e brinquedos populares.<br \/>\n15\/05\/2024 &#8211; 14h \u00e0s 16h &#8211; VISITA MEDIADA &#8211; Visitas orientadas ao espa\u00e7o do Museu N\u00edsia Floresta.<br \/>\n15\/05\/2024 &#8211; 08h30 \u00e0s 10h &#8211; VISITA MEDIADA &#8211; Visitas orientadas ao espa\u00e7o do Museu N\u00edsia Floresta.<br \/>\n8. Pau dos Ferros<br \/>\n\ud83d\udccd MUSEU DE CULTURA SERTANEJA (MCS) &#8211; BR 405, KM 3, SN &#8211; ARIZONA<br \/>\n17\/05\/2024 &#8211; 09h \u00e0s 11h &#8211; EXPOSI\u00c7\u00c3O &#8211; Apresenta\u00e7\u00e3o da exposi\u00e7\u00e3o intitulada \u201cCultura e Resist\u00eancia: mem\u00f3rias de comunidades negras e quilombolas no Alto Oeste potiguar\u201d.<br \/>\n9. S\u00e3o Vicente<br \/>\n\ud83d\udccd MUSEU HIST\u00d3RICO DE S\u00c3O VICENTE &#8211; RUA RAIMUNDO MEDEIROS DE SOUZA, 89 &#8211; QUIXABEIRA<br \/>\n13\/05\/2024 a 16\/05\/2024 &#8211; 09h \u00e0s 10h &#8211; A\u00c7\u00c3O EDUCATIVA &#8211; Nos propomos a realizar publica\u00e7\u00f5es por meio do Instagram para explicar os conceitos de museu, ensino e pesquisa. Como tamb\u00e9m uma a\u00e7\u00e3o educativa com alunos da rede municipal de ensino.<br \/>\nV\u00eddeos mais assistidos do g1 RN<\/p>","protected":false},"excerpt":{"rendered":"<p>Programa\u00e7\u00e3o especial segue at\u00e9 o domingo (19). Evento \u00e9 organizado pelo Instituto Brasileiro de Museus (Ibram) e edi\u00e7\u00e3o deste ano tem como tema &#8220;Museus, Educa\u00e7\u00e3o e Pesquisa&#8221;. Pinacoteca do Estado, &#8230;<\/p>\n","protected":false},"author":0,"featured_media":6232,"parent":0,"menu_order":0,"comment_status":"closed","ping_status":"closed","template":"","meta":{"footnotes":""},"class_list":["post-6231","page","type-page","status-publish","has-post-thumbnail","hentry"],"yoast_head":"<!-- This site is optimized with the Yoast SEO plugin v27.1.1 - https:\/\/yoast.com\/product\/yoast-seo-wordpress\/ -->\n<title>Semana Nacional dos Museus tem programa\u00e7\u00e3o especial em Natal e mais 8 cidades do RN; confira - Taveira Jr<\/title>\n<meta name=\"robots\" content=\"index, follow, max-snippet:-1, max-image-preview:large, max-video-preview:-1\" \/>\n<link rel=\"canonical\" href=\"https:\/\/deputadotaveirajr.com.br\/index.php\/semana-nacional-dos-museus-tem-programacao-especial-em-natal-e-mais-8-cidades-do-rn-confira\/\" \/>\n<meta property=\"og:locale\" content=\"pt_BR\" \/>\n<meta property=\"og:type\" content=\"article\" \/>\n<meta property=\"og:title\" content=\"Semana Nacional dos Museus tem programa\u00e7\u00e3o especial em Natal e mais 8 cidades do RN; confira - Taveira Jr\" \/>\n<meta property=\"og:description\" content=\"Programa\u00e7\u00e3o especial segue at\u00e9 o domingo (19). Evento \u00e9 organizado pelo Instituto Brasileiro de Museus (Ibram) e edi\u00e7\u00e3o deste ano tem como tema &#8220;Museus, Educa\u00e7\u00e3o e Pesquisa&#8221;. Pinacoteca do Estado, ...\" \/>\n<meta property=\"og:url\" content=\"https:\/\/deputadotaveirajr.com.br\/index.php\/semana-nacional-dos-museus-tem-programacao-especial-em-natal-e-mais-8-cidades-do-rn-confira\/\" \/>\n<meta property=\"og:site_name\" content=\"Taveira Jr\" \/>\n<meta property=\"og:image\" content=\"https:\/\/deputadotaveirajr.com.br\/wp-content\/uploads\/2024\/05\/giovanni-sergio-YbHtDO.jpeg\" \/>\n\t<meta property=\"og:image:width\" content=\"1600\" \/>\n\t<meta property=\"og:image:height\" content=\"896\" \/>\n\t<meta property=\"og:image:type\" content=\"image\/jpeg\" \/>\n<meta name=\"twitter:card\" content=\"summary_large_image\" \/>\n<meta name=\"twitter:label1\" content=\"Est. tempo de leitura\" \/>\n\t<meta name=\"twitter:data1\" content=\"11 minutos\" \/>\n<script type=\"application\/ld+json\" class=\"yoast-schema-graph\">{\"@context\":\"https:\/\/schema.org\",\"@graph\":[{\"@type\":\"WebPage\",\"@id\":\"https:\/\/deputadotaveirajr.com.br\/index.php\/semana-nacional-dos-museus-tem-programacao-especial-em-natal-e-mais-8-cidades-do-rn-confira\/\",\"url\":\"https:\/\/deputadotaveirajr.com.br\/index.php\/semana-nacional-dos-museus-tem-programacao-especial-em-natal-e-mais-8-cidades-do-rn-confira\/\",\"name\":\"Semana Nacional dos Museus tem programa\u00e7\u00e3o especial em Natal e mais 8 cidades do RN; confira - Taveira Jr\",\"isPartOf\":{\"@id\":\"https:\/\/deputadotaveirajr.com.br\/#website\"},\"primaryImageOfPage\":{\"@id\":\"https:\/\/deputadotaveirajr.com.br\/index.php\/semana-nacional-dos-museus-tem-programacao-especial-em-natal-e-mais-8-cidades-do-rn-confira\/#primaryimage\"},\"image\":{\"@id\":\"https:\/\/deputadotaveirajr.com.br\/index.php\/semana-nacional-dos-museus-tem-programacao-especial-em-natal-e-mais-8-cidades-do-rn-confira\/#primaryimage\"},\"thumbnailUrl\":\"https:\/\/deputadotaveirajr.com.br\/wp-content\/uploads\/2024\/05\/giovanni-sergio-YbHtDO.jpeg\",\"datePublished\":\"2024-05-16T13:01:56+00:00\",\"breadcrumb\":{\"@id\":\"https:\/\/deputadotaveirajr.com.br\/index.php\/semana-nacional-dos-museus-tem-programacao-especial-em-natal-e-mais-8-cidades-do-rn-confira\/#breadcrumb\"},\"inLanguage\":\"pt-BR\",\"potentialAction\":[{\"@type\":\"ReadAction\",\"target\":[\"https:\/\/deputadotaveirajr.com.br\/index.php\/semana-nacional-dos-museus-tem-programacao-especial-em-natal-e-mais-8-cidades-do-rn-confira\/\"]}]},{\"@type\":\"ImageObject\",\"inLanguage\":\"pt-BR\",\"@id\":\"https:\/\/deputadotaveirajr.com.br\/index.php\/semana-nacional-dos-museus-tem-programacao-especial-em-natal-e-mais-8-cidades-do-rn-confira\/#primaryimage\",\"url\":\"https:\/\/deputadotaveirajr.com.br\/wp-content\/uploads\/2024\/05\/giovanni-sergio-YbHtDO.jpeg\",\"contentUrl\":\"https:\/\/deputadotaveirajr.com.br\/wp-content\/uploads\/2024\/05\/giovanni-sergio-YbHtDO.jpeg\",\"width\":1600,\"height\":896},{\"@type\":\"BreadcrumbList\",\"@id\":\"https:\/\/deputadotaveirajr.com.br\/index.php\/semana-nacional-dos-museus-tem-programacao-especial-em-natal-e-mais-8-cidades-do-rn-confira\/#breadcrumb\",\"itemListElement\":[{\"@type\":\"ListItem\",\"position\":1,\"name\":\"In\u00edcio\",\"item\":\"https:\/\/deputadotaveirajr.com.br\/\"},{\"@type\":\"ListItem\",\"position\":2,\"name\":\"Semana Nacional dos Museus tem programa\u00e7\u00e3o especial em Natal e mais 8 cidades do RN; confira\"}]},{\"@type\":\"WebSite\",\"@id\":\"https:\/\/deputadotaveirajr.com.br\/#website\",\"url\":\"https:\/\/deputadotaveirajr.com.br\/\",\"name\":\"Taveira Jr\",\"description\":\"Deputado Estadual\",\"publisher\":{\"@id\":\"https:\/\/deputadotaveirajr.com.br\/#organization\"},\"potentialAction\":[{\"@type\":\"SearchAction\",\"target\":{\"@type\":\"EntryPoint\",\"urlTemplate\":\"https:\/\/deputadotaveirajr.com.br\/?s={search_term_string}\"},\"query-input\":{\"@type\":\"PropertyValueSpecification\",\"valueRequired\":true,\"valueName\":\"search_term_string\"}}],\"inLanguage\":\"pt-BR\"},{\"@type\":\"Organization\",\"@id\":\"https:\/\/deputadotaveirajr.com.br\/#organization\",\"name\":\"Taveira Jr\",\"url\":\"https:\/\/deputadotaveirajr.com.br\/\",\"logo\":{\"@type\":\"ImageObject\",\"inLanguage\":\"pt-BR\",\"@id\":\"https:\/\/deputadotaveirajr.com.br\/#\/schema\/logo\/image\/\",\"url\":\"https:\/\/deputadotaveirajr.com.br\/wp-content\/uploads\/2026\/01\/logolow2a.png\",\"contentUrl\":\"https:\/\/deputadotaveirajr.com.br\/wp-content\/uploads\/2026\/01\/logolow2a.png\",\"width\":290,\"height\":80,\"caption\":\"Taveira Jr\"},\"image\":{\"@id\":\"https:\/\/deputadotaveirajr.com.br\/#\/schema\/logo\/image\/\"}}]}<\/script>\n<!-- \/ Yoast SEO plugin. -->","yoast_head_json":{"title":"Semana Nacional dos Museus tem programa\u00e7\u00e3o especial em Natal e mais 8 cidades do RN; confira - Taveira Jr","robots":{"index":"index","follow":"follow","max-snippet":"max-snippet:-1","max-image-preview":"max-image-preview:large","max-video-preview":"max-video-preview:-1"},"canonical":"https:\/\/deputadotaveirajr.com.br\/index.php\/semana-nacional-dos-museus-tem-programacao-especial-em-natal-e-mais-8-cidades-do-rn-confira\/","og_locale":"pt_BR","og_type":"article","og_title":"Semana Nacional dos Museus tem programa\u00e7\u00e3o especial em Natal e mais 8 cidades do RN; confira - Taveira Jr","og_description":"Programa\u00e7\u00e3o especial segue at\u00e9 o domingo (19). Evento \u00e9 organizado pelo Instituto Brasileiro de Museus (Ibram) e edi\u00e7\u00e3o deste ano tem como tema &#8220;Museus, Educa\u00e7\u00e3o e Pesquisa&#8221;. Pinacoteca do Estado, ...","og_url":"https:\/\/deputadotaveirajr.com.br\/index.php\/semana-nacional-dos-museus-tem-programacao-especial-em-natal-e-mais-8-cidades-do-rn-confira\/","og_site_name":"Taveira Jr","og_image":[{"width":1600,"height":896,"url":"https:\/\/deputadotaveirajr.com.br\/wp-content\/uploads\/2024\/05\/giovanni-sergio-YbHtDO.jpeg","type":"image\/jpeg"}],"twitter_card":"summary_large_image","twitter_misc":{"Est. tempo de leitura":"11 minutos"},"schema":{"@context":"https:\/\/schema.org","@graph":[{"@type":"WebPage","@id":"https:\/\/deputadotaveirajr.com.br\/index.php\/semana-nacional-dos-museus-tem-programacao-especial-em-natal-e-mais-8-cidades-do-rn-confira\/","url":"https:\/\/deputadotaveirajr.com.br\/index.php\/semana-nacional-dos-museus-tem-programacao-especial-em-natal-e-mais-8-cidades-do-rn-confira\/","name":"Semana Nacional dos Museus tem programa\u00e7\u00e3o especial em Natal e mais 8 cidades do RN; confira - Taveira Jr","isPartOf":{"@id":"https:\/\/deputadotaveirajr.com.br\/#website"},"primaryImageOfPage":{"@id":"https:\/\/deputadotaveirajr.com.br\/index.php\/semana-nacional-dos-museus-tem-programacao-especial-em-natal-e-mais-8-cidades-do-rn-confira\/#primaryimage"},"image":{"@id":"https:\/\/deputadotaveirajr.com.br\/index.php\/semana-nacional-dos-museus-tem-programacao-especial-em-natal-e-mais-8-cidades-do-rn-confira\/#primaryimage"},"thumbnailUrl":"https:\/\/deputadotaveirajr.com.br\/wp-content\/uploads\/2024\/05\/giovanni-sergio-YbHtDO.jpeg","datePublished":"2024-05-16T13:01:56+00:00","breadcrumb":{"@id":"https:\/\/deputadotaveirajr.com.br\/index.php\/semana-nacional-dos-museus-tem-programacao-especial-em-natal-e-mais-8-cidades-do-rn-confira\/#breadcrumb"},"inLanguage":"pt-BR","potentialAction":[{"@type":"ReadAction","target":["https:\/\/deputadotaveirajr.com.br\/index.php\/semana-nacional-dos-museus-tem-programacao-especial-em-natal-e-mais-8-cidades-do-rn-confira\/"]}]},{"@type":"ImageObject","inLanguage":"pt-BR","@id":"https:\/\/deputadotaveirajr.com.br\/index.php\/semana-nacional-dos-museus-tem-programacao-especial-em-natal-e-mais-8-cidades-do-rn-confira\/#primaryimage","url":"https:\/\/deputadotaveirajr.com.br\/wp-content\/uploads\/2024\/05\/giovanni-sergio-YbHtDO.jpeg","contentUrl":"https:\/\/deputadotaveirajr.com.br\/wp-content\/uploads\/2024\/05\/giovanni-sergio-YbHtDO.jpeg","width":1600,"height":896},{"@type":"BreadcrumbList","@id":"https:\/\/deputadotaveirajr.com.br\/index.php\/semana-nacional-dos-museus-tem-programacao-especial-em-natal-e-mais-8-cidades-do-rn-confira\/#breadcrumb","itemListElement":[{"@type":"ListItem","position":1,"name":"In\u00edcio","item":"https:\/\/deputadotaveirajr.com.br\/"},{"@type":"ListItem","position":2,"name":"Semana Nacional dos Museus tem programa\u00e7\u00e3o especial em Natal e mais 8 cidades do RN; confira"}]},{"@type":"WebSite","@id":"https:\/\/deputadotaveirajr.com.br\/#website","url":"https:\/\/deputadotaveirajr.com.br\/","name":"Taveira Jr","description":"Deputado Estadual","publisher":{"@id":"https:\/\/deputadotaveirajr.com.br\/#organization"},"potentialAction":[{"@type":"SearchAction","target":{"@type":"EntryPoint","urlTemplate":"https:\/\/deputadotaveirajr.com.br\/?s={search_term_string}"},"query-input":{"@type":"PropertyValueSpecification","valueRequired":true,"valueName":"search_term_string"}}],"inLanguage":"pt-BR"},{"@type":"Organization","@id":"https:\/\/deputadotaveirajr.com.br\/#organization","name":"Taveira Jr","url":"https:\/\/deputadotaveirajr.com.br\/","logo":{"@type":"ImageObject","inLanguage":"pt-BR","@id":"https:\/\/deputadotaveirajr.com.br\/#\/schema\/logo\/image\/","url":"https:\/\/deputadotaveirajr.com.br\/wp-content\/uploads\/2026\/01\/logolow2a.png","contentUrl":"https:\/\/deputadotaveirajr.com.br\/wp-content\/uploads\/2026\/01\/logolow2a.png","width":290,"height":80,"caption":"Taveira Jr"},"image":{"@id":"https:\/\/deputadotaveirajr.com.br\/#\/schema\/logo\/image\/"}}]}},"_links":{"self":[{"href":"https:\/\/deputadotaveirajr.com.br\/index.php\/wp-json\/wp\/v2\/pages\/6231","targetHints":{"allow":["GET"]}}],"collection":[{"href":"https:\/\/deputadotaveirajr.com.br\/index.php\/wp-json\/wp\/v2\/pages"}],"about":[{"href":"https:\/\/deputadotaveirajr.com.br\/index.php\/wp-json\/wp\/v2\/types\/page"}],"replies":[{"embeddable":true,"href":"https:\/\/deputadotaveirajr.com.br\/index.php\/wp-json\/wp\/v2\/comments?post=6231"}],"version-history":[{"count":1,"href":"https:\/\/deputadotaveirajr.com.br\/index.php\/wp-json\/wp\/v2\/pages\/6231\/revisions"}],"predecessor-version":[{"id":6236,"href":"https:\/\/deputadotaveirajr.com.br\/index.php\/wp-json\/wp\/v2\/pages\/6231\/revisions\/6236"}],"wp:featuredmedia":[{"embeddable":true,"href":"https:\/\/deputadotaveirajr.com.br\/index.php\/wp-json\/wp\/v2\/media\/6232"}],"wp:attachment":[{"href":"https:\/\/deputadotaveirajr.com.br\/index.php\/wp-json\/wp\/v2\/media?parent=6231"}],"curies":[{"name":"wp","href":"https:\/\/api.w.org\/{rel}","templated":true}]}}