{"id":6274,"date":"2024-05-17T19:27:55","date_gmt":"2024-05-17T22:27:55","guid":{"rendered":"https:\/\/deputadotaveirajr.com.br\/?page_id=6274"},"modified":"2024-05-17T19:27:55","modified_gmt":"2024-05-17T22:27:55","slug":"taxa-de-analfabetismo-no-rn-e-quase-o-dobro-da-media-no-brasil-aponta-censo-do-ibge","status":"publish","type":"page","link":"https:\/\/deputadotaveirajr.com.br\/index.php\/taxa-de-analfabetismo-no-rn-e-quase-o-dobro-da-media-no-brasil-aponta-censo-do-ibge\/","title":{"rendered":"Taxa de analfabetismo no RN \u00e9 quase o dobro da m\u00e9dia no Brasil, aponta Censo do IBGE"},"content":{"rendered":"<p>     Dados s\u00e3o do Censo Demogr\u00e1fico de 2022 e foram divulgados nesta sexta (17). \u00cdndice \u00e9 referente \u00e0s pessoas com 15 anos ou mais que n\u00e3o sabem ler e escrever uma carta simples. Escrita e leitura<br \/>\nFernando Evans\/g1<br \/>\nA taxa de analfabetismo no Rio Grande do Norte foi de 13,8%, segundo os dados divulgados nesta sexta-feira (17) pelo Instituto Brasileiro de Geografia e Estat\u00edstica (IBGE), que est\u00e3o presentes no Censo Demogr\u00e1fico 2022. A taxa representa quase o dobro da m\u00e9dia nacional, que foi de 7%.<br \/>\nOs dados do IBGE s\u00e3o referentes \u00e0s pessoas com 15 anos de idade ou mais que n\u00e3o sabem ler e escrever uma carta simples.<br \/>\nA m\u00e9dia do estado, no entanto, ficou abaixo da m\u00e9dia do Nordeste, que foi 14,2%. A regi\u00e3o foi a que teve o \u00edndice de analfabetismo mais alto do pa\u00eds. Em compara\u00e7\u00e3o \u00e0 \u00faltima edi\u00e7\u00e3o da pesquisa, de 2010, houve relativa melhora: um salto de 80,9% de alfabetizados no Nordeste para 85,79%.<br \/>\nVeja \u00edndices de analfabetismo no Nordeste (do maior para o menor):<br \/>\nAlagoas &#8211; 17,6%<br \/>\nPiau\u00ed &#8211; 17,2%<br \/>\nPara\u00edba &#8211; 15,9%<br \/>\nMaranh\u00e3o &#8211; 15%<br \/>\nCear\u00e1 &#8211; 14,1%<br \/>\nRio Grande do Norte &#8211; 13,86%<br \/>\nSergipe &#8211; 13,81%<br \/>\nPernambuco &#8211; 13,4%<br \/>\nBahia &#8211; 12,6%<br \/>\nRa\u00e7as<br \/>\nO IBGE tamb\u00e9m apontou que o analfabetismo \u00e9 maior no RN entre pessoas pretas. Veja os \u00edndices por ra\u00e7a no estado:<br \/>\nBranca &#8211; 10,9%<br \/>\nPreta &#8211; 20%<br \/>\nParda &#8211; 14,7%<br \/>\nG\u00eaneros<br \/>\nEntre os g\u00eaneros, a taxa de analfabetismo no estado foi maior entre os homens (16,6%). As mulheres  tiveram \u00edndice de 11,3%.<br \/>\nIdades<br \/>\nQuanto \u00e0s faixas et\u00e1rias, a m\u00e9dia de pessoas analfabetas entre 15 e 19 anos foi a mais baixa, enquanto a faixa com pessoas acima de 65 anos atingiu um \u00edndice de 37%.  Veja abaixo m\u00e9dia de analfabetismo por faixa de idade no RN:<br \/>\n15 a 19 anos &#8211; 2,7%<br \/>\n20 a 24 anos &#8211; 3%<br \/>\n25 a 35 anos &#8211; 4,1%<br \/>\n35 a 44 anos &#8211; 8,9%<br \/>\n45 a 54 anos &#8211; 17,3%<br \/>\n55 a 64 anos &#8211; 24,1%<br \/>\n65 anos ou mais &#8211; 37,2%<br \/>\nTaxa de alfabetiza\u00e7\u00e3o: veja a cobertura na sua cidade<br \/>\nComo o Censo funciona?<br \/>\n\ud83e\udd14 O que \u00e9 o Censo? \u00c9 uma pesquisa realizada pelo IBGE para coletar dados sobre a popula\u00e7\u00e3o brasileira. Ela permite tra\u00e7ar um perfil socioecon\u00f4mico do pa\u00eds.<br \/>\n\ud83d\udea8 Por que ele \u00e9 importante? O Censo identifica informa\u00e7\u00f5es essenciais para a cria\u00e7\u00e3o de pol\u00edticas p\u00fablicas. A partir delas, \u00e9 poss\u00edvel direcionar os recursos financeiros da Uni\u00e3o para estados e munic\u00edpios, como nas \u00e1reas de sa\u00fade, educa\u00e7\u00e3o, habita\u00e7\u00e3o, transportes e energia.<br \/>\n\ud83d\udcddComo os dados foram coletados? Foram tr\u00eas formas de participa\u00e7\u00e3o: entrevista presencial (98,9% dos casos), por telefone (entrevistas feitas por recenseadores) ou preenchimento de formul\u00e1rio on-line.<br \/>\nO Censo entrevista os brasileiros na resid\u00eancia habitual, seja um lar particular, coletivo (asilos) ou improvisado (nas ruas, por exemplo).<br \/>\nV\u00eddeos mais assistidos do g1 RN<\/p>","protected":false},"excerpt":{"rendered":"<p>Dados s\u00e3o do Censo Demogr\u00e1fico de 2022 e foram divulgados nesta sexta (17). \u00cdndice \u00e9 referente \u00e0s pessoas com 15 anos ou mais que n\u00e3o sabem ler e escrever uma &#8230;<\/p>\n","protected":false},"author":0,"featured_media":6275,"parent":0,"menu_order":0,"comment_status":"closed","ping_status":"closed","template":"","meta":{"footnotes":""},"class_list":["post-6274","page","type-page","status-publish","has-post-thumbnail","hentry"],"yoast_head":"<!-- This site is optimized with the Yoast SEO plugin v27.1.1 - https:\/\/yoast.com\/product\/yoast-seo-wordpress\/ -->\n<title>Taxa de analfabetismo no RN \u00e9 quase o dobro da m\u00e9dia no Brasil, aponta Censo do IBGE - Taveira Jr<\/title>\n<meta name=\"robots\" content=\"index, follow, max-snippet:-1, max-image-preview:large, max-video-preview:-1\" \/>\n<link rel=\"canonical\" href=\"https:\/\/deputadotaveirajr.com.br\/index.php\/taxa-de-analfabetismo-no-rn-e-quase-o-dobro-da-media-no-brasil-aponta-censo-do-ibge\/\" \/>\n<meta property=\"og:locale\" content=\"pt_BR\" \/>\n<meta property=\"og:type\" content=\"article\" \/>\n<meta property=\"og:title\" content=\"Taxa de analfabetismo no RN \u00e9 quase o dobro da m\u00e9dia no Brasil, aponta Censo do IBGE - Taveira Jr\" \/>\n<meta property=\"og:description\" content=\"Dados s\u00e3o do Censo Demogr\u00e1fico de 2022 e foram divulgados nesta sexta (17). \u00cdndice \u00e9 referente \u00e0s pessoas com 15 anos ou mais que n\u00e3o sabem ler e escrever uma ...\" \/>\n<meta property=\"og:url\" content=\"https:\/\/deputadotaveirajr.com.br\/index.php\/taxa-de-analfabetismo-no-rn-e-quase-o-dobro-da-media-no-brasil-aponta-censo-do-ibge\/\" \/>\n<meta property=\"og:site_name\" content=\"Taveira Jr\" \/>\n<meta property=\"og:image\" content=\"https:\/\/deputadotaveirajr.com.br\/wp-content\/uploads\/2024\/05\/francisca-presa-educa-uRvbQa.jpeg\" \/>\n\t<meta property=\"og:image:width\" content=\"1587\" \/>\n\t<meta property=\"og:image:height\" content=\"873\" \/>\n\t<meta property=\"og:image:type\" content=\"image\/jpeg\" \/>\n<meta name=\"twitter:card\" content=\"summary_large_image\" \/>\n<meta name=\"twitter:label1\" content=\"Est. tempo de leitura\" \/>\n\t<meta name=\"twitter:data1\" content=\"2 minutos\" \/>\n<script type=\"application\/ld+json\" class=\"yoast-schema-graph\">{\"@context\":\"https:\/\/schema.org\",\"@graph\":[{\"@type\":\"WebPage\",\"@id\":\"https:\/\/deputadotaveirajr.com.br\/index.php\/taxa-de-analfabetismo-no-rn-e-quase-o-dobro-da-media-no-brasil-aponta-censo-do-ibge\/\",\"url\":\"https:\/\/deputadotaveirajr.com.br\/index.php\/taxa-de-analfabetismo-no-rn-e-quase-o-dobro-da-media-no-brasil-aponta-censo-do-ibge\/\",\"name\":\"Taxa de analfabetismo no RN \u00e9 quase o dobro da m\u00e9dia no Brasil, aponta Censo do IBGE - Taveira Jr\",\"isPartOf\":{\"@id\":\"https:\/\/deputadotaveirajr.com.br\/#website\"},\"primaryImageOfPage\":{\"@id\":\"https:\/\/deputadotaveirajr.com.br\/index.php\/taxa-de-analfabetismo-no-rn-e-quase-o-dobro-da-media-no-brasil-aponta-censo-do-ibge\/#primaryimage\"},\"image\":{\"@id\":\"https:\/\/deputadotaveirajr.com.br\/index.php\/taxa-de-analfabetismo-no-rn-e-quase-o-dobro-da-media-no-brasil-aponta-censo-do-ibge\/#primaryimage\"},\"thumbnailUrl\":\"https:\/\/deputadotaveirajr.com.br\/wp-content\/uploads\/2024\/05\/francisca-presa-educa-uRvbQa.jpeg\",\"datePublished\":\"2024-05-17T22:27:55+00:00\",\"breadcrumb\":{\"@id\":\"https:\/\/deputadotaveirajr.com.br\/index.php\/taxa-de-analfabetismo-no-rn-e-quase-o-dobro-da-media-no-brasil-aponta-censo-do-ibge\/#breadcrumb\"},\"inLanguage\":\"pt-BR\",\"potentialAction\":[{\"@type\":\"ReadAction\",\"target\":[\"https:\/\/deputadotaveirajr.com.br\/index.php\/taxa-de-analfabetismo-no-rn-e-quase-o-dobro-da-media-no-brasil-aponta-censo-do-ibge\/\"]}]},{\"@type\":\"ImageObject\",\"inLanguage\":\"pt-BR\",\"@id\":\"https:\/\/deputadotaveirajr.com.br\/index.php\/taxa-de-analfabetismo-no-rn-e-quase-o-dobro-da-media-no-brasil-aponta-censo-do-ibge\/#primaryimage\",\"url\":\"https:\/\/deputadotaveirajr.com.br\/wp-content\/uploads\/2024\/05\/francisca-presa-educa-uRvbQa.jpeg\",\"contentUrl\":\"https:\/\/deputadotaveirajr.com.br\/wp-content\/uploads\/2024\/05\/francisca-presa-educa-uRvbQa.jpeg\",\"width\":1587,\"height\":873},{\"@type\":\"BreadcrumbList\",\"@id\":\"https:\/\/deputadotaveirajr.com.br\/index.php\/taxa-de-analfabetismo-no-rn-e-quase-o-dobro-da-media-no-brasil-aponta-censo-do-ibge\/#breadcrumb\",\"itemListElement\":[{\"@type\":\"ListItem\",\"position\":1,\"name\":\"In\u00edcio\",\"item\":\"https:\/\/deputadotaveirajr.com.br\/\"},{\"@type\":\"ListItem\",\"position\":2,\"name\":\"Taxa de analfabetismo no RN \u00e9 quase o dobro da m\u00e9dia no Brasil, aponta Censo do IBGE\"}]},{\"@type\":\"WebSite\",\"@id\":\"https:\/\/deputadotaveirajr.com.br\/#website\",\"url\":\"https:\/\/deputadotaveirajr.com.br\/\",\"name\":\"Taveira Jr\",\"description\":\"Deputado Estadual\",\"publisher\":{\"@id\":\"https:\/\/deputadotaveirajr.com.br\/#organization\"},\"potentialAction\":[{\"@type\":\"SearchAction\",\"target\":{\"@type\":\"EntryPoint\",\"urlTemplate\":\"https:\/\/deputadotaveirajr.com.br\/?s={search_term_string}\"},\"query-input\":{\"@type\":\"PropertyValueSpecification\",\"valueRequired\":true,\"valueName\":\"search_term_string\"}}],\"inLanguage\":\"pt-BR\"},{\"@type\":\"Organization\",\"@id\":\"https:\/\/deputadotaveirajr.com.br\/#organization\",\"name\":\"Taveira Jr\",\"url\":\"https:\/\/deputadotaveirajr.com.br\/\",\"logo\":{\"@type\":\"ImageObject\",\"inLanguage\":\"pt-BR\",\"@id\":\"https:\/\/deputadotaveirajr.com.br\/#\/schema\/logo\/image\/\",\"url\":\"https:\/\/deputadotaveirajr.com.br\/wp-content\/uploads\/2026\/01\/logolow2a.png\",\"contentUrl\":\"https:\/\/deputadotaveirajr.com.br\/wp-content\/uploads\/2026\/01\/logolow2a.png\",\"width\":290,\"height\":80,\"caption\":\"Taveira Jr\"},\"image\":{\"@id\":\"https:\/\/deputadotaveirajr.com.br\/#\/schema\/logo\/image\/\"}}]}<\/script>\n<!-- \/ Yoast SEO plugin. -->","yoast_head_json":{"title":"Taxa de analfabetismo no RN \u00e9 quase o dobro da m\u00e9dia no Brasil, aponta Censo do IBGE - Taveira Jr","robots":{"index":"index","follow":"follow","max-snippet":"max-snippet:-1","max-image-preview":"max-image-preview:large","max-video-preview":"max-video-preview:-1"},"canonical":"https:\/\/deputadotaveirajr.com.br\/index.php\/taxa-de-analfabetismo-no-rn-e-quase-o-dobro-da-media-no-brasil-aponta-censo-do-ibge\/","og_locale":"pt_BR","og_type":"article","og_title":"Taxa de analfabetismo no RN \u00e9 quase o dobro da m\u00e9dia no Brasil, aponta Censo do IBGE - Taveira Jr","og_description":"Dados s\u00e3o do Censo Demogr\u00e1fico de 2022 e foram divulgados nesta sexta (17). \u00cdndice \u00e9 referente \u00e0s pessoas com 15 anos ou mais que n\u00e3o sabem ler e escrever uma ...","og_url":"https:\/\/deputadotaveirajr.com.br\/index.php\/taxa-de-analfabetismo-no-rn-e-quase-o-dobro-da-media-no-brasil-aponta-censo-do-ibge\/","og_site_name":"Taveira Jr","og_image":[{"width":1587,"height":873,"url":"https:\/\/deputadotaveirajr.com.br\/wp-content\/uploads\/2024\/05\/francisca-presa-educa-uRvbQa.jpeg","type":"image\/jpeg"}],"twitter_card":"summary_large_image","twitter_misc":{"Est. tempo de leitura":"2 minutos"},"schema":{"@context":"https:\/\/schema.org","@graph":[{"@type":"WebPage","@id":"https:\/\/deputadotaveirajr.com.br\/index.php\/taxa-de-analfabetismo-no-rn-e-quase-o-dobro-da-media-no-brasil-aponta-censo-do-ibge\/","url":"https:\/\/deputadotaveirajr.com.br\/index.php\/taxa-de-analfabetismo-no-rn-e-quase-o-dobro-da-media-no-brasil-aponta-censo-do-ibge\/","name":"Taxa de analfabetismo no RN \u00e9 quase o dobro da m\u00e9dia no Brasil, aponta Censo do IBGE - Taveira Jr","isPartOf":{"@id":"https:\/\/deputadotaveirajr.com.br\/#website"},"primaryImageOfPage":{"@id":"https:\/\/deputadotaveirajr.com.br\/index.php\/taxa-de-analfabetismo-no-rn-e-quase-o-dobro-da-media-no-brasil-aponta-censo-do-ibge\/#primaryimage"},"image":{"@id":"https:\/\/deputadotaveirajr.com.br\/index.php\/taxa-de-analfabetismo-no-rn-e-quase-o-dobro-da-media-no-brasil-aponta-censo-do-ibge\/#primaryimage"},"thumbnailUrl":"https:\/\/deputadotaveirajr.com.br\/wp-content\/uploads\/2024\/05\/francisca-presa-educa-uRvbQa.jpeg","datePublished":"2024-05-17T22:27:55+00:00","breadcrumb":{"@id":"https:\/\/deputadotaveirajr.com.br\/index.php\/taxa-de-analfabetismo-no-rn-e-quase-o-dobro-da-media-no-brasil-aponta-censo-do-ibge\/#breadcrumb"},"inLanguage":"pt-BR","potentialAction":[{"@type":"ReadAction","target":["https:\/\/deputadotaveirajr.com.br\/index.php\/taxa-de-analfabetismo-no-rn-e-quase-o-dobro-da-media-no-brasil-aponta-censo-do-ibge\/"]}]},{"@type":"ImageObject","inLanguage":"pt-BR","@id":"https:\/\/deputadotaveirajr.com.br\/index.php\/taxa-de-analfabetismo-no-rn-e-quase-o-dobro-da-media-no-brasil-aponta-censo-do-ibge\/#primaryimage","url":"https:\/\/deputadotaveirajr.com.br\/wp-content\/uploads\/2024\/05\/francisca-presa-educa-uRvbQa.jpeg","contentUrl":"https:\/\/deputadotaveirajr.com.br\/wp-content\/uploads\/2024\/05\/francisca-presa-educa-uRvbQa.jpeg","width":1587,"height":873},{"@type":"BreadcrumbList","@id":"https:\/\/deputadotaveirajr.com.br\/index.php\/taxa-de-analfabetismo-no-rn-e-quase-o-dobro-da-media-no-brasil-aponta-censo-do-ibge\/#breadcrumb","itemListElement":[{"@type":"ListItem","position":1,"name":"In\u00edcio","item":"https:\/\/deputadotaveirajr.com.br\/"},{"@type":"ListItem","position":2,"name":"Taxa de analfabetismo no RN \u00e9 quase o dobro da m\u00e9dia no Brasil, aponta Censo do IBGE"}]},{"@type":"WebSite","@id":"https:\/\/deputadotaveirajr.com.br\/#website","url":"https:\/\/deputadotaveirajr.com.br\/","name":"Taveira Jr","description":"Deputado Estadual","publisher":{"@id":"https:\/\/deputadotaveirajr.com.br\/#organization"},"potentialAction":[{"@type":"SearchAction","target":{"@type":"EntryPoint","urlTemplate":"https:\/\/deputadotaveirajr.com.br\/?s={search_term_string}"},"query-input":{"@type":"PropertyValueSpecification","valueRequired":true,"valueName":"search_term_string"}}],"inLanguage":"pt-BR"},{"@type":"Organization","@id":"https:\/\/deputadotaveirajr.com.br\/#organization","name":"Taveira Jr","url":"https:\/\/deputadotaveirajr.com.br\/","logo":{"@type":"ImageObject","inLanguage":"pt-BR","@id":"https:\/\/deputadotaveirajr.com.br\/#\/schema\/logo\/image\/","url":"https:\/\/deputadotaveirajr.com.br\/wp-content\/uploads\/2026\/01\/logolow2a.png","contentUrl":"https:\/\/deputadotaveirajr.com.br\/wp-content\/uploads\/2026\/01\/logolow2a.png","width":290,"height":80,"caption":"Taveira Jr"},"image":{"@id":"https:\/\/deputadotaveirajr.com.br\/#\/schema\/logo\/image\/"}}]}},"_links":{"self":[{"href":"https:\/\/deputadotaveirajr.com.br\/index.php\/wp-json\/wp\/v2\/pages\/6274","targetHints":{"allow":["GET"]}}],"collection":[{"href":"https:\/\/deputadotaveirajr.com.br\/index.php\/wp-json\/wp\/v2\/pages"}],"about":[{"href":"https:\/\/deputadotaveirajr.com.br\/index.php\/wp-json\/wp\/v2\/types\/page"}],"replies":[{"embeddable":true,"href":"https:\/\/deputadotaveirajr.com.br\/index.php\/wp-json\/wp\/v2\/comments?post=6274"}],"version-history":[{"count":1,"href":"https:\/\/deputadotaveirajr.com.br\/index.php\/wp-json\/wp\/v2\/pages\/6274\/revisions"}],"predecessor-version":[{"id":6278,"href":"https:\/\/deputadotaveirajr.com.br\/index.php\/wp-json\/wp\/v2\/pages\/6274\/revisions\/6278"}],"wp:featuredmedia":[{"embeddable":true,"href":"https:\/\/deputadotaveirajr.com.br\/index.php\/wp-json\/wp\/v2\/media\/6275"}],"wp:attachment":[{"href":"https:\/\/deputadotaveirajr.com.br\/index.php\/wp-json\/wp\/v2\/media?parent=6274"}],"curies":[{"name":"wp","href":"https:\/\/api.w.org\/{rel}","templated":true}]}}