{"id":6285,"date":"2024-05-18T11:58:55","date_gmt":"2024-05-18T14:58:55","guid":{"rendered":"https:\/\/deputadotaveirajr.com.br\/?page_id=6285"},"modified":"2024-05-18T11:58:55","modified_gmt":"2024-05-18T14:58:55","slug":"criancas-dormem-em-museu-em-natal-em-noite-de-aprendizado-sobre-animais-e-meio-ambiente","status":"publish","type":"page","link":"https:\/\/deputadotaveirajr.com.br\/index.php\/criancas-dormem-em-museu-em-natal-em-noite-de-aprendizado-sobre-animais-e-meio-ambiente\/","title":{"rendered":"Crian\u00e7as dormem em museu em Natal em noite de aprendizado sobre animais e meio ambiente"},"content":{"rendered":"<p>     Iniciativa foi do Museu de Ci\u00eancias Morfol\u00f3gicas da Universidade Federal do Rio Grande do Norte (UFRN), dentro da programa\u00e7\u00e3o da Semana Nacional dos Museus. Uma noite no museu: programa\u00e7\u00e3o faz parte da semana nacional dos museus<br \/>\nCrian\u00e7as e adolescentes entre 8 e 14 anos de idade participaram nesta sexta-feira (17) de uma noite diferente. Eles passaram uma noite inteira no museu em Natal aprendendo de forma interativa e din\u00e2mica sobre o meio ambiente, animais e at\u00e9 astronomia. Depois disso, elas dormiram no pr\u00f3prio museu.<br \/>\nA iniciativa foi promovida pelo Museu de Ci\u00eancias Morfol\u00f3gicas da Universidade Federal do Rio Grande do Norte (UFRN), dentro da programa\u00e7\u00e3o da Semana Nacional de Museus (confira AQUI a programa\u00e7\u00e3o no RN).<br \/>\nOs 15 estudantes participantes &#8211; tanto de escolas p\u00fablicas quanto particulares &#8211; foram selecionados previamente para participar da Noite do Museu.<br \/>\nA diretora da unidade, Simone Gavilan, explicou que a iniciativa faz parte de um projeto de extens\u00e3o da UFRN e foi promovida em parceria com o IFRN.<br \/>\n\ud83d\udcf3Participe do canal do g1 RN no WhatsApp<br \/>\n&#8220;A din\u00e2mica \u00e9 que as crian\u00e7as fa\u00e7am rod\u00edzio de sala em sala. Sala do mar, sala de biodiversidade e depois a sala de anatomia humana. E assim elas conhecem um pouco de ci\u00eancias de cada animal e da esp\u00e9cie humana&#8221;, explicou Simone.<br \/>\nCrian\u00e7as passam a noite em museu em iniciativa da UFRN<br \/>\nKleber Teixeira\/Inter TV Cabugi<br \/>\nAs etapas foram feitas de forma din\u00e2mica e interativa para entreter e despertar o conhecimento nos jovens. Os estudantes eram submetidos a sons ambientes e tamb\u00e9m podiam ver de perto alguns animais e detalhes da anatomia humana.<br \/>\n&#8220;Gostei, faria tudo de novo. Eu estava com vergonha, mas agora n\u00e3o estou mais. Eu gostei mais do Pirarucu [peixe], porque ele \u00e9 um bicho bem grande e bem forte&#8221;, disse a estudante Maria Evellyn, de 11 anos, que \u00e9 da Escola Estadual Dr. Manoel Villa\u00e7a.<br \/>\nAs crian\u00e7as tamb\u00e9m puderam ver a lua de uma forma diferente, com orienta\u00e7\u00f5es dos monitores. Al\u00e9m disso, tamb\u00e9m tiveram a chance de aprender hist\u00f3rias como a da lenda da cobra caninana.<br \/>\nNo fim, eles domiram no museu, tiveram um caf\u00e9 da manh\u00e3 tamb\u00e9m cient\u00edfico e foram para casa por volta das 8h deste s\u00e1bado.<br \/>\nV\u00eddeos mais assistidos do g1 RN<\/p>","protected":false},"excerpt":{"rendered":"<p>Iniciativa foi do Museu de Ci\u00eancias Morfol\u00f3gicas da Universidade Federal do Rio Grande do Norte (UFRN), dentro da programa\u00e7\u00e3o da Semana Nacional dos Museus. Uma noite no museu: programa\u00e7\u00e3o faz &#8230;<\/p>\n","protected":false},"author":0,"featured_media":6286,"parent":0,"menu_order":0,"comment_status":"closed","ping_status":"closed","template":"","meta":{"footnotes":""},"class_list":["post-6285","page","type-page","status-publish","has-post-thumbnail","hentry"],"yoast_head":"<!-- This site is optimized with the Yoast SEO plugin v27.1.1 - https:\/\/yoast.com\/product\/yoast-seo-wordpress\/ -->\n<title>Crian\u00e7as dormem em museu em Natal em noite de aprendizado sobre animais e meio ambiente - Taveira Jr<\/title>\n<meta name=\"robots\" content=\"index, follow, max-snippet:-1, max-image-preview:large, max-video-preview:-1\" \/>\n<link rel=\"canonical\" href=\"https:\/\/deputadotaveirajr.com.br\/index.php\/criancas-dormem-em-museu-em-natal-em-noite-de-aprendizado-sobre-animais-e-meio-ambiente\/\" \/>\n<meta property=\"og:locale\" content=\"pt_BR\" \/>\n<meta property=\"og:type\" content=\"article\" \/>\n<meta property=\"og:title\" content=\"Crian\u00e7as dormem em museu em Natal em noite de aprendizado sobre animais e meio ambiente - Taveira Jr\" \/>\n<meta property=\"og:description\" content=\"Iniciativa foi do Museu de Ci\u00eancias Morfol\u00f3gicas da Universidade Federal do Rio Grande do Norte (UFRN), dentro da programa\u00e7\u00e3o da Semana Nacional dos Museus. Uma noite no museu: programa\u00e7\u00e3o faz ...\" \/>\n<meta property=\"og:url\" content=\"https:\/\/deputadotaveirajr.com.br\/index.php\/criancas-dormem-em-museu-em-natal-em-noite-de-aprendizado-sobre-animais-e-meio-ambiente\/\" \/>\n<meta property=\"og:site_name\" content=\"Taveira Jr\" \/>\n<meta property=\"og:image\" content=\"https:\/\/deputadotaveirajr.com.br\/wp-content\/uploads\/2024\/05\/whatsapp-image-2024-05-18-at-08.05.42-1-9VuW6P.jpeg\" \/>\n\t<meta property=\"og:image:width\" content=\"1600\" \/>\n\t<meta property=\"og:image:height\" content=\"900\" \/>\n\t<meta property=\"og:image:type\" content=\"image\/jpeg\" \/>\n<meta name=\"twitter:card\" content=\"summary_large_image\" \/>\n<meta name=\"twitter:label1\" content=\"Est. tempo de leitura\" \/>\n\t<meta name=\"twitter:data1\" content=\"2 minutos\" \/>\n<script type=\"application\/ld+json\" class=\"yoast-schema-graph\">{\"@context\":\"https:\/\/schema.org\",\"@graph\":[{\"@type\":\"WebPage\",\"@id\":\"https:\/\/deputadotaveirajr.com.br\/index.php\/criancas-dormem-em-museu-em-natal-em-noite-de-aprendizado-sobre-animais-e-meio-ambiente\/\",\"url\":\"https:\/\/deputadotaveirajr.com.br\/index.php\/criancas-dormem-em-museu-em-natal-em-noite-de-aprendizado-sobre-animais-e-meio-ambiente\/\",\"name\":\"Crian\u00e7as dormem em museu em Natal em noite de aprendizado sobre animais e meio ambiente - Taveira Jr\",\"isPartOf\":{\"@id\":\"https:\/\/deputadotaveirajr.com.br\/#website\"},\"primaryImageOfPage\":{\"@id\":\"https:\/\/deputadotaveirajr.com.br\/index.php\/criancas-dormem-em-museu-em-natal-em-noite-de-aprendizado-sobre-animais-e-meio-ambiente\/#primaryimage\"},\"image\":{\"@id\":\"https:\/\/deputadotaveirajr.com.br\/index.php\/criancas-dormem-em-museu-em-natal-em-noite-de-aprendizado-sobre-animais-e-meio-ambiente\/#primaryimage\"},\"thumbnailUrl\":\"https:\/\/deputadotaveirajr.com.br\/wp-content\/uploads\/2024\/05\/whatsapp-image-2024-05-18-at-08.05.42-1-9VuW6P.jpeg\",\"datePublished\":\"2024-05-18T14:58:55+00:00\",\"breadcrumb\":{\"@id\":\"https:\/\/deputadotaveirajr.com.br\/index.php\/criancas-dormem-em-museu-em-natal-em-noite-de-aprendizado-sobre-animais-e-meio-ambiente\/#breadcrumb\"},\"inLanguage\":\"pt-BR\",\"potentialAction\":[{\"@type\":\"ReadAction\",\"target\":[\"https:\/\/deputadotaveirajr.com.br\/index.php\/criancas-dormem-em-museu-em-natal-em-noite-de-aprendizado-sobre-animais-e-meio-ambiente\/\"]}]},{\"@type\":\"ImageObject\",\"inLanguage\":\"pt-BR\",\"@id\":\"https:\/\/deputadotaveirajr.com.br\/index.php\/criancas-dormem-em-museu-em-natal-em-noite-de-aprendizado-sobre-animais-e-meio-ambiente\/#primaryimage\",\"url\":\"https:\/\/deputadotaveirajr.com.br\/wp-content\/uploads\/2024\/05\/whatsapp-image-2024-05-18-at-08.05.42-1-9VuW6P.jpeg\",\"contentUrl\":\"https:\/\/deputadotaveirajr.com.br\/wp-content\/uploads\/2024\/05\/whatsapp-image-2024-05-18-at-08.05.42-1-9VuW6P.jpeg\",\"width\":1600,\"height\":900},{\"@type\":\"BreadcrumbList\",\"@id\":\"https:\/\/deputadotaveirajr.com.br\/index.php\/criancas-dormem-em-museu-em-natal-em-noite-de-aprendizado-sobre-animais-e-meio-ambiente\/#breadcrumb\",\"itemListElement\":[{\"@type\":\"ListItem\",\"position\":1,\"name\":\"In\u00edcio\",\"item\":\"https:\/\/deputadotaveirajr.com.br\/\"},{\"@type\":\"ListItem\",\"position\":2,\"name\":\"Crian\u00e7as dormem em museu em Natal em noite de aprendizado sobre animais e meio ambiente\"}]},{\"@type\":\"WebSite\",\"@id\":\"https:\/\/deputadotaveirajr.com.br\/#website\",\"url\":\"https:\/\/deputadotaveirajr.com.br\/\",\"name\":\"Taveira Jr\",\"description\":\"Deputado Estadual\",\"publisher\":{\"@id\":\"https:\/\/deputadotaveirajr.com.br\/#organization\"},\"potentialAction\":[{\"@type\":\"SearchAction\",\"target\":{\"@type\":\"EntryPoint\",\"urlTemplate\":\"https:\/\/deputadotaveirajr.com.br\/?s={search_term_string}\"},\"query-input\":{\"@type\":\"PropertyValueSpecification\",\"valueRequired\":true,\"valueName\":\"search_term_string\"}}],\"inLanguage\":\"pt-BR\"},{\"@type\":\"Organization\",\"@id\":\"https:\/\/deputadotaveirajr.com.br\/#organization\",\"name\":\"Taveira Jr\",\"url\":\"https:\/\/deputadotaveirajr.com.br\/\",\"logo\":{\"@type\":\"ImageObject\",\"inLanguage\":\"pt-BR\",\"@id\":\"https:\/\/deputadotaveirajr.com.br\/#\/schema\/logo\/image\/\",\"url\":\"https:\/\/deputadotaveirajr.com.br\/wp-content\/uploads\/2026\/01\/logolow2a.png\",\"contentUrl\":\"https:\/\/deputadotaveirajr.com.br\/wp-content\/uploads\/2026\/01\/logolow2a.png\",\"width\":290,\"height\":80,\"caption\":\"Taveira Jr\"},\"image\":{\"@id\":\"https:\/\/deputadotaveirajr.com.br\/#\/schema\/logo\/image\/\"}}]}<\/script>\n<!-- \/ Yoast SEO plugin. -->","yoast_head_json":{"title":"Crian\u00e7as dormem em museu em Natal em noite de aprendizado sobre animais e meio ambiente - Taveira Jr","robots":{"index":"index","follow":"follow","max-snippet":"max-snippet:-1","max-image-preview":"max-image-preview:large","max-video-preview":"max-video-preview:-1"},"canonical":"https:\/\/deputadotaveirajr.com.br\/index.php\/criancas-dormem-em-museu-em-natal-em-noite-de-aprendizado-sobre-animais-e-meio-ambiente\/","og_locale":"pt_BR","og_type":"article","og_title":"Crian\u00e7as dormem em museu em Natal em noite de aprendizado sobre animais e meio ambiente - Taveira Jr","og_description":"Iniciativa foi do Museu de Ci\u00eancias Morfol\u00f3gicas da Universidade Federal do Rio Grande do Norte (UFRN), dentro da programa\u00e7\u00e3o da Semana Nacional dos Museus. Uma noite no museu: programa\u00e7\u00e3o faz ...","og_url":"https:\/\/deputadotaveirajr.com.br\/index.php\/criancas-dormem-em-museu-em-natal-em-noite-de-aprendizado-sobre-animais-e-meio-ambiente\/","og_site_name":"Taveira Jr","og_image":[{"width":1600,"height":900,"url":"https:\/\/deputadotaveirajr.com.br\/wp-content\/uploads\/2024\/05\/whatsapp-image-2024-05-18-at-08.05.42-1-9VuW6P.jpeg","type":"image\/jpeg"}],"twitter_card":"summary_large_image","twitter_misc":{"Est. tempo de leitura":"2 minutos"},"schema":{"@context":"https:\/\/schema.org","@graph":[{"@type":"WebPage","@id":"https:\/\/deputadotaveirajr.com.br\/index.php\/criancas-dormem-em-museu-em-natal-em-noite-de-aprendizado-sobre-animais-e-meio-ambiente\/","url":"https:\/\/deputadotaveirajr.com.br\/index.php\/criancas-dormem-em-museu-em-natal-em-noite-de-aprendizado-sobre-animais-e-meio-ambiente\/","name":"Crian\u00e7as dormem em museu em Natal em noite de aprendizado sobre animais e meio ambiente - Taveira Jr","isPartOf":{"@id":"https:\/\/deputadotaveirajr.com.br\/#website"},"primaryImageOfPage":{"@id":"https:\/\/deputadotaveirajr.com.br\/index.php\/criancas-dormem-em-museu-em-natal-em-noite-de-aprendizado-sobre-animais-e-meio-ambiente\/#primaryimage"},"image":{"@id":"https:\/\/deputadotaveirajr.com.br\/index.php\/criancas-dormem-em-museu-em-natal-em-noite-de-aprendizado-sobre-animais-e-meio-ambiente\/#primaryimage"},"thumbnailUrl":"https:\/\/deputadotaveirajr.com.br\/wp-content\/uploads\/2024\/05\/whatsapp-image-2024-05-18-at-08.05.42-1-9VuW6P.jpeg","datePublished":"2024-05-18T14:58:55+00:00","breadcrumb":{"@id":"https:\/\/deputadotaveirajr.com.br\/index.php\/criancas-dormem-em-museu-em-natal-em-noite-de-aprendizado-sobre-animais-e-meio-ambiente\/#breadcrumb"},"inLanguage":"pt-BR","potentialAction":[{"@type":"ReadAction","target":["https:\/\/deputadotaveirajr.com.br\/index.php\/criancas-dormem-em-museu-em-natal-em-noite-de-aprendizado-sobre-animais-e-meio-ambiente\/"]}]},{"@type":"ImageObject","inLanguage":"pt-BR","@id":"https:\/\/deputadotaveirajr.com.br\/index.php\/criancas-dormem-em-museu-em-natal-em-noite-de-aprendizado-sobre-animais-e-meio-ambiente\/#primaryimage","url":"https:\/\/deputadotaveirajr.com.br\/wp-content\/uploads\/2024\/05\/whatsapp-image-2024-05-18-at-08.05.42-1-9VuW6P.jpeg","contentUrl":"https:\/\/deputadotaveirajr.com.br\/wp-content\/uploads\/2024\/05\/whatsapp-image-2024-05-18-at-08.05.42-1-9VuW6P.jpeg","width":1600,"height":900},{"@type":"BreadcrumbList","@id":"https:\/\/deputadotaveirajr.com.br\/index.php\/criancas-dormem-em-museu-em-natal-em-noite-de-aprendizado-sobre-animais-e-meio-ambiente\/#breadcrumb","itemListElement":[{"@type":"ListItem","position":1,"name":"In\u00edcio","item":"https:\/\/deputadotaveirajr.com.br\/"},{"@type":"ListItem","position":2,"name":"Crian\u00e7as dormem em museu em Natal em noite de aprendizado sobre animais e meio ambiente"}]},{"@type":"WebSite","@id":"https:\/\/deputadotaveirajr.com.br\/#website","url":"https:\/\/deputadotaveirajr.com.br\/","name":"Taveira Jr","description":"Deputado Estadual","publisher":{"@id":"https:\/\/deputadotaveirajr.com.br\/#organization"},"potentialAction":[{"@type":"SearchAction","target":{"@type":"EntryPoint","urlTemplate":"https:\/\/deputadotaveirajr.com.br\/?s={search_term_string}"},"query-input":{"@type":"PropertyValueSpecification","valueRequired":true,"valueName":"search_term_string"}}],"inLanguage":"pt-BR"},{"@type":"Organization","@id":"https:\/\/deputadotaveirajr.com.br\/#organization","name":"Taveira Jr","url":"https:\/\/deputadotaveirajr.com.br\/","logo":{"@type":"ImageObject","inLanguage":"pt-BR","@id":"https:\/\/deputadotaveirajr.com.br\/#\/schema\/logo\/image\/","url":"https:\/\/deputadotaveirajr.com.br\/wp-content\/uploads\/2026\/01\/logolow2a.png","contentUrl":"https:\/\/deputadotaveirajr.com.br\/wp-content\/uploads\/2026\/01\/logolow2a.png","width":290,"height":80,"caption":"Taveira Jr"},"image":{"@id":"https:\/\/deputadotaveirajr.com.br\/#\/schema\/logo\/image\/"}}]}},"_links":{"self":[{"href":"https:\/\/deputadotaveirajr.com.br\/index.php\/wp-json\/wp\/v2\/pages\/6285","targetHints":{"allow":["GET"]}}],"collection":[{"href":"https:\/\/deputadotaveirajr.com.br\/index.php\/wp-json\/wp\/v2\/pages"}],"about":[{"href":"https:\/\/deputadotaveirajr.com.br\/index.php\/wp-json\/wp\/v2\/types\/page"}],"replies":[{"embeddable":true,"href":"https:\/\/deputadotaveirajr.com.br\/index.php\/wp-json\/wp\/v2\/comments?post=6285"}],"version-history":[{"count":1,"href":"https:\/\/deputadotaveirajr.com.br\/index.php\/wp-json\/wp\/v2\/pages\/6285\/revisions"}],"predecessor-version":[{"id":6291,"href":"https:\/\/deputadotaveirajr.com.br\/index.php\/wp-json\/wp\/v2\/pages\/6285\/revisions\/6291"}],"wp:featuredmedia":[{"embeddable":true,"href":"https:\/\/deputadotaveirajr.com.br\/index.php\/wp-json\/wp\/v2\/media\/6286"}],"wp:attachment":[{"href":"https:\/\/deputadotaveirajr.com.br\/index.php\/wp-json\/wp\/v2\/media?parent=6285"}],"curies":[{"name":"wp","href":"https:\/\/api.w.org\/{rel}","templated":true}]}}