{"id":6329,"date":"2024-05-20T16:11:36","date_gmt":"2024-05-20T19:11:36","guid":{"rendered":"https:\/\/deputadotaveirajr.com.br\/?page_id=6329"},"modified":"2024-05-20T16:11:36","modified_gmt":"2024-05-20T19:11:36","slug":"fugitivo-de-penitenciaria-da-grande-natal-e-visto-em-assu-e-deixa-14-celulares-para-tras-ao-escapar-de-cerco-diz-pm","status":"publish","type":"page","link":"https:\/\/deputadotaveirajr.com.br\/index.php\/fugitivo-de-penitenciaria-da-grande-natal-e-visto-em-assu-e-deixa-14-celulares-para-tras-ao-escapar-de-cerco-diz-pm\/","title":{"rendered":"Fugitivo de penitenci\u00e1ria da Grande Natal \u00e9 visto em Assu e deixa 14 celulares para tr\u00e1s ao escapar de cerco, diz PM"},"content":{"rendered":"<p>     Dois detentos fugiram da Penitenci\u00e1ria Estadual Rog\u00e9rio Coutinho Madruga, no Complexo de Alca\u00e7uz, no dia 30 de abril. Gustavo da Rocha Dias, 30 anos, foi visto em Assu, segundo a Pol\u00edcia Militar.<br \/>\nDivulga\u00e7\u00e3o<br \/>\nUm dos dois apenados que fugiram da Penitenci\u00e1ria Estadual Rog\u00e9rio Coutinho Madruga, no Complexo de Alca\u00e7uz, em N\u00edsia Floresta, na Grande Natal, foi visto neste domingo (19) em Assu, na regi\u00e3o Oeste potiguar, segundo a Pol\u00edcia Militar.<br \/>\nPoliciais realizaram um cerco perto da ponte da BR-304, mas o homem conseguiu escapar ao entrar em uma \u00e1rea de mata e deixou 14 celulares para tr\u00e1s.<br \/>\nDe acordo com o tenente-coronel Maximiliano Luiz Bezerra Fernandes, comandante do 10\u00ba Batalh\u00e3o da PM, o fugitivo visto no munic\u00edpio era Gustavo da Rocha Dias, de 30 anos, conhecido como Z\u00e9 Colmeia.<br \/>\n&#8220;A informa\u00e7\u00e3o chegou por meio de den\u00fancias an\u00f4nimas. Ligaram para c\u00e1. As pessoas que ligaram reconheceram ele pelas fotos que foram divulgadas&#8221;, afirmou o coronel.<br \/>\nPor volta de 12h30, os policiais se deslocaram at\u00e9 o local informado, nas proximidades da BR-304, e montaram um cerco. No entanto, ao avistar os policiais, o homem conseguiu escapar correndo para uma \u00e1rea de mata.<br \/>\nSegundo o coronel, ao correr, o fugitivo deixou para tr\u00e1s uma bolsa com 14 celulares, cinco rel\u00f3gios, al\u00e9m de roupas. Os celulares e rel\u00f3gios tinham sido furtados de um im\u00f3vel arrombado no s\u00e1bado (18), na cidade.<br \/>\nLEIA MAIS<br \/>\nGoverno oferece recompensa de at\u00e9 R$ 10 mil por informa\u00e7\u00f5es que levem \u00e0 recaptura de fugitivos de penitenci\u00e1ria na Grande Natal<br \/>\nAp\u00f3s fuga de presos, quatro policiais penais s\u00e3o afastados de penitenci\u00e1ria no RN por &#8216;suposta neglig\u00eancia&#8217;<br \/>\nAinda segundo o comandante, na noite de domingo (19), a PM recebeu novas informa\u00e7\u00f5es de que o mesmo fugitivo foi visto no munic\u00edpio vizinho, Itaj\u00e1, distante 11 km de Assu, por volta de 21h. Uma equipe foi enviada ao local, mas o suspeito conseguiu escapar novamente entrando em uma \u00e1rea de mata.<br \/>\nO coronel ainda afirmou que as buscas continuam na regi\u00e3o.<br \/>\nProcurada pelo g1, a Secretaria de Administra\u00e7\u00e3o Penitenci\u00e1ria do Rio Grande do Norte (Seap) informou que n\u00e3o comenta dilig\u00eancias ou investiga\u00e7\u00e3o em andamento.<br \/>\nInforma\u00e7\u00f5es que possam levar a recaptura dos foragidos devem ser repassadas atrav\u00e9s do Disque Den\u00fancia 181 ou pelo 190.<br \/>\n\ud83d\udcf3Participe do canal do g1 RN no WhatsApp<br \/>\nA fuga<br \/>\nOs dois presos fugiram da Penitenci\u00e1ria Estadual Rog\u00e9rio Coutinho Madruga, no dia 30 de abril. Eles foram identificados pela Seap como:<br \/>\nGustavo da Rocha Dias, 30 anos; e<br \/>\nRicardo Campelo da Silva, 43 anos.<br \/>\nFugitivos da Penitenci\u00e1ria Rog\u00e9rio Madruga Coutinho<br \/>\nDivulga\u00e7\u00e3o\/Seap<br \/>\nOs fugitivos eram internos &#8220;qualificados para servi\u00e7os&#8221;, como s\u00e3o chamados os &#8220;presos de confian\u00e7a&#8221;, que realizam trabalhos dentro da penitenci\u00e1ria.<br \/>\nSegundo o secret\u00e1rio de Administra\u00e7\u00e3o Penitenci\u00e1ria (Seap), Helton Edi Xavir, os dois estavam trabalhando em uma obra no pres\u00eddio.<br \/>\nO comandante da Pol\u00edcia Militar do RN, Coronel Alarico Azevedo, disse que os presos utilizaram uma bicicleta ap\u00f3s fugirem da unidade prisional. Um v\u00eddeo gravado por c\u00e2meras de seguran\u00e7a, mostra os presos no meio de transporte.<br \/>\nPenitenci\u00e1ria Estadual Rog\u00e9rio Coutinho Madruga, em N\u00edsia Floresta, na Grande Natal<br \/>\nPedro Trindade\/Inter TV Cabugi<br \/>\nUma moradora da regi\u00e3o pr\u00f3xima \u00e0 penitenci\u00e1ria, na comunidade de Alca\u00e7uz, confirmou que teve uma bicicleta furtada na casa por volta das 12h. A bicicleta foi abandonada em uma \u00e1rea de mata.<br \/>\nA presidente do Sindicato dos Policiais Penais do RN, Vilma Batista, disse que no momento da fuga os presos estavam dentro da oficina. &#8220;O oficial foi fazer outro servi\u00e7o e deixou eles dentro da oficina. Tinham todo o aparato&#8221;, disse.<br \/>\nPresos fugiram de bicicleta na Grande Natal<br \/>\n&#8220;Eles serraram o cadeado da cela, entraram na guarita, e serraram o cadeado da guarita. E j\u00e1 estavam fora da unidade. Conseguiram adentrar na vila [comunidade de Alca\u00e7uz] e conseguiram uma bicicleta&#8221;, completou.<br \/>\nDe acordo com a Seap, os dois fugitivos foram vistos juntos no dia 1\u00ba de maio em uma casa de praia em Cotovelo, em Parnamirim, na Grande Natal.<br \/>\nV\u00eddeos mais assistidos do g1 RN<\/p>","protected":false},"excerpt":{"rendered":"<p>Dois detentos fugiram da Penitenci\u00e1ria Estadual Rog\u00e9rio Coutinho Madruga, no Complexo de Alca\u00e7uz, no dia 30 de abril. Gustavo da Rocha Dias, 30 anos, foi visto em Assu, segundo a &#8230;<\/p>\n","protected":false},"author":0,"featured_media":6330,"parent":0,"menu_order":0,"comment_status":"closed","ping_status":"closed","template":"","meta":{"footnotes":""},"class_list":["post-6329","page","type-page","status-publish","has-post-thumbnail","hentry"],"yoast_head":"<!-- This site is optimized with the Yoast SEO plugin v27.1.1 - https:\/\/yoast.com\/product\/yoast-seo-wordpress\/ -->\n<title>Fugitivo de penitenci\u00e1ria da Grande Natal \u00e9 visto em Assu e deixa 14 celulares para tr\u00e1s ao escapar de cerco, diz PM - Taveira Jr<\/title>\n<meta name=\"robots\" content=\"index, follow, max-snippet:-1, max-image-preview:large, max-video-preview:-1\" \/>\n<link rel=\"canonical\" href=\"https:\/\/deputadotaveirajr.com.br\/index.php\/fugitivo-de-penitenciaria-da-grande-natal-e-visto-em-assu-e-deixa-14-celulares-para-tras-ao-escapar-de-cerco-diz-pm\/\" \/>\n<meta property=\"og:locale\" content=\"pt_BR\" \/>\n<meta property=\"og:type\" content=\"article\" \/>\n<meta property=\"og:title\" content=\"Fugitivo de penitenci\u00e1ria da Grande Natal \u00e9 visto em Assu e deixa 14 celulares para tr\u00e1s ao escapar de cerco, diz PM - Taveira Jr\" \/>\n<meta property=\"og:description\" content=\"Dois detentos fugiram da Penitenci\u00e1ria Estadual Rog\u00e9rio Coutinho Madruga, no Complexo de Alca\u00e7uz, no dia 30 de abril. Gustavo da Rocha Dias, 30 anos, foi visto em Assu, segundo a ...\" \/>\n<meta property=\"og:url\" content=\"https:\/\/deputadotaveirajr.com.br\/index.php\/fugitivo-de-penitenciaria-da-grande-natal-e-visto-em-assu-e-deixa-14-celulares-para-tras-ao-escapar-de-cerco-diz-pm\/\" \/>\n<meta property=\"og:site_name\" content=\"Taveira Jr\" \/>\n<meta property=\"og:image\" content=\"https:\/\/deputadotaveirajr.com.br\/wp-content\/uploads\/2024\/05\/fugitivo-X8287t.jpeg\" \/>\n\t<meta property=\"og:image:width\" content=\"959\" \/>\n\t<meta property=\"og:image:height\" content=\"777\" \/>\n\t<meta property=\"og:image:type\" content=\"image\/jpeg\" \/>\n<meta name=\"twitter:card\" content=\"summary_large_image\" \/>\n<meta name=\"twitter:label1\" content=\"Est. tempo de leitura\" \/>\n\t<meta name=\"twitter:data1\" content=\"4 minutos\" \/>\n<script type=\"application\/ld+json\" class=\"yoast-schema-graph\">{\"@context\":\"https:\/\/schema.org\",\"@graph\":[{\"@type\":\"WebPage\",\"@id\":\"https:\/\/deputadotaveirajr.com.br\/index.php\/fugitivo-de-penitenciaria-da-grande-natal-e-visto-em-assu-e-deixa-14-celulares-para-tras-ao-escapar-de-cerco-diz-pm\/\",\"url\":\"https:\/\/deputadotaveirajr.com.br\/index.php\/fugitivo-de-penitenciaria-da-grande-natal-e-visto-em-assu-e-deixa-14-celulares-para-tras-ao-escapar-de-cerco-diz-pm\/\",\"name\":\"Fugitivo de penitenci\u00e1ria da Grande Natal \u00e9 visto em Assu e deixa 14 celulares para tr\u00e1s ao escapar de cerco, diz PM - Taveira Jr\",\"isPartOf\":{\"@id\":\"https:\/\/deputadotaveirajr.com.br\/#website\"},\"primaryImageOfPage\":{\"@id\":\"https:\/\/deputadotaveirajr.com.br\/index.php\/fugitivo-de-penitenciaria-da-grande-natal-e-visto-em-assu-e-deixa-14-celulares-para-tras-ao-escapar-de-cerco-diz-pm\/#primaryimage\"},\"image\":{\"@id\":\"https:\/\/deputadotaveirajr.com.br\/index.php\/fugitivo-de-penitenciaria-da-grande-natal-e-visto-em-assu-e-deixa-14-celulares-para-tras-ao-escapar-de-cerco-diz-pm\/#primaryimage\"},\"thumbnailUrl\":\"https:\/\/deputadotaveirajr.com.br\/wp-content\/uploads\/2024\/05\/fugitivo-X8287t.jpeg\",\"datePublished\":\"2024-05-20T19:11:36+00:00\",\"breadcrumb\":{\"@id\":\"https:\/\/deputadotaveirajr.com.br\/index.php\/fugitivo-de-penitenciaria-da-grande-natal-e-visto-em-assu-e-deixa-14-celulares-para-tras-ao-escapar-de-cerco-diz-pm\/#breadcrumb\"},\"inLanguage\":\"pt-BR\",\"potentialAction\":[{\"@type\":\"ReadAction\",\"target\":[\"https:\/\/deputadotaveirajr.com.br\/index.php\/fugitivo-de-penitenciaria-da-grande-natal-e-visto-em-assu-e-deixa-14-celulares-para-tras-ao-escapar-de-cerco-diz-pm\/\"]}]},{\"@type\":\"ImageObject\",\"inLanguage\":\"pt-BR\",\"@id\":\"https:\/\/deputadotaveirajr.com.br\/index.php\/fugitivo-de-penitenciaria-da-grande-natal-e-visto-em-assu-e-deixa-14-celulares-para-tras-ao-escapar-de-cerco-diz-pm\/#primaryimage\",\"url\":\"https:\/\/deputadotaveirajr.com.br\/wp-content\/uploads\/2024\/05\/fugitivo-X8287t.jpeg\",\"contentUrl\":\"https:\/\/deputadotaveirajr.com.br\/wp-content\/uploads\/2024\/05\/fugitivo-X8287t.jpeg\",\"width\":959,\"height\":777},{\"@type\":\"BreadcrumbList\",\"@id\":\"https:\/\/deputadotaveirajr.com.br\/index.php\/fugitivo-de-penitenciaria-da-grande-natal-e-visto-em-assu-e-deixa-14-celulares-para-tras-ao-escapar-de-cerco-diz-pm\/#breadcrumb\",\"itemListElement\":[{\"@type\":\"ListItem\",\"position\":1,\"name\":\"In\u00edcio\",\"item\":\"https:\/\/deputadotaveirajr.com.br\/\"},{\"@type\":\"ListItem\",\"position\":2,\"name\":\"Fugitivo de penitenci\u00e1ria da Grande Natal \u00e9 visto em Assu e deixa 14 celulares para tr\u00e1s ao escapar de cerco, diz PM\"}]},{\"@type\":\"WebSite\",\"@id\":\"https:\/\/deputadotaveirajr.com.br\/#website\",\"url\":\"https:\/\/deputadotaveirajr.com.br\/\",\"name\":\"Taveira Jr\",\"description\":\"Deputado Estadual\",\"publisher\":{\"@id\":\"https:\/\/deputadotaveirajr.com.br\/#organization\"},\"potentialAction\":[{\"@type\":\"SearchAction\",\"target\":{\"@type\":\"EntryPoint\",\"urlTemplate\":\"https:\/\/deputadotaveirajr.com.br\/?s={search_term_string}\"},\"query-input\":{\"@type\":\"PropertyValueSpecification\",\"valueRequired\":true,\"valueName\":\"search_term_string\"}}],\"inLanguage\":\"pt-BR\"},{\"@type\":\"Organization\",\"@id\":\"https:\/\/deputadotaveirajr.com.br\/#organization\",\"name\":\"Taveira Jr\",\"url\":\"https:\/\/deputadotaveirajr.com.br\/\",\"logo\":{\"@type\":\"ImageObject\",\"inLanguage\":\"pt-BR\",\"@id\":\"https:\/\/deputadotaveirajr.com.br\/#\/schema\/logo\/image\/\",\"url\":\"https:\/\/deputadotaveirajr.com.br\/wp-content\/uploads\/2026\/01\/logolow2a.png\",\"contentUrl\":\"https:\/\/deputadotaveirajr.com.br\/wp-content\/uploads\/2026\/01\/logolow2a.png\",\"width\":290,\"height\":80,\"caption\":\"Taveira Jr\"},\"image\":{\"@id\":\"https:\/\/deputadotaveirajr.com.br\/#\/schema\/logo\/image\/\"}}]}<\/script>\n<!-- \/ Yoast SEO plugin. -->","yoast_head_json":{"title":"Fugitivo de penitenci\u00e1ria da Grande Natal \u00e9 visto em Assu e deixa 14 celulares para tr\u00e1s ao escapar de cerco, diz PM - Taveira Jr","robots":{"index":"index","follow":"follow","max-snippet":"max-snippet:-1","max-image-preview":"max-image-preview:large","max-video-preview":"max-video-preview:-1"},"canonical":"https:\/\/deputadotaveirajr.com.br\/index.php\/fugitivo-de-penitenciaria-da-grande-natal-e-visto-em-assu-e-deixa-14-celulares-para-tras-ao-escapar-de-cerco-diz-pm\/","og_locale":"pt_BR","og_type":"article","og_title":"Fugitivo de penitenci\u00e1ria da Grande Natal \u00e9 visto em Assu e deixa 14 celulares para tr\u00e1s ao escapar de cerco, diz PM - Taveira Jr","og_description":"Dois detentos fugiram da Penitenci\u00e1ria Estadual Rog\u00e9rio Coutinho Madruga, no Complexo de Alca\u00e7uz, no dia 30 de abril. Gustavo da Rocha Dias, 30 anos, foi visto em Assu, segundo a ...","og_url":"https:\/\/deputadotaveirajr.com.br\/index.php\/fugitivo-de-penitenciaria-da-grande-natal-e-visto-em-assu-e-deixa-14-celulares-para-tras-ao-escapar-de-cerco-diz-pm\/","og_site_name":"Taveira Jr","og_image":[{"width":959,"height":777,"url":"https:\/\/deputadotaveirajr.com.br\/wp-content\/uploads\/2024\/05\/fugitivo-X8287t.jpeg","type":"image\/jpeg"}],"twitter_card":"summary_large_image","twitter_misc":{"Est. tempo de leitura":"4 minutos"},"schema":{"@context":"https:\/\/schema.org","@graph":[{"@type":"WebPage","@id":"https:\/\/deputadotaveirajr.com.br\/index.php\/fugitivo-de-penitenciaria-da-grande-natal-e-visto-em-assu-e-deixa-14-celulares-para-tras-ao-escapar-de-cerco-diz-pm\/","url":"https:\/\/deputadotaveirajr.com.br\/index.php\/fugitivo-de-penitenciaria-da-grande-natal-e-visto-em-assu-e-deixa-14-celulares-para-tras-ao-escapar-de-cerco-diz-pm\/","name":"Fugitivo de penitenci\u00e1ria da Grande Natal \u00e9 visto em Assu e deixa 14 celulares para tr\u00e1s ao escapar de cerco, diz PM - Taveira Jr","isPartOf":{"@id":"https:\/\/deputadotaveirajr.com.br\/#website"},"primaryImageOfPage":{"@id":"https:\/\/deputadotaveirajr.com.br\/index.php\/fugitivo-de-penitenciaria-da-grande-natal-e-visto-em-assu-e-deixa-14-celulares-para-tras-ao-escapar-de-cerco-diz-pm\/#primaryimage"},"image":{"@id":"https:\/\/deputadotaveirajr.com.br\/index.php\/fugitivo-de-penitenciaria-da-grande-natal-e-visto-em-assu-e-deixa-14-celulares-para-tras-ao-escapar-de-cerco-diz-pm\/#primaryimage"},"thumbnailUrl":"https:\/\/deputadotaveirajr.com.br\/wp-content\/uploads\/2024\/05\/fugitivo-X8287t.jpeg","datePublished":"2024-05-20T19:11:36+00:00","breadcrumb":{"@id":"https:\/\/deputadotaveirajr.com.br\/index.php\/fugitivo-de-penitenciaria-da-grande-natal-e-visto-em-assu-e-deixa-14-celulares-para-tras-ao-escapar-de-cerco-diz-pm\/#breadcrumb"},"inLanguage":"pt-BR","potentialAction":[{"@type":"ReadAction","target":["https:\/\/deputadotaveirajr.com.br\/index.php\/fugitivo-de-penitenciaria-da-grande-natal-e-visto-em-assu-e-deixa-14-celulares-para-tras-ao-escapar-de-cerco-diz-pm\/"]}]},{"@type":"ImageObject","inLanguage":"pt-BR","@id":"https:\/\/deputadotaveirajr.com.br\/index.php\/fugitivo-de-penitenciaria-da-grande-natal-e-visto-em-assu-e-deixa-14-celulares-para-tras-ao-escapar-de-cerco-diz-pm\/#primaryimage","url":"https:\/\/deputadotaveirajr.com.br\/wp-content\/uploads\/2024\/05\/fugitivo-X8287t.jpeg","contentUrl":"https:\/\/deputadotaveirajr.com.br\/wp-content\/uploads\/2024\/05\/fugitivo-X8287t.jpeg","width":959,"height":777},{"@type":"BreadcrumbList","@id":"https:\/\/deputadotaveirajr.com.br\/index.php\/fugitivo-de-penitenciaria-da-grande-natal-e-visto-em-assu-e-deixa-14-celulares-para-tras-ao-escapar-de-cerco-diz-pm\/#breadcrumb","itemListElement":[{"@type":"ListItem","position":1,"name":"In\u00edcio","item":"https:\/\/deputadotaveirajr.com.br\/"},{"@type":"ListItem","position":2,"name":"Fugitivo de penitenci\u00e1ria da Grande Natal \u00e9 visto em Assu e deixa 14 celulares para tr\u00e1s ao escapar de cerco, diz PM"}]},{"@type":"WebSite","@id":"https:\/\/deputadotaveirajr.com.br\/#website","url":"https:\/\/deputadotaveirajr.com.br\/","name":"Taveira Jr","description":"Deputado Estadual","publisher":{"@id":"https:\/\/deputadotaveirajr.com.br\/#organization"},"potentialAction":[{"@type":"SearchAction","target":{"@type":"EntryPoint","urlTemplate":"https:\/\/deputadotaveirajr.com.br\/?s={search_term_string}"},"query-input":{"@type":"PropertyValueSpecification","valueRequired":true,"valueName":"search_term_string"}}],"inLanguage":"pt-BR"},{"@type":"Organization","@id":"https:\/\/deputadotaveirajr.com.br\/#organization","name":"Taveira Jr","url":"https:\/\/deputadotaveirajr.com.br\/","logo":{"@type":"ImageObject","inLanguage":"pt-BR","@id":"https:\/\/deputadotaveirajr.com.br\/#\/schema\/logo\/image\/","url":"https:\/\/deputadotaveirajr.com.br\/wp-content\/uploads\/2026\/01\/logolow2a.png","contentUrl":"https:\/\/deputadotaveirajr.com.br\/wp-content\/uploads\/2026\/01\/logolow2a.png","width":290,"height":80,"caption":"Taveira Jr"},"image":{"@id":"https:\/\/deputadotaveirajr.com.br\/#\/schema\/logo\/image\/"}}]}},"_links":{"self":[{"href":"https:\/\/deputadotaveirajr.com.br\/index.php\/wp-json\/wp\/v2\/pages\/6329","targetHints":{"allow":["GET"]}}],"collection":[{"href":"https:\/\/deputadotaveirajr.com.br\/index.php\/wp-json\/wp\/v2\/pages"}],"about":[{"href":"https:\/\/deputadotaveirajr.com.br\/index.php\/wp-json\/wp\/v2\/types\/page"}],"replies":[{"embeddable":true,"href":"https:\/\/deputadotaveirajr.com.br\/index.php\/wp-json\/wp\/v2\/comments?post=6329"}],"version-history":[{"count":1,"href":"https:\/\/deputadotaveirajr.com.br\/index.php\/wp-json\/wp\/v2\/pages\/6329\/revisions"}],"predecessor-version":[{"id":6334,"href":"https:\/\/deputadotaveirajr.com.br\/index.php\/wp-json\/wp\/v2\/pages\/6329\/revisions\/6334"}],"wp:featuredmedia":[{"embeddable":true,"href":"https:\/\/deputadotaveirajr.com.br\/index.php\/wp-json\/wp\/v2\/media\/6330"}],"wp:attachment":[{"href":"https:\/\/deputadotaveirajr.com.br\/index.php\/wp-json\/wp\/v2\/media?parent=6329"}],"curies":[{"name":"wp","href":"https:\/\/api.w.org\/{rel}","templated":true}]}}