{"id":6387,"date":"2024-05-22T10:53:54","date_gmt":"2024-05-22T13:53:54","guid":{"rendered":"https:\/\/deputadotaveirajr.com.br\/index.php\/fugitivos-de-penitenciaria-no-complexo-de-alcacuz-sao-recapturados-em-natal\/"},"modified":"2024-05-22T10:53:54","modified_gmt":"2024-05-22T13:53:54","slug":"fugitivos-de-penitenciaria-no-complexo-de-alcacuz-sao-recapturados-em-natal","status":"publish","type":"page","link":"https:\/\/deputadotaveirajr.com.br\/index.php\/fugitivos-de-penitenciaria-no-complexo-de-alcacuz-sao-recapturados-em-natal\/","title":{"rendered":"Fugitivos de penitenci\u00e1ria no complexo de Alca\u00e7uz s\u00e3o recapturados em Natal"},"content":{"rendered":"<p>     Detentos fugiram da Penitenci\u00e1ria Estadual Rog\u00e9rio Coutinho Madruga no dia 30 de abril e foram recapturados nesta ter\u00e7a-feira (21). Fugitivos de penitenci\u00e1ria no complexo de Alca\u00e7uz foram recapturados em Natal<br \/>\nPol\u00edcia Civil\/Divulga\u00e7\u00e3o<br \/>\nA Pol\u00edcia Civil recapturou, em Natal, os dois apenados que fugiram da Penitenci\u00e1ria Estadual Rog\u00e9rio Coutinho Madruga, no Complexo de Alca\u00e7uz, em N\u00edsia Floresta, na regi\u00e3o metropolitana, no dia 30 de abril.<br \/>\nAs pris\u00f5es ocorreram na noite desta ter\u00e7a-feira (21)  na Comunidade do Jap\u00e3o, no bairro Quintas, Zona Oeste da capital potiguar. A a\u00e7\u00e3o foi comandada pela Delegacia Especializada em Furtos e Roubos (Defur).<br \/>\nGustavo da Rocha Dias, 29 anos, e Ricardo Campelo da Silva, de 43 anos, ambos condenados pela Justi\u00e7a, foram localizados com duas armas de fogo, al\u00e9m de muni\u00e7\u00f5es e celulares, mais de 20 dias ap\u00f3s a fuga. Uma mulher, de 25 anos, tamb\u00e9m foi presa por furto.<br \/>\n&#8220;Os foragidos foram localizados na Comunidade do Jap\u00e3o, ap\u00f3s investiga\u00e7\u00f5es que apontaram o local como poss\u00edvel esconderijo e uma liga\u00e7\u00e3o com suspeitos envolvidos em outros crimes&#8221;, informou a Pol\u00edcia Civil.<br \/>\nArmas apreendidas com fugitivos recapturados nesta ter\u00e7a-feira (21)<br \/>\nPol\u00edcia Civil\/Divulga\u00e7\u00e3o<br \/>\nLEIA MAIS<br \/>\nGoverno oferece recompensa de at\u00e9 R$ 10 mil por informa\u00e7\u00f5es que levem \u00e0 recaptura de fugitivos de penitenci\u00e1ria na Grande Natal<br \/>\nAp\u00f3s fuga de presos, quatro policiais penais s\u00e3o afastados de penitenci\u00e1ria no RN por &#8216;suposta neglig\u00eancia&#8217;<br \/>\nOs foragidos foram autuados pelo crime de posse ilegal de arma de fogo e encaminhados ao sistema prisional. Segundo a Secretaria de Administra\u00e7\u00e3o Penitenci\u00e1ria (Seap), a dupla voltar\u00e1 para a penitenci\u00e1ria de onde fugiu.<br \/>\nNa \u00faltima segunda-feira (18), o comando do 10\u00ba Batalh\u00e3o da PM, havia informado que um dos suspeitos tinha sido visto em Assu, na regi\u00e3o Oeste do estado, no \u00faltimo domingo (19). Ainda de acordo com a PM, Gustavo teria deixado 14 celulares para tr\u00e1s na fuga ao cerco.<br \/>\nNa ocasi\u00e3o, a Seap n\u00e3o confirmou que o suspeito visto em Assu se tratava do fugitivo e disse que n\u00e3o comentava dilig\u00eancias ou investiga\u00e7\u00e3o em andamento.<br \/>\n\ud83d\udcf3Participe do canal do g1 RN no WhatsApp<br \/>\nA fuga<br \/>\nOs dois presos fugiram da Penitenci\u00e1ria Estadual Rog\u00e9rio Coutinho Madruga, no dia 30 de abril.<br \/>\nOs fugitivos eram internos &#8220;qualificados para servi\u00e7os&#8221;, como s\u00e3o chamados os &#8220;presos de confian\u00e7a&#8221;, que realizam trabalhos dentro da penitenci\u00e1ria.<br \/>\nFugitivos da Penitenci\u00e1ria Rog\u00e9rio Madruga Coutinho<br \/>\nDivulga\u00e7\u00e3o\/Seap<br \/>\nSegundo o secret\u00e1rio de Administra\u00e7\u00e3o Penitenci\u00e1ria (Seap), Helton Edi Xavir, os dois estavam trabalhando em uma obra no pres\u00eddio.<br \/>\nO comandante da Pol\u00edcia Militar do RN, Coronel Alarico Azevedo, disse que os presos utilizaram uma bicicleta ap\u00f3s fugirem da unidade prisional. Um v\u00eddeo gravado por c\u00e2meras de seguran\u00e7a, mostra os presos no meio de transporte.<br \/>\nPenitenci\u00e1ria Estadual Rog\u00e9rio Coutinho Madruga, em N\u00edsia Floresta, na Grande Natal<br \/>\nPedro Trindade\/Inter TV Cabugi<br \/>\nUma moradora da regi\u00e3o pr\u00f3xima \u00e0 penitenci\u00e1ria, na comunidade de Alca\u00e7uz, confirmou que teve uma bicicleta furtada na casa por volta das 12h. A bicicleta foi abandonada em uma \u00e1rea de mata.<br \/>\nA presidente do Sindicato dos Policiais Penais do RN, Vilma Batista, disse que no momento da fuga os presos estavam dentro da oficina. &#8220;O oficial foi fazer outro servi\u00e7o e deixou eles dentro da oficina. Tinham todo o aparato&#8221;, disse.<br \/>\nPresos fugiram de bicicleta na Grande Natal<br \/>\n&#8220;Eles serraram o cadeado da cela, entraram na guarita, e serraram o cadeado da guarita. E j\u00e1 estavam fora da unidade. Conseguiram adentrar na vila [comunidade de Alca\u00e7uz] e conseguiram uma bicicleta&#8221;, completou.<br \/>\nDe acordo com a Seap, os dois fugitivos foram vistos juntos no dia 1\u00ba de maio em uma casa de praia em Cotovelo, em Parnamirim, na Grande Natal.<br \/>\nV\u00eddeos mais assistidos do g1 RN<\/p>","protected":false},"excerpt":{"rendered":"<p>Detentos fugiram da Penitenci\u00e1ria Estadual Rog\u00e9rio Coutinho Madruga no dia 30 de abril e foram recapturados nesta ter\u00e7a-feira (21). Fugitivos de penitenci\u00e1ria no complexo de Alca\u00e7uz foram recapturados em Natal &#8230;<\/p>\n","protected":false},"author":0,"featured_media":6388,"parent":0,"menu_order":0,"comment_status":"closed","ping_status":"closed","template":"","meta":{"footnotes":""},"class_list":["post-6387","page","type-page","status-publish","has-post-thumbnail","hentry"],"yoast_head":"<!-- This site is optimized with the Yoast SEO plugin v27.1.1 - https:\/\/yoast.com\/product\/yoast-seo-wordpress\/ -->\n<title>Fugitivos de penitenci\u00e1ria no complexo de Alca\u00e7uz s\u00e3o recapturados em Natal - Taveira Jr<\/title>\n<meta name=\"robots\" content=\"index, follow, max-snippet:-1, max-image-preview:large, max-video-preview:-1\" \/>\n<link rel=\"canonical\" href=\"https:\/\/deputadotaveirajr.com.br\/index.php\/fugitivos-de-penitenciaria-no-complexo-de-alcacuz-sao-recapturados-em-natal\/\" \/>\n<meta property=\"og:locale\" content=\"pt_BR\" \/>\n<meta property=\"og:type\" content=\"article\" \/>\n<meta property=\"og:title\" content=\"Fugitivos de penitenci\u00e1ria no complexo de Alca\u00e7uz s\u00e3o recapturados em Natal - Taveira Jr\" \/>\n<meta property=\"og:description\" content=\"Detentos fugiram da Penitenci\u00e1ria Estadual Rog\u00e9rio Coutinho Madruga no dia 30 de abril e foram recapturados nesta ter\u00e7a-feira (21). Fugitivos de penitenci\u00e1ria no complexo de Alca\u00e7uz foram recapturados em Natal ...\" \/>\n<meta property=\"og:url\" content=\"https:\/\/deputadotaveirajr.com.br\/index.php\/fugitivos-de-penitenciaria-no-complexo-de-alcacuz-sao-recapturados-em-natal\/\" \/>\n<meta property=\"og:site_name\" content=\"Taveira Jr\" \/>\n<meta name=\"twitter:card\" content=\"summary_large_image\" \/>\n<meta name=\"twitter:label1\" content=\"Est. tempo de leitura\" \/>\n\t<meta name=\"twitter:data1\" content=\"3 minutos\" \/>\n<script type=\"application\/ld+json\" class=\"yoast-schema-graph\">{\"@context\":\"https:\/\/schema.org\",\"@graph\":[{\"@type\":\"WebPage\",\"@id\":\"https:\/\/deputadotaveirajr.com.br\/index.php\/fugitivos-de-penitenciaria-no-complexo-de-alcacuz-sao-recapturados-em-natal\/\",\"url\":\"https:\/\/deputadotaveirajr.com.br\/index.php\/fugitivos-de-penitenciaria-no-complexo-de-alcacuz-sao-recapturados-em-natal\/\",\"name\":\"Fugitivos de penitenci\u00e1ria no complexo de Alca\u00e7uz s\u00e3o recapturados em Natal - Taveira Jr\",\"isPartOf\":{\"@id\":\"https:\/\/deputadotaveirajr.com.br\/#website\"},\"primaryImageOfPage\":{\"@id\":\"https:\/\/deputadotaveirajr.com.br\/index.php\/fugitivos-de-penitenciaria-no-complexo-de-alcacuz-sao-recapturados-em-natal\/#primaryimage\"},\"image\":{\"@id\":\"https:\/\/deputadotaveirajr.com.br\/index.php\/fugitivos-de-penitenciaria-no-complexo-de-alcacuz-sao-recapturados-em-natal\/#primaryimage\"},\"thumbnailUrl\":\"https:\/\/deputadotaveirajr.com.br\/wp-content\/uploads\/2024\/05\/whatsapp-image-2024-05-21-at-21.24.47-hLbD3k.jpeg\",\"datePublished\":\"2024-05-22T13:53:54+00:00\",\"breadcrumb\":{\"@id\":\"https:\/\/deputadotaveirajr.com.br\/index.php\/fugitivos-de-penitenciaria-no-complexo-de-alcacuz-sao-recapturados-em-natal\/#breadcrumb\"},\"inLanguage\":\"pt-BR\",\"potentialAction\":[{\"@type\":\"ReadAction\",\"target\":[\"https:\/\/deputadotaveirajr.com.br\/index.php\/fugitivos-de-penitenciaria-no-complexo-de-alcacuz-sao-recapturados-em-natal\/\"]}]},{\"@type\":\"ImageObject\",\"inLanguage\":\"pt-BR\",\"@id\":\"https:\/\/deputadotaveirajr.com.br\/index.php\/fugitivos-de-penitenciaria-no-complexo-de-alcacuz-sao-recapturados-em-natal\/#primaryimage\",\"url\":\"https:\/\/deputadotaveirajr.com.br\/wp-content\/uploads\/2024\/05\/whatsapp-image-2024-05-21-at-21.24.47-hLbD3k.jpeg\",\"contentUrl\":\"https:\/\/deputadotaveirajr.com.br\/wp-content\/uploads\/2024\/05\/whatsapp-image-2024-05-21-at-21.24.47-hLbD3k.jpeg\",\"width\":1440,\"height\":754},{\"@type\":\"BreadcrumbList\",\"@id\":\"https:\/\/deputadotaveirajr.com.br\/index.php\/fugitivos-de-penitenciaria-no-complexo-de-alcacuz-sao-recapturados-em-natal\/#breadcrumb\",\"itemListElement\":[{\"@type\":\"ListItem\",\"position\":1,\"name\":\"In\u00edcio\",\"item\":\"https:\/\/deputadotaveirajr.com.br\/\"},{\"@type\":\"ListItem\",\"position\":2,\"name\":\"Fugitivos de penitenci\u00e1ria no complexo de Alca\u00e7uz s\u00e3o recapturados em Natal\"}]},{\"@type\":\"WebSite\",\"@id\":\"https:\/\/deputadotaveirajr.com.br\/#website\",\"url\":\"https:\/\/deputadotaveirajr.com.br\/\",\"name\":\"Taveira Jr\",\"description\":\"Deputado Estadual\",\"publisher\":{\"@id\":\"https:\/\/deputadotaveirajr.com.br\/#organization\"},\"potentialAction\":[{\"@type\":\"SearchAction\",\"target\":{\"@type\":\"EntryPoint\",\"urlTemplate\":\"https:\/\/deputadotaveirajr.com.br\/?s={search_term_string}\"},\"query-input\":{\"@type\":\"PropertyValueSpecification\",\"valueRequired\":true,\"valueName\":\"search_term_string\"}}],\"inLanguage\":\"pt-BR\"},{\"@type\":\"Organization\",\"@id\":\"https:\/\/deputadotaveirajr.com.br\/#organization\",\"name\":\"Taveira Jr\",\"url\":\"https:\/\/deputadotaveirajr.com.br\/\",\"logo\":{\"@type\":\"ImageObject\",\"inLanguage\":\"pt-BR\",\"@id\":\"https:\/\/deputadotaveirajr.com.br\/#\/schema\/logo\/image\/\",\"url\":\"https:\/\/deputadotaveirajr.com.br\/wp-content\/uploads\/2026\/01\/logolow2a.png\",\"contentUrl\":\"https:\/\/deputadotaveirajr.com.br\/wp-content\/uploads\/2026\/01\/logolow2a.png\",\"width\":290,\"height\":80,\"caption\":\"Taveira Jr\"},\"image\":{\"@id\":\"https:\/\/deputadotaveirajr.com.br\/#\/schema\/logo\/image\/\"}}]}<\/script>\n<!-- \/ Yoast SEO plugin. -->","yoast_head_json":{"title":"Fugitivos de penitenci\u00e1ria no complexo de Alca\u00e7uz s\u00e3o recapturados em Natal - Taveira Jr","robots":{"index":"index","follow":"follow","max-snippet":"max-snippet:-1","max-image-preview":"max-image-preview:large","max-video-preview":"max-video-preview:-1"},"canonical":"https:\/\/deputadotaveirajr.com.br\/index.php\/fugitivos-de-penitenciaria-no-complexo-de-alcacuz-sao-recapturados-em-natal\/","og_locale":"pt_BR","og_type":"article","og_title":"Fugitivos de penitenci\u00e1ria no complexo de Alca\u00e7uz s\u00e3o recapturados em Natal - Taveira Jr","og_description":"Detentos fugiram da Penitenci\u00e1ria Estadual Rog\u00e9rio Coutinho Madruga no dia 30 de abril e foram recapturados nesta ter\u00e7a-feira (21). Fugitivos de penitenci\u00e1ria no complexo de Alca\u00e7uz foram recapturados em Natal ...","og_url":"https:\/\/deputadotaveirajr.com.br\/index.php\/fugitivos-de-penitenciaria-no-complexo-de-alcacuz-sao-recapturados-em-natal\/","og_site_name":"Taveira Jr","twitter_card":"summary_large_image","twitter_misc":{"Est. tempo de leitura":"3 minutos"},"schema":{"@context":"https:\/\/schema.org","@graph":[{"@type":"WebPage","@id":"https:\/\/deputadotaveirajr.com.br\/index.php\/fugitivos-de-penitenciaria-no-complexo-de-alcacuz-sao-recapturados-em-natal\/","url":"https:\/\/deputadotaveirajr.com.br\/index.php\/fugitivos-de-penitenciaria-no-complexo-de-alcacuz-sao-recapturados-em-natal\/","name":"Fugitivos de penitenci\u00e1ria no complexo de Alca\u00e7uz s\u00e3o recapturados em Natal - Taveira Jr","isPartOf":{"@id":"https:\/\/deputadotaveirajr.com.br\/#website"},"primaryImageOfPage":{"@id":"https:\/\/deputadotaveirajr.com.br\/index.php\/fugitivos-de-penitenciaria-no-complexo-de-alcacuz-sao-recapturados-em-natal\/#primaryimage"},"image":{"@id":"https:\/\/deputadotaveirajr.com.br\/index.php\/fugitivos-de-penitenciaria-no-complexo-de-alcacuz-sao-recapturados-em-natal\/#primaryimage"},"thumbnailUrl":"https:\/\/deputadotaveirajr.com.br\/wp-content\/uploads\/2024\/05\/whatsapp-image-2024-05-21-at-21.24.47-hLbD3k.jpeg","datePublished":"2024-05-22T13:53:54+00:00","breadcrumb":{"@id":"https:\/\/deputadotaveirajr.com.br\/index.php\/fugitivos-de-penitenciaria-no-complexo-de-alcacuz-sao-recapturados-em-natal\/#breadcrumb"},"inLanguage":"pt-BR","potentialAction":[{"@type":"ReadAction","target":["https:\/\/deputadotaveirajr.com.br\/index.php\/fugitivos-de-penitenciaria-no-complexo-de-alcacuz-sao-recapturados-em-natal\/"]}]},{"@type":"ImageObject","inLanguage":"pt-BR","@id":"https:\/\/deputadotaveirajr.com.br\/index.php\/fugitivos-de-penitenciaria-no-complexo-de-alcacuz-sao-recapturados-em-natal\/#primaryimage","url":"https:\/\/deputadotaveirajr.com.br\/wp-content\/uploads\/2024\/05\/whatsapp-image-2024-05-21-at-21.24.47-hLbD3k.jpeg","contentUrl":"https:\/\/deputadotaveirajr.com.br\/wp-content\/uploads\/2024\/05\/whatsapp-image-2024-05-21-at-21.24.47-hLbD3k.jpeg","width":1440,"height":754},{"@type":"BreadcrumbList","@id":"https:\/\/deputadotaveirajr.com.br\/index.php\/fugitivos-de-penitenciaria-no-complexo-de-alcacuz-sao-recapturados-em-natal\/#breadcrumb","itemListElement":[{"@type":"ListItem","position":1,"name":"In\u00edcio","item":"https:\/\/deputadotaveirajr.com.br\/"},{"@type":"ListItem","position":2,"name":"Fugitivos de penitenci\u00e1ria no complexo de Alca\u00e7uz s\u00e3o recapturados em Natal"}]},{"@type":"WebSite","@id":"https:\/\/deputadotaveirajr.com.br\/#website","url":"https:\/\/deputadotaveirajr.com.br\/","name":"Taveira Jr","description":"Deputado Estadual","publisher":{"@id":"https:\/\/deputadotaveirajr.com.br\/#organization"},"potentialAction":[{"@type":"SearchAction","target":{"@type":"EntryPoint","urlTemplate":"https:\/\/deputadotaveirajr.com.br\/?s={search_term_string}"},"query-input":{"@type":"PropertyValueSpecification","valueRequired":true,"valueName":"search_term_string"}}],"inLanguage":"pt-BR"},{"@type":"Organization","@id":"https:\/\/deputadotaveirajr.com.br\/#organization","name":"Taveira Jr","url":"https:\/\/deputadotaveirajr.com.br\/","logo":{"@type":"ImageObject","inLanguage":"pt-BR","@id":"https:\/\/deputadotaveirajr.com.br\/#\/schema\/logo\/image\/","url":"https:\/\/deputadotaveirajr.com.br\/wp-content\/uploads\/2026\/01\/logolow2a.png","contentUrl":"https:\/\/deputadotaveirajr.com.br\/wp-content\/uploads\/2026\/01\/logolow2a.png","width":290,"height":80,"caption":"Taveira Jr"},"image":{"@id":"https:\/\/deputadotaveirajr.com.br\/#\/schema\/logo\/image\/"}}]}},"_links":{"self":[{"href":"https:\/\/deputadotaveirajr.com.br\/index.php\/wp-json\/wp\/v2\/pages\/6387","targetHints":{"allow":["GET"]}}],"collection":[{"href":"https:\/\/deputadotaveirajr.com.br\/index.php\/wp-json\/wp\/v2\/pages"}],"about":[{"href":"https:\/\/deputadotaveirajr.com.br\/index.php\/wp-json\/wp\/v2\/types\/page"}],"replies":[{"embeddable":true,"href":"https:\/\/deputadotaveirajr.com.br\/index.php\/wp-json\/wp\/v2\/comments?post=6387"}],"version-history":[{"count":0,"href":"https:\/\/deputadotaveirajr.com.br\/index.php\/wp-json\/wp\/v2\/pages\/6387\/revisions"}],"wp:featuredmedia":[{"embeddable":true,"href":"https:\/\/deputadotaveirajr.com.br\/index.php\/wp-json\/wp\/v2\/media\/6388"}],"wp:attachment":[{"href":"https:\/\/deputadotaveirajr.com.br\/index.php\/wp-json\/wp\/v2\/media?parent=6387"}],"curies":[{"name":"wp","href":"https:\/\/api.w.org\/{rel}","templated":true}]}}