{"id":6413,"date":"2024-05-23T13:55:51","date_gmt":"2024-05-23T16:55:51","guid":{"rendered":"https:\/\/deputadotaveirajr.com.br\/?page_id=6413"},"modified":"2024-05-23T13:55:51","modified_gmt":"2024-05-23T16:55:51","slug":"operario-em-licenca-medica-e-demitido-por-justa-causa-apos-postar-fotos-e-videos-correndo-e-participando-de-festa-junina","status":"publish","type":"page","link":"https:\/\/deputadotaveirajr.com.br\/index.php\/operario-em-licenca-medica-e-demitido-por-justa-causa-apos-postar-fotos-e-videos-correndo-e-participando-de-festa-junina\/","title":{"rendered":"Oper\u00e1rio em licen\u00e7a m\u00e9dica \u00e9 demitido por justa causa ap\u00f3s postar fotos e v\u00eddeos correndo e participando de festa junina"},"content":{"rendered":"<p>     Ele trabalhava em uma ind\u00fastria de alimentos na Grande Natal e tentou reverter a demiss\u00e3o na Justi\u00e7a, mas n\u00e3o conseguiu.  Tribunal Regional do Trabalho (TRT) da 21\u00aa Regi\u00e3o &#8211; Natal, RN<br \/>\nDivulga\u00e7\u00e3o\/TRT<br \/>\nUm oper\u00e1rio de uma ind\u00fastria de alimentos em Maca\u00edba, na Grande Natal, foi demitido por justa causa porque, estando de licen\u00e7a m\u00e9dica, publicou fotos e v\u00eddeos em suas redes sociais praticando esportes e participando de uma festa junina.<br \/>\nEle tentou reverter sua demiss\u00e3o na Justi\u00e7a, mas n\u00e3o conseguiu. Uma decis\u00e3o da 9\u00aa Vara do Trabalho de Natal n\u00e3o apenas reconheceu o justo motivo da demiss\u00e3o, como negou-lhe o pagamento de uma indeniza\u00e7\u00e3o por danos morais pleiteada por ele.<br \/>\n\ud83d\udcf3Participe do canal do g1 RN no WhatsApp<br \/>\nO oper\u00e1rio recorreu da decis\u00e3o ao Tribunal Regional do Trabalho da 21\u00aa Regi\u00e3o (TRT-RN) e coube \u00e0 desembargadora Isaura Barbalho Simonetti, da Primeira Turma de Julgamento, apreciar o recurso em que ele admitiu que praticava corridas por hobby e, tamb\u00e9m, atuava como digital influencer.<br \/>\nEm seu pedido de anula\u00e7\u00e3o da justa causa, o oper\u00e1rio argumentou que &#8220;as atividades extra laborais, inclusive aquelas realizadas durante os per\u00edodos de afastamento por sa\u00fade, n\u00e3o caracterizam viola\u00e7\u00e3o \u00e0s normas laborais&#8221;.<br \/>\nA empresa defendeu-se juntando como provas ao processo o registro de ponto do oper\u00e1rio, seu hist\u00f3rico de atestados m\u00e9dicos e sua ficha m\u00e9dica demonstrando que, mesmo afastado do trabalho \u201cem raz\u00e3o de les\u00e3o na coluna\u201d, ele encontrava-se praticando corrida e chegou a participar de uma festa junina, no mesmo dia em que se afastou do trabalho por motivo de doen\u00e7a.<br \/>\nNa decis\u00e3o, a desembargadora ressaltou que \u201co reclamante encontrava-se afastado por problema de sa\u00fade, por\u00e9m mantinha sua rotina de treinos, trabalhos externos e vida social ativa, sem qualquer ind\u00edcio de repouso ou indisposi\u00e7\u00e3o para o trabalho\u201d.<br \/>\nA relatora do recurso confirmou a senten\u00e7a da primeira inst\u00e2ncia e manteve a demiss\u00e3o por justa causa do oper\u00e1rio. Ela foi acompanhada em seu voto pela unanimidade dos desembargadores da Primeira Turma de Julgamentos do TRT-RN.<\/p>","protected":false},"excerpt":{"rendered":"<p>Ele trabalhava em uma ind\u00fastria de alimentos na Grande Natal e tentou reverter a demiss\u00e3o na Justi\u00e7a, mas n\u00e3o conseguiu. Tribunal Regional do Trabalho (TRT) da 21\u00aa Regi\u00e3o &#8211; Natal, &#8230;<\/p>\n","protected":false},"author":0,"featured_media":6414,"parent":0,"menu_order":0,"comment_status":"closed","ping_status":"closed","template":"","meta":{"footnotes":""},"class_list":["post-6413","page","type-page","status-publish","has-post-thumbnail","hentry"],"yoast_head":"<!-- This site is optimized with the Yoast SEO plugin v27.1.1 - https:\/\/yoast.com\/product\/yoast-seo-wordpress\/ -->\n<title>Oper\u00e1rio em licen\u00e7a m\u00e9dica \u00e9 demitido por justa causa ap\u00f3s postar fotos e v\u00eddeos correndo e participando de festa junina - Taveira Jr<\/title>\n<meta name=\"robots\" content=\"index, follow, max-snippet:-1, max-image-preview:large, max-video-preview:-1\" \/>\n<link rel=\"canonical\" href=\"https:\/\/deputadotaveirajr.com.br\/index.php\/operario-em-licenca-medica-e-demitido-por-justa-causa-apos-postar-fotos-e-videos-correndo-e-participando-de-festa-junina\/\" \/>\n<meta property=\"og:locale\" content=\"pt_BR\" \/>\n<meta property=\"og:type\" content=\"article\" \/>\n<meta property=\"og:title\" content=\"Oper\u00e1rio em licen\u00e7a m\u00e9dica \u00e9 demitido por justa causa ap\u00f3s postar fotos e v\u00eddeos correndo e participando de festa junina - Taveira Jr\" \/>\n<meta property=\"og:description\" content=\"Ele trabalhava em uma ind\u00fastria de alimentos na Grande Natal e tentou reverter a demiss\u00e3o na Justi\u00e7a, mas n\u00e3o conseguiu. Tribunal Regional do Trabalho (TRT) da 21\u00aa Regi\u00e3o &#8211; Natal, ...\" \/>\n<meta property=\"og:url\" content=\"https:\/\/deputadotaveirajr.com.br\/index.php\/operario-em-licenca-medica-e-demitido-por-justa-causa-apos-postar-fotos-e-videos-correndo-e-participando-de-festa-junina\/\" \/>\n<meta property=\"og:site_name\" content=\"Taveira Jr\" \/>\n<meta property=\"og:image\" content=\"https:\/\/deputadotaveirajr.com.br\/wp-content\/uploads\/2024\/05\/design-sem-nome-68-JptTN4.jpeg\" \/>\n\t<meta property=\"og:image:width\" content=\"1920\" \/>\n\t<meta property=\"og:image:height\" content=\"1080\" \/>\n\t<meta property=\"og:image:type\" content=\"image\/jpeg\" \/>\n<meta name=\"twitter:card\" content=\"summary_large_image\" \/>\n<meta name=\"twitter:label1\" content=\"Est. tempo de leitura\" \/>\n\t<meta name=\"twitter:data1\" content=\"2 minutos\" \/>\n<script type=\"application\/ld+json\" class=\"yoast-schema-graph\">{\"@context\":\"https:\/\/schema.org\",\"@graph\":[{\"@type\":\"WebPage\",\"@id\":\"https:\/\/deputadotaveirajr.com.br\/index.php\/operario-em-licenca-medica-e-demitido-por-justa-causa-apos-postar-fotos-e-videos-correndo-e-participando-de-festa-junina\/\",\"url\":\"https:\/\/deputadotaveirajr.com.br\/index.php\/operario-em-licenca-medica-e-demitido-por-justa-causa-apos-postar-fotos-e-videos-correndo-e-participando-de-festa-junina\/\",\"name\":\"Oper\u00e1rio em licen\u00e7a m\u00e9dica \u00e9 demitido por justa causa ap\u00f3s postar fotos e v\u00eddeos correndo e participando de festa junina - Taveira Jr\",\"isPartOf\":{\"@id\":\"https:\/\/deputadotaveirajr.com.br\/#website\"},\"primaryImageOfPage\":{\"@id\":\"https:\/\/deputadotaveirajr.com.br\/index.php\/operario-em-licenca-medica-e-demitido-por-justa-causa-apos-postar-fotos-e-videos-correndo-e-participando-de-festa-junina\/#primaryimage\"},\"image\":{\"@id\":\"https:\/\/deputadotaveirajr.com.br\/index.php\/operario-em-licenca-medica-e-demitido-por-justa-causa-apos-postar-fotos-e-videos-correndo-e-participando-de-festa-junina\/#primaryimage\"},\"thumbnailUrl\":\"https:\/\/deputadotaveirajr.com.br\/wp-content\/uploads\/2024\/05\/design-sem-nome-68-JptTN4.jpeg\",\"datePublished\":\"2024-05-23T16:55:51+00:00\",\"breadcrumb\":{\"@id\":\"https:\/\/deputadotaveirajr.com.br\/index.php\/operario-em-licenca-medica-e-demitido-por-justa-causa-apos-postar-fotos-e-videos-correndo-e-participando-de-festa-junina\/#breadcrumb\"},\"inLanguage\":\"pt-BR\",\"potentialAction\":[{\"@type\":\"ReadAction\",\"target\":[\"https:\/\/deputadotaveirajr.com.br\/index.php\/operario-em-licenca-medica-e-demitido-por-justa-causa-apos-postar-fotos-e-videos-correndo-e-participando-de-festa-junina\/\"]}]},{\"@type\":\"ImageObject\",\"inLanguage\":\"pt-BR\",\"@id\":\"https:\/\/deputadotaveirajr.com.br\/index.php\/operario-em-licenca-medica-e-demitido-por-justa-causa-apos-postar-fotos-e-videos-correndo-e-participando-de-festa-junina\/#primaryimage\",\"url\":\"https:\/\/deputadotaveirajr.com.br\/wp-content\/uploads\/2024\/05\/design-sem-nome-68-JptTN4.jpeg\",\"contentUrl\":\"https:\/\/deputadotaveirajr.com.br\/wp-content\/uploads\/2024\/05\/design-sem-nome-68-JptTN4.jpeg\",\"width\":1920,\"height\":1080},{\"@type\":\"BreadcrumbList\",\"@id\":\"https:\/\/deputadotaveirajr.com.br\/index.php\/operario-em-licenca-medica-e-demitido-por-justa-causa-apos-postar-fotos-e-videos-correndo-e-participando-de-festa-junina\/#breadcrumb\",\"itemListElement\":[{\"@type\":\"ListItem\",\"position\":1,\"name\":\"In\u00edcio\",\"item\":\"https:\/\/deputadotaveirajr.com.br\/\"},{\"@type\":\"ListItem\",\"position\":2,\"name\":\"Oper\u00e1rio em licen\u00e7a m\u00e9dica \u00e9 demitido por justa causa ap\u00f3s postar fotos e v\u00eddeos correndo e participando de festa junina\"}]},{\"@type\":\"WebSite\",\"@id\":\"https:\/\/deputadotaveirajr.com.br\/#website\",\"url\":\"https:\/\/deputadotaveirajr.com.br\/\",\"name\":\"Taveira Jr\",\"description\":\"Deputado Estadual\",\"publisher\":{\"@id\":\"https:\/\/deputadotaveirajr.com.br\/#organization\"},\"potentialAction\":[{\"@type\":\"SearchAction\",\"target\":{\"@type\":\"EntryPoint\",\"urlTemplate\":\"https:\/\/deputadotaveirajr.com.br\/?s={search_term_string}\"},\"query-input\":{\"@type\":\"PropertyValueSpecification\",\"valueRequired\":true,\"valueName\":\"search_term_string\"}}],\"inLanguage\":\"pt-BR\"},{\"@type\":\"Organization\",\"@id\":\"https:\/\/deputadotaveirajr.com.br\/#organization\",\"name\":\"Taveira Jr\",\"url\":\"https:\/\/deputadotaveirajr.com.br\/\",\"logo\":{\"@type\":\"ImageObject\",\"inLanguage\":\"pt-BR\",\"@id\":\"https:\/\/deputadotaveirajr.com.br\/#\/schema\/logo\/image\/\",\"url\":\"https:\/\/deputadotaveirajr.com.br\/wp-content\/uploads\/2026\/01\/logolow2a.png\",\"contentUrl\":\"https:\/\/deputadotaveirajr.com.br\/wp-content\/uploads\/2026\/01\/logolow2a.png\",\"width\":290,\"height\":80,\"caption\":\"Taveira Jr\"},\"image\":{\"@id\":\"https:\/\/deputadotaveirajr.com.br\/#\/schema\/logo\/image\/\"}}]}<\/script>\n<!-- \/ Yoast SEO plugin. -->","yoast_head_json":{"title":"Oper\u00e1rio em licen\u00e7a m\u00e9dica \u00e9 demitido por justa causa ap\u00f3s postar fotos e v\u00eddeos correndo e participando de festa junina - Taveira Jr","robots":{"index":"index","follow":"follow","max-snippet":"max-snippet:-1","max-image-preview":"max-image-preview:large","max-video-preview":"max-video-preview:-1"},"canonical":"https:\/\/deputadotaveirajr.com.br\/index.php\/operario-em-licenca-medica-e-demitido-por-justa-causa-apos-postar-fotos-e-videos-correndo-e-participando-de-festa-junina\/","og_locale":"pt_BR","og_type":"article","og_title":"Oper\u00e1rio em licen\u00e7a m\u00e9dica \u00e9 demitido por justa causa ap\u00f3s postar fotos e v\u00eddeos correndo e participando de festa junina - Taveira Jr","og_description":"Ele trabalhava em uma ind\u00fastria de alimentos na Grande Natal e tentou reverter a demiss\u00e3o na Justi\u00e7a, mas n\u00e3o conseguiu. Tribunal Regional do Trabalho (TRT) da 21\u00aa Regi\u00e3o &#8211; Natal, ...","og_url":"https:\/\/deputadotaveirajr.com.br\/index.php\/operario-em-licenca-medica-e-demitido-por-justa-causa-apos-postar-fotos-e-videos-correndo-e-participando-de-festa-junina\/","og_site_name":"Taveira Jr","og_image":[{"width":1920,"height":1080,"url":"https:\/\/deputadotaveirajr.com.br\/wp-content\/uploads\/2024\/05\/design-sem-nome-68-JptTN4.jpeg","type":"image\/jpeg"}],"twitter_card":"summary_large_image","twitter_misc":{"Est. tempo de leitura":"2 minutos"},"schema":{"@context":"https:\/\/schema.org","@graph":[{"@type":"WebPage","@id":"https:\/\/deputadotaveirajr.com.br\/index.php\/operario-em-licenca-medica-e-demitido-por-justa-causa-apos-postar-fotos-e-videos-correndo-e-participando-de-festa-junina\/","url":"https:\/\/deputadotaveirajr.com.br\/index.php\/operario-em-licenca-medica-e-demitido-por-justa-causa-apos-postar-fotos-e-videos-correndo-e-participando-de-festa-junina\/","name":"Oper\u00e1rio em licen\u00e7a m\u00e9dica \u00e9 demitido por justa causa ap\u00f3s postar fotos e v\u00eddeos correndo e participando de festa junina - Taveira Jr","isPartOf":{"@id":"https:\/\/deputadotaveirajr.com.br\/#website"},"primaryImageOfPage":{"@id":"https:\/\/deputadotaveirajr.com.br\/index.php\/operario-em-licenca-medica-e-demitido-por-justa-causa-apos-postar-fotos-e-videos-correndo-e-participando-de-festa-junina\/#primaryimage"},"image":{"@id":"https:\/\/deputadotaveirajr.com.br\/index.php\/operario-em-licenca-medica-e-demitido-por-justa-causa-apos-postar-fotos-e-videos-correndo-e-participando-de-festa-junina\/#primaryimage"},"thumbnailUrl":"https:\/\/deputadotaveirajr.com.br\/wp-content\/uploads\/2024\/05\/design-sem-nome-68-JptTN4.jpeg","datePublished":"2024-05-23T16:55:51+00:00","breadcrumb":{"@id":"https:\/\/deputadotaveirajr.com.br\/index.php\/operario-em-licenca-medica-e-demitido-por-justa-causa-apos-postar-fotos-e-videos-correndo-e-participando-de-festa-junina\/#breadcrumb"},"inLanguage":"pt-BR","potentialAction":[{"@type":"ReadAction","target":["https:\/\/deputadotaveirajr.com.br\/index.php\/operario-em-licenca-medica-e-demitido-por-justa-causa-apos-postar-fotos-e-videos-correndo-e-participando-de-festa-junina\/"]}]},{"@type":"ImageObject","inLanguage":"pt-BR","@id":"https:\/\/deputadotaveirajr.com.br\/index.php\/operario-em-licenca-medica-e-demitido-por-justa-causa-apos-postar-fotos-e-videos-correndo-e-participando-de-festa-junina\/#primaryimage","url":"https:\/\/deputadotaveirajr.com.br\/wp-content\/uploads\/2024\/05\/design-sem-nome-68-JptTN4.jpeg","contentUrl":"https:\/\/deputadotaveirajr.com.br\/wp-content\/uploads\/2024\/05\/design-sem-nome-68-JptTN4.jpeg","width":1920,"height":1080},{"@type":"BreadcrumbList","@id":"https:\/\/deputadotaveirajr.com.br\/index.php\/operario-em-licenca-medica-e-demitido-por-justa-causa-apos-postar-fotos-e-videos-correndo-e-participando-de-festa-junina\/#breadcrumb","itemListElement":[{"@type":"ListItem","position":1,"name":"In\u00edcio","item":"https:\/\/deputadotaveirajr.com.br\/"},{"@type":"ListItem","position":2,"name":"Oper\u00e1rio em licen\u00e7a m\u00e9dica \u00e9 demitido por justa causa ap\u00f3s postar fotos e v\u00eddeos correndo e participando de festa junina"}]},{"@type":"WebSite","@id":"https:\/\/deputadotaveirajr.com.br\/#website","url":"https:\/\/deputadotaveirajr.com.br\/","name":"Taveira Jr","description":"Deputado Estadual","publisher":{"@id":"https:\/\/deputadotaveirajr.com.br\/#organization"},"potentialAction":[{"@type":"SearchAction","target":{"@type":"EntryPoint","urlTemplate":"https:\/\/deputadotaveirajr.com.br\/?s={search_term_string}"},"query-input":{"@type":"PropertyValueSpecification","valueRequired":true,"valueName":"search_term_string"}}],"inLanguage":"pt-BR"},{"@type":"Organization","@id":"https:\/\/deputadotaveirajr.com.br\/#organization","name":"Taveira Jr","url":"https:\/\/deputadotaveirajr.com.br\/","logo":{"@type":"ImageObject","inLanguage":"pt-BR","@id":"https:\/\/deputadotaveirajr.com.br\/#\/schema\/logo\/image\/","url":"https:\/\/deputadotaveirajr.com.br\/wp-content\/uploads\/2026\/01\/logolow2a.png","contentUrl":"https:\/\/deputadotaveirajr.com.br\/wp-content\/uploads\/2026\/01\/logolow2a.png","width":290,"height":80,"caption":"Taveira Jr"},"image":{"@id":"https:\/\/deputadotaveirajr.com.br\/#\/schema\/logo\/image\/"}}]}},"_links":{"self":[{"href":"https:\/\/deputadotaveirajr.com.br\/index.php\/wp-json\/wp\/v2\/pages\/6413","targetHints":{"allow":["GET"]}}],"collection":[{"href":"https:\/\/deputadotaveirajr.com.br\/index.php\/wp-json\/wp\/v2\/pages"}],"about":[{"href":"https:\/\/deputadotaveirajr.com.br\/index.php\/wp-json\/wp\/v2\/types\/page"}],"replies":[{"embeddable":true,"href":"https:\/\/deputadotaveirajr.com.br\/index.php\/wp-json\/wp\/v2\/comments?post=6413"}],"version-history":[{"count":1,"href":"https:\/\/deputadotaveirajr.com.br\/index.php\/wp-json\/wp\/v2\/pages\/6413\/revisions"}],"predecessor-version":[{"id":6416,"href":"https:\/\/deputadotaveirajr.com.br\/index.php\/wp-json\/wp\/v2\/pages\/6413\/revisions\/6416"}],"wp:featuredmedia":[{"embeddable":true,"href":"https:\/\/deputadotaveirajr.com.br\/index.php\/wp-json\/wp\/v2\/media\/6414"}],"wp:attachment":[{"href":"https:\/\/deputadotaveirajr.com.br\/index.php\/wp-json\/wp\/v2\/media?parent=6413"}],"curies":[{"name":"wp","href":"https:\/\/api.w.org\/{rel}","templated":true}]}}